{"id":163,"date":"2023-02-21T16:10:07","date_gmt":"2023-02-21T16:10:07","guid":{"rendered":"https:\/\/medicina.udd.cl\/labsaludpoblacional\/?post_type=person&#038;p=163"},"modified":"2023-02-21T18:08:45","modified_gmt":"2023-02-21T18:08:45","slug":"maria-isabel-matute","status":"publish","type":"person","link":"https:\/\/medicina.udd.cl\/labsaludpoblacional\/persona\/maria-isabel-matute\/","title":{"rendered":"Mar\u00eda Isabel Matute"},"featured_media":168,"template":"","people_tax":[],"people_areas":[],"people_levels":[],"class_list":["post-163","person","type-person","status-publish","has-post-thumbnail","hentry"],"yoast_head":"<!-- This site is optimized with the Yoast SEO plugin v26.9 - https:\/\/yoast.com\/product\/yoast-seo-wordpress\/ -->\n<title>Mar\u00eda Isabel Matute - Laboratorio de Salud Poblacional<\/title>\n<meta name=\"robots\" content=\"index, follow, max-snippet:-1, max-image-preview:large, max-video-preview:-1\" \/>\n<link rel=\"canonical\" href=\"https:\/\/medicina.udd.cl\/labsaludpoblacional\/persona\/maria-isabel-matute\/\" \/>\n<meta property=\"og:locale\" content=\"es_ES\" \/>\n<meta property=\"og:type\" content=\"article\" \/>\n<meta property=\"og:title\" content=\"Mar\u00eda Isabel Matute - Laboratorio de Salud Poblacional\" \/>\n<meta property=\"og:url\" content=\"https:\/\/medicina.udd.cl\/labsaludpoblacional\/persona\/maria-isabel-matute\/\" \/>\n<meta property=\"og:site_name\" content=\"Laboratorio de Salud Poblacional\" \/>\n<meta property=\"article:modified_time\" content=\"2023-02-21T18:08:45+00:00\" \/>\n<meta property=\"og:image\" content=\"https:\/\/medicina.udd.cl\/labsaludpoblacional\/files\/2023\/02\/maria-isabel-matute-1.jpg\" \/>\n\t<meta property=\"og:image:width\" content=\"299\" \/>\n\t<meta property=\"og:image:height\" content=\"299\" \/>\n\t<meta property=\"og:image:type\" content=\"image\/jpeg\" \/>\n<meta name=\"twitter:card\" content=\"summary_large_image\" \/>\n<script type=\"application\/ld+json\" class=\"yoast-schema-graph\">{\"@context\":\"https:\/\/schema.org\",\"@graph\":[{\"@type\":\"WebPage\",\"@id\":\"https:\/\/medicina.udd.cl\/labsaludpoblacional\/persona\/maria-isabel-matute\/\",\"url\":\"https:\/\/medicina.udd.cl\/labsaludpoblacional\/persona\/maria-isabel-matute\/\",\"name\":\"Mar\u00eda Isabel Matute - Laboratorio de Salud Poblacional\",\"isPartOf\":{\"@id\":\"https:\/\/medicina.udd.cl\/labsaludpoblacional\/#website\"},\"primaryImageOfPage\":{\"@id\":\"https:\/\/medicina.udd.cl\/labsaludpoblacional\/persona\/maria-isabel-matute\/#primaryimage\"},\"image\":{\"@id\":\"https:\/\/medicina.udd.cl\/labsaludpoblacional\/persona\/maria-isabel-matute\/#primaryimage\"},\"thumbnailUrl\":\"https:\/\/medicina.udd.cl\/labsaludpoblacional\/files\/2023\/02\/maria-isabel-matute-1.jpg\",\"datePublished\":\"2023-02-21T16:10:07+00:00\",\"dateModified\":\"2023-02-21T18:08:45+00:00\",\"breadcrumb\":{\"@id\":\"https:\/\/medicina.udd.cl\/labsaludpoblacional\/persona\/maria-isabel-matute\/#breadcrumb\"},\"inLanguage\":\"es\",\"potentialAction\":[{\"@type\":\"ReadAction\",\"target\":[\"https:\/\/medicina.udd.cl\/labsaludpoblacional\/persona\/maria-isabel-matute\/\"]}]},{\"@type\":\"ImageObject\",\"inLanguage\":\"es\",\"@id\":\"https:\/\/medicina.udd.cl\/labsaludpoblacional\/persona\/maria-isabel-matute\/#primaryimage\",\"url\":\"https:\/\/medicina.udd.cl\/labsaludpoblacional\/files\/2023\/02\/maria-isabel-matute-1.jpg\",\"contentUrl\":\"https:\/\/medicina.udd.cl\/labsaludpoblacional\/files\/2023\/02\/maria-isabel-matute-1.jpg\",\"width\":299,\"height\":299},{\"@type\":\"BreadcrumbList\",\"@id\":\"https:\/\/medicina.udd.cl\/labsaludpoblacional\/persona\/maria-isabel-matute\/#breadcrumb\",\"itemListElement\":[{\"@type\":\"ListItem\",\"position\":1,\"name\":\"Portada\",\"item\":\"https:\/\/medicina.udd.cl\/labsaludpoblacional\/\"},{\"@type\":\"ListItem\",\"position\":2,\"name\":\"Personas\",\"item\":\"https:\/\/medicina.udd.cl\/labsaludpoblacional\/persona\/\"},{\"@type\":\"ListItem\",\"position\":3,\"name\":\"Mar\u00eda Isabel Matute\"}]},{\"@type\":\"WebSite\",\"@id\":\"https:\/\/medicina.udd.cl\/labsaludpoblacional\/#website\",\"url\":\"https:\/\/medicina.udd.cl\/labsaludpoblacional\/\",\"name\":\"Laboratorio de Salud Poblacional\",\"description\":\"Otro sitio m\u00e1s de Medicina\",\"inLanguage\":\"es\"}]}<\/script>\n<!-- \/ Yoast SEO plugin. -->","yoast_head_json":{"title":"Mar\u00eda Isabel Matute - Laboratorio de Salud Poblacional","robots":{"index":"index","follow":"follow","max-snippet":"max-snippet:-1","max-image-preview":"max-image-preview:large","max-video-preview":"max-video-preview:-1"},"canonical":"https:\/\/medicina.udd.cl\/labsaludpoblacional\/persona\/maria-isabel-matute\/","og_locale":"es_ES","og_type":"article","og_title":"Mar\u00eda Isabel Matute - Laboratorio de Salud Poblacional","og_url":"https:\/\/medicina.udd.cl\/labsaludpoblacional\/persona\/maria-isabel-matute\/","og_site_name":"Laboratorio de Salud Poblacional","article_modified_time":"2023-02-21T18:08:45+00:00","og_image":[{"width":299,"height":299,"url":"https:\/\/medicina.udd.cl\/labsaludpoblacional\/files\/2023\/02\/maria-isabel-matute-1.jpg","type":"image\/jpeg"}],"twitter_card":"summary_large_image","schema":{"@context":"https:\/\/schema.org","@graph":[{"@type":"WebPage","@id":"https:\/\/medicina.udd.cl\/labsaludpoblacional\/persona\/maria-isabel-matute\/","url":"https:\/\/medicina.udd.cl\/labsaludpoblacional\/persona\/maria-isabel-matute\/","name":"Mar\u00eda Isabel Matute - Laboratorio de Salud Poblacional","isPartOf":{"@id":"https:\/\/medicina.udd.cl\/labsaludpoblacional\/#website"},"primaryImageOfPage":{"@id":"https:\/\/medicina.udd.cl\/labsaludpoblacional\/persona\/maria-isabel-matute\/#primaryimage"},"image":{"@id":"https:\/\/medicina.udd.cl\/labsaludpoblacional\/persona\/maria-isabel-matute\/#primaryimage"},"thumbnailUrl":"https:\/\/medicina.udd.cl\/labsaludpoblacional\/files\/2023\/02\/maria-isabel-matute-1.jpg","datePublished":"2023-02-21T16:10:07+00:00","dateModified":"2023-02-21T18:08:45+00:00","breadcrumb":{"@id":"https:\/\/medicina.udd.cl\/labsaludpoblacional\/persona\/maria-isabel-matute\/#breadcrumb"},"inLanguage":"es","potentialAction":[{"@type":"ReadAction","target":["https:\/\/medicina.udd.cl\/labsaludpoblacional\/persona\/maria-isabel-matute\/"]}]},{"@type":"ImageObject","inLanguage":"es","@id":"https:\/\/medicina.udd.cl\/labsaludpoblacional\/persona\/maria-isabel-matute\/#primaryimage","url":"https:\/\/medicina.udd.cl\/labsaludpoblacional\/files\/2023\/02\/maria-isabel-matute-1.jpg","contentUrl":"https:\/\/medicina.udd.cl\/labsaludpoblacional\/files\/2023\/02\/maria-isabel-matute-1.jpg","width":299,"height":299},{"@type":"BreadcrumbList","@id":"https:\/\/medicina.udd.cl\/labsaludpoblacional\/persona\/maria-isabel-matute\/#breadcrumb","itemListElement":[{"@type":"ListItem","position":1,"name":"Portada","item":"https:\/\/medicina.udd.cl\/labsaludpoblacional\/"},{"@type":"ListItem","position":2,"name":"Personas","item":"https:\/\/medicina.udd.cl\/labsaludpoblacional\/persona\/"},{"@type":"ListItem","position":3,"name":"Mar\u00eda Isabel Matute"}]},{"@type":"WebSite","@id":"https:\/\/medicina.udd.cl\/labsaludpoblacional\/#website","url":"https:\/\/medicina.udd.cl\/labsaludpoblacional\/","name":"Laboratorio de Salud Poblacional","description":"Otro sitio m\u00e1s de Medicina","inLanguage":"es"}]}},"label":"Mar\u00eda Isabel Matute","role":false,"thumbnail_url":"https:\/\/medicina.udd.cl\/labsaludpoblacional\/files\/2023\/02\/maria-isabel-matute-1.jpg","email":"","tel_job":"","content":{"rendered":"<div class=\"person-modal person-modal--scl\">\n\t<header class=\"person-modal__header\">\n\t\t<div class=\"person-modal__bg\"><\/div>\n\t\t<div class=\"modal-container\">\n\t\t\t\t\t\t<div class=\"person-modal__media\">\n\t\t\t\t<img width=\"299\" height=\"299\" src=\"https:\/\/medicina.udd.cl\/labsaludpoblacional\/files\/2023\/02\/maria-isabel-matute-1-62x62.jpg\" class=\"person-modal__image wp-post-image lazyload\" alt=\"\" decoding=\"async\" loading=\"lazy\" sizes=\"auto, (max-width: 299px) 100vw, 299px\" data-src=\"https:\/\/medicina.udd.cl\/labsaludpoblacional\/files\/2023\/02\/maria-isabel-matute-1.jpg\" data-srcset=\"https:\/\/medicina.udd.cl\/labsaludpoblacional\/files\/2023\/02\/maria-isabel-matute-1.jpg 299w, https:\/\/medicina.udd.cl\/labsaludpoblacional\/files\/2023\/02\/maria-isabel-matute-1-150x150.jpg 150w, https:\/\/medicina.udd.cl\/labsaludpoblacional\/files\/2023\/02\/maria-isabel-matute-1-62x62.jpg 62w, https:\/\/medicina.udd.cl\/labsaludpoblacional\/files\/2023\/02\/maria-isabel-matute-1-250x250.jpg 250w, https:\/\/medicina.udd.cl\/labsaludpoblacional\/files\/2023\/02\/maria-isabel-matute-1-126x126.jpg 126w\" \/>\t\t\t<\/div>\n\t\t\t\t\t\t<div class=\"person-modal__data\">\n\t\t\t\t<h1 class=\"person-modal__name\">Mar\u00eda Isabel Matute<\/h1>\n\t\t\t\t\t\t\t\t\t\t\t\t\t\t\t<\/div>\n\t\t<\/div>\n\t<\/header>\n\t<div class=\"modal-container\">\n\t\t\t<div class=\"person-modal__content text\">\n\t\t\t\t\t\t\t\t\t\t<p class=\"MsoNormal\"><span>Soci\u00f3loga, U. de Chile. Mag\u00edster en Salud P\u00fablica, U. de Chile. Post\u00edtulo en Dise\u00f1o y Evaluaci\u00f3n de Programas y Proyectos Sociales, U. de Chile. Diplomada en Estudios Regionales, menci\u00f3n Am\u00e9rica Latina, U. de Santiago.<\/span><\/p>\n<p class=\"MsoNormal\"><span>Entre 2003 y 2012 prest\u00f3 servicios profesionales al Ministerio de Salud de Chile, primero en \u00e1reas vinculadas al VIH\/SIDA y luego en el Departamento de Epidemiolog\u00eda, donde estuvo a cargo de la elaboraci\u00f3n de Diagn\u00f3sticos Regionales con enfoque de Determinantes Sociales de Salud, colabor\u00f3 en la formulaci\u00f3n de la Norma T\u00e9cnica y el primer reporte de Vigilancia de Enfermedades no Transmisibles en Chile y particip\u00f3 como contraparte t\u00e9cnica de distintos estudios.<\/span><\/p>\n<p class=\"MsoNormal\"><span>Desde 2012 es docente e investigadora del Centro de Epidemiolog\u00eda y Pol\u00edticas de Salud (CEPS) de la Facultad de Medicina CAS-UDD. Actualmente es Coordinadora Acad\u00e9mica del Diplomado de Epidemiolog\u00eda de Campo impartido por el CEPS, profesora de metodolog\u00eda cuantitativa en el Mag\u00edster Interuniversitario en Bio\u00e9tica desarrollado por el Centro de Bio\u00e9tica de la Facultad de Medicina CAS-UDD en convenio acad\u00e9mico con el Institut Borja de Bio\u00e9tica \u2013 Universidad Ram\u00f3n Llull de Barcelona, docente de Salud P\u00fablica en carreras de la salud y tutora metodol\u00f3gica de tesis de pregrado en la carrera de Fonoaudiolog\u00eda.<\/span><\/p>\n<p class=\"MsoNormal\"><span>Tambi\u00e9n ha colaborado en consultor\u00edas para ONUSIDA y la Organizaci\u00f3n Panamericana de la Salud. Adem\u00e1s, ha participado en diversos estudios sobre enfermedades transmisibles y no transmisibles, as\u00ed como en el dise\u00f1o, ejecuci\u00f3n y an\u00e1lisis de encuestas poblacionales de salud. Recientemente coordin\u00f3 la elaboraci\u00f3n del Cuestionario y Recomendaciones de Mediciones Biofisiol\u00f3gicas y Psicosociales para la Primera Encuesta Nacional de Salud Infantil y Adolescencia Temprana (ENSI), solicitado por el Ministerio de Salud. En la actualidad es investigadora alterna del proyecto FONIS \u00abBarreras y facilitadores en el acceso a medicamentos para enfermedades no transmisibles prioritarias en chile: hipertensi\u00f3n, dislipidemia y diabetes\u00bb.<\/span><\/p>\n<p class=\"MsoNormal\"><span>Sus intereses en investigaci\u00f3n se vinculan a la equidad en el acceso a servicios de salud, los determinantes sociales de la salud, la calidad de vida y la evaluaci\u00f3n de pol\u00edticas, as\u00ed como aspectos metodol\u00f3gicos para la investigaci\u00f3n en epidemiolog\u00eda y salud p\u00fablica.<\/span><\/p>\n\t\t<\/div>\n\t<\/div>\n<\/div>\n"},"identifier":"b5793add956b97e763656d7d0191a57d2f23b235","has_credential":[],"given_name":"Mar\u00eda Isabel","family_name":"Matute","name":"Mar\u00eda Isabel Matute","job_title":"","telephone":"","note":"","im":"","_self_schedule":null,"_links":{"self":[{"href":"https:\/\/medicina.udd.cl\/labsaludpoblacional\/wp-json\/wp\/v2\/people\/163","targetHints":{"allow":["GET"]}}],"collection":[{"href":"https:\/\/medicina.udd.cl\/labsaludpoblacional\/wp-json\/wp\/v2\/people"}],"about":[{"href":"https:\/\/medicina.udd.cl\/labsaludpoblacional\/wp-json\/wp\/v2\/types\/person"}],"wp:featuredmedia":[{"embeddable":true,"href":"https:\/\/medicina.udd.cl\/labsaludpoblacional\/wp-json\/wp\/v2\/media\/168"}],"wp:attachment":[{"href":"https:\/\/medicina.udd.cl\/labsaludpoblacional\/wp-json\/wp\/v2\/media?parent=163"}],"wp:term":[{"taxonomy":"people_tax","embeddable":true,"href":"https:\/\/medicina.udd.cl\/labsaludpoblacional\/wp-json\/wp\/v2\/people_tax?post=163"},{"taxonomy":"people_areas","embeddable":true,"href":"https:\/\/medicina.udd.cl\/labsaludpoblacional\/wp-json\/wp\/v2\/people_areas?post=163"},{"taxonomy":"people_levels","embeddable":true,"href":"https:\/\/medicina.udd.cl\/labsaludpoblacional\/wp-json\/wp\/v2\/people_levels?post=163"}],"curies":[{"name":"wp","href":"https:\/\/api.w.org\/{rel}","templated":true}]}}