{"id":199,"date":"2023-02-21T19:33:01","date_gmt":"2023-02-21T19:33:01","guid":{"rendered":"https:\/\/medicina.udd.cl\/labsaludpoblacional\/?post_type=person&#038;p=199"},"modified":"2023-02-21T19:33:01","modified_gmt":"2023-02-21T19:33:01","slug":"gonzalo-lopez","status":"publish","type":"person","link":"https:\/\/medicina.udd.cl\/labsaludpoblacional\/persona\/gonzalo-lopez\/","title":{"rendered":"Gonzalo L\u00f3pez"},"featured_media":200,"template":"","people_tax":[],"people_areas":[],"people_levels":[],"class_list":["post-199","person","type-person","status-publish","has-post-thumbnail","hentry"],"yoast_head":"<!-- This site is optimized with the Yoast SEO plugin v26.9 - https:\/\/yoast.com\/product\/yoast-seo-wordpress\/ -->\n<title>Gonzalo L\u00f3pez - Laboratorio de Salud Poblacional<\/title>\n<meta name=\"robots\" content=\"index, follow, max-snippet:-1, max-image-preview:large, max-video-preview:-1\" \/>\n<link rel=\"canonical\" href=\"https:\/\/medicina.udd.cl\/labsaludpoblacional\/persona\/gonzalo-lopez\/\" \/>\n<meta property=\"og:locale\" content=\"es_ES\" \/>\n<meta property=\"og:type\" content=\"article\" \/>\n<meta property=\"og:title\" content=\"Gonzalo L\u00f3pez - Laboratorio de Salud Poblacional\" \/>\n<meta property=\"og:url\" content=\"https:\/\/medicina.udd.cl\/labsaludpoblacional\/persona\/gonzalo-lopez\/\" \/>\n<meta property=\"og:site_name\" content=\"Laboratorio de Salud Poblacional\" \/>\n<meta property=\"og:image\" content=\"https:\/\/medicina.udd.cl\/labsaludpoblacional\/files\/2023\/02\/gonzalo-lopez.jpg\" \/>\n\t<meta property=\"og:image:width\" content=\"300\" \/>\n\t<meta property=\"og:image:height\" content=\"299\" \/>\n\t<meta property=\"og:image:type\" content=\"image\/jpeg\" \/>\n<meta name=\"twitter:card\" content=\"summary_large_image\" \/>\n<script type=\"application\/ld+json\" class=\"yoast-schema-graph\">{\"@context\":\"https:\/\/schema.org\",\"@graph\":[{\"@type\":\"WebPage\",\"@id\":\"https:\/\/medicina.udd.cl\/labsaludpoblacional\/persona\/gonzalo-lopez\/\",\"url\":\"https:\/\/medicina.udd.cl\/labsaludpoblacional\/persona\/gonzalo-lopez\/\",\"name\":\"Gonzalo L\u00f3pez - Laboratorio de Salud Poblacional\",\"isPartOf\":{\"@id\":\"https:\/\/medicina.udd.cl\/labsaludpoblacional\/#website\"},\"primaryImageOfPage\":{\"@id\":\"https:\/\/medicina.udd.cl\/labsaludpoblacional\/persona\/gonzalo-lopez\/#primaryimage\"},\"image\":{\"@id\":\"https:\/\/medicina.udd.cl\/labsaludpoblacional\/persona\/gonzalo-lopez\/#primaryimage\"},\"thumbnailUrl\":\"https:\/\/medicina.udd.cl\/labsaludpoblacional\/files\/2023\/02\/gonzalo-lopez.jpg\",\"datePublished\":\"2023-02-21T19:33:01+00:00\",\"breadcrumb\":{\"@id\":\"https:\/\/medicina.udd.cl\/labsaludpoblacional\/persona\/gonzalo-lopez\/#breadcrumb\"},\"inLanguage\":\"es\",\"potentialAction\":[{\"@type\":\"ReadAction\",\"target\":[\"https:\/\/medicina.udd.cl\/labsaludpoblacional\/persona\/gonzalo-lopez\/\"]}]},{\"@type\":\"ImageObject\",\"inLanguage\":\"es\",\"@id\":\"https:\/\/medicina.udd.cl\/labsaludpoblacional\/persona\/gonzalo-lopez\/#primaryimage\",\"url\":\"https:\/\/medicina.udd.cl\/labsaludpoblacional\/files\/2023\/02\/gonzalo-lopez.jpg\",\"contentUrl\":\"https:\/\/medicina.udd.cl\/labsaludpoblacional\/files\/2023\/02\/gonzalo-lopez.jpg\",\"width\":300,\"height\":299},{\"@type\":\"BreadcrumbList\",\"@id\":\"https:\/\/medicina.udd.cl\/labsaludpoblacional\/persona\/gonzalo-lopez\/#breadcrumb\",\"itemListElement\":[{\"@type\":\"ListItem\",\"position\":1,\"name\":\"Portada\",\"item\":\"https:\/\/medicina.udd.cl\/labsaludpoblacional\/\"},{\"@type\":\"ListItem\",\"position\":2,\"name\":\"Personas\",\"item\":\"https:\/\/medicina.udd.cl\/labsaludpoblacional\/persona\/\"},{\"@type\":\"ListItem\",\"position\":3,\"name\":\"Gonzalo L\u00f3pez\"}]},{\"@type\":\"WebSite\",\"@id\":\"https:\/\/medicina.udd.cl\/labsaludpoblacional\/#website\",\"url\":\"https:\/\/medicina.udd.cl\/labsaludpoblacional\/\",\"name\":\"Laboratorio de Salud Poblacional\",\"description\":\"Otro sitio m\u00e1s de Medicina\",\"inLanguage\":\"es\"}]}<\/script>\n<!-- \/ Yoast SEO plugin. -->","yoast_head_json":{"title":"Gonzalo L\u00f3pez - Laboratorio de Salud Poblacional","robots":{"index":"index","follow":"follow","max-snippet":"max-snippet:-1","max-image-preview":"max-image-preview:large","max-video-preview":"max-video-preview:-1"},"canonical":"https:\/\/medicina.udd.cl\/labsaludpoblacional\/persona\/gonzalo-lopez\/","og_locale":"es_ES","og_type":"article","og_title":"Gonzalo L\u00f3pez - Laboratorio de Salud Poblacional","og_url":"https:\/\/medicina.udd.cl\/labsaludpoblacional\/persona\/gonzalo-lopez\/","og_site_name":"Laboratorio de Salud Poblacional","og_image":[{"width":300,"height":299,"url":"https:\/\/medicina.udd.cl\/labsaludpoblacional\/files\/2023\/02\/gonzalo-lopez.jpg","type":"image\/jpeg"}],"twitter_card":"summary_large_image","schema":{"@context":"https:\/\/schema.org","@graph":[{"@type":"WebPage","@id":"https:\/\/medicina.udd.cl\/labsaludpoblacional\/persona\/gonzalo-lopez\/","url":"https:\/\/medicina.udd.cl\/labsaludpoblacional\/persona\/gonzalo-lopez\/","name":"Gonzalo L\u00f3pez - Laboratorio de Salud Poblacional","isPartOf":{"@id":"https:\/\/medicina.udd.cl\/labsaludpoblacional\/#website"},"primaryImageOfPage":{"@id":"https:\/\/medicina.udd.cl\/labsaludpoblacional\/persona\/gonzalo-lopez\/#primaryimage"},"image":{"@id":"https:\/\/medicina.udd.cl\/labsaludpoblacional\/persona\/gonzalo-lopez\/#primaryimage"},"thumbnailUrl":"https:\/\/medicina.udd.cl\/labsaludpoblacional\/files\/2023\/02\/gonzalo-lopez.jpg","datePublished":"2023-02-21T19:33:01+00:00","breadcrumb":{"@id":"https:\/\/medicina.udd.cl\/labsaludpoblacional\/persona\/gonzalo-lopez\/#breadcrumb"},"inLanguage":"es","potentialAction":[{"@type":"ReadAction","target":["https:\/\/medicina.udd.cl\/labsaludpoblacional\/persona\/gonzalo-lopez\/"]}]},{"@type":"ImageObject","inLanguage":"es","@id":"https:\/\/medicina.udd.cl\/labsaludpoblacional\/persona\/gonzalo-lopez\/#primaryimage","url":"https:\/\/medicina.udd.cl\/labsaludpoblacional\/files\/2023\/02\/gonzalo-lopez.jpg","contentUrl":"https:\/\/medicina.udd.cl\/labsaludpoblacional\/files\/2023\/02\/gonzalo-lopez.jpg","width":300,"height":299},{"@type":"BreadcrumbList","@id":"https:\/\/medicina.udd.cl\/labsaludpoblacional\/persona\/gonzalo-lopez\/#breadcrumb","itemListElement":[{"@type":"ListItem","position":1,"name":"Portada","item":"https:\/\/medicina.udd.cl\/labsaludpoblacional\/"},{"@type":"ListItem","position":2,"name":"Personas","item":"https:\/\/medicina.udd.cl\/labsaludpoblacional\/persona\/"},{"@type":"ListItem","position":3,"name":"Gonzalo L\u00f3pez"}]},{"@type":"WebSite","@id":"https:\/\/medicina.udd.cl\/labsaludpoblacional\/#website","url":"https:\/\/medicina.udd.cl\/labsaludpoblacional\/","name":"Laboratorio de Salud Poblacional","description":"Otro sitio m\u00e1s de Medicina","inLanguage":"es"}]}},"label":"Gonzalo L\u00f3pez","role":false,"thumbnail_url":"https:\/\/medicina.udd.cl\/labsaludpoblacional\/files\/2023\/02\/gonzalo-lopez.jpg","email":"","tel_job":"","content":{"rendered":"<div class=\"person-modal person-modal--scl\">\n\t<header class=\"person-modal__header\">\n\t\t<div class=\"person-modal__bg\"><\/div>\n\t\t<div class=\"modal-container\">\n\t\t\t\t\t\t<div class=\"person-modal__media\">\n\t\t\t\t<img width=\"300\" height=\"299\" src=\"https:\/\/medicina.udd.cl\/labsaludpoblacional\/files\/2023\/02\/gonzalo-lopez-62x62.jpg\" class=\"person-modal__image wp-post-image lazyload\" alt=\"\" decoding=\"async\" loading=\"lazy\" sizes=\"auto, (max-width: 300px) 100vw, 300px\" data-src=\"https:\/\/medicina.udd.cl\/labsaludpoblacional\/files\/2023\/02\/gonzalo-lopez.jpg\" data-srcset=\"https:\/\/medicina.udd.cl\/labsaludpoblacional\/files\/2023\/02\/gonzalo-lopez.jpg 300w, https:\/\/medicina.udd.cl\/labsaludpoblacional\/files\/2023\/02\/gonzalo-lopez-150x150.jpg 150w, https:\/\/medicina.udd.cl\/labsaludpoblacional\/files\/2023\/02\/gonzalo-lopez-62x62.jpg 62w, https:\/\/medicina.udd.cl\/labsaludpoblacional\/files\/2023\/02\/gonzalo-lopez-250x250.jpg 250w, https:\/\/medicina.udd.cl\/labsaludpoblacional\/files\/2023\/02\/gonzalo-lopez-126x126.jpg 126w\" \/>\t\t\t<\/div>\n\t\t\t\t\t\t<div class=\"person-modal__data\">\n\t\t\t\t<h1 class=\"person-modal__name\">Gonzalo L\u00f3pez<\/h1>\n\t\t\t\t\t\t\t\t\t\t\t\t\t\t\t<\/div>\n\t\t<\/div>\n\t<\/header>\n\t<div class=\"modal-container\">\n\t\t\t<div class=\"person-modal__content text\">\n\t\t\t\t\t\t\t\t\t\t<ul>\n<li class=\"MsoBodyText\"><span lang=\"ES\">Licenciado en Ciencias Jur\u00eddicas y Sociales, Universidad de Chile.<\/span><\/li>\n<li class=\"MsoBodyText\"><span lang=\"ES\">\u00a0<\/span><span lang=\"ES\">Diploma en \u00c9tica de la Investigaci\u00f3n, Universidad Central.<\/span><\/li>\n<li class=\"MsoBodyText\"><span lang=\"ES\">Diploma en Docencia Universitaria, Universidad del Desarrollo.<\/span><\/li>\n<li><span lang=\"ES\">Diploma en \u00c9tica Cl\u00ednica, Universidad Central.<\/span><\/li>\n<li><span lang=\"ES\">Mag\u00edster en Bio\u00e9tica, Universidad del Desarrollo.<\/span><\/li>\n<li class=\"MsoBodyText\"><span lang=\"ES\">Mag\u00edster(c) en Filosof\u00eda, Universidad de Chile.<\/span><\/li>\n<li class=\"MsoBodyText\"><span>Profesor<\/span>\u00a0<span>Asistente<\/span>\u00a0<span>UDD.<\/span><\/li>\n<\/ul>\n<p><span>Actividad Profesional<\/span><\/p>\n<ul>\n<li><span>2018-2021. Miembro del Comit\u00e9 \u00c9tico Cient\u00edfico (CEC), Instituto Oncol\u00f3gico Fundaci\u00f3n Arturo L\u00f3pez P\u00e9rez.<\/span><\/li>\n<li><span>2018-2021. Miembro del Comit\u00e9 de \u00c9tica Asistencial (CEA), Instituto Oncol\u00f3gico Fundaci\u00f3n Arturo L\u00f3pez P\u00e9rez.<\/span><\/li>\n<\/ul>\n<div class=\"WordSection1\">\n<p class=\"MsoListParagraph\"><span><span>Publicaciones<\/span><\/span><\/p>\n<ul>\n<li><em><span>2023. Lecaros JAl, L\u00f3pez G. Responsabilidad civil m\u00e9dica en telemedicina: una propuesta de principios para una lex artis telem\u00e9dica. Rev Bio y Der. 2023; 57: 33-51. DOI: 10.1344\/rbd2023.57.41222\u00a0\u00a0<\/span><\/em><a href=\"https:\/\/revistes.ub.edu\/index.php\/RBD\/article\/view\/41222\/39210\">https:\/\/revistes.ub.edu\/index.php\/RBD\/article\/view\/41222\/39210<\/a><\/li>\n<li class=\"MsoListParagraph\"><span lang=\"ES\">2022. Lecaros JA, L\u00f3pez G, Vald\u00e9s A. Aborto: aspectos \u00e9ticos y jur\u00eddicos.\u00a0<u>En<\/u>: Beca JP, Astete C, Carvajal S.\u00a0<i>Bio\u00e9tica cl\u00ednica\u00a0<\/i>(2\u00b0 edici\u00f3n). Santiago: Mediterr\u00e1neo, pp. 183-192.<\/span><\/li>\n<\/ul>\n<ul>\n<li class=\"MsoListParagraph\"><span lang=\"ES\">2020. Lecaros JA, L\u00f3pez G. L\u00edmites de la responsabilidad m\u00e9dica durante la pandemia por coronavirus.\u00a0<i>Rev Med Chile\u00a0<\/i>148(8): 1221-1223.\u00a0<\/span><span lang=\"ES\"><a class=\"pdf-download\" href=\"https:\/\/scielo.conicyt.cl\/pdf\/rmc\/v148n8\/0717-6163-rmc-148-08-1221.pdf\"><span>https:\/\/scielo.conicyt.cl\/pdf\/rmc\/v148n8\/0717-6163-rmc-148-08-1221.pdf<\/span><\/a><\/span><\/li>\n<\/ul>\n<ul>\n<li class=\"MsoListParagraph\"><span lang=\"ES\">2020. Aguilera B, L\u00f3pez G, Portales B, Reyes M, Vrsalovic. J. \u00c9tica, derecho y regulaci\u00f3n de la investigaci\u00f3n biom\u00e9dica en Chile.\u00a0<i>Rev. bio\u00e9t. (Impr.)\u00a0<\/i>28 (2): 239-48.\u00a0<\/span><span lang=\"ES\"><a href=\"https:\/\/revistabioetica.cfm.org.br\/index.php\/revista_bioetica\/article\/view\/2271\/2373\"><span>https:\/\/revistabioetica.cfm.org.br\/index.php\/revista_bioetica\/article\/view\/2271\/2373<\/span><\/a><\/span><\/li>\n<\/ul>\n<ul>\n<li class=\"MsoListParagraph\"><span lang=\"ES\">2018. Lecaros JA, L\u00f3pez G. \u00abMaking environmental ethics more practical: a model of principlism\u00bb.\u00a0<i>Ramon Llull Journal of Applied Ethics<\/i>, 2018 (9): 95-116.\u00a0<\/span><span lang=\"ES\"><a href=\"https:\/\/www.raco.cat\/index.php\/rljae\/article\/view\/338151\/429022\"><span>https:\/\/www.raco.cat\/index.php\/rljae\/article\/view\/338151\/429022<\/span><\/a><\/span><\/li>\n<\/ul>\n<ul>\n<li class=\"MsoListParagraph\"><span lang=\"ES\">2017. Aguilera B, L\u00f3pez G. \u00bfTiene el m\u00e9dico el deber moral de trabajar en el sector p\u00fablico de salud? Consideraciones \u00e9ticas sobre las obligaciones sociales del m\u00e9dico.\u00a0<i>Medwave\u00a0<\/i>Nov-Dic;17(9):7105.\u00a0<\/span><span lang=\"ES\"><a href=\"https:\/\/www.medwave.cl\/link.cgi\/Medwave\/Enfoques\/Ensayo\/7105.act\"><span>https:\/\/www.medwave.cl\/link.cgi\/Medwave\/Enfoques\/Ensayo\/7105.act<\/span><\/a><\/span><span>\u00a0<\/span><\/li>\n<\/ul>\n<\/div>\n<p><span>Informe<\/span><\/p>\n<ul>\n<li class=\"MsoNormal\"><span lang=\"ES\">2019-2020. Lineamientos para el desarrollo de la Telemedicina y Telesalud en Chile. Universidad de Concepci\u00f3n, Universidad del Desarrollo y UC Davis Chile.\u00a0<a href=\"https:\/\/lineamientostelesalud.cl\/2021\/01\/segunda-edicion-de-los-fundamentos-para-los-lineamientos-para-la-telemedicina-y-telesalud-en-chile\/\">https:\/\/lineamientostelesalud.cl\/2021\/01\/segunda-edicion-de-los-fundamentos-para-los-lineamientos-para-la-telemedicina-y-telesalud-en-chile\/<\/a><\/span><span lang=\"ES\"><br \/><\/span><\/li>\n<\/ul>\n<ul>\n<li class=\"MsoNormal\"><span lang=\"ES\">2017. Lecaros JA, L\u00f3pez G, Toscano D. Regulaci\u00f3n de la medicina regenerativa: la tensi\u00f3n entre la gobernanza internacional y local. Observatorio de Bio\u00e9tica y Derecho UDD.\u00a0<\/span>\n<p class=\"MsoNormal\"><span lang=\"ES\"><a class=\"pdf-download\" href=\"https:\/\/medicina.udd.cl\/observatorio-bioetica-derecho\/files\/2021\/05\/Informe-Regulaci%C3%B3n-Medicina-Regenerativa-UDD.pdf\">https:\/\/medicina.udd.cl\/observatorio-bioetica-derecho\/files\/2021\/05\/Informe-Regulaci% C3%B3n-Medicina-Regenerativa-UDD.pdf<\/a><\/span><\/p>\n<\/li>\n<\/ul>\n\t\t<\/div>\n\t<\/div>\n<\/div>\n"},"identifier":"2511f5a6fed478218308cb9ce42a13af10b9f607","has_credential":[],"given_name":"Gonzalo","family_name":"L\u00f3pez","name":"Gonzalo L\u00f3pez","job_title":"","telephone":"","note":"","im":"","_self_schedule":null,"_links":{"self":[{"href":"https:\/\/medicina.udd.cl\/labsaludpoblacional\/wp-json\/wp\/v2\/people\/199","targetHints":{"allow":["GET"]}}],"collection":[{"href":"https:\/\/medicina.udd.cl\/labsaludpoblacional\/wp-json\/wp\/v2\/people"}],"about":[{"href":"https:\/\/medicina.udd.cl\/labsaludpoblacional\/wp-json\/wp\/v2\/types\/person"}],"wp:featuredmedia":[{"embeddable":true,"href":"https:\/\/medicina.udd.cl\/labsaludpoblacional\/wp-json\/wp\/v2\/media\/200"}],"wp:attachment":[{"href":"https:\/\/medicina.udd.cl\/labsaludpoblacional\/wp-json\/wp\/v2\/media?parent=199"}],"wp:term":[{"taxonomy":"people_tax","embeddable":true,"href":"https:\/\/medicina.udd.cl\/labsaludpoblacional\/wp-json\/wp\/v2\/people_tax?post=199"},{"taxonomy":"people_areas","embeddable":true,"href":"https:\/\/medicina.udd.cl\/labsaludpoblacional\/wp-json\/wp\/v2\/people_areas?post=199"},{"taxonomy":"people_levels","embeddable":true,"href":"https:\/\/medicina.udd.cl\/labsaludpoblacional\/wp-json\/wp\/v2\/people_levels?post=199"}],"curies":[{"name":"wp","href":"https:\/\/api.w.org\/{rel}","templated":true}]}}