{"id":2425,"date":"2014-04-16T14:04:11","date_gmt":"2014-04-16T18:04:11","guid":{"rendered":"http:\/\/medicina.udd.cl\/medicina-santiago\/files\/2014\/04\/Presentaci\u00f3n-de-Vicente-Hern\u00e1ndez-presidente-del-CEM.jpg"},"modified":"2014-04-16T14:04:11","modified_gmt":"2014-04-16T18:04:11","slug":"presentacion-de-vicente-hernandez-presidente-del-cem","status":"inherit","type":"attachment","link":"https:\/\/medicina.udd.cl\/medicina-santiago\/noticias\/2014\/04\/15\/con-auditorio-lleno-comenzo-ciclo-de-debates-cual-es-el-chile-que-sonamos\/presentacion-de-vicente-hernandez-presidente-del-cem\/","title":{"rendered":"Presentaci\u00f3n de Vicente Hern\u00e1ndez, presidente del CEM"},"author":40,"featured_media":0,"comment_status":"open","ping_status":"open","template":"","meta":[],"class_list":["post-2425","attachment","type-attachment","status-inherit","hentry"],"yoast_head":"<!-- This site is optimized with the Yoast SEO plugin v26.9 - https:\/\/yoast.com\/product\/yoast-seo-wordpress\/ -->\n<title>Presentaci\u00f3n de Vicente Hern\u00e1ndez, presidente del CEM - Medicina<\/title>\n<meta name=\"robots\" content=\"index, follow, max-snippet:-1, max-image-preview:large, max-video-preview:-1\" \/>\n<link rel=\"canonical\" href=\"https:\/\/medicina.udd.cl\/medicina-santiago\/files\/2014\/04\/Presentaci\u00f3n-de-Vicente-Hern\u00e1ndez-presidente-del-CEM.jpg\" \/>\n<meta property=\"og:locale\" content=\"es_ES\" \/>\n<meta property=\"og:type\" content=\"article\" \/>\n<meta property=\"og:title\" content=\"Presentaci\u00f3n de Vicente Hern\u00e1ndez, presidente del CEM - Medicina\" \/>\n<meta property=\"og:url\" content=\"https:\/\/medicina.udd.cl\/medicina-santiago\/files\/2014\/04\/Presentaci\u00f3n-de-Vicente-Hern\u00e1ndez-presidente-del-CEM.jpg\" \/>\n<meta property=\"og:site_name\" content=\"Medicina\" \/>\n<meta property=\"og:image\" content=\"https:\/\/medicina.udd.cl\/medicina-santiago\/files\/2014\/04\/Presentaci\u00f3n-de-Vicente-Hern\u00e1ndez-presidente-del-CEM.jpg\" \/>\n\t<meta property=\"og:image:width\" content=\"625\" \/>\n\t<meta property=\"og:image:height\" content=\"417\" \/>\n\t<meta property=\"og:image:type\" content=\"image\/jpeg\" \/>\n<script type=\"application\/ld+json\" class=\"yoast-schema-graph\">{\"@context\":\"https:\/\/schema.org\",\"@graph\":[{\"@type\":\"WebPage\",\"@id\":\"https:\/\/medicina.udd.cl\/medicina-santiago\/files\/2014\/04\/Presentaci\u00f3n-de-Vicente-Hern\u00e1ndez-presidente-del-CEM.jpg\",\"url\":\"https:\/\/medicina.udd.cl\/medicina-santiago\/files\/2014\/04\/Presentaci\u00f3n-de-Vicente-Hern\u00e1ndez-presidente-del-CEM.jpg\",\"name\":\"Presentaci\u00f3n de Vicente Hern\u00e1ndez, presidente del CEM - Medicina\",\"isPartOf\":{\"@id\":\"https:\/\/medicina.udd.cl\/medicina-santiago\/#website\"},\"datePublished\":\"2014-04-16T18:04:11+00:00\",\"breadcrumb\":{\"@id\":\"https:\/\/medicina.udd.cl\/medicina-santiago\/files\/2014\/04\/Presentaci\u00f3n-de-Vicente-Hern\u00e1ndez-presidente-del-CEM.jpg#breadcrumb\"},\"inLanguage\":\"es\",\"potentialAction\":[{\"@type\":\"ReadAction\",\"target\":[\"https:\/\/medicina.udd.cl\/medicina-santiago\/files\/2014\/04\/Presentaci\u00f3n-de-Vicente-Hern\u00e1ndez-presidente-del-CEM.jpg\"]}]},{\"@type\":\"BreadcrumbList\",\"@id\":\"https:\/\/medicina.udd.cl\/medicina-santiago\/files\/2014\/04\/Presentaci\u00f3n-de-Vicente-Hern\u00e1ndez-presidente-del-CEM.jpg#breadcrumb\",\"itemListElement\":[{\"@type\":\"ListItem\",\"position\":1,\"name\":\"Home\",\"item\":\"https:\/\/medicina.udd.cl\/medicina-santiago\/\"},{\"@type\":\"ListItem\",\"position\":2,\"name\":\"Con auditorio lleno comenz\u00f3 ciclo de debates \u201c\u00bfCu\u00e1l es el Chile que so\u00f1amos?\u201d\",\"item\":\"https:\/\/medicina.udd.cl\/medicina-santiago\/noticias\/2014\/04\/15\/con-auditorio-lleno-comenzo-ciclo-de-debates-cual-es-el-chile-que-sonamos\/\"},{\"@type\":\"ListItem\",\"position\":3,\"name\":\"Presentaci\u00f3n de Vicente Hern\u00e1ndez, presidente del CEM\"}]},{\"@type\":\"WebSite\",\"@id\":\"https:\/\/medicina.udd.cl\/medicina-santiago\/#website\",\"url\":\"https:\/\/medicina.udd.cl\/medicina-santiago\/\",\"name\":\"Medicina\",\"description\":\"Facultad de Medicina Cl\u00ednica Alemana Universidad del Desarrollo\",\"inLanguage\":\"es\"}]}<\/script>\n<!-- \/ Yoast SEO plugin. -->","yoast_head_json":{"title":"Presentaci\u00f3n de Vicente Hern\u00e1ndez, presidente del CEM - Medicina","robots":{"index":"index","follow":"follow","max-snippet":"max-snippet:-1","max-image-preview":"max-image-preview:large","max-video-preview":"max-video-preview:-1"},"canonical":"https:\/\/medicina.udd.cl\/medicina-santiago\/files\/2014\/04\/Presentaci\u00f3n-de-Vicente-Hern\u00e1ndez-presidente-del-CEM.jpg","og_locale":"es_ES","og_type":"article","og_title":"Presentaci\u00f3n de Vicente Hern\u00e1ndez, presidente del CEM - Medicina","og_url":"https:\/\/medicina.udd.cl\/medicina-santiago\/files\/2014\/04\/Presentaci\u00f3n-de-Vicente-Hern\u00e1ndez-presidente-del-CEM.jpg","og_site_name":"Medicina","og_image":[{"width":625,"height":417,"url":"https:\/\/medicina.udd.cl\/medicina-santiago\/files\/2014\/04\/Presentaci\u00f3n-de-Vicente-Hern\u00e1ndez-presidente-del-CEM.jpg","type":"image\/jpeg"}],"schema":{"@context":"https:\/\/schema.org","@graph":[{"@type":"WebPage","@id":"https:\/\/medicina.udd.cl\/medicina-santiago\/files\/2014\/04\/Presentaci\u00f3n-de-Vicente-Hern\u00e1ndez-presidente-del-CEM.jpg","url":"https:\/\/medicina.udd.cl\/medicina-santiago\/files\/2014\/04\/Presentaci\u00f3n-de-Vicente-Hern\u00e1ndez-presidente-del-CEM.jpg","name":"Presentaci\u00f3n de Vicente Hern\u00e1ndez, presidente del CEM - Medicina","isPartOf":{"@id":"https:\/\/medicina.udd.cl\/medicina-santiago\/#website"},"datePublished":"2014-04-16T18:04:11+00:00","breadcrumb":{"@id":"https:\/\/medicina.udd.cl\/medicina-santiago\/files\/2014\/04\/Presentaci\u00f3n-de-Vicente-Hern\u00e1ndez-presidente-del-CEM.jpg#breadcrumb"},"inLanguage":"es","potentialAction":[{"@type":"ReadAction","target":["https:\/\/medicina.udd.cl\/medicina-santiago\/files\/2014\/04\/Presentaci\u00f3n-de-Vicente-Hern\u00e1ndez-presidente-del-CEM.jpg"]}]},{"@type":"BreadcrumbList","@id":"https:\/\/medicina.udd.cl\/medicina-santiago\/files\/2014\/04\/Presentaci\u00f3n-de-Vicente-Hern\u00e1ndez-presidente-del-CEM.jpg#breadcrumb","itemListElement":[{"@type":"ListItem","position":1,"name":"Home","item":"https:\/\/medicina.udd.cl\/medicina-santiago\/"},{"@type":"ListItem","position":2,"name":"Con auditorio lleno comenz\u00f3 ciclo de debates \u201c\u00bfCu\u00e1l es el Chile que so\u00f1amos?\u201d","item":"https:\/\/medicina.udd.cl\/medicina-santiago\/noticias\/2014\/04\/15\/con-auditorio-lleno-comenzo-ciclo-de-debates-cual-es-el-chile-que-sonamos\/"},{"@type":"ListItem","position":3,"name":"Presentaci\u00f3n de Vicente Hern\u00e1ndez, presidente del CEM"}]},{"@type":"WebSite","@id":"https:\/\/medicina.udd.cl\/medicina-santiago\/#website","url":"https:\/\/medicina.udd.cl\/medicina-santiago\/","name":"Medicina","description":"Facultad de Medicina Cl\u00ednica Alemana Universidad del Desarrollo","inLanguage":"es"}]}},"description":{"rendered":"<p class=\"attachment\"><a href='https:\/\/medicina.udd.cl\/medicina-santiago\/files\/2014\/04\/Presentaci\u00f3n-de-Vicente-Hern\u00e1ndez-presidente-del-CEM.jpg'><img loading=\"lazy\" decoding=\"async\" width=\"300\" height=\"200\" src=\"https:\/\/medicina.udd.cl\/medicina-santiago\/files\/2014\/04\/Presentaci\u00f3n-de-Vicente-Hern\u00e1ndez-presidente-del-CEM-300x200.jpg\" class=\"attachment-medium size-medium\" alt=\"\" srcset=\"https:\/\/medicina.udd.cl\/medicina-santiago\/files\/2014\/04\/Presentaci\u00f3n-de-Vicente-Hern\u00e1ndez-presidente-del-CEM-300x200.jpg 300w, https:\/\/medicina.udd.cl\/medicina-santiago\/files\/2014\/04\/Presentaci\u00f3n-de-Vicente-Hern\u00e1ndez-presidente-del-CEM.jpg 625w\" sizes=\"auto, (max-width: 300px) 100vw, 300px\" \/><\/a><\/p>\n"},"caption":{"rendered":""},"alt_text":"","media_type":"image","mime_type":"image\/jpeg","media_details":{"width":625,"height":417,"file":"2014\/04\/Presentaci\u00f3n-de-Vicente-Hern\u00e1ndez-presidente-del-CEM.jpg","sizes":{"thumbnail":{"file":"Presentaci\u00f3n-de-Vicente-Hern\u00e1ndez-presidente-del-CEM-150x150.jpg","width":150,"height":150,"mime_type":"image\/jpeg","source_url":"https:\/\/medicina.udd.cl\/medicina-santiago\/files\/2014\/04\/Presentaci\u00f3n-de-Vicente-Hern\u00e1ndez-presidente-del-CEM-150x150.jpg"},"medium":{"file":"Presentaci\u00f3n-de-Vicente-Hern\u00e1ndez-presidente-del-CEM-300x200.jpg","width":300,"height":200,"mime_type":"image\/jpeg","source_url":"https:\/\/medicina.udd.cl\/medicina-santiago\/files\/2014\/04\/Presentaci\u00f3n-de-Vicente-Hern\u00e1ndez-presidente-del-CEM-300x200.jpg"},"newsletter_featured":{"file":"Presentaci\u00f3n-de-Vicente-Hern\u00e1ndez-presidente-del-CEM-316x224.jpg","width":316,"height":224,"mime_type":"image\/jpeg","source_url":"https:\/\/medicina.udd.cl\/medicina-santiago\/files\/2014\/04\/Presentaci\u00f3n-de-Vicente-Hern\u00e1ndez-presidente-del-CEM-316x224.jpg"},"newsletter_first":{"file":"Presentaci\u00f3n-de-Vicente-Hern\u00e1ndez-presidente-del-CEM-286x205.jpg","width":286,"height":205,"mime_type":"image\/jpeg","source_url":"https:\/\/medicina.udd.cl\/medicina-santiago\/files\/2014\/04\/Presentaci\u00f3n-de-Vicente-Hern\u00e1ndez-presidente-del-CEM-286x205.jpg"},"newsletter_thumb":{"file":"Presentaci\u00f3n-de-Vicente-Hern\u00e1ndez-presidente-del-CEM-288x150.jpg","width":288,"height":150,"mime_type":"image\/jpeg","source_url":"https:\/\/medicina.udd.cl\/medicina-santiago\/files\/2014\/04\/Presentaci\u00f3n-de-Vicente-Hern\u00e1ndez-presidente-del-CEM-288x150.jpg"},"newsletter_column":{"file":"Presentaci\u00f3n-de-Vicente-Hern\u00e1ndez-presidente-del-CEM-182x140.jpg","width":182,"height":140,"mime_type":"image\/jpeg","source_url":"https:\/\/medicina.udd.cl\/medicina-santiago\/files\/2014\/04\/Presentaci\u00f3n-de-Vicente-Hern\u00e1ndez-presidente-del-CEM-182x140.jpg"},"newsletter_square":{"file":"Presentaci\u00f3n-de-Vicente-Hern\u00e1ndez-presidente-del-CEM-62x62.jpg","width":62,"height":62,"mime_type":"image\/jpeg","source_url":"https:\/\/medicina.udd.cl\/medicina-santiago\/files\/2014\/04\/Presentaci\u00f3n-de-Vicente-Hern\u00e1ndez-presidente-del-CEM-62x62.jpg"},"newsletter_square_large":{"file":"Presentaci\u00f3n-de-Vicente-Hern\u00e1ndez-presidente-del-CEM-87x62.jpg","width":87,"height":62,"mime_type":"image\/jpeg","source_url":"https:\/\/medicina.udd.cl\/medicina-santiago\/files\/2014\/04\/Presentaci\u00f3n-de-Vicente-Hern\u00e1ndez-presidente-del-CEM-87x62.jpg"},"squared":{"file":"Presentaci\u00f3n-de-Vicente-Hern\u00e1ndez-presidente-del-CEM-300x300.jpg","width":300,"height":300,"mime_type":"image\/jpeg","source_url":"https:\/\/medicina.udd.cl\/medicina-santiago\/files\/2014\/04\/Presentaci\u00f3n-de-Vicente-Hern\u00e1ndez-presidente-del-CEM-300x300.jpg"},"portrait-medium":{"file":"Presentaci\u00f3n-de-Vicente-Hern\u00e1ndez-presidente-del-CEM-220x260.jpg","width":220,"height":260,"mime_type":"image\/jpeg","source_url":"https:\/\/medicina.udd.cl\/medicina-santiago\/files\/2014\/04\/Presentaci\u00f3n-de-Vicente-Hern\u00e1ndez-presidente-del-CEM-220x260.jpg"},"landscape-small":{"file":"Presentaci\u00f3n-de-Vicente-Hern\u00e1ndez-presidente-del-CEM-125x80.jpg","width":125,"height":80,"mime_type":"image\/jpeg","source_url":"https:\/\/medicina.udd.cl\/medicina-santiago\/files\/2014\/04\/Presentaci\u00f3n-de-Vicente-Hern\u00e1ndez-presidente-del-CEM-125x80.jpg"},"landscape-medium":{"file":"Presentaci\u00f3n-de-Vicente-Hern\u00e1ndez-presidente-del-CEM-340x220.jpg","width":340,"height":220,"mime_type":"image\/jpeg","source_url":"https:\/\/medicina.udd.cl\/medicina-santiago\/files\/2014\/04\/Presentaci\u00f3n-de-Vicente-Hern\u00e1ndez-presidente-del-CEM-340x220.jpg"},"landscape-large":{"file":"Presentaci\u00f3n-de-Vicente-Hern\u00e1ndez-presidente-del-CEM-365x255.jpg","width":365,"height":255,"mime_type":"image\/jpeg","source_url":"https:\/\/medicina.udd.cl\/medicina-santiago\/files\/2014\/04\/Presentaci\u00f3n-de-Vicente-Hern\u00e1ndez-presidente-del-CEM-365x255.jpg"},"panoramic":{"file":"Presentaci\u00f3n-de-Vicente-Hern\u00e1ndez-presidente-del-CEM-625x345.jpg","width":625,"height":345,"mime_type":"image\/jpeg","source_url":"https:\/\/medicina.udd.cl\/medicina-santiago\/files\/2014\/04\/Presentaci\u00f3n-de-Vicente-Hern\u00e1ndez-presidente-del-CEM-625x345.jpg"},"custom_content":{"file":"Presentaci\u00f3n-de-Vicente-Hern\u00e1ndez-presidente-del-CEM-126x126.jpg","width":126,"height":126,"mime_type":"image\/jpeg","source_url":"https:\/\/medicina.udd.cl\/medicina-santiago\/files\/2014\/04\/Presentaci\u00f3n-de-Vicente-Hern\u00e1ndez-presidente-del-CEM-126x126.jpg"},"full":{"file":"Presentaci\u00f3n-de-Vicente-Hern\u00e1ndez-presidente-del-CEM.jpg","width":625,"height":417,"mime_type":"image\/jpeg","source_url":"https:\/\/medicina.udd.cl\/medicina-santiago\/files\/2014\/04\/Presentaci\u00f3n-de-Vicente-Hern\u00e1ndez-presidente-del-CEM.jpg"}},"image_meta":{"aperture":0,"credit":"","camera":"","caption":"","created_timestamp":0,"copyright":"","focal_length":0,"iso":0,"shutter_speed":0,"title":""}},"post":2419,"source_url":"https:\/\/medicina.udd.cl\/medicina-santiago\/files\/2014\/04\/Presentaci\u00f3n-de-Vicente-Hern\u00e1ndez-presidente-del-CEM.jpg","_links":{"self":[{"href":"https:\/\/medicina.udd.cl\/medicina-santiago\/wp-json\/wp\/v2\/media\/2425","targetHints":{"allow":["GET"]}}],"collection":[{"href":"https:\/\/medicina.udd.cl\/medicina-santiago\/wp-json\/wp\/v2\/media"}],"about":[{"href":"https:\/\/medicina.udd.cl\/medicina-santiago\/wp-json\/wp\/v2\/types\/attachment"}],"author":[{"embeddable":true,"href":"https:\/\/medicina.udd.cl\/medicina-santiago\/wp-json\/wp\/v2\/users\/40"}],"replies":[{"embeddable":true,"href":"https:\/\/medicina.udd.cl\/medicina-santiago\/wp-json\/wp\/v2\/comments?post=2425"}],"wp:attached-to":[{"embeddable":true,"post_type":"post","id":2419,"href":"https:\/\/medicina.udd.cl\/medicina-santiago\/wp-json\/wp\/v2\/posts\/2419"}],"curies":[{"name":"wp","href":"https:\/\/api.w.org\/{rel}","templated":true}]}}