{"id":3170,"date":"2015-04-13T10:37:01","date_gmt":"2015-04-13T13:37:01","guid":{"rendered":"http:\/\/medicina.udd.cl\/medicina-santiago\/files\/2015\/04\/Coordinaci\u00f3n-Atenci\u00f3n-Primaria-de-Salud2.jpg"},"modified":"2015-04-13T10:37:01","modified_gmt":"2015-04-13T13:37:01","slug":"coordinacion-atencion-primaria-de-salud2","status":"inherit","type":"attachment","link":"https:\/\/medicina.udd.cl\/medicina-santiago\/persona\/claudia-lopez\/coordinacion-atencion-primaria-de-salud2\/","title":{"rendered":"Coordinaci\u00f3n Atenci\u00f3n Primaria de Salud2"},"author":40,"featured_media":0,"comment_status":"open","ping_status":"open","template":"","meta":[],"class_list":["post-3170","attachment","type-attachment","status-inherit","hentry"],"yoast_head":"<!-- This site is optimized with the Yoast SEO plugin v26.9 - https:\/\/yoast.com\/product\/yoast-seo-wordpress\/ -->\n<title>Coordinaci\u00f3n Atenci\u00f3n Primaria de Salud2 - Medicina<\/title>\n<meta name=\"robots\" content=\"index, follow, max-snippet:-1, max-image-preview:large, max-video-preview:-1\" \/>\n<link rel=\"canonical\" href=\"https:\/\/medicina.udd.cl\/medicina-santiago\/files\/2015\/04\/Coordinaci\u00f3n-Atenci\u00f3n-Primaria-de-Salud2.jpg\" \/>\n<meta property=\"og:locale\" content=\"es_ES\" \/>\n<meta property=\"og:type\" content=\"article\" \/>\n<meta property=\"og:title\" content=\"Coordinaci\u00f3n Atenci\u00f3n Primaria de Salud2 - Medicina\" \/>\n<meta property=\"og:url\" content=\"https:\/\/medicina.udd.cl\/medicina-santiago\/files\/2015\/04\/Coordinaci\u00f3n-Atenci\u00f3n-Primaria-de-Salud2.jpg\" \/>\n<meta property=\"og:site_name\" content=\"Medicina\" \/>\n<meta property=\"og:image\" content=\"https:\/\/medicina.udd.cl\/medicina-santiago\/files\/2015\/04\/Coordinaci\u00f3n-Atenci\u00f3n-Primaria-de-Salud2.jpg\" \/>\n\t<meta property=\"og:image:width\" content=\"860\" \/>\n\t<meta property=\"og:image:height\" content=\"864\" \/>\n\t<meta property=\"og:image:type\" content=\"image\/jpeg\" \/>\n<script type=\"application\/ld+json\" class=\"yoast-schema-graph\">{\"@context\":\"https:\/\/schema.org\",\"@graph\":[{\"@type\":\"WebPage\",\"@id\":\"https:\/\/medicina.udd.cl\/medicina-santiago\/files\/2015\/04\/Coordinaci\u00f3n-Atenci\u00f3n-Primaria-de-Salud2.jpg\",\"url\":\"https:\/\/medicina.udd.cl\/medicina-santiago\/files\/2015\/04\/Coordinaci\u00f3n-Atenci\u00f3n-Primaria-de-Salud2.jpg\",\"name\":\"Coordinaci\u00f3n Atenci\u00f3n Primaria de Salud2 - Medicina\",\"isPartOf\":{\"@id\":\"https:\/\/medicina.udd.cl\/medicina-santiago\/#website\"},\"datePublished\":\"2015-04-13T13:37:01+00:00\",\"breadcrumb\":{\"@id\":\"https:\/\/medicina.udd.cl\/medicina-santiago\/files\/2015\/04\/Coordinaci\u00f3n-Atenci\u00f3n-Primaria-de-Salud2.jpg#breadcrumb\"},\"inLanguage\":\"es\",\"potentialAction\":[{\"@type\":\"ReadAction\",\"target\":[\"https:\/\/medicina.udd.cl\/medicina-santiago\/files\/2015\/04\/Coordinaci\u00f3n-Atenci\u00f3n-Primaria-de-Salud2.jpg\"]}]},{\"@type\":\"BreadcrumbList\",\"@id\":\"https:\/\/medicina.udd.cl\/medicina-santiago\/files\/2015\/04\/Coordinaci\u00f3n-Atenci\u00f3n-Primaria-de-Salud2.jpg#breadcrumb\",\"itemListElement\":[{\"@type\":\"ListItem\",\"position\":1,\"name\":\"Home\",\"item\":\"https:\/\/medicina.udd.cl\/medicina-santiago\/\"},{\"@type\":\"ListItem\",\"position\":2,\"name\":\"Claudia L\u00f3pez\",\"item\":\"https:\/\/medicina.udd.cl\/medicina-santiago\/persona\/claudia-lopez\/\"},{\"@type\":\"ListItem\",\"position\":3,\"name\":\"Coordinaci\u00f3n Atenci\u00f3n Primaria de Salud2\"}]},{\"@type\":\"WebSite\",\"@id\":\"https:\/\/medicina.udd.cl\/medicina-santiago\/#website\",\"url\":\"https:\/\/medicina.udd.cl\/medicina-santiago\/\",\"name\":\"Medicina\",\"description\":\"Facultad de Medicina Cl\u00ednica Alemana Universidad del Desarrollo\",\"inLanguage\":\"es\"}]}<\/script>\n<!-- \/ Yoast SEO plugin. -->","yoast_head_json":{"title":"Coordinaci\u00f3n Atenci\u00f3n Primaria de Salud2 - Medicina","robots":{"index":"index","follow":"follow","max-snippet":"max-snippet:-1","max-image-preview":"max-image-preview:large","max-video-preview":"max-video-preview:-1"},"canonical":"https:\/\/medicina.udd.cl\/medicina-santiago\/files\/2015\/04\/Coordinaci\u00f3n-Atenci\u00f3n-Primaria-de-Salud2.jpg","og_locale":"es_ES","og_type":"article","og_title":"Coordinaci\u00f3n Atenci\u00f3n Primaria de Salud2 - Medicina","og_url":"https:\/\/medicina.udd.cl\/medicina-santiago\/files\/2015\/04\/Coordinaci\u00f3n-Atenci\u00f3n-Primaria-de-Salud2.jpg","og_site_name":"Medicina","og_image":[{"width":860,"height":864,"url":"https:\/\/medicina.udd.cl\/medicina-santiago\/files\/2015\/04\/Coordinaci\u00f3n-Atenci\u00f3n-Primaria-de-Salud2.jpg","type":"image\/jpeg"}],"schema":{"@context":"https:\/\/schema.org","@graph":[{"@type":"WebPage","@id":"https:\/\/medicina.udd.cl\/medicina-santiago\/files\/2015\/04\/Coordinaci\u00f3n-Atenci\u00f3n-Primaria-de-Salud2.jpg","url":"https:\/\/medicina.udd.cl\/medicina-santiago\/files\/2015\/04\/Coordinaci\u00f3n-Atenci\u00f3n-Primaria-de-Salud2.jpg","name":"Coordinaci\u00f3n Atenci\u00f3n Primaria de Salud2 - Medicina","isPartOf":{"@id":"https:\/\/medicina.udd.cl\/medicina-santiago\/#website"},"datePublished":"2015-04-13T13:37:01+00:00","breadcrumb":{"@id":"https:\/\/medicina.udd.cl\/medicina-santiago\/files\/2015\/04\/Coordinaci\u00f3n-Atenci\u00f3n-Primaria-de-Salud2.jpg#breadcrumb"},"inLanguage":"es","potentialAction":[{"@type":"ReadAction","target":["https:\/\/medicina.udd.cl\/medicina-santiago\/files\/2015\/04\/Coordinaci\u00f3n-Atenci\u00f3n-Primaria-de-Salud2.jpg"]}]},{"@type":"BreadcrumbList","@id":"https:\/\/medicina.udd.cl\/medicina-santiago\/files\/2015\/04\/Coordinaci\u00f3n-Atenci\u00f3n-Primaria-de-Salud2.jpg#breadcrumb","itemListElement":[{"@type":"ListItem","position":1,"name":"Home","item":"https:\/\/medicina.udd.cl\/medicina-santiago\/"},{"@type":"ListItem","position":2,"name":"Claudia L\u00f3pez","item":"https:\/\/medicina.udd.cl\/medicina-santiago\/persona\/claudia-lopez\/"},{"@type":"ListItem","position":3,"name":"Coordinaci\u00f3n Atenci\u00f3n Primaria de Salud2"}]},{"@type":"WebSite","@id":"https:\/\/medicina.udd.cl\/medicina-santiago\/#website","url":"https:\/\/medicina.udd.cl\/medicina-santiago\/","name":"Medicina","description":"Facultad de Medicina Cl\u00ednica Alemana Universidad del Desarrollo","inLanguage":"es"}]}},"description":{"rendered":"<p class=\"attachment\"><a href='https:\/\/medicina.udd.cl\/medicina-santiago\/files\/2015\/04\/Coordinaci\u00f3n-Atenci\u00f3n-Primaria-de-Salud2.jpg'><img loading=\"lazy\" decoding=\"async\" width=\"300\" height=\"300\" src=\"https:\/\/medicina.udd.cl\/medicina-santiago\/files\/2015\/04\/Coordinaci\u00f3n-Atenci\u00f3n-Primaria-de-Salud2-300x300.jpg\" class=\"attachment-medium size-medium\" alt=\"\" srcset=\"https:\/\/medicina.udd.cl\/medicina-santiago\/files\/2015\/04\/Coordinaci\u00f3n-Atenci\u00f3n-Primaria-de-Salud2-300x300.jpg 300w, https:\/\/medicina.udd.cl\/medicina-santiago\/files\/2015\/04\/Coordinaci\u00f3n-Atenci\u00f3n-Primaria-de-Salud2-150x150.jpg 150w, https:\/\/medicina.udd.cl\/medicina-santiago\/files\/2015\/04\/Coordinaci\u00f3n-Atenci\u00f3n-Primaria-de-Salud2-62x62.jpg 62w, https:\/\/medicina.udd.cl\/medicina-santiago\/files\/2015\/04\/Coordinaci\u00f3n-Atenci\u00f3n-Primaria-de-Salud2-126x126.jpg 126w, https:\/\/medicina.udd.cl\/medicina-santiago\/files\/2015\/04\/Coordinaci\u00f3n-Atenci\u00f3n-Primaria-de-Salud2.jpg 860w\" sizes=\"auto, (max-width: 300px) 100vw, 300px\" \/><\/a><\/p>\n"},"caption":{"rendered":""},"alt_text":"","media_type":"image","mime_type":"image\/jpeg","media_details":{"width":860,"height":864,"file":"2015\/04\/Coordinaci\u00f3n-Atenci\u00f3n-Primaria-de-Salud2.jpg","sizes":{"thumbnail":{"file":"Coordinaci\u00f3n-Atenci\u00f3n-Primaria-de-Salud2-150x150.jpg","width":150,"height":150,"mime_type":"image\/jpeg","source_url":"https:\/\/medicina.udd.cl\/medicina-santiago\/files\/2015\/04\/Coordinaci\u00f3n-Atenci\u00f3n-Primaria-de-Salud2-150x150.jpg"},"medium":{"file":"Coordinaci\u00f3n-Atenci\u00f3n-Primaria-de-Salud2-300x300.jpg","width":300,"height":300,"mime_type":"image\/jpeg","source_url":"https:\/\/medicina.udd.cl\/medicina-santiago\/files\/2015\/04\/Coordinaci\u00f3n-Atenci\u00f3n-Primaria-de-Salud2-300x300.jpg"},"medium_large":{"file":"Coordinaci\u00f3n-Atenci\u00f3n-Primaria-de-Salud2-768x772.jpg","width":768,"height":772,"mime_type":"image\/jpeg","source_url":"https:\/\/medicina.udd.cl\/medicina-santiago\/files\/2015\/04\/Coordinaci\u00f3n-Atenci\u00f3n-Primaria-de-Salud2-768x772.jpg"},"newsletter_featured":{"file":"Coordinaci\u00f3n-Atenci\u00f3n-Primaria-de-Salud2-316x224.jpg","width":316,"height":224,"mime_type":"image\/jpeg","source_url":"https:\/\/medicina.udd.cl\/medicina-santiago\/files\/2015\/04\/Coordinaci\u00f3n-Atenci\u00f3n-Primaria-de-Salud2-316x224.jpg"},"newsletter_first":{"file":"Coordinaci\u00f3n-Atenci\u00f3n-Primaria-de-Salud2-286x205.jpg","width":286,"height":205,"mime_type":"image\/jpeg","source_url":"https:\/\/medicina.udd.cl\/medicina-santiago\/files\/2015\/04\/Coordinaci\u00f3n-Atenci\u00f3n-Primaria-de-Salud2-286x205.jpg"},"newsletter_thumb":{"file":"Coordinaci\u00f3n-Atenci\u00f3n-Primaria-de-Salud2-288x150.jpg","width":288,"height":150,"mime_type":"image\/jpeg","source_url":"https:\/\/medicina.udd.cl\/medicina-santiago\/files\/2015\/04\/Coordinaci\u00f3n-Atenci\u00f3n-Primaria-de-Salud2-288x150.jpg"},"newsletter_column":{"file":"Coordinaci\u00f3n-Atenci\u00f3n-Primaria-de-Salud2-182x140.jpg","width":182,"height":140,"mime_type":"image\/jpeg","source_url":"https:\/\/medicina.udd.cl\/medicina-santiago\/files\/2015\/04\/Coordinaci\u00f3n-Atenci\u00f3n-Primaria-de-Salud2-182x140.jpg"},"newsletter_square":{"file":"Coordinaci\u00f3n-Atenci\u00f3n-Primaria-de-Salud2-62x62.jpg","width":62,"height":62,"mime_type":"image\/jpeg","source_url":"https:\/\/medicina.udd.cl\/medicina-santiago\/files\/2015\/04\/Coordinaci\u00f3n-Atenci\u00f3n-Primaria-de-Salud2-62x62.jpg"},"newsletter_square_large":{"file":"Coordinaci\u00f3n-Atenci\u00f3n-Primaria-de-Salud2-87x62.jpg","width":87,"height":62,"mime_type":"image\/jpeg","source_url":"https:\/\/medicina.udd.cl\/medicina-santiago\/files\/2015\/04\/Coordinaci\u00f3n-Atenci\u00f3n-Primaria-de-Salud2-87x62.jpg"},"featured-home":{"file":"Coordinaci\u00f3n-Atenci\u00f3n-Primaria-de-Salud2-800x450.jpg","width":800,"height":450,"mime_type":"image\/jpeg","source_url":"https:\/\/medicina.udd.cl\/medicina-santiago\/files\/2015\/04\/Coordinaci\u00f3n-Atenci\u00f3n-Primaria-de-Salud2-800x450.jpg"},"featured-career":{"file":"Coordinaci\u00f3n-Atenci\u00f3n-Primaria-de-Salud2-660x430.jpg","width":660,"height":430,"mime_type":"image\/jpeg","source_url":"https:\/\/medicina.udd.cl\/medicina-santiago\/files\/2015\/04\/Coordinaci\u00f3n-Atenci\u00f3n-Primaria-de-Salud2-660x430.jpg"},"squared":{"file":"Coordinaci\u00f3n-Atenci\u00f3n-Primaria-de-Salud2-300x300.jpg","width":300,"height":300,"mime_type":"image\/jpeg","source_url":"https:\/\/medicina.udd.cl\/medicina-santiago\/files\/2015\/04\/Coordinaci\u00f3n-Atenci\u00f3n-Primaria-de-Salud2-300x300.jpg"},"stretch":{"file":"Coordinaci\u00f3n-Atenci\u00f3n-Primaria-de-Salud2-800x450.jpg","width":800,"height":450,"mime_type":"image\/jpeg","source_url":"https:\/\/medicina.udd.cl\/medicina-santiago\/files\/2015\/04\/Coordinaci\u00f3n-Atenci\u00f3n-Primaria-de-Salud2-800x450.jpg"},"portrait-medium":{"file":"Coordinaci\u00f3n-Atenci\u00f3n-Primaria-de-Salud2-220x260.jpg","width":220,"height":260,"mime_type":"image\/jpeg","source_url":"https:\/\/medicina.udd.cl\/medicina-santiago\/files\/2015\/04\/Coordinaci\u00f3n-Atenci\u00f3n-Primaria-de-Salud2-220x260.jpg"},"landscape-small":{"file":"Coordinaci\u00f3n-Atenci\u00f3n-Primaria-de-Salud2-125x80.jpg","width":125,"height":80,"mime_type":"image\/jpeg","source_url":"https:\/\/medicina.udd.cl\/medicina-santiago\/files\/2015\/04\/Coordinaci\u00f3n-Atenci\u00f3n-Primaria-de-Salud2-125x80.jpg"},"landscape-medium":{"file":"Coordinaci\u00f3n-Atenci\u00f3n-Primaria-de-Salud2-340x220.jpg","width":340,"height":220,"mime_type":"image\/jpeg","source_url":"https:\/\/medicina.udd.cl\/medicina-santiago\/files\/2015\/04\/Coordinaci\u00f3n-Atenci\u00f3n-Primaria-de-Salud2-340x220.jpg"},"landscape-large":{"file":"Coordinaci\u00f3n-Atenci\u00f3n-Primaria-de-Salud2-365x255.jpg","width":365,"height":255,"mime_type":"image\/jpeg","source_url":"https:\/\/medicina.udd.cl\/medicina-santiago\/files\/2015\/04\/Coordinaci\u00f3n-Atenci\u00f3n-Primaria-de-Salud2-365x255.jpg"},"landscape-xlarge":{"file":"Coordinaci\u00f3n-Atenci\u00f3n-Primaria-de-Salud2-660x430.jpg","width":660,"height":430,"mime_type":"image\/jpeg","source_url":"https:\/\/medicina.udd.cl\/medicina-santiago\/files\/2015\/04\/Coordinaci\u00f3n-Atenci\u00f3n-Primaria-de-Salud2-660x430.jpg"},"panoramic":{"file":"Coordinaci\u00f3n-Atenci\u00f3n-Primaria-de-Salud2-860x345.jpg","width":860,"height":345,"mime_type":"image\/jpeg","source_url":"https:\/\/medicina.udd.cl\/medicina-santiago\/files\/2015\/04\/Coordinaci\u00f3n-Atenci\u00f3n-Primaria-de-Salud2-860x345.jpg"},"stretch-large":{"file":"Coordinaci\u00f3n-Atenci\u00f3n-Primaria-de-Salud2-860x450.jpg","width":860,"height":450,"mime_type":"image\/jpeg","source_url":"https:\/\/medicina.udd.cl\/medicina-santiago\/files\/2015\/04\/Coordinaci\u00f3n-Atenci\u00f3n-Primaria-de-Salud2-860x450.jpg"},"custom_content":{"file":"Coordinaci\u00f3n-Atenci\u00f3n-Primaria-de-Salud2-126x126.jpg","width":126,"height":126,"mime_type":"image\/jpeg","source_url":"https:\/\/medicina.udd.cl\/medicina-santiago\/files\/2015\/04\/Coordinaci\u00f3n-Atenci\u00f3n-Primaria-de-Salud2-126x126.jpg"},"full":{"file":"Coordinaci\u00f3n-Atenci\u00f3n-Primaria-de-Salud2.jpg","width":860,"height":864,"mime_type":"image\/jpeg","source_url":"https:\/\/medicina.udd.cl\/medicina-santiago\/files\/2015\/04\/Coordinaci\u00f3n-Atenci\u00f3n-Primaria-de-Salud2.jpg"}},"image_meta":{"aperture":"0","credit":"","camera":"","caption":"","created_timestamp":"0","copyright":"","focal_length":"0","iso":"0","shutter_speed":"0","title":"","orientation":"0","keywords":[]}},"post":3168,"source_url":"https:\/\/medicina.udd.cl\/medicina-santiago\/files\/2015\/04\/Coordinaci\u00f3n-Atenci\u00f3n-Primaria-de-Salud2.jpg","_links":{"self":[{"href":"https:\/\/medicina.udd.cl\/medicina-santiago\/wp-json\/wp\/v2\/media\/3170","targetHints":{"allow":["GET"]}}],"collection":[{"href":"https:\/\/medicina.udd.cl\/medicina-santiago\/wp-json\/wp\/v2\/media"}],"about":[{"href":"https:\/\/medicina.udd.cl\/medicina-santiago\/wp-json\/wp\/v2\/types\/attachment"}],"author":[{"embeddable":true,"href":"https:\/\/medicina.udd.cl\/medicina-santiago\/wp-json\/wp\/v2\/users\/40"}],"replies":[{"embeddable":true,"href":"https:\/\/medicina.udd.cl\/medicina-santiago\/wp-json\/wp\/v2\/comments?post=3170"}],"wp:attached-to":[{"embeddable":true,"post_type":"person","id":3168,"href":"https:\/\/medicina.udd.cl\/medicina-santiago\/wp-json\/wp\/v2\/people\/3168"}],"curies":[{"name":"wp","href":"https:\/\/api.w.org\/{rel}","templated":true}]}}