{"id":11,"date":"2010-03-31T19:35:25","date_gmt":"2010-03-31T23:35:25","guid":{"rendered":"http:\/\/medicina.udd.cl\/medicina\/sobre-la-carrera\/nuestro-equipo\/"},"modified":"2025-04-03T10:37:11","modified_gmt":"2025-04-03T13:37:11","slug":"nuestros-docentes","status":"publish","type":"page","link":"https:\/\/medicina.udd.cl\/medicina-santiago\/nuestros-docentes\/","title":{"rendered":"Nuestro Equipo"},"content":{"rendered":"\n<p>Entre nuestros profesores se encuentran reconocidos cl\u00ednicos, con amplia experiencia docente:<\/p>\n\n\n<!-- WP Block: UDD - People -->\n<section class=\"wp-block-udd-people \">\n\t<div class=\"container\">\n\t\t\t\t<header class=\"block__header\">\n\t\t\t\t\t\t\t\n<h2 class=\"wp-block-heading\"><\/h2>\n\t\t\t\t\t\t\t\t<\/header>\n\t\t\t\t<div class=\"people-cards\">\n\t\t\t\t\t<div class=\"person-card\">\n\t<a href=\"https:\/\/medicina.udd.cl\/medicina-santiago\/persona\/marcela-castillo-2\/\"\n\t\tclass=\"person-card__inner js-person-modal\"\n\t\tdata-post-id=\"5696\"\n\t\tdata-postid=\"5696\"\n\t>\n\t\t\t<div class=\"person-card__media\">\n\t\t\t<img loading=\"lazy\" decoding=\"async\" width=\"500\" height=\"500\" src=\"https:\/\/medicina.udd.cl\/medicina-santiago\/files\/2018\/06\/dra-marcela-castillo-decana_web_byn-500x500.jpg\" class=\"person-card__image wp-post-image\" alt=\"\" srcset=\"https:\/\/medicina.udd.cl\/medicina-santiago\/files\/2018\/06\/dra-marcela-castillo-decana_web_byn-500x500.jpg 500w, https:\/\/medicina.udd.cl\/medicina-santiago\/files\/2018\/06\/dra-marcela-castillo-decana_web_byn-300x300.jpg 300w, https:\/\/medicina.udd.cl\/medicina-santiago\/files\/2018\/06\/dra-marcela-castillo-decana_web_byn-1024x1024.jpg 1024w, https:\/\/medicina.udd.cl\/medicina-santiago\/files\/2018\/06\/dra-marcela-castillo-decana_web_byn-150x150.jpg 150w, https:\/\/medicina.udd.cl\/medicina-santiago\/files\/2018\/06\/dra-marcela-castillo-decana_web_byn-768x769.jpg 768w, https:\/\/medicina.udd.cl\/medicina-santiago\/files\/2018\/06\/dra-marcela-castillo-decana_web_byn-62x62.jpg 62w, https:\/\/medicina.udd.cl\/medicina-santiago\/files\/2018\/06\/dra-marcela-castillo-decana_web_byn-750x750.jpg 750w, https:\/\/medicina.udd.cl\/medicina-santiago\/files\/2018\/06\/dra-marcela-castillo-decana_web_byn-250x250.jpg 250w, https:\/\/medicina.udd.cl\/medicina-santiago\/files\/2018\/06\/dra-marcela-castillo-decana_web_byn-126x126.jpg 126w, https:\/\/medicina.udd.cl\/medicina-santiago\/files\/2018\/06\/dra-marcela-castillo-decana_web_byn.jpg 1362w\" sizes=\"auto, (max-width: 500px) 100vw, 500px\" \/>\t\t<\/div>\n\t\t\t<div class=\"person-card__content\">\n\t\t\t<h3 class=\"person-card__name\">Marcela  Castillo<\/h3>\n\t\t\t\t\t<span class=\"person-card__description\">Decana Facultad de Medicina Cl\u00ednica Alemana Universidad del Desarrollo<\/span>\n\t\t\t\t\t<span class=\"person-card__cta\">Ver perfil<\/span>\n\t\t<\/div>\n\t<\/a>\n<\/div>\n\t\t\t\t\t<div class=\"person-card\">\n\t<a href=\"https:\/\/medicina.udd.cl\/medicina-santiago\/persona\/juan-pablo-barroso\/\"\n\t\tclass=\"person-card__inner js-person-modal\"\n\t\tdata-post-id=\"2888\"\n\t\tdata-postid=\"2888\"\n\t>\n\t\t\t<div class=\"person-card__media\">\n\t\t\t<img loading=\"lazy\" decoding=\"async\" width=\"500\" height=\"500\" src=\"https:\/\/medicina.udd.cl\/medicina-santiago\/files\/2014\/12\/med-dra-mariana-jadue-byn_-500x500.jpg\" class=\"person-card__image wp-post-image\" alt=\"\" srcset=\"https:\/\/medicina.udd.cl\/medicina-santiago\/files\/2014\/12\/med-dra-mariana-jadue-byn_-500x500.jpg 500w, https:\/\/medicina.udd.cl\/medicina-santiago\/files\/2014\/12\/med-dra-mariana-jadue-byn_-300x300.jpg 300w, https:\/\/medicina.udd.cl\/medicina-santiago\/files\/2014\/12\/med-dra-mariana-jadue-byn_-1024x1024.jpg 1024w, https:\/\/medicina.udd.cl\/medicina-santiago\/files\/2014\/12\/med-dra-mariana-jadue-byn_-150x150.jpg 150w, https:\/\/medicina.udd.cl\/medicina-santiago\/files\/2014\/12\/med-dra-mariana-jadue-byn_-768x768.jpg 768w, https:\/\/medicina.udd.cl\/medicina-santiago\/files\/2014\/12\/med-dra-mariana-jadue-byn_-62x62.jpg 62w, https:\/\/medicina.udd.cl\/medicina-santiago\/files\/2014\/12\/med-dra-mariana-jadue-byn_-1536x1536.jpg 1536w, https:\/\/medicina.udd.cl\/medicina-santiago\/files\/2014\/12\/med-dra-mariana-jadue-byn_-2048x2048.jpg 2048w, https:\/\/medicina.udd.cl\/medicina-santiago\/files\/2014\/12\/med-dra-mariana-jadue-byn_-750x750.jpg 750w, https:\/\/medicina.udd.cl\/medicina-santiago\/files\/2014\/12\/med-dra-mariana-jadue-byn_-250x250.jpg 250w, https:\/\/medicina.udd.cl\/medicina-santiago\/files\/2014\/12\/med-dra-mariana-jadue-byn_-126x126.jpg 126w\" sizes=\"auto, (max-width: 500px) 100vw, 500px\" \/>\t\t<\/div>\n\t\t\t<div class=\"person-card__content\">\n\t\t\t<h3 class=\"person-card__name\">Mariana  Jadue<\/h3>\n\t\t\t\t\t<span class=\"person-card__description\">Directora<\/span>\n\t\t\t\t\t<span class=\"person-card__cta\">Ver perfil<\/span>\n\t\t<\/div>\n\t<\/a>\n<\/div>\n\t\t\t\t\t<div class=\"person-card\">\n\t<a href=\"https:\/\/medicina.udd.cl\/medicina-santiago\/persona\/olivia-trucco\/\"\n\t\tclass=\"person-card__inner js-person-modal\"\n\t\tdata-post-id=\"1757\"\n\t\tdata-postid=\"1757\"\n\t>\n\t\t\t<div class=\"person-card__media\">\n\t\t\t<img loading=\"lazy\" decoding=\"async\" width=\"500\" height=\"500\" src=\"https:\/\/medicina.udd.cl\/medicina-santiago\/files\/2013\/08\/Olivia-Trucco.BYN_-500x500.jpg\" class=\"person-card__image wp-post-image\" alt=\"\" srcset=\"https:\/\/medicina.udd.cl\/medicina-santiago\/files\/2013\/08\/Olivia-Trucco.BYN_-500x500.jpg 500w, https:\/\/medicina.udd.cl\/medicina-santiago\/files\/2013\/08\/Olivia-Trucco.BYN_-150x150.jpg 150w, https:\/\/medicina.udd.cl\/medicina-santiago\/files\/2013\/08\/Olivia-Trucco.BYN_-62x62.jpg 62w, https:\/\/medicina.udd.cl\/medicina-santiago\/files\/2013\/08\/Olivia-Trucco.BYN_-750x750.jpg 750w, https:\/\/medicina.udd.cl\/medicina-santiago\/files\/2013\/08\/Olivia-Trucco.BYN_-250x250.jpg 250w, https:\/\/medicina.udd.cl\/medicina-santiago\/files\/2013\/08\/Olivia-Trucco.BYN_-126x126.jpg 126w\" sizes=\"auto, (max-width: 500px) 100vw, 500px\" \/>\t\t<\/div>\n\t\t\t<div class=\"person-card__content\">\n\t\t\t<h3 class=\"person-card__name\">Olivia Trucco<\/h3>\n\t\t\t\t\t<span class=\"person-card__description\">Coordinadora Acad\u00e9mica &#8211; Miembro consejo carrera<\/span>\n\t\t\t\t\t<span class=\"person-card__cta\">Ver perfil<\/span>\n\t\t<\/div>\n\t<\/a>\n<\/div>\n\t\t\t\t\t<div class=\"person-card\">\n\t<a href=\"https:\/\/medicina.udd.cl\/medicina-santiago\/persona\/juan-miguel-ilzauspe\/\"\n\t\tclass=\"person-card__inner js-person-modal\"\n\t\tdata-post-id=\"1763\"\n\t\tdata-postid=\"1763\"\n\t>\n\t\t\t<div class=\"person-card__media\">\n\t\t\t<img loading=\"lazy\" decoding=\"async\" width=\"500\" height=\"500\" src=\"https:\/\/medicina.udd.cl\/medicina-santiago\/files\/2013\/07\/Ilzauspe.BYN41-500x500.jpg\" class=\"person-card__image wp-post-image\" alt=\"\" srcset=\"https:\/\/medicina.udd.cl\/medicina-santiago\/files\/2013\/07\/Ilzauspe.BYN41-500x500.jpg 500w, https:\/\/medicina.udd.cl\/medicina-santiago\/files\/2013\/07\/Ilzauspe.BYN41-150x150.jpg 150w, https:\/\/medicina.udd.cl\/medicina-santiago\/files\/2013\/07\/Ilzauspe.BYN41-62x62.jpg 62w, https:\/\/medicina.udd.cl\/medicina-santiago\/files\/2013\/07\/Ilzauspe.BYN41-750x750.jpg 750w, https:\/\/medicina.udd.cl\/medicina-santiago\/files\/2013\/07\/Ilzauspe.BYN41-250x250.jpg 250w, https:\/\/medicina.udd.cl\/medicina-santiago\/files\/2013\/07\/Ilzauspe.BYN41-126x126.jpg 126w\" sizes=\"auto, (max-width: 500px) 100vw, 500px\" \/>\t\t<\/div>\n\t\t\t<div class=\"person-card__content\">\n\t\t\t<h3 class=\"person-card__name\">Juan Miguel Ilzauspe<\/h3>\n\t\t\t\t\t<span class=\"person-card__description\">Director docente de Medicina Interna &#8211; Miembro Consejo de carrera<\/span>\n\t\t\t\t\t<span class=\"person-card__cta\">Ver perfil<\/span>\n\t\t<\/div>\n\t<\/a>\n<\/div>\n\t\t\t\t\t<div class=\"person-card\">\n\t<a href=\"https:\/\/medicina.udd.cl\/medicina-santiago\/persona\/francis-palisson\/\"\n\t\tclass=\"person-card__inner js-person-modal\"\n\t\tdata-post-id=\"1761\"\n\t\tdata-postid=\"1761\"\n\t>\n\t\t\t<div class=\"person-card__media\">\n\t\t\t<img loading=\"lazy\" decoding=\"async\" width=\"500\" height=\"500\" src=\"https:\/\/medicina.udd.cl\/medicina-santiago\/files\/2013\/07\/IMG_0262-Ximena-Fajre.BYN2_-500x500.jpg\" class=\"person-card__image wp-post-image\" alt=\"\" srcset=\"https:\/\/medicina.udd.cl\/medicina-santiago\/files\/2013\/07\/IMG_0262-Ximena-Fajre.BYN2_-500x500.jpg 500w, https:\/\/medicina.udd.cl\/medicina-santiago\/files\/2013\/07\/IMG_0262-Ximena-Fajre.BYN2_-150x150.jpg 150w, https:\/\/medicina.udd.cl\/medicina-santiago\/files\/2013\/07\/IMG_0262-Ximena-Fajre.BYN2_-62x62.jpg 62w, https:\/\/medicina.udd.cl\/medicina-santiago\/files\/2013\/07\/IMG_0262-Ximena-Fajre.BYN2_-750x750.jpg 750w, https:\/\/medicina.udd.cl\/medicina-santiago\/files\/2013\/07\/IMG_0262-Ximena-Fajre.BYN2_-250x250.jpg 250w, https:\/\/medicina.udd.cl\/medicina-santiago\/files\/2013\/07\/IMG_0262-Ximena-Fajre.BYN2_-126x126.jpg 126w\" sizes=\"auto, (max-width: 500px) 100vw, 500px\" \/>\t\t<\/div>\n\t\t\t<div class=\"person-card__content\">\n\t\t\t<h3 class=\"person-card__name\">Ximena Fajre<\/h3>\n\t\t\t\t\t<span class=\"person-card__description\">Directora docente de Especialidades M\u00e9dicas<\/span>\n\t\t\t\t\t<span class=\"person-card__cta\">Ver perfil<\/span>\n\t\t<\/div>\n\t<\/a>\n<\/div>\n\t\t\t\t\t<div class=\"person-card\">\n\t<a href=\"https:\/\/medicina.udd.cl\/medicina-santiago\/persona\/claudia-lopez\/\"\n\t\tclass=\"person-card__inner js-person-modal\"\n\t\tdata-post-id=\"3168\"\n\t\tdata-postid=\"3168\"\n\t>\n\t\t\t<div class=\"person-card__media\">\n\t\t\t<img loading=\"lazy\" decoding=\"async\" width=\"500\" height=\"500\" src=\"https:\/\/medicina.udd.cl\/medicina-santiago\/files\/2015\/04\/ClaudiaLopez.BYN22-500x500.jpg\" class=\"person-card__image wp-post-image\" alt=\"\" srcset=\"https:\/\/medicina.udd.cl\/medicina-santiago\/files\/2015\/04\/ClaudiaLopez.BYN22-500x500.jpg 500w, https:\/\/medicina.udd.cl\/medicina-santiago\/files\/2015\/04\/ClaudiaLopez.BYN22-150x150.jpg 150w, https:\/\/medicina.udd.cl\/medicina-santiago\/files\/2015\/04\/ClaudiaLopez.BYN22-300x300.jpg 300w, https:\/\/medicina.udd.cl\/medicina-santiago\/files\/2015\/04\/ClaudiaLopez.BYN22-62x62.jpg 62w, https:\/\/medicina.udd.cl\/medicina-santiago\/files\/2015\/04\/ClaudiaLopez.BYN22-750x750.jpg 750w, https:\/\/medicina.udd.cl\/medicina-santiago\/files\/2015\/04\/ClaudiaLopez.BYN22-250x250.jpg 250w, https:\/\/medicina.udd.cl\/medicina-santiago\/files\/2015\/04\/ClaudiaLopez.BYN22-126x126.jpg 126w\" sizes=\"auto, (max-width: 500px) 100vw, 500px\" \/>\t\t<\/div>\n\t\t\t<div class=\"person-card__content\">\n\t\t\t<h3 class=\"person-card__name\">Claudia L\u00f3pez<\/h3>\n\t\t\t\t\t<span class=\"person-card__description\">Directora de Atenci\u00f3n Primaria de Salud<\/span>\n\t\t\t\t\t<span class=\"person-card__cta\">Ver perfil<\/span>\n\t\t<\/div>\n\t<\/a>\n<\/div>\n\t\t\t\t\t<div class=\"person-card\">\n\t<a href=\"https:\/\/medicina.udd.cl\/medicina-santiago\/persona\/paula-martens\/\"\n\t\tclass=\"person-card__inner js-person-modal\"\n\t\tdata-post-id=\"3166\"\n\t\tdata-postid=\"3166\"\n\t>\n\t\t\t<div class=\"person-card__media\">\n\t\t\t<img loading=\"lazy\" decoding=\"async\" width=\"500\" height=\"500\" src=\"https:\/\/medicina.udd.cl\/medicina-santiago\/files\/2015\/04\/Dra.-Paula-Martens.BYN_-500x500.jpg\" class=\"person-card__image wp-post-image\" alt=\"\" srcset=\"https:\/\/medicina.udd.cl\/medicina-santiago\/files\/2015\/04\/Dra.-Paula-Martens.BYN_-500x500.jpg 500w, https:\/\/medicina.udd.cl\/medicina-santiago\/files\/2015\/04\/Dra.-Paula-Martens.BYN_-150x150.jpg 150w, https:\/\/medicina.udd.cl\/medicina-santiago\/files\/2015\/04\/Dra.-Paula-Martens.BYN_-62x62.jpg 62w, https:\/\/medicina.udd.cl\/medicina-santiago\/files\/2015\/04\/Dra.-Paula-Martens.BYN_-750x750.jpg 750w, https:\/\/medicina.udd.cl\/medicina-santiago\/files\/2015\/04\/Dra.-Paula-Martens.BYN_-250x250.jpg 250w, https:\/\/medicina.udd.cl\/medicina-santiago\/files\/2015\/04\/Dra.-Paula-Martens.BYN_-126x126.jpg 126w\" sizes=\"auto, (max-width: 500px) 100vw, 500px\" \/>\t\t<\/div>\n\t\t\t<div class=\"person-card__content\">\n\t\t\t<h3 class=\"person-card__name\">Paula Martens<\/h3>\n\t\t\t\t\t<span class=\"person-card__description\">Directora de Atenci\u00f3n Primaria de Salud<\/span>\n\t\t\t\t\t<span class=\"person-card__cta\">Ver perfil<\/span>\n\t\t<\/div>\n\t<\/a>\n<\/div>\n\t\t\t\t\t<div class=\"person-card\">\n\t<a href=\"https:\/\/medicina.udd.cl\/medicina-santiago\/persona\/fernando-troncoso\/\"\n\t\tclass=\"person-card__inner js-person-modal\"\n\t\tdata-post-id=\"2872\"\n\t\tdata-postid=\"2872\"\n\t>\n\t\t\t<div class=\"person-card__media\">\n\t\t\t<img loading=\"lazy\" decoding=\"async\" width=\"500\" height=\"500\" src=\"https:\/\/medicina.udd.cl\/medicina-santiago\/files\/2014\/12\/Fernando-Trncoso.byn_-500x500.jpg\" class=\"person-card__image wp-post-image\" alt=\"\" srcset=\"https:\/\/medicina.udd.cl\/medicina-santiago\/files\/2014\/12\/Fernando-Trncoso.byn_-500x500.jpg 500w, https:\/\/medicina.udd.cl\/medicina-santiago\/files\/2014\/12\/Fernando-Trncoso.byn_-150x150.jpg 150w, https:\/\/medicina.udd.cl\/medicina-santiago\/files\/2014\/12\/Fernando-Trncoso.byn_-62x62.jpg 62w, https:\/\/medicina.udd.cl\/medicina-santiago\/files\/2014\/12\/Fernando-Trncoso.byn_-750x750.jpg 750w, https:\/\/medicina.udd.cl\/medicina-santiago\/files\/2014\/12\/Fernando-Trncoso.byn_-250x250.jpg 250w, https:\/\/medicina.udd.cl\/medicina-santiago\/files\/2014\/12\/Fernando-Trncoso.byn_-126x126.jpg 126w\" sizes=\"auto, (max-width: 500px) 100vw, 500px\" \/>\t\t<\/div>\n\t\t\t<div class=\"person-card__content\">\n\t\t\t<h3 class=\"person-card__name\">Fernando Troncoso<\/h3>\n\t\t\t\t\t<span class=\"person-card__description\">Director docente de Ginecolog\u00eda y Obstetricia<\/span>\n\t\t\t\t\t<span class=\"person-card__cta\">Ver perfil<\/span>\n\t\t<\/div>\n\t<\/a>\n<\/div>\n\t\t\t\t\t<div class=\"person-card\">\n\t<a href=\"https:\/\/medicina.udd.cl\/medicina-santiago\/persona\/astrid-valenzuela\/\"\n\t\tclass=\"person-card__inner js-person-modal\"\n\t\tdata-post-id=\"1885\"\n\t\tdata-postid=\"1885\"\n\t>\n\t\t\t<div class=\"person-card__media\">\n\t\t\t<img loading=\"lazy\" decoding=\"async\" width=\"500\" height=\"500\" src=\"https:\/\/medicina.udd.cl\/medicina-santiago\/files\/2013\/08\/92.-Astrid-Valenzuela.BYN_-500x500.jpg\" class=\"person-card__image wp-post-image\" alt=\"\" srcset=\"https:\/\/medicina.udd.cl\/medicina-santiago\/files\/2013\/08\/92.-Astrid-Valenzuela.BYN_-500x500.jpg 500w, https:\/\/medicina.udd.cl\/medicina-santiago\/files\/2013\/08\/92.-Astrid-Valenzuela.BYN_-150x150.jpg 150w, https:\/\/medicina.udd.cl\/medicina-santiago\/files\/2013\/08\/92.-Astrid-Valenzuela.BYN_-62x62.jpg 62w, https:\/\/medicina.udd.cl\/medicina-santiago\/files\/2013\/08\/92.-Astrid-Valenzuela.BYN_-750x750.jpg 750w, https:\/\/medicina.udd.cl\/medicina-santiago\/files\/2013\/08\/92.-Astrid-Valenzuela.BYN_-250x250.jpg 250w, https:\/\/medicina.udd.cl\/medicina-santiago\/files\/2013\/08\/92.-Astrid-Valenzuela.BYN_-126x126.jpg 126w\" sizes=\"auto, (max-width: 500px) 100vw, 500px\" \/>\t\t<\/div>\n\t\t\t<div class=\"person-card__content\">\n\t\t\t<h3 class=\"person-card__name\">Astrid Valenzuela<\/h3>\n\t\t\t\t\t<span class=\"person-card__description\">Directora docente de Pediatr\u00eda<\/span>\n\t\t\t\t\t<span class=\"person-card__cta\">Ver perfil<\/span>\n\t\t<\/div>\n\t<\/a>\n<\/div>\n\t\t\t\t\t<div class=\"person-card\">\n\t<a href=\"https:\/\/medicina.udd.cl\/medicina-santiago\/persona\/cristian-labarca\/\"\n\t\tclass=\"person-card__inner js-person-modal\"\n\t\tdata-post-id=\"6529\"\n\t\tdata-postid=\"6529\"\n\t>\n\t\t\t<div class=\"person-card__media\">\n\t\t\t<img loading=\"lazy\" decoding=\"async\" width=\"500\" height=\"500\" src=\"https:\/\/medicina.udd.cl\/medicina-santiago\/files\/2019\/12\/Cristi\u00e1n-Labarca-byn-500x500.jpg\" class=\"person-card__image wp-post-image\" alt=\"\" srcset=\"https:\/\/medicina.udd.cl\/medicina-santiago\/files\/2019\/12\/Cristi\u00e1n-Labarca-byn-500x500.jpg 500w, https:\/\/medicina.udd.cl\/medicina-santiago\/files\/2019\/12\/Cristi\u00e1n-Labarca-byn-150x150.jpg 150w, https:\/\/medicina.udd.cl\/medicina-santiago\/files\/2019\/12\/Cristi\u00e1n-Labarca-byn-62x62.jpg 62w, https:\/\/medicina.udd.cl\/medicina-santiago\/files\/2019\/12\/Cristi\u00e1n-Labarca-byn-750x750.jpg 750w, https:\/\/medicina.udd.cl\/medicina-santiago\/files\/2019\/12\/Cristi\u00e1n-Labarca-byn-250x250.jpg 250w, https:\/\/medicina.udd.cl\/medicina-santiago\/files\/2019\/12\/Cristi\u00e1n-Labarca-byn-126x126.jpg 126w\" sizes=\"auto, (max-width: 500px) 100vw, 500px\" \/>\t\t<\/div>\n\t\t\t<div class=\"person-card__content\">\n\t\t\t<h3 class=\"person-card__name\">Cristi\u00e1n Labarca<\/h3>\n\t\t\t\t\t<span class=\"person-card__description\">Coordinador de Integrado M\u00e9dico Quir\u00fargico II &#8211; Miembro Consejo de carrera<\/span>\n\t\t\t\t\t<span class=\"person-card__cta\">Ver perfil<\/span>\n\t\t<\/div>\n\t<\/a>\n<\/div>\n\t\t\t\t\t<div class=\"person-card\">\n\t<a href=\"https:\/\/medicina.udd.cl\/medicina-santiago\/persona\/arnold-hoppe\/\"\n\t\tclass=\"person-card__inner js-person-modal\"\n\t\tdata-post-id=\"2893\"\n\t\tdata-postid=\"2893\"\n\t>\n\t\t\t<div class=\"person-card__media\">\n\t\t\t<img loading=\"lazy\" decoding=\"async\" width=\"500\" height=\"500\" src=\"https:\/\/medicina.udd.cl\/medicina-santiago\/files\/2014\/12\/60.-Dr-Hoppe.byn_-500x500.jpg\" class=\"person-card__image wp-post-image\" alt=\"\" srcset=\"https:\/\/medicina.udd.cl\/medicina-santiago\/files\/2014\/12\/60.-Dr-Hoppe.byn_-500x500.jpg 500w, https:\/\/medicina.udd.cl\/medicina-santiago\/files\/2014\/12\/60.-Dr-Hoppe.byn_-150x150.jpg 150w, https:\/\/medicina.udd.cl\/medicina-santiago\/files\/2014\/12\/60.-Dr-Hoppe.byn_-62x62.jpg 62w, https:\/\/medicina.udd.cl\/medicina-santiago\/files\/2014\/12\/60.-Dr-Hoppe.byn_-750x750.jpg 750w, https:\/\/medicina.udd.cl\/medicina-santiago\/files\/2014\/12\/60.-Dr-Hoppe.byn_-250x250.jpg 250w, https:\/\/medicina.udd.cl\/medicina-santiago\/files\/2014\/12\/60.-Dr-Hoppe.byn_-126x126.jpg 126w\" sizes=\"auto, (max-width: 500px) 100vw, 500px\" \/>\t\t<\/div>\n\t\t\t<div class=\"person-card__content\">\n\t\t\t<h3 class=\"person-card__name\">Arnold Hoppe<\/h3>\n\t\t\t\t\t<span class=\"person-card__description\">Profesor a cargo Neurolog\u00eda<\/span>\n\t\t\t\t\t<span class=\"person-card__cta\">Ver perfil<\/span>\n\t\t<\/div>\n\t<\/a>\n<\/div>\n\t\t\t\t\t<div class=\"person-card\">\n\t<a href=\"https:\/\/medicina.udd.cl\/medicina-santiago\/persona\/daniella-cayazzo\/\"\n\t\tclass=\"person-card__inner js-person-modal\"\n\t\tdata-post-id=\"6557\"\n\t\tdata-postid=\"6557\"\n\t>\n\t\t\t<div class=\"person-card__media\">\n\t\t\t<img loading=\"lazy\" decoding=\"async\" width=\"500\" height=\"500\" src=\"https:\/\/medicina.udd.cl\/medicina-santiago\/files\/2020\/01\/Daniella-Cayazzo.byn_-500x500.jpg\" class=\"person-card__image wp-post-image\" alt=\"\" srcset=\"https:\/\/medicina.udd.cl\/medicina-santiago\/files\/2020\/01\/Daniella-Cayazzo.byn_-500x500.jpg 500w, https:\/\/medicina.udd.cl\/medicina-santiago\/files\/2020\/01\/Daniella-Cayazzo.byn_-150x150.jpg 150w, https:\/\/medicina.udd.cl\/medicina-santiago\/files\/2020\/01\/Daniella-Cayazzo.byn_-62x62.jpg 62w, https:\/\/medicina.udd.cl\/medicina-santiago\/files\/2020\/01\/Daniella-Cayazzo.byn_-750x750.jpg 750w, https:\/\/medicina.udd.cl\/medicina-santiago\/files\/2020\/01\/Daniella-Cayazzo.byn_-250x250.jpg 250w, https:\/\/medicina.udd.cl\/medicina-santiago\/files\/2020\/01\/Daniella-Cayazzo.byn_-126x126.jpg 126w\" sizes=\"auto, (max-width: 500px) 100vw, 500px\" \/>\t\t<\/div>\n\t\t\t<div class=\"person-card__content\">\n\t\t\t<h3 class=\"person-card__name\">Daniella Cayazzo<\/h3>\n\t\t\t\t\t<span class=\"person-card__description\">Coordinadora Internado Ginecolog\u00eda y Obstetricia &#8211; Miembro Consejo de carrera<\/span>\n\t\t\t\t\t<span class=\"person-card__cta\">Ver perfil<\/span>\n\t\t<\/div>\n\t<\/a>\n<\/div>\n\t\t\t\t\t<div class=\"person-card\">\n\t<a href=\"https:\/\/medicina.udd.cl\/medicina-santiago\/persona\/juan-pablo-barroso-2\/\"\n\t\tclass=\"person-card__inner js-person-modal\"\n\t\tdata-post-id=\"6526\"\n\t\tdata-postid=\"6526\"\n\t>\n\t\t\t<div class=\"person-card__media\">\n\t\t\t<img loading=\"lazy\" decoding=\"async\" width=\"500\" height=\"500\" src=\"https:\/\/medicina.udd.cl\/medicina-santiago\/files\/2019\/12\/Barroso.byn_-500x500.jpg\" class=\"person-card__image wp-post-image\" alt=\"\" srcset=\"https:\/\/medicina.udd.cl\/medicina-santiago\/files\/2019\/12\/Barroso.byn_-500x500.jpg 500w, https:\/\/medicina.udd.cl\/medicina-santiago\/files\/2019\/12\/Barroso.byn_-150x150.jpg 150w, https:\/\/medicina.udd.cl\/medicina-santiago\/files\/2019\/12\/Barroso.byn_-62x62.jpg 62w, https:\/\/medicina.udd.cl\/medicina-santiago\/files\/2019\/12\/Barroso.byn_-750x750.jpg 750w, https:\/\/medicina.udd.cl\/medicina-santiago\/files\/2019\/12\/Barroso.byn_-250x250.jpg 250w, https:\/\/medicina.udd.cl\/medicina-santiago\/files\/2019\/12\/Barroso.byn_-126x126.jpg 126w\" sizes=\"auto, (max-width: 500px) 100vw, 500px\" \/>\t\t<\/div>\n\t\t\t<div class=\"person-card__content\">\n\t\t\t<h3 class=\"person-card__name\">Juan Pablo Barroso<\/h3>\n\t\t\t\t\t<span class=\"person-card__description\">Profesor a  cargo de Urolog\u00eda <\/span>\n\t\t\t\t\t<span class=\"person-card__cta\">Ver perfil<\/span>\n\t\t<\/div>\n\t<\/a>\n<\/div>\n\t\t\t\t\t<div class=\"person-card\">\n\t<a href=\"https:\/\/medicina.udd.cl\/medicina-santiago\/persona\/gabriela-repetto\/\"\n\t\tclass=\"person-card__inner js-person-modal\"\n\t\tdata-post-id=\"2895\"\n\t\tdata-postid=\"2895\"\n\t>\n\t\t\t<div class=\"person-card__media\">\n\t\t\t<img loading=\"lazy\" decoding=\"async\" width=\"500\" height=\"500\" src=\"https:\/\/medicina.udd.cl\/medicina-santiago\/files\/2014\/12\/73.-Gabriela-Repetto.byn_-500x500.jpg\" class=\"person-card__image wp-post-image\" alt=\"\" srcset=\"https:\/\/medicina.udd.cl\/medicina-santiago\/files\/2014\/12\/73.-Gabriela-Repetto.byn_-500x500.jpg 500w, https:\/\/medicina.udd.cl\/medicina-santiago\/files\/2014\/12\/73.-Gabriela-Repetto.byn_-150x150.jpg 150w, https:\/\/medicina.udd.cl\/medicina-santiago\/files\/2014\/12\/73.-Gabriela-Repetto.byn_-62x62.jpg 62w, https:\/\/medicina.udd.cl\/medicina-santiago\/files\/2014\/12\/73.-Gabriela-Repetto.byn_-750x750.jpg 750w, https:\/\/medicina.udd.cl\/medicina-santiago\/files\/2014\/12\/73.-Gabriela-Repetto.byn_-250x250.jpg 250w, https:\/\/medicina.udd.cl\/medicina-santiago\/files\/2014\/12\/73.-Gabriela-Repetto.byn_-126x126.jpg 126w\" sizes=\"auto, (max-width: 500px) 100vw, 500px\" \/>\t\t<\/div>\n\t\t\t<div class=\"person-card__content\">\n\t\t\t<h3 class=\"person-card__name\">Gabriela Repetto<\/h3>\n\t\t\t\t\t<span class=\"person-card__description\">Profesora a cargo Gen\u00e9tica Humana<\/span>\n\t\t\t\t\t<span class=\"person-card__cta\">Ver perfil<\/span>\n\t\t<\/div>\n\t<\/a>\n<\/div>\n\t\t\t\t\t<div class=\"person-card\">\n\t<a href=\"https:\/\/medicina.udd.cl\/medicina-santiago\/persona\/paola-campodonico\/\"\n\t\tclass=\"person-card__inner js-person-modal\"\n\t\tdata-post-id=\"2890\"\n\t\tdata-postid=\"2890\"\n\t>\n\t\t\t<div class=\"person-card__media\">\n\t\t\t<img loading=\"lazy\" decoding=\"async\" width=\"500\" height=\"500\" src=\"https:\/\/medicina.udd.cl\/medicina-santiago\/files\/2014\/12\/Paola-Campod\u00f3nico.byn_-500x500.jpg\" class=\"person-card__image wp-post-image\" alt=\"\" srcset=\"https:\/\/medicina.udd.cl\/medicina-santiago\/files\/2014\/12\/Paola-Campod\u00f3nico.byn_-500x500.jpg 500w, https:\/\/medicina.udd.cl\/medicina-santiago\/files\/2014\/12\/Paola-Campod\u00f3nico.byn_-150x150.jpg 150w, https:\/\/medicina.udd.cl\/medicina-santiago\/files\/2014\/12\/Paola-Campod\u00f3nico.byn_-62x62.jpg 62w, https:\/\/medicina.udd.cl\/medicina-santiago\/files\/2014\/12\/Paola-Campod\u00f3nico.byn_-750x750.jpg 750w, https:\/\/medicina.udd.cl\/medicina-santiago\/files\/2014\/12\/Paola-Campod\u00f3nico.byn_-250x250.jpg 250w, https:\/\/medicina.udd.cl\/medicina-santiago\/files\/2014\/12\/Paola-Campod\u00f3nico.byn_-126x126.jpg 126w\" sizes=\"auto, (max-width: 500px) 100vw, 500px\" \/>\t\t<\/div>\n\t\t\t<div class=\"person-card__content\">\n\t\t\t<h3 class=\"person-card__name\">Paola Campod\u00f3nico<\/h3>\n\t\t\t\t\t<span class=\"person-card__description\">Profesora a cargo de Qu\u00edmica General y Qu\u00edmica Org\u00e1nica<\/span>\n\t\t\t\t\t<span class=\"person-card__cta\">Ver perfil<\/span>\n\t\t<\/div>\n\t<\/a>\n<\/div>\n\t\t\t\t\t<div class=\"person-card\">\n\t<a href=\"https:\/\/medicina.udd.cl\/medicina-santiago\/persona\/marcelo-blacutt\/\"\n\t\tclass=\"person-card__inner js-person-modal\"\n\t\tdata-post-id=\"2870\"\n\t\tdata-postid=\"2870\"\n\t>\n\t\t\t<div class=\"person-card__media\">\n\t\t\t<img loading=\"lazy\" decoding=\"async\" width=\"500\" height=\"500\" src=\"https:\/\/medicina.udd.cl\/medicina-santiago\/files\/2014\/12\/41.-M-Blacutt.byn_-500x500.jpg\" class=\"person-card__image wp-post-image\" alt=\"\" srcset=\"https:\/\/medicina.udd.cl\/medicina-santiago\/files\/2014\/12\/41.-M-Blacutt.byn_-500x500.jpg 500w, https:\/\/medicina.udd.cl\/medicina-santiago\/files\/2014\/12\/41.-M-Blacutt.byn_-150x150.jpg 150w, https:\/\/medicina.udd.cl\/medicina-santiago\/files\/2014\/12\/41.-M-Blacutt.byn_-62x62.jpg 62w, https:\/\/medicina.udd.cl\/medicina-santiago\/files\/2014\/12\/41.-M-Blacutt.byn_-750x750.jpg 750w, https:\/\/medicina.udd.cl\/medicina-santiago\/files\/2014\/12\/41.-M-Blacutt.byn_-250x250.jpg 250w, https:\/\/medicina.udd.cl\/medicina-santiago\/files\/2014\/12\/41.-M-Blacutt.byn_-126x126.jpg 126w\" sizes=\"auto, (max-width: 500px) 100vw, 500px\" \/>\t\t<\/div>\n\t\t\t<div class=\"person-card__content\">\n\t\t\t<h3 class=\"person-card__name\">Marcelo Blacutt<\/h3>\n\t\t\t\t\t<span class=\"person-card__description\">Profesor a cargo Integrado Cl\u00ednicas M\u00e9dico Quir\u00fargico I<\/span>\n\t\t\t\t\t<span class=\"person-card__cta\">Ver perfil<\/span>\n\t\t<\/div>\n\t<\/a>\n<\/div>\n\t\t\t\t\t<div class=\"person-card\">\n\t<a href=\"https:\/\/medicina.udd.cl\/medicina-santiago\/persona\/pablo-reyes\/\"\n\t\tclass=\"person-card__inner js-person-modal\"\n\t\tdata-post-id=\"6503\"\n\t\tdata-postid=\"6503\"\n\t>\n\t\t\t<div class=\"person-card__media\">\n\t\t\t<img loading=\"lazy\" decoding=\"async\" width=\"308\" height=\"328\" src=\"https:\/\/medicina.udd.cl\/medicina-santiago\/files\/2019\/12\/Pablo-Reyes.byn22.jpg\" class=\"person-card__image wp-post-image\" alt=\"\" srcset=\"https:\/\/medicina.udd.cl\/medicina-santiago\/files\/2019\/12\/Pablo-Reyes.byn22.jpg 308w, https:\/\/medicina.udd.cl\/medicina-santiago\/files\/2019\/12\/Pablo-Reyes.byn22-282x300.jpg 282w\" sizes=\"auto, (max-width: 308px) 100vw, 308px\" \/>\t\t<\/div>\n\t\t\t<div class=\"person-card__content\">\n\t\t\t<h3 class=\"person-card__name\">Pablo Reyes<\/h3>\n\t\t\t\t\t<span class=\"person-card__description\">Profesor de Fisiolog\u00eda &#8211; Miembro Consejo de carrera<\/span>\n\t\t\t\t\t<span class=\"person-card__cta\">Ver perfil<\/span>\n\t\t<\/div>\n\t<\/a>\n<\/div>\n\t\t\t\t\t<div class=\"person-card\">\n\t<a href=\"https:\/\/medicina.udd.cl\/medicina-santiago\/persona\/marcela-assef\/\"\n\t\tclass=\"person-card__inner js-person-modal\"\n\t\tdata-post-id=\"8061\"\n\t\tdata-postid=\"8061\"\n\t>\n\t\t\t<div class=\"person-card__media\">\n\t\t\t<img loading=\"lazy\" decoding=\"async\" width=\"500\" height=\"500\" src=\"https:\/\/medicina.udd.cl\/medicina-santiago\/files\/2022\/05\/Marcela-Assef-3-500x500-BN.jpg\" class=\"person-card__image wp-post-image\" alt=\"\" srcset=\"https:\/\/medicina.udd.cl\/medicina-santiago\/files\/2022\/05\/Marcela-Assef-3-500x500-BN.jpg 500w, https:\/\/medicina.udd.cl\/medicina-santiago\/files\/2022\/05\/Marcela-Assef-3-500x500-BN-300x300.jpg 300w, https:\/\/medicina.udd.cl\/medicina-santiago\/files\/2022\/05\/Marcela-Assef-3-500x500-BN-150x150.jpg 150w, https:\/\/medicina.udd.cl\/medicina-santiago\/files\/2022\/05\/Marcela-Assef-3-500x500-BN-62x62.jpg 62w, https:\/\/medicina.udd.cl\/medicina-santiago\/files\/2022\/05\/Marcela-Assef-3-500x500-BN-250x250.jpg 250w, https:\/\/medicina.udd.cl\/medicina-santiago\/files\/2022\/05\/Marcela-Assef-3-500x500-BN-126x126.jpg 126w\" sizes=\"auto, (max-width: 500px) 100vw, 500px\" \/>\t\t<\/div>\n\t\t\t<div class=\"person-card__content\">\n\t\t\t<h3 class=\"person-card__name\">Marcela  Assef<\/h3>\n\t\t\t\t\t<span class=\"person-card__description\">Encargada de Evaluaci\u00f3n CDE &#8211; Miembro Consejo de carrera<\/span>\n\t\t\t\t\t<span class=\"person-card__cta\">Ver perfil<\/span>\n\t\t<\/div>\n\t<\/a>\n<\/div>\n\t\t\t\t<\/div>\n\t<\/div>\n<\/section>\n\n\n<!-- WP Block: UDD - People -->\n<section class=\"wp-block-udd-people \">\n\t<div class=\"container\">\n\t\t\t\t<header class=\"block__header\">\n\t\t\t\t\t\t\t\n<h2 class=\"wp-block-heading\"><\/h2>\n\t\t\t\t\t\t\t\t<\/header>\n\t\t\t\t<div class=\"people-cards\">\n\t\t\t\t\t<div class=\"person-card\">\n\t<a href=\"https:\/\/medicina.udd.cl\/medicina-santiago\/persona\/luis-thompson\/\"\n\t\tclass=\"person-card__inner js-person-modal\"\n\t\tdata-post-id=\"6493\"\n\t\tdata-postid=\"6493\"\n\t>\n\t\t\t<div class=\"person-card__media\">\n\t\t\t<img loading=\"lazy\" decoding=\"async\" width=\"500\" height=\"500\" src=\"https:\/\/medicina.udd.cl\/medicina-santiago\/files\/2019\/12\/Luis-Thompson.byn_-500x500.jpg\" class=\"person-card__image wp-post-image\" alt=\"\" srcset=\"https:\/\/medicina.udd.cl\/medicina-santiago\/files\/2019\/12\/Luis-Thompson.byn_-500x500.jpg 500w, https:\/\/medicina.udd.cl\/medicina-santiago\/files\/2019\/12\/Luis-Thompson.byn_-150x150.jpg 150w, https:\/\/medicina.udd.cl\/medicina-santiago\/files\/2019\/12\/Luis-Thompson.byn_-62x62.jpg 62w, https:\/\/medicina.udd.cl\/medicina-santiago\/files\/2019\/12\/Luis-Thompson.byn_-750x750.jpg 750w, https:\/\/medicina.udd.cl\/medicina-santiago\/files\/2019\/12\/Luis-Thompson.byn_-250x250.jpg 250w, https:\/\/medicina.udd.cl\/medicina-santiago\/files\/2019\/12\/Luis-Thompson.byn_-126x126.jpg 126w\" sizes=\"auto, (max-width: 500px) 100vw, 500px\" \/>\t\t<\/div>\n\t\t\t<div class=\"person-card__content\">\n\t\t\t<h3 class=\"person-card__name\">Luis  Thompson<\/h3>\n\t\t\t\t\t<span class=\"person-card__description\">Profesor a cargo Integrado Cl\u00ednicas M\u00e9dico Quir\u00fargicas II<\/span>\n\t\t\t\t\t<span class=\"person-card__cta\">Ver perfil<\/span>\n\t\t<\/div>\n\t<\/a>\n<\/div>\n\t\t\t\t\t<div class=\"person-card\">\n\t<a href=\"https:\/\/medicina.udd.cl\/medicina-santiago\/persona\/sofia-salas\/\"\n\t\tclass=\"person-card__inner js-person-modal\"\n\t\tdata-post-id=\"6500\"\n\t\tdata-postid=\"6500\"\n\t>\n\t\t\t<div class=\"person-card__media\">\n\t\t\t<img loading=\"lazy\" decoding=\"async\" width=\"350\" height=\"350\" src=\"https:\/\/medicina.udd.cl\/medicina-santiago\/files\/2019\/12\/Sof\u00eda-Salas.byn_.jpg\" class=\"person-card__image wp-post-image\" alt=\"\" srcset=\"https:\/\/medicina.udd.cl\/medicina-santiago\/files\/2019\/12\/Sof\u00eda-Salas.byn_.jpg 350w, https:\/\/medicina.udd.cl\/medicina-santiago\/files\/2019\/12\/Sof\u00eda-Salas.byn_-150x150.jpg 150w, https:\/\/medicina.udd.cl\/medicina-santiago\/files\/2019\/12\/Sof\u00eda-Salas.byn_-300x300.jpg 300w, https:\/\/medicina.udd.cl\/medicina-santiago\/files\/2019\/12\/Sof\u00eda-Salas.byn_-62x62.jpg 62w, https:\/\/medicina.udd.cl\/medicina-santiago\/files\/2019\/12\/Sof\u00eda-Salas.byn_-250x250.jpg 250w, https:\/\/medicina.udd.cl\/medicina-santiago\/files\/2019\/12\/Sof\u00eda-Salas.byn_-126x126.jpg 126w\" sizes=\"auto, (max-width: 350px) 100vw, 350px\" \/>\t\t<\/div>\n\t\t\t<div class=\"person-card__content\">\n\t\t\t<h3 class=\"person-card__name\">Sof\u00eda Salas<\/h3>\n\t\t\t\t\t<span class=\"person-card__description\">Profesora a cargo de Bio\u00e9tica Cl\u00ednica<\/span>\n\t\t\t\t\t<span class=\"person-card__cta\">Ver perfil<\/span>\n\t\t<\/div>\n\t<\/a>\n<\/div>\n\t\t\t\t\t<div class=\"person-card\">\n\t<a href=\"https:\/\/medicina.udd.cl\/medicina-santiago\/persona\/sebastian-saavedra\/\"\n\t\tclass=\"person-card__inner js-person-modal\"\n\t\tdata-post-id=\"6509\"\n\t\tdata-postid=\"6509\"\n\t>\n\t\t\t<div class=\"person-card__media\">\n\t\t\t<img loading=\"lazy\" decoding=\"async\" width=\"500\" height=\"500\" src=\"https:\/\/medicina.udd.cl\/medicina-santiago\/files\/2019\/12\/Sebasti\u00e1n-Saavedra.byn_-500x500.jpg\" class=\"person-card__image wp-post-image\" alt=\"\" srcset=\"https:\/\/medicina.udd.cl\/medicina-santiago\/files\/2019\/12\/Sebasti\u00e1n-Saavedra.byn_-500x500.jpg 500w, https:\/\/medicina.udd.cl\/medicina-santiago\/files\/2019\/12\/Sebasti\u00e1n-Saavedra.byn_-150x150.jpg 150w, https:\/\/medicina.udd.cl\/medicina-santiago\/files\/2019\/12\/Sebasti\u00e1n-Saavedra.byn_-62x62.jpg 62w, https:\/\/medicina.udd.cl\/medicina-santiago\/files\/2019\/12\/Sebasti\u00e1n-Saavedra.byn_-750x750.jpg 750w, https:\/\/medicina.udd.cl\/medicina-santiago\/files\/2019\/12\/Sebasti\u00e1n-Saavedra.byn_-250x250.jpg 250w, https:\/\/medicina.udd.cl\/medicina-santiago\/files\/2019\/12\/Sebasti\u00e1n-Saavedra.byn_-126x126.jpg 126w\" sizes=\"auto, (max-width: 500px) 100vw, 500px\" \/>\t\t<\/div>\n\t\t\t<div class=\"person-card__content\">\n\t\t\t<h3 class=\"person-card__name\">Sebasti\u00e1n Saavedra<\/h3>\n\t\t\t\t\t<span class=\"person-card__description\">Coordinador internado Medicina Interna<\/span>\n\t\t\t\t\t<span class=\"person-card__cta\">Ver perfil<\/span>\n\t\t<\/div>\n\t<\/a>\n<\/div>\n\t\t\t\t\t<div class=\"person-card\">\n\t<a href=\"https:\/\/medicina.udd.cl\/medicina-santiago\/persona\/alex-vaisman-2\/\"\n\t\tclass=\"person-card__inner js-person-modal\"\n\t\tdata-post-id=\"6519\"\n\t\tdata-postid=\"6519\"\n\t>\n\t\t\t<div class=\"person-card__media\">\n\t\t\t<img loading=\"lazy\" decoding=\"async\" width=\"500\" height=\"500\" src=\"https:\/\/medicina.udd.cl\/medicina-santiago\/files\/2019\/12\/Alex-Vasiman.byn_-500x500.jpg\" class=\"person-card__image wp-post-image\" alt=\"\" srcset=\"https:\/\/medicina.udd.cl\/medicina-santiago\/files\/2019\/12\/Alex-Vasiman.byn_-500x500.jpg 500w, https:\/\/medicina.udd.cl\/medicina-santiago\/files\/2019\/12\/Alex-Vasiman.byn_-150x150.jpg 150w, https:\/\/medicina.udd.cl\/medicina-santiago\/files\/2019\/12\/Alex-Vasiman.byn_-62x62.jpg 62w, https:\/\/medicina.udd.cl\/medicina-santiago\/files\/2019\/12\/Alex-Vasiman.byn_-750x750.jpg 750w, https:\/\/medicina.udd.cl\/medicina-santiago\/files\/2019\/12\/Alex-Vasiman.byn_-250x250.jpg 250w, https:\/\/medicina.udd.cl\/medicina-santiago\/files\/2019\/12\/Alex-Vasiman.byn_-126x126.jpg 126w\" sizes=\"auto, (max-width: 500px) 100vw, 500px\" \/>\t\t<\/div>\n\t\t\t<div class=\"person-card__content\">\n\t\t\t<h3 class=\"person-card__name\">Alex Vaisman<\/h3>\n\t\t\t\t\t<span class=\"person-card__description\">Profesor a cargo de Traumatolog\u00eda<\/span>\n\t\t\t\t\t<span class=\"person-card__cta\">Ver perfil<\/span>\n\t\t<\/div>\n\t<\/a>\n<\/div>\n\t\t\t\t\t<div class=\"person-card\">\n\t<a href=\"https:\/\/medicina.udd.cl\/medicina-santiago\/persona\/paulette-conget\/\"\n\t\tclass=\"person-card__inner js-person-modal\"\n\t\tdata-post-id=\"2891\"\n\t\tdata-postid=\"2891\"\n\t>\n\t\t\t<div class=\"person-card__media\">\n\t\t\t<img loading=\"lazy\" decoding=\"async\" width=\"500\" height=\"500\" src=\"https:\/\/medicina.udd.cl\/medicina-santiago\/files\/2014\/12\/Paulette-Conget.byn_-500x500.jpg\" class=\"person-card__image wp-post-image\" alt=\"\" srcset=\"https:\/\/medicina.udd.cl\/medicina-santiago\/files\/2014\/12\/Paulette-Conget.byn_-500x500.jpg 500w, https:\/\/medicina.udd.cl\/medicina-santiago\/files\/2014\/12\/Paulette-Conget.byn_-150x150.jpg 150w, https:\/\/medicina.udd.cl\/medicina-santiago\/files\/2014\/12\/Paulette-Conget.byn_-62x62.jpg 62w, https:\/\/medicina.udd.cl\/medicina-santiago\/files\/2014\/12\/Paulette-Conget.byn_-750x750.jpg 750w, https:\/\/medicina.udd.cl\/medicina-santiago\/files\/2014\/12\/Paulette-Conget.byn_-250x250.jpg 250w, https:\/\/medicina.udd.cl\/medicina-santiago\/files\/2014\/12\/Paulette-Conget.byn_-126x126.jpg 126w\" sizes=\"auto, (max-width: 500px) 100vw, 500px\" \/>\t\t<\/div>\n\t\t\t<div class=\"person-card__content\">\n\t\t\t<h3 class=\"person-card__name\">Paulette Conget<\/h3>\n\t\t\t\t\t<span class=\"person-card__description\">Profesora a cargo Bioqu\u00edmica, Biolog\u00eda molecular e inmunolog\u00eda y Unidad de Investigaci\u00f3n<\/span>\n\t\t\t\t\t<span class=\"person-card__cta\">Ver perfil<\/span>\n\t\t<\/div>\n\t<\/a>\n<\/div>\n\t\t\t\t\t<div class=\"person-card\">\n\t<a href=\"https:\/\/medicina.udd.cl\/medicina-santiago\/persona\/rodrigo-latorre\/\"\n\t\tclass=\"person-card__inner js-person-modal\"\n\t\tdata-post-id=\"6562\"\n\t\tdata-postid=\"6562\"\n\t>\n\t\t\t<div class=\"person-card__media\">\n\t\t\t<img loading=\"lazy\" decoding=\"async\" width=\"500\" height=\"500\" src=\"https:\/\/medicina.udd.cl\/medicina-santiago\/files\/2020\/01\/Rodrigo-Latorre.byn_-500x500.jpg\" class=\"person-card__image wp-post-image\" alt=\"\" srcset=\"https:\/\/medicina.udd.cl\/medicina-santiago\/files\/2020\/01\/Rodrigo-Latorre.byn_-500x500.jpg 500w, https:\/\/medicina.udd.cl\/medicina-santiago\/files\/2020\/01\/Rodrigo-Latorre.byn_-150x150.jpg 150w, https:\/\/medicina.udd.cl\/medicina-santiago\/files\/2020\/01\/Rodrigo-Latorre.byn_-62x62.jpg 62w, https:\/\/medicina.udd.cl\/medicina-santiago\/files\/2020\/01\/Rodrigo-Latorre.byn_-750x750.jpg 750w, https:\/\/medicina.udd.cl\/medicina-santiago\/files\/2020\/01\/Rodrigo-Latorre.byn_-250x250.jpg 250w, https:\/\/medicina.udd.cl\/medicina-santiago\/files\/2020\/01\/Rodrigo-Latorre.byn_-126x126.jpg 126w\" sizes=\"auto, (max-width: 500px) 100vw, 500px\" \/>\t\t<\/div>\n\t\t\t<div class=\"person-card__content\">\n\t\t\t<h3 class=\"person-card__name\">Rodrigo Latorre<\/h3>\n\t\t\t\t\t<span class=\"person-card__description\">Profesor a  cargo de Ginecolog\u00eda y Obstetricia<\/span>\n\t\t\t\t\t<span class=\"person-card__cta\">Ver perfil<\/span>\n\t\t<\/div>\n\t<\/a>\n<\/div>\n\t\t\t\t\t<div class=\"person-card\">\n\t<a href=\"https:\/\/medicina.udd.cl\/medicina-santiago\/persona\/carla-benaglio\/\"\n\t\tclass=\"person-card__inner js-person-modal\"\n\t\tdata-post-id=\"7235\"\n\t\tdata-postid=\"7235\"\n\t>\n\t\t\t<div class=\"person-card__media\">\n\t\t\t<img loading=\"lazy\" decoding=\"async\" width=\"500\" height=\"500\" src=\"https:\/\/medicina.udd.cl\/medicina-santiago\/files\/2020\/11\/Carla-Benaglio.-byn-500x500.jpg\" class=\"person-card__image wp-post-image\" alt=\"\" srcset=\"https:\/\/medicina.udd.cl\/medicina-santiago\/files\/2020\/11\/Carla-Benaglio.-byn-500x500.jpg 500w, https:\/\/medicina.udd.cl\/medicina-santiago\/files\/2020\/11\/Carla-Benaglio.-byn-150x150.jpg 150w, https:\/\/medicina.udd.cl\/medicina-santiago\/files\/2020\/11\/Carla-Benaglio.-byn-62x62.jpg 62w, https:\/\/medicina.udd.cl\/medicina-santiago\/files\/2020\/11\/Carla-Benaglio.-byn-750x750.jpg 750w, https:\/\/medicina.udd.cl\/medicina-santiago\/files\/2020\/11\/Carla-Benaglio.-byn-250x250.jpg 250w, https:\/\/medicina.udd.cl\/medicina-santiago\/files\/2020\/11\/Carla-Benaglio.-byn-126x126.jpg 126w\" sizes=\"auto, (max-width: 500px) 100vw, 500px\" \/>\t\t<\/div>\n\t\t\t<div class=\"person-card__content\">\n\t\t\t<h3 class=\"person-card__name\">Carla Benaglio<\/h3>\n\t\t\t\t\t<span class=\"person-card__description\">Profesor a cargo de curso Cuidados del Paciente<\/span>\n\t\t\t\t\t<span class=\"person-card__cta\">Ver perfil<\/span>\n\t\t<\/div>\n\t<\/a>\n<\/div>\n\t\t\t\t\t<div class=\"person-card\">\n\t<a href=\"https:\/\/medicina.udd.cl\/medicina-santiago\/persona\/marcia-di-egidio\/\"\n\t\tclass=\"person-card__inner js-person-modal\"\n\t\tdata-post-id=\"7237\"\n\t\tdata-postid=\"7237\"\n\t>\n\t\t\t<div class=\"person-card__media\">\n\t\t\t<img loading=\"lazy\" decoding=\"async\" width=\"500\" height=\"500\" src=\"https:\/\/medicina.udd.cl\/medicina-santiago\/files\/2020\/11\/Dra-Di-Egidio-byn-500x500.jpeg\" class=\"person-card__image wp-post-image\" alt=\"\" srcset=\"https:\/\/medicina.udd.cl\/medicina-santiago\/files\/2020\/11\/Dra-Di-Egidio-byn-500x500.jpeg 500w, https:\/\/medicina.udd.cl\/medicina-santiago\/files\/2020\/11\/Dra-Di-Egidio-byn-150x150.jpeg 150w, https:\/\/medicina.udd.cl\/medicina-santiago\/files\/2020\/11\/Dra-Di-Egidio-byn-62x62.jpeg 62w, https:\/\/medicina.udd.cl\/medicina-santiago\/files\/2020\/11\/Dra-Di-Egidio-byn-250x250.jpeg 250w, https:\/\/medicina.udd.cl\/medicina-santiago\/files\/2020\/11\/Dra-Di-Egidio-byn-126x126.jpeg 126w\" sizes=\"auto, (max-width: 500px) 100vw, 500px\" \/>\t\t<\/div>\n\t\t\t<div class=\"person-card__content\">\n\t\t\t<h3 class=\"person-card__name\">Marcia Di Egidio<\/h3>\n\t\t\t\t\t<span class=\"person-card__description\">Coordinadora internado Pediatr\u00eda<\/span>\n\t\t\t\t\t<span class=\"person-card__cta\">Ver perfil<\/span>\n\t\t<\/div>\n\t<\/a>\n<\/div>\n\t\t\t\t\t<div class=\"person-card\">\n\t<a href=\"https:\/\/medicina.udd.cl\/medicina-santiago\/persona\/mario-zanolli\/\"\n\t\tclass=\"person-card__inner js-person-modal\"\n\t\tdata-post-id=\"7238\"\n\t\tdata-postid=\"7238\"\n\t>\n\t\t\t<div class=\"person-card__media\">\n\t\t\t<img loading=\"lazy\" decoding=\"async\" width=\"300\" height=\"348\" src=\"https:\/\/medicina.udd.cl\/medicina-santiago\/files\/2020\/11\/Mario-Zanolli-byn.jpg\" class=\"person-card__image wp-post-image\" alt=\"\" srcset=\"https:\/\/medicina.udd.cl\/medicina-santiago\/files\/2020\/11\/Mario-Zanolli-byn.jpg 300w, https:\/\/medicina.udd.cl\/medicina-santiago\/files\/2020\/11\/Mario-Zanolli-byn-259x300.jpg 259w\" sizes=\"auto, (max-width: 300px) 100vw, 300px\" \/>\t\t<\/div>\n\t\t\t<div class=\"person-card__content\">\n\t\t\t<h3 class=\"person-card__name\">Mario Zanolli<\/h3>\n\t\t\t\t\t<span class=\"person-card__description\">Profesor a cargo de Oftalmolog\u00eda<\/span>\n\t\t\t\t\t<span class=\"person-card__cta\">Ver perfil<\/span>\n\t\t<\/div>\n\t<\/a>\n<\/div>\n\t\t\t\t\t<div class=\"person-card\">\n\t<a href=\"https:\/\/medicina.udd.cl\/medicina-santiago\/persona\/victor-hugo-navia\/\"\n\t\tclass=\"person-card__inner js-person-modal\"\n\t\tdata-post-id=\"7250\"\n\t\tdata-postid=\"7250\"\n\t>\n\t\t\t<div class=\"person-card__media\">\n\t\t\t<img loading=\"lazy\" decoding=\"async\" width=\"500\" height=\"500\" src=\"https:\/\/medicina.udd.cl\/medicina-santiago\/files\/2020\/11\/V\u00edctor-Navia.byn_-500x500.jpg\" class=\"person-card__image wp-post-image\" alt=\"\" srcset=\"https:\/\/medicina.udd.cl\/medicina-santiago\/files\/2020\/11\/V\u00edctor-Navia.byn_-500x500.jpg 500w, https:\/\/medicina.udd.cl\/medicina-santiago\/files\/2020\/11\/V\u00edctor-Navia.byn_-150x150.jpg 150w, https:\/\/medicina.udd.cl\/medicina-santiago\/files\/2020\/11\/V\u00edctor-Navia.byn_-62x62.jpg 62w, https:\/\/medicina.udd.cl\/medicina-santiago\/files\/2020\/11\/V\u00edctor-Navia.byn_-750x750.jpg 750w, https:\/\/medicina.udd.cl\/medicina-santiago\/files\/2020\/11\/V\u00edctor-Navia.byn_-250x250.jpg 250w, https:\/\/medicina.udd.cl\/medicina-santiago\/files\/2020\/11\/V\u00edctor-Navia.byn_-126x126.jpg 126w\" sizes=\"auto, (max-width: 500px) 100vw, 500px\" \/>\t\t<\/div>\n\t\t\t<div class=\"person-card__content\">\n\t\t\t<h3 class=\"person-card__name\">V\u00edctor Hugo Navia<\/h3>\n\t\t\t\t\t<span class=\"person-card__description\">Tutor Internado Telemedicina<\/span>\n\t\t\t\t\t<span class=\"person-card__cta\">Ver perfil<\/span>\n\t\t<\/div>\n\t<\/a>\n<\/div>\n\t\t\t\t<\/div>\n\t<\/div>\n<\/section>\n","protected":false},"excerpt":{"rendered":"<p>Conoce al equipo de autoridades y profesores que dirigen la carrera de Medicina. <\/p>\n","protected":false},"author":1,"featured_media":0,"parent":0,"menu_order":30,"comment_status":"open","ping_status":"open","template":"","meta":{"footnotes":""},"class_list":["post-11","page","type-page","status-publish","hentry"],"yoast_head":"<!-- This site is optimized with the Yoast SEO plugin v26.9 - https:\/\/yoast.com\/product\/yoast-seo-wordpress\/ -->\n<title>Nuestro Equipo | Carrera de Medicina (Santiago) | Admisi\u00f3n 2025 UDD<\/title>\n<meta name=\"description\" content=\"Conoce a todos los docentes que te dictaran las clases y est\u00e1n a cargo de tu carrera de Medicina (Santiago) en la Universidad del Desarrollo.\" \/>\n<meta name=\"robots\" content=\"index, follow, max-snippet:-1, max-image-preview:large, max-video-preview:-1\" \/>\n<link rel=\"canonical\" href=\"https:\/\/medicina.udd.cl\/medicina-santiago\/nuestros-docentes\/\" \/>\n<meta property=\"og:locale\" content=\"es_ES\" \/>\n<meta property=\"og:type\" content=\"article\" \/>\n<meta property=\"og:title\" content=\"Nuestro Equipo | Carrera de Medicina (Santiago) | Admisi\u00f3n 2025 UDD\" \/>\n<meta property=\"og:description\" content=\"Conoce a todos los docentes que te dictaran las clases y est\u00e1n a cargo de tu carrera de Medicina (Santiago) en la Universidad del Desarrollo.\" \/>\n<meta property=\"og:url\" content=\"https:\/\/medicina.udd.cl\/medicina-santiago\/nuestros-docentes\/\" \/>\n<meta property=\"og:site_name\" content=\"Medicina\" \/>\n<meta property=\"article:modified_time\" content=\"2025-04-03T13:37:11+00:00\" \/>\n<meta name=\"twitter:label1\" content=\"Tiempo de lectura\" \/>\n\t<meta name=\"twitter:data1\" content=\"1 minuto\" \/>\n<script type=\"application\/ld+json\" class=\"yoast-schema-graph\">{\"@context\":\"https:\/\/schema.org\",\"@graph\":[{\"@type\":\"WebPage\",\"@id\":\"https:\/\/medicina.udd.cl\/medicina-santiago\/nuestros-docentes\/\",\"url\":\"https:\/\/medicina.udd.cl\/medicina-santiago\/nuestros-docentes\/\",\"name\":\"Nuestro Equipo | Carrera de Medicina (Santiago) | Admisi\u00f3n 2025 UDD\",\"isPartOf\":{\"@id\":\"https:\/\/medicina.udd.cl\/medicina-santiago\/#website\"},\"datePublished\":\"2010-03-31T23:35:25+00:00\",\"dateModified\":\"2025-04-03T13:37:11+00:00\",\"description\":\"Conoce a todos los docentes que te dictaran las clases y est\u00e1n a cargo de tu carrera de Medicina (Santiago) en la Universidad del Desarrollo.\",\"breadcrumb\":{\"@id\":\"https:\/\/medicina.udd.cl\/medicina-santiago\/nuestros-docentes\/#breadcrumb\"},\"inLanguage\":\"es\",\"potentialAction\":[{\"@type\":\"ReadAction\",\"target\":[\"https:\/\/medicina.udd.cl\/medicina-santiago\/nuestros-docentes\/\"]}]},{\"@type\":\"BreadcrumbList\",\"@id\":\"https:\/\/medicina.udd.cl\/medicina-santiago\/nuestros-docentes\/#breadcrumb\",\"itemListElement\":[{\"@type\":\"ListItem\",\"position\":1,\"name\":\"Home\",\"item\":\"https:\/\/medicina.udd.cl\/medicina-santiago\/\"},{\"@type\":\"ListItem\",\"position\":2,\"name\":\"Nuestro Equipo\"}]},{\"@type\":\"WebSite\",\"@id\":\"https:\/\/medicina.udd.cl\/medicina-santiago\/#website\",\"url\":\"https:\/\/medicina.udd.cl\/medicina-santiago\/\",\"name\":\"Medicina\",\"description\":\"Facultad de Medicina Cl\u00ednica Alemana Universidad del Desarrollo\",\"inLanguage\":\"es\"}]}<\/script>\n<!-- \/ Yoast SEO plugin. -->","yoast_head_json":{"title":"Nuestro Equipo | Carrera de Medicina (Santiago) | Admisi\u00f3n 2025 UDD","description":"Conoce a todos los docentes que te dictaran las clases y est\u00e1n a cargo de tu carrera de Medicina (Santiago) en la Universidad del Desarrollo.","robots":{"index":"index","follow":"follow","max-snippet":"max-snippet:-1","max-image-preview":"max-image-preview:large","max-video-preview":"max-video-preview:-1"},"canonical":"https:\/\/medicina.udd.cl\/medicina-santiago\/nuestros-docentes\/","og_locale":"es_ES","og_type":"article","og_title":"Nuestro Equipo | Carrera de Medicina (Santiago) | Admisi\u00f3n 2025 UDD","og_description":"Conoce a todos los docentes que te dictaran las clases y est\u00e1n a cargo de tu carrera de Medicina (Santiago) en la Universidad del Desarrollo.","og_url":"https:\/\/medicina.udd.cl\/medicina-santiago\/nuestros-docentes\/","og_site_name":"Medicina","article_modified_time":"2025-04-03T13:37:11+00:00","twitter_misc":{"Tiempo de lectura":"1 minuto"},"schema":{"@context":"https:\/\/schema.org","@graph":[{"@type":"WebPage","@id":"https:\/\/medicina.udd.cl\/medicina-santiago\/nuestros-docentes\/","url":"https:\/\/medicina.udd.cl\/medicina-santiago\/nuestros-docentes\/","name":"Nuestro Equipo | Carrera de Medicina (Santiago) | Admisi\u00f3n 2025 UDD","isPartOf":{"@id":"https:\/\/medicina.udd.cl\/medicina-santiago\/#website"},"datePublished":"2010-03-31T23:35:25+00:00","dateModified":"2025-04-03T13:37:11+00:00","description":"Conoce a todos los docentes que te dictaran las clases y est\u00e1n a cargo de tu carrera de Medicina (Santiago) en la Universidad del Desarrollo.","breadcrumb":{"@id":"https:\/\/medicina.udd.cl\/medicina-santiago\/nuestros-docentes\/#breadcrumb"},"inLanguage":"es","potentialAction":[{"@type":"ReadAction","target":["https:\/\/medicina.udd.cl\/medicina-santiago\/nuestros-docentes\/"]}]},{"@type":"BreadcrumbList","@id":"https:\/\/medicina.udd.cl\/medicina-santiago\/nuestros-docentes\/#breadcrumb","itemListElement":[{"@type":"ListItem","position":1,"name":"Home","item":"https:\/\/medicina.udd.cl\/medicina-santiago\/"},{"@type":"ListItem","position":2,"name":"Nuestro Equipo"}]},{"@type":"WebSite","@id":"https:\/\/medicina.udd.cl\/medicina-santiago\/#website","url":"https:\/\/medicina.udd.cl\/medicina-santiago\/","name":"Medicina","description":"Facultad de Medicina Cl\u00ednica Alemana Universidad del Desarrollo","inLanguage":"es"}]}},"_links":{"self":[{"href":"https:\/\/medicina.udd.cl\/medicina-santiago\/wp-json\/wp\/v2\/pages\/11","targetHints":{"allow":["GET"]}}],"collection":[{"href":"https:\/\/medicina.udd.cl\/medicina-santiago\/wp-json\/wp\/v2\/pages"}],"about":[{"href":"https:\/\/medicina.udd.cl\/medicina-santiago\/wp-json\/wp\/v2\/types\/page"}],"author":[{"embeddable":true,"href":"https:\/\/medicina.udd.cl\/medicina-santiago\/wp-json\/wp\/v2\/users\/1"}],"replies":[{"embeddable":true,"href":"https:\/\/medicina.udd.cl\/medicina-santiago\/wp-json\/wp\/v2\/comments?post=11"}],"version-history":[{"count":46,"href":"https:\/\/medicina.udd.cl\/medicina-santiago\/wp-json\/wp\/v2\/pages\/11\/revisions"}],"predecessor-version":[{"id":10396,"href":"https:\/\/medicina.udd.cl\/medicina-santiago\/wp-json\/wp\/v2\/pages\/11\/revisions\/10396"}],"wp:attachment":[{"href":"https:\/\/medicina.udd.cl\/medicina-santiago\/wp-json\/wp\/v2\/media?parent=11"}],"curies":[{"name":"wp","href":"https:\/\/api.w.org\/{rel}","templated":true}]}}