{"id":4903,"date":"2017-01-26T09:26:51","date_gmt":"2017-01-26T12:26:51","guid":{"rendered":"http:\/\/medicina.udd.cl\/medicina-santiago\/?page_id=4903"},"modified":"2017-01-26T13:40:13","modified_gmt":"2017-01-26T16:40:13","slug":"seleccionados-concurso-de-especialidades-primarias-2017","status":"publish","type":"page","link":"https:\/\/medicina.udd.cl\/medicina-santiago\/seleccionados-concurso-de-especialidades-primarias-2017\/","title":{"rendered":"Seleccionados Concurso de Especialidades Primarias 2017"},"content":{"rendered":"<p><img loading=\"lazy\" decoding=\"async\" class=\"aligncenter wp-image-4904 \" src=\"http:\/\/medicina.udd.cl\/medicina-santiago\/files\/2017\/01\/Facultad-de-Medicina-Clinica-Alemana-e1485433474780-300x148.jpg\" alt=\"Facultad de Medicina Clinica Alemana\" width=\"220\" height=\"109\" srcset=\"https:\/\/medicina.udd.cl\/medicina-santiago\/files\/2017\/01\/Facultad-de-Medicina-Clinica-Alemana-e1485433474780-300x148.jpg 300w, https:\/\/medicina.udd.cl\/medicina-santiago\/files\/2017\/01\/Facultad-de-Medicina-Clinica-Alemana-e1485433474780.jpg 469w\" sizes=\"auto, (max-width: 220px) 100vw, 220px\" \/><\/p>\n<p><strong><span style=\"color: #008080\">Cirug\u00eda Infantil<\/span><\/strong><\/p>\n<ul>\n<li>Stephanni Graf Guerra<\/li>\n<\/ul>\n<p><span style=\"color: #008080\"><strong>Cirug\u00eda General \u00a0 \u00a0 \u00a0 \u00a0<\/strong><\/span><\/p>\n<ul>\n<li>Harry Von Jentschyk Rojas<\/li>\n<li>Francisco Carriel Albarrac\u00edn<\/li>\n<li>Andr\u00e9s Mella Albornoz<\/li>\n<li>Galo C\u00e1rdenas Santacruz<\/li>\n<\/ul>\n<p><strong><span style=\"color: #008080\">Medicina Interna\u00a0 \u00a0<\/span><\/strong><\/p>\n<ul>\n<li>Francisca Araya Donoso<\/li>\n<li>Mart\u00edn Castillo Montt<\/li>\n<li>Sof\u00eda Leighton Swaneck<\/li>\n<li>Sim\u00f3n de La Maza Fontecilla<\/li>\n<li>Diego Bustos P\u00e9rez<\/li>\n<\/ul>\n<p><span style=\"color: #008080\"><strong>Medicina F\u00edsica y Rehabilitaci\u00f3n\u00a0 \u00a0 \u00a0<\/strong><\/span><\/p>\n<ul>\n<li>Cecilia Morales Donoso<\/li>\n<li>Estefan\u00eda Castro Mej\u00edas<\/li>\n<\/ul>\n<p><strong><span style=\"color: #008080\">Ginecolog\u00eda y Obstetricia\u00a0 \u00a0 \u00a0 \u00a0 \u00a0<\/span> <\/strong><\/p>\n<ul>\n<li>Macarena Jofr\u00e9 Arellano<\/li>\n<\/ul>\n<p><span style=\"color: #008080\"><strong>Neurolog\u00eda\u00a0 \u00a0 \u00a0 \u00a0 \u00a0 \u00a0 \u00a0\u00a0<\/strong><\/span><\/p>\n<ul>\n<li>Francisca Mendoza Aravena<\/li>\n<\/ul>\n<p><span style=\"color: #008080\"><strong>Pediatr\u00eda\u00a0 \u00a0 \u00a0 \u00a0<\/strong><\/span><\/p>\n<ul>\n<li>Pierina Cicali Torres<\/li>\n<li>Miren Celistia Carredano Caban\u00e9<\/li>\n<\/ul>\n<p><span style=\"color: #008080\"><strong>Radiolog\u00eda\u00a0<\/strong><\/span><\/p>\n<ul>\n<li>Maria Fernanda Tapia Concha<\/li>\n<li>Daniel Hasson Aguayo<\/li>\n<\/ul>\n<p><span style=\"color: #008080\"><strong>Traumatolog\u00eda\u00a0 \u00a0<\/strong><\/span><\/p>\n<ul>\n<li>Nazira Bernal Bader<\/li>\n<li>Mario L\u00f3pez Morales<\/li>\n<li>Rodrigo Donoso Mart\u00ednez<\/li>\n<\/ul>\n<p><span style=\"color: #008080\"><strong>Medicina de Urgencia Pedi\u00e1trica\u00a0<\/strong> <\/span><\/p>\n<ul>\n<li>Francisco Marino Espinoza<\/li>\n<li>Valentina Castelblanco Magnolfi<\/li>\n<li>Andrea Celed\u00f3n Abella<\/li>\n<\/ul>\n<p><span style=\"color: #008080\"><strong>Medicina de Urgencia\u00a0 \u00a0<\/strong> <\/span><\/p>\n<ul>\n<li>Marjorie Pinto Viaxa<\/li>\n<\/ul>\n<p><span style=\"color: #008080\"><strong>Anestesiolog\u00eda<\/strong><\/span><\/p>\n<ul>\n<li>Magdalena Estef\u00f3 Aroztegui<\/li>\n<li>Maria de los \u00c1ngeles G\u00e1lvez \u00c1lvarez<\/li>\n<li>Vanessa Tapia G\u00f3mez<\/li>\n<li>Mariana Rojas Viada<\/li>\n<li>Roberto Coloma D\u00edaz<\/li>\n<\/ul>\n<p style=\"text-align: justify\"><strong>* Dermatolog\u00eda est\u00e1 en proceso. Los resultados ser\u00e1n entregados el lunes 30 de enero a cada seleccionado.<\/strong><\/p>\n<p>&nbsp;<\/p>\n","protected":false},"excerpt":{"rendered":"<p>Cirug\u00eda Infantil Stephanni Graf Guerra Cirug\u00eda General \u00a0 \u00a0 \u00a0 \u00a0 Harry Von Jentschyk Rojas Francisco Carriel Albarrac\u00edn Andr\u00e9s Mella Albornoz Galo C\u00e1rdenas Santacruz Medicina Interna\u00a0 \u00a0 Francisca Araya Donoso Mart\u00edn Castillo Montt Sof\u00eda Leighton Swaneck Sim\u00f3n de La Maza Fontecilla Diego Bustos P\u00e9rez Medicina F\u00edsica y Rehabilitaci\u00f3n\u00a0 \u00a0 \u00a0 Cecilia Morales Donoso Estefan\u00eda Castro [&hellip;]<\/p>\n","protected":false},"author":9192192,"featured_media":0,"parent":0,"menu_order":0,"comment_status":"closed","ping_status":"closed","template":"","meta":{"footnotes":""},"class_list":["post-4903","page","type-page","status-publish","hentry"],"yoast_head":"<!-- This site is optimized with the Yoast SEO plugin v26.9 - https:\/\/yoast.com\/product\/yoast-seo-wordpress\/ -->\n<title>Seleccionados Concurso de Especialidades Primarias 2017 - Medicina<\/title>\n<meta name=\"robots\" content=\"index, follow, max-snippet:-1, max-image-preview:large, max-video-preview:-1\" \/>\n<link rel=\"canonical\" href=\"https:\/\/medicina.udd.cl\/medicina-santiago\/seleccionados-concurso-de-especialidades-primarias-2017\/\" \/>\n<meta property=\"og:locale\" content=\"es_ES\" \/>\n<meta property=\"og:type\" content=\"article\" \/>\n<meta property=\"og:title\" content=\"Seleccionados Concurso de Especialidades Primarias 2017 - Medicina\" \/>\n<meta property=\"og:description\" content=\"Cirug\u00eda Infantil Stephanni Graf Guerra Cirug\u00eda General \u00a0 \u00a0 \u00a0 \u00a0 Harry Von Jentschyk Rojas Francisco Carriel Albarrac\u00edn Andr\u00e9s Mella Albornoz Galo C\u00e1rdenas Santacruz Medicina Interna\u00a0 \u00a0 Francisca Araya Donoso Mart\u00edn Castillo Montt Sof\u00eda Leighton Swaneck Sim\u00f3n de La Maza Fontecilla Diego Bustos P\u00e9rez Medicina F\u00edsica y Rehabilitaci\u00f3n\u00a0 \u00a0 \u00a0 Cecilia Morales Donoso Estefan\u00eda Castro [&hellip;]\" \/>\n<meta property=\"og:url\" content=\"https:\/\/medicina.udd.cl\/medicina-santiago\/seleccionados-concurso-de-especialidades-primarias-2017\/\" \/>\n<meta property=\"og:site_name\" content=\"Medicina\" \/>\n<meta property=\"article:modified_time\" content=\"2017-01-26T16:40:13+00:00\" \/>\n<meta property=\"og:image\" content=\"http:\/\/medicina.udd.cl\/medicina-santiago\/files\/2017\/01\/Facultad-de-Medicina-Clinica-Alemana-e1485433474780-300x148.jpg\" \/>\n<meta name=\"twitter:label1\" content=\"Tiempo de lectura\" \/>\n\t<meta name=\"twitter:data1\" content=\"1 minuto\" \/>\n<script type=\"application\/ld+json\" class=\"yoast-schema-graph\">{\"@context\":\"https:\/\/schema.org\",\"@graph\":[{\"@type\":\"WebPage\",\"@id\":\"https:\/\/medicina.udd.cl\/medicina-santiago\/seleccionados-concurso-de-especialidades-primarias-2017\/\",\"url\":\"https:\/\/medicina.udd.cl\/medicina-santiago\/seleccionados-concurso-de-especialidades-primarias-2017\/\",\"name\":\"Seleccionados Concurso de Especialidades Primarias 2017 - Medicina\",\"isPartOf\":{\"@id\":\"https:\/\/medicina.udd.cl\/medicina-santiago\/#website\"},\"primaryImageOfPage\":{\"@id\":\"https:\/\/medicina.udd.cl\/medicina-santiago\/seleccionados-concurso-de-especialidades-primarias-2017\/#primaryimage\"},\"image\":{\"@id\":\"https:\/\/medicina.udd.cl\/medicina-santiago\/seleccionados-concurso-de-especialidades-primarias-2017\/#primaryimage\"},\"thumbnailUrl\":\"http:\/\/medicina.udd.cl\/medicina-santiago\/files\/2017\/01\/Facultad-de-Medicina-Clinica-Alemana-e1485433474780-300x148.jpg\",\"datePublished\":\"2017-01-26T12:26:51+00:00\",\"dateModified\":\"2017-01-26T16:40:13+00:00\",\"breadcrumb\":{\"@id\":\"https:\/\/medicina.udd.cl\/medicina-santiago\/seleccionados-concurso-de-especialidades-primarias-2017\/#breadcrumb\"},\"inLanguage\":\"es\",\"potentialAction\":[{\"@type\":\"ReadAction\",\"target\":[\"https:\/\/medicina.udd.cl\/medicina-santiago\/seleccionados-concurso-de-especialidades-primarias-2017\/\"]}]},{\"@type\":\"ImageObject\",\"inLanguage\":\"es\",\"@id\":\"https:\/\/medicina.udd.cl\/medicina-santiago\/seleccionados-concurso-de-especialidades-primarias-2017\/#primaryimage\",\"url\":\"http:\/\/medicina.udd.cl\/medicina-santiago\/files\/2017\/01\/Facultad-de-Medicina-Clinica-Alemana-e1485433474780-300x148.jpg\",\"contentUrl\":\"http:\/\/medicina.udd.cl\/medicina-santiago\/files\/2017\/01\/Facultad-de-Medicina-Clinica-Alemana-e1485433474780-300x148.jpg\"},{\"@type\":\"BreadcrumbList\",\"@id\":\"https:\/\/medicina.udd.cl\/medicina-santiago\/seleccionados-concurso-de-especialidades-primarias-2017\/#breadcrumb\",\"itemListElement\":[{\"@type\":\"ListItem\",\"position\":1,\"name\":\"Home\",\"item\":\"https:\/\/medicina.udd.cl\/medicina-santiago\/\"},{\"@type\":\"ListItem\",\"position\":2,\"name\":\"Seleccionados Concurso de Especialidades Primarias 2017\"}]},{\"@type\":\"WebSite\",\"@id\":\"https:\/\/medicina.udd.cl\/medicina-santiago\/#website\",\"url\":\"https:\/\/medicina.udd.cl\/medicina-santiago\/\",\"name\":\"Medicina\",\"description\":\"Facultad de Medicina Cl\u00ednica Alemana Universidad del Desarrollo\",\"inLanguage\":\"es\"}]}<\/script>\n<!-- \/ Yoast SEO plugin. -->","yoast_head_json":{"title":"Seleccionados Concurso de Especialidades Primarias 2017 - Medicina","robots":{"index":"index","follow":"follow","max-snippet":"max-snippet:-1","max-image-preview":"max-image-preview:large","max-video-preview":"max-video-preview:-1"},"canonical":"https:\/\/medicina.udd.cl\/medicina-santiago\/seleccionados-concurso-de-especialidades-primarias-2017\/","og_locale":"es_ES","og_type":"article","og_title":"Seleccionados Concurso de Especialidades Primarias 2017 - Medicina","og_description":"Cirug\u00eda Infantil Stephanni Graf Guerra Cirug\u00eda General \u00a0 \u00a0 \u00a0 \u00a0 Harry Von Jentschyk Rojas Francisco Carriel Albarrac\u00edn Andr\u00e9s Mella Albornoz Galo C\u00e1rdenas Santacruz Medicina Interna\u00a0 \u00a0 Francisca Araya Donoso Mart\u00edn Castillo Montt Sof\u00eda Leighton Swaneck Sim\u00f3n de La Maza Fontecilla Diego Bustos P\u00e9rez Medicina F\u00edsica y Rehabilitaci\u00f3n\u00a0 \u00a0 \u00a0 Cecilia Morales Donoso Estefan\u00eda Castro [&hellip;]","og_url":"https:\/\/medicina.udd.cl\/medicina-santiago\/seleccionados-concurso-de-especialidades-primarias-2017\/","og_site_name":"Medicina","article_modified_time":"2017-01-26T16:40:13+00:00","og_image":[{"url":"http:\/\/medicina.udd.cl\/medicina-santiago\/files\/2017\/01\/Facultad-de-Medicina-Clinica-Alemana-e1485433474780-300x148.jpg","type":"","width":"","height":""}],"twitter_misc":{"Tiempo de lectura":"1 minuto"},"schema":{"@context":"https:\/\/schema.org","@graph":[{"@type":"WebPage","@id":"https:\/\/medicina.udd.cl\/medicina-santiago\/seleccionados-concurso-de-especialidades-primarias-2017\/","url":"https:\/\/medicina.udd.cl\/medicina-santiago\/seleccionados-concurso-de-especialidades-primarias-2017\/","name":"Seleccionados Concurso de Especialidades Primarias 2017 - Medicina","isPartOf":{"@id":"https:\/\/medicina.udd.cl\/medicina-santiago\/#website"},"primaryImageOfPage":{"@id":"https:\/\/medicina.udd.cl\/medicina-santiago\/seleccionados-concurso-de-especialidades-primarias-2017\/#primaryimage"},"image":{"@id":"https:\/\/medicina.udd.cl\/medicina-santiago\/seleccionados-concurso-de-especialidades-primarias-2017\/#primaryimage"},"thumbnailUrl":"http:\/\/medicina.udd.cl\/medicina-santiago\/files\/2017\/01\/Facultad-de-Medicina-Clinica-Alemana-e1485433474780-300x148.jpg","datePublished":"2017-01-26T12:26:51+00:00","dateModified":"2017-01-26T16:40:13+00:00","breadcrumb":{"@id":"https:\/\/medicina.udd.cl\/medicina-santiago\/seleccionados-concurso-de-especialidades-primarias-2017\/#breadcrumb"},"inLanguage":"es","potentialAction":[{"@type":"ReadAction","target":["https:\/\/medicina.udd.cl\/medicina-santiago\/seleccionados-concurso-de-especialidades-primarias-2017\/"]}]},{"@type":"ImageObject","inLanguage":"es","@id":"https:\/\/medicina.udd.cl\/medicina-santiago\/seleccionados-concurso-de-especialidades-primarias-2017\/#primaryimage","url":"http:\/\/medicina.udd.cl\/medicina-santiago\/files\/2017\/01\/Facultad-de-Medicina-Clinica-Alemana-e1485433474780-300x148.jpg","contentUrl":"http:\/\/medicina.udd.cl\/medicina-santiago\/files\/2017\/01\/Facultad-de-Medicina-Clinica-Alemana-e1485433474780-300x148.jpg"},{"@type":"BreadcrumbList","@id":"https:\/\/medicina.udd.cl\/medicina-santiago\/seleccionados-concurso-de-especialidades-primarias-2017\/#breadcrumb","itemListElement":[{"@type":"ListItem","position":1,"name":"Home","item":"https:\/\/medicina.udd.cl\/medicina-santiago\/"},{"@type":"ListItem","position":2,"name":"Seleccionados Concurso de Especialidades Primarias 2017"}]},{"@type":"WebSite","@id":"https:\/\/medicina.udd.cl\/medicina-santiago\/#website","url":"https:\/\/medicina.udd.cl\/medicina-santiago\/","name":"Medicina","description":"Facultad de Medicina Cl\u00ednica Alemana Universidad del Desarrollo","inLanguage":"es"}]}},"_links":{"self":[{"href":"https:\/\/medicina.udd.cl\/medicina-santiago\/wp-json\/wp\/v2\/pages\/4903","targetHints":{"allow":["GET"]}}],"collection":[{"href":"https:\/\/medicina.udd.cl\/medicina-santiago\/wp-json\/wp\/v2\/pages"}],"about":[{"href":"https:\/\/medicina.udd.cl\/medicina-santiago\/wp-json\/wp\/v2\/types\/page"}],"author":[{"embeddable":true,"href":"https:\/\/medicina.udd.cl\/medicina-santiago\/wp-json\/wp\/v2\/users\/9192192"}],"replies":[{"embeddable":true,"href":"https:\/\/medicina.udd.cl\/medicina-santiago\/wp-json\/wp\/v2\/comments?post=4903"}],"version-history":[{"count":10,"href":"https:\/\/medicina.udd.cl\/medicina-santiago\/wp-json\/wp\/v2\/pages\/4903\/revisions"}],"predecessor-version":[{"id":4916,"href":"https:\/\/medicina.udd.cl\/medicina-santiago\/wp-json\/wp\/v2\/pages\/4903\/revisions\/4916"}],"wp:attachment":[{"href":"https:\/\/medicina.udd.cl\/medicina-santiago\/wp-json\/wp\/v2\/media?parent=4903"}],"curies":[{"name":"wp","href":"https:\/\/api.w.org\/{rel}","templated":true}]}}