{"id":10,"date":"2010-11-25T15:38:16","date_gmt":"2010-11-25T18:38:16","guid":{"rendered":"http:\/\/medicina.udd.cl\/neurologia\/presentacion\/profesores\/"},"modified":"2013-07-03T10:03:56","modified_gmt":"2013-07-03T14:03:56","slug":"profesores","status":"publish","type":"page","link":"https:\/\/medicina.udd.cl\/neurologia\/presentacion\/profesores\/","title":{"rendered":"Equipo directivo y docente"},"content":{"rendered":"<p><strong>Director del programa:<\/strong><\/p>\n<p><strong>Dr. Renato Verdugo Latorre<\/strong><\/p>\n<ul>\n<li>M\u00e9dico Especialista en Neurolog\u00eda<\/li>\n<li>Cl\u00ednica Alemana<\/li>\n<\/ul>\n<p><strong>Docentes:<\/strong><\/p>\n<ul>\n<li>Dr. Arnold Hoppe<\/li>\n<li>Dr. Jorge Lasso<\/li>\n<li>Dr. Claudio Canals<\/li>\n<li>Dr. Alejandro de Marinis<\/li>\n<li>Dr. Pedro Chana<\/li>\n<li>Dr. Cristian Larra\u00edn<\/li>\n<li>Dr. Francisco Aliste<\/li>\n<li>Dr. Felipe Valdivia<\/li>\n<li>Dr. Carlos Acevedo<\/li>\n<li>Dr. Maria Eugenia L\u00f3pez<\/li>\n<li>Dr. Andrea Slachevsky<\/li>\n<li>Dr. Maria Isabel Behrens<\/li>\n<\/ul>\n","protected":false},"excerpt":{"rendered":"<p>Director del programa: Dr. Renato Verdugo Latorre M\u00e9dico Especialista en Neurolog\u00eda Cl\u00ednica Alemana Docentes: Dr. Arnold Hoppe Dr. Jorge Lasso Dr. Claudio Canals Dr. Alejandro de Marinis Dr. Pedro Chana Dr. Cristian Larra\u00edn Dr. Francisco Aliste Dr. Felipe Valdivia Dr. Carlos Acevedo Dr. Maria Eugenia L\u00f3pez Dr. Andrea Slachevsky Dr. Maria Isabel Behrens<\/p>\n","protected":false},"author":9192219,"featured_media":0,"parent":3,"menu_order":30,"comment_status":"open","ping_status":"open","template":"","meta":{"footnotes":""},"class_list":["post-10","page","type-page","status-publish","hentry"],"yoast_head":"<!-- This site is optimized with the Yoast SEO plugin v26.9 - https:\/\/yoast.com\/product\/yoast-seo-wordpress\/ -->\n<title>Equipo docente de Neurolog\u00eda CAS-UDD<\/title>\n<meta name=\"description\" content=\"La Especialidad cuenta con un completo equipo de profesionales, dirigidos por el doctor Renato Verdugo, m\u00e9dico especialista en Neurolog\u00eda de la Cl\u00ednica Alemana.\" \/>\n<meta name=\"robots\" content=\"index, follow, max-snippet:-1, max-image-preview:large, max-video-preview:-1\" \/>\n<link rel=\"canonical\" href=\"https:\/\/medicina.udd.cl\/neurologia\/presentacion\/profesores\/\" \/>\n<meta property=\"og:locale\" content=\"es_ES\" \/>\n<meta property=\"og:type\" content=\"article\" \/>\n<meta property=\"og:title\" content=\"Equipo docente de Neurolog\u00eda CAS-UDD\" \/>\n<meta property=\"og:description\" content=\"La Especialidad cuenta con un completo equipo de profesionales, dirigidos por el doctor Renato Verdugo, m\u00e9dico especialista en Neurolog\u00eda de la Cl\u00ednica Alemana.\" \/>\n<meta property=\"og:url\" content=\"https:\/\/medicina.udd.cl\/neurologia\/presentacion\/profesores\/\" \/>\n<meta property=\"og:site_name\" content=\"Especialidad en Neurolog\u00eda\" \/>\n<meta property=\"article:modified_time\" content=\"2013-07-03T14:03:56+00:00\" \/>\n<script type=\"application\/ld+json\" class=\"yoast-schema-graph\">{\"@context\":\"https:\/\/schema.org\",\"@graph\":[{\"@type\":\"WebPage\",\"@id\":\"https:\/\/medicina.udd.cl\/neurologia\/presentacion\/profesores\/\",\"url\":\"https:\/\/medicina.udd.cl\/neurologia\/presentacion\/profesores\/\",\"name\":\"Equipo docente de Neurolog\u00eda CAS-UDD\",\"isPartOf\":{\"@id\":\"https:\/\/medicina.udd.cl\/neurologia\/#website\"},\"datePublished\":\"2010-11-25T18:38:16+00:00\",\"dateModified\":\"2013-07-03T14:03:56+00:00\",\"description\":\"La Especialidad cuenta con un completo equipo de profesionales, dirigidos por el doctor Renato Verdugo, m\u00e9dico especialista en Neurolog\u00eda de la Cl\u00ednica Alemana.\",\"breadcrumb\":{\"@id\":\"https:\/\/medicina.udd.cl\/neurologia\/presentacion\/profesores\/#breadcrumb\"},\"inLanguage\":\"es\",\"potentialAction\":[{\"@type\":\"ReadAction\",\"target\":[\"https:\/\/medicina.udd.cl\/neurologia\/presentacion\/profesores\/\"]}]},{\"@type\":\"BreadcrumbList\",\"@id\":\"https:\/\/medicina.udd.cl\/neurologia\/presentacion\/profesores\/#breadcrumb\",\"itemListElement\":[{\"@type\":\"ListItem\",\"position\":1,\"name\":\"Home\",\"item\":\"https:\/\/medicina.udd.cl\/neurologia\/\"},{\"@type\":\"ListItem\",\"position\":2,\"name\":\"Presentaci\u00f3n\",\"item\":\"https:\/\/medicina.udd.cl\/neurologia\/presentacion\/\"},{\"@type\":\"ListItem\",\"position\":3,\"name\":\"Equipo directivo y docente\"}]},{\"@type\":\"WebSite\",\"@id\":\"https:\/\/medicina.udd.cl\/neurologia\/#website\",\"url\":\"https:\/\/medicina.udd.cl\/neurologia\/\",\"name\":\"Especialidad en Neurolog\u00eda\",\"description\":\"Otro sitio m\u00e1s de Medicina\",\"potentialAction\":[{\"@type\":\"SearchAction\",\"target\":{\"@type\":\"EntryPoint\",\"urlTemplate\":\"https:\/\/medicina.udd.cl\/neurologia\/?s={search_term_string}\"},\"query-input\":{\"@type\":\"PropertyValueSpecification\",\"valueRequired\":true,\"valueName\":\"search_term_string\"}}],\"inLanguage\":\"es\"}]}<\/script>\n<!-- \/ Yoast SEO plugin. -->","yoast_head_json":{"title":"Equipo docente de Neurolog\u00eda CAS-UDD","description":"La Especialidad cuenta con un completo equipo de profesionales, dirigidos por el doctor Renato Verdugo, m\u00e9dico especialista en Neurolog\u00eda de la Cl\u00ednica Alemana.","robots":{"index":"index","follow":"follow","max-snippet":"max-snippet:-1","max-image-preview":"max-image-preview:large","max-video-preview":"max-video-preview:-1"},"canonical":"https:\/\/medicina.udd.cl\/neurologia\/presentacion\/profesores\/","og_locale":"es_ES","og_type":"article","og_title":"Equipo docente de Neurolog\u00eda CAS-UDD","og_description":"La Especialidad cuenta con un completo equipo de profesionales, dirigidos por el doctor Renato Verdugo, m\u00e9dico especialista en Neurolog\u00eda de la Cl\u00ednica Alemana.","og_url":"https:\/\/medicina.udd.cl\/neurologia\/presentacion\/profesores\/","og_site_name":"Especialidad en Neurolog\u00eda","article_modified_time":"2013-07-03T14:03:56+00:00","schema":{"@context":"https:\/\/schema.org","@graph":[{"@type":"WebPage","@id":"https:\/\/medicina.udd.cl\/neurologia\/presentacion\/profesores\/","url":"https:\/\/medicina.udd.cl\/neurologia\/presentacion\/profesores\/","name":"Equipo docente de Neurolog\u00eda CAS-UDD","isPartOf":{"@id":"https:\/\/medicina.udd.cl\/neurologia\/#website"},"datePublished":"2010-11-25T18:38:16+00:00","dateModified":"2013-07-03T14:03:56+00:00","description":"La Especialidad cuenta con un completo equipo de profesionales, dirigidos por el doctor Renato Verdugo, m\u00e9dico especialista en Neurolog\u00eda de la Cl\u00ednica Alemana.","breadcrumb":{"@id":"https:\/\/medicina.udd.cl\/neurologia\/presentacion\/profesores\/#breadcrumb"},"inLanguage":"es","potentialAction":[{"@type":"ReadAction","target":["https:\/\/medicina.udd.cl\/neurologia\/presentacion\/profesores\/"]}]},{"@type":"BreadcrumbList","@id":"https:\/\/medicina.udd.cl\/neurologia\/presentacion\/profesores\/#breadcrumb","itemListElement":[{"@type":"ListItem","position":1,"name":"Home","item":"https:\/\/medicina.udd.cl\/neurologia\/"},{"@type":"ListItem","position":2,"name":"Presentaci\u00f3n","item":"https:\/\/medicina.udd.cl\/neurologia\/presentacion\/"},{"@type":"ListItem","position":3,"name":"Equipo directivo y docente"}]},{"@type":"WebSite","@id":"https:\/\/medicina.udd.cl\/neurologia\/#website","url":"https:\/\/medicina.udd.cl\/neurologia\/","name":"Especialidad en Neurolog\u00eda","description":"Otro sitio m\u00e1s de Medicina","potentialAction":[{"@type":"SearchAction","target":{"@type":"EntryPoint","urlTemplate":"https:\/\/medicina.udd.cl\/neurologia\/?s={search_term_string}"},"query-input":{"@type":"PropertyValueSpecification","valueRequired":true,"valueName":"search_term_string"}}],"inLanguage":"es"}]}},"_links":{"self":[{"href":"https:\/\/medicina.udd.cl\/neurologia\/wp-json\/wp\/v2\/pages\/10","targetHints":{"allow":["GET"]}}],"collection":[{"href":"https:\/\/medicina.udd.cl\/neurologia\/wp-json\/wp\/v2\/pages"}],"about":[{"href":"https:\/\/medicina.udd.cl\/neurologia\/wp-json\/wp\/v2\/types\/page"}],"author":[{"embeddable":true,"href":"https:\/\/medicina.udd.cl\/neurologia\/wp-json\/wp\/v2\/users\/9192219"}],"replies":[{"embeddable":true,"href":"https:\/\/medicina.udd.cl\/neurologia\/wp-json\/wp\/v2\/comments?post=10"}],"version-history":[{"count":4,"href":"https:\/\/medicina.udd.cl\/neurologia\/wp-json\/wp\/v2\/pages\/10\/revisions"}],"predecessor-version":[{"id":166,"href":"https:\/\/medicina.udd.cl\/neurologia\/wp-json\/wp\/v2\/pages\/10\/revisions\/166"}],"up":[{"embeddable":true,"href":"https:\/\/medicina.udd.cl\/neurologia\/wp-json\/wp\/v2\/pages\/3"}],"wp:attachment":[{"href":"https:\/\/medicina.udd.cl\/neurologia\/wp-json\/wp\/v2\/media?parent=10"}],"curies":[{"name":"wp","href":"https:\/\/api.w.org\/{rel}","templated":true}]}}