{"id":232,"date":"2011-09-07T11:41:55","date_gmt":"2011-09-07T14:41:55","guid":{"rendered":"http:\/\/medicina.udd.cl\/nutricion-dietetica-santiago\/files\/2011\/09\/Nutrici\u00f3n-en-CAS-021.jpg"},"modified":"2011-09-07T11:41:55","modified_gmt":"2011-09-07T14:41:55","slug":"nutricion-en-cas-021","status":"inherit","type":"attachment","link":"https:\/\/medicina.udd.cl\/nutricion-dietetica-santiago\/noticias\/2011\/09\/10\/estudiantes-de-nutricion-y-dietetica-atienden-pacientes-en-clinica-alemana\/nutricion-en-cas-021\/","title":{"rendered":"Catalina Valenzuela"},"author":1,"featured_media":0,"comment_status":"open","ping_status":"open","template":"","meta":[],"class_list":["post-232","attachment","type-attachment","status-inherit","hentry"],"yoast_head":"<!-- This site is optimized with the Yoast SEO plugin v26.9 - https:\/\/yoast.com\/product\/yoast-seo-wordpress\/ -->\n<title>Catalina Valenzuela - Nutrici\u00f3n y Diet\u00e9tica<\/title>\n<meta name=\"robots\" content=\"index, follow, max-snippet:-1, max-image-preview:large, max-video-preview:-1\" \/>\n<link rel=\"canonical\" href=\"https:\/\/medicina.udd.cl\/nutricion-dietetica-santiago\/files\/2011\/09\/Nutrici\u00f3n-en-CAS-021.jpg\" \/>\n<meta property=\"og:locale\" content=\"es_ES\" \/>\n<meta property=\"og:type\" content=\"article\" \/>\n<meta property=\"og:title\" content=\"Catalina Valenzuela - Nutrici\u00f3n y Diet\u00e9tica\" \/>\n<meta property=\"og:url\" content=\"https:\/\/medicina.udd.cl\/nutricion-dietetica-santiago\/files\/2011\/09\/Nutrici\u00f3n-en-CAS-021.jpg\" \/>\n<meta property=\"og:site_name\" content=\"Nutrici\u00f3n y Diet\u00e9tica\" \/>\n<meta property=\"og:image\" content=\"https:\/\/medicina.udd.cl\/nutricion-dietetica-santiago\/files\/2011\/09\/Nutrici\u00f3n-en-CAS-021.jpg\" \/>\n\t<meta property=\"og:image:width\" content=\"3360\" \/>\n\t<meta property=\"og:image:height\" content=\"2551\" \/>\n\t<meta property=\"og:image:type\" content=\"image\/jpeg\" \/>\n<script type=\"application\/ld+json\" class=\"yoast-schema-graph\">{\"@context\":\"https:\/\/schema.org\",\"@graph\":[{\"@type\":\"WebPage\",\"@id\":\"https:\/\/medicina.udd.cl\/nutricion-dietetica-santiago\/files\/2011\/09\/Nutrici\u00f3n-en-CAS-021.jpg\",\"url\":\"https:\/\/medicina.udd.cl\/nutricion-dietetica-santiago\/files\/2011\/09\/Nutrici\u00f3n-en-CAS-021.jpg\",\"name\":\"Catalina Valenzuela - Nutrici\u00f3n y Diet\u00e9tica\",\"isPartOf\":{\"@id\":\"https:\/\/medicina.udd.cl\/nutricion-dietetica-santiago\/#website\"},\"datePublished\":\"2011-09-07T14:41:55+00:00\",\"breadcrumb\":{\"@id\":\"https:\/\/medicina.udd.cl\/nutricion-dietetica-santiago\/files\/2011\/09\/Nutrici\u00f3n-en-CAS-021.jpg#breadcrumb\"},\"inLanguage\":\"es\",\"potentialAction\":[{\"@type\":\"ReadAction\",\"target\":[\"https:\/\/medicina.udd.cl\/nutricion-dietetica-santiago\/files\/2011\/09\/Nutrici\u00f3n-en-CAS-021.jpg\"]}]},{\"@type\":\"BreadcrumbList\",\"@id\":\"https:\/\/medicina.udd.cl\/nutricion-dietetica-santiago\/files\/2011\/09\/Nutrici\u00f3n-en-CAS-021.jpg#breadcrumb\",\"itemListElement\":[{\"@type\":\"ListItem\",\"position\":1,\"name\":\"Home\",\"item\":\"https:\/\/medicina.udd.cl\/nutricion-dietetica-santiago\/\"},{\"@type\":\"ListItem\",\"position\":2,\"name\":\"Estudiantes de Nutrici\u00f3n y Diet\u00e9tica atienden pacientes en Cl\u00ednica Alemana\",\"item\":\"https:\/\/medicina.udd.cl\/nutricion-dietetica-santiago\/noticias\/2011\/09\/10\/estudiantes-de-nutricion-y-dietetica-atienden-pacientes-en-clinica-alemana\/\"},{\"@type\":\"ListItem\",\"position\":3,\"name\":\"Catalina Valenzuela\"}]},{\"@type\":\"WebSite\",\"@id\":\"https:\/\/medicina.udd.cl\/nutricion-dietetica-santiago\/#website\",\"url\":\"https:\/\/medicina.udd.cl\/nutricion-dietetica-santiago\/\",\"name\":\"Nutrici\u00f3n y Diet\u00e9tica\",\"description\":\"Facultad de Medicina C\u00ednica Alemana Universidad del Desarrollo\",\"inLanguage\":\"es\"}]}<\/script>\n<!-- \/ Yoast SEO plugin. -->","yoast_head_json":{"title":"Catalina Valenzuela - Nutrici\u00f3n y Diet\u00e9tica","robots":{"index":"index","follow":"follow","max-snippet":"max-snippet:-1","max-image-preview":"max-image-preview:large","max-video-preview":"max-video-preview:-1"},"canonical":"https:\/\/medicina.udd.cl\/nutricion-dietetica-santiago\/files\/2011\/09\/Nutrici\u00f3n-en-CAS-021.jpg","og_locale":"es_ES","og_type":"article","og_title":"Catalina Valenzuela - Nutrici\u00f3n y Diet\u00e9tica","og_url":"https:\/\/medicina.udd.cl\/nutricion-dietetica-santiago\/files\/2011\/09\/Nutrici\u00f3n-en-CAS-021.jpg","og_site_name":"Nutrici\u00f3n y Diet\u00e9tica","og_image":[{"width":3360,"height":2551,"url":"https:\/\/medicina.udd.cl\/nutricion-dietetica-santiago\/files\/2011\/09\/Nutrici\u00f3n-en-CAS-021.jpg","type":"image\/jpeg"}],"schema":{"@context":"https:\/\/schema.org","@graph":[{"@type":"WebPage","@id":"https:\/\/medicina.udd.cl\/nutricion-dietetica-santiago\/files\/2011\/09\/Nutrici\u00f3n-en-CAS-021.jpg","url":"https:\/\/medicina.udd.cl\/nutricion-dietetica-santiago\/files\/2011\/09\/Nutrici\u00f3n-en-CAS-021.jpg","name":"Catalina Valenzuela - Nutrici\u00f3n y Diet\u00e9tica","isPartOf":{"@id":"https:\/\/medicina.udd.cl\/nutricion-dietetica-santiago\/#website"},"datePublished":"2011-09-07T14:41:55+00:00","breadcrumb":{"@id":"https:\/\/medicina.udd.cl\/nutricion-dietetica-santiago\/files\/2011\/09\/Nutrici\u00f3n-en-CAS-021.jpg#breadcrumb"},"inLanguage":"es","potentialAction":[{"@type":"ReadAction","target":["https:\/\/medicina.udd.cl\/nutricion-dietetica-santiago\/files\/2011\/09\/Nutrici\u00f3n-en-CAS-021.jpg"]}]},{"@type":"BreadcrumbList","@id":"https:\/\/medicina.udd.cl\/nutricion-dietetica-santiago\/files\/2011\/09\/Nutrici\u00f3n-en-CAS-021.jpg#breadcrumb","itemListElement":[{"@type":"ListItem","position":1,"name":"Home","item":"https:\/\/medicina.udd.cl\/nutricion-dietetica-santiago\/"},{"@type":"ListItem","position":2,"name":"Estudiantes de Nutrici\u00f3n y Diet\u00e9tica atienden pacientes en Cl\u00ednica Alemana","item":"https:\/\/medicina.udd.cl\/nutricion-dietetica-santiago\/noticias\/2011\/09\/10\/estudiantes-de-nutricion-y-dietetica-atienden-pacientes-en-clinica-alemana\/"},{"@type":"ListItem","position":3,"name":"Catalina Valenzuela"}]},{"@type":"WebSite","@id":"https:\/\/medicina.udd.cl\/nutricion-dietetica-santiago\/#website","url":"https:\/\/medicina.udd.cl\/nutricion-dietetica-santiago\/","name":"Nutrici\u00f3n y Diet\u00e9tica","description":"Facultad de Medicina C\u00ednica Alemana Universidad del Desarrollo","inLanguage":"es"}]}},"description":{"rendered":"<p class=\"attachment\"><a href='https:\/\/medicina.udd.cl\/nutricion-dietetica-santiago\/files\/2011\/09\/Nutrici\u00f3n-en-CAS-021.jpg'><img loading=\"lazy\" decoding=\"async\" width=\"300\" height=\"228\" src=\"https:\/\/medicina.udd.cl\/nutricion-dietetica-santiago\/files\/2011\/09\/Nutrici\u00f3n-en-CAS-021-300x228.jpg\" class=\"attachment-medium size-medium\" alt=\"\" srcset=\"https:\/\/medicina.udd.cl\/nutricion-dietetica-santiago\/files\/2011\/09\/Nutrici\u00f3n-en-CAS-021-300x228.jpg 300w, https:\/\/medicina.udd.cl\/nutricion-dietetica-santiago\/files\/2011\/09\/Nutrici\u00f3n-en-CAS-021-768x583.jpg 768w, https:\/\/medicina.udd.cl\/nutricion-dietetica-santiago\/files\/2011\/09\/Nutrici\u00f3n-en-CAS-021-1024x777.jpg 1024w, https:\/\/medicina.udd.cl\/nutricion-dietetica-santiago\/files\/2011\/09\/Nutrici\u00f3n-en-CAS-021-960x729.jpg 960w\" sizes=\"auto, (max-width: 300px) 100vw, 300px\" \/><\/a><\/p>\n"},"caption":{"rendered":""},"alt_text":"","media_type":"image","mime_type":"image\/jpeg","media_details":{"width":3360,"height":2551,"file":"2011\/09\/Nutrici\u00f3n-en-CAS-021.jpg","sizes":{"thumbnail":{"file":"Nutrici\u00f3n-en-CAS-021-150x150.jpg","width":150,"height":150,"mime_type":"image\/jpeg","source_url":"https:\/\/medicina.udd.cl\/nutricion-dietetica-santiago\/files\/2011\/09\/Nutrici\u00f3n-en-CAS-021-150x150.jpg"},"medium":{"file":"Nutrici\u00f3n-en-CAS-021-300x228.jpg","width":300,"height":228,"mime_type":"image\/jpeg","source_url":"https:\/\/medicina.udd.cl\/nutricion-dietetica-santiago\/files\/2011\/09\/Nutrici\u00f3n-en-CAS-021-300x228.jpg"},"medium_large":{"file":"Nutrici\u00f3n-en-CAS-021-768x583.jpg","width":768,"height":583,"mime_type":"image\/jpeg","source_url":"https:\/\/medicina.udd.cl\/nutricion-dietetica-santiago\/files\/2011\/09\/Nutrici\u00f3n-en-CAS-021-768x583.jpg"},"large":{"file":"Nutrici\u00f3n-en-CAS-021-1024x777.jpg","width":1024,"height":777,"mime_type":"image\/jpeg","source_url":"https:\/\/medicina.udd.cl\/nutricion-dietetica-santiago\/files\/2011\/09\/Nutrici\u00f3n-en-CAS-021-1024x777.jpg"},"newsletter_featured":{"file":"Nutrici\u00f3n-en-CAS-021-316x224.jpg","width":316,"height":224,"mime_type":"image\/jpeg","source_url":"https:\/\/medicina.udd.cl\/nutricion-dietetica-santiago\/files\/2011\/09\/Nutrici\u00f3n-en-CAS-021-316x224.jpg"},"newsletter_first":{"file":"Nutrici\u00f3n-en-CAS-021-286x205.jpg","width":286,"height":205,"mime_type":"image\/jpeg","source_url":"https:\/\/medicina.udd.cl\/nutricion-dietetica-santiago\/files\/2011\/09\/Nutrici\u00f3n-en-CAS-021-286x205.jpg"},"newsletter_thumb":{"file":"Nutrici\u00f3n-en-CAS-021-288x150.jpg","width":288,"height":150,"mime_type":"image\/jpeg","source_url":"https:\/\/medicina.udd.cl\/nutricion-dietetica-santiago\/files\/2011\/09\/Nutrici\u00f3n-en-CAS-021-288x150.jpg"},"newsletter_column":{"file":"Nutrici\u00f3n-en-CAS-021-182x140.jpg","width":182,"height":140,"mime_type":"image\/jpeg","source_url":"https:\/\/medicina.udd.cl\/nutricion-dietetica-santiago\/files\/2011\/09\/Nutrici\u00f3n-en-CAS-021-182x140.jpg"},"newsletter_square":{"file":"Nutrici\u00f3n-en-CAS-021-62x62.jpg","width":62,"height":62,"mime_type":"image\/jpeg","source_url":"https:\/\/medicina.udd.cl\/nutricion-dietetica-santiago\/files\/2011\/09\/Nutrici\u00f3n-en-CAS-021-62x62.jpg"},"newsletter_square_large":{"file":"Nutrici\u00f3n-en-CAS-021-87x62.jpg","width":87,"height":62,"mime_type":"image\/jpeg","source_url":"https:\/\/medicina.udd.cl\/nutricion-dietetica-santiago\/files\/2011\/09\/Nutrici\u00f3n-en-CAS-021-87x62.jpg"},"featured-home":{"file":"Nutrici\u00f3n-en-CAS-021-800x450.jpg","width":800,"height":450,"mime_type":"image\/jpeg","source_url":"https:\/\/medicina.udd.cl\/nutricion-dietetica-santiago\/files\/2011\/09\/Nutrici\u00f3n-en-CAS-021-800x450.jpg"},"featured-career":{"file":"Nutrici\u00f3n-en-CAS-021-660x430.jpg","width":660,"height":430,"mime_type":"image\/jpeg","source_url":"https:\/\/medicina.udd.cl\/nutricion-dietetica-santiago\/files\/2011\/09\/Nutrici\u00f3n-en-CAS-021-660x430.jpg"},"squared":{"file":"Nutrici\u00f3n-en-CAS-021-300x300.jpg","width":300,"height":300,"mime_type":"image\/jpeg","source_url":"https:\/\/medicina.udd.cl\/nutricion-dietetica-santiago\/files\/2011\/09\/Nutrici\u00f3n-en-CAS-021-300x300.jpg"},"stretch":{"file":"Nutrici\u00f3n-en-CAS-021-800x450.jpg","width":800,"height":450,"mime_type":"image\/jpeg","source_url":"https:\/\/medicina.udd.cl\/nutricion-dietetica-santiago\/files\/2011\/09\/Nutrici\u00f3n-en-CAS-021-800x450.jpg"},"portrait-medium":{"file":"Nutrici\u00f3n-en-CAS-021-220x260.jpg","width":220,"height":260,"mime_type":"image\/jpeg","source_url":"https:\/\/medicina.udd.cl\/nutricion-dietetica-santiago\/files\/2011\/09\/Nutrici\u00f3n-en-CAS-021-220x260.jpg"},"landscape-small":{"file":"Nutrici\u00f3n-en-CAS-021-125x80.jpg","width":125,"height":80,"mime_type":"image\/jpeg","source_url":"https:\/\/medicina.udd.cl\/nutricion-dietetica-santiago\/files\/2011\/09\/Nutrici\u00f3n-en-CAS-021-125x80.jpg"},"landscape-medium":{"file":"Nutrici\u00f3n-en-CAS-021-340x220.jpg","width":340,"height":220,"mime_type":"image\/jpeg","source_url":"https:\/\/medicina.udd.cl\/nutricion-dietetica-santiago\/files\/2011\/09\/Nutrici\u00f3n-en-CAS-021-340x220.jpg"},"landscape-large":{"file":"Nutrici\u00f3n-en-CAS-021-365x255.jpg","width":365,"height":255,"mime_type":"image\/jpeg","source_url":"https:\/\/medicina.udd.cl\/nutricion-dietetica-santiago\/files\/2011\/09\/Nutrici\u00f3n-en-CAS-021-365x255.jpg"},"landscape-xlarge":{"file":"Nutrici\u00f3n-en-CAS-021-660x430.jpg","width":660,"height":430,"mime_type":"image\/jpeg","source_url":"https:\/\/medicina.udd.cl\/nutricion-dietetica-santiago\/files\/2011\/09\/Nutrici\u00f3n-en-CAS-021-660x430.jpg"},"panoramic":{"file":"Nutrici\u00f3n-en-CAS-021-940x345.jpg","width":940,"height":345,"mime_type":"image\/jpeg","source_url":"https:\/\/medicina.udd.cl\/nutricion-dietetica-santiago\/files\/2011\/09\/Nutrici\u00f3n-en-CAS-021-940x345.jpg"},"stretch-large":{"file":"Nutrici\u00f3n-en-CAS-021-940x450.jpg","width":940,"height":450,"mime_type":"image\/jpeg","source_url":"https:\/\/medicina.udd.cl\/nutricion-dietetica-santiago\/files\/2011\/09\/Nutrici\u00f3n-en-CAS-021-940x450.jpg"},"proportional-large":{"file":"Nutrici\u00f3n-en-CAS-021-960x729.jpg","width":960,"height":729,"mime_type":"image\/jpeg","source_url":"https:\/\/medicina.udd.cl\/nutricion-dietetica-santiago\/files\/2011\/09\/Nutrici\u00f3n-en-CAS-021-960x729.jpg"},"custom_content":{"file":"Nutrici\u00f3n-en-CAS-021-126x126.jpg","width":126,"height":126,"mime_type":"image\/jpeg","source_url":"https:\/\/medicina.udd.cl\/nutricion-dietetica-santiago\/files\/2011\/09\/Nutrici\u00f3n-en-CAS-021-126x126.jpg"},"full":{"file":"Nutrici\u00f3n-en-CAS-021.jpg","width":3360,"height":2551,"mime_type":"image\/jpeg","source_url":"https:\/\/medicina.udd.cl\/nutricion-dietetica-santiago\/files\/2011\/09\/Nutrici\u00f3n-en-CAS-021.jpg"}},"image_meta":{"aperture":"3.8","credit":"","camera":"FinePix S2000HD","caption":"","created_timestamp":"1199146928","copyright":"","focal_length":"7.1","iso":"800","shutter_speed":"0.025","title":"","orientation":"0","keywords":[]}},"post":229,"source_url":"https:\/\/medicina.udd.cl\/nutricion-dietetica-santiago\/files\/2011\/09\/Nutrici\u00f3n-en-CAS-021.jpg","_links":{"self":[{"href":"https:\/\/medicina.udd.cl\/nutricion-dietetica-santiago\/wp-json\/wp\/v2\/media\/232","targetHints":{"allow":["GET"]}}],"collection":[{"href":"https:\/\/medicina.udd.cl\/nutricion-dietetica-santiago\/wp-json\/wp\/v2\/media"}],"about":[{"href":"https:\/\/medicina.udd.cl\/nutricion-dietetica-santiago\/wp-json\/wp\/v2\/types\/attachment"}],"author":[{"embeddable":true,"href":"https:\/\/medicina.udd.cl\/nutricion-dietetica-santiago\/wp-json\/wp\/v2\/users\/1"}],"replies":[{"embeddable":true,"href":"https:\/\/medicina.udd.cl\/nutricion-dietetica-santiago\/wp-json\/wp\/v2\/comments?post=232"}],"wp:attached-to":[{"embeddable":true,"post_type":"post","id":229,"href":"https:\/\/medicina.udd.cl\/nutricion-dietetica-santiago\/wp-json\/wp\/v2\/posts\/229"}],"curies":[{"name":"wp","href":"https:\/\/api.w.org\/{rel}","templated":true}]}}