{"id":2529,"date":"2015-01-12T14:24:26","date_gmt":"2015-01-12T17:24:26","guid":{"rendered":"http:\/\/medicina.udd.cl\/nutricion-dietetica-santiago\/files\/2013\/10\/Cu\u00e1nto-duran-los-alimentos-con-este-calor-Rinat-Ratner-12-de-enero-2015-en-Bienvenidos-de-Canal-13.jpg"},"modified":"2015-01-12T14:24:26","modified_gmt":"2015-01-12T17:24:26","slug":"cuanto-duran-los-alimentos-con-este-calor-rinat-ratner-12-de-enero-2015-en-bienvenidos-de-canal-13","status":"inherit","type":"attachment","link":"https:\/\/medicina.udd.cl\/nutricion-dietetica-santiago\/la-carrera\/nutricion-y-dietetica-udd-en-la-prensa\/cuanto-duran-los-alimentos-con-este-calor-rinat-ratner-12-de-enero-2015-en-bienvenidos-de-canal-13\/","title":{"rendered":"Cu\u00e1nto duran los alimentos con este calor &#8211; Rinat Ratner &#8211; 12 de enero 2015 en Bienvenidos de Canal 13"},"author":40,"featured_media":0,"comment_status":"open","ping_status":"open","template":"","meta":[],"class_list":["post-2529","attachment","type-attachment","status-inherit","hentry"],"yoast_head":"<!-- This site is optimized with the Yoast SEO plugin v26.9 - https:\/\/yoast.com\/product\/yoast-seo-wordpress\/ -->\n<title>Cu\u00e1nto duran los alimentos con este calor - Rinat Ratner - 12 de enero 2015 en Bienvenidos de Canal 13 - Nutrici\u00f3n y Diet\u00e9tica<\/title>\n<meta name=\"robots\" content=\"index, follow, max-snippet:-1, max-image-preview:large, max-video-preview:-1\" \/>\n<link rel=\"canonical\" href=\"https:\/\/medicina.udd.cl\/nutricion-dietetica-santiago\/files\/2013\/10\/Cu\u00e1nto-duran-los-alimentos-con-este-calor-Rinat-Ratner-12-de-enero-2015-en-Bienvenidos-de-Canal-13.jpg\" \/>\n<meta property=\"og:locale\" content=\"es_ES\" \/>\n<meta property=\"og:type\" content=\"article\" \/>\n<meta property=\"og:title\" content=\"Cu\u00e1nto duran los alimentos con este calor - Rinat Ratner - 12 de enero 2015 en Bienvenidos de Canal 13 - Nutrici\u00f3n y Diet\u00e9tica\" \/>\n<meta property=\"og:url\" content=\"https:\/\/medicina.udd.cl\/nutricion-dietetica-santiago\/files\/2013\/10\/Cu\u00e1nto-duran-los-alimentos-con-este-calor-Rinat-Ratner-12-de-enero-2015-en-Bienvenidos-de-Canal-13.jpg\" \/>\n<meta property=\"og:site_name\" content=\"Nutrici\u00f3n y Diet\u00e9tica\" \/>\n<meta property=\"og:image\" content=\"https:\/\/medicina.udd.cl\/nutricion-dietetica-santiago\/files\/2013\/10\/Cu\u00e1nto-duran-los-alimentos-con-este-calor-Rinat-Ratner-12-de-enero-2015-en-Bienvenidos-de-Canal-13.jpg\" \/>\n\t<meta property=\"og:image:width\" content=\"682\" \/>\n\t<meta property=\"og:image:height\" content=\"617\" \/>\n\t<meta property=\"og:image:type\" content=\"image\/jpeg\" \/>\n<script type=\"application\/ld+json\" class=\"yoast-schema-graph\">{\"@context\":\"https:\/\/schema.org\",\"@graph\":[{\"@type\":\"WebPage\",\"@id\":\"https:\/\/medicina.udd.cl\/nutricion-dietetica-santiago\/files\/2013\/10\/Cu\u00e1nto-duran-los-alimentos-con-este-calor-Rinat-Ratner-12-de-enero-2015-en-Bienvenidos-de-Canal-13.jpg\",\"url\":\"https:\/\/medicina.udd.cl\/nutricion-dietetica-santiago\/files\/2013\/10\/Cu\u00e1nto-duran-los-alimentos-con-este-calor-Rinat-Ratner-12-de-enero-2015-en-Bienvenidos-de-Canal-13.jpg\",\"name\":\"Cu\u00e1nto duran los alimentos con este calor - Rinat Ratner - 12 de enero 2015 en Bienvenidos de Canal 13 - Nutrici\u00f3n y Diet\u00e9tica\",\"isPartOf\":{\"@id\":\"https:\/\/medicina.udd.cl\/nutricion-dietetica-santiago\/#website\"},\"datePublished\":\"2015-01-12T17:24:26+00:00\",\"breadcrumb\":{\"@id\":\"https:\/\/medicina.udd.cl\/nutricion-dietetica-santiago\/files\/2013\/10\/Cu\u00e1nto-duran-los-alimentos-con-este-calor-Rinat-Ratner-12-de-enero-2015-en-Bienvenidos-de-Canal-13.jpg#breadcrumb\"},\"inLanguage\":\"es\",\"potentialAction\":[{\"@type\":\"ReadAction\",\"target\":[\"https:\/\/medicina.udd.cl\/nutricion-dietetica-santiago\/files\/2013\/10\/Cu\u00e1nto-duran-los-alimentos-con-este-calor-Rinat-Ratner-12-de-enero-2015-en-Bienvenidos-de-Canal-13.jpg\"]}]},{\"@type\":\"BreadcrumbList\",\"@id\":\"https:\/\/medicina.udd.cl\/nutricion-dietetica-santiago\/files\/2013\/10\/Cu\u00e1nto-duran-los-alimentos-con-este-calor-Rinat-Ratner-12-de-enero-2015-en-Bienvenidos-de-Canal-13.jpg#breadcrumb\",\"itemListElement\":[{\"@type\":\"ListItem\",\"position\":1,\"name\":\"Home\",\"item\":\"https:\/\/medicina.udd.cl\/nutricion-dietetica-santiago\/\"},{\"@type\":\"ListItem\",\"position\":2,\"name\":\"La Carrera\",\"item\":\"https:\/\/medicina.udd.cl\/nutricion-dietetica-santiago\/la-carrera\/\"},{\"@type\":\"ListItem\",\"position\":3,\"name\":\"Nutrici\u00f3n y Diet\u00e9tica UDD en la Prensa\",\"item\":\"https:\/\/medicina.udd.cl\/nutricion-dietetica-santiago\/la-carrera\/nutricion-y-dietetica-udd-en-la-prensa\/\"},{\"@type\":\"ListItem\",\"position\":4,\"name\":\"Cu\u00e1nto duran los alimentos con este calor &#8211; Rinat Ratner &#8211; 12 de enero 2015 en Bienvenidos de Canal 13\"}]},{\"@type\":\"WebSite\",\"@id\":\"https:\/\/medicina.udd.cl\/nutricion-dietetica-santiago\/#website\",\"url\":\"https:\/\/medicina.udd.cl\/nutricion-dietetica-santiago\/\",\"name\":\"Nutrici\u00f3n y Diet\u00e9tica\",\"description\":\"Facultad de Medicina C\u00ednica Alemana Universidad del Desarrollo\",\"inLanguage\":\"es\"}]}<\/script>\n<!-- \/ Yoast SEO plugin. -->","yoast_head_json":{"title":"Cu\u00e1nto duran los alimentos con este calor - Rinat Ratner - 12 de enero 2015 en Bienvenidos de Canal 13 - Nutrici\u00f3n y Diet\u00e9tica","robots":{"index":"index","follow":"follow","max-snippet":"max-snippet:-1","max-image-preview":"max-image-preview:large","max-video-preview":"max-video-preview:-1"},"canonical":"https:\/\/medicina.udd.cl\/nutricion-dietetica-santiago\/files\/2013\/10\/Cu\u00e1nto-duran-los-alimentos-con-este-calor-Rinat-Ratner-12-de-enero-2015-en-Bienvenidos-de-Canal-13.jpg","og_locale":"es_ES","og_type":"article","og_title":"Cu\u00e1nto duran los alimentos con este calor - Rinat Ratner - 12 de enero 2015 en Bienvenidos de Canal 13 - Nutrici\u00f3n y Diet\u00e9tica","og_url":"https:\/\/medicina.udd.cl\/nutricion-dietetica-santiago\/files\/2013\/10\/Cu\u00e1nto-duran-los-alimentos-con-este-calor-Rinat-Ratner-12-de-enero-2015-en-Bienvenidos-de-Canal-13.jpg","og_site_name":"Nutrici\u00f3n y Diet\u00e9tica","og_image":[{"width":682,"height":617,"url":"https:\/\/medicina.udd.cl\/nutricion-dietetica-santiago\/files\/2013\/10\/Cu\u00e1nto-duran-los-alimentos-con-este-calor-Rinat-Ratner-12-de-enero-2015-en-Bienvenidos-de-Canal-13.jpg","type":"image\/jpeg"}],"schema":{"@context":"https:\/\/schema.org","@graph":[{"@type":"WebPage","@id":"https:\/\/medicina.udd.cl\/nutricion-dietetica-santiago\/files\/2013\/10\/Cu\u00e1nto-duran-los-alimentos-con-este-calor-Rinat-Ratner-12-de-enero-2015-en-Bienvenidos-de-Canal-13.jpg","url":"https:\/\/medicina.udd.cl\/nutricion-dietetica-santiago\/files\/2013\/10\/Cu\u00e1nto-duran-los-alimentos-con-este-calor-Rinat-Ratner-12-de-enero-2015-en-Bienvenidos-de-Canal-13.jpg","name":"Cu\u00e1nto duran los alimentos con este calor - Rinat Ratner - 12 de enero 2015 en Bienvenidos de Canal 13 - Nutrici\u00f3n y Diet\u00e9tica","isPartOf":{"@id":"https:\/\/medicina.udd.cl\/nutricion-dietetica-santiago\/#website"},"datePublished":"2015-01-12T17:24:26+00:00","breadcrumb":{"@id":"https:\/\/medicina.udd.cl\/nutricion-dietetica-santiago\/files\/2013\/10\/Cu\u00e1nto-duran-los-alimentos-con-este-calor-Rinat-Ratner-12-de-enero-2015-en-Bienvenidos-de-Canal-13.jpg#breadcrumb"},"inLanguage":"es","potentialAction":[{"@type":"ReadAction","target":["https:\/\/medicina.udd.cl\/nutricion-dietetica-santiago\/files\/2013\/10\/Cu\u00e1nto-duran-los-alimentos-con-este-calor-Rinat-Ratner-12-de-enero-2015-en-Bienvenidos-de-Canal-13.jpg"]}]},{"@type":"BreadcrumbList","@id":"https:\/\/medicina.udd.cl\/nutricion-dietetica-santiago\/files\/2013\/10\/Cu\u00e1nto-duran-los-alimentos-con-este-calor-Rinat-Ratner-12-de-enero-2015-en-Bienvenidos-de-Canal-13.jpg#breadcrumb","itemListElement":[{"@type":"ListItem","position":1,"name":"Home","item":"https:\/\/medicina.udd.cl\/nutricion-dietetica-santiago\/"},{"@type":"ListItem","position":2,"name":"La Carrera","item":"https:\/\/medicina.udd.cl\/nutricion-dietetica-santiago\/la-carrera\/"},{"@type":"ListItem","position":3,"name":"Nutrici\u00f3n y Diet\u00e9tica UDD en la Prensa","item":"https:\/\/medicina.udd.cl\/nutricion-dietetica-santiago\/la-carrera\/nutricion-y-dietetica-udd-en-la-prensa\/"},{"@type":"ListItem","position":4,"name":"Cu\u00e1nto duran los alimentos con este calor &#8211; Rinat Ratner &#8211; 12 de enero 2015 en Bienvenidos de Canal 13"}]},{"@type":"WebSite","@id":"https:\/\/medicina.udd.cl\/nutricion-dietetica-santiago\/#website","url":"https:\/\/medicina.udd.cl\/nutricion-dietetica-santiago\/","name":"Nutrici\u00f3n y Diet\u00e9tica","description":"Facultad de Medicina C\u00ednica Alemana Universidad del Desarrollo","inLanguage":"es"}]}},"description":{"rendered":"<p class=\"attachment\"><a href='https:\/\/medicina.udd.cl\/nutricion-dietetica-santiago\/files\/2013\/10\/Cu\u00e1nto-duran-los-alimentos-con-este-calor-Rinat-Ratner-12-de-enero-2015-en-Bienvenidos-de-Canal-13.jpg'><img loading=\"lazy\" decoding=\"async\" width=\"300\" height=\"271\" src=\"https:\/\/medicina.udd.cl\/nutricion-dietetica-santiago\/files\/2013\/10\/Cu\u00e1nto-duran-los-alimentos-con-este-calor-Rinat-Ratner-12-de-enero-2015-en-Bienvenidos-de-Canal-13-300x271.jpg\" class=\"attachment-medium size-medium\" alt=\"\" srcset=\"https:\/\/medicina.udd.cl\/nutricion-dietetica-santiago\/files\/2013\/10\/Cu\u00e1nto-duran-los-alimentos-con-este-calor-Rinat-Ratner-12-de-enero-2015-en-Bienvenidos-de-Canal-13-300x271.jpg 300w, https:\/\/medicina.udd.cl\/nutricion-dietetica-santiago\/files\/2013\/10\/Cu\u00e1nto-duran-los-alimentos-con-este-calor-Rinat-Ratner-12-de-enero-2015-en-Bienvenidos-de-Canal-13.jpg 682w\" sizes=\"auto, (max-width: 300px) 100vw, 300px\" \/><\/a><\/p>\n"},"caption":{"rendered":""},"alt_text":"","media_type":"image","mime_type":"image\/jpeg","media_details":{"width":682,"height":617,"file":"2013\/10\/Cu\u00e1nto-duran-los-alimentos-con-este-calor-Rinat-Ratner-12-de-enero-2015-en-Bienvenidos-de-Canal-13.jpg","sizes":{"thumbnail":{"file":"Cu\u00e1nto-duran-los-alimentos-con-este-calor-Rinat-Ratner-12-de-enero-2015-en-Bienvenidos-de-Canal-13-150x150.jpg","width":150,"height":150,"mime_type":"image\/jpeg","source_url":"https:\/\/medicina.udd.cl\/nutricion-dietetica-santiago\/files\/2013\/10\/Cu\u00e1nto-duran-los-alimentos-con-este-calor-Rinat-Ratner-12-de-enero-2015-en-Bienvenidos-de-Canal-13-150x150.jpg"},"medium":{"file":"Cu\u00e1nto-duran-los-alimentos-con-este-calor-Rinat-Ratner-12-de-enero-2015-en-Bienvenidos-de-Canal-13-300x271.jpg","width":300,"height":271,"mime_type":"image\/jpeg","source_url":"https:\/\/medicina.udd.cl\/nutricion-dietetica-santiago\/files\/2013\/10\/Cu\u00e1nto-duran-los-alimentos-con-este-calor-Rinat-Ratner-12-de-enero-2015-en-Bienvenidos-de-Canal-13-300x271.jpg"},"newsletter_featured":{"file":"Cu\u00e1nto-duran-los-alimentos-con-este-calor-Rinat-Ratner-12-de-enero-2015-en-Bienvenidos-de-Canal-13-316x224.jpg","width":316,"height":224,"mime_type":"image\/jpeg","source_url":"https:\/\/medicina.udd.cl\/nutricion-dietetica-santiago\/files\/2013\/10\/Cu\u00e1nto-duran-los-alimentos-con-este-calor-Rinat-Ratner-12-de-enero-2015-en-Bienvenidos-de-Canal-13-316x224.jpg"},"newsletter_first":{"file":"Cu\u00e1nto-duran-los-alimentos-con-este-calor-Rinat-Ratner-12-de-enero-2015-en-Bienvenidos-de-Canal-13-286x205.jpg","width":286,"height":205,"mime_type":"image\/jpeg","source_url":"https:\/\/medicina.udd.cl\/nutricion-dietetica-santiago\/files\/2013\/10\/Cu\u00e1nto-duran-los-alimentos-con-este-calor-Rinat-Ratner-12-de-enero-2015-en-Bienvenidos-de-Canal-13-286x205.jpg"},"newsletter_thumb":{"file":"Cu\u00e1nto-duran-los-alimentos-con-este-calor-Rinat-Ratner-12-de-enero-2015-en-Bienvenidos-de-Canal-13-288x150.jpg","width":288,"height":150,"mime_type":"image\/jpeg","source_url":"https:\/\/medicina.udd.cl\/nutricion-dietetica-santiago\/files\/2013\/10\/Cu\u00e1nto-duran-los-alimentos-con-este-calor-Rinat-Ratner-12-de-enero-2015-en-Bienvenidos-de-Canal-13-288x150.jpg"},"newsletter_column":{"file":"Cu\u00e1nto-duran-los-alimentos-con-este-calor-Rinat-Ratner-12-de-enero-2015-en-Bienvenidos-de-Canal-13-182x140.jpg","width":182,"height":140,"mime_type":"image\/jpeg","source_url":"https:\/\/medicina.udd.cl\/nutricion-dietetica-santiago\/files\/2013\/10\/Cu\u00e1nto-duran-los-alimentos-con-este-calor-Rinat-Ratner-12-de-enero-2015-en-Bienvenidos-de-Canal-13-182x140.jpg"},"newsletter_square":{"file":"Cu\u00e1nto-duran-los-alimentos-con-este-calor-Rinat-Ratner-12-de-enero-2015-en-Bienvenidos-de-Canal-13-62x62.jpg","width":62,"height":62,"mime_type":"image\/jpeg","source_url":"https:\/\/medicina.udd.cl\/nutricion-dietetica-santiago\/files\/2013\/10\/Cu\u00e1nto-duran-los-alimentos-con-este-calor-Rinat-Ratner-12-de-enero-2015-en-Bienvenidos-de-Canal-13-62x62.jpg"},"newsletter_square_large":{"file":"Cu\u00e1nto-duran-los-alimentos-con-este-calor-Rinat-Ratner-12-de-enero-2015-en-Bienvenidos-de-Canal-13-87x62.jpg","width":87,"height":62,"mime_type":"image\/jpeg","source_url":"https:\/\/medicina.udd.cl\/nutricion-dietetica-santiago\/files\/2013\/10\/Cu\u00e1nto-duran-los-alimentos-con-este-calor-Rinat-Ratner-12-de-enero-2015-en-Bienvenidos-de-Canal-13-87x62.jpg"},"featured-home":{"file":"Cu\u00e1nto-duran-los-alimentos-con-este-calor-Rinat-Ratner-12-de-enero-2015-en-Bienvenidos-de-Canal-13-682x450.jpg","width":682,"height":450,"mime_type":"image\/jpeg","source_url":"https:\/\/medicina.udd.cl\/nutricion-dietetica-santiago\/files\/2013\/10\/Cu\u00e1nto-duran-los-alimentos-con-este-calor-Rinat-Ratner-12-de-enero-2015-en-Bienvenidos-de-Canal-13-682x450.jpg"},"featured-career":{"file":"Cu\u00e1nto-duran-los-alimentos-con-este-calor-Rinat-Ratner-12-de-enero-2015-en-Bienvenidos-de-Canal-13-660x430.jpg","width":660,"height":430,"mime_type":"image\/jpeg","source_url":"https:\/\/medicina.udd.cl\/nutricion-dietetica-santiago\/files\/2013\/10\/Cu\u00e1nto-duran-los-alimentos-con-este-calor-Rinat-Ratner-12-de-enero-2015-en-Bienvenidos-de-Canal-13-660x430.jpg"},"squared":{"file":"Cu\u00e1nto-duran-los-alimentos-con-este-calor-Rinat-Ratner-12-de-enero-2015-en-Bienvenidos-de-Canal-13-300x300.jpg","width":300,"height":300,"mime_type":"image\/jpeg","source_url":"https:\/\/medicina.udd.cl\/nutricion-dietetica-santiago\/files\/2013\/10\/Cu\u00e1nto-duran-los-alimentos-con-este-calor-Rinat-Ratner-12-de-enero-2015-en-Bienvenidos-de-Canal-13-300x300.jpg"},"stretch":{"file":"Cu\u00e1nto-duran-los-alimentos-con-este-calor-Rinat-Ratner-12-de-enero-2015-en-Bienvenidos-de-Canal-13-682x450.jpg","width":682,"height":450,"mime_type":"image\/jpeg","source_url":"https:\/\/medicina.udd.cl\/nutricion-dietetica-santiago\/files\/2013\/10\/Cu\u00e1nto-duran-los-alimentos-con-este-calor-Rinat-Ratner-12-de-enero-2015-en-Bienvenidos-de-Canal-13-682x450.jpg"},"portrait-medium":{"file":"Cu\u00e1nto-duran-los-alimentos-con-este-calor-Rinat-Ratner-12-de-enero-2015-en-Bienvenidos-de-Canal-13-220x260.jpg","width":220,"height":260,"mime_type":"image\/jpeg","source_url":"https:\/\/medicina.udd.cl\/nutricion-dietetica-santiago\/files\/2013\/10\/Cu\u00e1nto-duran-los-alimentos-con-este-calor-Rinat-Ratner-12-de-enero-2015-en-Bienvenidos-de-Canal-13-220x260.jpg"},"landscape-small":{"file":"Cu\u00e1nto-duran-los-alimentos-con-este-calor-Rinat-Ratner-12-de-enero-2015-en-Bienvenidos-de-Canal-13-125x80.jpg","width":125,"height":80,"mime_type":"image\/jpeg","source_url":"https:\/\/medicina.udd.cl\/nutricion-dietetica-santiago\/files\/2013\/10\/Cu\u00e1nto-duran-los-alimentos-con-este-calor-Rinat-Ratner-12-de-enero-2015-en-Bienvenidos-de-Canal-13-125x80.jpg"},"landscape-medium":{"file":"Cu\u00e1nto-duran-los-alimentos-con-este-calor-Rinat-Ratner-12-de-enero-2015-en-Bienvenidos-de-Canal-13-340x220.jpg","width":340,"height":220,"mime_type":"image\/jpeg","source_url":"https:\/\/medicina.udd.cl\/nutricion-dietetica-santiago\/files\/2013\/10\/Cu\u00e1nto-duran-los-alimentos-con-este-calor-Rinat-Ratner-12-de-enero-2015-en-Bienvenidos-de-Canal-13-340x220.jpg"},"landscape-large":{"file":"Cu\u00e1nto-duran-los-alimentos-con-este-calor-Rinat-Ratner-12-de-enero-2015-en-Bienvenidos-de-Canal-13-365x255.jpg","width":365,"height":255,"mime_type":"image\/jpeg","source_url":"https:\/\/medicina.udd.cl\/nutricion-dietetica-santiago\/files\/2013\/10\/Cu\u00e1nto-duran-los-alimentos-con-este-calor-Rinat-Ratner-12-de-enero-2015-en-Bienvenidos-de-Canal-13-365x255.jpg"},"landscape-xlarge":{"file":"Cu\u00e1nto-duran-los-alimentos-con-este-calor-Rinat-Ratner-12-de-enero-2015-en-Bienvenidos-de-Canal-13-660x430.jpg","width":660,"height":430,"mime_type":"image\/jpeg","source_url":"https:\/\/medicina.udd.cl\/nutricion-dietetica-santiago\/files\/2013\/10\/Cu\u00e1nto-duran-los-alimentos-con-este-calor-Rinat-Ratner-12-de-enero-2015-en-Bienvenidos-de-Canal-13-660x430.jpg"},"panoramic":{"file":"Cu\u00e1nto-duran-los-alimentos-con-este-calor-Rinat-Ratner-12-de-enero-2015-en-Bienvenidos-de-Canal-13-682x345.jpg","width":682,"height":345,"mime_type":"image\/jpeg","source_url":"https:\/\/medicina.udd.cl\/nutricion-dietetica-santiago\/files\/2013\/10\/Cu\u00e1nto-duran-los-alimentos-con-este-calor-Rinat-Ratner-12-de-enero-2015-en-Bienvenidos-de-Canal-13-682x345.jpg"},"stretch-large":{"file":"Cu\u00e1nto-duran-los-alimentos-con-este-calor-Rinat-Ratner-12-de-enero-2015-en-Bienvenidos-de-Canal-13-682x450.jpg","width":682,"height":450,"mime_type":"image\/jpeg","source_url":"https:\/\/medicina.udd.cl\/nutricion-dietetica-santiago\/files\/2013\/10\/Cu\u00e1nto-duran-los-alimentos-con-este-calor-Rinat-Ratner-12-de-enero-2015-en-Bienvenidos-de-Canal-13-682x450.jpg"},"custom_content":{"file":"Cu\u00e1nto-duran-los-alimentos-con-este-calor-Rinat-Ratner-12-de-enero-2015-en-Bienvenidos-de-Canal-13-126x126.jpg","width":126,"height":126,"mime_type":"image\/jpeg","source_url":"https:\/\/medicina.udd.cl\/nutricion-dietetica-santiago\/files\/2013\/10\/Cu\u00e1nto-duran-los-alimentos-con-este-calor-Rinat-Ratner-12-de-enero-2015-en-Bienvenidos-de-Canal-13-126x126.jpg"},"full":{"file":"Cu\u00e1nto-duran-los-alimentos-con-este-calor-Rinat-Ratner-12-de-enero-2015-en-Bienvenidos-de-Canal-13.jpg","width":682,"height":617,"mime_type":"image\/jpeg","source_url":"https:\/\/medicina.udd.cl\/nutricion-dietetica-santiago\/files\/2013\/10\/Cu\u00e1nto-duran-los-alimentos-con-este-calor-Rinat-Ratner-12-de-enero-2015-en-Bienvenidos-de-Canal-13.jpg"}},"image_meta":{"aperture":0,"credit":"","camera":"","caption":"","created_timestamp":0,"copyright":"","focal_length":0,"iso":0,"shutter_speed":0,"title":""}},"post":1756,"source_url":"https:\/\/medicina.udd.cl\/nutricion-dietetica-santiago\/files\/2013\/10\/Cu\u00e1nto-duran-los-alimentos-con-este-calor-Rinat-Ratner-12-de-enero-2015-en-Bienvenidos-de-Canal-13.jpg","_links":{"self":[{"href":"https:\/\/medicina.udd.cl\/nutricion-dietetica-santiago\/wp-json\/wp\/v2\/media\/2529","targetHints":{"allow":["GET"]}}],"collection":[{"href":"https:\/\/medicina.udd.cl\/nutricion-dietetica-santiago\/wp-json\/wp\/v2\/media"}],"about":[{"href":"https:\/\/medicina.udd.cl\/nutricion-dietetica-santiago\/wp-json\/wp\/v2\/types\/attachment"}],"author":[{"embeddable":true,"href":"https:\/\/medicina.udd.cl\/nutricion-dietetica-santiago\/wp-json\/wp\/v2\/users\/40"}],"replies":[{"embeddable":true,"href":"https:\/\/medicina.udd.cl\/nutricion-dietetica-santiago\/wp-json\/wp\/v2\/comments?post=2529"}],"wp:attached-to":[{"embeddable":true,"post_type":"page","id":1756,"href":"https:\/\/medicina.udd.cl\/nutricion-dietetica-santiago\/wp-json\/wp\/v2\/pages\/1756"}],"curies":[{"name":"wp","href":"https:\/\/api.w.org\/{rel}","templated":true}]}}