{"id":2540,"date":"2015-01-30T12:28:54","date_gmt":"2015-01-30T15:28:54","guid":{"rendered":"http:\/\/medicina.udd.cl\/nutricion-dietetica-santiago\/files\/2015\/01\/Sonr\u00ede-UDD-2015-Odontolog\u00eda-2.png"},"modified":"2015-01-30T12:28:54","modified_gmt":"2015-01-30T15:28:54","slug":"sonrie-udd-2015-odontologia-2","status":"inherit","type":"attachment","link":"https:\/\/medicina.udd.cl\/nutricion-dietetica-santiago\/noticias\/2015\/01\/30\/estudiantes-y-profesores-de-la-facultad-participaron-en-voluntariado-sonrie-udd\/sonrie-udd-2015-odontologia-2\/","title":{"rendered":"Sonr\u00ede UDD 2015 &#8211; Odontolog\u00eda 2"},"author":40,"featured_media":0,"comment_status":"open","ping_status":"open","template":"","meta":[],"class_list":["post-2540","attachment","type-attachment","status-inherit","hentry"],"yoast_head":"<!-- This site is optimized with the Yoast SEO plugin v26.9 - https:\/\/yoast.com\/product\/yoast-seo-wordpress\/ -->\n<title>Sonr\u00ede UDD 2015 - Odontolog\u00eda 2 - Nutrici\u00f3n y Diet\u00e9tica<\/title>\n<meta name=\"robots\" content=\"index, follow, max-snippet:-1, max-image-preview:large, max-video-preview:-1\" \/>\n<link rel=\"canonical\" href=\"https:\/\/medicina.udd.cl\/nutricion-dietetica-santiago\/files\/2015\/01\/Sonr\u00ede-UDD-2015-Odontolog\u00eda-2.png\" \/>\n<meta property=\"og:locale\" content=\"es_ES\" \/>\n<meta property=\"og:type\" content=\"article\" \/>\n<meta property=\"og:title\" content=\"Sonr\u00ede UDD 2015 - Odontolog\u00eda 2 - Nutrici\u00f3n y Diet\u00e9tica\" \/>\n<meta property=\"og:url\" content=\"https:\/\/medicina.udd.cl\/nutricion-dietetica-santiago\/files\/2015\/01\/Sonr\u00ede-UDD-2015-Odontolog\u00eda-2.png\" \/>\n<meta property=\"og:site_name\" content=\"Nutrici\u00f3n y Diet\u00e9tica\" \/>\n<meta property=\"og:image\" content=\"https:\/\/medicina.udd.cl\/nutricion-dietetica-santiago\/files\/2015\/01\/Sonr\u00ede-UDD-2015-Odontolog\u00eda-2-1024x576.png\" \/>\n\t<meta property=\"og:image:width\" content=\"1024\" \/>\n\t<meta property=\"og:image:height\" content=\"576\" \/>\n\t<meta property=\"og:image:type\" content=\"image\/png\" \/>\n<script type=\"application\/ld+json\" class=\"yoast-schema-graph\">{\"@context\":\"https:\/\/schema.org\",\"@graph\":[{\"@type\":\"WebPage\",\"@id\":\"https:\/\/medicina.udd.cl\/nutricion-dietetica-santiago\/files\/2015\/01\/Sonr\u00ede-UDD-2015-Odontolog\u00eda-2.png\",\"url\":\"https:\/\/medicina.udd.cl\/nutricion-dietetica-santiago\/files\/2015\/01\/Sonr\u00ede-UDD-2015-Odontolog\u00eda-2.png\",\"name\":\"Sonr\u00ede UDD 2015 - Odontolog\u00eda 2 - Nutrici\u00f3n y Diet\u00e9tica\",\"isPartOf\":{\"@id\":\"https:\/\/medicina.udd.cl\/nutricion-dietetica-santiago\/#website\"},\"datePublished\":\"2015-01-30T15:28:54+00:00\",\"breadcrumb\":{\"@id\":\"https:\/\/medicina.udd.cl\/nutricion-dietetica-santiago\/files\/2015\/01\/Sonr\u00ede-UDD-2015-Odontolog\u00eda-2.png#breadcrumb\"},\"inLanguage\":\"es\",\"potentialAction\":[{\"@type\":\"ReadAction\",\"target\":[\"https:\/\/medicina.udd.cl\/nutricion-dietetica-santiago\/files\/2015\/01\/Sonr\u00ede-UDD-2015-Odontolog\u00eda-2.png\"]}]},{\"@type\":\"BreadcrumbList\",\"@id\":\"https:\/\/medicina.udd.cl\/nutricion-dietetica-santiago\/files\/2015\/01\/Sonr\u00ede-UDD-2015-Odontolog\u00eda-2.png#breadcrumb\",\"itemListElement\":[{\"@type\":\"ListItem\",\"position\":1,\"name\":\"Home\",\"item\":\"https:\/\/medicina.udd.cl\/nutricion-dietetica-santiago\/\"},{\"@type\":\"ListItem\",\"position\":2,\"name\":\"Estudiantes y profesores de la Facultad participaron en voluntariado Sonr\u00ede UDD\",\"item\":\"https:\/\/medicina.udd.cl\/nutricion-dietetica-santiago\/noticias\/2015\/01\/30\/estudiantes-y-profesores-de-la-facultad-participaron-en-voluntariado-sonrie-udd\/\"},{\"@type\":\"ListItem\",\"position\":3,\"name\":\"Sonr\u00ede UDD 2015 &#8211; Odontolog\u00eda 2\"}]},{\"@type\":\"WebSite\",\"@id\":\"https:\/\/medicina.udd.cl\/nutricion-dietetica-santiago\/#website\",\"url\":\"https:\/\/medicina.udd.cl\/nutricion-dietetica-santiago\/\",\"name\":\"Nutrici\u00f3n y Diet\u00e9tica\",\"description\":\"Facultad de Medicina C\u00ednica Alemana Universidad del Desarrollo\",\"inLanguage\":\"es\"}]}<\/script>\n<!-- \/ Yoast SEO plugin. -->","yoast_head_json":{"title":"Sonr\u00ede UDD 2015 - Odontolog\u00eda 2 - Nutrici\u00f3n y Diet\u00e9tica","robots":{"index":"index","follow":"follow","max-snippet":"max-snippet:-1","max-image-preview":"max-image-preview:large","max-video-preview":"max-video-preview:-1"},"canonical":"https:\/\/medicina.udd.cl\/nutricion-dietetica-santiago\/files\/2015\/01\/Sonr\u00ede-UDD-2015-Odontolog\u00eda-2.png","og_locale":"es_ES","og_type":"article","og_title":"Sonr\u00ede UDD 2015 - Odontolog\u00eda 2 - Nutrici\u00f3n y Diet\u00e9tica","og_url":"https:\/\/medicina.udd.cl\/nutricion-dietetica-santiago\/files\/2015\/01\/Sonr\u00ede-UDD-2015-Odontolog\u00eda-2.png","og_site_name":"Nutrici\u00f3n y Diet\u00e9tica","og_image":[{"width":1024,"height":576,"url":"https:\/\/medicina.udd.cl\/nutricion-dietetica-santiago\/files\/2015\/01\/Sonr\u00ede-UDD-2015-Odontolog\u00eda-2-1024x576.png","type":"image\/png"}],"schema":{"@context":"https:\/\/schema.org","@graph":[{"@type":"WebPage","@id":"https:\/\/medicina.udd.cl\/nutricion-dietetica-santiago\/files\/2015\/01\/Sonr\u00ede-UDD-2015-Odontolog\u00eda-2.png","url":"https:\/\/medicina.udd.cl\/nutricion-dietetica-santiago\/files\/2015\/01\/Sonr\u00ede-UDD-2015-Odontolog\u00eda-2.png","name":"Sonr\u00ede UDD 2015 - Odontolog\u00eda 2 - Nutrici\u00f3n y Diet\u00e9tica","isPartOf":{"@id":"https:\/\/medicina.udd.cl\/nutricion-dietetica-santiago\/#website"},"datePublished":"2015-01-30T15:28:54+00:00","breadcrumb":{"@id":"https:\/\/medicina.udd.cl\/nutricion-dietetica-santiago\/files\/2015\/01\/Sonr\u00ede-UDD-2015-Odontolog\u00eda-2.png#breadcrumb"},"inLanguage":"es","potentialAction":[{"@type":"ReadAction","target":["https:\/\/medicina.udd.cl\/nutricion-dietetica-santiago\/files\/2015\/01\/Sonr\u00ede-UDD-2015-Odontolog\u00eda-2.png"]}]},{"@type":"BreadcrumbList","@id":"https:\/\/medicina.udd.cl\/nutricion-dietetica-santiago\/files\/2015\/01\/Sonr\u00ede-UDD-2015-Odontolog\u00eda-2.png#breadcrumb","itemListElement":[{"@type":"ListItem","position":1,"name":"Home","item":"https:\/\/medicina.udd.cl\/nutricion-dietetica-santiago\/"},{"@type":"ListItem","position":2,"name":"Estudiantes y profesores de la Facultad participaron en voluntariado Sonr\u00ede UDD","item":"https:\/\/medicina.udd.cl\/nutricion-dietetica-santiago\/noticias\/2015\/01\/30\/estudiantes-y-profesores-de-la-facultad-participaron-en-voluntariado-sonrie-udd\/"},{"@type":"ListItem","position":3,"name":"Sonr\u00ede UDD 2015 &#8211; Odontolog\u00eda 2"}]},{"@type":"WebSite","@id":"https:\/\/medicina.udd.cl\/nutricion-dietetica-santiago\/#website","url":"https:\/\/medicina.udd.cl\/nutricion-dietetica-santiago\/","name":"Nutrici\u00f3n y Diet\u00e9tica","description":"Facultad de Medicina C\u00ednica Alemana Universidad del Desarrollo","inLanguage":"es"}]}},"description":{"rendered":"<p class=\"attachment\"><a href='https:\/\/medicina.udd.cl\/nutricion-dietetica-santiago\/files\/2015\/01\/Sonr\u00ede-UDD-2015-Odontolog\u00eda-2.png'><img loading=\"lazy\" decoding=\"async\" width=\"300\" height=\"169\" src=\"https:\/\/medicina.udd.cl\/nutricion-dietetica-santiago\/files\/2015\/01\/Sonr\u00ede-UDD-2015-Odontolog\u00eda-2-300x169.png\" class=\"attachment-medium size-medium\" alt=\"\" srcset=\"https:\/\/medicina.udd.cl\/nutricion-dietetica-santiago\/files\/2015\/01\/Sonr\u00ede-UDD-2015-Odontolog\u00eda-2-300x169.png 300w, https:\/\/medicina.udd.cl\/nutricion-dietetica-santiago\/files\/2015\/01\/Sonr\u00ede-UDD-2015-Odontolog\u00eda-2-768x432.png 768w, https:\/\/medicina.udd.cl\/nutricion-dietetica-santiago\/files\/2015\/01\/Sonr\u00ede-UDD-2015-Odontolog\u00eda-2-1024x576.png 1024w, https:\/\/medicina.udd.cl\/nutricion-dietetica-santiago\/files\/2015\/01\/Sonr\u00ede-UDD-2015-Odontolog\u00eda-2-800x450.png 800w, https:\/\/medicina.udd.cl\/nutricion-dietetica-santiago\/files\/2015\/01\/Sonr\u00ede-UDD-2015-Odontolog\u00eda-2-960x540.png 960w, https:\/\/medicina.udd.cl\/nutricion-dietetica-santiago\/files\/2015\/01\/Sonr\u00ede-UDD-2015-Odontolog\u00eda-2.png 1824w\" sizes=\"auto, (max-width: 300px) 100vw, 300px\" \/><\/a><\/p>\n"},"caption":{"rendered":""},"alt_text":"","media_type":"image","mime_type":"image\/png","media_details":{"width":1824,"height":1026,"file":"2015\/01\/Sonr\u00ede-UDD-2015-Odontolog\u00eda-2.png","sizes":{"thumbnail":{"file":"Sonr\u00ede-UDD-2015-Odontolog\u00eda-2-150x150.png","width":150,"height":150,"mime_type":"image\/png","source_url":"https:\/\/medicina.udd.cl\/nutricion-dietetica-santiago\/files\/2015\/01\/Sonr\u00ede-UDD-2015-Odontolog\u00eda-2-150x150.png"},"medium":{"file":"Sonr\u00ede-UDD-2015-Odontolog\u00eda-2-300x169.png","width":300,"height":169,"mime_type":"image\/png","source_url":"https:\/\/medicina.udd.cl\/nutricion-dietetica-santiago\/files\/2015\/01\/Sonr\u00ede-UDD-2015-Odontolog\u00eda-2-300x169.png"},"medium_large":{"file":"Sonr\u00ede-UDD-2015-Odontolog\u00eda-2-768x432.png","width":768,"height":432,"mime_type":"image\/png","source_url":"https:\/\/medicina.udd.cl\/nutricion-dietetica-santiago\/files\/2015\/01\/Sonr\u00ede-UDD-2015-Odontolog\u00eda-2-768x432.png"},"large":{"file":"Sonr\u00ede-UDD-2015-Odontolog\u00eda-2-1024x576.png","width":1024,"height":576,"mime_type":"image\/png","source_url":"https:\/\/medicina.udd.cl\/nutricion-dietetica-santiago\/files\/2015\/01\/Sonr\u00ede-UDD-2015-Odontolog\u00eda-2-1024x576.png"},"newsletter_featured":{"file":"Sonr\u00ede-UDD-2015-Odontolog\u00eda-2-316x224.png","width":316,"height":224,"mime_type":"image\/png","source_url":"https:\/\/medicina.udd.cl\/nutricion-dietetica-santiago\/files\/2015\/01\/Sonr\u00ede-UDD-2015-Odontolog\u00eda-2-316x224.png"},"newsletter_first":{"file":"Sonr\u00ede-UDD-2015-Odontolog\u00eda-2-286x205.png","width":286,"height":205,"mime_type":"image\/png","source_url":"https:\/\/medicina.udd.cl\/nutricion-dietetica-santiago\/files\/2015\/01\/Sonr\u00ede-UDD-2015-Odontolog\u00eda-2-286x205.png"},"newsletter_thumb":{"file":"Sonr\u00ede-UDD-2015-Odontolog\u00eda-2-288x150.png","width":288,"height":150,"mime_type":"image\/png","source_url":"https:\/\/medicina.udd.cl\/nutricion-dietetica-santiago\/files\/2015\/01\/Sonr\u00ede-UDD-2015-Odontolog\u00eda-2-288x150.png"},"newsletter_column":{"file":"Sonr\u00ede-UDD-2015-Odontolog\u00eda-2-182x140.png","width":182,"height":140,"mime_type":"image\/png","source_url":"https:\/\/medicina.udd.cl\/nutricion-dietetica-santiago\/files\/2015\/01\/Sonr\u00ede-UDD-2015-Odontolog\u00eda-2-182x140.png"},"newsletter_square":{"file":"Sonr\u00ede-UDD-2015-Odontolog\u00eda-2-62x62.png","width":62,"height":62,"mime_type":"image\/png","source_url":"https:\/\/medicina.udd.cl\/nutricion-dietetica-santiago\/files\/2015\/01\/Sonr\u00ede-UDD-2015-Odontolog\u00eda-2-62x62.png"},"newsletter_square_large":{"file":"Sonr\u00ede-UDD-2015-Odontolog\u00eda-2-87x62.png","width":87,"height":62,"mime_type":"image\/png","source_url":"https:\/\/medicina.udd.cl\/nutricion-dietetica-santiago\/files\/2015\/01\/Sonr\u00ede-UDD-2015-Odontolog\u00eda-2-87x62.png"},"featured-home":{"file":"Sonr\u00ede-UDD-2015-Odontolog\u00eda-2-800x450.png","width":800,"height":450,"mime_type":"image\/png","source_url":"https:\/\/medicina.udd.cl\/nutricion-dietetica-santiago\/files\/2015\/01\/Sonr\u00ede-UDD-2015-Odontolog\u00eda-2-800x450.png"},"featured-career":{"file":"Sonr\u00ede-UDD-2015-Odontolog\u00eda-2-660x430.png","width":660,"height":430,"mime_type":"image\/png","source_url":"https:\/\/medicina.udd.cl\/nutricion-dietetica-santiago\/files\/2015\/01\/Sonr\u00ede-UDD-2015-Odontolog\u00eda-2-660x430.png"},"squared":{"file":"Sonr\u00ede-UDD-2015-Odontolog\u00eda-2-300x300.png","width":300,"height":300,"mime_type":"image\/png","source_url":"https:\/\/medicina.udd.cl\/nutricion-dietetica-santiago\/files\/2015\/01\/Sonr\u00ede-UDD-2015-Odontolog\u00eda-2-300x300.png"},"stretch":{"file":"Sonr\u00ede-UDD-2015-Odontolog\u00eda-2-800x450.png","width":800,"height":450,"mime_type":"image\/png","source_url":"https:\/\/medicina.udd.cl\/nutricion-dietetica-santiago\/files\/2015\/01\/Sonr\u00ede-UDD-2015-Odontolog\u00eda-2-800x450.png"},"portrait-medium":{"file":"Sonr\u00ede-UDD-2015-Odontolog\u00eda-2-220x260.png","width":220,"height":260,"mime_type":"image\/png","source_url":"https:\/\/medicina.udd.cl\/nutricion-dietetica-santiago\/files\/2015\/01\/Sonr\u00ede-UDD-2015-Odontolog\u00eda-2-220x260.png"},"landscape-small":{"file":"Sonr\u00ede-UDD-2015-Odontolog\u00eda-2-125x80.png","width":125,"height":80,"mime_type":"image\/png","source_url":"https:\/\/medicina.udd.cl\/nutricion-dietetica-santiago\/files\/2015\/01\/Sonr\u00ede-UDD-2015-Odontolog\u00eda-2-125x80.png"},"landscape-medium":{"file":"Sonr\u00ede-UDD-2015-Odontolog\u00eda-2-340x220.png","width":340,"height":220,"mime_type":"image\/png","source_url":"https:\/\/medicina.udd.cl\/nutricion-dietetica-santiago\/files\/2015\/01\/Sonr\u00ede-UDD-2015-Odontolog\u00eda-2-340x220.png"},"landscape-large":{"file":"Sonr\u00ede-UDD-2015-Odontolog\u00eda-2-365x255.png","width":365,"height":255,"mime_type":"image\/png","source_url":"https:\/\/medicina.udd.cl\/nutricion-dietetica-santiago\/files\/2015\/01\/Sonr\u00ede-UDD-2015-Odontolog\u00eda-2-365x255.png"},"landscape-xlarge":{"file":"Sonr\u00ede-UDD-2015-Odontolog\u00eda-2-660x430.png","width":660,"height":430,"mime_type":"image\/png","source_url":"https:\/\/medicina.udd.cl\/nutricion-dietetica-santiago\/files\/2015\/01\/Sonr\u00ede-UDD-2015-Odontolog\u00eda-2-660x430.png"},"panoramic":{"file":"Sonr\u00ede-UDD-2015-Odontolog\u00eda-2-940x345.png","width":940,"height":345,"mime_type":"image\/png","source_url":"https:\/\/medicina.udd.cl\/nutricion-dietetica-santiago\/files\/2015\/01\/Sonr\u00ede-UDD-2015-Odontolog\u00eda-2-940x345.png"},"stretch-large":{"file":"Sonr\u00ede-UDD-2015-Odontolog\u00eda-2-940x450.png","width":940,"height":450,"mime_type":"image\/png","source_url":"https:\/\/medicina.udd.cl\/nutricion-dietetica-santiago\/files\/2015\/01\/Sonr\u00ede-UDD-2015-Odontolog\u00eda-2-940x450.png"},"proportional-large":{"file":"Sonr\u00ede-UDD-2015-Odontolog\u00eda-2-960x540.png","width":960,"height":540,"mime_type":"image\/png","source_url":"https:\/\/medicina.udd.cl\/nutricion-dietetica-santiago\/files\/2015\/01\/Sonr\u00ede-UDD-2015-Odontolog\u00eda-2-960x540.png"},"custom_content":{"file":"Sonr\u00ede-UDD-2015-Odontolog\u00eda-2-126x126.png","width":126,"height":126,"mime_type":"image\/png","source_url":"https:\/\/medicina.udd.cl\/nutricion-dietetica-santiago\/files\/2015\/01\/Sonr\u00ede-UDD-2015-Odontolog\u00eda-2-126x126.png"},"full":{"file":"Sonr\u00ede-UDD-2015-Odontolog\u00eda-2.png","width":1824,"height":1026,"mime_type":"image\/png","source_url":"https:\/\/medicina.udd.cl\/nutricion-dietetica-santiago\/files\/2015\/01\/Sonr\u00ede-UDD-2015-Odontolog\u00eda-2.png"}},"image_meta":{"aperture":"0","credit":"","camera":"","caption":"","created_timestamp":"0","copyright":"","focal_length":"0","iso":"0","shutter_speed":"0","title":"","orientation":"0","keywords":[]}},"post":2532,"source_url":"https:\/\/medicina.udd.cl\/nutricion-dietetica-santiago\/files\/2015\/01\/Sonr\u00ede-UDD-2015-Odontolog\u00eda-2.png","_links":{"self":[{"href":"https:\/\/medicina.udd.cl\/nutricion-dietetica-santiago\/wp-json\/wp\/v2\/media\/2540","targetHints":{"allow":["GET"]}}],"collection":[{"href":"https:\/\/medicina.udd.cl\/nutricion-dietetica-santiago\/wp-json\/wp\/v2\/media"}],"about":[{"href":"https:\/\/medicina.udd.cl\/nutricion-dietetica-santiago\/wp-json\/wp\/v2\/types\/attachment"}],"author":[{"embeddable":true,"href":"https:\/\/medicina.udd.cl\/nutricion-dietetica-santiago\/wp-json\/wp\/v2\/users\/40"}],"replies":[{"embeddable":true,"href":"https:\/\/medicina.udd.cl\/nutricion-dietetica-santiago\/wp-json\/wp\/v2\/comments?post=2540"}],"wp:attached-to":[{"embeddable":true,"post_type":"post","id":2532,"href":"https:\/\/medicina.udd.cl\/nutricion-dietetica-santiago\/wp-json\/wp\/v2\/posts\/2532"}],"curies":[{"name":"wp","href":"https:\/\/api.w.org\/{rel}","templated":true}]}}