{"id":3433,"date":"2016-07-22T08:25:19","date_gmt":"2016-07-22T12:25:19","guid":{"rendered":"http:\/\/medicina.udd.cl\/nutricion-dietetica-santiago\/files\/2016\/07\/Sonr\u00ede-UDD-14.jpg"},"modified":"2016-07-22T08:25:19","modified_gmt":"2016-07-22T12:25:19","slug":"sonrie-udd-14","status":"inherit","type":"attachment","link":"https:\/\/medicina.udd.cl\/nutricion-dietetica-santiago\/noticias\/2016\/07\/22\/mas-de-100-alumnos-de-la-facultad-participaron-en-nueva-version-de-sonrie-udd\/sonrie-udd-14\/","title":{"rendered":"Sonr\u00ede UDD (14)"},"author":9192192,"featured_media":0,"comment_status":"open","ping_status":"closed","template":"","meta":[],"class_list":["post-3433","attachment","type-attachment","status-inherit","hentry"],"yoast_head":"<!-- This site is optimized with the Yoast SEO plugin v26.9 - https:\/\/yoast.com\/product\/yoast-seo-wordpress\/ -->\n<title>Sonr\u00ede UDD (14) - Nutrici\u00f3n y Diet\u00e9tica<\/title>\n<meta name=\"robots\" content=\"index, follow, max-snippet:-1, max-image-preview:large, max-video-preview:-1\" \/>\n<link rel=\"canonical\" href=\"https:\/\/medicina.udd.cl\/nutricion-dietetica-santiago\/files\/2016\/07\/Sonr\u00ede-UDD-14.jpg\" \/>\n<meta property=\"og:locale\" content=\"es_ES\" \/>\n<meta property=\"og:type\" content=\"article\" \/>\n<meta property=\"og:title\" content=\"Sonr\u00ede UDD (14) - Nutrici\u00f3n y Diet\u00e9tica\" \/>\n<meta property=\"og:url\" content=\"https:\/\/medicina.udd.cl\/nutricion-dietetica-santiago\/files\/2016\/07\/Sonr\u00ede-UDD-14.jpg\" \/>\n<meta property=\"og:site_name\" content=\"Nutrici\u00f3n y Diet\u00e9tica\" \/>\n<meta property=\"og:image\" content=\"https:\/\/medicina.udd.cl\/nutricion-dietetica-santiago\/files\/2016\/07\/Sonr\u00ede-UDD-14.jpg\" \/>\n\t<meta property=\"og:image:width\" content=\"2021\" \/>\n\t<meta property=\"og:image:height\" content=\"1350\" \/>\n\t<meta property=\"og:image:type\" content=\"image\/jpeg\" \/>\n<script type=\"application\/ld+json\" class=\"yoast-schema-graph\">{\"@context\":\"https:\/\/schema.org\",\"@graph\":[{\"@type\":\"WebPage\",\"@id\":\"https:\/\/medicina.udd.cl\/nutricion-dietetica-santiago\/files\/2016\/07\/Sonr\u00ede-UDD-14.jpg\",\"url\":\"https:\/\/medicina.udd.cl\/nutricion-dietetica-santiago\/files\/2016\/07\/Sonr\u00ede-UDD-14.jpg\",\"name\":\"Sonr\u00ede UDD (14) - Nutrici\u00f3n y Diet\u00e9tica\",\"isPartOf\":{\"@id\":\"https:\/\/medicina.udd.cl\/nutricion-dietetica-santiago\/#website\"},\"datePublished\":\"2016-07-22T12:25:19+00:00\",\"breadcrumb\":{\"@id\":\"https:\/\/medicina.udd.cl\/nutricion-dietetica-santiago\/files\/2016\/07\/Sonr\u00ede-UDD-14.jpg#breadcrumb\"},\"inLanguage\":\"es\",\"potentialAction\":[{\"@type\":\"ReadAction\",\"target\":[\"https:\/\/medicina.udd.cl\/nutricion-dietetica-santiago\/files\/2016\/07\/Sonr\u00ede-UDD-14.jpg\"]}]},{\"@type\":\"BreadcrumbList\",\"@id\":\"https:\/\/medicina.udd.cl\/nutricion-dietetica-santiago\/files\/2016\/07\/Sonr\u00ede-UDD-14.jpg#breadcrumb\",\"itemListElement\":[{\"@type\":\"ListItem\",\"position\":1,\"name\":\"Home\",\"item\":\"https:\/\/medicina.udd.cl\/nutricion-dietetica-santiago\/\"},{\"@type\":\"ListItem\",\"position\":2,\"name\":\"M\u00e1s de 100 alumnos de la Facultad participaron en nueva versi\u00f3n de Sonr\u00ede UDD\",\"item\":\"https:\/\/medicina.udd.cl\/nutricion-dietetica-santiago\/noticias\/2016\/07\/22\/mas-de-100-alumnos-de-la-facultad-participaron-en-nueva-version-de-sonrie-udd\/\"},{\"@type\":\"ListItem\",\"position\":3,\"name\":\"Sonr\u00ede UDD (14)\"}]},{\"@type\":\"WebSite\",\"@id\":\"https:\/\/medicina.udd.cl\/nutricion-dietetica-santiago\/#website\",\"url\":\"https:\/\/medicina.udd.cl\/nutricion-dietetica-santiago\/\",\"name\":\"Nutrici\u00f3n y Diet\u00e9tica\",\"description\":\"Facultad de Medicina C\u00ednica Alemana Universidad del Desarrollo\",\"inLanguage\":\"es\"}]}<\/script>\n<!-- \/ Yoast SEO plugin. -->","yoast_head_json":{"title":"Sonr\u00ede UDD (14) - Nutrici\u00f3n y Diet\u00e9tica","robots":{"index":"index","follow":"follow","max-snippet":"max-snippet:-1","max-image-preview":"max-image-preview:large","max-video-preview":"max-video-preview:-1"},"canonical":"https:\/\/medicina.udd.cl\/nutricion-dietetica-santiago\/files\/2016\/07\/Sonr\u00ede-UDD-14.jpg","og_locale":"es_ES","og_type":"article","og_title":"Sonr\u00ede UDD (14) - Nutrici\u00f3n y Diet\u00e9tica","og_url":"https:\/\/medicina.udd.cl\/nutricion-dietetica-santiago\/files\/2016\/07\/Sonr\u00ede-UDD-14.jpg","og_site_name":"Nutrici\u00f3n y Diet\u00e9tica","og_image":[{"width":2021,"height":1350,"url":"https:\/\/medicina.udd.cl\/nutricion-dietetica-santiago\/files\/2016\/07\/Sonr\u00ede-UDD-14.jpg","type":"image\/jpeg"}],"schema":{"@context":"https:\/\/schema.org","@graph":[{"@type":"WebPage","@id":"https:\/\/medicina.udd.cl\/nutricion-dietetica-santiago\/files\/2016\/07\/Sonr\u00ede-UDD-14.jpg","url":"https:\/\/medicina.udd.cl\/nutricion-dietetica-santiago\/files\/2016\/07\/Sonr\u00ede-UDD-14.jpg","name":"Sonr\u00ede UDD (14) - Nutrici\u00f3n y Diet\u00e9tica","isPartOf":{"@id":"https:\/\/medicina.udd.cl\/nutricion-dietetica-santiago\/#website"},"datePublished":"2016-07-22T12:25:19+00:00","breadcrumb":{"@id":"https:\/\/medicina.udd.cl\/nutricion-dietetica-santiago\/files\/2016\/07\/Sonr\u00ede-UDD-14.jpg#breadcrumb"},"inLanguage":"es","potentialAction":[{"@type":"ReadAction","target":["https:\/\/medicina.udd.cl\/nutricion-dietetica-santiago\/files\/2016\/07\/Sonr\u00ede-UDD-14.jpg"]}]},{"@type":"BreadcrumbList","@id":"https:\/\/medicina.udd.cl\/nutricion-dietetica-santiago\/files\/2016\/07\/Sonr\u00ede-UDD-14.jpg#breadcrumb","itemListElement":[{"@type":"ListItem","position":1,"name":"Home","item":"https:\/\/medicina.udd.cl\/nutricion-dietetica-santiago\/"},{"@type":"ListItem","position":2,"name":"M\u00e1s de 100 alumnos de la Facultad participaron en nueva versi\u00f3n de Sonr\u00ede UDD","item":"https:\/\/medicina.udd.cl\/nutricion-dietetica-santiago\/noticias\/2016\/07\/22\/mas-de-100-alumnos-de-la-facultad-participaron-en-nueva-version-de-sonrie-udd\/"},{"@type":"ListItem","position":3,"name":"Sonr\u00ede UDD (14)"}]},{"@type":"WebSite","@id":"https:\/\/medicina.udd.cl\/nutricion-dietetica-santiago\/#website","url":"https:\/\/medicina.udd.cl\/nutricion-dietetica-santiago\/","name":"Nutrici\u00f3n y Diet\u00e9tica","description":"Facultad de Medicina C\u00ednica Alemana Universidad del Desarrollo","inLanguage":"es"}]}},"description":{"rendered":"<p class=\"attachment\"><a href='https:\/\/medicina.udd.cl\/nutricion-dietetica-santiago\/files\/2016\/07\/Sonr\u00ede-UDD-14.jpg'><img loading=\"lazy\" decoding=\"async\" width=\"300\" height=\"200\" src=\"https:\/\/medicina.udd.cl\/nutricion-dietetica-santiago\/files\/2016\/07\/Sonr\u00ede-UDD-14-300x200.jpg\" class=\"attachment-medium size-medium\" alt=\"\" srcset=\"https:\/\/medicina.udd.cl\/nutricion-dietetica-santiago\/files\/2016\/07\/Sonr\u00ede-UDD-14-300x200.jpg 300w, https:\/\/medicina.udd.cl\/nutricion-dietetica-santiago\/files\/2016\/07\/Sonr\u00ede-UDD-14-768x513.jpg 768w, https:\/\/medicina.udd.cl\/nutricion-dietetica-santiago\/files\/2016\/07\/Sonr\u00ede-UDD-14-1024x684.jpg 1024w, https:\/\/medicina.udd.cl\/nutricion-dietetica-santiago\/files\/2016\/07\/Sonr\u00ede-UDD-14-960x641.jpg 960w, https:\/\/medicina.udd.cl\/nutricion-dietetica-santiago\/files\/2016\/07\/Sonr\u00ede-UDD-14.jpg 2021w\" sizes=\"auto, (max-width: 300px) 100vw, 300px\" \/><\/a><\/p>\n"},"caption":{"rendered":""},"alt_text":"","media_type":"image","mime_type":"image\/jpeg","media_details":{"width":2021,"height":1350,"file":"2016\/07\/Sonr\u00ede-UDD-14.jpg","sizes":{"thumbnail":{"file":"Sonr\u00ede-UDD-14-150x150.jpg","width":150,"height":150,"mime_type":"image\/jpeg","source_url":"https:\/\/medicina.udd.cl\/nutricion-dietetica-santiago\/files\/2016\/07\/Sonr\u00ede-UDD-14-150x150.jpg"},"medium":{"file":"Sonr\u00ede-UDD-14-300x200.jpg","width":300,"height":200,"mime_type":"image\/jpeg","source_url":"https:\/\/medicina.udd.cl\/nutricion-dietetica-santiago\/files\/2016\/07\/Sonr\u00ede-UDD-14-300x200.jpg"},"medium_large":{"file":"Sonr\u00ede-UDD-14-768x513.jpg","width":768,"height":513,"mime_type":"image\/jpeg","source_url":"https:\/\/medicina.udd.cl\/nutricion-dietetica-santiago\/files\/2016\/07\/Sonr\u00ede-UDD-14-768x513.jpg"},"large":{"file":"Sonr\u00ede-UDD-14-1024x684.jpg","width":1024,"height":684,"mime_type":"image\/jpeg","source_url":"https:\/\/medicina.udd.cl\/nutricion-dietetica-santiago\/files\/2016\/07\/Sonr\u00ede-UDD-14-1024x684.jpg"},"newsletter_featured":{"file":"Sonr\u00ede-UDD-14-316x224.jpg","width":316,"height":224,"mime_type":"image\/jpeg","source_url":"https:\/\/medicina.udd.cl\/nutricion-dietetica-santiago\/files\/2016\/07\/Sonr\u00ede-UDD-14-316x224.jpg"},"newsletter_first":{"file":"Sonr\u00ede-UDD-14-286x205.jpg","width":286,"height":205,"mime_type":"image\/jpeg","source_url":"https:\/\/medicina.udd.cl\/nutricion-dietetica-santiago\/files\/2016\/07\/Sonr\u00ede-UDD-14-286x205.jpg"},"newsletter_thumb":{"file":"Sonr\u00ede-UDD-14-288x150.jpg","width":288,"height":150,"mime_type":"image\/jpeg","source_url":"https:\/\/medicina.udd.cl\/nutricion-dietetica-santiago\/files\/2016\/07\/Sonr\u00ede-UDD-14-288x150.jpg"},"newsletter_column":{"file":"Sonr\u00ede-UDD-14-182x140.jpg","width":182,"height":140,"mime_type":"image\/jpeg","source_url":"https:\/\/medicina.udd.cl\/nutricion-dietetica-santiago\/files\/2016\/07\/Sonr\u00ede-UDD-14-182x140.jpg"},"newsletter_square":{"file":"Sonr\u00ede-UDD-14-62x62.jpg","width":62,"height":62,"mime_type":"image\/jpeg","source_url":"https:\/\/medicina.udd.cl\/nutricion-dietetica-santiago\/files\/2016\/07\/Sonr\u00ede-UDD-14-62x62.jpg"},"newsletter_square_large":{"file":"Sonr\u00ede-UDD-14-87x62.jpg","width":87,"height":62,"mime_type":"image\/jpeg","source_url":"https:\/\/medicina.udd.cl\/nutricion-dietetica-santiago\/files\/2016\/07\/Sonr\u00ede-UDD-14-87x62.jpg"},"featured-home":{"file":"Sonr\u00ede-UDD-14-800x450.jpg","width":800,"height":450,"mime_type":"image\/jpeg","source_url":"https:\/\/medicina.udd.cl\/nutricion-dietetica-santiago\/files\/2016\/07\/Sonr\u00ede-UDD-14-800x450.jpg"},"featured-career":{"file":"Sonr\u00ede-UDD-14-660x430.jpg","width":660,"height":430,"mime_type":"image\/jpeg","source_url":"https:\/\/medicina.udd.cl\/nutricion-dietetica-santiago\/files\/2016\/07\/Sonr\u00ede-UDD-14-660x430.jpg"},"squared":{"file":"Sonr\u00ede-UDD-14-300x300.jpg","width":300,"height":300,"mime_type":"image\/jpeg","source_url":"https:\/\/medicina.udd.cl\/nutricion-dietetica-santiago\/files\/2016\/07\/Sonr\u00ede-UDD-14-300x300.jpg"},"stretch":{"file":"Sonr\u00ede-UDD-14-800x450.jpg","width":800,"height":450,"mime_type":"image\/jpeg","source_url":"https:\/\/medicina.udd.cl\/nutricion-dietetica-santiago\/files\/2016\/07\/Sonr\u00ede-UDD-14-800x450.jpg"},"portrait-medium":{"file":"Sonr\u00ede-UDD-14-220x260.jpg","width":220,"height":260,"mime_type":"image\/jpeg","source_url":"https:\/\/medicina.udd.cl\/nutricion-dietetica-santiago\/files\/2016\/07\/Sonr\u00ede-UDD-14-220x260.jpg"},"landscape-small":{"file":"Sonr\u00ede-UDD-14-125x80.jpg","width":125,"height":80,"mime_type":"image\/jpeg","source_url":"https:\/\/medicina.udd.cl\/nutricion-dietetica-santiago\/files\/2016\/07\/Sonr\u00ede-UDD-14-125x80.jpg"},"landscape-medium":{"file":"Sonr\u00ede-UDD-14-340x220.jpg","width":340,"height":220,"mime_type":"image\/jpeg","source_url":"https:\/\/medicina.udd.cl\/nutricion-dietetica-santiago\/files\/2016\/07\/Sonr\u00ede-UDD-14-340x220.jpg"},"landscape-large":{"file":"Sonr\u00ede-UDD-14-365x255.jpg","width":365,"height":255,"mime_type":"image\/jpeg","source_url":"https:\/\/medicina.udd.cl\/nutricion-dietetica-santiago\/files\/2016\/07\/Sonr\u00ede-UDD-14-365x255.jpg"},"landscape-xlarge":{"file":"Sonr\u00ede-UDD-14-660x430.jpg","width":660,"height":430,"mime_type":"image\/jpeg","source_url":"https:\/\/medicina.udd.cl\/nutricion-dietetica-santiago\/files\/2016\/07\/Sonr\u00ede-UDD-14-660x430.jpg"},"panoramic":{"file":"Sonr\u00ede-UDD-14-940x345.jpg","width":940,"height":345,"mime_type":"image\/jpeg","source_url":"https:\/\/medicina.udd.cl\/nutricion-dietetica-santiago\/files\/2016\/07\/Sonr\u00ede-UDD-14-940x345.jpg"},"stretch-large":{"file":"Sonr\u00ede-UDD-14-940x450.jpg","width":940,"height":450,"mime_type":"image\/jpeg","source_url":"https:\/\/medicina.udd.cl\/nutricion-dietetica-santiago\/files\/2016\/07\/Sonr\u00ede-UDD-14-940x450.jpg"},"proportional-large":{"file":"Sonr\u00ede-UDD-14-960x641.jpg","width":960,"height":641,"mime_type":"image\/jpeg","source_url":"https:\/\/medicina.udd.cl\/nutricion-dietetica-santiago\/files\/2016\/07\/Sonr\u00ede-UDD-14-960x641.jpg"},"custom_content":{"file":"Sonr\u00ede-UDD-14-126x126.jpg","width":126,"height":126,"mime_type":"image\/jpeg","source_url":"https:\/\/medicina.udd.cl\/nutricion-dietetica-santiago\/files\/2016\/07\/Sonr\u00ede-UDD-14-126x126.jpg"},"full":{"file":"Sonr\u00ede-UDD-14.jpg","width":2021,"height":1350,"mime_type":"image\/jpeg","source_url":"https:\/\/medicina.udd.cl\/nutricion-dietetica-santiago\/files\/2016\/07\/Sonr\u00ede-UDD-14.jpg"}},"image_meta":{"aperture":"0","credit":"Picasa","camera":"","caption":"","created_timestamp":"1469108154","copyright":"","focal_length":"0","iso":"0","shutter_speed":"0","title":"","orientation":"0","keywords":[]}},"post":3419,"source_url":"https:\/\/medicina.udd.cl\/nutricion-dietetica-santiago\/files\/2016\/07\/Sonr\u00ede-UDD-14.jpg","_links":{"self":[{"href":"https:\/\/medicina.udd.cl\/nutricion-dietetica-santiago\/wp-json\/wp\/v2\/media\/3433","targetHints":{"allow":["GET"]}}],"collection":[{"href":"https:\/\/medicina.udd.cl\/nutricion-dietetica-santiago\/wp-json\/wp\/v2\/media"}],"about":[{"href":"https:\/\/medicina.udd.cl\/nutricion-dietetica-santiago\/wp-json\/wp\/v2\/types\/attachment"}],"author":[{"embeddable":true,"href":"https:\/\/medicina.udd.cl\/nutricion-dietetica-santiago\/wp-json\/wp\/v2\/users\/9192192"}],"replies":[{"embeddable":true,"href":"https:\/\/medicina.udd.cl\/nutricion-dietetica-santiago\/wp-json\/wp\/v2\/comments?post=3433"}],"wp:attached-to":[{"embeddable":true,"post_type":"post","id":3419,"href":"https:\/\/medicina.udd.cl\/nutricion-dietetica-santiago\/wp-json\/wp\/v2\/posts\/3419"}],"curies":[{"name":"wp","href":"https:\/\/api.w.org\/{rel}","templated":true}]}}