{"id":560,"date":"2012-01-06T08:34:59","date_gmt":"2012-01-06T11:34:59","guid":{"rendered":"http:\/\/medicina.udd.cl\/nutricion-dietetica-santiago\/files\/2012\/01\/M\u00f3dulo-docente-del-Hospital-Padre-Hurtado.jpg"},"modified":"2012-01-06T08:34:59","modified_gmt":"2012-01-06T11:34:59","slug":"modulo-docente-del-hospital-padre-hurtado-2","status":"inherit","type":"attachment","link":"https:\/\/medicina.udd.cl\/nutricion-dietetica-santiago\/noticias\/2012\/01\/06\/primera-generacion-de-egresados-de-nutricion-y-dietetica\/modulo-docente-del-hospital-padre-hurtado-2\/","title":{"rendered":"M\u00f3dulo docente del Hospital Padre Hurtado"},"author":1,"featured_media":0,"comment_status":"open","ping_status":"open","template":"","meta":[],"class_list":["post-560","attachment","type-attachment","status-inherit","hentry"],"yoast_head":"<!-- This site is optimized with the Yoast SEO plugin v26.9 - https:\/\/yoast.com\/product\/yoast-seo-wordpress\/ -->\n<title>M\u00f3dulo docente del Hospital Padre Hurtado - Nutrici\u00f3n y Diet\u00e9tica<\/title>\n<meta name=\"robots\" content=\"index, follow, max-snippet:-1, max-image-preview:large, max-video-preview:-1\" \/>\n<link rel=\"canonical\" href=\"https:\/\/medicina.udd.cl\/nutricion-dietetica-santiago\/files\/2012\/01\/M\u00f3dulo-docente-del-Hospital-Padre-Hurtado.jpg\" \/>\n<meta property=\"og:locale\" content=\"es_ES\" \/>\n<meta property=\"og:type\" content=\"article\" \/>\n<meta property=\"og:title\" content=\"M\u00f3dulo docente del Hospital Padre Hurtado - Nutrici\u00f3n y Diet\u00e9tica\" \/>\n<meta property=\"og:url\" content=\"https:\/\/medicina.udd.cl\/nutricion-dietetica-santiago\/files\/2012\/01\/M\u00f3dulo-docente-del-Hospital-Padre-Hurtado.jpg\" \/>\n<meta property=\"og:site_name\" content=\"Nutrici\u00f3n y Diet\u00e9tica\" \/>\n<meta property=\"og:image\" content=\"https:\/\/medicina.udd.cl\/nutricion-dietetica-santiago\/files\/2012\/01\/M\u00f3dulo-docente-del-Hospital-Padre-Hurtado.jpg\" \/>\n\t<meta property=\"og:image:width\" content=\"1585\" \/>\n\t<meta property=\"og:image:height\" content=\"1126\" \/>\n\t<meta property=\"og:image:type\" content=\"image\/jpeg\" \/>\n<script type=\"application\/ld+json\" class=\"yoast-schema-graph\">{\"@context\":\"https:\/\/schema.org\",\"@graph\":[{\"@type\":\"WebPage\",\"@id\":\"https:\/\/medicina.udd.cl\/nutricion-dietetica-santiago\/files\/2012\/01\/M\u00f3dulo-docente-del-Hospital-Padre-Hurtado.jpg\",\"url\":\"https:\/\/medicina.udd.cl\/nutricion-dietetica-santiago\/files\/2012\/01\/M\u00f3dulo-docente-del-Hospital-Padre-Hurtado.jpg\",\"name\":\"M\u00f3dulo docente del Hospital Padre Hurtado - Nutrici\u00f3n y Diet\u00e9tica\",\"isPartOf\":{\"@id\":\"https:\/\/medicina.udd.cl\/nutricion-dietetica-santiago\/#website\"},\"datePublished\":\"2012-01-06T11:34:59+00:00\",\"breadcrumb\":{\"@id\":\"https:\/\/medicina.udd.cl\/nutricion-dietetica-santiago\/files\/2012\/01\/M\u00f3dulo-docente-del-Hospital-Padre-Hurtado.jpg#breadcrumb\"},\"inLanguage\":\"es\",\"potentialAction\":[{\"@type\":\"ReadAction\",\"target\":[\"https:\/\/medicina.udd.cl\/nutricion-dietetica-santiago\/files\/2012\/01\/M\u00f3dulo-docente-del-Hospital-Padre-Hurtado.jpg\"]}]},{\"@type\":\"BreadcrumbList\",\"@id\":\"https:\/\/medicina.udd.cl\/nutricion-dietetica-santiago\/files\/2012\/01\/M\u00f3dulo-docente-del-Hospital-Padre-Hurtado.jpg#breadcrumb\",\"itemListElement\":[{\"@type\":\"ListItem\",\"position\":1,\"name\":\"Home\",\"item\":\"https:\/\/medicina.udd.cl\/nutricion-dietetica-santiago\/\"},{\"@type\":\"ListItem\",\"position\":2,\"name\":\"Primera generaci\u00f3n de egresados de Nutrici\u00f3n y Diet\u00e9tica\",\"item\":\"https:\/\/medicina.udd.cl\/nutricion-dietetica-santiago\/noticias\/2012\/01\/06\/primera-generacion-de-egresados-de-nutricion-y-dietetica\/\"},{\"@type\":\"ListItem\",\"position\":3,\"name\":\"M\u00f3dulo docente del Hospital Padre Hurtado\"}]},{\"@type\":\"WebSite\",\"@id\":\"https:\/\/medicina.udd.cl\/nutricion-dietetica-santiago\/#website\",\"url\":\"https:\/\/medicina.udd.cl\/nutricion-dietetica-santiago\/\",\"name\":\"Nutrici\u00f3n y Diet\u00e9tica\",\"description\":\"Facultad de Medicina C\u00ednica Alemana Universidad del Desarrollo\",\"inLanguage\":\"es\"}]}<\/script>\n<!-- \/ Yoast SEO plugin. -->","yoast_head_json":{"title":"M\u00f3dulo docente del Hospital Padre Hurtado - Nutrici\u00f3n y Diet\u00e9tica","robots":{"index":"index","follow":"follow","max-snippet":"max-snippet:-1","max-image-preview":"max-image-preview:large","max-video-preview":"max-video-preview:-1"},"canonical":"https:\/\/medicina.udd.cl\/nutricion-dietetica-santiago\/files\/2012\/01\/M\u00f3dulo-docente-del-Hospital-Padre-Hurtado.jpg","og_locale":"es_ES","og_type":"article","og_title":"M\u00f3dulo docente del Hospital Padre Hurtado - Nutrici\u00f3n y Diet\u00e9tica","og_url":"https:\/\/medicina.udd.cl\/nutricion-dietetica-santiago\/files\/2012\/01\/M\u00f3dulo-docente-del-Hospital-Padre-Hurtado.jpg","og_site_name":"Nutrici\u00f3n y Diet\u00e9tica","og_image":[{"width":1585,"height":1126,"url":"https:\/\/medicina.udd.cl\/nutricion-dietetica-santiago\/files\/2012\/01\/M\u00f3dulo-docente-del-Hospital-Padre-Hurtado.jpg","type":"image\/jpeg"}],"schema":{"@context":"https:\/\/schema.org","@graph":[{"@type":"WebPage","@id":"https:\/\/medicina.udd.cl\/nutricion-dietetica-santiago\/files\/2012\/01\/M\u00f3dulo-docente-del-Hospital-Padre-Hurtado.jpg","url":"https:\/\/medicina.udd.cl\/nutricion-dietetica-santiago\/files\/2012\/01\/M\u00f3dulo-docente-del-Hospital-Padre-Hurtado.jpg","name":"M\u00f3dulo docente del Hospital Padre Hurtado - Nutrici\u00f3n y Diet\u00e9tica","isPartOf":{"@id":"https:\/\/medicina.udd.cl\/nutricion-dietetica-santiago\/#website"},"datePublished":"2012-01-06T11:34:59+00:00","breadcrumb":{"@id":"https:\/\/medicina.udd.cl\/nutricion-dietetica-santiago\/files\/2012\/01\/M\u00f3dulo-docente-del-Hospital-Padre-Hurtado.jpg#breadcrumb"},"inLanguage":"es","potentialAction":[{"@type":"ReadAction","target":["https:\/\/medicina.udd.cl\/nutricion-dietetica-santiago\/files\/2012\/01\/M\u00f3dulo-docente-del-Hospital-Padre-Hurtado.jpg"]}]},{"@type":"BreadcrumbList","@id":"https:\/\/medicina.udd.cl\/nutricion-dietetica-santiago\/files\/2012\/01\/M\u00f3dulo-docente-del-Hospital-Padre-Hurtado.jpg#breadcrumb","itemListElement":[{"@type":"ListItem","position":1,"name":"Home","item":"https:\/\/medicina.udd.cl\/nutricion-dietetica-santiago\/"},{"@type":"ListItem","position":2,"name":"Primera generaci\u00f3n de egresados de Nutrici\u00f3n y Diet\u00e9tica","item":"https:\/\/medicina.udd.cl\/nutricion-dietetica-santiago\/noticias\/2012\/01\/06\/primera-generacion-de-egresados-de-nutricion-y-dietetica\/"},{"@type":"ListItem","position":3,"name":"M\u00f3dulo docente del Hospital Padre Hurtado"}]},{"@type":"WebSite","@id":"https:\/\/medicina.udd.cl\/nutricion-dietetica-santiago\/#website","url":"https:\/\/medicina.udd.cl\/nutricion-dietetica-santiago\/","name":"Nutrici\u00f3n y Diet\u00e9tica","description":"Facultad de Medicina C\u00ednica Alemana Universidad del Desarrollo","inLanguage":"es"}]}},"description":{"rendered":"<p class=\"attachment\"><a href='https:\/\/medicina.udd.cl\/nutricion-dietetica-santiago\/files\/2012\/01\/M\u00f3dulo-docente-del-Hospital-Padre-Hurtado.jpg'><img loading=\"lazy\" decoding=\"async\" width=\"300\" height=\"213\" src=\"https:\/\/medicina.udd.cl\/nutricion-dietetica-santiago\/files\/2012\/01\/M\u00f3dulo-docente-del-Hospital-Padre-Hurtado-300x213.jpg\" class=\"attachment-medium size-medium\" alt=\"\" srcset=\"https:\/\/medicina.udd.cl\/nutricion-dietetica-santiago\/files\/2012\/01\/M\u00f3dulo-docente-del-Hospital-Padre-Hurtado-300x213.jpg 300w, https:\/\/medicina.udd.cl\/nutricion-dietetica-santiago\/files\/2012\/01\/M\u00f3dulo-docente-del-Hospital-Padre-Hurtado-768x546.jpg 768w, https:\/\/medicina.udd.cl\/nutricion-dietetica-santiago\/files\/2012\/01\/M\u00f3dulo-docente-del-Hospital-Padre-Hurtado-1024x727.jpg 1024w, https:\/\/medicina.udd.cl\/nutricion-dietetica-santiago\/files\/2012\/01\/M\u00f3dulo-docente-del-Hospital-Padre-Hurtado-316x224.jpg 316w, https:\/\/medicina.udd.cl\/nutricion-dietetica-santiago\/files\/2012\/01\/M\u00f3dulo-docente-del-Hospital-Padre-Hurtado-87x62.jpg 87w, https:\/\/medicina.udd.cl\/nutricion-dietetica-santiago\/files\/2012\/01\/M\u00f3dulo-docente-del-Hospital-Padre-Hurtado-960x682.jpg 960w, https:\/\/medicina.udd.cl\/nutricion-dietetica-santiago\/files\/2012\/01\/M\u00f3dulo-docente-del-Hospital-Padre-Hurtado.jpg 1585w\" sizes=\"auto, (max-width: 300px) 100vw, 300px\" \/><\/a><\/p>\n"},"caption":{"rendered":""},"alt_text":"","media_type":"image","mime_type":"image\/jpeg","media_details":{"width":1585,"height":1126,"file":"2012\/01\/M\u00f3dulo-docente-del-Hospital-Padre-Hurtado.jpg","sizes":{"thumbnail":{"file":"M\u00f3dulo-docente-del-Hospital-Padre-Hurtado-150x150.jpg","width":150,"height":150,"mime_type":"image\/jpeg","source_url":"https:\/\/medicina.udd.cl\/nutricion-dietetica-santiago\/files\/2012\/01\/M\u00f3dulo-docente-del-Hospital-Padre-Hurtado-150x150.jpg"},"medium":{"file":"M\u00f3dulo-docente-del-Hospital-Padre-Hurtado-300x213.jpg","width":300,"height":213,"mime_type":"image\/jpeg","source_url":"https:\/\/medicina.udd.cl\/nutricion-dietetica-santiago\/files\/2012\/01\/M\u00f3dulo-docente-del-Hospital-Padre-Hurtado-300x213.jpg"},"medium_large":{"file":"M\u00f3dulo-docente-del-Hospital-Padre-Hurtado-768x546.jpg","width":768,"height":546,"mime_type":"image\/jpeg","source_url":"https:\/\/medicina.udd.cl\/nutricion-dietetica-santiago\/files\/2012\/01\/M\u00f3dulo-docente-del-Hospital-Padre-Hurtado-768x546.jpg"},"large":{"file":"M\u00f3dulo-docente-del-Hospital-Padre-Hurtado-1024x727.jpg","width":1024,"height":727,"mime_type":"image\/jpeg","source_url":"https:\/\/medicina.udd.cl\/nutricion-dietetica-santiago\/files\/2012\/01\/M\u00f3dulo-docente-del-Hospital-Padre-Hurtado-1024x727.jpg"},"newsletter_featured":{"file":"M\u00f3dulo-docente-del-Hospital-Padre-Hurtado-316x224.jpg","width":316,"height":224,"mime_type":"image\/jpeg","source_url":"https:\/\/medicina.udd.cl\/nutricion-dietetica-santiago\/files\/2012\/01\/M\u00f3dulo-docente-del-Hospital-Padre-Hurtado-316x224.jpg"},"newsletter_first":{"file":"M\u00f3dulo-docente-del-Hospital-Padre-Hurtado-286x205.jpg","width":286,"height":205,"mime_type":"image\/jpeg","source_url":"https:\/\/medicina.udd.cl\/nutricion-dietetica-santiago\/files\/2012\/01\/M\u00f3dulo-docente-del-Hospital-Padre-Hurtado-286x205.jpg"},"newsletter_thumb":{"file":"M\u00f3dulo-docente-del-Hospital-Padre-Hurtado-288x150.jpg","width":288,"height":150,"mime_type":"image\/jpeg","source_url":"https:\/\/medicina.udd.cl\/nutricion-dietetica-santiago\/files\/2012\/01\/M\u00f3dulo-docente-del-Hospital-Padre-Hurtado-288x150.jpg"},"newsletter_column":{"file":"M\u00f3dulo-docente-del-Hospital-Padre-Hurtado-182x140.jpg","width":182,"height":140,"mime_type":"image\/jpeg","source_url":"https:\/\/medicina.udd.cl\/nutricion-dietetica-santiago\/files\/2012\/01\/M\u00f3dulo-docente-del-Hospital-Padre-Hurtado-182x140.jpg"},"newsletter_square":{"file":"M\u00f3dulo-docente-del-Hospital-Padre-Hurtado-62x62.jpg","width":62,"height":62,"mime_type":"image\/jpeg","source_url":"https:\/\/medicina.udd.cl\/nutricion-dietetica-santiago\/files\/2012\/01\/M\u00f3dulo-docente-del-Hospital-Padre-Hurtado-62x62.jpg"},"newsletter_square_large":{"file":"M\u00f3dulo-docente-del-Hospital-Padre-Hurtado-87x62.jpg","width":87,"height":62,"mime_type":"image\/jpeg","source_url":"https:\/\/medicina.udd.cl\/nutricion-dietetica-santiago\/files\/2012\/01\/M\u00f3dulo-docente-del-Hospital-Padre-Hurtado-87x62.jpg"},"featured-home":{"file":"M\u00f3dulo-docente-del-Hospital-Padre-Hurtado-800x450.jpg","width":800,"height":450,"mime_type":"image\/jpeg","source_url":"https:\/\/medicina.udd.cl\/nutricion-dietetica-santiago\/files\/2012\/01\/M\u00f3dulo-docente-del-Hospital-Padre-Hurtado-800x450.jpg"},"featured-career":{"file":"M\u00f3dulo-docente-del-Hospital-Padre-Hurtado-660x430.jpg","width":660,"height":430,"mime_type":"image\/jpeg","source_url":"https:\/\/medicina.udd.cl\/nutricion-dietetica-santiago\/files\/2012\/01\/M\u00f3dulo-docente-del-Hospital-Padre-Hurtado-660x430.jpg"},"squared":{"file":"M\u00f3dulo-docente-del-Hospital-Padre-Hurtado-300x300.jpg","width":300,"height":300,"mime_type":"image\/jpeg","source_url":"https:\/\/medicina.udd.cl\/nutricion-dietetica-santiago\/files\/2012\/01\/M\u00f3dulo-docente-del-Hospital-Padre-Hurtado-300x300.jpg"},"stretch":{"file":"M\u00f3dulo-docente-del-Hospital-Padre-Hurtado-800x450.jpg","width":800,"height":450,"mime_type":"image\/jpeg","source_url":"https:\/\/medicina.udd.cl\/nutricion-dietetica-santiago\/files\/2012\/01\/M\u00f3dulo-docente-del-Hospital-Padre-Hurtado-800x450.jpg"},"portrait-medium":{"file":"M\u00f3dulo-docente-del-Hospital-Padre-Hurtado-220x260.jpg","width":220,"height":260,"mime_type":"image\/jpeg","source_url":"https:\/\/medicina.udd.cl\/nutricion-dietetica-santiago\/files\/2012\/01\/M\u00f3dulo-docente-del-Hospital-Padre-Hurtado-220x260.jpg"},"landscape-small":{"file":"M\u00f3dulo-docente-del-Hospital-Padre-Hurtado-125x80.jpg","width":125,"height":80,"mime_type":"image\/jpeg","source_url":"https:\/\/medicina.udd.cl\/nutricion-dietetica-santiago\/files\/2012\/01\/M\u00f3dulo-docente-del-Hospital-Padre-Hurtado-125x80.jpg"},"landscape-medium":{"file":"M\u00f3dulo-docente-del-Hospital-Padre-Hurtado-340x220.jpg","width":340,"height":220,"mime_type":"image\/jpeg","source_url":"https:\/\/medicina.udd.cl\/nutricion-dietetica-santiago\/files\/2012\/01\/M\u00f3dulo-docente-del-Hospital-Padre-Hurtado-340x220.jpg"},"landscape-large":{"file":"M\u00f3dulo-docente-del-Hospital-Padre-Hurtado-365x255.jpg","width":365,"height":255,"mime_type":"image\/jpeg","source_url":"https:\/\/medicina.udd.cl\/nutricion-dietetica-santiago\/files\/2012\/01\/M\u00f3dulo-docente-del-Hospital-Padre-Hurtado-365x255.jpg"},"landscape-xlarge":{"file":"M\u00f3dulo-docente-del-Hospital-Padre-Hurtado-660x430.jpg","width":660,"height":430,"mime_type":"image\/jpeg","source_url":"https:\/\/medicina.udd.cl\/nutricion-dietetica-santiago\/files\/2012\/01\/M\u00f3dulo-docente-del-Hospital-Padre-Hurtado-660x430.jpg"},"panoramic":{"file":"M\u00f3dulo-docente-del-Hospital-Padre-Hurtado-940x345.jpg","width":940,"height":345,"mime_type":"image\/jpeg","source_url":"https:\/\/medicina.udd.cl\/nutricion-dietetica-santiago\/files\/2012\/01\/M\u00f3dulo-docente-del-Hospital-Padre-Hurtado-940x345.jpg"},"stretch-large":{"file":"M\u00f3dulo-docente-del-Hospital-Padre-Hurtado-940x450.jpg","width":940,"height":450,"mime_type":"image\/jpeg","source_url":"https:\/\/medicina.udd.cl\/nutricion-dietetica-santiago\/files\/2012\/01\/M\u00f3dulo-docente-del-Hospital-Padre-Hurtado-940x450.jpg"},"proportional-large":{"file":"M\u00f3dulo-docente-del-Hospital-Padre-Hurtado-960x682.jpg","width":960,"height":682,"mime_type":"image\/jpeg","source_url":"https:\/\/medicina.udd.cl\/nutricion-dietetica-santiago\/files\/2012\/01\/M\u00f3dulo-docente-del-Hospital-Padre-Hurtado-960x682.jpg"},"custom_content":{"file":"M\u00f3dulo-docente-del-Hospital-Padre-Hurtado-126x126.jpg","width":126,"height":126,"mime_type":"image\/jpeg","source_url":"https:\/\/medicina.udd.cl\/nutricion-dietetica-santiago\/files\/2012\/01\/M\u00f3dulo-docente-del-Hospital-Padre-Hurtado-126x126.jpg"},"full":{"file":"M\u00f3dulo-docente-del-Hospital-Padre-Hurtado.jpg","width":1585,"height":1126,"mime_type":"image\/jpeg","source_url":"https:\/\/medicina.udd.cl\/nutricion-dietetica-santiago\/files\/2012\/01\/M\u00f3dulo-docente-del-Hospital-Padre-Hurtado.jpg"}},"image_meta":{"aperture":"3.6","credit":"","camera":"FinePix S2000HD S2100HD","caption":"","created_timestamp":"1320913390","copyright":"","focal_length":"5.6","iso":"100","shutter_speed":"0.0058823529411765","title":"","orientation":"1","keywords":[]}},"post":557,"source_url":"https:\/\/medicina.udd.cl\/nutricion-dietetica-santiago\/files\/2012\/01\/M\u00f3dulo-docente-del-Hospital-Padre-Hurtado.jpg","_links":{"self":[{"href":"https:\/\/medicina.udd.cl\/nutricion-dietetica-santiago\/wp-json\/wp\/v2\/media\/560","targetHints":{"allow":["GET"]}}],"collection":[{"href":"https:\/\/medicina.udd.cl\/nutricion-dietetica-santiago\/wp-json\/wp\/v2\/media"}],"about":[{"href":"https:\/\/medicina.udd.cl\/nutricion-dietetica-santiago\/wp-json\/wp\/v2\/types\/attachment"}],"author":[{"embeddable":true,"href":"https:\/\/medicina.udd.cl\/nutricion-dietetica-santiago\/wp-json\/wp\/v2\/users\/1"}],"replies":[{"embeddable":true,"href":"https:\/\/medicina.udd.cl\/nutricion-dietetica-santiago\/wp-json\/wp\/v2\/comments?post=560"}],"wp:attached-to":[{"embeddable":true,"post_type":"post","id":557,"href":"https:\/\/medicina.udd.cl\/nutricion-dietetica-santiago\/wp-json\/wp\/v2\/posts\/557"}],"curies":[{"name":"wp","href":"https:\/\/api.w.org\/{rel}","templated":true}]}}