{"id":368,"date":"2014-05-12T17:01:47","date_gmt":"2014-05-12T21:01:47","guid":{"rendered":"http:\/\/medicina.udd.cl\/observatorio-bioetica-derecho\/files\/2014\/05\/Claudio-Arqueros-y-Luis-Larra\u00edn.jpg"},"modified":"2014-05-12T17:01:47","modified_gmt":"2014-05-12T21:01:47","slug":"claudio-arqueros-y-luis-larrain","status":"inherit","type":"attachment","link":"https:\/\/medicina.udd.cl\/observatorio-bioetica-derecho\/noticias\/2014\/05\/12\/debate-sobre-adopcion-en-parejas-homosexuales\/claudio-arqueros-y-luis-larrain\/","title":{"rendered":"Claudio Arqueros y Luis Larra\u00edn"},"author":42,"featured_media":0,"comment_status":"open","ping_status":"open","template":"","meta":[],"class_list":["post-368","attachment","type-attachment","status-inherit","hentry"],"yoast_head":"<!-- This site is optimized with the Yoast SEO plugin v26.9 - https:\/\/yoast.com\/product\/yoast-seo-wordpress\/ -->\n<title>Claudio Arqueros y Luis Larra\u00edn - Observatorio de Bio\u00e9tica y Derecho<\/title>\n<meta name=\"robots\" content=\"index, follow, max-snippet:-1, max-image-preview:large, max-video-preview:-1\" \/>\n<link rel=\"canonical\" href=\"https:\/\/medicina.udd.cl\/observatorio-bioetica-derecho\/files\/2014\/05\/Claudio-Arqueros-y-Luis-Larra\u00edn.jpg\" \/>\n<meta property=\"og:locale\" content=\"es_ES\" \/>\n<meta property=\"og:type\" content=\"article\" \/>\n<meta property=\"og:title\" content=\"Claudio Arqueros y Luis Larra\u00edn - Observatorio de Bio\u00e9tica y Derecho\" \/>\n<meta property=\"og:url\" content=\"https:\/\/medicina.udd.cl\/observatorio-bioetica-derecho\/files\/2014\/05\/Claudio-Arqueros-y-Luis-Larra\u00edn.jpg\" \/>\n<meta property=\"og:site_name\" content=\"Observatorio de Bio\u00e9tica y Derecho\" \/>\n<meta property=\"og:image\" content=\"https:\/\/medicina.udd.cl\/observatorio-bioetica-derecho\/files\/2014\/05\/Claudio-Arqueros-y-Luis-Larra\u00edn.jpg\" \/>\n\t<meta property=\"og:image:width\" content=\"675\" \/>\n\t<meta property=\"og:image:height\" content=\"450\" \/>\n\t<meta property=\"og:image:type\" content=\"image\/jpeg\" \/>\n<script type=\"application\/ld+json\" class=\"yoast-schema-graph\">{\"@context\":\"https:\/\/schema.org\",\"@graph\":[{\"@type\":\"WebPage\",\"@id\":\"https:\/\/medicina.udd.cl\/observatorio-bioetica-derecho\/files\/2014\/05\/Claudio-Arqueros-y-Luis-Larra\u00edn.jpg\",\"url\":\"https:\/\/medicina.udd.cl\/observatorio-bioetica-derecho\/files\/2014\/05\/Claudio-Arqueros-y-Luis-Larra\u00edn.jpg\",\"name\":\"Claudio Arqueros y Luis Larra\u00edn - Observatorio de Bio\u00e9tica y Derecho\",\"isPartOf\":{\"@id\":\"https:\/\/medicina.udd.cl\/observatorio-bioetica-derecho\/#website\"},\"datePublished\":\"2014-05-12T21:01:47+00:00\",\"breadcrumb\":{\"@id\":\"https:\/\/medicina.udd.cl\/observatorio-bioetica-derecho\/files\/2014\/05\/Claudio-Arqueros-y-Luis-Larra\u00edn.jpg#breadcrumb\"},\"inLanguage\":\"es\",\"potentialAction\":[{\"@type\":\"ReadAction\",\"target\":[\"https:\/\/medicina.udd.cl\/observatorio-bioetica-derecho\/files\/2014\/05\/Claudio-Arqueros-y-Luis-Larra\u00edn.jpg\"]}]},{\"@type\":\"BreadcrumbList\",\"@id\":\"https:\/\/medicina.udd.cl\/observatorio-bioetica-derecho\/files\/2014\/05\/Claudio-Arqueros-y-Luis-Larra\u00edn.jpg#breadcrumb\",\"itemListElement\":[{\"@type\":\"ListItem\",\"position\":1,\"name\":\"Home\",\"item\":\"https:\/\/medicina.udd.cl\/observatorio-bioetica-derecho\/\"},{\"@type\":\"ListItem\",\"position\":2,\"name\":\"Debate sobre Adopci\u00f3n en Parejas Homosexuales\",\"item\":\"https:\/\/medicina.udd.cl\/observatorio-bioetica-derecho\/noticias\/2014\/05\/12\/debate-sobre-adopcion-en-parejas-homosexuales\/\"},{\"@type\":\"ListItem\",\"position\":3,\"name\":\"Claudio Arqueros y Luis Larra\u00edn\"}]},{\"@type\":\"WebSite\",\"@id\":\"https:\/\/medicina.udd.cl\/observatorio-bioetica-derecho\/#website\",\"url\":\"https:\/\/medicina.udd.cl\/observatorio-bioetica-derecho\/\",\"name\":\"Observatorio de Bio\u00e9tica y Derecho\",\"description\":\"Observatorio de Bio\u00e9tica y Derecho\",\"inLanguage\":\"es\"}]}<\/script>\n<!-- \/ Yoast SEO plugin. -->","yoast_head_json":{"title":"Claudio Arqueros y Luis Larra\u00edn - Observatorio de Bio\u00e9tica y Derecho","robots":{"index":"index","follow":"follow","max-snippet":"max-snippet:-1","max-image-preview":"max-image-preview:large","max-video-preview":"max-video-preview:-1"},"canonical":"https:\/\/medicina.udd.cl\/observatorio-bioetica-derecho\/files\/2014\/05\/Claudio-Arqueros-y-Luis-Larra\u00edn.jpg","og_locale":"es_ES","og_type":"article","og_title":"Claudio Arqueros y Luis Larra\u00edn - Observatorio de Bio\u00e9tica y Derecho","og_url":"https:\/\/medicina.udd.cl\/observatorio-bioetica-derecho\/files\/2014\/05\/Claudio-Arqueros-y-Luis-Larra\u00edn.jpg","og_site_name":"Observatorio de Bio\u00e9tica y Derecho","og_image":[{"width":675,"height":450,"url":"https:\/\/medicina.udd.cl\/observatorio-bioetica-derecho\/files\/2014\/05\/Claudio-Arqueros-y-Luis-Larra\u00edn.jpg","type":"image\/jpeg"}],"schema":{"@context":"https:\/\/schema.org","@graph":[{"@type":"WebPage","@id":"https:\/\/medicina.udd.cl\/observatorio-bioetica-derecho\/files\/2014\/05\/Claudio-Arqueros-y-Luis-Larra\u00edn.jpg","url":"https:\/\/medicina.udd.cl\/observatorio-bioetica-derecho\/files\/2014\/05\/Claudio-Arqueros-y-Luis-Larra\u00edn.jpg","name":"Claudio Arqueros y Luis Larra\u00edn - Observatorio de Bio\u00e9tica y Derecho","isPartOf":{"@id":"https:\/\/medicina.udd.cl\/observatorio-bioetica-derecho\/#website"},"datePublished":"2014-05-12T21:01:47+00:00","breadcrumb":{"@id":"https:\/\/medicina.udd.cl\/observatorio-bioetica-derecho\/files\/2014\/05\/Claudio-Arqueros-y-Luis-Larra\u00edn.jpg#breadcrumb"},"inLanguage":"es","potentialAction":[{"@type":"ReadAction","target":["https:\/\/medicina.udd.cl\/observatorio-bioetica-derecho\/files\/2014\/05\/Claudio-Arqueros-y-Luis-Larra\u00edn.jpg"]}]},{"@type":"BreadcrumbList","@id":"https:\/\/medicina.udd.cl\/observatorio-bioetica-derecho\/files\/2014\/05\/Claudio-Arqueros-y-Luis-Larra\u00edn.jpg#breadcrumb","itemListElement":[{"@type":"ListItem","position":1,"name":"Home","item":"https:\/\/medicina.udd.cl\/observatorio-bioetica-derecho\/"},{"@type":"ListItem","position":2,"name":"Debate sobre Adopci\u00f3n en Parejas Homosexuales","item":"https:\/\/medicina.udd.cl\/observatorio-bioetica-derecho\/noticias\/2014\/05\/12\/debate-sobre-adopcion-en-parejas-homosexuales\/"},{"@type":"ListItem","position":3,"name":"Claudio Arqueros y Luis Larra\u00edn"}]},{"@type":"WebSite","@id":"https:\/\/medicina.udd.cl\/observatorio-bioetica-derecho\/#website","url":"https:\/\/medicina.udd.cl\/observatorio-bioetica-derecho\/","name":"Observatorio de Bio\u00e9tica y Derecho","description":"Observatorio de Bio\u00e9tica y Derecho","inLanguage":"es"}]}},"description":{"rendered":"<p class=\"attachment\"><a href='https:\/\/medicina.udd.cl\/observatorio-bioetica-derecho\/files\/2014\/05\/Claudio-Arqueros-y-Luis-Larra\u00edn.jpg'><img loading=\"lazy\" decoding=\"async\" width=\"300\" height=\"200\" src=\"https:\/\/medicina.udd.cl\/observatorio-bioetica-derecho\/wp-content\/plugins\/wp-async-img-load\/blank.png\" class=\"attachment-medium size-medium lazyload\" alt=\"\" sizes=\"auto, (max-width: 300px) 100vw, 300px\" data-src=\"https:\/\/medicina.udd.cl\/observatorio-bioetica-derecho\/files\/2014\/05\/Claudio-Arqueros-y-Luis-Larra\u00edn-300x200.jpg\" data-srcset=\"https:\/\/medicina.udd.cl\/observatorio-bioetica-derecho\/files\/2014\/05\/Claudio-Arqueros-y-Luis-Larra\u00edn-300x200.jpg 300w, https:\/\/medicina.udd.cl\/observatorio-bioetica-derecho\/files\/2014\/05\/Claudio-Arqueros-y-Luis-Larra\u00edn.jpg 675w\" \/><\/a><\/p>\n"},"caption":{"rendered":""},"alt_text":"","media_type":"image","mime_type":"image\/jpeg","media_details":{"width":675,"height":450,"file":"2014\/05\/Claudio-Arqueros-y-Luis-Larra\u00edn.jpg","sizes":{"thumbnail":{"file":"Claudio-Arqueros-y-Luis-Larra\u00edn-150x150.jpg","width":150,"height":150,"mime_type":"image\/jpeg","source_url":"https:\/\/medicina.udd.cl\/observatorio-bioetica-derecho\/files\/2014\/05\/Claudio-Arqueros-y-Luis-Larra\u00edn-150x150.jpg"},"medium":{"file":"Claudio-Arqueros-y-Luis-Larra\u00edn-300x200.jpg","width":300,"height":200,"mime_type":"image\/jpeg","source_url":"https:\/\/medicina.udd.cl\/observatorio-bioetica-derecho\/files\/2014\/05\/Claudio-Arqueros-y-Luis-Larra\u00edn-300x200.jpg"},"newsletter_featured":{"file":"Claudio-Arqueros-y-Luis-Larra\u00edn-316x224.jpg","width":316,"height":224,"mime_type":"image\/jpeg","source_url":"https:\/\/medicina.udd.cl\/observatorio-bioetica-derecho\/files\/2014\/05\/Claudio-Arqueros-y-Luis-Larra\u00edn-316x224.jpg"},"newsletter_first":{"file":"Claudio-Arqueros-y-Luis-Larra\u00edn-286x205.jpg","width":286,"height":205,"mime_type":"image\/jpeg","source_url":"https:\/\/medicina.udd.cl\/observatorio-bioetica-derecho\/files\/2014\/05\/Claudio-Arqueros-y-Luis-Larra\u00edn-286x205.jpg"},"newsletter_thumb":{"file":"Claudio-Arqueros-y-Luis-Larra\u00edn-288x150.jpg","width":288,"height":150,"mime_type":"image\/jpeg","source_url":"https:\/\/medicina.udd.cl\/observatorio-bioetica-derecho\/files\/2014\/05\/Claudio-Arqueros-y-Luis-Larra\u00edn-288x150.jpg"},"newsletter_column":{"file":"Claudio-Arqueros-y-Luis-Larra\u00edn-182x140.jpg","width":182,"height":140,"mime_type":"image\/jpeg","source_url":"https:\/\/medicina.udd.cl\/observatorio-bioetica-derecho\/files\/2014\/05\/Claudio-Arqueros-y-Luis-Larra\u00edn-182x140.jpg"},"newsletter_square":{"file":"Claudio-Arqueros-y-Luis-Larra\u00edn-62x62.jpg","width":62,"height":62,"mime_type":"image\/jpeg","source_url":"https:\/\/medicina.udd.cl\/observatorio-bioetica-derecho\/files\/2014\/05\/Claudio-Arqueros-y-Luis-Larra\u00edn-62x62.jpg"},"newsletter_square_large":{"file":"Claudio-Arqueros-y-Luis-Larra\u00edn-87x62.jpg","width":87,"height":62,"mime_type":"image\/jpeg","source_url":"https:\/\/medicina.udd.cl\/observatorio-bioetica-derecho\/files\/2014\/05\/Claudio-Arqueros-y-Luis-Larra\u00edn-87x62.jpg"},"featured-home":{"file":"Claudio-Arqueros-y-Luis-Larra\u00edn-675x450.jpg","width":675,"height":450,"mime_type":"image\/jpeg","source_url":"https:\/\/medicina.udd.cl\/observatorio-bioetica-derecho\/files\/2014\/05\/Claudio-Arqueros-y-Luis-Larra\u00edn-675x450.jpg"},"featured-career":{"file":"Claudio-Arqueros-y-Luis-Larra\u00edn-660x430.jpg","width":660,"height":430,"mime_type":"image\/jpeg","source_url":"https:\/\/medicina.udd.cl\/observatorio-bioetica-derecho\/files\/2014\/05\/Claudio-Arqueros-y-Luis-Larra\u00edn-660x430.jpg"},"squared":{"file":"Claudio-Arqueros-y-Luis-Larra\u00edn-300x300.jpg","width":300,"height":300,"mime_type":"image\/jpeg","source_url":"https:\/\/medicina.udd.cl\/observatorio-bioetica-derecho\/files\/2014\/05\/Claudio-Arqueros-y-Luis-Larra\u00edn-300x300.jpg"},"stretch":{"file":"Claudio-Arqueros-y-Luis-Larra\u00edn-675x450.jpg","width":675,"height":450,"mime_type":"image\/jpeg","source_url":"https:\/\/medicina.udd.cl\/observatorio-bioetica-derecho\/files\/2014\/05\/Claudio-Arqueros-y-Luis-Larra\u00edn-675x450.jpg"},"portrait-medium":{"file":"Claudio-Arqueros-y-Luis-Larra\u00edn-220x260.jpg","width":220,"height":260,"mime_type":"image\/jpeg","source_url":"https:\/\/medicina.udd.cl\/observatorio-bioetica-derecho\/files\/2014\/05\/Claudio-Arqueros-y-Luis-Larra\u00edn-220x260.jpg"},"landscape-small":{"file":"Claudio-Arqueros-y-Luis-Larra\u00edn-125x80.jpg","width":125,"height":80,"mime_type":"image\/jpeg","source_url":"https:\/\/medicina.udd.cl\/observatorio-bioetica-derecho\/files\/2014\/05\/Claudio-Arqueros-y-Luis-Larra\u00edn-125x80.jpg"},"landscape-medium":{"file":"Claudio-Arqueros-y-Luis-Larra\u00edn-340x220.jpg","width":340,"height":220,"mime_type":"image\/jpeg","source_url":"https:\/\/medicina.udd.cl\/observatorio-bioetica-derecho\/files\/2014\/05\/Claudio-Arqueros-y-Luis-Larra\u00edn-340x220.jpg"},"landscape-large":{"file":"Claudio-Arqueros-y-Luis-Larra\u00edn-365x255.jpg","width":365,"height":255,"mime_type":"image\/jpeg","source_url":"https:\/\/medicina.udd.cl\/observatorio-bioetica-derecho\/files\/2014\/05\/Claudio-Arqueros-y-Luis-Larra\u00edn-365x255.jpg"},"landscape-xlarge":{"file":"Claudio-Arqueros-y-Luis-Larra\u00edn-660x430.jpg","width":660,"height":430,"mime_type":"image\/jpeg","source_url":"https:\/\/medicina.udd.cl\/observatorio-bioetica-derecho\/files\/2014\/05\/Claudio-Arqueros-y-Luis-Larra\u00edn-660x430.jpg"},"panoramic":{"file":"Claudio-Arqueros-y-Luis-Larra\u00edn-675x345.jpg","width":675,"height":345,"mime_type":"image\/jpeg","source_url":"https:\/\/medicina.udd.cl\/observatorio-bioetica-derecho\/files\/2014\/05\/Claudio-Arqueros-y-Luis-Larra\u00edn-675x345.jpg"},"stretch-large":{"file":"Claudio-Arqueros-y-Luis-Larra\u00edn-675x450.jpg","width":675,"height":450,"mime_type":"image\/jpeg","source_url":"https:\/\/medicina.udd.cl\/observatorio-bioetica-derecho\/files\/2014\/05\/Claudio-Arqueros-y-Luis-Larra\u00edn-675x450.jpg"},"custom_content":{"file":"Claudio-Arqueros-y-Luis-Larra\u00edn-126x126.jpg","width":126,"height":126,"mime_type":"image\/jpeg","source_url":"https:\/\/medicina.udd.cl\/observatorio-bioetica-derecho\/files\/2014\/05\/Claudio-Arqueros-y-Luis-Larra\u00edn-126x126.jpg"},"full":{"file":"Claudio-Arqueros-y-Luis-Larra\u00edn.jpg","width":675,"height":450,"mime_type":"image\/jpeg","source_url":"https:\/\/medicina.udd.cl\/observatorio-bioetica-derecho\/files\/2014\/05\/Claudio-Arqueros-y-Luis-Larra\u00edn.jpg"}},"image_meta":{"aperture":"5.6","credit":"","camera":"Canon EOS DIGITAL REBEL XT","caption":"","created_timestamp":"1399889280","copyright":"","focal_length":"95","iso":"400","shutter_speed":"0.016666666666667","title":"","orientation":"1","keywords":[]}},"post":366,"source_url":"https:\/\/medicina.udd.cl\/observatorio-bioetica-derecho\/files\/2014\/05\/Claudio-Arqueros-y-Luis-Larra\u00edn.jpg","_links":{"self":[{"href":"https:\/\/medicina.udd.cl\/observatorio-bioetica-derecho\/wp-json\/wp\/v2\/media\/368","targetHints":{"allow":["GET"]}}],"collection":[{"href":"https:\/\/medicina.udd.cl\/observatorio-bioetica-derecho\/wp-json\/wp\/v2\/media"}],"about":[{"href":"https:\/\/medicina.udd.cl\/observatorio-bioetica-derecho\/wp-json\/wp\/v2\/types\/attachment"}],"author":[{"embeddable":true,"href":"https:\/\/medicina.udd.cl\/observatorio-bioetica-derecho\/wp-json\/wp\/v2\/users\/42"}],"replies":[{"embeddable":true,"href":"https:\/\/medicina.udd.cl\/observatorio-bioetica-derecho\/wp-json\/wp\/v2\/comments?post=368"}],"wp:attached-to":[{"embeddable":true,"post_type":"post","id":366,"href":"https:\/\/medicina.udd.cl\/observatorio-bioetica-derecho\/wp-json\/wp\/v2\/posts\/366"}],"curies":[{"name":"wp","href":"https:\/\/api.w.org\/{rel}","templated":true}]}}