{"id":538,"date":"2014-09-01T16:41:29","date_gmt":"2014-09-01T20:41:29","guid":{"rendered":"http:\/\/medicina.udd.cl\/observatorio-bioetica-derecho\/files\/2014\/09\/Cuarta-sesi\u00f3n-Derecho-a-conversar.jpg"},"modified":"2014-09-01T16:41:29","modified_gmt":"2014-09-01T20:41:29","slug":"cuarta-sesion-derecho-a-conversar","status":"inherit","type":"attachment","link":"https:\/\/medicina.udd.cl\/observatorio-bioetica-derecho\/noticias\/2014\/09\/01\/criopreservacion-de-embriones-en-un-nuevo-derecho-a-conversar\/cuarta-sesion-derecho-a-conversar\/","title":{"rendered":"Cuarta sesi\u00f3n Derecho a conversar"},"author":42,"featured_media":0,"comment_status":"open","ping_status":"open","template":"","meta":[],"class_list":["post-538","attachment","type-attachment","status-inherit","hentry"],"yoast_head":"<!-- This site is optimized with the Yoast SEO plugin v26.9 - https:\/\/yoast.com\/product\/yoast-seo-wordpress\/ -->\n<title>Cuarta sesi\u00f3n Derecho a conversar - Observatorio de Bio\u00e9tica y Derecho<\/title>\n<meta name=\"robots\" content=\"index, follow, max-snippet:-1, max-image-preview:large, max-video-preview:-1\" \/>\n<link rel=\"canonical\" href=\"https:\/\/medicina.udd.cl\/observatorio-bioetica-derecho\/files\/2014\/09\/Cuarta-sesi\u00f3n-Derecho-a-conversar.jpg\" \/>\n<meta property=\"og:locale\" content=\"es_ES\" \/>\n<meta property=\"og:type\" content=\"article\" \/>\n<meta property=\"og:title\" content=\"Cuarta sesi\u00f3n Derecho a conversar - Observatorio de Bio\u00e9tica y Derecho\" \/>\n<meta property=\"og:url\" content=\"https:\/\/medicina.udd.cl\/observatorio-bioetica-derecho\/files\/2014\/09\/Cuarta-sesi\u00f3n-Derecho-a-conversar.jpg\" \/>\n<meta property=\"og:site_name\" content=\"Observatorio de Bio\u00e9tica y Derecho\" \/>\n<meta property=\"og:image\" content=\"https:\/\/medicina.udd.cl\/observatorio-bioetica-derecho\/files\/2014\/09\/Cuarta-sesi\u00f3n-Derecho-a-conversar.jpg\" \/>\n\t<meta property=\"og:image:width\" content=\"940\" \/>\n\t<meta property=\"og:image:height\" content=\"450\" \/>\n\t<meta property=\"og:image:type\" content=\"image\/jpeg\" \/>\n<script type=\"application\/ld+json\" class=\"yoast-schema-graph\">{\"@context\":\"https:\/\/schema.org\",\"@graph\":[{\"@type\":\"WebPage\",\"@id\":\"https:\/\/medicina.udd.cl\/observatorio-bioetica-derecho\/files\/2014\/09\/Cuarta-sesi\u00f3n-Derecho-a-conversar.jpg\",\"url\":\"https:\/\/medicina.udd.cl\/observatorio-bioetica-derecho\/files\/2014\/09\/Cuarta-sesi\u00f3n-Derecho-a-conversar.jpg\",\"name\":\"Cuarta sesi\u00f3n Derecho a conversar - Observatorio de Bio\u00e9tica y Derecho\",\"isPartOf\":{\"@id\":\"https:\/\/medicina.udd.cl\/observatorio-bioetica-derecho\/#website\"},\"datePublished\":\"2014-09-01T20:41:29+00:00\",\"breadcrumb\":{\"@id\":\"https:\/\/medicina.udd.cl\/observatorio-bioetica-derecho\/files\/2014\/09\/Cuarta-sesi\u00f3n-Derecho-a-conversar.jpg#breadcrumb\"},\"inLanguage\":\"es\",\"potentialAction\":[{\"@type\":\"ReadAction\",\"target\":[\"https:\/\/medicina.udd.cl\/observatorio-bioetica-derecho\/files\/2014\/09\/Cuarta-sesi\u00f3n-Derecho-a-conversar.jpg\"]}]},{\"@type\":\"BreadcrumbList\",\"@id\":\"https:\/\/medicina.udd.cl\/observatorio-bioetica-derecho\/files\/2014\/09\/Cuarta-sesi\u00f3n-Derecho-a-conversar.jpg#breadcrumb\",\"itemListElement\":[{\"@type\":\"ListItem\",\"position\":1,\"name\":\"Home\",\"item\":\"https:\/\/medicina.udd.cl\/observatorio-bioetica-derecho\/\"},{\"@type\":\"ListItem\",\"position\":2,\"name\":\"Criopreservaci\u00f3n de embriones en un nuevo \u201cDerecho a Conversar\u201d\",\"item\":\"https:\/\/medicina.udd.cl\/observatorio-bioetica-derecho\/noticias\/2014\/09\/01\/criopreservacion-de-embriones-en-un-nuevo-derecho-a-conversar\/\"},{\"@type\":\"ListItem\",\"position\":3,\"name\":\"Cuarta sesi\u00f3n Derecho a conversar\"}]},{\"@type\":\"WebSite\",\"@id\":\"https:\/\/medicina.udd.cl\/observatorio-bioetica-derecho\/#website\",\"url\":\"https:\/\/medicina.udd.cl\/observatorio-bioetica-derecho\/\",\"name\":\"Observatorio de Bio\u00e9tica y Derecho\",\"description\":\"Observatorio de Bio\u00e9tica y Derecho\",\"inLanguage\":\"es\"}]}<\/script>\n<!-- \/ Yoast SEO plugin. -->","yoast_head_json":{"title":"Cuarta sesi\u00f3n Derecho a conversar - Observatorio de Bio\u00e9tica y Derecho","robots":{"index":"index","follow":"follow","max-snippet":"max-snippet:-1","max-image-preview":"max-image-preview:large","max-video-preview":"max-video-preview:-1"},"canonical":"https:\/\/medicina.udd.cl\/observatorio-bioetica-derecho\/files\/2014\/09\/Cuarta-sesi\u00f3n-Derecho-a-conversar.jpg","og_locale":"es_ES","og_type":"article","og_title":"Cuarta sesi\u00f3n Derecho a conversar - Observatorio de Bio\u00e9tica y Derecho","og_url":"https:\/\/medicina.udd.cl\/observatorio-bioetica-derecho\/files\/2014\/09\/Cuarta-sesi\u00f3n-Derecho-a-conversar.jpg","og_site_name":"Observatorio de Bio\u00e9tica y Derecho","og_image":[{"width":940,"height":450,"url":"https:\/\/medicina.udd.cl\/observatorio-bioetica-derecho\/files\/2014\/09\/Cuarta-sesi\u00f3n-Derecho-a-conversar.jpg","type":"image\/jpeg"}],"schema":{"@context":"https:\/\/schema.org","@graph":[{"@type":"WebPage","@id":"https:\/\/medicina.udd.cl\/observatorio-bioetica-derecho\/files\/2014\/09\/Cuarta-sesi\u00f3n-Derecho-a-conversar.jpg","url":"https:\/\/medicina.udd.cl\/observatorio-bioetica-derecho\/files\/2014\/09\/Cuarta-sesi\u00f3n-Derecho-a-conversar.jpg","name":"Cuarta sesi\u00f3n Derecho a conversar - Observatorio de Bio\u00e9tica y Derecho","isPartOf":{"@id":"https:\/\/medicina.udd.cl\/observatorio-bioetica-derecho\/#website"},"datePublished":"2014-09-01T20:41:29+00:00","breadcrumb":{"@id":"https:\/\/medicina.udd.cl\/observatorio-bioetica-derecho\/files\/2014\/09\/Cuarta-sesi\u00f3n-Derecho-a-conversar.jpg#breadcrumb"},"inLanguage":"es","potentialAction":[{"@type":"ReadAction","target":["https:\/\/medicina.udd.cl\/observatorio-bioetica-derecho\/files\/2014\/09\/Cuarta-sesi\u00f3n-Derecho-a-conversar.jpg"]}]},{"@type":"BreadcrumbList","@id":"https:\/\/medicina.udd.cl\/observatorio-bioetica-derecho\/files\/2014\/09\/Cuarta-sesi\u00f3n-Derecho-a-conversar.jpg#breadcrumb","itemListElement":[{"@type":"ListItem","position":1,"name":"Home","item":"https:\/\/medicina.udd.cl\/observatorio-bioetica-derecho\/"},{"@type":"ListItem","position":2,"name":"Criopreservaci\u00f3n de embriones en un nuevo \u201cDerecho a Conversar\u201d","item":"https:\/\/medicina.udd.cl\/observatorio-bioetica-derecho\/noticias\/2014\/09\/01\/criopreservacion-de-embriones-en-un-nuevo-derecho-a-conversar\/"},{"@type":"ListItem","position":3,"name":"Cuarta sesi\u00f3n Derecho a conversar"}]},{"@type":"WebSite","@id":"https:\/\/medicina.udd.cl\/observatorio-bioetica-derecho\/#website","url":"https:\/\/medicina.udd.cl\/observatorio-bioetica-derecho\/","name":"Observatorio de Bio\u00e9tica y Derecho","description":"Observatorio de Bio\u00e9tica y Derecho","inLanguage":"es"}]}},"description":{"rendered":"<p class=\"attachment\"><a href='https:\/\/medicina.udd.cl\/observatorio-bioetica-derecho\/files\/2014\/09\/Cuarta-sesi\u00f3n-Derecho-a-conversar.jpg'><img loading=\"lazy\" decoding=\"async\" width=\"300\" height=\"144\" src=\"https:\/\/medicina.udd.cl\/observatorio-bioetica-derecho\/wp-content\/plugins\/wp-async-img-load\/blank.png\" class=\"attachment-medium size-medium lazyload\" alt=\"\" sizes=\"auto, (max-width: 300px) 100vw, 300px\" data-src=\"https:\/\/medicina.udd.cl\/observatorio-bioetica-derecho\/files\/2014\/09\/Cuarta-sesi\u00f3n-Derecho-a-conversar-300x144.jpg\" data-srcset=\"https:\/\/medicina.udd.cl\/observatorio-bioetica-derecho\/files\/2014\/09\/Cuarta-sesi\u00f3n-Derecho-a-conversar-300x144.jpg 300w, https:\/\/medicina.udd.cl\/observatorio-bioetica-derecho\/files\/2014\/09\/Cuarta-sesi\u00f3n-Derecho-a-conversar-768x368.jpg 768w, https:\/\/medicina.udd.cl\/observatorio-bioetica-derecho\/files\/2014\/09\/Cuarta-sesi\u00f3n-Derecho-a-conversar.jpg 940w\" \/><\/a><\/p>\n"},"caption":{"rendered":""},"alt_text":"","media_type":"image","mime_type":"image\/jpeg","media_details":{"width":940,"height":450,"file":"2014\/09\/Cuarta-sesi\u00f3n-Derecho-a-conversar.jpg","sizes":{"thumbnail":{"file":"Cuarta-sesi\u00f3n-Derecho-a-conversar-150x150.jpg","width":150,"height":150,"mime_type":"image\/jpeg","source_url":"https:\/\/medicina.udd.cl\/observatorio-bioetica-derecho\/files\/2014\/09\/Cuarta-sesi\u00f3n-Derecho-a-conversar-150x150.jpg"},"medium":{"file":"Cuarta-sesi\u00f3n-Derecho-a-conversar-300x144.jpg","width":300,"height":144,"mime_type":"image\/jpeg","source_url":"https:\/\/medicina.udd.cl\/observatorio-bioetica-derecho\/files\/2014\/09\/Cuarta-sesi\u00f3n-Derecho-a-conversar-300x144.jpg"},"medium_large":{"file":"Cuarta-sesi\u00f3n-Derecho-a-conversar-768x368.jpg","width":768,"height":368,"mime_type":"image\/jpeg","source_url":"https:\/\/medicina.udd.cl\/observatorio-bioetica-derecho\/files\/2014\/09\/Cuarta-sesi\u00f3n-Derecho-a-conversar-768x368.jpg"},"newsletter_featured":{"file":"Cuarta-sesi\u00f3n-Derecho-a-conversar-316x224.jpg","width":316,"height":224,"mime_type":"image\/jpeg","source_url":"https:\/\/medicina.udd.cl\/observatorio-bioetica-derecho\/files\/2014\/09\/Cuarta-sesi\u00f3n-Derecho-a-conversar-316x224.jpg"},"newsletter_first":{"file":"Cuarta-sesi\u00f3n-Derecho-a-conversar-286x205.jpg","width":286,"height":205,"mime_type":"image\/jpeg","source_url":"https:\/\/medicina.udd.cl\/observatorio-bioetica-derecho\/files\/2014\/09\/Cuarta-sesi\u00f3n-Derecho-a-conversar-286x205.jpg"},"newsletter_thumb":{"file":"Cuarta-sesi\u00f3n-Derecho-a-conversar-288x150.jpg","width":288,"height":150,"mime_type":"image\/jpeg","source_url":"https:\/\/medicina.udd.cl\/observatorio-bioetica-derecho\/files\/2014\/09\/Cuarta-sesi\u00f3n-Derecho-a-conversar-288x150.jpg"},"newsletter_column":{"file":"Cuarta-sesi\u00f3n-Derecho-a-conversar-182x140.jpg","width":182,"height":140,"mime_type":"image\/jpeg","source_url":"https:\/\/medicina.udd.cl\/observatorio-bioetica-derecho\/files\/2014\/09\/Cuarta-sesi\u00f3n-Derecho-a-conversar-182x140.jpg"},"newsletter_square":{"file":"Cuarta-sesi\u00f3n-Derecho-a-conversar-62x62.jpg","width":62,"height":62,"mime_type":"image\/jpeg","source_url":"https:\/\/medicina.udd.cl\/observatorio-bioetica-derecho\/files\/2014\/09\/Cuarta-sesi\u00f3n-Derecho-a-conversar-62x62.jpg"},"newsletter_square_large":{"file":"Cuarta-sesi\u00f3n-Derecho-a-conversar-87x62.jpg","width":87,"height":62,"mime_type":"image\/jpeg","source_url":"https:\/\/medicina.udd.cl\/observatorio-bioetica-derecho\/files\/2014\/09\/Cuarta-sesi\u00f3n-Derecho-a-conversar-87x62.jpg"},"featured-home":{"file":"Cuarta-sesi\u00f3n-Derecho-a-conversar-800x450.jpg","width":800,"height":450,"mime_type":"image\/jpeg","source_url":"https:\/\/medicina.udd.cl\/observatorio-bioetica-derecho\/files\/2014\/09\/Cuarta-sesi\u00f3n-Derecho-a-conversar-800x450.jpg"},"featured-career":{"file":"Cuarta-sesi\u00f3n-Derecho-a-conversar-660x430.jpg","width":660,"height":430,"mime_type":"image\/jpeg","source_url":"https:\/\/medicina.udd.cl\/observatorio-bioetica-derecho\/files\/2014\/09\/Cuarta-sesi\u00f3n-Derecho-a-conversar-660x430.jpg"},"squared":{"file":"Cuarta-sesi\u00f3n-Derecho-a-conversar-300x300.jpg","width":300,"height":300,"mime_type":"image\/jpeg","source_url":"https:\/\/medicina.udd.cl\/observatorio-bioetica-derecho\/files\/2014\/09\/Cuarta-sesi\u00f3n-Derecho-a-conversar-300x300.jpg"},"stretch":{"file":"Cuarta-sesi\u00f3n-Derecho-a-conversar-800x450.jpg","width":800,"height":450,"mime_type":"image\/jpeg","source_url":"https:\/\/medicina.udd.cl\/observatorio-bioetica-derecho\/files\/2014\/09\/Cuarta-sesi\u00f3n-Derecho-a-conversar-800x450.jpg"},"portrait-medium":{"file":"Cuarta-sesi\u00f3n-Derecho-a-conversar-220x260.jpg","width":220,"height":260,"mime_type":"image\/jpeg","source_url":"https:\/\/medicina.udd.cl\/observatorio-bioetica-derecho\/files\/2014\/09\/Cuarta-sesi\u00f3n-Derecho-a-conversar-220x260.jpg"},"landscape-small":{"file":"Cuarta-sesi\u00f3n-Derecho-a-conversar-125x80.jpg","width":125,"height":80,"mime_type":"image\/jpeg","source_url":"https:\/\/medicina.udd.cl\/observatorio-bioetica-derecho\/files\/2014\/09\/Cuarta-sesi\u00f3n-Derecho-a-conversar-125x80.jpg"},"landscape-medium":{"file":"Cuarta-sesi\u00f3n-Derecho-a-conversar-340x220.jpg","width":340,"height":220,"mime_type":"image\/jpeg","source_url":"https:\/\/medicina.udd.cl\/observatorio-bioetica-derecho\/files\/2014\/09\/Cuarta-sesi\u00f3n-Derecho-a-conversar-340x220.jpg"},"landscape-large":{"file":"Cuarta-sesi\u00f3n-Derecho-a-conversar-365x255.jpg","width":365,"height":255,"mime_type":"image\/jpeg","source_url":"https:\/\/medicina.udd.cl\/observatorio-bioetica-derecho\/files\/2014\/09\/Cuarta-sesi\u00f3n-Derecho-a-conversar-365x255.jpg"},"landscape-xlarge":{"file":"Cuarta-sesi\u00f3n-Derecho-a-conversar-660x430.jpg","width":660,"height":430,"mime_type":"image\/jpeg","source_url":"https:\/\/medicina.udd.cl\/observatorio-bioetica-derecho\/files\/2014\/09\/Cuarta-sesi\u00f3n-Derecho-a-conversar-660x430.jpg"},"panoramic":{"file":"Cuarta-sesi\u00f3n-Derecho-a-conversar-940x345.jpg","width":940,"height":345,"mime_type":"image\/jpeg","source_url":"https:\/\/medicina.udd.cl\/observatorio-bioetica-derecho\/files\/2014\/09\/Cuarta-sesi\u00f3n-Derecho-a-conversar-940x345.jpg"},"custom_content":{"file":"Cuarta-sesi\u00f3n-Derecho-a-conversar-126x126.jpg","width":126,"height":126,"mime_type":"image\/jpeg","source_url":"https:\/\/medicina.udd.cl\/observatorio-bioetica-derecho\/files\/2014\/09\/Cuarta-sesi\u00f3n-Derecho-a-conversar-126x126.jpg"},"full":{"file":"Cuarta-sesi\u00f3n-Derecho-a-conversar.jpg","width":940,"height":450,"mime_type":"image\/jpeg","source_url":"https:\/\/medicina.udd.cl\/observatorio-bioetica-derecho\/files\/2014\/09\/Cuarta-sesi\u00f3n-Derecho-a-conversar.jpg"}},"image_meta":{"aperture":"3.1","credit":"","camera":"COOLPIX L810","caption":"","created_timestamp":"1409165406","copyright":"","focal_length":"4","iso":"200","shutter_speed":"0.033333333333333","title":"","orientation":"1","keywords":[]}},"post":536,"source_url":"https:\/\/medicina.udd.cl\/observatorio-bioetica-derecho\/files\/2014\/09\/Cuarta-sesi\u00f3n-Derecho-a-conversar.jpg","_links":{"self":[{"href":"https:\/\/medicina.udd.cl\/observatorio-bioetica-derecho\/wp-json\/wp\/v2\/media\/538","targetHints":{"allow":["GET"]}}],"collection":[{"href":"https:\/\/medicina.udd.cl\/observatorio-bioetica-derecho\/wp-json\/wp\/v2\/media"}],"about":[{"href":"https:\/\/medicina.udd.cl\/observatorio-bioetica-derecho\/wp-json\/wp\/v2\/types\/attachment"}],"author":[{"embeddable":true,"href":"https:\/\/medicina.udd.cl\/observatorio-bioetica-derecho\/wp-json\/wp\/v2\/users\/42"}],"replies":[{"embeddable":true,"href":"https:\/\/medicina.udd.cl\/observatorio-bioetica-derecho\/wp-json\/wp\/v2\/comments?post=538"}],"wp:attached-to":[{"embeddable":true,"post_type":"post","id":536,"href":"https:\/\/medicina.udd.cl\/observatorio-bioetica-derecho\/wp-json\/wp\/v2\/posts\/536"}],"curies":[{"name":"wp","href":"https:\/\/api.w.org\/{rel}","templated":true}]}}