{"id":823,"date":"2015-09-03T12:13:36","date_gmt":"2015-09-03T15:13:36","guid":{"rendered":"http:\/\/medicina.udd.cl\/observatorio-bioetica-derecho\/files\/2015\/09\/Foro-Bio\u00e9tica-y-Derecho-Responsabilidad-Ambiental-5.jpg"},"modified":"2015-09-03T12:13:36","modified_gmt":"2015-09-03T15:13:36","slug":"foro-bioetica-y-derecho-responsabilidad-ambiental-5","status":"inherit","type":"attachment","link":"https:\/\/medicina.udd.cl\/observatorio-bioetica-derecho\/noticias\/2015\/09\/03\/foro-sobre-responsabilidad-ambiental-en-la-facultad-de-medicina\/foro-bioetica-y-derecho-responsabilidad-ambiental-5\/","title":{"rendered":"Foro Bio\u00e9tica y Derecho Responsabilidad Ambiental (5)"},"author":42,"featured_media":0,"comment_status":"open","ping_status":"open","template":"","meta":[],"class_list":["post-823","attachment","type-attachment","status-inherit","hentry"],"yoast_head":"<!-- This site is optimized with the Yoast SEO plugin v26.9 - https:\/\/yoast.com\/product\/yoast-seo-wordpress\/ -->\n<title>Foro Bio\u00e9tica y Derecho Responsabilidad Ambiental (5) - Observatorio de Bio\u00e9tica y Derecho<\/title>\n<meta name=\"robots\" content=\"index, follow, max-snippet:-1, max-image-preview:large, max-video-preview:-1\" \/>\n<link rel=\"canonical\" href=\"https:\/\/medicina.udd.cl\/observatorio-bioetica-derecho\/files\/2015\/09\/Foro-Bio\u00e9tica-y-Derecho-Responsabilidad-Ambiental-5.jpg\" \/>\n<meta property=\"og:locale\" content=\"es_ES\" \/>\n<meta property=\"og:type\" content=\"article\" \/>\n<meta property=\"og:title\" content=\"Foro Bio\u00e9tica y Derecho Responsabilidad Ambiental (5) - Observatorio de Bio\u00e9tica y Derecho\" \/>\n<meta property=\"og:url\" content=\"https:\/\/medicina.udd.cl\/observatorio-bioetica-derecho\/files\/2015\/09\/Foro-Bio\u00e9tica-y-Derecho-Responsabilidad-Ambiental-5.jpg\" \/>\n<meta property=\"og:site_name\" content=\"Observatorio de Bio\u00e9tica y Derecho\" \/>\n<meta property=\"og:image\" content=\"https:\/\/medicina.udd.cl\/observatorio-bioetica-derecho\/files\/2015\/09\/Foro-Bio\u00e9tica-y-Derecho-Responsabilidad-Ambiental-5.jpg\" \/>\n\t<meta property=\"og:image:width\" content=\"675\" \/>\n\t<meta property=\"og:image:height\" content=\"450\" \/>\n\t<meta property=\"og:image:type\" content=\"image\/jpeg\" \/>\n<script type=\"application\/ld+json\" class=\"yoast-schema-graph\">{\"@context\":\"https:\/\/schema.org\",\"@graph\":[{\"@type\":\"WebPage\",\"@id\":\"https:\/\/medicina.udd.cl\/observatorio-bioetica-derecho\/files\/2015\/09\/Foro-Bio\u00e9tica-y-Derecho-Responsabilidad-Ambiental-5.jpg\",\"url\":\"https:\/\/medicina.udd.cl\/observatorio-bioetica-derecho\/files\/2015\/09\/Foro-Bio\u00e9tica-y-Derecho-Responsabilidad-Ambiental-5.jpg\",\"name\":\"Foro Bio\u00e9tica y Derecho Responsabilidad Ambiental (5) - Observatorio de Bio\u00e9tica y Derecho\",\"isPartOf\":{\"@id\":\"https:\/\/medicina.udd.cl\/observatorio-bioetica-derecho\/#website\"},\"datePublished\":\"2015-09-03T15:13:36+00:00\",\"breadcrumb\":{\"@id\":\"https:\/\/medicina.udd.cl\/observatorio-bioetica-derecho\/files\/2015\/09\/Foro-Bio\u00e9tica-y-Derecho-Responsabilidad-Ambiental-5.jpg#breadcrumb\"},\"inLanguage\":\"es\",\"potentialAction\":[{\"@type\":\"ReadAction\",\"target\":[\"https:\/\/medicina.udd.cl\/observatorio-bioetica-derecho\/files\/2015\/09\/Foro-Bio\u00e9tica-y-Derecho-Responsabilidad-Ambiental-5.jpg\"]}]},{\"@type\":\"BreadcrumbList\",\"@id\":\"https:\/\/medicina.udd.cl\/observatorio-bioetica-derecho\/files\/2015\/09\/Foro-Bio\u00e9tica-y-Derecho-Responsabilidad-Ambiental-5.jpg#breadcrumb\",\"itemListElement\":[{\"@type\":\"ListItem\",\"position\":1,\"name\":\"Home\",\"item\":\"https:\/\/medicina.udd.cl\/observatorio-bioetica-derecho\/\"},{\"@type\":\"ListItem\",\"position\":2,\"name\":\"Foro sobre responsabilidad ambiental en la Facultad de Medicina\",\"item\":\"https:\/\/medicina.udd.cl\/observatorio-bioetica-derecho\/noticias\/2015\/09\/03\/foro-sobre-responsabilidad-ambiental-en-la-facultad-de-medicina\/\"},{\"@type\":\"ListItem\",\"position\":3,\"name\":\"Foro Bio\u00e9tica y Derecho Responsabilidad Ambiental (5)\"}]},{\"@type\":\"WebSite\",\"@id\":\"https:\/\/medicina.udd.cl\/observatorio-bioetica-derecho\/#website\",\"url\":\"https:\/\/medicina.udd.cl\/observatorio-bioetica-derecho\/\",\"name\":\"Observatorio de Bio\u00e9tica y Derecho\",\"description\":\"Observatorio de Bio\u00e9tica y Derecho\",\"inLanguage\":\"es\"}]}<\/script>\n<!-- \/ Yoast SEO plugin. -->","yoast_head_json":{"title":"Foro Bio\u00e9tica y Derecho Responsabilidad Ambiental (5) - Observatorio de Bio\u00e9tica y Derecho","robots":{"index":"index","follow":"follow","max-snippet":"max-snippet:-1","max-image-preview":"max-image-preview:large","max-video-preview":"max-video-preview:-1"},"canonical":"https:\/\/medicina.udd.cl\/observatorio-bioetica-derecho\/files\/2015\/09\/Foro-Bio\u00e9tica-y-Derecho-Responsabilidad-Ambiental-5.jpg","og_locale":"es_ES","og_type":"article","og_title":"Foro Bio\u00e9tica y Derecho Responsabilidad Ambiental (5) - Observatorio de Bio\u00e9tica y Derecho","og_url":"https:\/\/medicina.udd.cl\/observatorio-bioetica-derecho\/files\/2015\/09\/Foro-Bio\u00e9tica-y-Derecho-Responsabilidad-Ambiental-5.jpg","og_site_name":"Observatorio de Bio\u00e9tica y Derecho","og_image":[{"width":675,"height":450,"url":"https:\/\/medicina.udd.cl\/observatorio-bioetica-derecho\/files\/2015\/09\/Foro-Bio\u00e9tica-y-Derecho-Responsabilidad-Ambiental-5.jpg","type":"image\/jpeg"}],"schema":{"@context":"https:\/\/schema.org","@graph":[{"@type":"WebPage","@id":"https:\/\/medicina.udd.cl\/observatorio-bioetica-derecho\/files\/2015\/09\/Foro-Bio\u00e9tica-y-Derecho-Responsabilidad-Ambiental-5.jpg","url":"https:\/\/medicina.udd.cl\/observatorio-bioetica-derecho\/files\/2015\/09\/Foro-Bio\u00e9tica-y-Derecho-Responsabilidad-Ambiental-5.jpg","name":"Foro Bio\u00e9tica y Derecho Responsabilidad Ambiental (5) - Observatorio de Bio\u00e9tica y Derecho","isPartOf":{"@id":"https:\/\/medicina.udd.cl\/observatorio-bioetica-derecho\/#website"},"datePublished":"2015-09-03T15:13:36+00:00","breadcrumb":{"@id":"https:\/\/medicina.udd.cl\/observatorio-bioetica-derecho\/files\/2015\/09\/Foro-Bio\u00e9tica-y-Derecho-Responsabilidad-Ambiental-5.jpg#breadcrumb"},"inLanguage":"es","potentialAction":[{"@type":"ReadAction","target":["https:\/\/medicina.udd.cl\/observatorio-bioetica-derecho\/files\/2015\/09\/Foro-Bio\u00e9tica-y-Derecho-Responsabilidad-Ambiental-5.jpg"]}]},{"@type":"BreadcrumbList","@id":"https:\/\/medicina.udd.cl\/observatorio-bioetica-derecho\/files\/2015\/09\/Foro-Bio\u00e9tica-y-Derecho-Responsabilidad-Ambiental-5.jpg#breadcrumb","itemListElement":[{"@type":"ListItem","position":1,"name":"Home","item":"https:\/\/medicina.udd.cl\/observatorio-bioetica-derecho\/"},{"@type":"ListItem","position":2,"name":"Foro sobre responsabilidad ambiental en la Facultad de Medicina","item":"https:\/\/medicina.udd.cl\/observatorio-bioetica-derecho\/noticias\/2015\/09\/03\/foro-sobre-responsabilidad-ambiental-en-la-facultad-de-medicina\/"},{"@type":"ListItem","position":3,"name":"Foro Bio\u00e9tica y Derecho Responsabilidad Ambiental (5)"}]},{"@type":"WebSite","@id":"https:\/\/medicina.udd.cl\/observatorio-bioetica-derecho\/#website","url":"https:\/\/medicina.udd.cl\/observatorio-bioetica-derecho\/","name":"Observatorio de Bio\u00e9tica y Derecho","description":"Observatorio de Bio\u00e9tica y Derecho","inLanguage":"es"}]}},"description":{"rendered":"<p class=\"attachment\"><a href='https:\/\/medicina.udd.cl\/observatorio-bioetica-derecho\/files\/2015\/09\/Foro-Bio\u00e9tica-y-Derecho-Responsabilidad-Ambiental-5.jpg'><img loading=\"lazy\" decoding=\"async\" width=\"300\" height=\"200\" src=\"https:\/\/medicina.udd.cl\/observatorio-bioetica-derecho\/wp-content\/plugins\/wp-async-img-load\/blank.png\" class=\"attachment-medium size-medium lazyload\" alt=\"\" sizes=\"auto, (max-width: 300px) 100vw, 300px\" data-src=\"https:\/\/medicina.udd.cl\/observatorio-bioetica-derecho\/files\/2015\/09\/Foro-Bio\u00e9tica-y-Derecho-Responsabilidad-Ambiental-5-300x200.jpg\" data-srcset=\"https:\/\/medicina.udd.cl\/observatorio-bioetica-derecho\/files\/2015\/09\/Foro-Bio\u00e9tica-y-Derecho-Responsabilidad-Ambiental-5-300x200.jpg 300w, https:\/\/medicina.udd.cl\/observatorio-bioetica-derecho\/files\/2015\/09\/Foro-Bio\u00e9tica-y-Derecho-Responsabilidad-Ambiental-5.jpg 675w\" \/><\/a><\/p>\n"},"caption":{"rendered":""},"alt_text":"","media_type":"image","mime_type":"image\/jpeg","media_details":{"width":675,"height":450,"file":"2015\/09\/Foro-Bio\u00e9tica-y-Derecho-Responsabilidad-Ambiental-5.jpg","sizes":{"thumbnail":{"file":"Foro-Bio\u00e9tica-y-Derecho-Responsabilidad-Ambiental-5-150x150.jpg","width":150,"height":150,"mime_type":"image\/jpeg","source_url":"https:\/\/medicina.udd.cl\/observatorio-bioetica-derecho\/files\/2015\/09\/Foro-Bio\u00e9tica-y-Derecho-Responsabilidad-Ambiental-5-150x150.jpg"},"medium":{"file":"Foro-Bio\u00e9tica-y-Derecho-Responsabilidad-Ambiental-5-300x200.jpg","width":300,"height":200,"mime_type":"image\/jpeg","source_url":"https:\/\/medicina.udd.cl\/observatorio-bioetica-derecho\/files\/2015\/09\/Foro-Bio\u00e9tica-y-Derecho-Responsabilidad-Ambiental-5-300x200.jpg"},"newsletter_featured":{"file":"Foro-Bio\u00e9tica-y-Derecho-Responsabilidad-Ambiental-5-316x224.jpg","width":316,"height":224,"mime_type":"image\/jpeg","source_url":"https:\/\/medicina.udd.cl\/observatorio-bioetica-derecho\/files\/2015\/09\/Foro-Bio\u00e9tica-y-Derecho-Responsabilidad-Ambiental-5-316x224.jpg"},"newsletter_first":{"file":"Foro-Bio\u00e9tica-y-Derecho-Responsabilidad-Ambiental-5-286x205.jpg","width":286,"height":205,"mime_type":"image\/jpeg","source_url":"https:\/\/medicina.udd.cl\/observatorio-bioetica-derecho\/files\/2015\/09\/Foro-Bio\u00e9tica-y-Derecho-Responsabilidad-Ambiental-5-286x205.jpg"},"newsletter_thumb":{"file":"Foro-Bio\u00e9tica-y-Derecho-Responsabilidad-Ambiental-5-288x150.jpg","width":288,"height":150,"mime_type":"image\/jpeg","source_url":"https:\/\/medicina.udd.cl\/observatorio-bioetica-derecho\/files\/2015\/09\/Foro-Bio\u00e9tica-y-Derecho-Responsabilidad-Ambiental-5-288x150.jpg"},"newsletter_column":{"file":"Foro-Bio\u00e9tica-y-Derecho-Responsabilidad-Ambiental-5-182x140.jpg","width":182,"height":140,"mime_type":"image\/jpeg","source_url":"https:\/\/medicina.udd.cl\/observatorio-bioetica-derecho\/files\/2015\/09\/Foro-Bio\u00e9tica-y-Derecho-Responsabilidad-Ambiental-5-182x140.jpg"},"newsletter_square":{"file":"Foro-Bio\u00e9tica-y-Derecho-Responsabilidad-Ambiental-5-62x62.jpg","width":62,"height":62,"mime_type":"image\/jpeg","source_url":"https:\/\/medicina.udd.cl\/observatorio-bioetica-derecho\/files\/2015\/09\/Foro-Bio\u00e9tica-y-Derecho-Responsabilidad-Ambiental-5-62x62.jpg"},"newsletter_square_large":{"file":"Foro-Bio\u00e9tica-y-Derecho-Responsabilidad-Ambiental-5-87x62.jpg","width":87,"height":62,"mime_type":"image\/jpeg","source_url":"https:\/\/medicina.udd.cl\/observatorio-bioetica-derecho\/files\/2015\/09\/Foro-Bio\u00e9tica-y-Derecho-Responsabilidad-Ambiental-5-87x62.jpg"},"featured-home":{"file":"Foro-Bio\u00e9tica-y-Derecho-Responsabilidad-Ambiental-5-675x450.jpg","width":675,"height":450,"mime_type":"image\/jpeg","source_url":"https:\/\/medicina.udd.cl\/observatorio-bioetica-derecho\/files\/2015\/09\/Foro-Bio\u00e9tica-y-Derecho-Responsabilidad-Ambiental-5-675x450.jpg"},"featured-career":{"file":"Foro-Bio\u00e9tica-y-Derecho-Responsabilidad-Ambiental-5-660x430.jpg","width":660,"height":430,"mime_type":"image\/jpeg","source_url":"https:\/\/medicina.udd.cl\/observatorio-bioetica-derecho\/files\/2015\/09\/Foro-Bio\u00e9tica-y-Derecho-Responsabilidad-Ambiental-5-660x430.jpg"},"squared":{"file":"Foro-Bio\u00e9tica-y-Derecho-Responsabilidad-Ambiental-5-300x300.jpg","width":300,"height":300,"mime_type":"image\/jpeg","source_url":"https:\/\/medicina.udd.cl\/observatorio-bioetica-derecho\/files\/2015\/09\/Foro-Bio\u00e9tica-y-Derecho-Responsabilidad-Ambiental-5-300x300.jpg"},"stretch":{"file":"Foro-Bio\u00e9tica-y-Derecho-Responsabilidad-Ambiental-5-675x450.jpg","width":675,"height":450,"mime_type":"image\/jpeg","source_url":"https:\/\/medicina.udd.cl\/observatorio-bioetica-derecho\/files\/2015\/09\/Foro-Bio\u00e9tica-y-Derecho-Responsabilidad-Ambiental-5-675x450.jpg"},"portrait-medium":{"file":"Foro-Bio\u00e9tica-y-Derecho-Responsabilidad-Ambiental-5-220x260.jpg","width":220,"height":260,"mime_type":"image\/jpeg","source_url":"https:\/\/medicina.udd.cl\/observatorio-bioetica-derecho\/files\/2015\/09\/Foro-Bio\u00e9tica-y-Derecho-Responsabilidad-Ambiental-5-220x260.jpg"},"landscape-small":{"file":"Foro-Bio\u00e9tica-y-Derecho-Responsabilidad-Ambiental-5-125x80.jpg","width":125,"height":80,"mime_type":"image\/jpeg","source_url":"https:\/\/medicina.udd.cl\/observatorio-bioetica-derecho\/files\/2015\/09\/Foro-Bio\u00e9tica-y-Derecho-Responsabilidad-Ambiental-5-125x80.jpg"},"landscape-medium":{"file":"Foro-Bio\u00e9tica-y-Derecho-Responsabilidad-Ambiental-5-340x220.jpg","width":340,"height":220,"mime_type":"image\/jpeg","source_url":"https:\/\/medicina.udd.cl\/observatorio-bioetica-derecho\/files\/2015\/09\/Foro-Bio\u00e9tica-y-Derecho-Responsabilidad-Ambiental-5-340x220.jpg"},"landscape-large":{"file":"Foro-Bio\u00e9tica-y-Derecho-Responsabilidad-Ambiental-5-365x255.jpg","width":365,"height":255,"mime_type":"image\/jpeg","source_url":"https:\/\/medicina.udd.cl\/observatorio-bioetica-derecho\/files\/2015\/09\/Foro-Bio\u00e9tica-y-Derecho-Responsabilidad-Ambiental-5-365x255.jpg"},"landscape-xlarge":{"file":"Foro-Bio\u00e9tica-y-Derecho-Responsabilidad-Ambiental-5-660x430.jpg","width":660,"height":430,"mime_type":"image\/jpeg","source_url":"https:\/\/medicina.udd.cl\/observatorio-bioetica-derecho\/files\/2015\/09\/Foro-Bio\u00e9tica-y-Derecho-Responsabilidad-Ambiental-5-660x430.jpg"},"panoramic":{"file":"Foro-Bio\u00e9tica-y-Derecho-Responsabilidad-Ambiental-5-675x345.jpg","width":675,"height":345,"mime_type":"image\/jpeg","source_url":"https:\/\/medicina.udd.cl\/observatorio-bioetica-derecho\/files\/2015\/09\/Foro-Bio\u00e9tica-y-Derecho-Responsabilidad-Ambiental-5-675x345.jpg"},"stretch-large":{"file":"Foro-Bio\u00e9tica-y-Derecho-Responsabilidad-Ambiental-5-675x450.jpg","width":675,"height":450,"mime_type":"image\/jpeg","source_url":"https:\/\/medicina.udd.cl\/observatorio-bioetica-derecho\/files\/2015\/09\/Foro-Bio\u00e9tica-y-Derecho-Responsabilidad-Ambiental-5-675x450.jpg"},"custom_content":{"file":"Foro-Bio\u00e9tica-y-Derecho-Responsabilidad-Ambiental-5-126x126.jpg","width":126,"height":126,"mime_type":"image\/jpeg","source_url":"https:\/\/medicina.udd.cl\/observatorio-bioetica-derecho\/files\/2015\/09\/Foro-Bio\u00e9tica-y-Derecho-Responsabilidad-Ambiental-5-126x126.jpg"},"full":{"file":"Foro-Bio\u00e9tica-y-Derecho-Responsabilidad-Ambiental-5.jpg","width":675,"height":450,"mime_type":"image\/jpeg","source_url":"https:\/\/medicina.udd.cl\/observatorio-bioetica-derecho\/files\/2015\/09\/Foro-Bio\u00e9tica-y-Derecho-Responsabilidad-Ambiental-5.jpg"}},"image_meta":{"aperture":"5","credit":"","camera":"Canon EOS REBEL T5","caption":"","created_timestamp":"1441200502","copyright":"","focal_length":"40","iso":"800","shutter_speed":"0.016666666666667","title":"","orientation":"1","keywords":[]}},"post":818,"source_url":"https:\/\/medicina.udd.cl\/observatorio-bioetica-derecho\/files\/2015\/09\/Foro-Bio\u00e9tica-y-Derecho-Responsabilidad-Ambiental-5.jpg","_links":{"self":[{"href":"https:\/\/medicina.udd.cl\/observatorio-bioetica-derecho\/wp-json\/wp\/v2\/media\/823","targetHints":{"allow":["GET"]}}],"collection":[{"href":"https:\/\/medicina.udd.cl\/observatorio-bioetica-derecho\/wp-json\/wp\/v2\/media"}],"about":[{"href":"https:\/\/medicina.udd.cl\/observatorio-bioetica-derecho\/wp-json\/wp\/v2\/types\/attachment"}],"author":[{"embeddable":true,"href":"https:\/\/medicina.udd.cl\/observatorio-bioetica-derecho\/wp-json\/wp\/v2\/users\/42"}],"replies":[{"embeddable":true,"href":"https:\/\/medicina.udd.cl\/observatorio-bioetica-derecho\/wp-json\/wp\/v2\/comments?post=823"}],"wp:attached-to":[{"embeddable":true,"post_type":"post","id":818,"href":"https:\/\/medicina.udd.cl\/observatorio-bioetica-derecho\/wp-json\/wp\/v2\/posts\/818"}],"curies":[{"name":"wp","href":"https:\/\/api.w.org\/{rel}","templated":true}]}}