{"id":7,"date":"2012-08-02T12:38:17","date_gmt":"2012-08-02T12:38:17","guid":{"rendered":"http:\/\/medicina.udd.cl\/obd\/sobre-el-centro\/"},"modified":"2023-08-23T16:53:28","modified_gmt":"2023-08-23T20:53:28","slug":"sobre-el-centro","status":"publish","type":"page","link":"https:\/\/medicina.udd.cl\/observatorio-bioetica-derecho\/sobre-el-centro\/","title":{"rendered":"Sobre el centro"},"content":{"rendered":"\n<p>El <strong>Observatorio de Bio\u00e9tica y Derecho<\/strong>&nbsp;se crea el a\u00f1o 2012, como un programa de investigaci\u00f3n dedicado al estudio del impacto \u00e9tico, jur\u00eddico, social y pol\u00edtico de las regulaciones legales, reglamentarias y administrativas&nbsp; en materia de bio\u00e9tica en nuestro pa\u00eds.<\/p>\n\n\n\n<p>Dicho programa se inicia con un an\u00e1lisis y evaluaci\u00f3n del panorama del bioderecho vigente en nuestro pa\u00eds, destacando que, a nivel nacional, reci\u00e9n se est\u00e1n promulgando las primeras legislaciones m\u00e1s caracter\u00edsticas de este nuevo \u00e1mbito del Derecho, a saber la ley de investigaci\u00f3n cient\u00edfica en seres humanos (Ley N\u00b0 20.120 de 2006) y la ley sobre los derechos y deberes de los pacientes (Ley N\u00b0 20.584 de 2012). Tambi\u00e9n se incorpor\u00f3 al an\u00e1lisis, la evaluaci\u00f3n del derecho sanitario vigente (aborto, trasplante y donaci\u00f3n de \u00f3rganos, organizaci\u00f3n sanitaria, medicamentos, etc.), un \u00e1rea del Derecho que hoy la doctrina entiende como parte de este nuevo \u00e1mbito jur\u00eddico del bioderecho, indic\u00e1ndose los aspectos m\u00e1s cr\u00edticos y discutidos que invitan a una revisi\u00f3n y mejora normativa.<\/p>\n\n\n\n<p>Por otra parte, el Observatorio de Bio\u00e9tica y Derecho se avoca a la revisi\u00f3n cr\u00edtica de las materias bio\u00e9ticas que requieren una pronta regulaci\u00f3n a nivel legal, con el objeto de elaborar propuestas normativas que las regulen. Estas materias, principalmente, son:<\/p>\n\n\n\n<ul class=\"wp-block-list\"><li style=\"text-align: justify\">Reproducci\u00f3n humana asistida.<\/li><li style=\"text-align: justify\">Ensayos cl\u00ednicos con productos farmac\u00e9uticos y productos biol\u00f3gicos de uso humano.<\/li><li style=\"text-align: justify\">Biotecnolog\u00eda vegetal y animal.<\/li><li style=\"text-align: justify\">Medio ambiente.<\/li><\/ul>\n\n\n\n<h2 class=\"wp-block-heading\">Objetivos<\/h2>\n\n\n\n<ol class=\"wp-block-list\"><li> Servir de plataforma de di\u00e1logo sobre los temas de bio\u00e9tica y derecho pertinentes a la sociedad chilena y latinoamericana, favoreciendo la intervenci\u00f3n y el intercambio de ideas, entre expertos cient\u00edficos, m\u00e9dicos, juristas, bioeticistas, fil\u00f3sofos, pol\u00edticos y miembros de organizaciones de la sociedad civil.<\/li><li> Promover la reflexi\u00f3n acad\u00e9mica y p\u00fablica sobre el impacto \u00e9tico, jur\u00eddico, social y pol\u00edtico de la legislaci\u00f3n vigente y las pol\u00edticas p\u00fablicas en Chile relativas al bioderecho.<\/li><li> Fomentar la investigaci\u00f3n interdisciplinaria en materias de bioderecho.<\/li><li> Contribuir al debate p\u00fablico sobre las pol\u00edticas legislativas relativas a los diversos \u00e1mbitos del bioderecho chileno.<\/li><li> Plantear propuestas normativas concretas y recomendaciones bio\u00e9ticas, con el objetivo de apoyar el desarrollo de iniciativas parlamentarias, gubernamentales y ciudadanas en el \u00e1mbito del bioderecho. <\/li><\/ol>\n\n\n<!-- WP Block: UDD - Access Cards -->\n<section\n\tid=\"udd-access-cards--1\"\n\tclass=\"wp-block-udd-access-cards\n\t\tis-style-blue-bg js-show-in-modal\"\n\t\tstyle=\"\n\t\t--udd-blocks-has-columns-number: 3\t\t\"\n\t>\n\t<div class=\"container\">\n\t\t\t\t\t<header class=\"header__innerblock block__header\">\n\t\t\t<h2 class=\"block__title\">Actividades anuales<\/h2>\n\t\n\t\n\t<\/header>\n\t\t\t\t<div class=\"block__content\">\n\t\t\t<div\n\t\t\t\tclass=\"udd-access-cards\"\n\t\t\t\t\t\t\t>\n\t\t\t<div\n\tdata-index=\"1\"\n\tclass=\"udd-access-card-wrapper udd-access-card-wrapper--has-description\"\n\t>\n\t<a href=\"https:\/\/medicina.udd.cl\/observatorio-bioetica-derecho\/eventos-y-actividades\/seminario-academico\/\" class=\"access-card access-card--profile\" data-url=\"https:\/\/medicina.udd.cl\/observatorio-bioetica-derecho\/eventos-y-actividades\/seminario-academico\/\">\n\t\t\t\t\t\t<h3\n\t\t\tdata-index=\"1\"\n\t\t\tclass=\"access-card__title\"\n\t\t>\n\t\t\tSeminario Acad\u00e9mico\t\t<\/h3>\n\t\t\t\t<p class=\"access-card__description\">\n\t\t\tEl Observatorio de Bio\u00e9tica y Derecho UDD organiza cada semestre un Seminario Acad\u00e9mico con la participaci\u00f3n de expertos nacionales e internacional.\t\t<\/p>\n\t\t\t\t<div class=\"access-card__link\">\n\t\t\t<span class=\"access-card__link-text\">Conocer m\u00e1s<\/span>\n\t\t<\/div>\n\t<\/a>\n<\/div>\n<div\n\tdata-index=\"2\"\n\tclass=\"udd-access-card-wrapper udd-access-card-wrapper--has-description\"\n\t>\n\t<a href=\"https:\/\/medicina.udd.cl\/observatorio-bioetica-derecho\/eventos-y-actividades\/foros-de-debat-interfacultades\/\" class=\"access-card access-card--profile\" data-url=\"https:\/\/medicina.udd.cl\/observatorio-bioetica-derecho\/eventos-y-actividades\/foros-de-debat-interfacultades\/\">\n\t\t\t\t\t\t<h3\n\t\t\tdata-index=\"2\"\n\t\t\tclass=\"access-card__title\"\n\t\t>\n\t\t\tForos de Debate Interfacultades\t\t<\/h3>\n\t\t\t\t<p class=\"access-card__description\">\n\t\t\tEl objetivo de los Foros es promover una formaci\u00f3n interdisciplinaria y el di\u00e1logo entre alumnos provenientes de distintas carreras sobre temas val\u00f3ricos que exigen de estos futuros profesionales una opini\u00f3n madura, responsable e informada.\t\t<\/p>\n\t\t\t\t<div class=\"access-card__link\">\n\t\t\t<span class=\"access-card__link-text\">Conocer m\u00e1s<\/span>\n\t\t<\/div>\n\t<\/a>\n<\/div>\n<div\n\tdata-index=\"3\"\n\tclass=\"udd-access-card-wrapper udd-access-card-wrapper--has-description\"\n\t>\n\t<a href=\"https:\/\/medicina.udd.cl\/observatorio-bioetica-derecho\/eventos-y-actividades\/seminario-de-debate-publico\/\" class=\"access-card access-card--profile\" data-url=\"https:\/\/medicina.udd.cl\/observatorio-bioetica-derecho\/eventos-y-actividades\/seminario-de-debate-publico\/\">\n\t\t\t\t\t\t<h3\n\t\t\tdata-index=\"3\"\n\t\t\tclass=\"access-card__title\"\n\t\t>\n\t\t\tSeminario de Debate P\u00fablico\t\t<\/h3>\n\t\t\t\t<p class=\"access-card__description\">\n\t\t\tAn\u00e1lisis y debate sobre un \u00e1rea del bioderecho que cuenta con una normativa deficiente o bien que no cuenta con una regulaci\u00f3n.\t\t<\/p>\n\t\t\t\t<div class=\"access-card__link\">\n\t\t\t<span class=\"access-card__link-text\">Conocer m\u00e1s<\/span>\n\t\t<\/div>\n\t<\/a>\n<\/div>\n\t\t\t<\/div>\n\t\t<\/div>\n\t<\/div>\n<\/section>\n","protected":false},"excerpt":{"rendered":"<p>El Observatorio de Bio\u00e9tica y Derecho&nbsp;se crea el a\u00f1o 2012, como un programa de investigaci\u00f3n dedicado al estudio del impacto \u00e9tico, jur\u00eddico, social y pol\u00edtico de las regulaciones legales, reglamentarias y administrativas&nbsp; en materia de bio\u00e9tica en nuestro pa\u00eds. Dicho programa se inicia con un an\u00e1lisis y evaluaci\u00f3n del panorama del bioderecho vigente en nuestro [&hellip;]<\/p>\n","protected":false},"author":9192194,"featured_media":0,"parent":0,"menu_order":40,"comment_status":"open","ping_status":"open","template":"","meta":{"footnotes":""},"class_list":["post-7","page","type-page","status-publish","hentry"],"yoast_head":"<!-- This site is optimized with the Yoast SEO plugin v26.9 - https:\/\/yoast.com\/product\/yoast-seo-wordpress\/ -->\n<title>Sobre el centro - Observatorio de Bio\u00e9tica y Derecho<\/title>\n<meta name=\"robots\" content=\"index, follow, max-snippet:-1, max-image-preview:large, max-video-preview:-1\" \/>\n<link rel=\"canonical\" href=\"https:\/\/medicina.udd.cl\/observatorio-bioetica-derecho\/sobre-el-centro\/\" \/>\n<meta property=\"og:locale\" content=\"es_ES\" \/>\n<meta property=\"og:type\" content=\"article\" \/>\n<meta property=\"og:title\" content=\"Sobre el centro - Observatorio de Bio\u00e9tica y Derecho\" \/>\n<meta property=\"og:description\" content=\"El Observatorio de Bio\u00e9tica y Derecho&nbsp;se crea el a\u00f1o 2012, como un programa de investigaci\u00f3n dedicado al estudio del impacto \u00e9tico, jur\u00eddico, social y pol\u00edtico de las regulaciones legales, reglamentarias y administrativas&nbsp; en materia de bio\u00e9tica en nuestro pa\u00eds. Dicho programa se inicia con un an\u00e1lisis y evaluaci\u00f3n del panorama del bioderecho vigente en nuestro [&hellip;]\" \/>\n<meta property=\"og:url\" content=\"https:\/\/medicina.udd.cl\/observatorio-bioetica-derecho\/sobre-el-centro\/\" \/>\n<meta property=\"og:site_name\" content=\"Observatorio de Bio\u00e9tica y Derecho\" \/>\n<meta property=\"article:modified_time\" content=\"2023-08-23T20:53:28+00:00\" \/>\n<meta name=\"twitter:label1\" content=\"Tiempo de lectura\" \/>\n\t<meta name=\"twitter:data1\" content=\"2 minutos\" \/>\n<script type=\"application\/ld+json\" class=\"yoast-schema-graph\">{\"@context\":\"https:\/\/schema.org\",\"@graph\":[{\"@type\":\"WebPage\",\"@id\":\"https:\/\/medicina.udd.cl\/observatorio-bioetica-derecho\/sobre-el-centro\/\",\"url\":\"https:\/\/medicina.udd.cl\/observatorio-bioetica-derecho\/sobre-el-centro\/\",\"name\":\"Sobre el centro - Observatorio de Bio\u00e9tica y Derecho\",\"isPartOf\":{\"@id\":\"https:\/\/medicina.udd.cl\/observatorio-bioetica-derecho\/#website\"},\"datePublished\":\"2012-08-02T12:38:17+00:00\",\"dateModified\":\"2023-08-23T20:53:28+00:00\",\"breadcrumb\":{\"@id\":\"https:\/\/medicina.udd.cl\/observatorio-bioetica-derecho\/sobre-el-centro\/#breadcrumb\"},\"inLanguage\":\"es\",\"potentialAction\":[{\"@type\":\"ReadAction\",\"target\":[\"https:\/\/medicina.udd.cl\/observatorio-bioetica-derecho\/sobre-el-centro\/\"]}]},{\"@type\":\"BreadcrumbList\",\"@id\":\"https:\/\/medicina.udd.cl\/observatorio-bioetica-derecho\/sobre-el-centro\/#breadcrumb\",\"itemListElement\":[{\"@type\":\"ListItem\",\"position\":1,\"name\":\"Home\",\"item\":\"https:\/\/medicina.udd.cl\/observatorio-bioetica-derecho\/\"},{\"@type\":\"ListItem\",\"position\":2,\"name\":\"Sobre el centro\"}]},{\"@type\":\"WebSite\",\"@id\":\"https:\/\/medicina.udd.cl\/observatorio-bioetica-derecho\/#website\",\"url\":\"https:\/\/medicina.udd.cl\/observatorio-bioetica-derecho\/\",\"name\":\"Observatorio de Bio\u00e9tica y Derecho\",\"description\":\"Observatorio de Bio\u00e9tica y Derecho\",\"inLanguage\":\"es\"}]}<\/script>\n<!-- \/ Yoast SEO plugin. -->","yoast_head_json":{"title":"Sobre el centro - Observatorio de Bio\u00e9tica y Derecho","robots":{"index":"index","follow":"follow","max-snippet":"max-snippet:-1","max-image-preview":"max-image-preview:large","max-video-preview":"max-video-preview:-1"},"canonical":"https:\/\/medicina.udd.cl\/observatorio-bioetica-derecho\/sobre-el-centro\/","og_locale":"es_ES","og_type":"article","og_title":"Sobre el centro - Observatorio de Bio\u00e9tica y Derecho","og_description":"El Observatorio de Bio\u00e9tica y Derecho&nbsp;se crea el a\u00f1o 2012, como un programa de investigaci\u00f3n dedicado al estudio del impacto \u00e9tico, jur\u00eddico, social y pol\u00edtico de las regulaciones legales, reglamentarias y administrativas&nbsp; en materia de bio\u00e9tica en nuestro pa\u00eds. Dicho programa se inicia con un an\u00e1lisis y evaluaci\u00f3n del panorama del bioderecho vigente en nuestro [&hellip;]","og_url":"https:\/\/medicina.udd.cl\/observatorio-bioetica-derecho\/sobre-el-centro\/","og_site_name":"Observatorio de Bio\u00e9tica y Derecho","article_modified_time":"2023-08-23T20:53:28+00:00","twitter_misc":{"Tiempo de lectura":"2 minutos"},"schema":{"@context":"https:\/\/schema.org","@graph":[{"@type":"WebPage","@id":"https:\/\/medicina.udd.cl\/observatorio-bioetica-derecho\/sobre-el-centro\/","url":"https:\/\/medicina.udd.cl\/observatorio-bioetica-derecho\/sobre-el-centro\/","name":"Sobre el centro - Observatorio de Bio\u00e9tica y Derecho","isPartOf":{"@id":"https:\/\/medicina.udd.cl\/observatorio-bioetica-derecho\/#website"},"datePublished":"2012-08-02T12:38:17+00:00","dateModified":"2023-08-23T20:53:28+00:00","breadcrumb":{"@id":"https:\/\/medicina.udd.cl\/observatorio-bioetica-derecho\/sobre-el-centro\/#breadcrumb"},"inLanguage":"es","potentialAction":[{"@type":"ReadAction","target":["https:\/\/medicina.udd.cl\/observatorio-bioetica-derecho\/sobre-el-centro\/"]}]},{"@type":"BreadcrumbList","@id":"https:\/\/medicina.udd.cl\/observatorio-bioetica-derecho\/sobre-el-centro\/#breadcrumb","itemListElement":[{"@type":"ListItem","position":1,"name":"Home","item":"https:\/\/medicina.udd.cl\/observatorio-bioetica-derecho\/"},{"@type":"ListItem","position":2,"name":"Sobre el centro"}]},{"@type":"WebSite","@id":"https:\/\/medicina.udd.cl\/observatorio-bioetica-derecho\/#website","url":"https:\/\/medicina.udd.cl\/observatorio-bioetica-derecho\/","name":"Observatorio de Bio\u00e9tica y Derecho","description":"Observatorio de Bio\u00e9tica y Derecho","inLanguage":"es"}]}},"_links":{"self":[{"href":"https:\/\/medicina.udd.cl\/observatorio-bioetica-derecho\/wp-json\/wp\/v2\/pages\/7","targetHints":{"allow":["GET"]}}],"collection":[{"href":"https:\/\/medicina.udd.cl\/observatorio-bioetica-derecho\/wp-json\/wp\/v2\/pages"}],"about":[{"href":"https:\/\/medicina.udd.cl\/observatorio-bioetica-derecho\/wp-json\/wp\/v2\/types\/page"}],"author":[{"embeddable":true,"href":"https:\/\/medicina.udd.cl\/observatorio-bioetica-derecho\/wp-json\/wp\/v2\/users\/9192194"}],"replies":[{"embeddable":true,"href":"https:\/\/medicina.udd.cl\/observatorio-bioetica-derecho\/wp-json\/wp\/v2\/comments?post=7"}],"version-history":[{"count":9,"href":"https:\/\/medicina.udd.cl\/observatorio-bioetica-derecho\/wp-json\/wp\/v2\/pages\/7\/revisions"}],"predecessor-version":[{"id":1196,"href":"https:\/\/medicina.udd.cl\/observatorio-bioetica-derecho\/wp-json\/wp\/v2\/pages\/7\/revisions\/1196"}],"wp:attachment":[{"href":"https:\/\/medicina.udd.cl\/observatorio-bioetica-derecho\/wp-json\/wp\/v2\/media?parent=7"}],"curies":[{"name":"wp","href":"https:\/\/api.w.org\/{rel}","templated":true}]}}