{"id":168,"date":"2013-07-27T20:30:45","date_gmt":"2013-07-28T00:30:45","guid":{"rendered":"http:\/\/medicina.udd.cl\/observatorio-bioetica-derecho\/?testimonial=maria-jose-ferrada"},"modified":"2013-07-27T20:30:45","modified_gmt":"2013-07-28T00:30:45","slug":"maria-jose-ferrada","status":"publish","type":"testimonial","link":"https:\/\/medicina.udd.cl\/observatorio-bioetica-derecho\/testimonio\/maria-jose-ferrada\/","title":{"rendered":"Mar\u00eda Jos\u00e9 Ferrada"},"content":{"rendered":"<p>Este es un ejemplo de los testimonios de texto que los alumnos podr\u00e1n dejar en el sitio. Para borrarlo o crear otros debes ir al Herramientas >> Testimonios.<\/p>\n","protected":false},"featured_media":0,"template":"","testimonial-categories":[],"class_list":["post-168","testimonial","type-testimonial","status-publish","hentry"],"yoast_head":"<!-- This site is optimized with the Yoast SEO plugin v26.9 - https:\/\/yoast.com\/product\/yoast-seo-wordpress\/ -->\n<title>Mar\u00eda Jos\u00e9 Ferrada - Observatorio de Bio\u00e9tica y Derecho<\/title>\n<meta name=\"robots\" content=\"index, follow, max-snippet:-1, max-image-preview:large, max-video-preview:-1\" \/>\n<link rel=\"canonical\" href=\"https:\/\/medicina.udd.cl\/observatorio-bioetica-derecho\/testimonio\/maria-jose-ferrada\/\" \/>\n<meta property=\"og:locale\" content=\"es_ES\" \/>\n<meta property=\"og:type\" content=\"article\" \/>\n<meta property=\"og:title\" content=\"Mar\u00eda Jos\u00e9 Ferrada - Observatorio de Bio\u00e9tica y Derecho\" \/>\n<meta property=\"og:description\" content=\"Este es un ejemplo de los testimonios de texto que los alumnos podr\u00e1n dejar en el sitio. Para borrarlo o crear otros debes ir al Herramientas &gt;&gt; Testimonios.\" \/>\n<meta property=\"og:url\" content=\"https:\/\/medicina.udd.cl\/observatorio-bioetica-derecho\/testimonio\/maria-jose-ferrada\/\" \/>\n<meta property=\"og:site_name\" content=\"Observatorio de Bio\u00e9tica y Derecho\" \/>\n<script type=\"application\/ld+json\" class=\"yoast-schema-graph\">{\"@context\":\"https:\/\/schema.org\",\"@graph\":[{\"@type\":\"WebPage\",\"@id\":\"https:\/\/medicina.udd.cl\/observatorio-bioetica-derecho\/testimonio\/maria-jose-ferrada\/\",\"url\":\"https:\/\/medicina.udd.cl\/observatorio-bioetica-derecho\/testimonio\/maria-jose-ferrada\/\",\"name\":\"Mar\u00eda Jos\u00e9 Ferrada - Observatorio de Bio\u00e9tica y Derecho\",\"isPartOf\":{\"@id\":\"https:\/\/medicina.udd.cl\/observatorio-bioetica-derecho\/#website\"},\"datePublished\":\"2013-07-28T00:30:45+00:00\",\"breadcrumb\":{\"@id\":\"https:\/\/medicina.udd.cl\/observatorio-bioetica-derecho\/testimonio\/maria-jose-ferrada\/#breadcrumb\"},\"inLanguage\":\"es\",\"potentialAction\":[{\"@type\":\"ReadAction\",\"target\":[\"https:\/\/medicina.udd.cl\/observatorio-bioetica-derecho\/testimonio\/maria-jose-ferrada\/\"]}]},{\"@type\":\"BreadcrumbList\",\"@id\":\"https:\/\/medicina.udd.cl\/observatorio-bioetica-derecho\/testimonio\/maria-jose-ferrada\/#breadcrumb\",\"itemListElement\":[{\"@type\":\"ListItem\",\"position\":1,\"name\":\"Home\",\"item\":\"https:\/\/medicina.udd.cl\/observatorio-bioetica-derecho\/\"},{\"@type\":\"ListItem\",\"position\":2,\"name\":\"Testimonios\",\"item\":\"https:\/\/medicina.udd.cl\/observatorio-bioetica-derecho\/testimonio\/\"},{\"@type\":\"ListItem\",\"position\":3,\"name\":\"Mar\u00eda Jos\u00e9 Ferrada\"}]},{\"@type\":\"WebSite\",\"@id\":\"https:\/\/medicina.udd.cl\/observatorio-bioetica-derecho\/#website\",\"url\":\"https:\/\/medicina.udd.cl\/observatorio-bioetica-derecho\/\",\"name\":\"Observatorio de Bio\u00e9tica y Derecho\",\"description\":\"Observatorio de Bio\u00e9tica y Derecho\",\"inLanguage\":\"es\"}]}<\/script>\n<!-- \/ Yoast SEO plugin. -->","yoast_head_json":{"title":"Mar\u00eda Jos\u00e9 Ferrada - Observatorio de Bio\u00e9tica y Derecho","robots":{"index":"index","follow":"follow","max-snippet":"max-snippet:-1","max-image-preview":"max-image-preview:large","max-video-preview":"max-video-preview:-1"},"canonical":"https:\/\/medicina.udd.cl\/observatorio-bioetica-derecho\/testimonio\/maria-jose-ferrada\/","og_locale":"es_ES","og_type":"article","og_title":"Mar\u00eda Jos\u00e9 Ferrada - Observatorio de Bio\u00e9tica y Derecho","og_description":"Este es un ejemplo de los testimonios de texto que los alumnos podr\u00e1n dejar en el sitio. Para borrarlo o crear otros debes ir al Herramientas >> Testimonios.","og_url":"https:\/\/medicina.udd.cl\/observatorio-bioetica-derecho\/testimonio\/maria-jose-ferrada\/","og_site_name":"Observatorio de Bio\u00e9tica y Derecho","schema":{"@context":"https:\/\/schema.org","@graph":[{"@type":"WebPage","@id":"https:\/\/medicina.udd.cl\/observatorio-bioetica-derecho\/testimonio\/maria-jose-ferrada\/","url":"https:\/\/medicina.udd.cl\/observatorio-bioetica-derecho\/testimonio\/maria-jose-ferrada\/","name":"Mar\u00eda Jos\u00e9 Ferrada - Observatorio de Bio\u00e9tica y Derecho","isPartOf":{"@id":"https:\/\/medicina.udd.cl\/observatorio-bioetica-derecho\/#website"},"datePublished":"2013-07-28T00:30:45+00:00","breadcrumb":{"@id":"https:\/\/medicina.udd.cl\/observatorio-bioetica-derecho\/testimonio\/maria-jose-ferrada\/#breadcrumb"},"inLanguage":"es","potentialAction":[{"@type":"ReadAction","target":["https:\/\/medicina.udd.cl\/observatorio-bioetica-derecho\/testimonio\/maria-jose-ferrada\/"]}]},{"@type":"BreadcrumbList","@id":"https:\/\/medicina.udd.cl\/observatorio-bioetica-derecho\/testimonio\/maria-jose-ferrada\/#breadcrumb","itemListElement":[{"@type":"ListItem","position":1,"name":"Home","item":"https:\/\/medicina.udd.cl\/observatorio-bioetica-derecho\/"},{"@type":"ListItem","position":2,"name":"Testimonios","item":"https:\/\/medicina.udd.cl\/observatorio-bioetica-derecho\/testimonio\/"},{"@type":"ListItem","position":3,"name":"Mar\u00eda Jos\u00e9 Ferrada"}]},{"@type":"WebSite","@id":"https:\/\/medicina.udd.cl\/observatorio-bioetica-derecho\/#website","url":"https:\/\/medicina.udd.cl\/observatorio-bioetica-derecho\/","name":"Observatorio de Bio\u00e9tica y Derecho","description":"Observatorio de Bio\u00e9tica y Derecho","inLanguage":"es"}]}},"_links":{"self":[{"href":"https:\/\/medicina.udd.cl\/observatorio-bioetica-derecho\/wp-json\/wp\/v2\/testimonials\/168","targetHints":{"allow":["GET"]}}],"collection":[{"href":"https:\/\/medicina.udd.cl\/observatorio-bioetica-derecho\/wp-json\/wp\/v2\/testimonials"}],"about":[{"href":"https:\/\/medicina.udd.cl\/observatorio-bioetica-derecho\/wp-json\/wp\/v2\/types\/testimonial"}],"wp:attachment":[{"href":"https:\/\/medicina.udd.cl\/observatorio-bioetica-derecho\/wp-json\/wp\/v2\/media?parent=168"}],"wp:term":[{"taxonomy":"testimonial_category","embeddable":true,"href":"https:\/\/medicina.udd.cl\/observatorio-bioetica-derecho\/wp-json\/wp\/v2\/testimonial-categories?post=168"}],"curies":[{"name":"wp","href":"https:\/\/api.w.org\/{rel}","templated":true}]}}