{"id":1520,"date":"2023-06-07T21:34:03","date_gmt":"2023-06-07T21:34:03","guid":{"rendered":"https:\/\/medicina.udd.cl\/obstetricia-santiago\/files\/2023\/06\/obst-fran-villalon-en-congreso-cancun-2023-2.jpg"},"modified":"2023-06-07T21:34:03","modified_gmt":"2023-06-07T21:34:03","slug":"obst-fran-villalon-en-congreso-cancun-2023-2","status":"inherit","type":"attachment","link":"https:\/\/medicina.udd.cl\/obstetricia-santiago\/2023\/06\/07\/academica-udd-presento-innovador-software-de-realidad-virtual-en-el-vii-congreso-latinoamericano-de-simulacion-clinica-y-seguridad-del-paciente-en-cancun\/obst-fran-villalon-en-congreso-cancun-2023-2\/","title":{"rendered":"OBST &#8211; Fran Villal\u00f3n en Congreso Canc\u00fan 2023 (2)"},"author":9192219,"featured_media":0,"comment_status":"","ping_status":"closed","template":"","meta":[],"class_list":["post-1520","attachment","type-attachment","status-inherit","hentry"],"yoast_head":"<!-- This site is optimized with the Yoast SEO plugin v26.9 - https:\/\/yoast.com\/product\/yoast-seo-wordpress\/ -->\n<title>OBST - Fran Villal\u00f3n en Congreso Canc\u00fan 2023 (2) - Obstetricia<\/title>\n<meta name=\"robots\" content=\"index, follow, max-snippet:-1, max-image-preview:large, max-video-preview:-1\" \/>\n<link rel=\"canonical\" href=\"https:\/\/medicina.udd.cl\/obstetricia-santiago\/files\/2023\/06\/obst-fran-villalon-en-congreso-cancun-2023-2.jpg\" \/>\n<meta property=\"og:locale\" content=\"es_ES\" \/>\n<meta property=\"og:type\" content=\"article\" \/>\n<meta property=\"og:title\" content=\"OBST - Fran Villal\u00f3n en Congreso Canc\u00fan 2023 (2) - Obstetricia\" \/>\n<meta property=\"og:url\" content=\"https:\/\/medicina.udd.cl\/obstetricia-santiago\/files\/2023\/06\/obst-fran-villalon-en-congreso-cancun-2023-2.jpg\" \/>\n<meta property=\"og:site_name\" content=\"Obstetricia\" \/>\n<meta property=\"og:image\" content=\"https:\/\/medicina.udd.cl\/obstetricia-santiago\/files\/2023\/06\/obst-fran-villalon-en-congreso-cancun-2023-2.jpg\" \/>\n\t<meta property=\"og:image:width\" content=\"1370\" \/>\n\t<meta property=\"og:image:height\" content=\"1600\" \/>\n\t<meta property=\"og:image:type\" content=\"image\/jpeg\" \/>\n<meta name=\"twitter:card\" content=\"summary_large_image\" \/>\n<script type=\"application\/ld+json\" class=\"yoast-schema-graph\">{\"@context\":\"https:\/\/schema.org\",\"@graph\":[{\"@type\":\"WebPage\",\"@id\":\"https:\/\/medicina.udd.cl\/obstetricia-santiago\/files\/2023\/06\/obst-fran-villalon-en-congreso-cancun-2023-2.jpg\",\"url\":\"https:\/\/medicina.udd.cl\/obstetricia-santiago\/files\/2023\/06\/obst-fran-villalon-en-congreso-cancun-2023-2.jpg\",\"name\":\"OBST - Fran Villal\u00f3n en Congreso Canc\u00fan 2023 (2) - Obstetricia\",\"isPartOf\":{\"@id\":\"https:\/\/medicina.udd.cl\/obstetricia-santiago\/#website\"},\"datePublished\":\"2023-06-07T21:34:03+00:00\",\"breadcrumb\":{\"@id\":\"https:\/\/medicina.udd.cl\/obstetricia-santiago\/files\/2023\/06\/obst-fran-villalon-en-congreso-cancun-2023-2.jpg#breadcrumb\"},\"inLanguage\":\"es\",\"potentialAction\":[{\"@type\":\"ReadAction\",\"target\":[\"https:\/\/medicina.udd.cl\/obstetricia-santiago\/files\/2023\/06\/obst-fran-villalon-en-congreso-cancun-2023-2.jpg\"]}]},{\"@type\":\"BreadcrumbList\",\"@id\":\"https:\/\/medicina.udd.cl\/obstetricia-santiago\/files\/2023\/06\/obst-fran-villalon-en-congreso-cancun-2023-2.jpg#breadcrumb\",\"itemListElement\":[{\"@type\":\"ListItem\",\"position\":1,\"name\":\"Portada\",\"item\":\"https:\/\/medicina.udd.cl\/obstetricia-santiago\/\"},{\"@type\":\"ListItem\",\"position\":2,\"name\":\"Acad\u00e9mica UDD present\u00f3 innovador software de realidad virtual en el VII Congreso Latinoamericano de Simulaci\u00f3n Cl\u00ednica y Seguridad del Paciente\",\"item\":\"https:\/\/medicina.udd.cl\/obstetricia-santiago\/2023\/06\/07\/academica-udd-presento-innovador-software-de-realidad-virtual-en-el-vii-congreso-latinoamericano-de-simulacion-clinica-y-seguridad-del-paciente-en-cancun\/\"},{\"@type\":\"ListItem\",\"position\":3,\"name\":\"OBST &#8211; Fran Villal\u00f3n en Congreso Canc\u00fan 2023 (2)\"}]},{\"@type\":\"WebSite\",\"@id\":\"https:\/\/medicina.udd.cl\/obstetricia-santiago\/#website\",\"url\":\"https:\/\/medicina.udd.cl\/obstetricia-santiago\/\",\"name\":\"Obstetricia\",\"description\":\"Facultad de Medicina Cl\u00ednica Alemana Universidad del Desarrollo\",\"inLanguage\":\"es\"}]}<\/script>\n<!-- \/ Yoast SEO plugin. -->","yoast_head_json":{"title":"OBST - Fran Villal\u00f3n en Congreso Canc\u00fan 2023 (2) - Obstetricia","robots":{"index":"index","follow":"follow","max-snippet":"max-snippet:-1","max-image-preview":"max-image-preview:large","max-video-preview":"max-video-preview:-1"},"canonical":"https:\/\/medicina.udd.cl\/obstetricia-santiago\/files\/2023\/06\/obst-fran-villalon-en-congreso-cancun-2023-2.jpg","og_locale":"es_ES","og_type":"article","og_title":"OBST - Fran Villal\u00f3n en Congreso Canc\u00fan 2023 (2) - Obstetricia","og_url":"https:\/\/medicina.udd.cl\/obstetricia-santiago\/files\/2023\/06\/obst-fran-villalon-en-congreso-cancun-2023-2.jpg","og_site_name":"Obstetricia","og_image":[{"width":1370,"height":1600,"url":"https:\/\/medicina.udd.cl\/obstetricia-santiago\/files\/2023\/06\/obst-fran-villalon-en-congreso-cancun-2023-2.jpg","type":"image\/jpeg"}],"twitter_card":"summary_large_image","schema":{"@context":"https:\/\/schema.org","@graph":[{"@type":"WebPage","@id":"https:\/\/medicina.udd.cl\/obstetricia-santiago\/files\/2023\/06\/obst-fran-villalon-en-congreso-cancun-2023-2.jpg","url":"https:\/\/medicina.udd.cl\/obstetricia-santiago\/files\/2023\/06\/obst-fran-villalon-en-congreso-cancun-2023-2.jpg","name":"OBST - Fran Villal\u00f3n en Congreso Canc\u00fan 2023 (2) - Obstetricia","isPartOf":{"@id":"https:\/\/medicina.udd.cl\/obstetricia-santiago\/#website"},"datePublished":"2023-06-07T21:34:03+00:00","breadcrumb":{"@id":"https:\/\/medicina.udd.cl\/obstetricia-santiago\/files\/2023\/06\/obst-fran-villalon-en-congreso-cancun-2023-2.jpg#breadcrumb"},"inLanguage":"es","potentialAction":[{"@type":"ReadAction","target":["https:\/\/medicina.udd.cl\/obstetricia-santiago\/files\/2023\/06\/obst-fran-villalon-en-congreso-cancun-2023-2.jpg"]}]},{"@type":"BreadcrumbList","@id":"https:\/\/medicina.udd.cl\/obstetricia-santiago\/files\/2023\/06\/obst-fran-villalon-en-congreso-cancun-2023-2.jpg#breadcrumb","itemListElement":[{"@type":"ListItem","position":1,"name":"Portada","item":"https:\/\/medicina.udd.cl\/obstetricia-santiago\/"},{"@type":"ListItem","position":2,"name":"Acad\u00e9mica UDD present\u00f3 innovador software de realidad virtual en el VII Congreso Latinoamericano de Simulaci\u00f3n Cl\u00ednica y Seguridad del Paciente","item":"https:\/\/medicina.udd.cl\/obstetricia-santiago\/2023\/06\/07\/academica-udd-presento-innovador-software-de-realidad-virtual-en-el-vii-congreso-latinoamericano-de-simulacion-clinica-y-seguridad-del-paciente-en-cancun\/"},{"@type":"ListItem","position":3,"name":"OBST &#8211; Fran Villal\u00f3n en Congreso Canc\u00fan 2023 (2)"}]},{"@type":"WebSite","@id":"https:\/\/medicina.udd.cl\/obstetricia-santiago\/#website","url":"https:\/\/medicina.udd.cl\/obstetricia-santiago\/","name":"Obstetricia","description":"Facultad de Medicina Cl\u00ednica Alemana Universidad del Desarrollo","inLanguage":"es"}]}},"description":{"rendered":"<p class=\"attachment\"><a href='https:\/\/medicina.udd.cl\/obstetricia-santiago\/files\/2023\/06\/obst-fran-villalon-en-congreso-cancun-2023-2.jpg'><img loading=\"lazy\" decoding=\"async\" width=\"257\" height=\"300\" src=\"https:\/\/medicina.udd.cl\/obstetricia-santiago\/files\/2023\/06\/obst-fran-villalon-en-congreso-cancun-2023-2-257x300.jpg\" class=\"attachment-medium size-medium\" alt=\"\" srcset=\"https:\/\/medicina.udd.cl\/obstetricia-santiago\/files\/2023\/06\/obst-fran-villalon-en-congreso-cancun-2023-2-257x300.jpg 257w, https:\/\/medicina.udd.cl\/obstetricia-santiago\/files\/2023\/06\/obst-fran-villalon-en-congreso-cancun-2023-2-877x1024.jpg 877w, https:\/\/medicina.udd.cl\/obstetricia-santiago\/files\/2023\/06\/obst-fran-villalon-en-congreso-cancun-2023-2-768x897.jpg 768w, https:\/\/medicina.udd.cl\/obstetricia-santiago\/files\/2023\/06\/obst-fran-villalon-en-congreso-cancun-2023-2-1315x1536.jpg 1315w, https:\/\/medicina.udd.cl\/obstetricia-santiago\/files\/2023\/06\/obst-fran-villalon-en-congreso-cancun-2023-2.jpg 1370w\" sizes=\"auto, (max-width: 257px) 100vw, 257px\" \/><\/a><\/p>\n"},"caption":{"rendered":""},"alt_text":"","media_type":"image","mime_type":"image\/jpeg","media_details":{"width":1370,"height":1600,"file":"2023\/06\/obst-fran-villalon-en-congreso-cancun-2023-2.jpg","filesize":189670,"sizes":{"medium":{"file":"obst-fran-villalon-en-congreso-cancun-2023-2-257x300.jpg","width":257,"height":300,"filesize":10842,"mime_type":"image\/jpeg","source_url":"https:\/\/medicina.udd.cl\/obstetricia-santiago\/files\/2023\/06\/obst-fran-villalon-en-congreso-cancun-2023-2-257x300.jpg"},"large":{"file":"obst-fran-villalon-en-congreso-cancun-2023-2-877x1024.jpg","width":877,"height":1024,"filesize":86513,"mime_type":"image\/jpeg","source_url":"https:\/\/medicina.udd.cl\/obstetricia-santiago\/files\/2023\/06\/obst-fran-villalon-en-congreso-cancun-2023-2-877x1024.jpg"},"thumbnail":{"file":"obst-fran-villalon-en-congreso-cancun-2023-2-150x150.jpg","width":150,"height":150,"filesize":4251,"mime_type":"image\/jpeg","source_url":"https:\/\/medicina.udd.cl\/obstetricia-santiago\/files\/2023\/06\/obst-fran-villalon-en-congreso-cancun-2023-2-150x150.jpg"},"medium_large":{"file":"obst-fran-villalon-en-congreso-cancun-2023-2-768x897.jpg","width":768,"height":897,"filesize":68738,"mime_type":"image\/jpeg","source_url":"https:\/\/medicina.udd.cl\/obstetricia-santiago\/files\/2023\/06\/obst-fran-villalon-en-congreso-cancun-2023-2-768x897.jpg"},"newsletter_featured":{"file":"obst-fran-villalon-en-congreso-cancun-2023-2-316x224.jpg","width":316,"height":224,"filesize":9566,"mime_type":"image\/jpeg","source_url":"https:\/\/medicina.udd.cl\/obstetricia-santiago\/files\/2023\/06\/obst-fran-villalon-en-congreso-cancun-2023-2-316x224.jpg"},"newsletter_first":{"file":"obst-fran-villalon-en-congreso-cancun-2023-2-286x205.jpg","width":286,"height":205,"filesize":8248,"mime_type":"image\/jpeg","source_url":"https:\/\/medicina.udd.cl\/obstetricia-santiago\/files\/2023\/06\/obst-fran-villalon-en-congreso-cancun-2023-2-286x205.jpg"},"newsletter_thumb":{"file":"obst-fran-villalon-en-congreso-cancun-2023-2-288x150.jpg","width":288,"height":150,"filesize":5885,"mime_type":"image\/jpeg","source_url":"https:\/\/medicina.udd.cl\/obstetricia-santiago\/files\/2023\/06\/obst-fran-villalon-en-congreso-cancun-2023-2-288x150.jpg"},"newsletter_column":{"file":"obst-fran-villalon-en-congreso-cancun-2023-2-182x140.jpg","width":182,"height":140,"filesize":4641,"mime_type":"image\/jpeg","source_url":"https:\/\/medicina.udd.cl\/obstetricia-santiago\/files\/2023\/06\/obst-fran-villalon-en-congreso-cancun-2023-2-182x140.jpg"},"newsletter_square":{"file":"obst-fran-villalon-en-congreso-cancun-2023-2-62x62.jpg","width":62,"height":62,"filesize":1280,"mime_type":"image\/jpeg","source_url":"https:\/\/medicina.udd.cl\/obstetricia-santiago\/files\/2023\/06\/obst-fran-villalon-en-congreso-cancun-2023-2-62x62.jpg"},"newsletter_square_large":{"file":"obst-fran-villalon-en-congreso-cancun-2023-2-87x62.jpg","width":87,"height":62,"filesize":1461,"mime_type":"image\/jpeg","source_url":"https:\/\/medicina.udd.cl\/obstetricia-santiago\/files\/2023\/06\/obst-fran-villalon-en-congreso-cancun-2023-2-87x62.jpg"},"1536x1536":{"file":"obst-fran-villalon-en-congreso-cancun-2023-2-1315x1536.jpg","width":1315,"height":1536,"filesize":176183,"mime_type":"image\/jpeg","source_url":"https:\/\/medicina.udd.cl\/obstetricia-santiago\/files\/2023\/06\/obst-fran-villalon-en-congreso-cancun-2023-2-1315x1536.jpg"},"landscape_1920":{"file":"obst-fran-villalon-en-congreso-cancun-2023-2-1370x1080.jpg","width":1370,"height":1080,"filesize":145637,"mime_type":"image\/jpeg","source_url":"https:\/\/medicina.udd.cl\/obstetricia-santiago\/files\/2023\/06\/obst-fran-villalon-en-congreso-cancun-2023-2-1370x1080.jpg"},"landscape_1366":{"file":"obst-fran-villalon-en-congreso-cancun-2023-2-1366x768.jpg","width":1366,"height":768,"filesize":81494,"mime_type":"image\/jpeg","source_url":"https:\/\/medicina.udd.cl\/obstetricia-santiago\/files\/2023\/06\/obst-fran-villalon-en-congreso-cancun-2023-2-1366x768.jpg"},"landscape_952":{"file":"obst-fran-villalon-en-congreso-cancun-2023-2-952x534.jpg","width":952,"height":534,"filesize":44895,"mime_type":"image\/jpeg","source_url":"https:\/\/medicina.udd.cl\/obstetricia-santiago\/files\/2023\/06\/obst-fran-villalon-en-congreso-cancun-2023-2-952x534.jpg"},"landscape_680":{"file":"obst-fran-villalon-en-congreso-cancun-2023-2-680x382.jpg","width":680,"height":382,"filesize":25350,"mime_type":"image\/jpeg","source_url":"https:\/\/medicina.udd.cl\/obstetricia-santiago\/files\/2023\/06\/obst-fran-villalon-en-congreso-cancun-2023-2-680x382.jpg"},"square_750":{"file":"obst-fran-villalon-en-congreso-cancun-2023-2-750x750.jpg","width":750,"height":750,"filesize":58475,"mime_type":"image\/jpeg","source_url":"https:\/\/medicina.udd.cl\/obstetricia-santiago\/files\/2023\/06\/obst-fran-villalon-en-congreso-cancun-2023-2-750x750.jpg"},"square_500":{"file":"obst-fran-villalon-en-congreso-cancun-2023-2-500x500.jpg","width":500,"height":500,"filesize":29369,"mime_type":"image\/jpeg","source_url":"https:\/\/medicina.udd.cl\/obstetricia-santiago\/files\/2023\/06\/obst-fran-villalon-en-congreso-cancun-2023-2-500x500.jpg"},"square_200":{"file":"obst-fran-villalon-en-congreso-cancun-2023-2-250x250.jpg","width":250,"height":250,"filesize":9381,"mime_type":"image\/jpeg","source_url":"https:\/\/medicina.udd.cl\/obstetricia-santiago\/files\/2023\/06\/obst-fran-villalon-en-congreso-cancun-2023-2-250x250.jpg"},"post-thumbnail":{"file":"obst-fran-villalon-en-congreso-cancun-2023-2-952x534.jpg","width":952,"height":534,"filesize":44895,"mime_type":"image\/jpeg","source_url":"https:\/\/medicina.udd.cl\/obstetricia-santiago\/files\/2023\/06\/obst-fran-villalon-en-congreso-cancun-2023-2-952x534.jpg"},"custom_content":{"file":"obst-fran-villalon-en-congreso-cancun-2023-2-126x126.jpg","width":126,"height":126,"filesize":3186,"mime_type":"image\/jpeg","source_url":"https:\/\/medicina.udd.cl\/obstetricia-santiago\/files\/2023\/06\/obst-fran-villalon-en-congreso-cancun-2023-2-126x126.jpg"},"full":{"file":"obst-fran-villalon-en-congreso-cancun-2023-2.jpg","width":1370,"height":1600,"mime_type":"image\/jpeg","source_url":"https:\/\/medicina.udd.cl\/obstetricia-santiago\/files\/2023\/06\/obst-fran-villalon-en-congreso-cancun-2023-2.jpg"}},"image_meta":{"aperture":"0","credit":"","camera":"","caption":"","created_timestamp":"0","copyright":"","focal_length":"0","iso":"0","shutter_speed":"0","title":"","orientation":"0","keywords":[]}},"post":1518,"source_url":"https:\/\/medicina.udd.cl\/obstetricia-santiago\/files\/2023\/06\/obst-fran-villalon-en-congreso-cancun-2023-2.jpg","_links":{"self":[{"href":"https:\/\/medicina.udd.cl\/obstetricia-santiago\/wp-json\/wp\/v2\/media\/1520","targetHints":{"allow":["GET"]}}],"collection":[{"href":"https:\/\/medicina.udd.cl\/obstetricia-santiago\/wp-json\/wp\/v2\/media"}],"about":[{"href":"https:\/\/medicina.udd.cl\/obstetricia-santiago\/wp-json\/wp\/v2\/types\/attachment"}],"author":[{"embeddable":true,"href":"https:\/\/medicina.udd.cl\/obstetricia-santiago\/wp-json\/wp\/v2\/users\/9192219"}],"replies":[{"embeddable":true,"href":"https:\/\/medicina.udd.cl\/obstetricia-santiago\/wp-json\/wp\/v2\/comments?post=1520"}],"wp:attached-to":[{"embeddable":true,"post_type":"post","id":1518,"href":"https:\/\/medicina.udd.cl\/obstetricia-santiago\/wp-json\/wp\/v2\/posts\/1518"}],"curies":[{"name":"wp","href":"https:\/\/api.w.org\/{rel}","templated":true}]}}