{"id":1522,"date":"2023-06-07T21:34:09","date_gmt":"2023-06-07T21:34:09","guid":{"rendered":"https:\/\/medicina.udd.cl\/obstetricia-santiago\/files\/2023\/06\/obst-fran-villalon-en-congreso-cancun-2023-4.jpg"},"modified":"2023-06-07T21:34:09","modified_gmt":"2023-06-07T21:34:09","slug":"obst-fran-villalon-en-congreso-cancun-2023-4","status":"inherit","type":"attachment","link":"https:\/\/medicina.udd.cl\/obstetricia-santiago\/2023\/06\/07\/academica-udd-presento-innovador-software-de-realidad-virtual-en-el-vii-congreso-latinoamericano-de-simulacion-clinica-y-seguridad-del-paciente-en-cancun\/obst-fran-villalon-en-congreso-cancun-2023-4\/","title":{"rendered":"OBST &#8211; Fran Villal\u00f3n en Congreso Canc\u00fan 2023 (4)"},"author":9192219,"featured_media":0,"comment_status":"","ping_status":"closed","template":"","meta":[],"class_list":["post-1522","attachment","type-attachment","status-inherit","hentry"],"yoast_head":"<!-- This site is optimized with the Yoast SEO plugin v26.9 - https:\/\/yoast.com\/product\/yoast-seo-wordpress\/ -->\n<title>OBST - Fran Villal\u00f3n en Congreso Canc\u00fan 2023 (4) - Obstetricia<\/title>\n<meta name=\"robots\" content=\"index, follow, max-snippet:-1, max-image-preview:large, max-video-preview:-1\" \/>\n<link rel=\"canonical\" href=\"https:\/\/medicina.udd.cl\/obstetricia-santiago\/files\/2023\/06\/obst-fran-villalon-en-congreso-cancun-2023-4.jpg\" \/>\n<meta property=\"og:locale\" content=\"es_ES\" \/>\n<meta property=\"og:type\" content=\"article\" \/>\n<meta property=\"og:title\" content=\"OBST - Fran Villal\u00f3n en Congreso Canc\u00fan 2023 (4) - Obstetricia\" \/>\n<meta property=\"og:url\" content=\"https:\/\/medicina.udd.cl\/obstetricia-santiago\/files\/2023\/06\/obst-fran-villalon-en-congreso-cancun-2023-4.jpg\" \/>\n<meta property=\"og:site_name\" content=\"Obstetricia\" \/>\n<meta property=\"og:image\" content=\"https:\/\/medicina.udd.cl\/obstetricia-santiago\/files\/2023\/06\/obst-fran-villalon-en-congreso-cancun-2023-4.jpg\" \/>\n\t<meta property=\"og:image:width\" content=\"1072\" \/>\n\t<meta property=\"og:image:height\" content=\"1600\" \/>\n\t<meta property=\"og:image:type\" content=\"image\/jpeg\" \/>\n<meta name=\"twitter:card\" content=\"summary_large_image\" \/>\n<script type=\"application\/ld+json\" class=\"yoast-schema-graph\">{\"@context\":\"https:\/\/schema.org\",\"@graph\":[{\"@type\":\"WebPage\",\"@id\":\"https:\/\/medicina.udd.cl\/obstetricia-santiago\/files\/2023\/06\/obst-fran-villalon-en-congreso-cancun-2023-4.jpg\",\"url\":\"https:\/\/medicina.udd.cl\/obstetricia-santiago\/files\/2023\/06\/obst-fran-villalon-en-congreso-cancun-2023-4.jpg\",\"name\":\"OBST - Fran Villal\u00f3n en Congreso Canc\u00fan 2023 (4) - Obstetricia\",\"isPartOf\":{\"@id\":\"https:\/\/medicina.udd.cl\/obstetricia-santiago\/#website\"},\"datePublished\":\"2023-06-07T21:34:09+00:00\",\"breadcrumb\":{\"@id\":\"https:\/\/medicina.udd.cl\/obstetricia-santiago\/files\/2023\/06\/obst-fran-villalon-en-congreso-cancun-2023-4.jpg#breadcrumb\"},\"inLanguage\":\"es\",\"potentialAction\":[{\"@type\":\"ReadAction\",\"target\":[\"https:\/\/medicina.udd.cl\/obstetricia-santiago\/files\/2023\/06\/obst-fran-villalon-en-congreso-cancun-2023-4.jpg\"]}]},{\"@type\":\"BreadcrumbList\",\"@id\":\"https:\/\/medicina.udd.cl\/obstetricia-santiago\/files\/2023\/06\/obst-fran-villalon-en-congreso-cancun-2023-4.jpg#breadcrumb\",\"itemListElement\":[{\"@type\":\"ListItem\",\"position\":1,\"name\":\"Portada\",\"item\":\"https:\/\/medicina.udd.cl\/obstetricia-santiago\/\"},{\"@type\":\"ListItem\",\"position\":2,\"name\":\"Acad\u00e9mica UDD present\u00f3 innovador software de realidad virtual en el VII Congreso Latinoamericano de Simulaci\u00f3n Cl\u00ednica y Seguridad del Paciente\",\"item\":\"https:\/\/medicina.udd.cl\/obstetricia-santiago\/2023\/06\/07\/academica-udd-presento-innovador-software-de-realidad-virtual-en-el-vii-congreso-latinoamericano-de-simulacion-clinica-y-seguridad-del-paciente-en-cancun\/\"},{\"@type\":\"ListItem\",\"position\":3,\"name\":\"OBST &#8211; Fran Villal\u00f3n en Congreso Canc\u00fan 2023 (4)\"}]},{\"@type\":\"WebSite\",\"@id\":\"https:\/\/medicina.udd.cl\/obstetricia-santiago\/#website\",\"url\":\"https:\/\/medicina.udd.cl\/obstetricia-santiago\/\",\"name\":\"Obstetricia\",\"description\":\"Facultad de Medicina Cl\u00ednica Alemana Universidad del Desarrollo\",\"inLanguage\":\"es\"}]}<\/script>\n<!-- \/ Yoast SEO plugin. -->","yoast_head_json":{"title":"OBST - Fran Villal\u00f3n en Congreso Canc\u00fan 2023 (4) - Obstetricia","robots":{"index":"index","follow":"follow","max-snippet":"max-snippet:-1","max-image-preview":"max-image-preview:large","max-video-preview":"max-video-preview:-1"},"canonical":"https:\/\/medicina.udd.cl\/obstetricia-santiago\/files\/2023\/06\/obst-fran-villalon-en-congreso-cancun-2023-4.jpg","og_locale":"es_ES","og_type":"article","og_title":"OBST - Fran Villal\u00f3n en Congreso Canc\u00fan 2023 (4) - Obstetricia","og_url":"https:\/\/medicina.udd.cl\/obstetricia-santiago\/files\/2023\/06\/obst-fran-villalon-en-congreso-cancun-2023-4.jpg","og_site_name":"Obstetricia","og_image":[{"width":1072,"height":1600,"url":"https:\/\/medicina.udd.cl\/obstetricia-santiago\/files\/2023\/06\/obst-fran-villalon-en-congreso-cancun-2023-4.jpg","type":"image\/jpeg"}],"twitter_card":"summary_large_image","schema":{"@context":"https:\/\/schema.org","@graph":[{"@type":"WebPage","@id":"https:\/\/medicina.udd.cl\/obstetricia-santiago\/files\/2023\/06\/obst-fran-villalon-en-congreso-cancun-2023-4.jpg","url":"https:\/\/medicina.udd.cl\/obstetricia-santiago\/files\/2023\/06\/obst-fran-villalon-en-congreso-cancun-2023-4.jpg","name":"OBST - Fran Villal\u00f3n en Congreso Canc\u00fan 2023 (4) - Obstetricia","isPartOf":{"@id":"https:\/\/medicina.udd.cl\/obstetricia-santiago\/#website"},"datePublished":"2023-06-07T21:34:09+00:00","breadcrumb":{"@id":"https:\/\/medicina.udd.cl\/obstetricia-santiago\/files\/2023\/06\/obst-fran-villalon-en-congreso-cancun-2023-4.jpg#breadcrumb"},"inLanguage":"es","potentialAction":[{"@type":"ReadAction","target":["https:\/\/medicina.udd.cl\/obstetricia-santiago\/files\/2023\/06\/obst-fran-villalon-en-congreso-cancun-2023-4.jpg"]}]},{"@type":"BreadcrumbList","@id":"https:\/\/medicina.udd.cl\/obstetricia-santiago\/files\/2023\/06\/obst-fran-villalon-en-congreso-cancun-2023-4.jpg#breadcrumb","itemListElement":[{"@type":"ListItem","position":1,"name":"Portada","item":"https:\/\/medicina.udd.cl\/obstetricia-santiago\/"},{"@type":"ListItem","position":2,"name":"Acad\u00e9mica UDD present\u00f3 innovador software de realidad virtual en el VII Congreso Latinoamericano de Simulaci\u00f3n Cl\u00ednica y Seguridad del Paciente","item":"https:\/\/medicina.udd.cl\/obstetricia-santiago\/2023\/06\/07\/academica-udd-presento-innovador-software-de-realidad-virtual-en-el-vii-congreso-latinoamericano-de-simulacion-clinica-y-seguridad-del-paciente-en-cancun\/"},{"@type":"ListItem","position":3,"name":"OBST &#8211; Fran Villal\u00f3n en Congreso Canc\u00fan 2023 (4)"}]},{"@type":"WebSite","@id":"https:\/\/medicina.udd.cl\/obstetricia-santiago\/#website","url":"https:\/\/medicina.udd.cl\/obstetricia-santiago\/","name":"Obstetricia","description":"Facultad de Medicina Cl\u00ednica Alemana Universidad del Desarrollo","inLanguage":"es"}]}},"description":{"rendered":"<p class=\"attachment\"><a href='https:\/\/medicina.udd.cl\/obstetricia-santiago\/files\/2023\/06\/obst-fran-villalon-en-congreso-cancun-2023-4.jpg'><img loading=\"lazy\" decoding=\"async\" width=\"201\" height=\"300\" src=\"https:\/\/medicina.udd.cl\/obstetricia-santiago\/files\/2023\/06\/obst-fran-villalon-en-congreso-cancun-2023-4-201x300.jpg\" class=\"attachment-medium size-medium\" alt=\"\" srcset=\"https:\/\/medicina.udd.cl\/obstetricia-santiago\/files\/2023\/06\/obst-fran-villalon-en-congreso-cancun-2023-4-201x300.jpg 201w, https:\/\/medicina.udd.cl\/obstetricia-santiago\/files\/2023\/06\/obst-fran-villalon-en-congreso-cancun-2023-4-686x1024.jpg 686w, https:\/\/medicina.udd.cl\/obstetricia-santiago\/files\/2023\/06\/obst-fran-villalon-en-congreso-cancun-2023-4-768x1146.jpg 768w, https:\/\/medicina.udd.cl\/obstetricia-santiago\/files\/2023\/06\/obst-fran-villalon-en-congreso-cancun-2023-4-1029x1536.jpg 1029w, https:\/\/medicina.udd.cl\/obstetricia-santiago\/files\/2023\/06\/obst-fran-villalon-en-congreso-cancun-2023-4.jpg 1072w\" sizes=\"auto, (max-width: 201px) 100vw, 201px\" \/><\/a><\/p>\n"},"caption":{"rendered":""},"alt_text":"","media_type":"image","mime_type":"image\/jpeg","media_details":{"width":1072,"height":1600,"file":"2023\/06\/obst-fran-villalon-en-congreso-cancun-2023-4.jpg","filesize":211645,"sizes":{"medium":{"file":"obst-fran-villalon-en-congreso-cancun-2023-4-201x300.jpg","width":201,"height":300,"filesize":14335,"mime_type":"image\/jpeg","source_url":"https:\/\/medicina.udd.cl\/obstetricia-santiago\/files\/2023\/06\/obst-fran-villalon-en-congreso-cancun-2023-4-201x300.jpg"},"large":{"file":"obst-fran-villalon-en-congreso-cancun-2023-4-686x1024.jpg","width":686,"height":1024,"filesize":104101,"mime_type":"image\/jpeg","source_url":"https:\/\/medicina.udd.cl\/obstetricia-santiago\/files\/2023\/06\/obst-fran-villalon-en-congreso-cancun-2023-4-686x1024.jpg"},"thumbnail":{"file":"obst-fran-villalon-en-congreso-cancun-2023-4-150x150.jpg","width":150,"height":150,"filesize":6781,"mime_type":"image\/jpeg","source_url":"https:\/\/medicina.udd.cl\/obstetricia-santiago\/files\/2023\/06\/obst-fran-villalon-en-congreso-cancun-2023-4-150x150.jpg"},"medium_large":{"file":"obst-fran-villalon-en-congreso-cancun-2023-4-768x1146.jpg","width":768,"height":1146,"filesize":124713,"mime_type":"image\/jpeg","source_url":"https:\/\/medicina.udd.cl\/obstetricia-santiago\/files\/2023\/06\/obst-fran-villalon-en-congreso-cancun-2023-4-768x1146.jpg"},"newsletter_featured":{"file":"obst-fran-villalon-en-congreso-cancun-2023-4-316x224.jpg","width":316,"height":224,"filesize":15766,"mime_type":"image\/jpeg","source_url":"https:\/\/medicina.udd.cl\/obstetricia-santiago\/files\/2023\/06\/obst-fran-villalon-en-congreso-cancun-2023-4-316x224.jpg"},"newsletter_first":{"file":"obst-fran-villalon-en-congreso-cancun-2023-4-286x205.jpg","width":286,"height":205,"filesize":13561,"mime_type":"image\/jpeg","source_url":"https:\/\/medicina.udd.cl\/obstetricia-santiago\/files\/2023\/06\/obst-fran-villalon-en-congreso-cancun-2023-4-286x205.jpg"},"newsletter_thumb":{"file":"obst-fran-villalon-en-congreso-cancun-2023-4-288x150.jpg","width":288,"height":150,"filesize":10579,"mime_type":"image\/jpeg","source_url":"https:\/\/medicina.udd.cl\/obstetricia-santiago\/files\/2023\/06\/obst-fran-villalon-en-congreso-cancun-2023-4-288x150.jpg"},"newsletter_column":{"file":"obst-fran-villalon-en-congreso-cancun-2023-4-182x140.jpg","width":182,"height":140,"filesize":7278,"mime_type":"image\/jpeg","source_url":"https:\/\/medicina.udd.cl\/obstetricia-santiago\/files\/2023\/06\/obst-fran-villalon-en-congreso-cancun-2023-4-182x140.jpg"},"newsletter_square":{"file":"obst-fran-villalon-en-congreso-cancun-2023-4-62x62.jpg","width":62,"height":62,"filesize":1772,"mime_type":"image\/jpeg","source_url":"https:\/\/medicina.udd.cl\/obstetricia-santiago\/files\/2023\/06\/obst-fran-villalon-en-congreso-cancun-2023-4-62x62.jpg"},"newsletter_square_large":{"file":"obst-fran-villalon-en-congreso-cancun-2023-4-87x62.jpg","width":87,"height":62,"filesize":2257,"mime_type":"image\/jpeg","source_url":"https:\/\/medicina.udd.cl\/obstetricia-santiago\/files\/2023\/06\/obst-fran-villalon-en-congreso-cancun-2023-4-87x62.jpg"},"1536x1536":{"file":"obst-fran-villalon-en-congreso-cancun-2023-4-1029x1536.jpg","width":1029,"height":1536,"filesize":198743,"mime_type":"image\/jpeg","source_url":"https:\/\/medicina.udd.cl\/obstetricia-santiago\/files\/2023\/06\/obst-fran-villalon-en-congreso-cancun-2023-4-1029x1536.jpg"},"landscape_1920":{"file":"obst-fran-villalon-en-congreso-cancun-2023-4-1072x1080.jpg","width":1072,"height":1080,"filesize":161993,"mime_type":"image\/jpeg","source_url":"https:\/\/medicina.udd.cl\/obstetricia-santiago\/files\/2023\/06\/obst-fran-villalon-en-congreso-cancun-2023-4-1072x1080.jpg"},"landscape_1366":{"file":"obst-fran-villalon-en-congreso-cancun-2023-4-1072x768.jpg","width":1072,"height":768,"filesize":110740,"mime_type":"image\/jpeg","source_url":"https:\/\/medicina.udd.cl\/obstetricia-santiago\/files\/2023\/06\/obst-fran-villalon-en-congreso-cancun-2023-4-1072x768.jpg"},"landscape_952":{"file":"obst-fran-villalon-en-congreso-cancun-2023-4-952x534.jpg","width":952,"height":534,"filesize":69879,"mime_type":"image\/jpeg","source_url":"https:\/\/medicina.udd.cl\/obstetricia-santiago\/files\/2023\/06\/obst-fran-villalon-en-congreso-cancun-2023-4-952x534.jpg"},"landscape_680":{"file":"obst-fran-villalon-en-congreso-cancun-2023-4-680x382.jpg","width":680,"height":382,"filesize":41625,"mime_type":"image\/jpeg","source_url":"https:\/\/medicina.udd.cl\/obstetricia-santiago\/files\/2023\/06\/obst-fran-villalon-en-congreso-cancun-2023-4-680x382.jpg"},"square_750":{"file":"obst-fran-villalon-en-congreso-cancun-2023-4-750x750.jpg","width":750,"height":750,"filesize":83483,"mime_type":"image\/jpeg","source_url":"https:\/\/medicina.udd.cl\/obstetricia-santiago\/files\/2023\/06\/obst-fran-villalon-en-congreso-cancun-2023-4-750x750.jpg"},"square_500":{"file":"obst-fran-villalon-en-congreso-cancun-2023-4-500x500.jpg","width":500,"height":500,"filesize":44780,"mime_type":"image\/jpeg","source_url":"https:\/\/medicina.udd.cl\/obstetricia-santiago\/files\/2023\/06\/obst-fran-villalon-en-congreso-cancun-2023-4-500x500.jpg"},"square_200":{"file":"obst-fran-villalon-en-congreso-cancun-2023-4-250x250.jpg","width":250,"height":250,"filesize":15068,"mime_type":"image\/jpeg","source_url":"https:\/\/medicina.udd.cl\/obstetricia-santiago\/files\/2023\/06\/obst-fran-villalon-en-congreso-cancun-2023-4-250x250.jpg"},"post-thumbnail":{"file":"obst-fran-villalon-en-congreso-cancun-2023-4-952x534.jpg","width":952,"height":534,"filesize":69879,"mime_type":"image\/jpeg","source_url":"https:\/\/medicina.udd.cl\/obstetricia-santiago\/files\/2023\/06\/obst-fran-villalon-en-congreso-cancun-2023-4-952x534.jpg"},"custom_content":{"file":"obst-fran-villalon-en-congreso-cancun-2023-4-126x126.jpg","width":126,"height":126,"filesize":5094,"mime_type":"image\/jpeg","source_url":"https:\/\/medicina.udd.cl\/obstetricia-santiago\/files\/2023\/06\/obst-fran-villalon-en-congreso-cancun-2023-4-126x126.jpg"},"full":{"file":"obst-fran-villalon-en-congreso-cancun-2023-4.jpg","width":1072,"height":1600,"mime_type":"image\/jpeg","source_url":"https:\/\/medicina.udd.cl\/obstetricia-santiago\/files\/2023\/06\/obst-fran-villalon-en-congreso-cancun-2023-4.jpg"}},"image_meta":{"aperture":"0","credit":"","camera":"","caption":"","created_timestamp":"0","copyright":"","focal_length":"0","iso":"0","shutter_speed":"0","title":"","orientation":"0","keywords":[]}},"post":1518,"source_url":"https:\/\/medicina.udd.cl\/obstetricia-santiago\/files\/2023\/06\/obst-fran-villalon-en-congreso-cancun-2023-4.jpg","_links":{"self":[{"href":"https:\/\/medicina.udd.cl\/obstetricia-santiago\/wp-json\/wp\/v2\/media\/1522","targetHints":{"allow":["GET"]}}],"collection":[{"href":"https:\/\/medicina.udd.cl\/obstetricia-santiago\/wp-json\/wp\/v2\/media"}],"about":[{"href":"https:\/\/medicina.udd.cl\/obstetricia-santiago\/wp-json\/wp\/v2\/types\/attachment"}],"author":[{"embeddable":true,"href":"https:\/\/medicina.udd.cl\/obstetricia-santiago\/wp-json\/wp\/v2\/users\/9192219"}],"replies":[{"embeddable":true,"href":"https:\/\/medicina.udd.cl\/obstetricia-santiago\/wp-json\/wp\/v2\/comments?post=1522"}],"wp:attached-to":[{"embeddable":true,"post_type":"post","id":1518,"href":"https:\/\/medicina.udd.cl\/obstetricia-santiago\/wp-json\/wp\/v2\/posts\/1518"}],"curies":[{"name":"wp","href":"https:\/\/api.w.org\/{rel}","templated":true}]}}