{"id":236,"date":"2019-04-04T15:17:32","date_gmt":"2019-04-04T15:17:32","guid":{"rendered":"http:\/\/medicina.udd.cl\/obstetricia-santiago\/files\/2019\/04\/D4EB5609-FF46-419B-961B-8C8E86B49943.jpeg"},"modified":"2019-04-04T15:17:32","modified_gmt":"2019-04-04T15:17:32","slug":"d4eb5609-ff46-419b-961b-8c8e86b49943","status":"inherit","type":"attachment","link":"https:\/\/medicina.udd.cl\/obstetricia-santiago\/2019\/04\/04\/inauguracion-ano-academico-2019-en-clinica-alemana\/d4eb5609-ff46-419b-961b-8c8e86b49943\/","title":{"rendered":"D4EB5609-FF46-419B-961B-8C8E86B49943"},"author":9192219,"featured_media":0,"comment_status":"open","ping_status":"closed","template":"","meta":[],"class_list":["post-236","attachment","type-attachment","status-inherit","hentry"],"yoast_head":"<!-- This site is optimized with the Yoast SEO plugin v26.9 - https:\/\/yoast.com\/product\/yoast-seo-wordpress\/ -->\n<title>D4EB5609-FF46-419B-961B-8C8E86B49943 - Obstetricia<\/title>\n<meta name=\"robots\" content=\"index, follow, max-snippet:-1, max-image-preview:large, max-video-preview:-1\" \/>\n<link rel=\"canonical\" href=\"https:\/\/medicina.udd.cl\/obstetricia-santiago\/files\/2019\/04\/D4EB5609-FF46-419B-961B-8C8E86B49943.jpeg\" \/>\n<meta property=\"og:locale\" content=\"es_ES\" \/>\n<meta property=\"og:type\" content=\"article\" \/>\n<meta property=\"og:title\" content=\"D4EB5609-FF46-419B-961B-8C8E86B49943 - Obstetricia\" \/>\n<meta property=\"og:url\" content=\"https:\/\/medicina.udd.cl\/obstetricia-santiago\/files\/2019\/04\/D4EB5609-FF46-419B-961B-8C8E86B49943.jpeg\" \/>\n<meta property=\"og:site_name\" content=\"Obstetricia\" \/>\n<meta property=\"og:image\" content=\"https:\/\/medicina.udd.cl\/obstetricia-santiago\/files\/2019\/04\/D4EB5609-FF46-419B-961B-8C8E86B49943.jpeg\" \/>\n\t<meta property=\"og:image:width\" content=\"1452\" \/>\n\t<meta property=\"og:image:height\" content=\"1010\" \/>\n\t<meta property=\"og:image:type\" content=\"image\/jpeg\" \/>\n<meta name=\"twitter:card\" content=\"summary_large_image\" \/>\n<script type=\"application\/ld+json\" class=\"yoast-schema-graph\">{\"@context\":\"https:\/\/schema.org\",\"@graph\":[{\"@type\":\"WebPage\",\"@id\":\"https:\/\/medicina.udd.cl\/obstetricia-santiago\/files\/2019\/04\/D4EB5609-FF46-419B-961B-8C8E86B49943.jpeg\",\"url\":\"https:\/\/medicina.udd.cl\/obstetricia-santiago\/files\/2019\/04\/D4EB5609-FF46-419B-961B-8C8E86B49943.jpeg\",\"name\":\"D4EB5609-FF46-419B-961B-8C8E86B49943 - Obstetricia\",\"isPartOf\":{\"@id\":\"https:\/\/medicina.udd.cl\/obstetricia-santiago\/#website\"},\"datePublished\":\"2019-04-04T15:17:32+00:00\",\"breadcrumb\":{\"@id\":\"https:\/\/medicina.udd.cl\/obstetricia-santiago\/files\/2019\/04\/D4EB5609-FF46-419B-961B-8C8E86B49943.jpeg#breadcrumb\"},\"inLanguage\":\"es\",\"potentialAction\":[{\"@type\":\"ReadAction\",\"target\":[\"https:\/\/medicina.udd.cl\/obstetricia-santiago\/files\/2019\/04\/D4EB5609-FF46-419B-961B-8C8E86B49943.jpeg\"]}]},{\"@type\":\"BreadcrumbList\",\"@id\":\"https:\/\/medicina.udd.cl\/obstetricia-santiago\/files\/2019\/04\/D4EB5609-FF46-419B-961B-8C8E86B49943.jpeg#breadcrumb\",\"itemListElement\":[{\"@type\":\"ListItem\",\"position\":1,\"name\":\"Portada\",\"item\":\"https:\/\/medicina.udd.cl\/obstetricia-santiago\/\"},{\"@type\":\"ListItem\",\"position\":2,\"name\":\"Inauguraci\u00f3n a\u00f1o acad\u00e9mico 2019 en Cl\u00ednica Alemana\",\"item\":\"https:\/\/medicina.udd.cl\/obstetricia-santiago\/2019\/04\/04\/inauguracion-ano-academico-2019-en-clinica-alemana\/\"},{\"@type\":\"ListItem\",\"position\":3,\"name\":\"D4EB5609-FF46-419B-961B-8C8E86B49943\"}]},{\"@type\":\"WebSite\",\"@id\":\"https:\/\/medicina.udd.cl\/obstetricia-santiago\/#website\",\"url\":\"https:\/\/medicina.udd.cl\/obstetricia-santiago\/\",\"name\":\"Obstetricia\",\"description\":\"Facultad de Medicina Cl\u00ednica Alemana Universidad del Desarrollo\",\"inLanguage\":\"es\"}]}<\/script>\n<!-- \/ Yoast SEO plugin. -->","yoast_head_json":{"title":"D4EB5609-FF46-419B-961B-8C8E86B49943 - Obstetricia","robots":{"index":"index","follow":"follow","max-snippet":"max-snippet:-1","max-image-preview":"max-image-preview:large","max-video-preview":"max-video-preview:-1"},"canonical":"https:\/\/medicina.udd.cl\/obstetricia-santiago\/files\/2019\/04\/D4EB5609-FF46-419B-961B-8C8E86B49943.jpeg","og_locale":"es_ES","og_type":"article","og_title":"D4EB5609-FF46-419B-961B-8C8E86B49943 - Obstetricia","og_url":"https:\/\/medicina.udd.cl\/obstetricia-santiago\/files\/2019\/04\/D4EB5609-FF46-419B-961B-8C8E86B49943.jpeg","og_site_name":"Obstetricia","og_image":[{"width":1452,"height":1010,"url":"https:\/\/medicina.udd.cl\/obstetricia-santiago\/files\/2019\/04\/D4EB5609-FF46-419B-961B-8C8E86B49943.jpeg","type":"image\/jpeg"}],"twitter_card":"summary_large_image","schema":{"@context":"https:\/\/schema.org","@graph":[{"@type":"WebPage","@id":"https:\/\/medicina.udd.cl\/obstetricia-santiago\/files\/2019\/04\/D4EB5609-FF46-419B-961B-8C8E86B49943.jpeg","url":"https:\/\/medicina.udd.cl\/obstetricia-santiago\/files\/2019\/04\/D4EB5609-FF46-419B-961B-8C8E86B49943.jpeg","name":"D4EB5609-FF46-419B-961B-8C8E86B49943 - Obstetricia","isPartOf":{"@id":"https:\/\/medicina.udd.cl\/obstetricia-santiago\/#website"},"datePublished":"2019-04-04T15:17:32+00:00","breadcrumb":{"@id":"https:\/\/medicina.udd.cl\/obstetricia-santiago\/files\/2019\/04\/D4EB5609-FF46-419B-961B-8C8E86B49943.jpeg#breadcrumb"},"inLanguage":"es","potentialAction":[{"@type":"ReadAction","target":["https:\/\/medicina.udd.cl\/obstetricia-santiago\/files\/2019\/04\/D4EB5609-FF46-419B-961B-8C8E86B49943.jpeg"]}]},{"@type":"BreadcrumbList","@id":"https:\/\/medicina.udd.cl\/obstetricia-santiago\/files\/2019\/04\/D4EB5609-FF46-419B-961B-8C8E86B49943.jpeg#breadcrumb","itemListElement":[{"@type":"ListItem","position":1,"name":"Portada","item":"https:\/\/medicina.udd.cl\/obstetricia-santiago\/"},{"@type":"ListItem","position":2,"name":"Inauguraci\u00f3n a\u00f1o acad\u00e9mico 2019 en Cl\u00ednica Alemana","item":"https:\/\/medicina.udd.cl\/obstetricia-santiago\/2019\/04\/04\/inauguracion-ano-academico-2019-en-clinica-alemana\/"},{"@type":"ListItem","position":3,"name":"D4EB5609-FF46-419B-961B-8C8E86B49943"}]},{"@type":"WebSite","@id":"https:\/\/medicina.udd.cl\/obstetricia-santiago\/#website","url":"https:\/\/medicina.udd.cl\/obstetricia-santiago\/","name":"Obstetricia","description":"Facultad de Medicina Cl\u00ednica Alemana Universidad del Desarrollo","inLanguage":"es"}]}},"description":{"rendered":"<p class=\"attachment\"><a href='https:\/\/medicina.udd.cl\/obstetricia-santiago\/files\/2019\/04\/D4EB5609-FF46-419B-961B-8C8E86B49943.jpeg'><img loading=\"lazy\" decoding=\"async\" width=\"300\" height=\"209\" src=\"https:\/\/medicina.udd.cl\/obstetricia-santiago\/files\/2019\/04\/D4EB5609-FF46-419B-961B-8C8E86B49943-300x209.jpeg\" class=\"attachment-medium size-medium\" alt=\"\" srcset=\"https:\/\/medicina.udd.cl\/obstetricia-santiago\/files\/2019\/04\/D4EB5609-FF46-419B-961B-8C8E86B49943-300x209.jpeg 300w, https:\/\/medicina.udd.cl\/obstetricia-santiago\/files\/2019\/04\/D4EB5609-FF46-419B-961B-8C8E86B49943-768x534.jpeg 768w, https:\/\/medicina.udd.cl\/obstetricia-santiago\/files\/2019\/04\/D4EB5609-FF46-419B-961B-8C8E86B49943-1024x712.jpeg 1024w, https:\/\/medicina.udd.cl\/obstetricia-santiago\/files\/2019\/04\/D4EB5609-FF46-419B-961B-8C8E86B49943-87x62.jpeg 87w, https:\/\/medicina.udd.cl\/obstetricia-santiago\/files\/2019\/04\/D4EB5609-FF46-419B-961B-8C8E86B49943-365x255.jpeg 365w, https:\/\/medicina.udd.cl\/obstetricia-santiago\/files\/2019\/04\/D4EB5609-FF46-419B-961B-8C8E86B49943-960x668.jpeg 960w, https:\/\/medicina.udd.cl\/obstetricia-santiago\/files\/2019\/04\/D4EB5609-FF46-419B-961B-8C8E86B49943.jpeg 1452w\" sizes=\"auto, (max-width: 300px) 100vw, 300px\" \/><\/a><\/p>\n"},"caption":{"rendered":""},"alt_text":"","media_type":"image","mime_type":"image\/jpeg","media_details":{"width":1452,"height":1010,"file":"2019\/04\/D4EB5609-FF46-419B-961B-8C8E86B49943.jpeg","sizes":{"thumbnail":{"file":"D4EB5609-FF46-419B-961B-8C8E86B49943-150x150.jpeg","width":150,"height":150,"mime_type":"image\/jpeg","source_url":"https:\/\/medicina.udd.cl\/obstetricia-santiago\/files\/2019\/04\/D4EB5609-FF46-419B-961B-8C8E86B49943-150x150.jpeg"},"medium":{"file":"D4EB5609-FF46-419B-961B-8C8E86B49943-300x209.jpeg","width":300,"height":209,"mime_type":"image\/jpeg","source_url":"https:\/\/medicina.udd.cl\/obstetricia-santiago\/files\/2019\/04\/D4EB5609-FF46-419B-961B-8C8E86B49943-300x209.jpeg"},"medium_large":{"file":"D4EB5609-FF46-419B-961B-8C8E86B49943-768x534.jpeg","width":768,"height":534,"mime_type":"image\/jpeg","source_url":"https:\/\/medicina.udd.cl\/obstetricia-santiago\/files\/2019\/04\/D4EB5609-FF46-419B-961B-8C8E86B49943-768x534.jpeg"},"large":{"file":"D4EB5609-FF46-419B-961B-8C8E86B49943-1024x712.jpeg","width":1024,"height":712,"mime_type":"image\/jpeg","source_url":"https:\/\/medicina.udd.cl\/obstetricia-santiago\/files\/2019\/04\/D4EB5609-FF46-419B-961B-8C8E86B49943-1024x712.jpeg"},"newsletter_featured":{"file":"D4EB5609-FF46-419B-961B-8C8E86B49943-316x224.jpeg","width":316,"height":224,"mime_type":"image\/jpeg","source_url":"https:\/\/medicina.udd.cl\/obstetricia-santiago\/files\/2019\/04\/D4EB5609-FF46-419B-961B-8C8E86B49943-316x224.jpeg"},"newsletter_first":{"file":"D4EB5609-FF46-419B-961B-8C8E86B49943-286x205.jpeg","width":286,"height":205,"mime_type":"image\/jpeg","source_url":"https:\/\/medicina.udd.cl\/obstetricia-santiago\/files\/2019\/04\/D4EB5609-FF46-419B-961B-8C8E86B49943-286x205.jpeg"},"newsletter_thumb":{"file":"D4EB5609-FF46-419B-961B-8C8E86B49943-288x150.jpeg","width":288,"height":150,"mime_type":"image\/jpeg","source_url":"https:\/\/medicina.udd.cl\/obstetricia-santiago\/files\/2019\/04\/D4EB5609-FF46-419B-961B-8C8E86B49943-288x150.jpeg"},"newsletter_column":{"file":"D4EB5609-FF46-419B-961B-8C8E86B49943-182x140.jpeg","width":182,"height":140,"mime_type":"image\/jpeg","source_url":"https:\/\/medicina.udd.cl\/obstetricia-santiago\/files\/2019\/04\/D4EB5609-FF46-419B-961B-8C8E86B49943-182x140.jpeg"},"newsletter_square":{"file":"D4EB5609-FF46-419B-961B-8C8E86B49943-62x62.jpeg","width":62,"height":62,"mime_type":"image\/jpeg","source_url":"https:\/\/medicina.udd.cl\/obstetricia-santiago\/files\/2019\/04\/D4EB5609-FF46-419B-961B-8C8E86B49943-62x62.jpeg"},"newsletter_square_large":{"file":"D4EB5609-FF46-419B-961B-8C8E86B49943-87x62.jpeg","width":87,"height":62,"mime_type":"image\/jpeg","source_url":"https:\/\/medicina.udd.cl\/obstetricia-santiago\/files\/2019\/04\/D4EB5609-FF46-419B-961B-8C8E86B49943-87x62.jpeg"},"featured-home":{"file":"D4EB5609-FF46-419B-961B-8C8E86B49943-800x450.jpeg","width":800,"height":450,"mime_type":"image\/jpeg","source_url":"https:\/\/medicina.udd.cl\/obstetricia-santiago\/files\/2019\/04\/D4EB5609-FF46-419B-961B-8C8E86B49943-800x450.jpeg"},"featured-career":{"file":"D4EB5609-FF46-419B-961B-8C8E86B49943-660x430.jpeg","width":660,"height":430,"mime_type":"image\/jpeg","source_url":"https:\/\/medicina.udd.cl\/obstetricia-santiago\/files\/2019\/04\/D4EB5609-FF46-419B-961B-8C8E86B49943-660x430.jpeg"},"squared":{"file":"D4EB5609-FF46-419B-961B-8C8E86B49943-300x300.jpeg","width":300,"height":300,"mime_type":"image\/jpeg","source_url":"https:\/\/medicina.udd.cl\/obstetricia-santiago\/files\/2019\/04\/D4EB5609-FF46-419B-961B-8C8E86B49943-300x300.jpeg"},"stretch":{"file":"D4EB5609-FF46-419B-961B-8C8E86B49943-800x450.jpeg","width":800,"height":450,"mime_type":"image\/jpeg","source_url":"https:\/\/medicina.udd.cl\/obstetricia-santiago\/files\/2019\/04\/D4EB5609-FF46-419B-961B-8C8E86B49943-800x450.jpeg"},"portrait-medium":{"file":"D4EB5609-FF46-419B-961B-8C8E86B49943-220x260.jpeg","width":220,"height":260,"mime_type":"image\/jpeg","source_url":"https:\/\/medicina.udd.cl\/obstetricia-santiago\/files\/2019\/04\/D4EB5609-FF46-419B-961B-8C8E86B49943-220x260.jpeg"},"landscape-small":{"file":"D4EB5609-FF46-419B-961B-8C8E86B49943-125x80.jpeg","width":125,"height":80,"mime_type":"image\/jpeg","source_url":"https:\/\/medicina.udd.cl\/obstetricia-santiago\/files\/2019\/04\/D4EB5609-FF46-419B-961B-8C8E86B49943-125x80.jpeg"},"landscape-medium":{"file":"D4EB5609-FF46-419B-961B-8C8E86B49943-340x220.jpeg","width":340,"height":220,"mime_type":"image\/jpeg","source_url":"https:\/\/medicina.udd.cl\/obstetricia-santiago\/files\/2019\/04\/D4EB5609-FF46-419B-961B-8C8E86B49943-340x220.jpeg"},"landscape-large":{"file":"D4EB5609-FF46-419B-961B-8C8E86B49943-365x255.jpeg","width":365,"height":255,"mime_type":"image\/jpeg","source_url":"https:\/\/medicina.udd.cl\/obstetricia-santiago\/files\/2019\/04\/D4EB5609-FF46-419B-961B-8C8E86B49943-365x255.jpeg"},"landscape-xlarge":{"file":"D4EB5609-FF46-419B-961B-8C8E86B49943-660x430.jpeg","width":660,"height":430,"mime_type":"image\/jpeg","source_url":"https:\/\/medicina.udd.cl\/obstetricia-santiago\/files\/2019\/04\/D4EB5609-FF46-419B-961B-8C8E86B49943-660x430.jpeg"},"panoramic":{"file":"D4EB5609-FF46-419B-961B-8C8E86B49943-940x345.jpeg","width":940,"height":345,"mime_type":"image\/jpeg","source_url":"https:\/\/medicina.udd.cl\/obstetricia-santiago\/files\/2019\/04\/D4EB5609-FF46-419B-961B-8C8E86B49943-940x345.jpeg"},"stretch-large":{"file":"D4EB5609-FF46-419B-961B-8C8E86B49943-940x450.jpeg","width":940,"height":450,"mime_type":"image\/jpeg","source_url":"https:\/\/medicina.udd.cl\/obstetricia-santiago\/files\/2019\/04\/D4EB5609-FF46-419B-961B-8C8E86B49943-940x450.jpeg"},"proportional-large":{"file":"D4EB5609-FF46-419B-961B-8C8E86B49943-960x668.jpeg","width":960,"height":668,"mime_type":"image\/jpeg","source_url":"https:\/\/medicina.udd.cl\/obstetricia-santiago\/files\/2019\/04\/D4EB5609-FF46-419B-961B-8C8E86B49943-960x668.jpeg"},"custom_content":{"file":"D4EB5609-FF46-419B-961B-8C8E86B49943-126x126.jpeg","width":126,"height":126,"mime_type":"image\/jpeg","source_url":"https:\/\/medicina.udd.cl\/obstetricia-santiago\/files\/2019\/04\/D4EB5609-FF46-419B-961B-8C8E86B49943-126x126.jpeg"},"full":{"file":"D4EB5609-FF46-419B-961B-8C8E86B49943.jpeg","width":1452,"height":1010,"mime_type":"image\/jpeg","source_url":"https:\/\/medicina.udd.cl\/obstetricia-santiago\/files\/2019\/04\/D4EB5609-FF46-419B-961B-8C8E86B49943.jpeg"}},"image_meta":{"aperture":"5.3","credit":"","camera":"NIKON D750","caption":"","created_timestamp":"1554310528","copyright":"","focal_length":"90","iso":"400","shutter_speed":"0.025","title":"","orientation":"0","keywords":[]}},"post":232,"source_url":"https:\/\/medicina.udd.cl\/obstetricia-santiago\/files\/2019\/04\/D4EB5609-FF46-419B-961B-8C8E86B49943.jpeg","_links":{"self":[{"href":"https:\/\/medicina.udd.cl\/obstetricia-santiago\/wp-json\/wp\/v2\/media\/236","targetHints":{"allow":["GET"]}}],"collection":[{"href":"https:\/\/medicina.udd.cl\/obstetricia-santiago\/wp-json\/wp\/v2\/media"}],"about":[{"href":"https:\/\/medicina.udd.cl\/obstetricia-santiago\/wp-json\/wp\/v2\/types\/attachment"}],"author":[{"embeddable":true,"href":"https:\/\/medicina.udd.cl\/obstetricia-santiago\/wp-json\/wp\/v2\/users\/9192219"}],"replies":[{"embeddable":true,"href":"https:\/\/medicina.udd.cl\/obstetricia-santiago\/wp-json\/wp\/v2\/comments?post=236"}],"wp:attached-to":[{"embeddable":true,"post_type":"post","id":232,"href":"https:\/\/medicina.udd.cl\/obstetricia-santiago\/wp-json\/wp\/v2\/posts\/232"}],"curies":[{"name":"wp","href":"https:\/\/api.w.org\/{rel}","templated":true}]}}