{"id":420,"date":"2019-12-27T15:47:00","date_gmt":"2019-12-27T15:47:00","guid":{"rendered":"http:\/\/medicina.udd.cl\/obstetricia-santiago\/?post_type=person&#038;p=420"},"modified":"2023-11-28T10:15:49","modified_gmt":"2023-11-28T13:15:49","slug":"mauricio-lopez","status":"publish","type":"person","link":"https:\/\/medicina.udd.cl\/obstetricia-santiago\/persona\/mauricio-lopez\/","title":{"rendered":"Mauricio  L\u00f3pez"},"featured_media":422,"template":"","people_tax":[],"people_areas":[],"people_levels":[],"class_list":["post-420","person","type-person","status-publish","has-post-thumbnail","hentry"],"yoast_head":"<!-- This site is optimized with the Yoast SEO plugin v26.9 - https:\/\/yoast.com\/product\/yoast-seo-wordpress\/ -->\n<title>Mauricio L\u00f3pez - Obstetricia<\/title>\n<meta name=\"robots\" content=\"index, follow, max-snippet:-1, max-image-preview:large, max-video-preview:-1\" \/>\n<link rel=\"canonical\" href=\"https:\/\/medicina.udd.cl\/obstetricia-santiago\/persona\/mauricio-lopez\/\" \/>\n<meta property=\"og:locale\" content=\"es_ES\" \/>\n<meta property=\"og:type\" content=\"article\" \/>\n<meta property=\"og:title\" content=\"Mauricio L\u00f3pez - Obstetricia\" \/>\n<meta property=\"og:url\" content=\"https:\/\/medicina.udd.cl\/obstetricia-santiago\/persona\/mauricio-lopez\/\" \/>\n<meta property=\"og:site_name\" content=\"Obstetricia\" \/>\n<meta property=\"article:modified_time\" content=\"2023-11-28T13:15:49+00:00\" \/>\n<meta property=\"og:image\" content=\"https:\/\/medicina.udd.cl\/obstetricia-santiago\/files\/2019\/12\/Mauricio-L\u00f3pez.jpg\" \/>\n\t<meta property=\"og:image:width\" content=\"4083\" \/>\n\t<meta property=\"og:image:height\" content=\"2916\" \/>\n\t<meta property=\"og:image:type\" content=\"image\/jpeg\" \/>\n<meta name=\"twitter:card\" content=\"summary_large_image\" \/>\n<script type=\"application\/ld+json\" class=\"yoast-schema-graph\">{\"@context\":\"https:\/\/schema.org\",\"@graph\":[{\"@type\":\"WebPage\",\"@id\":\"https:\/\/medicina.udd.cl\/obstetricia-santiago\/persona\/mauricio-lopez\/\",\"url\":\"https:\/\/medicina.udd.cl\/obstetricia-santiago\/persona\/mauricio-lopez\/\",\"name\":\"Mauricio L\u00f3pez - Obstetricia\",\"isPartOf\":{\"@id\":\"https:\/\/medicina.udd.cl\/obstetricia-santiago\/#website\"},\"primaryImageOfPage\":{\"@id\":\"https:\/\/medicina.udd.cl\/obstetricia-santiago\/persona\/mauricio-lopez\/#primaryimage\"},\"image\":{\"@id\":\"https:\/\/medicina.udd.cl\/obstetricia-santiago\/persona\/mauricio-lopez\/#primaryimage\"},\"thumbnailUrl\":\"https:\/\/medicina.udd.cl\/obstetricia-santiago\/files\/2019\/12\/Mauricio-L\u00f3pez.jpg\",\"datePublished\":\"2019-12-27T15:47:00+00:00\",\"dateModified\":\"2023-11-28T13:15:49+00:00\",\"breadcrumb\":{\"@id\":\"https:\/\/medicina.udd.cl\/obstetricia-santiago\/persona\/mauricio-lopez\/#breadcrumb\"},\"inLanguage\":\"es\",\"potentialAction\":[{\"@type\":\"ReadAction\",\"target\":[\"https:\/\/medicina.udd.cl\/obstetricia-santiago\/persona\/mauricio-lopez\/\"]}]},{\"@type\":\"ImageObject\",\"inLanguage\":\"es\",\"@id\":\"https:\/\/medicina.udd.cl\/obstetricia-santiago\/persona\/mauricio-lopez\/#primaryimage\",\"url\":\"https:\/\/medicina.udd.cl\/obstetricia-santiago\/files\/2019\/12\/Mauricio-L\u00f3pez.jpg\",\"contentUrl\":\"https:\/\/medicina.udd.cl\/obstetricia-santiago\/files\/2019\/12\/Mauricio-L\u00f3pez.jpg\",\"width\":4083,\"height\":2916},{\"@type\":\"BreadcrumbList\",\"@id\":\"https:\/\/medicina.udd.cl\/obstetricia-santiago\/persona\/mauricio-lopez\/#breadcrumb\",\"itemListElement\":[{\"@type\":\"ListItem\",\"position\":1,\"name\":\"Portada\",\"item\":\"https:\/\/medicina.udd.cl\/obstetricia-santiago\/\"},{\"@type\":\"ListItem\",\"position\":2,\"name\":\"Personas\",\"item\":\"https:\/\/medicina.udd.cl\/obstetricia-santiago\/persona\/\"},{\"@type\":\"ListItem\",\"position\":3,\"name\":\"Mauricio L\u00f3pez\"}]},{\"@type\":\"WebSite\",\"@id\":\"https:\/\/medicina.udd.cl\/obstetricia-santiago\/#website\",\"url\":\"https:\/\/medicina.udd.cl\/obstetricia-santiago\/\",\"name\":\"Obstetricia\",\"description\":\"Facultad de Medicina Cl\u00ednica Alemana Universidad del Desarrollo\",\"inLanguage\":\"es\"}]}<\/script>\n<!-- \/ Yoast SEO plugin. -->","yoast_head_json":{"title":"Mauricio L\u00f3pez - Obstetricia","robots":{"index":"index","follow":"follow","max-snippet":"max-snippet:-1","max-image-preview":"max-image-preview:large","max-video-preview":"max-video-preview:-1"},"canonical":"https:\/\/medicina.udd.cl\/obstetricia-santiago\/persona\/mauricio-lopez\/","og_locale":"es_ES","og_type":"article","og_title":"Mauricio L\u00f3pez - Obstetricia","og_url":"https:\/\/medicina.udd.cl\/obstetricia-santiago\/persona\/mauricio-lopez\/","og_site_name":"Obstetricia","article_modified_time":"2023-11-28T13:15:49+00:00","og_image":[{"width":4083,"height":2916,"url":"https:\/\/medicina.udd.cl\/obstetricia-santiago\/files\/2019\/12\/Mauricio-L\u00f3pez.jpg","type":"image\/jpeg"}],"twitter_card":"summary_large_image","schema":{"@context":"https:\/\/schema.org","@graph":[{"@type":"WebPage","@id":"https:\/\/medicina.udd.cl\/obstetricia-santiago\/persona\/mauricio-lopez\/","url":"https:\/\/medicina.udd.cl\/obstetricia-santiago\/persona\/mauricio-lopez\/","name":"Mauricio L\u00f3pez - Obstetricia","isPartOf":{"@id":"https:\/\/medicina.udd.cl\/obstetricia-santiago\/#website"},"primaryImageOfPage":{"@id":"https:\/\/medicina.udd.cl\/obstetricia-santiago\/persona\/mauricio-lopez\/#primaryimage"},"image":{"@id":"https:\/\/medicina.udd.cl\/obstetricia-santiago\/persona\/mauricio-lopez\/#primaryimage"},"thumbnailUrl":"https:\/\/medicina.udd.cl\/obstetricia-santiago\/files\/2019\/12\/Mauricio-L\u00f3pez.jpg","datePublished":"2019-12-27T15:47:00+00:00","dateModified":"2023-11-28T13:15:49+00:00","breadcrumb":{"@id":"https:\/\/medicina.udd.cl\/obstetricia-santiago\/persona\/mauricio-lopez\/#breadcrumb"},"inLanguage":"es","potentialAction":[{"@type":"ReadAction","target":["https:\/\/medicina.udd.cl\/obstetricia-santiago\/persona\/mauricio-lopez\/"]}]},{"@type":"ImageObject","inLanguage":"es","@id":"https:\/\/medicina.udd.cl\/obstetricia-santiago\/persona\/mauricio-lopez\/#primaryimage","url":"https:\/\/medicina.udd.cl\/obstetricia-santiago\/files\/2019\/12\/Mauricio-L\u00f3pez.jpg","contentUrl":"https:\/\/medicina.udd.cl\/obstetricia-santiago\/files\/2019\/12\/Mauricio-L\u00f3pez.jpg","width":4083,"height":2916},{"@type":"BreadcrumbList","@id":"https:\/\/medicina.udd.cl\/obstetricia-santiago\/persona\/mauricio-lopez\/#breadcrumb","itemListElement":[{"@type":"ListItem","position":1,"name":"Portada","item":"https:\/\/medicina.udd.cl\/obstetricia-santiago\/"},{"@type":"ListItem","position":2,"name":"Personas","item":"https:\/\/medicina.udd.cl\/obstetricia-santiago\/persona\/"},{"@type":"ListItem","position":3,"name":"Mauricio L\u00f3pez"}]},{"@type":"WebSite","@id":"https:\/\/medicina.udd.cl\/obstetricia-santiago\/#website","url":"https:\/\/medicina.udd.cl\/obstetricia-santiago\/","name":"Obstetricia","description":"Facultad de Medicina Cl\u00ednica Alemana Universidad del Desarrollo","inLanguage":"es"}]}},"label":"Mauricio  L\u00f3pez","role":"Coordinador Postgrado e Investigaci\u00f3n","thumbnail_url":"https:\/\/medicina.udd.cl\/obstetricia-santiago\/files\/2019\/12\/Mauricio-L\u00f3pez-500x500.jpg","email":"marlopez@udd.cl","tel_job":"","content":{"rendered":"<div class=\"person-modal person-modal--scl\">\n\t<header class=\"person-modal__header\">\n\t\t<div class=\"person-modal__bg\"><\/div>\n\t\t<div class=\"modal-container\">\n\t\t\t\t\t\t<div class=\"person-modal__media\">\n\t\t\t\t<img width=\"500\" height=\"500\" src=\"https:\/\/medicina.udd.cl\/obstetricia-santiago\/files\/2019\/12\/Mauricio-L\u00f3pez-500x500.jpg\" class=\"person-modal__image wp-post-image\" alt=\"\" decoding=\"async\" loading=\"lazy\" srcset=\"https:\/\/medicina.udd.cl\/obstetricia-santiago\/files\/2019\/12\/Mauricio-L\u00f3pez-500x500.jpg 500w, https:\/\/medicina.udd.cl\/obstetricia-santiago\/files\/2019\/12\/Mauricio-L\u00f3pez-150x150.jpg 150w, https:\/\/medicina.udd.cl\/obstetricia-santiago\/files\/2019\/12\/Mauricio-L\u00f3pez-62x62.jpg 62w, https:\/\/medicina.udd.cl\/obstetricia-santiago\/files\/2019\/12\/Mauricio-L\u00f3pez-750x750.jpg 750w, https:\/\/medicina.udd.cl\/obstetricia-santiago\/files\/2019\/12\/Mauricio-L\u00f3pez-250x250.jpg 250w, https:\/\/medicina.udd.cl\/obstetricia-santiago\/files\/2019\/12\/Mauricio-L\u00f3pez-126x126.jpg 126w\" sizes=\"auto, (max-width: 500px) 100vw, 500px\" \/>\t\t\t<\/div>\n\t\t\t\t\t\t<div class=\"person-modal__data\">\n\t\t\t\t<h1 class=\"person-modal__name\">Mauricio  L\u00f3pez<\/h1>\n\t\t\t\t\t\t\t<span class=\"person-modal__description\">Coordinador Postgrado e Investigaci\u00f3n<\/span>\n\t\t\t\t\t\t\t\t\t\t\t\t\t<a href=\"mailto:&#109;ar&#108;&#111;&#112;ez&#064;&#117;dd.cl\" class=\"person-modal__email\">&#109;arl&#111;&#112;&#101;&#122;&#64;udd.&#99;l<\/a>\n\t\t\t\t\t\t\t\t\t<\/div>\n\t\t<\/div>\n\t<\/header>\n\t<div class=\"modal-container\">\n\t\t\t<div class=\"person-modal__content text\">\n\t\t\t\t\t\t\t\t\t\t<ul>\n<li>Matr\u00f3n, Licenciado en Obstetricia. U. de Chile.<\/li>\n<li>Mag\u00edster en afectividad y sexualidad. U. de Santiago de Chile.<\/li>\n<li>Diplomado en docencia universitaria, U. Diego Portales.<\/li>\n<\/ul>\n\t\t<\/div>\n\t<\/div>\n<\/div>\n"},"identifier":"bdfd04b9cc47aa21ee1c062b93c6b015b6cae626","has_credential":[],"given_name":"Mauricio ","family_name":"L\u00f3pez","name":"Mauricio  L\u00f3pez","job_title":"Coordinador Postgrado e Investigaci\u00f3n","telephone":"","note":"","im":"","_self_schedule":null,"_links":{"self":[{"href":"https:\/\/medicina.udd.cl\/obstetricia-santiago\/wp-json\/wp\/v2\/people\/420","targetHints":{"allow":["GET"]}}],"collection":[{"href":"https:\/\/medicina.udd.cl\/obstetricia-santiago\/wp-json\/wp\/v2\/people"}],"about":[{"href":"https:\/\/medicina.udd.cl\/obstetricia-santiago\/wp-json\/wp\/v2\/types\/person"}],"wp:featuredmedia":[{"embeddable":true,"href":"https:\/\/medicina.udd.cl\/obstetricia-santiago\/wp-json\/wp\/v2\/media\/422"}],"wp:attachment":[{"href":"https:\/\/medicina.udd.cl\/obstetricia-santiago\/wp-json\/wp\/v2\/media?parent=420"}],"wp:term":[{"taxonomy":"people_tax","embeddable":true,"href":"https:\/\/medicina.udd.cl\/obstetricia-santiago\/wp-json\/wp\/v2\/people_tax?post=420"},{"taxonomy":"people_areas","embeddable":true,"href":"https:\/\/medicina.udd.cl\/obstetricia-santiago\/wp-json\/wp\/v2\/people_areas?post=420"},{"taxonomy":"people_levels","embeddable":true,"href":"https:\/\/medicina.udd.cl\/obstetricia-santiago\/wp-json\/wp\/v2\/people_levels?post=420"}],"curies":[{"name":"wp","href":"https:\/\/api.w.org\/{rel}","templated":true}]}}