{"id":4222,"date":"2017-01-24T11:41:26","date_gmt":"2017-01-24T14:41:26","guid":{"rendered":"http:\/\/medicina.udd.cl\/odontologia-santiago\/files\/2017\/01\/Sonr\u00ede-UDD-Vecina-5.jpg"},"modified":"2017-01-24T11:41:26","modified_gmt":"2017-01-24T14:41:26","slug":"sonrie-udd-vecina-5","status":"inherit","type":"attachment","link":"https:\/\/medicina.udd.cl\/odontologia-santiago\/noticias\/2017\/01\/24\/egresados-de-odontologia-udd-realizaron-atenciones-gratuitas-a-vecinos-de-las-condes\/sonrie-udd-vecina-5\/","title":{"rendered":"Sonr\u00ede UDD Vecina (5)"},"author":9192192,"featured_media":0,"comment_status":"open","ping_status":"closed","template":"","meta":[],"class_list":["post-4222","attachment","type-attachment","status-inherit","hentry"],"yoast_head":"<!-- This site is optimized with the Yoast SEO plugin v26.9 - https:\/\/yoast.com\/product\/yoast-seo-wordpress\/ -->\n<title>Sonr\u00ede UDD Vecina (5) - Odontolog\u00eda<\/title>\n<meta name=\"robots\" content=\"index, follow, max-snippet:-1, max-image-preview:large, max-video-preview:-1\" \/>\n<link rel=\"canonical\" href=\"https:\/\/medicina.udd.cl\/odontologia-santiago\/files\/2017\/01\/Sonr\u00ede-UDD-Vecina-5.jpg\" \/>\n<meta property=\"og:locale\" content=\"es_ES\" \/>\n<meta property=\"og:type\" content=\"article\" \/>\n<meta property=\"og:title\" content=\"Sonr\u00ede UDD Vecina (5) - Odontolog\u00eda\" \/>\n<meta property=\"og:url\" content=\"https:\/\/medicina.udd.cl\/odontologia-santiago\/files\/2017\/01\/Sonr\u00ede-UDD-Vecina-5.jpg\" \/>\n<meta property=\"og:site_name\" content=\"Odontolog\u00eda\" \/>\n<meta property=\"og:image\" content=\"https:\/\/medicina.udd.cl\/odontologia-santiago\/files\/2017\/01\/Sonr\u00ede-UDD-Vecina-5.jpg\" \/>\n\t<meta property=\"og:image:width\" content=\"900\" \/>\n\t<meta property=\"og:image:height\" content=\"600\" \/>\n\t<meta property=\"og:image:type\" content=\"image\/jpeg\" \/>\n<script type=\"application\/ld+json\" class=\"yoast-schema-graph\">{\"@context\":\"https:\/\/schema.org\",\"@graph\":[{\"@type\":\"WebPage\",\"@id\":\"https:\/\/medicina.udd.cl\/odontologia-santiago\/files\/2017\/01\/Sonr\u00ede-UDD-Vecina-5.jpg\",\"url\":\"https:\/\/medicina.udd.cl\/odontologia-santiago\/files\/2017\/01\/Sonr\u00ede-UDD-Vecina-5.jpg\",\"name\":\"Sonr\u00ede UDD Vecina (5) - Odontolog\u00eda\",\"isPartOf\":{\"@id\":\"https:\/\/medicina.udd.cl\/odontologia-santiago\/#website\"},\"datePublished\":\"2017-01-24T14:41:26+00:00\",\"breadcrumb\":{\"@id\":\"https:\/\/medicina.udd.cl\/odontologia-santiago\/files\/2017\/01\/Sonr\u00ede-UDD-Vecina-5.jpg#breadcrumb\"},\"inLanguage\":\"es\",\"potentialAction\":[{\"@type\":\"ReadAction\",\"target\":[\"https:\/\/medicina.udd.cl\/odontologia-santiago\/files\/2017\/01\/Sonr\u00ede-UDD-Vecina-5.jpg\"]}]},{\"@type\":\"BreadcrumbList\",\"@id\":\"https:\/\/medicina.udd.cl\/odontologia-santiago\/files\/2017\/01\/Sonr\u00ede-UDD-Vecina-5.jpg#breadcrumb\",\"itemListElement\":[{\"@type\":\"ListItem\",\"position\":1,\"name\":\"Home\",\"item\":\"https:\/\/medicina.udd.cl\/odontologia-santiago\/\"},{\"@type\":\"ListItem\",\"position\":2,\"name\":\"Egresados de Odontolog\u00eda UDD realizaron atenciones gratuitas a vecinos de Las Condes\",\"item\":\"https:\/\/medicina.udd.cl\/odontologia-santiago\/noticias\/2017\/01\/24\/egresados-de-odontologia-udd-realizaron-atenciones-gratuitas-a-vecinos-de-las-condes\/\"},{\"@type\":\"ListItem\",\"position\":3,\"name\":\"Sonr\u00ede UDD Vecina (5)\"}]},{\"@type\":\"WebSite\",\"@id\":\"https:\/\/medicina.udd.cl\/odontologia-santiago\/#website\",\"url\":\"https:\/\/medicina.udd.cl\/odontologia-santiago\/\",\"name\":\"Odontolog\u00eda\",\"description\":\"Facultad de Medicina Cl\u00ednica Alemana Universidad del Desarrollo\",\"inLanguage\":\"es\"}]}<\/script>\n<!-- \/ Yoast SEO plugin. -->","yoast_head_json":{"title":"Sonr\u00ede UDD Vecina (5) - Odontolog\u00eda","robots":{"index":"index","follow":"follow","max-snippet":"max-snippet:-1","max-image-preview":"max-image-preview:large","max-video-preview":"max-video-preview:-1"},"canonical":"https:\/\/medicina.udd.cl\/odontologia-santiago\/files\/2017\/01\/Sonr\u00ede-UDD-Vecina-5.jpg","og_locale":"es_ES","og_type":"article","og_title":"Sonr\u00ede UDD Vecina (5) - Odontolog\u00eda","og_url":"https:\/\/medicina.udd.cl\/odontologia-santiago\/files\/2017\/01\/Sonr\u00ede-UDD-Vecina-5.jpg","og_site_name":"Odontolog\u00eda","og_image":[{"width":900,"height":600,"url":"https:\/\/medicina.udd.cl\/odontologia-santiago\/files\/2017\/01\/Sonr\u00ede-UDD-Vecina-5.jpg","type":"image\/jpeg"}],"schema":{"@context":"https:\/\/schema.org","@graph":[{"@type":"WebPage","@id":"https:\/\/medicina.udd.cl\/odontologia-santiago\/files\/2017\/01\/Sonr\u00ede-UDD-Vecina-5.jpg","url":"https:\/\/medicina.udd.cl\/odontologia-santiago\/files\/2017\/01\/Sonr\u00ede-UDD-Vecina-5.jpg","name":"Sonr\u00ede UDD Vecina (5) - Odontolog\u00eda","isPartOf":{"@id":"https:\/\/medicina.udd.cl\/odontologia-santiago\/#website"},"datePublished":"2017-01-24T14:41:26+00:00","breadcrumb":{"@id":"https:\/\/medicina.udd.cl\/odontologia-santiago\/files\/2017\/01\/Sonr\u00ede-UDD-Vecina-5.jpg#breadcrumb"},"inLanguage":"es","potentialAction":[{"@type":"ReadAction","target":["https:\/\/medicina.udd.cl\/odontologia-santiago\/files\/2017\/01\/Sonr\u00ede-UDD-Vecina-5.jpg"]}]},{"@type":"BreadcrumbList","@id":"https:\/\/medicina.udd.cl\/odontologia-santiago\/files\/2017\/01\/Sonr\u00ede-UDD-Vecina-5.jpg#breadcrumb","itemListElement":[{"@type":"ListItem","position":1,"name":"Home","item":"https:\/\/medicina.udd.cl\/odontologia-santiago\/"},{"@type":"ListItem","position":2,"name":"Egresados de Odontolog\u00eda UDD realizaron atenciones gratuitas a vecinos de Las Condes","item":"https:\/\/medicina.udd.cl\/odontologia-santiago\/noticias\/2017\/01\/24\/egresados-de-odontologia-udd-realizaron-atenciones-gratuitas-a-vecinos-de-las-condes\/"},{"@type":"ListItem","position":3,"name":"Sonr\u00ede UDD Vecina (5)"}]},{"@type":"WebSite","@id":"https:\/\/medicina.udd.cl\/odontologia-santiago\/#website","url":"https:\/\/medicina.udd.cl\/odontologia-santiago\/","name":"Odontolog\u00eda","description":"Facultad de Medicina Cl\u00ednica Alemana Universidad del Desarrollo","inLanguage":"es"}]}},"description":{"rendered":"<p class=\"attachment\"><a href='https:\/\/medicina.udd.cl\/odontologia-santiago\/files\/2017\/01\/Sonr\u00ede-UDD-Vecina-5.jpg'><img loading=\"lazy\" decoding=\"async\" width=\"300\" height=\"200\" src=\"https:\/\/medicina.udd.cl\/odontologia-santiago\/files\/2017\/01\/Sonr\u00ede-UDD-Vecina-5-300x200.jpg\" class=\"attachment-medium size-medium\" alt=\"\" srcset=\"https:\/\/medicina.udd.cl\/odontologia-santiago\/files\/2017\/01\/Sonr\u00ede-UDD-Vecina-5-300x200.jpg 300w, https:\/\/medicina.udd.cl\/odontologia-santiago\/files\/2017\/01\/Sonr\u00ede-UDD-Vecina-5-768x512.jpg 768w, https:\/\/medicina.udd.cl\/odontologia-santiago\/files\/2017\/01\/Sonr\u00ede-UDD-Vecina-5.jpg 900w\" sizes=\"auto, (max-width: 300px) 100vw, 300px\" \/><\/a><\/p>\n"},"caption":{"rendered":""},"alt_text":"","media_type":"image","mime_type":"image\/jpeg","media_details":{"width":900,"height":600,"file":"2017\/01\/Sonr\u00ede-UDD-Vecina-5.jpg","sizes":{"thumbnail":{"file":"Sonr\u00ede-UDD-Vecina-5-150x150.jpg","width":150,"height":150,"mime_type":"image\/jpeg","source_url":"https:\/\/medicina.udd.cl\/odontologia-santiago\/files\/2017\/01\/Sonr\u00ede-UDD-Vecina-5-150x150.jpg"},"medium":{"file":"Sonr\u00ede-UDD-Vecina-5-300x200.jpg","width":300,"height":200,"mime_type":"image\/jpeg","source_url":"https:\/\/medicina.udd.cl\/odontologia-santiago\/files\/2017\/01\/Sonr\u00ede-UDD-Vecina-5-300x200.jpg"},"medium_large":{"file":"Sonr\u00ede-UDD-Vecina-5-768x512.jpg","width":768,"height":512,"mime_type":"image\/jpeg","source_url":"https:\/\/medicina.udd.cl\/odontologia-santiago\/files\/2017\/01\/Sonr\u00ede-UDD-Vecina-5-768x512.jpg"},"newsletter_featured":{"file":"Sonr\u00ede-UDD-Vecina-5-316x224.jpg","width":316,"height":224,"mime_type":"image\/jpeg","source_url":"https:\/\/medicina.udd.cl\/odontologia-santiago\/files\/2017\/01\/Sonr\u00ede-UDD-Vecina-5-316x224.jpg"},"newsletter_first":{"file":"Sonr\u00ede-UDD-Vecina-5-286x205.jpg","width":286,"height":205,"mime_type":"image\/jpeg","source_url":"https:\/\/medicina.udd.cl\/odontologia-santiago\/files\/2017\/01\/Sonr\u00ede-UDD-Vecina-5-286x205.jpg"},"newsletter_thumb":{"file":"Sonr\u00ede-UDD-Vecina-5-288x150.jpg","width":288,"height":150,"mime_type":"image\/jpeg","source_url":"https:\/\/medicina.udd.cl\/odontologia-santiago\/files\/2017\/01\/Sonr\u00ede-UDD-Vecina-5-288x150.jpg"},"newsletter_column":{"file":"Sonr\u00ede-UDD-Vecina-5-182x140.jpg","width":182,"height":140,"mime_type":"image\/jpeg","source_url":"https:\/\/medicina.udd.cl\/odontologia-santiago\/files\/2017\/01\/Sonr\u00ede-UDD-Vecina-5-182x140.jpg"},"newsletter_square":{"file":"Sonr\u00ede-UDD-Vecina-5-62x62.jpg","width":62,"height":62,"mime_type":"image\/jpeg","source_url":"https:\/\/medicina.udd.cl\/odontologia-santiago\/files\/2017\/01\/Sonr\u00ede-UDD-Vecina-5-62x62.jpg"},"newsletter_square_large":{"file":"Sonr\u00ede-UDD-Vecina-5-87x62.jpg","width":87,"height":62,"mime_type":"image\/jpeg","source_url":"https:\/\/medicina.udd.cl\/odontologia-santiago\/files\/2017\/01\/Sonr\u00ede-UDD-Vecina-5-87x62.jpg"},"featured-home":{"file":"Sonr\u00ede-UDD-Vecina-5-800x450.jpg","width":800,"height":450,"mime_type":"image\/jpeg","source_url":"https:\/\/medicina.udd.cl\/odontologia-santiago\/files\/2017\/01\/Sonr\u00ede-UDD-Vecina-5-800x450.jpg"},"featured-career":{"file":"Sonr\u00ede-UDD-Vecina-5-660x430.jpg","width":660,"height":430,"mime_type":"image\/jpeg","source_url":"https:\/\/medicina.udd.cl\/odontologia-santiago\/files\/2017\/01\/Sonr\u00ede-UDD-Vecina-5-660x430.jpg"},"squared":{"file":"Sonr\u00ede-UDD-Vecina-5-300x300.jpg","width":300,"height":300,"mime_type":"image\/jpeg","source_url":"https:\/\/medicina.udd.cl\/odontologia-santiago\/files\/2017\/01\/Sonr\u00ede-UDD-Vecina-5-300x300.jpg"},"stretch":{"file":"Sonr\u00ede-UDD-Vecina-5-800x450.jpg","width":800,"height":450,"mime_type":"image\/jpeg","source_url":"https:\/\/medicina.udd.cl\/odontologia-santiago\/files\/2017\/01\/Sonr\u00ede-UDD-Vecina-5-800x450.jpg"},"portrait-medium":{"file":"Sonr\u00ede-UDD-Vecina-5-220x260.jpg","width":220,"height":260,"mime_type":"image\/jpeg","source_url":"https:\/\/medicina.udd.cl\/odontologia-santiago\/files\/2017\/01\/Sonr\u00ede-UDD-Vecina-5-220x260.jpg"},"landscape-small":{"file":"Sonr\u00ede-UDD-Vecina-5-125x80.jpg","width":125,"height":80,"mime_type":"image\/jpeg","source_url":"https:\/\/medicina.udd.cl\/odontologia-santiago\/files\/2017\/01\/Sonr\u00ede-UDD-Vecina-5-125x80.jpg"},"landscape-medium":{"file":"Sonr\u00ede-UDD-Vecina-5-340x220.jpg","width":340,"height":220,"mime_type":"image\/jpeg","source_url":"https:\/\/medicina.udd.cl\/odontologia-santiago\/files\/2017\/01\/Sonr\u00ede-UDD-Vecina-5-340x220.jpg"},"landscape-large":{"file":"Sonr\u00ede-UDD-Vecina-5-365x255.jpg","width":365,"height":255,"mime_type":"image\/jpeg","source_url":"https:\/\/medicina.udd.cl\/odontologia-santiago\/files\/2017\/01\/Sonr\u00ede-UDD-Vecina-5-365x255.jpg"},"landscape-xlarge":{"file":"Sonr\u00ede-UDD-Vecina-5-660x430.jpg","width":660,"height":430,"mime_type":"image\/jpeg","source_url":"https:\/\/medicina.udd.cl\/odontologia-santiago\/files\/2017\/01\/Sonr\u00ede-UDD-Vecina-5-660x430.jpg"},"panoramic":{"file":"Sonr\u00ede-UDD-Vecina-5-900x345.jpg","width":900,"height":345,"mime_type":"image\/jpeg","source_url":"https:\/\/medicina.udd.cl\/odontologia-santiago\/files\/2017\/01\/Sonr\u00ede-UDD-Vecina-5-900x345.jpg"},"stretch-large":{"file":"Sonr\u00ede-UDD-Vecina-5-900x450.jpg","width":900,"height":450,"mime_type":"image\/jpeg","source_url":"https:\/\/medicina.udd.cl\/odontologia-santiago\/files\/2017\/01\/Sonr\u00ede-UDD-Vecina-5-900x450.jpg"},"custom_content":{"file":"Sonr\u00ede-UDD-Vecina-5-126x126.jpg","width":126,"height":126,"mime_type":"image\/jpeg","source_url":"https:\/\/medicina.udd.cl\/odontologia-santiago\/files\/2017\/01\/Sonr\u00ede-UDD-Vecina-5-126x126.jpg"},"full":{"file":"Sonr\u00ede-UDD-Vecina-5.jpg","width":900,"height":600,"mime_type":"image\/jpeg","source_url":"https:\/\/medicina.udd.cl\/odontologia-santiago\/files\/2017\/01\/Sonr\u00ede-UDD-Vecina-5.jpg"}},"image_meta":{"aperture":"8","credit":"Picasa","camera":"Canon EOS REBEL T5","caption":"","created_timestamp":"1484914570","copyright":"","focal_length":"20","iso":"100","shutter_speed":"0.00625","title":"","orientation":"0","keywords":[]}},"post":4218,"source_url":"https:\/\/medicina.udd.cl\/odontologia-santiago\/files\/2017\/01\/Sonr\u00ede-UDD-Vecina-5.jpg","_links":{"self":[{"href":"https:\/\/medicina.udd.cl\/odontologia-santiago\/wp-json\/wp\/v2\/media\/4222","targetHints":{"allow":["GET"]}}],"collection":[{"href":"https:\/\/medicina.udd.cl\/odontologia-santiago\/wp-json\/wp\/v2\/media"}],"about":[{"href":"https:\/\/medicina.udd.cl\/odontologia-santiago\/wp-json\/wp\/v2\/types\/attachment"}],"author":[{"embeddable":true,"href":"https:\/\/medicina.udd.cl\/odontologia-santiago\/wp-json\/wp\/v2\/users\/9192192"}],"replies":[{"embeddable":true,"href":"https:\/\/medicina.udd.cl\/odontologia-santiago\/wp-json\/wp\/v2\/comments?post=4222"}],"wp:attached-to":[{"embeddable":true,"post_type":"post","id":4218,"href":"https:\/\/medicina.udd.cl\/odontologia-santiago\/wp-json\/wp\/v2\/posts\/4218"}],"curies":[{"name":"wp","href":"https:\/\/api.w.org\/{rel}","templated":true}]}}