{"id":5214,"date":"2019-04-04T12:01:19","date_gmt":"2019-04-04T15:01:19","guid":{"rendered":"http:\/\/medicina.udd.cl\/odontologia-santiago\/files\/2019\/04\/EE5B5684-6F6F-447A-88BE-FB3BBE42A1B8.jpeg"},"modified":"2019-04-04T12:01:19","modified_gmt":"2019-04-04T15:01:19","slug":"ee5b5684-6f6f-447a-88be-fb3bbe42a1b8","status":"inherit","type":"attachment","link":"https:\/\/medicina.udd.cl\/odontologia-santiago\/noticias\/2019\/04\/04\/inauguracion-ano-academico-2019-en-clinica-alemana\/ee5b5684-6f6f-447a-88be-fb3bbe42a1b8\/","title":{"rendered":"EE5B5684-6F6F-447A-88BE-FB3BBE42A1B8"},"author":9192219,"featured_media":0,"comment_status":"open","ping_status":"closed","template":"","meta":[],"class_list":["post-5214","attachment","type-attachment","status-inherit","hentry"],"yoast_head":"<!-- This site is optimized with the Yoast SEO plugin v26.9 - https:\/\/yoast.com\/product\/yoast-seo-wordpress\/ -->\n<title>EE5B5684-6F6F-447A-88BE-FB3BBE42A1B8 - Odontolog\u00eda<\/title>\n<meta name=\"robots\" content=\"index, follow, max-snippet:-1, max-image-preview:large, max-video-preview:-1\" \/>\n<link rel=\"canonical\" href=\"https:\/\/medicina.udd.cl\/odontologia-santiago\/files\/2019\/04\/EE5B5684-6F6F-447A-88BE-FB3BBE42A1B8.jpeg\" \/>\n<meta property=\"og:locale\" content=\"es_ES\" \/>\n<meta property=\"og:type\" content=\"article\" \/>\n<meta property=\"og:title\" content=\"EE5B5684-6F6F-447A-88BE-FB3BBE42A1B8 - Odontolog\u00eda\" \/>\n<meta property=\"og:url\" content=\"https:\/\/medicina.udd.cl\/odontologia-santiago\/files\/2019\/04\/EE5B5684-6F6F-447A-88BE-FB3BBE42A1B8.jpeg\" \/>\n<meta property=\"og:site_name\" content=\"Odontolog\u00eda\" \/>\n<meta property=\"og:image\" content=\"https:\/\/medicina.udd.cl\/odontologia-santiago\/files\/2019\/04\/EE5B5684-6F6F-447A-88BE-FB3BBE42A1B8.jpeg\" \/>\n\t<meta property=\"og:image:width\" content=\"1504\" \/>\n\t<meta property=\"og:image:height\" content=\"1002\" \/>\n\t<meta property=\"og:image:type\" content=\"image\/jpeg\" \/>\n<script type=\"application\/ld+json\" class=\"yoast-schema-graph\">{\"@context\":\"https:\/\/schema.org\",\"@graph\":[{\"@type\":\"WebPage\",\"@id\":\"https:\/\/medicina.udd.cl\/odontologia-santiago\/files\/2019\/04\/EE5B5684-6F6F-447A-88BE-FB3BBE42A1B8.jpeg\",\"url\":\"https:\/\/medicina.udd.cl\/odontologia-santiago\/files\/2019\/04\/EE5B5684-6F6F-447A-88BE-FB3BBE42A1B8.jpeg\",\"name\":\"EE5B5684-6F6F-447A-88BE-FB3BBE42A1B8 - Odontolog\u00eda\",\"isPartOf\":{\"@id\":\"https:\/\/medicina.udd.cl\/odontologia-santiago\/#website\"},\"datePublished\":\"2019-04-04T15:01:19+00:00\",\"breadcrumb\":{\"@id\":\"https:\/\/medicina.udd.cl\/odontologia-santiago\/files\/2019\/04\/EE5B5684-6F6F-447A-88BE-FB3BBE42A1B8.jpeg#breadcrumb\"},\"inLanguage\":\"es\",\"potentialAction\":[{\"@type\":\"ReadAction\",\"target\":[\"https:\/\/medicina.udd.cl\/odontologia-santiago\/files\/2019\/04\/EE5B5684-6F6F-447A-88BE-FB3BBE42A1B8.jpeg\"]}]},{\"@type\":\"BreadcrumbList\",\"@id\":\"https:\/\/medicina.udd.cl\/odontologia-santiago\/files\/2019\/04\/EE5B5684-6F6F-447A-88BE-FB3BBE42A1B8.jpeg#breadcrumb\",\"itemListElement\":[{\"@type\":\"ListItem\",\"position\":1,\"name\":\"Home\",\"item\":\"https:\/\/medicina.udd.cl\/odontologia-santiago\/\"},{\"@type\":\"ListItem\",\"position\":2,\"name\":\"Inauguraci\u00f3n a\u00f1o acad\u00e9mico 2019 en Cl\u00ednica Alemana\",\"item\":\"https:\/\/medicina.udd.cl\/odontologia-santiago\/noticias\/2019\/04\/04\/inauguracion-ano-academico-2019-en-clinica-alemana\/\"},{\"@type\":\"ListItem\",\"position\":3,\"name\":\"EE5B5684-6F6F-447A-88BE-FB3BBE42A1B8\"}]},{\"@type\":\"WebSite\",\"@id\":\"https:\/\/medicina.udd.cl\/odontologia-santiago\/#website\",\"url\":\"https:\/\/medicina.udd.cl\/odontologia-santiago\/\",\"name\":\"Odontolog\u00eda\",\"description\":\"Facultad de Medicina Cl\u00ednica Alemana Universidad del Desarrollo\",\"inLanguage\":\"es\"}]}<\/script>\n<!-- \/ Yoast SEO plugin. -->","yoast_head_json":{"title":"EE5B5684-6F6F-447A-88BE-FB3BBE42A1B8 - Odontolog\u00eda","robots":{"index":"index","follow":"follow","max-snippet":"max-snippet:-1","max-image-preview":"max-image-preview:large","max-video-preview":"max-video-preview:-1"},"canonical":"https:\/\/medicina.udd.cl\/odontologia-santiago\/files\/2019\/04\/EE5B5684-6F6F-447A-88BE-FB3BBE42A1B8.jpeg","og_locale":"es_ES","og_type":"article","og_title":"EE5B5684-6F6F-447A-88BE-FB3BBE42A1B8 - Odontolog\u00eda","og_url":"https:\/\/medicina.udd.cl\/odontologia-santiago\/files\/2019\/04\/EE5B5684-6F6F-447A-88BE-FB3BBE42A1B8.jpeg","og_site_name":"Odontolog\u00eda","og_image":[{"width":1504,"height":1002,"url":"https:\/\/medicina.udd.cl\/odontologia-santiago\/files\/2019\/04\/EE5B5684-6F6F-447A-88BE-FB3BBE42A1B8.jpeg","type":"image\/jpeg"}],"schema":{"@context":"https:\/\/schema.org","@graph":[{"@type":"WebPage","@id":"https:\/\/medicina.udd.cl\/odontologia-santiago\/files\/2019\/04\/EE5B5684-6F6F-447A-88BE-FB3BBE42A1B8.jpeg","url":"https:\/\/medicina.udd.cl\/odontologia-santiago\/files\/2019\/04\/EE5B5684-6F6F-447A-88BE-FB3BBE42A1B8.jpeg","name":"EE5B5684-6F6F-447A-88BE-FB3BBE42A1B8 - Odontolog\u00eda","isPartOf":{"@id":"https:\/\/medicina.udd.cl\/odontologia-santiago\/#website"},"datePublished":"2019-04-04T15:01:19+00:00","breadcrumb":{"@id":"https:\/\/medicina.udd.cl\/odontologia-santiago\/files\/2019\/04\/EE5B5684-6F6F-447A-88BE-FB3BBE42A1B8.jpeg#breadcrumb"},"inLanguage":"es","potentialAction":[{"@type":"ReadAction","target":["https:\/\/medicina.udd.cl\/odontologia-santiago\/files\/2019\/04\/EE5B5684-6F6F-447A-88BE-FB3BBE42A1B8.jpeg"]}]},{"@type":"BreadcrumbList","@id":"https:\/\/medicina.udd.cl\/odontologia-santiago\/files\/2019\/04\/EE5B5684-6F6F-447A-88BE-FB3BBE42A1B8.jpeg#breadcrumb","itemListElement":[{"@type":"ListItem","position":1,"name":"Home","item":"https:\/\/medicina.udd.cl\/odontologia-santiago\/"},{"@type":"ListItem","position":2,"name":"Inauguraci\u00f3n a\u00f1o acad\u00e9mico 2019 en Cl\u00ednica Alemana","item":"https:\/\/medicina.udd.cl\/odontologia-santiago\/noticias\/2019\/04\/04\/inauguracion-ano-academico-2019-en-clinica-alemana\/"},{"@type":"ListItem","position":3,"name":"EE5B5684-6F6F-447A-88BE-FB3BBE42A1B8"}]},{"@type":"WebSite","@id":"https:\/\/medicina.udd.cl\/odontologia-santiago\/#website","url":"https:\/\/medicina.udd.cl\/odontologia-santiago\/","name":"Odontolog\u00eda","description":"Facultad de Medicina Cl\u00ednica Alemana Universidad del Desarrollo","inLanguage":"es"}]}},"description":{"rendered":"<p class=\"attachment\"><a href='https:\/\/medicina.udd.cl\/odontologia-santiago\/files\/2019\/04\/EE5B5684-6F6F-447A-88BE-FB3BBE42A1B8.jpeg'><img loading=\"lazy\" decoding=\"async\" width=\"300\" height=\"200\" src=\"https:\/\/medicina.udd.cl\/odontologia-santiago\/files\/2019\/04\/EE5B5684-6F6F-447A-88BE-FB3BBE42A1B8-300x200.jpeg\" class=\"attachment-medium size-medium\" alt=\"\" srcset=\"https:\/\/medicina.udd.cl\/odontologia-santiago\/files\/2019\/04\/EE5B5684-6F6F-447A-88BE-FB3BBE42A1B8-300x200.jpeg 300w, https:\/\/medicina.udd.cl\/odontologia-santiago\/files\/2019\/04\/EE5B5684-6F6F-447A-88BE-FB3BBE42A1B8-768x512.jpeg 768w, https:\/\/medicina.udd.cl\/odontologia-santiago\/files\/2019\/04\/EE5B5684-6F6F-447A-88BE-FB3BBE42A1B8-1024x682.jpeg 1024w, https:\/\/medicina.udd.cl\/odontologia-santiago\/files\/2019\/04\/EE5B5684-6F6F-447A-88BE-FB3BBE42A1B8-960x640.jpeg 960w, https:\/\/medicina.udd.cl\/odontologia-santiago\/files\/2019\/04\/EE5B5684-6F6F-447A-88BE-FB3BBE42A1B8.jpeg 1504w\" sizes=\"auto, (max-width: 300px) 100vw, 300px\" \/><\/a><\/p>\n"},"caption":{"rendered":""},"alt_text":"","media_type":"image","mime_type":"image\/jpeg","media_details":{"width":1504,"height":1002,"file":"2019\/04\/EE5B5684-6F6F-447A-88BE-FB3BBE42A1B8.jpeg","sizes":{"thumbnail":{"file":"EE5B5684-6F6F-447A-88BE-FB3BBE42A1B8-150x150.jpeg","width":150,"height":150,"mime_type":"image\/jpeg","source_url":"https:\/\/medicina.udd.cl\/odontologia-santiago\/files\/2019\/04\/EE5B5684-6F6F-447A-88BE-FB3BBE42A1B8-150x150.jpeg"},"medium":{"file":"EE5B5684-6F6F-447A-88BE-FB3BBE42A1B8-300x200.jpeg","width":300,"height":200,"mime_type":"image\/jpeg","source_url":"https:\/\/medicina.udd.cl\/odontologia-santiago\/files\/2019\/04\/EE5B5684-6F6F-447A-88BE-FB3BBE42A1B8-300x200.jpeg"},"medium_large":{"file":"EE5B5684-6F6F-447A-88BE-FB3BBE42A1B8-768x512.jpeg","width":768,"height":512,"mime_type":"image\/jpeg","source_url":"https:\/\/medicina.udd.cl\/odontologia-santiago\/files\/2019\/04\/EE5B5684-6F6F-447A-88BE-FB3BBE42A1B8-768x512.jpeg"},"large":{"file":"EE5B5684-6F6F-447A-88BE-FB3BBE42A1B8-1024x682.jpeg","width":1024,"height":682,"mime_type":"image\/jpeg","source_url":"https:\/\/medicina.udd.cl\/odontologia-santiago\/files\/2019\/04\/EE5B5684-6F6F-447A-88BE-FB3BBE42A1B8-1024x682.jpeg"},"newsletter_featured":{"file":"EE5B5684-6F6F-447A-88BE-FB3BBE42A1B8-316x224.jpeg","width":316,"height":224,"mime_type":"image\/jpeg","source_url":"https:\/\/medicina.udd.cl\/odontologia-santiago\/files\/2019\/04\/EE5B5684-6F6F-447A-88BE-FB3BBE42A1B8-316x224.jpeg"},"newsletter_first":{"file":"EE5B5684-6F6F-447A-88BE-FB3BBE42A1B8-286x205.jpeg","width":286,"height":205,"mime_type":"image\/jpeg","source_url":"https:\/\/medicina.udd.cl\/odontologia-santiago\/files\/2019\/04\/EE5B5684-6F6F-447A-88BE-FB3BBE42A1B8-286x205.jpeg"},"newsletter_thumb":{"file":"EE5B5684-6F6F-447A-88BE-FB3BBE42A1B8-288x150.jpeg","width":288,"height":150,"mime_type":"image\/jpeg","source_url":"https:\/\/medicina.udd.cl\/odontologia-santiago\/files\/2019\/04\/EE5B5684-6F6F-447A-88BE-FB3BBE42A1B8-288x150.jpeg"},"newsletter_column":{"file":"EE5B5684-6F6F-447A-88BE-FB3BBE42A1B8-182x140.jpeg","width":182,"height":140,"mime_type":"image\/jpeg","source_url":"https:\/\/medicina.udd.cl\/odontologia-santiago\/files\/2019\/04\/EE5B5684-6F6F-447A-88BE-FB3BBE42A1B8-182x140.jpeg"},"newsletter_square":{"file":"EE5B5684-6F6F-447A-88BE-FB3BBE42A1B8-62x62.jpeg","width":62,"height":62,"mime_type":"image\/jpeg","source_url":"https:\/\/medicina.udd.cl\/odontologia-santiago\/files\/2019\/04\/EE5B5684-6F6F-447A-88BE-FB3BBE42A1B8-62x62.jpeg"},"newsletter_square_large":{"file":"EE5B5684-6F6F-447A-88BE-FB3BBE42A1B8-87x62.jpeg","width":87,"height":62,"mime_type":"image\/jpeg","source_url":"https:\/\/medicina.udd.cl\/odontologia-santiago\/files\/2019\/04\/EE5B5684-6F6F-447A-88BE-FB3BBE42A1B8-87x62.jpeg"},"featured-home":{"file":"EE5B5684-6F6F-447A-88BE-FB3BBE42A1B8-800x450.jpeg","width":800,"height":450,"mime_type":"image\/jpeg","source_url":"https:\/\/medicina.udd.cl\/odontologia-santiago\/files\/2019\/04\/EE5B5684-6F6F-447A-88BE-FB3BBE42A1B8-800x450.jpeg"},"featured-career":{"file":"EE5B5684-6F6F-447A-88BE-FB3BBE42A1B8-660x430.jpeg","width":660,"height":430,"mime_type":"image\/jpeg","source_url":"https:\/\/medicina.udd.cl\/odontologia-santiago\/files\/2019\/04\/EE5B5684-6F6F-447A-88BE-FB3BBE42A1B8-660x430.jpeg"},"squared":{"file":"EE5B5684-6F6F-447A-88BE-FB3BBE42A1B8-300x300.jpeg","width":300,"height":300,"mime_type":"image\/jpeg","source_url":"https:\/\/medicina.udd.cl\/odontologia-santiago\/files\/2019\/04\/EE5B5684-6F6F-447A-88BE-FB3BBE42A1B8-300x300.jpeg"},"stretch":{"file":"EE5B5684-6F6F-447A-88BE-FB3BBE42A1B8-800x450.jpeg","width":800,"height":450,"mime_type":"image\/jpeg","source_url":"https:\/\/medicina.udd.cl\/odontologia-santiago\/files\/2019\/04\/EE5B5684-6F6F-447A-88BE-FB3BBE42A1B8-800x450.jpeg"},"portrait-medium":{"file":"EE5B5684-6F6F-447A-88BE-FB3BBE42A1B8-220x260.jpeg","width":220,"height":260,"mime_type":"image\/jpeg","source_url":"https:\/\/medicina.udd.cl\/odontologia-santiago\/files\/2019\/04\/EE5B5684-6F6F-447A-88BE-FB3BBE42A1B8-220x260.jpeg"},"landscape-small":{"file":"EE5B5684-6F6F-447A-88BE-FB3BBE42A1B8-125x80.jpeg","width":125,"height":80,"mime_type":"image\/jpeg","source_url":"https:\/\/medicina.udd.cl\/odontologia-santiago\/files\/2019\/04\/EE5B5684-6F6F-447A-88BE-FB3BBE42A1B8-125x80.jpeg"},"landscape-medium":{"file":"EE5B5684-6F6F-447A-88BE-FB3BBE42A1B8-340x220.jpeg","width":340,"height":220,"mime_type":"image\/jpeg","source_url":"https:\/\/medicina.udd.cl\/odontologia-santiago\/files\/2019\/04\/EE5B5684-6F6F-447A-88BE-FB3BBE42A1B8-340x220.jpeg"},"landscape-large":{"file":"EE5B5684-6F6F-447A-88BE-FB3BBE42A1B8-365x255.jpeg","width":365,"height":255,"mime_type":"image\/jpeg","source_url":"https:\/\/medicina.udd.cl\/odontologia-santiago\/files\/2019\/04\/EE5B5684-6F6F-447A-88BE-FB3BBE42A1B8-365x255.jpeg"},"landscape-xlarge":{"file":"EE5B5684-6F6F-447A-88BE-FB3BBE42A1B8-660x430.jpeg","width":660,"height":430,"mime_type":"image\/jpeg","source_url":"https:\/\/medicina.udd.cl\/odontologia-santiago\/files\/2019\/04\/EE5B5684-6F6F-447A-88BE-FB3BBE42A1B8-660x430.jpeg"},"panoramic":{"file":"EE5B5684-6F6F-447A-88BE-FB3BBE42A1B8-940x345.jpeg","width":940,"height":345,"mime_type":"image\/jpeg","source_url":"https:\/\/medicina.udd.cl\/odontologia-santiago\/files\/2019\/04\/EE5B5684-6F6F-447A-88BE-FB3BBE42A1B8-940x345.jpeg"},"stretch-large":{"file":"EE5B5684-6F6F-447A-88BE-FB3BBE42A1B8-940x450.jpeg","width":940,"height":450,"mime_type":"image\/jpeg","source_url":"https:\/\/medicina.udd.cl\/odontologia-santiago\/files\/2019\/04\/EE5B5684-6F6F-447A-88BE-FB3BBE42A1B8-940x450.jpeg"},"proportional-large":{"file":"EE5B5684-6F6F-447A-88BE-FB3BBE42A1B8-960x640.jpeg","width":960,"height":640,"mime_type":"image\/jpeg","source_url":"https:\/\/medicina.udd.cl\/odontologia-santiago\/files\/2019\/04\/EE5B5684-6F6F-447A-88BE-FB3BBE42A1B8-960x640.jpeg"},"custom_content":{"file":"EE5B5684-6F6F-447A-88BE-FB3BBE42A1B8-126x126.jpeg","width":126,"height":126,"mime_type":"image\/jpeg","source_url":"https:\/\/medicina.udd.cl\/odontologia-santiago\/files\/2019\/04\/EE5B5684-6F6F-447A-88BE-FB3BBE42A1B8-126x126.jpeg"},"full":{"file":"EE5B5684-6F6F-447A-88BE-FB3BBE42A1B8.jpeg","width":1504,"height":1002,"mime_type":"image\/jpeg","source_url":"https:\/\/medicina.udd.cl\/odontologia-santiago\/files\/2019\/04\/EE5B5684-6F6F-447A-88BE-FB3BBE42A1B8.jpeg"}},"image_meta":{"aperture":"5.6","credit":"","camera":"NIKON D750","caption":"","created_timestamp":"1554310526","copyright":"","focal_length":"112","iso":"400","shutter_speed":"0.02","title":"","orientation":"0","keywords":[]}},"post":5209,"source_url":"https:\/\/medicina.udd.cl\/odontologia-santiago\/files\/2019\/04\/EE5B5684-6F6F-447A-88BE-FB3BBE42A1B8.jpeg","_links":{"self":[{"href":"https:\/\/medicina.udd.cl\/odontologia-santiago\/wp-json\/wp\/v2\/media\/5214","targetHints":{"allow":["GET"]}}],"collection":[{"href":"https:\/\/medicina.udd.cl\/odontologia-santiago\/wp-json\/wp\/v2\/media"}],"about":[{"href":"https:\/\/medicina.udd.cl\/odontologia-santiago\/wp-json\/wp\/v2\/types\/attachment"}],"author":[{"embeddable":true,"href":"https:\/\/medicina.udd.cl\/odontologia-santiago\/wp-json\/wp\/v2\/users\/9192219"}],"replies":[{"embeddable":true,"href":"https:\/\/medicina.udd.cl\/odontologia-santiago\/wp-json\/wp\/v2\/comments?post=5214"}],"wp:attached-to":[{"embeddable":true,"post_type":"post","id":5209,"href":"https:\/\/medicina.udd.cl\/odontologia-santiago\/wp-json\/wp\/v2\/posts\/5209"}],"curies":[{"name":"wp","href":"https:\/\/api.w.org\/{rel}","templated":true}]}}