{"id":8451,"date":"2024-08-22T11:30:46","date_gmt":"2024-08-22T15:30:46","guid":{"rendered":"https:\/\/medicina.udd.cl\/odontologia-santiago\/files\/2024\/08\/odon-reunion-conce-renovacion-curricular-6.jpg"},"modified":"2024-08-22T11:30:46","modified_gmt":"2024-08-22T15:30:46","slug":"odon-reunion-conce-renovacion-curricular-6","status":"inherit","type":"attachment","link":"https:\/\/medicina.udd.cl\/odontologia-santiago\/noticias\/2024\/08\/22\/docentes-de-santiago-y-concepcion-se-reunen-para-avanzar-en-la-renovacion-curricular-de-la-carrera-de-odontologia\/odon-reunion-conce-renovacion-curricular-6\/","title":{"rendered":"ODON &#8211; Reuni\u00f3n Conce renovaci\u00f3n curricular (6)"},"author":9192219,"featured_media":0,"comment_status":"","ping_status":"closed","template":"","meta":[],"class_list":["post-8451","attachment","type-attachment","status-inherit","hentry"],"yoast_head":"<!-- This site is optimized with the Yoast SEO plugin v26.9 - https:\/\/yoast.com\/product\/yoast-seo-wordpress\/ -->\n<title>ODON - Reuni\u00f3n Conce renovaci\u00f3n curricular (6) - Odontolog\u00eda<\/title>\n<meta name=\"robots\" content=\"index, follow, max-snippet:-1, max-image-preview:large, max-video-preview:-1\" \/>\n<link rel=\"canonical\" href=\"https:\/\/medicina.udd.cl\/odontologia-santiago\/files\/2024\/08\/odon-reunion-conce-renovacion-curricular-6-scaled.jpg\" \/>\n<meta property=\"og:locale\" content=\"es_ES\" \/>\n<meta property=\"og:type\" content=\"article\" \/>\n<meta property=\"og:title\" content=\"ODON - Reuni\u00f3n Conce renovaci\u00f3n curricular (6) - Odontolog\u00eda\" \/>\n<meta property=\"og:url\" content=\"https:\/\/medicina.udd.cl\/odontologia-santiago\/files\/2024\/08\/odon-reunion-conce-renovacion-curricular-6-scaled.jpg\" \/>\n<meta property=\"og:site_name\" content=\"Odontolog\u00eda\" \/>\n<meta property=\"og:image\" content=\"https:\/\/medicina.udd.cl\/odontologia-santiago\/files\/2024\/08\/odon-reunion-conce-renovacion-curricular-6.jpg\" \/>\n\t<meta property=\"og:image:width\" content=\"1\" \/>\n\t<meta property=\"og:image:height\" content=\"1\" \/>\n\t<meta property=\"og:image:type\" content=\"image\/jpeg\" \/>\n<script type=\"application\/ld+json\" class=\"yoast-schema-graph\">{\"@context\":\"https:\/\/schema.org\",\"@graph\":[{\"@type\":\"WebPage\",\"@id\":\"https:\/\/medicina.udd.cl\/odontologia-santiago\/files\/2024\/08\/odon-reunion-conce-renovacion-curricular-6-scaled.jpg\",\"url\":\"https:\/\/medicina.udd.cl\/odontologia-santiago\/files\/2024\/08\/odon-reunion-conce-renovacion-curricular-6-scaled.jpg\",\"name\":\"ODON - Reuni\u00f3n Conce renovaci\u00f3n curricular (6) - Odontolog\u00eda\",\"isPartOf\":{\"@id\":\"https:\/\/medicina.udd.cl\/odontologia-santiago\/#website\"},\"datePublished\":\"2024-08-22T15:30:46+00:00\",\"breadcrumb\":{\"@id\":\"https:\/\/medicina.udd.cl\/odontologia-santiago\/files\/2024\/08\/odon-reunion-conce-renovacion-curricular-6-scaled.jpg#breadcrumb\"},\"inLanguage\":\"es\",\"potentialAction\":[{\"@type\":\"ReadAction\",\"target\":[\"https:\/\/medicina.udd.cl\/odontologia-santiago\/files\/2024\/08\/odon-reunion-conce-renovacion-curricular-6-scaled.jpg\"]}]},{\"@type\":\"BreadcrumbList\",\"@id\":\"https:\/\/medicina.udd.cl\/odontologia-santiago\/files\/2024\/08\/odon-reunion-conce-renovacion-curricular-6-scaled.jpg#breadcrumb\",\"itemListElement\":[{\"@type\":\"ListItem\",\"position\":1,\"name\":\"Home\",\"item\":\"https:\/\/medicina.udd.cl\/odontologia-santiago\/\"},{\"@type\":\"ListItem\",\"position\":2,\"name\":\"Docentes de Santiago y Concepci\u00f3n se re\u00fanen para avanzar en la renovaci\u00f3n curricular de la carrera de Odontolog\u00eda\",\"item\":\"https:\/\/medicina.udd.cl\/odontologia-santiago\/noticias\/2024\/08\/22\/docentes-de-santiago-y-concepcion-se-reunen-para-avanzar-en-la-renovacion-curricular-de-la-carrera-de-odontologia\/\"},{\"@type\":\"ListItem\",\"position\":3,\"name\":\"ODON &#8211; Reuni\u00f3n Conce renovaci\u00f3n curricular (6)\"}]},{\"@type\":\"WebSite\",\"@id\":\"https:\/\/medicina.udd.cl\/odontologia-santiago\/#website\",\"url\":\"https:\/\/medicina.udd.cl\/odontologia-santiago\/\",\"name\":\"Odontolog\u00eda\",\"description\":\"Facultad de Medicina Cl\u00ednica Alemana Universidad del Desarrollo\",\"inLanguage\":\"es\"}]}<\/script>\n<!-- \/ Yoast SEO plugin. -->","yoast_head_json":{"title":"ODON - Reuni\u00f3n Conce renovaci\u00f3n curricular (6) - Odontolog\u00eda","robots":{"index":"index","follow":"follow","max-snippet":"max-snippet:-1","max-image-preview":"max-image-preview:large","max-video-preview":"max-video-preview:-1"},"canonical":"https:\/\/medicina.udd.cl\/odontologia-santiago\/files\/2024\/08\/odon-reunion-conce-renovacion-curricular-6-scaled.jpg","og_locale":"es_ES","og_type":"article","og_title":"ODON - Reuni\u00f3n Conce renovaci\u00f3n curricular (6) - Odontolog\u00eda","og_url":"https:\/\/medicina.udd.cl\/odontologia-santiago\/files\/2024\/08\/odon-reunion-conce-renovacion-curricular-6-scaled.jpg","og_site_name":"Odontolog\u00eda","og_image":[{"url":"https:\/\/medicina.udd.cl\/odontologia-santiago\/files\/2024\/08\/odon-reunion-conce-renovacion-curricular-6.jpg","width":1,"height":1,"type":"image\/jpeg"}],"schema":{"@context":"https:\/\/schema.org","@graph":[{"@type":"WebPage","@id":"https:\/\/medicina.udd.cl\/odontologia-santiago\/files\/2024\/08\/odon-reunion-conce-renovacion-curricular-6-scaled.jpg","url":"https:\/\/medicina.udd.cl\/odontologia-santiago\/files\/2024\/08\/odon-reunion-conce-renovacion-curricular-6-scaled.jpg","name":"ODON - Reuni\u00f3n Conce renovaci\u00f3n curricular (6) - Odontolog\u00eda","isPartOf":{"@id":"https:\/\/medicina.udd.cl\/odontologia-santiago\/#website"},"datePublished":"2024-08-22T15:30:46+00:00","breadcrumb":{"@id":"https:\/\/medicina.udd.cl\/odontologia-santiago\/files\/2024\/08\/odon-reunion-conce-renovacion-curricular-6-scaled.jpg#breadcrumb"},"inLanguage":"es","potentialAction":[{"@type":"ReadAction","target":["https:\/\/medicina.udd.cl\/odontologia-santiago\/files\/2024\/08\/odon-reunion-conce-renovacion-curricular-6-scaled.jpg"]}]},{"@type":"BreadcrumbList","@id":"https:\/\/medicina.udd.cl\/odontologia-santiago\/files\/2024\/08\/odon-reunion-conce-renovacion-curricular-6-scaled.jpg#breadcrumb","itemListElement":[{"@type":"ListItem","position":1,"name":"Home","item":"https:\/\/medicina.udd.cl\/odontologia-santiago\/"},{"@type":"ListItem","position":2,"name":"Docentes de Santiago y Concepci\u00f3n se re\u00fanen para avanzar en la renovaci\u00f3n curricular de la carrera de Odontolog\u00eda","item":"https:\/\/medicina.udd.cl\/odontologia-santiago\/noticias\/2024\/08\/22\/docentes-de-santiago-y-concepcion-se-reunen-para-avanzar-en-la-renovacion-curricular-de-la-carrera-de-odontologia\/"},{"@type":"ListItem","position":3,"name":"ODON &#8211; Reuni\u00f3n Conce renovaci\u00f3n curricular (6)"}]},{"@type":"WebSite","@id":"https:\/\/medicina.udd.cl\/odontologia-santiago\/#website","url":"https:\/\/medicina.udd.cl\/odontologia-santiago\/","name":"Odontolog\u00eda","description":"Facultad de Medicina Cl\u00ednica Alemana Universidad del Desarrollo","inLanguage":"es"}]}},"description":{"rendered":"<p class=\"attachment\"><a href='https:\/\/medicina.udd.cl\/odontologia-santiago\/files\/2024\/08\/odon-reunion-conce-renovacion-curricular-6-scaled.jpg'><img loading=\"lazy\" decoding=\"async\" width=\"300\" height=\"204\" src=\"https:\/\/medicina.udd.cl\/odontologia-santiago\/files\/2024\/08\/odon-reunion-conce-renovacion-curricular-6-300x204.jpg\" class=\"attachment-medium size-medium\" alt=\"\" srcset=\"https:\/\/medicina.udd.cl\/odontologia-santiago\/files\/2024\/08\/odon-reunion-conce-renovacion-curricular-6-300x204.jpg 300w, https:\/\/medicina.udd.cl\/odontologia-santiago\/files\/2024\/08\/odon-reunion-conce-renovacion-curricular-6-1024x695.jpg 1024w, https:\/\/medicina.udd.cl\/odontologia-santiago\/files\/2024\/08\/odon-reunion-conce-renovacion-curricular-6-768x521.jpg 768w, https:\/\/medicina.udd.cl\/odontologia-santiago\/files\/2024\/08\/odon-reunion-conce-renovacion-curricular-6-1536x1042.jpg 1536w, https:\/\/medicina.udd.cl\/odontologia-santiago\/files\/2024\/08\/odon-reunion-conce-renovacion-curricular-6-2048x1389.jpg 2048w\" sizes=\"auto, (max-width: 300px) 100vw, 300px\" \/><\/a><\/p>\n"},"caption":{"rendered":""},"alt_text":"","media_type":"image","mime_type":"image\/jpeg","media_details":{"width":2560,"height":1737,"file":"2024\/08\/odon-reunion-conce-renovacion-curricular-6-scaled.jpg","filesize":666439,"sizes":{"medium":{"file":"odon-reunion-conce-renovacion-curricular-6-300x204.jpg","width":300,"height":204,"filesize":22932,"mime_type":"image\/jpeg","source_url":"https:\/\/medicina.udd.cl\/odontologia-santiago\/files\/2024\/08\/odon-reunion-conce-renovacion-curricular-6-300x204.jpg"},"large":{"file":"odon-reunion-conce-renovacion-curricular-6-1024x695.jpg","width":1024,"height":695,"filesize":126171,"mime_type":"image\/jpeg","source_url":"https:\/\/medicina.udd.cl\/odontologia-santiago\/files\/2024\/08\/odon-reunion-conce-renovacion-curricular-6-1024x695.jpg"},"thumbnail":{"file":"odon-reunion-conce-renovacion-curricular-6-150x150.jpg","width":150,"height":150,"filesize":16227,"mime_type":"image\/jpeg","source_url":"https:\/\/medicina.udd.cl\/odontologia-santiago\/files\/2024\/08\/odon-reunion-conce-renovacion-curricular-6-150x150.jpg"},"medium_large":{"file":"odon-reunion-conce-renovacion-curricular-6-768x521.jpg","width":768,"height":521,"filesize":78061,"mime_type":"image\/jpeg","source_url":"https:\/\/medicina.udd.cl\/odontologia-santiago\/files\/2024\/08\/odon-reunion-conce-renovacion-curricular-6-768x521.jpg"},"newsletter_featured":{"file":"odon-reunion-conce-renovacion-curricular-6-316x224.jpg","width":316,"height":224,"filesize":24600,"mime_type":"image\/jpeg","source_url":"https:\/\/medicina.udd.cl\/odontologia-santiago\/files\/2024\/08\/odon-reunion-conce-renovacion-curricular-6-316x224.jpg"},"newsletter_first":{"file":"odon-reunion-conce-renovacion-curricular-6-286x205.jpg","width":286,"height":205,"filesize":22570,"mime_type":"image\/jpeg","source_url":"https:\/\/medicina.udd.cl\/odontologia-santiago\/files\/2024\/08\/odon-reunion-conce-renovacion-curricular-6-286x205.jpg"},"newsletter_thumb":{"file":"odon-reunion-conce-renovacion-curricular-6-288x150.jpg","width":288,"height":150,"filesize":19678,"mime_type":"image\/jpeg","source_url":"https:\/\/medicina.udd.cl\/odontologia-santiago\/files\/2024\/08\/odon-reunion-conce-renovacion-curricular-6-288x150.jpg"},"newsletter_column":{"file":"odon-reunion-conce-renovacion-curricular-6-182x140.jpg","width":182,"height":140,"filesize":16521,"mime_type":"image\/jpeg","source_url":"https:\/\/medicina.udd.cl\/odontologia-santiago\/files\/2024\/08\/odon-reunion-conce-renovacion-curricular-6-182x140.jpg"},"newsletter_square":{"file":"odon-reunion-conce-renovacion-curricular-6-62x62.jpg","width":62,"height":62,"filesize":11547,"mime_type":"image\/jpeg","source_url":"https:\/\/medicina.udd.cl\/odontologia-santiago\/files\/2024\/08\/odon-reunion-conce-renovacion-curricular-6-62x62.jpg"},"newsletter_square_large":{"file":"odon-reunion-conce-renovacion-curricular-6-87x62.jpg","width":87,"height":62,"filesize":11910,"mime_type":"image\/jpeg","source_url":"https:\/\/medicina.udd.cl\/odontologia-santiago\/files\/2024\/08\/odon-reunion-conce-renovacion-curricular-6-87x62.jpg"},"1536x1536":{"file":"odon-reunion-conce-renovacion-curricular-6-1536x1042.jpg","width":1536,"height":1042,"filesize":262097,"mime_type":"image\/jpeg","source_url":"https:\/\/medicina.udd.cl\/odontologia-santiago\/files\/2024\/08\/odon-reunion-conce-renovacion-curricular-6-1536x1042.jpg"},"2048x2048":{"file":"odon-reunion-conce-renovacion-curricular-6-2048x1389.jpg","width":2048,"height":1389,"filesize":443503,"mime_type":"image\/jpeg","source_url":"https:\/\/medicina.udd.cl\/odontologia-santiago\/files\/2024\/08\/odon-reunion-conce-renovacion-curricular-6-2048x1389.jpg"},"landscape_1920":{"file":"odon-reunion-conce-renovacion-curricular-6-1920x1080.jpg","width":1920,"height":1080,"filesize":337253,"mime_type":"image\/jpeg","source_url":"https:\/\/medicina.udd.cl\/odontologia-santiago\/files\/2024\/08\/odon-reunion-conce-renovacion-curricular-6-1920x1080.jpg"},"landscape_1366":{"file":"odon-reunion-conce-renovacion-curricular-6-1366x768.jpg","width":1366,"height":768,"filesize":181516,"mime_type":"image\/jpeg","source_url":"https:\/\/medicina.udd.cl\/odontologia-santiago\/files\/2024\/08\/odon-reunion-conce-renovacion-curricular-6-1366x768.jpg"},"landscape_952":{"file":"odon-reunion-conce-renovacion-curricular-6-952x534.jpg","width":952,"height":534,"filesize":96698,"mime_type":"image\/jpeg","source_url":"https:\/\/medicina.udd.cl\/odontologia-santiago\/files\/2024\/08\/odon-reunion-conce-renovacion-curricular-6-952x534.jpg"},"landscape_680":{"file":"odon-reunion-conce-renovacion-curricular-6-680x382.jpg","width":680,"height":382,"filesize":56347,"mime_type":"image\/jpeg","source_url":"https:\/\/medicina.udd.cl\/odontologia-santiago\/files\/2024\/08\/odon-reunion-conce-renovacion-curricular-6-680x382.jpg"},"square_750":{"file":"odon-reunion-conce-renovacion-curricular-6-750x750.jpg","width":750,"height":750,"filesize":111794,"mime_type":"image\/jpeg","source_url":"https:\/\/medicina.udd.cl\/odontologia-santiago\/files\/2024\/08\/odon-reunion-conce-renovacion-curricular-6-750x750.jpg"},"square_500":{"file":"odon-reunion-conce-renovacion-curricular-6-500x500.jpg","width":500,"height":500,"filesize":58869,"mime_type":"image\/jpeg","source_url":"https:\/\/medicina.udd.cl\/odontologia-santiago\/files\/2024\/08\/odon-reunion-conce-renovacion-curricular-6-500x500.jpg"},"square_200":{"file":"odon-reunion-conce-renovacion-curricular-6-250x250.jpg","width":250,"height":250,"filesize":24420,"mime_type":"image\/jpeg","source_url":"https:\/\/medicina.udd.cl\/odontologia-santiago\/files\/2024\/08\/odon-reunion-conce-renovacion-curricular-6-250x250.jpg"},"post-thumbnail":{"file":"odon-reunion-conce-renovacion-curricular-6-952x534.jpg","width":952,"height":534,"filesize":96698,"mime_type":"image\/jpeg","source_url":"https:\/\/medicina.udd.cl\/odontologia-santiago\/files\/2024\/08\/odon-reunion-conce-renovacion-curricular-6-952x534.jpg"},"custom_content":{"file":"odon-reunion-conce-renovacion-curricular-6-126x126.jpg","width":126,"height":126,"filesize":14601,"mime_type":"image\/jpeg","source_url":"https:\/\/medicina.udd.cl\/odontologia-santiago\/files\/2024\/08\/odon-reunion-conce-renovacion-curricular-6-126x126.jpg"},"full":{"file":"odon-reunion-conce-renovacion-curricular-6-scaled.jpg","width":2560,"height":1737,"mime_type":"image\/jpeg","source_url":"https:\/\/medicina.udd.cl\/odontologia-santiago\/files\/2024\/08\/odon-reunion-conce-renovacion-curricular-6-scaled.jpg"}},"image_meta":{"aperture":"1.78","credit":"","camera":"iPhone 14 Pro","caption":"","created_timestamp":"1724151308","copyright":"","focal_length":"6.86","iso":"200","shutter_speed":"0.01","title":"","orientation":"1","keywords":[]},"original_image":"odon-reunion-conce-renovacion-curricular-6.jpg"},"post":8445,"source_url":"https:\/\/medicina.udd.cl\/odontologia-santiago\/files\/2024\/08\/odon-reunion-conce-renovacion-curricular-6-scaled.jpg","_links":{"self":[{"href":"https:\/\/medicina.udd.cl\/odontologia-santiago\/wp-json\/wp\/v2\/media\/8451","targetHints":{"allow":["GET"]}}],"collection":[{"href":"https:\/\/medicina.udd.cl\/odontologia-santiago\/wp-json\/wp\/v2\/media"}],"about":[{"href":"https:\/\/medicina.udd.cl\/odontologia-santiago\/wp-json\/wp\/v2\/types\/attachment"}],"author":[{"embeddable":true,"href":"https:\/\/medicina.udd.cl\/odontologia-santiago\/wp-json\/wp\/v2\/users\/9192219"}],"replies":[{"embeddable":true,"href":"https:\/\/medicina.udd.cl\/odontologia-santiago\/wp-json\/wp\/v2\/comments?post=8451"}],"wp:attached-to":[{"embeddable":true,"post_type":"post","id":8445,"href":"https:\/\/medicina.udd.cl\/odontologia-santiago\/wp-json\/wp\/v2\/posts\/8445"}],"curies":[{"name":"wp","href":"https:\/\/api.w.org\/{rel}","templated":true}]}}