{"id":8819,"date":"2025-06-02T11:19:59","date_gmt":"2025-06-02T15:19:59","guid":{"rendered":"https:\/\/medicina.udd.cl\/odontologia-santiago\/files\/2025\/06\/odon-operativo-en-eleam-2025-9.jpeg"},"modified":"2025-06-02T11:19:59","modified_gmt":"2025-06-02T15:19:59","slug":"odon-operativo-en-eleam-2025-9","status":"inherit","type":"attachment","link":"https:\/\/medicina.udd.cl\/odontologia-santiago\/noticias\/2025\/06\/02\/mas-de-200-personas-mayores-reciben-atencion-odontologica-gracias-a-operativo-en-eleam\/odon-operativo-en-eleam-2025-9\/","title":{"rendered":"ODON &#8211; Operativo en ELEAM 2025 (9)"},"author":9192219,"featured_media":0,"comment_status":"","ping_status":"closed","template":"","meta":[],"class_list":["post-8819","attachment","type-attachment","status-inherit","hentry"],"yoast_head":"<!-- This site is optimized with the Yoast SEO plugin v26.9 - https:\/\/yoast.com\/product\/yoast-seo-wordpress\/ -->\n<title>ODON - Operativo en ELEAM 2025 (9) - Odontolog\u00eda<\/title>\n<meta name=\"robots\" content=\"index, follow, max-snippet:-1, max-image-preview:large, max-video-preview:-1\" \/>\n<link rel=\"canonical\" href=\"https:\/\/medicina.udd.cl\/odontologia-santiago\/files\/2025\/06\/odon-operativo-en-eleam-2025-9.jpeg\" \/>\n<meta property=\"og:locale\" content=\"es_ES\" \/>\n<meta property=\"og:type\" content=\"article\" \/>\n<meta property=\"og:title\" content=\"ODON - Operativo en ELEAM 2025 (9) - Odontolog\u00eda\" \/>\n<meta property=\"og:url\" content=\"https:\/\/medicina.udd.cl\/odontologia-santiago\/files\/2025\/06\/odon-operativo-en-eleam-2025-9.jpeg\" \/>\n<meta property=\"og:site_name\" content=\"Odontolog\u00eda\" \/>\n<meta property=\"og:image\" content=\"https:\/\/medicina.udd.cl\/odontologia-santiago\/files\/2025\/06\/odon-operativo-en-eleam-2025-9.jpeg\" \/>\n\t<meta property=\"og:image:width\" content=\"1\" \/>\n\t<meta property=\"og:image:height\" content=\"1\" \/>\n\t<meta property=\"og:image:type\" content=\"image\/jpeg\" \/>\n<script type=\"application\/ld+json\" class=\"yoast-schema-graph\">{\"@context\":\"https:\/\/schema.org\",\"@graph\":[{\"@type\":\"WebPage\",\"@id\":\"https:\/\/medicina.udd.cl\/odontologia-santiago\/files\/2025\/06\/odon-operativo-en-eleam-2025-9.jpeg\",\"url\":\"https:\/\/medicina.udd.cl\/odontologia-santiago\/files\/2025\/06\/odon-operativo-en-eleam-2025-9.jpeg\",\"name\":\"ODON - Operativo en ELEAM 2025 (9) - Odontolog\u00eda\",\"isPartOf\":{\"@id\":\"https:\/\/medicina.udd.cl\/odontologia-santiago\/#website\"},\"datePublished\":\"2025-06-02T15:19:59+00:00\",\"breadcrumb\":{\"@id\":\"https:\/\/medicina.udd.cl\/odontologia-santiago\/files\/2025\/06\/odon-operativo-en-eleam-2025-9.jpeg#breadcrumb\"},\"inLanguage\":\"es\",\"potentialAction\":[{\"@type\":\"ReadAction\",\"target\":[\"https:\/\/medicina.udd.cl\/odontologia-santiago\/files\/2025\/06\/odon-operativo-en-eleam-2025-9.jpeg\"]}]},{\"@type\":\"BreadcrumbList\",\"@id\":\"https:\/\/medicina.udd.cl\/odontologia-santiago\/files\/2025\/06\/odon-operativo-en-eleam-2025-9.jpeg#breadcrumb\",\"itemListElement\":[{\"@type\":\"ListItem\",\"position\":1,\"name\":\"Home\",\"item\":\"https:\/\/medicina.udd.cl\/odontologia-santiago\/\"},{\"@type\":\"ListItem\",\"position\":2,\"name\":\"M\u00e1s de 200 personas mayores reciben atenci\u00f3n odontol\u00f3gica gracias a operativo en ELEAM\",\"item\":\"https:\/\/medicina.udd.cl\/odontologia-santiago\/noticias\/2025\/06\/02\/mas-de-200-personas-mayores-reciben-atencion-odontologica-gracias-a-operativo-en-eleam\/\"},{\"@type\":\"ListItem\",\"position\":3,\"name\":\"ODON &#8211; Operativo en ELEAM 2025 (9)\"}]},{\"@type\":\"WebSite\",\"@id\":\"https:\/\/medicina.udd.cl\/odontologia-santiago\/#website\",\"url\":\"https:\/\/medicina.udd.cl\/odontologia-santiago\/\",\"name\":\"Odontolog\u00eda\",\"description\":\"Facultad de Medicina Cl\u00ednica Alemana Universidad del Desarrollo\",\"inLanguage\":\"es\"}]}<\/script>\n<!-- \/ Yoast SEO plugin. -->","yoast_head_json":{"title":"ODON - Operativo en ELEAM 2025 (9) - Odontolog\u00eda","robots":{"index":"index","follow":"follow","max-snippet":"max-snippet:-1","max-image-preview":"max-image-preview:large","max-video-preview":"max-video-preview:-1"},"canonical":"https:\/\/medicina.udd.cl\/odontologia-santiago\/files\/2025\/06\/odon-operativo-en-eleam-2025-9.jpeg","og_locale":"es_ES","og_type":"article","og_title":"ODON - Operativo en ELEAM 2025 (9) - Odontolog\u00eda","og_url":"https:\/\/medicina.udd.cl\/odontologia-santiago\/files\/2025\/06\/odon-operativo-en-eleam-2025-9.jpeg","og_site_name":"Odontolog\u00eda","og_image":[{"url":"https:\/\/medicina.udd.cl\/odontologia-santiago\/files\/2025\/06\/odon-operativo-en-eleam-2025-9.jpeg","width":1,"height":1,"type":"image\/jpeg"}],"schema":{"@context":"https:\/\/schema.org","@graph":[{"@type":"WebPage","@id":"https:\/\/medicina.udd.cl\/odontologia-santiago\/files\/2025\/06\/odon-operativo-en-eleam-2025-9.jpeg","url":"https:\/\/medicina.udd.cl\/odontologia-santiago\/files\/2025\/06\/odon-operativo-en-eleam-2025-9.jpeg","name":"ODON - Operativo en ELEAM 2025 (9) - Odontolog\u00eda","isPartOf":{"@id":"https:\/\/medicina.udd.cl\/odontologia-santiago\/#website"},"datePublished":"2025-06-02T15:19:59+00:00","breadcrumb":{"@id":"https:\/\/medicina.udd.cl\/odontologia-santiago\/files\/2025\/06\/odon-operativo-en-eleam-2025-9.jpeg#breadcrumb"},"inLanguage":"es","potentialAction":[{"@type":"ReadAction","target":["https:\/\/medicina.udd.cl\/odontologia-santiago\/files\/2025\/06\/odon-operativo-en-eleam-2025-9.jpeg"]}]},{"@type":"BreadcrumbList","@id":"https:\/\/medicina.udd.cl\/odontologia-santiago\/files\/2025\/06\/odon-operativo-en-eleam-2025-9.jpeg#breadcrumb","itemListElement":[{"@type":"ListItem","position":1,"name":"Home","item":"https:\/\/medicina.udd.cl\/odontologia-santiago\/"},{"@type":"ListItem","position":2,"name":"M\u00e1s de 200 personas mayores reciben atenci\u00f3n odontol\u00f3gica gracias a operativo en ELEAM","item":"https:\/\/medicina.udd.cl\/odontologia-santiago\/noticias\/2025\/06\/02\/mas-de-200-personas-mayores-reciben-atencion-odontologica-gracias-a-operativo-en-eleam\/"},{"@type":"ListItem","position":3,"name":"ODON &#8211; Operativo en ELEAM 2025 (9)"}]},{"@type":"WebSite","@id":"https:\/\/medicina.udd.cl\/odontologia-santiago\/#website","url":"https:\/\/medicina.udd.cl\/odontologia-santiago\/","name":"Odontolog\u00eda","description":"Facultad de Medicina Cl\u00ednica Alemana Universidad del Desarrollo","inLanguage":"es"}]}},"description":{"rendered":"<p class=\"attachment\"><a href='https:\/\/medicina.udd.cl\/odontologia-santiago\/files\/2025\/06\/odon-operativo-en-eleam-2025-9.jpeg'><img loading=\"lazy\" decoding=\"async\" width=\"169\" height=\"300\" src=\"https:\/\/medicina.udd.cl\/odontologia-santiago\/files\/2025\/06\/odon-operativo-en-eleam-2025-9-169x300.jpeg\" class=\"attachment-medium size-medium\" alt=\"\" srcset=\"https:\/\/medicina.udd.cl\/odontologia-santiago\/files\/2025\/06\/odon-operativo-en-eleam-2025-9-169x300.jpeg 169w, https:\/\/medicina.udd.cl\/odontologia-santiago\/files\/2025\/06\/odon-operativo-en-eleam-2025-9-576x1024.jpeg 576w, https:\/\/medicina.udd.cl\/odontologia-santiago\/files\/2025\/06\/odon-operativo-en-eleam-2025-9-768x1366.jpeg 768w, https:\/\/medicina.udd.cl\/odontologia-santiago\/files\/2025\/06\/odon-operativo-en-eleam-2025-9-864x1536.jpeg 864w, https:\/\/medicina.udd.cl\/odontologia-santiago\/files\/2025\/06\/odon-operativo-en-eleam-2025-9.jpeg 899w\" sizes=\"auto, (max-width: 169px) 100vw, 169px\" \/><\/a><\/p>\n"},"caption":{"rendered":""},"alt_text":"","media_type":"image","mime_type":"image\/jpeg","media_details":{"width":899,"height":1599,"file":"2025\/06\/odon-operativo-en-eleam-2025-9.jpeg","filesize":190515,"sizes":{"medium":{"file":"odon-operativo-en-eleam-2025-9-169x300.jpeg","width":169,"height":300,"filesize":16166,"mime_type":"image\/jpeg","source_url":"https:\/\/medicina.udd.cl\/odontologia-santiago\/files\/2025\/06\/odon-operativo-en-eleam-2025-9-169x300.jpeg"},"large":{"file":"odon-operativo-en-eleam-2025-9-576x1024.jpeg","width":576,"height":1024,"filesize":114349,"mime_type":"image\/jpeg","source_url":"https:\/\/medicina.udd.cl\/odontologia-santiago\/files\/2025\/06\/odon-operativo-en-eleam-2025-9-576x1024.jpeg"},"thumbnail":{"file":"odon-operativo-en-eleam-2025-9-150x150.jpeg","width":150,"height":150,"filesize":7579,"mime_type":"image\/jpeg","source_url":"https:\/\/medicina.udd.cl\/odontologia-santiago\/files\/2025\/06\/odon-operativo-en-eleam-2025-9-150x150.jpeg"},"medium_large":{"file":"odon-operativo-en-eleam-2025-9-768x1366.jpeg","width":768,"height":1366,"filesize":178780,"mime_type":"image\/jpeg","source_url":"https:\/\/medicina.udd.cl\/odontologia-santiago\/files\/2025\/06\/odon-operativo-en-eleam-2025-9-768x1366.jpeg"},"newsletter_featured":{"file":"odon-operativo-en-eleam-2025-9-316x224.jpeg","width":316,"height":224,"filesize":17653,"mime_type":"image\/jpeg","source_url":"https:\/\/medicina.udd.cl\/odontologia-santiago\/files\/2025\/06\/odon-operativo-en-eleam-2025-9-316x224.jpeg"},"newsletter_first":{"file":"odon-operativo-en-eleam-2025-9-286x205.jpeg","width":286,"height":205,"filesize":15292,"mime_type":"image\/jpeg","source_url":"https:\/\/medicina.udd.cl\/odontologia-santiago\/files\/2025\/06\/odon-operativo-en-eleam-2025-9-286x205.jpeg"},"newsletter_thumb":{"file":"odon-operativo-en-eleam-2025-9-288x150.jpeg","width":288,"height":150,"filesize":11527,"mime_type":"image\/jpeg","source_url":"https:\/\/medicina.udd.cl\/odontologia-santiago\/files\/2025\/06\/odon-operativo-en-eleam-2025-9-288x150.jpeg"},"newsletter_column":{"file":"odon-operativo-en-eleam-2025-9-182x140.jpeg","width":182,"height":140,"filesize":8216,"mime_type":"image\/jpeg","source_url":"https:\/\/medicina.udd.cl\/odontologia-santiago\/files\/2025\/06\/odon-operativo-en-eleam-2025-9-182x140.jpeg"},"newsletter_square":{"file":"odon-operativo-en-eleam-2025-9-62x62.jpeg","width":62,"height":62,"filesize":1932,"mime_type":"image\/jpeg","source_url":"https:\/\/medicina.udd.cl\/odontologia-santiago\/files\/2025\/06\/odon-operativo-en-eleam-2025-9-62x62.jpeg"},"newsletter_square_large":{"file":"odon-operativo-en-eleam-2025-9-87x62.jpeg","width":87,"height":62,"filesize":2446,"mime_type":"image\/jpeg","source_url":"https:\/\/medicina.udd.cl\/odontologia-santiago\/files\/2025\/06\/odon-operativo-en-eleam-2025-9-87x62.jpeg"},"1536x1536":{"file":"odon-operativo-en-eleam-2025-9-864x1536.jpeg","width":864,"height":1536,"filesize":212959,"mime_type":"image\/jpeg","source_url":"https:\/\/medicina.udd.cl\/odontologia-santiago\/files\/2025\/06\/odon-operativo-en-eleam-2025-9-864x1536.jpeg"},"landscape_1920":{"file":"odon-operativo-en-eleam-2025-9-899x1080.jpeg","width":899,"height":1080,"filesize":157691,"mime_type":"image\/jpeg","source_url":"https:\/\/medicina.udd.cl\/odontologia-santiago\/files\/2025\/06\/odon-operativo-en-eleam-2025-9-899x1080.jpeg"},"landscape_1366":{"file":"odon-operativo-en-eleam-2025-9-899x768.jpeg","width":899,"height":768,"filesize":111020,"mime_type":"image\/jpeg","source_url":"https:\/\/medicina.udd.cl\/odontologia-santiago\/files\/2025\/06\/odon-operativo-en-eleam-2025-9-899x768.jpeg"},"landscape_952":{"file":"odon-operativo-en-eleam-2025-9-899x534.jpeg","width":899,"height":534,"filesize":81910,"mime_type":"image\/jpeg","source_url":"https:\/\/medicina.udd.cl\/odontologia-santiago\/files\/2025\/06\/odon-operativo-en-eleam-2025-9-899x534.jpeg"},"landscape_680":{"file":"odon-operativo-en-eleam-2025-9-680x382.jpeg","width":680,"height":382,"filesize":47299,"mime_type":"image\/jpeg","source_url":"https:\/\/medicina.udd.cl\/odontologia-santiago\/files\/2025\/06\/odon-operativo-en-eleam-2025-9-680x382.jpeg"},"square_750":{"file":"odon-operativo-en-eleam-2025-9-750x750.jpeg","width":750,"height":750,"filesize":94414,"mime_type":"image\/jpeg","source_url":"https:\/\/medicina.udd.cl\/odontologia-santiago\/files\/2025\/06\/odon-operativo-en-eleam-2025-9-750x750.jpeg"},"square_500":{"file":"odon-operativo-en-eleam-2025-9-500x500.jpeg","width":500,"height":500,"filesize":50891,"mime_type":"image\/jpeg","source_url":"https:\/\/medicina.udd.cl\/odontologia-santiago\/files\/2025\/06\/odon-operativo-en-eleam-2025-9-500x500.jpeg"},"square_200":{"file":"odon-operativo-en-eleam-2025-9-250x250.jpeg","width":250,"height":250,"filesize":17051,"mime_type":"image\/jpeg","source_url":"https:\/\/medicina.udd.cl\/odontologia-santiago\/files\/2025\/06\/odon-operativo-en-eleam-2025-9-250x250.jpeg"},"post-thumbnail":{"file":"odon-operativo-en-eleam-2025-9-899x534.jpeg","width":899,"height":534,"filesize":81910,"mime_type":"image\/jpeg","source_url":"https:\/\/medicina.udd.cl\/odontologia-santiago\/files\/2025\/06\/odon-operativo-en-eleam-2025-9-899x534.jpeg"},"custom_content":{"file":"odon-operativo-en-eleam-2025-9-126x126.jpeg","width":126,"height":126,"filesize":5663,"mime_type":"image\/jpeg","source_url":"https:\/\/medicina.udd.cl\/odontologia-santiago\/files\/2025\/06\/odon-operativo-en-eleam-2025-9-126x126.jpeg"},"full":{"file":"odon-operativo-en-eleam-2025-9.jpeg","width":899,"height":1599,"mime_type":"image\/jpeg","source_url":"https:\/\/medicina.udd.cl\/odontologia-santiago\/files\/2025\/06\/odon-operativo-en-eleam-2025-9.jpeg"}},"image_meta":{"aperture":"0","credit":"","camera":"","caption":"","created_timestamp":"0","copyright":"","focal_length":"0","iso":"0","shutter_speed":"0","title":"","orientation":"0","keywords":[]}},"post":8810,"source_url":"https:\/\/medicina.udd.cl\/odontologia-santiago\/files\/2025\/06\/odon-operativo-en-eleam-2025-9.jpeg","_links":{"self":[{"href":"https:\/\/medicina.udd.cl\/odontologia-santiago\/wp-json\/wp\/v2\/media\/8819","targetHints":{"allow":["GET"]}}],"collection":[{"href":"https:\/\/medicina.udd.cl\/odontologia-santiago\/wp-json\/wp\/v2\/media"}],"about":[{"href":"https:\/\/medicina.udd.cl\/odontologia-santiago\/wp-json\/wp\/v2\/types\/attachment"}],"author":[{"embeddable":true,"href":"https:\/\/medicina.udd.cl\/odontologia-santiago\/wp-json\/wp\/v2\/users\/9192219"}],"replies":[{"embeddable":true,"href":"https:\/\/medicina.udd.cl\/odontologia-santiago\/wp-json\/wp\/v2\/comments?post=8819"}],"wp:attached-to":[{"embeddable":true,"post_type":"post","id":8810,"href":"https:\/\/medicina.udd.cl\/odontologia-santiago\/wp-json\/wp\/v2\/posts\/8810"}],"curies":[{"name":"wp","href":"https:\/\/api.w.org\/{rel}","templated":true}]}}