{"id":8889,"date":"2025-07-18T10:47:02","date_gmt":"2025-07-18T14:47:02","guid":{"rendered":"https:\/\/medicina.udd.cl\/odontologia-santiago\/files\/2025\/07\/odon-dra-maria-ignacia-vallejo-en-iadr-4.jpg"},"modified":"2025-07-18T10:47:02","modified_gmt":"2025-07-18T14:47:02","slug":"odon-dra-maria-ignacia-vallejo-en-iadr-4","status":"inherit","type":"attachment","link":"https:\/\/medicina.udd.cl\/odontologia-santiago\/noticias\/2025\/07\/18\/representacion-udd-en-congresos-internacionales-de-odontologia-destacada-participacion-en-iadr-y-orca\/odon-dra-maria-ignacia-vallejo-en-iadr-4\/","title":{"rendered":"ODON &#8211; Dra. Mar\u00eda Ignacia Vallejo en IADR (4)"},"author":9192219,"featured_media":0,"comment_status":"","ping_status":"closed","template":"","meta":[],"class_list":["post-8889","attachment","type-attachment","status-inherit","hentry"],"yoast_head":"<!-- This site is optimized with the Yoast SEO plugin v26.9 - https:\/\/yoast.com\/product\/yoast-seo-wordpress\/ -->\n<title>ODON - Dra. Mar\u00eda Ignacia Vallejo en IADR (4) - Odontolog\u00eda<\/title>\n<meta name=\"robots\" content=\"index, follow, max-snippet:-1, max-image-preview:large, max-video-preview:-1\" \/>\n<link rel=\"canonical\" href=\"https:\/\/medicina.udd.cl\/odontologia-santiago\/files\/2025\/07\/odon-dra-maria-ignacia-vallejo-en-iadr-4.jpg\" \/>\n<meta property=\"og:locale\" content=\"es_ES\" \/>\n<meta property=\"og:type\" content=\"article\" \/>\n<meta property=\"og:title\" content=\"ODON - Dra. Mar\u00eda Ignacia Vallejo en IADR (4) - Odontolog\u00eda\" \/>\n<meta property=\"og:url\" content=\"https:\/\/medicina.udd.cl\/odontologia-santiago\/files\/2025\/07\/odon-dra-maria-ignacia-vallejo-en-iadr-4.jpg\" \/>\n<meta property=\"og:site_name\" content=\"Odontolog\u00eda\" \/>\n<meta property=\"og:image\" content=\"https:\/\/medicina.udd.cl\/odontologia-santiago\/files\/2025\/07\/odon-dra-maria-ignacia-vallejo-en-iadr-4.jpg\" \/>\n\t<meta property=\"og:image:width\" content=\"1\" \/>\n\t<meta property=\"og:image:height\" content=\"1\" \/>\n\t<meta property=\"og:image:type\" content=\"image\/jpeg\" \/>\n<script type=\"application\/ld+json\" class=\"yoast-schema-graph\">{\"@context\":\"https:\/\/schema.org\",\"@graph\":[{\"@type\":\"WebPage\",\"@id\":\"https:\/\/medicina.udd.cl\/odontologia-santiago\/files\/2025\/07\/odon-dra-maria-ignacia-vallejo-en-iadr-4.jpg\",\"url\":\"https:\/\/medicina.udd.cl\/odontologia-santiago\/files\/2025\/07\/odon-dra-maria-ignacia-vallejo-en-iadr-4.jpg\",\"name\":\"ODON - Dra. Mar\u00eda Ignacia Vallejo en IADR (4) - Odontolog\u00eda\",\"isPartOf\":{\"@id\":\"https:\/\/medicina.udd.cl\/odontologia-santiago\/#website\"},\"datePublished\":\"2025-07-18T14:47:02+00:00\",\"breadcrumb\":{\"@id\":\"https:\/\/medicina.udd.cl\/odontologia-santiago\/files\/2025\/07\/odon-dra-maria-ignacia-vallejo-en-iadr-4.jpg#breadcrumb\"},\"inLanguage\":\"es\",\"potentialAction\":[{\"@type\":\"ReadAction\",\"target\":[\"https:\/\/medicina.udd.cl\/odontologia-santiago\/files\/2025\/07\/odon-dra-maria-ignacia-vallejo-en-iadr-4.jpg\"]}]},{\"@type\":\"BreadcrumbList\",\"@id\":\"https:\/\/medicina.udd.cl\/odontologia-santiago\/files\/2025\/07\/odon-dra-maria-ignacia-vallejo-en-iadr-4.jpg#breadcrumb\",\"itemListElement\":[{\"@type\":\"ListItem\",\"position\":1,\"name\":\"Home\",\"item\":\"https:\/\/medicina.udd.cl\/odontologia-santiago\/\"},{\"@type\":\"ListItem\",\"position\":2,\"name\":\"Representaci\u00f3n UDD en congresos internacionales de odontolog\u00eda: destacada participaci\u00f3n en IADR y ORCA\",\"item\":\"https:\/\/medicina.udd.cl\/odontologia-santiago\/noticias\/2025\/07\/18\/representacion-udd-en-congresos-internacionales-de-odontologia-destacada-participacion-en-iadr-y-orca\/\"},{\"@type\":\"ListItem\",\"position\":3,\"name\":\"ODON &#8211; Dra. Mar\u00eda Ignacia Vallejo en IADR (4)\"}]},{\"@type\":\"WebSite\",\"@id\":\"https:\/\/medicina.udd.cl\/odontologia-santiago\/#website\",\"url\":\"https:\/\/medicina.udd.cl\/odontologia-santiago\/\",\"name\":\"Odontolog\u00eda\",\"description\":\"Facultad de Medicina Cl\u00ednica Alemana Universidad del Desarrollo\",\"inLanguage\":\"es\"}]}<\/script>\n<!-- \/ Yoast SEO plugin. -->","yoast_head_json":{"title":"ODON - Dra. Mar\u00eda Ignacia Vallejo en IADR (4) - Odontolog\u00eda","robots":{"index":"index","follow":"follow","max-snippet":"max-snippet:-1","max-image-preview":"max-image-preview:large","max-video-preview":"max-video-preview:-1"},"canonical":"https:\/\/medicina.udd.cl\/odontologia-santiago\/files\/2025\/07\/odon-dra-maria-ignacia-vallejo-en-iadr-4.jpg","og_locale":"es_ES","og_type":"article","og_title":"ODON - Dra. Mar\u00eda Ignacia Vallejo en IADR (4) - Odontolog\u00eda","og_url":"https:\/\/medicina.udd.cl\/odontologia-santiago\/files\/2025\/07\/odon-dra-maria-ignacia-vallejo-en-iadr-4.jpg","og_site_name":"Odontolog\u00eda","og_image":[{"url":"https:\/\/medicina.udd.cl\/odontologia-santiago\/files\/2025\/07\/odon-dra-maria-ignacia-vallejo-en-iadr-4.jpg","width":1,"height":1,"type":"image\/jpeg"}],"schema":{"@context":"https:\/\/schema.org","@graph":[{"@type":"WebPage","@id":"https:\/\/medicina.udd.cl\/odontologia-santiago\/files\/2025\/07\/odon-dra-maria-ignacia-vallejo-en-iadr-4.jpg","url":"https:\/\/medicina.udd.cl\/odontologia-santiago\/files\/2025\/07\/odon-dra-maria-ignacia-vallejo-en-iadr-4.jpg","name":"ODON - Dra. Mar\u00eda Ignacia Vallejo en IADR (4) - Odontolog\u00eda","isPartOf":{"@id":"https:\/\/medicina.udd.cl\/odontologia-santiago\/#website"},"datePublished":"2025-07-18T14:47:02+00:00","breadcrumb":{"@id":"https:\/\/medicina.udd.cl\/odontologia-santiago\/files\/2025\/07\/odon-dra-maria-ignacia-vallejo-en-iadr-4.jpg#breadcrumb"},"inLanguage":"es","potentialAction":[{"@type":"ReadAction","target":["https:\/\/medicina.udd.cl\/odontologia-santiago\/files\/2025\/07\/odon-dra-maria-ignacia-vallejo-en-iadr-4.jpg"]}]},{"@type":"BreadcrumbList","@id":"https:\/\/medicina.udd.cl\/odontologia-santiago\/files\/2025\/07\/odon-dra-maria-ignacia-vallejo-en-iadr-4.jpg#breadcrumb","itemListElement":[{"@type":"ListItem","position":1,"name":"Home","item":"https:\/\/medicina.udd.cl\/odontologia-santiago\/"},{"@type":"ListItem","position":2,"name":"Representaci\u00f3n UDD en congresos internacionales de odontolog\u00eda: destacada participaci\u00f3n en IADR y ORCA","item":"https:\/\/medicina.udd.cl\/odontologia-santiago\/noticias\/2025\/07\/18\/representacion-udd-en-congresos-internacionales-de-odontologia-destacada-participacion-en-iadr-y-orca\/"},{"@type":"ListItem","position":3,"name":"ODON &#8211; Dra. Mar\u00eda Ignacia Vallejo en IADR (4)"}]},{"@type":"WebSite","@id":"https:\/\/medicina.udd.cl\/odontologia-santiago\/#website","url":"https:\/\/medicina.udd.cl\/odontologia-santiago\/","name":"Odontolog\u00eda","description":"Facultad de Medicina Cl\u00ednica Alemana Universidad del Desarrollo","inLanguage":"es"}]}},"description":{"rendered":"<p class=\"attachment\"><a href='https:\/\/medicina.udd.cl\/odontologia-santiago\/files\/2025\/07\/odon-dra-maria-ignacia-vallejo-en-iadr-4.jpg'><img loading=\"lazy\" decoding=\"async\" width=\"300\" height=\"225\" src=\"https:\/\/medicina.udd.cl\/odontologia-santiago\/files\/2025\/07\/odon-dra-maria-ignacia-vallejo-en-iadr-4-300x225.jpg\" class=\"attachment-medium size-medium\" alt=\"\" srcset=\"https:\/\/medicina.udd.cl\/odontologia-santiago\/files\/2025\/07\/odon-dra-maria-ignacia-vallejo-en-iadr-4-300x225.jpg 300w, https:\/\/medicina.udd.cl\/odontologia-santiago\/files\/2025\/07\/odon-dra-maria-ignacia-vallejo-en-iadr-4-1024x768.jpg 1024w, https:\/\/medicina.udd.cl\/odontologia-santiago\/files\/2025\/07\/odon-dra-maria-ignacia-vallejo-en-iadr-4-768x576.jpg 768w, https:\/\/medicina.udd.cl\/odontologia-santiago\/files\/2025\/07\/odon-dra-maria-ignacia-vallejo-en-iadr-4.jpg 1310w\" sizes=\"auto, (max-width: 300px) 100vw, 300px\" \/><\/a><\/p>\n"},"caption":{"rendered":""},"alt_text":"","media_type":"image","mime_type":"image\/jpeg","media_details":{"width":1310,"height":983,"file":"2025\/07\/odon-dra-maria-ignacia-vallejo-en-iadr-4.jpg","filesize":334413,"sizes":{"medium":{"file":"odon-dra-maria-ignacia-vallejo-en-iadr-4-300x225.jpg","width":300,"height":225,"filesize":16672,"mime_type":"image\/jpeg","source_url":"https:\/\/medicina.udd.cl\/odontologia-santiago\/files\/2025\/07\/odon-dra-maria-ignacia-vallejo-en-iadr-4-300x225.jpg"},"large":{"file":"odon-dra-maria-ignacia-vallejo-en-iadr-4-1024x768.jpg","width":1024,"height":768,"filesize":113696,"mime_type":"image\/jpeg","source_url":"https:\/\/medicina.udd.cl\/odontologia-santiago\/files\/2025\/07\/odon-dra-maria-ignacia-vallejo-en-iadr-4-1024x768.jpg"},"thumbnail":{"file":"odon-dra-maria-ignacia-vallejo-en-iadr-4-150x150.jpg","width":150,"height":150,"filesize":6836,"mime_type":"image\/jpeg","source_url":"https:\/\/medicina.udd.cl\/odontologia-santiago\/files\/2025\/07\/odon-dra-maria-ignacia-vallejo-en-iadr-4-150x150.jpg"},"medium_large":{"file":"odon-dra-maria-ignacia-vallejo-en-iadr-4-768x576.jpg","width":768,"height":576,"filesize":72525,"mime_type":"image\/jpeg","source_url":"https:\/\/medicina.udd.cl\/odontologia-santiago\/files\/2025\/07\/odon-dra-maria-ignacia-vallejo-en-iadr-4-768x576.jpg"},"newsletter_featured":{"file":"odon-dra-maria-ignacia-vallejo-en-iadr-4-316x224.jpg","width":316,"height":224,"filesize":17313,"mime_type":"image\/jpeg","source_url":"https:\/\/medicina.udd.cl\/odontologia-santiago\/files\/2025\/07\/odon-dra-maria-ignacia-vallejo-en-iadr-4-316x224.jpg"},"newsletter_first":{"file":"odon-dra-maria-ignacia-vallejo-en-iadr-4-286x205.jpg","width":286,"height":205,"filesize":14727,"mime_type":"image\/jpeg","source_url":"https:\/\/medicina.udd.cl\/odontologia-santiago\/files\/2025\/07\/odon-dra-maria-ignacia-vallejo-en-iadr-4-286x205.jpg"},"newsletter_thumb":{"file":"odon-dra-maria-ignacia-vallejo-en-iadr-4-288x150.jpg","width":288,"height":150,"filesize":12073,"mime_type":"image\/jpeg","source_url":"https:\/\/medicina.udd.cl\/odontologia-santiago\/files\/2025\/07\/odon-dra-maria-ignacia-vallejo-en-iadr-4-288x150.jpg"},"newsletter_column":{"file":"odon-dra-maria-ignacia-vallejo-en-iadr-4-182x140.jpg","width":182,"height":140,"filesize":7768,"mime_type":"image\/jpeg","source_url":"https:\/\/medicina.udd.cl\/odontologia-santiago\/files\/2025\/07\/odon-dra-maria-ignacia-vallejo-en-iadr-4-182x140.jpg"},"newsletter_square":{"file":"odon-dra-maria-ignacia-vallejo-en-iadr-4-62x62.jpg","width":62,"height":62,"filesize":1894,"mime_type":"image\/jpeg","source_url":"https:\/\/medicina.udd.cl\/odontologia-santiago\/files\/2025\/07\/odon-dra-maria-ignacia-vallejo-en-iadr-4-62x62.jpg"},"newsletter_square_large":{"file":"odon-dra-maria-ignacia-vallejo-en-iadr-4-87x62.jpg","width":87,"height":62,"filesize":2519,"mime_type":"image\/jpeg","source_url":"https:\/\/medicina.udd.cl\/odontologia-santiago\/files\/2025\/07\/odon-dra-maria-ignacia-vallejo-en-iadr-4-87x62.jpg"},"landscape_1366":{"file":"odon-dra-maria-ignacia-vallejo-en-iadr-4-1310x768.jpg","width":1310,"height":768,"filesize":142318,"mime_type":"image\/jpeg","source_url":"https:\/\/medicina.udd.cl\/odontologia-santiago\/files\/2025\/07\/odon-dra-maria-ignacia-vallejo-en-iadr-4-1310x768.jpg"},"landscape_952":{"file":"odon-dra-maria-ignacia-vallejo-en-iadr-4-952x534.jpg","width":952,"height":534,"filesize":79502,"mime_type":"image\/jpeg","source_url":"https:\/\/medicina.udd.cl\/odontologia-santiago\/files\/2025\/07\/odon-dra-maria-ignacia-vallejo-en-iadr-4-952x534.jpg"},"landscape_680":{"file":"odon-dra-maria-ignacia-vallejo-en-iadr-4-680x382.jpg","width":680,"height":382,"filesize":47163,"mime_type":"image\/jpeg","source_url":"https:\/\/medicina.udd.cl\/odontologia-santiago\/files\/2025\/07\/odon-dra-maria-ignacia-vallejo-en-iadr-4-680x382.jpg"},"square_750":{"file":"odon-dra-maria-ignacia-vallejo-en-iadr-4-750x750.jpg","width":750,"height":750,"filesize":82238,"mime_type":"image\/jpeg","source_url":"https:\/\/medicina.udd.cl\/odontologia-santiago\/files\/2025\/07\/odon-dra-maria-ignacia-vallejo-en-iadr-4-750x750.jpg"},"square_500":{"file":"odon-dra-maria-ignacia-vallejo-en-iadr-4-500x500.jpg","width":500,"height":500,"filesize":44248,"mime_type":"image\/jpeg","source_url":"https:\/\/medicina.udd.cl\/odontologia-santiago\/files\/2025\/07\/odon-dra-maria-ignacia-vallejo-en-iadr-4-500x500.jpg"},"square_200":{"file":"odon-dra-maria-ignacia-vallejo-en-iadr-4-250x250.jpg","width":250,"height":250,"filesize":15254,"mime_type":"image\/jpeg","source_url":"https:\/\/medicina.udd.cl\/odontologia-santiago\/files\/2025\/07\/odon-dra-maria-ignacia-vallejo-en-iadr-4-250x250.jpg"},"post-thumbnail":{"file":"odon-dra-maria-ignacia-vallejo-en-iadr-4-952x534.jpg","width":952,"height":534,"filesize":79502,"mime_type":"image\/jpeg","source_url":"https:\/\/medicina.udd.cl\/odontologia-santiago\/files\/2025\/07\/odon-dra-maria-ignacia-vallejo-en-iadr-4-952x534.jpg"},"custom_content":{"file":"odon-dra-maria-ignacia-vallejo-en-iadr-4-126x126.jpg","width":126,"height":126,"filesize":5197,"mime_type":"image\/jpeg","source_url":"https:\/\/medicina.udd.cl\/odontologia-santiago\/files\/2025\/07\/odon-dra-maria-ignacia-vallejo-en-iadr-4-126x126.jpg"},"full":{"file":"odon-dra-maria-ignacia-vallejo-en-iadr-4.jpg","width":1310,"height":983,"mime_type":"image\/jpeg","source_url":"https:\/\/medicina.udd.cl\/odontologia-santiago\/files\/2025\/07\/odon-dra-maria-ignacia-vallejo-en-iadr-4.jpg"}},"image_meta":{"aperture":"0","credit":"","camera":"","caption":"","created_timestamp":"0","copyright":"","focal_length":"0","iso":"0","shutter_speed":"0","title":"","orientation":"1","keywords":[]}},"post":8885,"source_url":"https:\/\/medicina.udd.cl\/odontologia-santiago\/files\/2025\/07\/odon-dra-maria-ignacia-vallejo-en-iadr-4.jpg","_links":{"self":[{"href":"https:\/\/medicina.udd.cl\/odontologia-santiago\/wp-json\/wp\/v2\/media\/8889","targetHints":{"allow":["GET"]}}],"collection":[{"href":"https:\/\/medicina.udd.cl\/odontologia-santiago\/wp-json\/wp\/v2\/media"}],"about":[{"href":"https:\/\/medicina.udd.cl\/odontologia-santiago\/wp-json\/wp\/v2\/types\/attachment"}],"author":[{"embeddable":true,"href":"https:\/\/medicina.udd.cl\/odontologia-santiago\/wp-json\/wp\/v2\/users\/9192219"}],"replies":[{"embeddable":true,"href":"https:\/\/medicina.udd.cl\/odontologia-santiago\/wp-json\/wp\/v2\/comments?post=8889"}],"wp:attached-to":[{"embeddable":true,"post_type":"post","id":8885,"href":"https:\/\/medicina.udd.cl\/odontologia-santiago\/wp-json\/wp\/v2\/posts\/8885"}],"curies":[{"name":"wp","href":"https:\/\/api.w.org\/{rel}","templated":true}]}}