{"id":9141,"date":"2025-12-02T16:45:31","date_gmt":"2025-12-02T19:45:31","guid":{"rendered":"https:\/\/medicina.udd.cl\/odontologia-santiago\/files\/2025\/12\/odon-operativo-de-cuidado-y-compania-en-penalolen-3.jpeg"},"modified":"2025-12-02T16:45:31","modified_gmt":"2025-12-02T19:45:31","slug":"odon-operativo-de-cuidado-y-compania-en-penalolen-3","status":"inherit","type":"attachment","link":"https:\/\/medicina.udd.cl\/odontologia-santiago\/noticias\/2025\/12\/02\/odontologia-realiza-exitoso-operativo-de-cuidado-y-compania-en-penalolen\/odon-operativo-de-cuidado-y-compania-en-penalolen-3\/","title":{"rendered":"ODON &#8211; Operativo de cuidado y compa\u00f1\u00eda en Pe\u00f1alol\u00e9n (3)"},"author":9192219,"featured_media":0,"comment_status":"","ping_status":"closed","template":"","meta":[],"class_list":["post-9141","attachment","type-attachment","status-inherit","hentry"],"yoast_head":"<!-- This site is optimized with the Yoast SEO plugin v26.9 - https:\/\/yoast.com\/product\/yoast-seo-wordpress\/ -->\n<title>ODON - Operativo de cuidado y compa\u00f1\u00eda en Pe\u00f1alol\u00e9n (3) - Odontolog\u00eda<\/title>\n<meta name=\"robots\" content=\"index, follow, max-snippet:-1, max-image-preview:large, max-video-preview:-1\" \/>\n<link rel=\"canonical\" href=\"https:\/\/medicina.udd.cl\/odontologia-santiago\/files\/2025\/12\/odon-operativo-de-cuidado-y-compania-en-penalolen-3-scaled.jpeg\" \/>\n<meta property=\"og:locale\" content=\"es_ES\" \/>\n<meta property=\"og:type\" content=\"article\" \/>\n<meta property=\"og:title\" content=\"ODON - Operativo de cuidado y compa\u00f1\u00eda en Pe\u00f1alol\u00e9n (3) - Odontolog\u00eda\" \/>\n<meta property=\"og:url\" content=\"https:\/\/medicina.udd.cl\/odontologia-santiago\/files\/2025\/12\/odon-operativo-de-cuidado-y-compania-en-penalolen-3-scaled.jpeg\" \/>\n<meta property=\"og:site_name\" content=\"Odontolog\u00eda\" \/>\n<meta property=\"og:image\" content=\"https:\/\/medicina.udd.cl\/odontologia-santiago\/files\/2025\/12\/odon-operativo-de-cuidado-y-compania-en-penalolen-3.jpeg\" \/>\n\t<meta property=\"og:image:width\" content=\"1\" \/>\n\t<meta property=\"og:image:height\" content=\"1\" \/>\n\t<meta property=\"og:image:type\" content=\"image\/jpeg\" \/>\n<script type=\"application\/ld+json\" class=\"yoast-schema-graph\">{\"@context\":\"https:\/\/schema.org\",\"@graph\":[{\"@type\":\"WebPage\",\"@id\":\"https:\/\/medicina.udd.cl\/odontologia-santiago\/files\/2025\/12\/odon-operativo-de-cuidado-y-compania-en-penalolen-3-scaled.jpeg\",\"url\":\"https:\/\/medicina.udd.cl\/odontologia-santiago\/files\/2025\/12\/odon-operativo-de-cuidado-y-compania-en-penalolen-3-scaled.jpeg\",\"name\":\"ODON - Operativo de cuidado y compa\u00f1\u00eda en Pe\u00f1alol\u00e9n (3) - Odontolog\u00eda\",\"isPartOf\":{\"@id\":\"https:\/\/medicina.udd.cl\/odontologia-santiago\/#website\"},\"datePublished\":\"2025-12-02T19:45:31+00:00\",\"breadcrumb\":{\"@id\":\"https:\/\/medicina.udd.cl\/odontologia-santiago\/files\/2025\/12\/odon-operativo-de-cuidado-y-compania-en-penalolen-3-scaled.jpeg#breadcrumb\"},\"inLanguage\":\"es\",\"potentialAction\":[{\"@type\":\"ReadAction\",\"target\":[\"https:\/\/medicina.udd.cl\/odontologia-santiago\/files\/2025\/12\/odon-operativo-de-cuidado-y-compania-en-penalolen-3-scaled.jpeg\"]}]},{\"@type\":\"BreadcrumbList\",\"@id\":\"https:\/\/medicina.udd.cl\/odontologia-santiago\/files\/2025\/12\/odon-operativo-de-cuidado-y-compania-en-penalolen-3-scaled.jpeg#breadcrumb\",\"itemListElement\":[{\"@type\":\"ListItem\",\"position\":1,\"name\":\"Home\",\"item\":\"https:\/\/medicina.udd.cl\/odontologia-santiago\/\"},{\"@type\":\"ListItem\",\"position\":2,\"name\":\"Odontolog\u00eda realiza exitoso operativo de cuidado y compa\u00f1\u00eda en Pe\u00f1alol\u00e9n\",\"item\":\"https:\/\/medicina.udd.cl\/odontologia-santiago\/noticias\/2025\/12\/02\/odontologia-realiza-exitoso-operativo-de-cuidado-y-compania-en-penalolen\/\"},{\"@type\":\"ListItem\",\"position\":3,\"name\":\"ODON &#8211; Operativo de cuidado y compa\u00f1\u00eda en Pe\u00f1alol\u00e9n (3)\"}]},{\"@type\":\"WebSite\",\"@id\":\"https:\/\/medicina.udd.cl\/odontologia-santiago\/#website\",\"url\":\"https:\/\/medicina.udd.cl\/odontologia-santiago\/\",\"name\":\"Odontolog\u00eda\",\"description\":\"Facultad de Medicina Cl\u00ednica Alemana Universidad del Desarrollo\",\"inLanguage\":\"es\"}]}<\/script>\n<!-- \/ Yoast SEO plugin. -->","yoast_head_json":{"title":"ODON - Operativo de cuidado y compa\u00f1\u00eda en Pe\u00f1alol\u00e9n (3) - Odontolog\u00eda","robots":{"index":"index","follow":"follow","max-snippet":"max-snippet:-1","max-image-preview":"max-image-preview:large","max-video-preview":"max-video-preview:-1"},"canonical":"https:\/\/medicina.udd.cl\/odontologia-santiago\/files\/2025\/12\/odon-operativo-de-cuidado-y-compania-en-penalolen-3-scaled.jpeg","og_locale":"es_ES","og_type":"article","og_title":"ODON - Operativo de cuidado y compa\u00f1\u00eda en Pe\u00f1alol\u00e9n (3) - Odontolog\u00eda","og_url":"https:\/\/medicina.udd.cl\/odontologia-santiago\/files\/2025\/12\/odon-operativo-de-cuidado-y-compania-en-penalolen-3-scaled.jpeg","og_site_name":"Odontolog\u00eda","og_image":[{"url":"https:\/\/medicina.udd.cl\/odontologia-santiago\/files\/2025\/12\/odon-operativo-de-cuidado-y-compania-en-penalolen-3.jpeg","width":1,"height":1,"type":"image\/jpeg"}],"schema":{"@context":"https:\/\/schema.org","@graph":[{"@type":"WebPage","@id":"https:\/\/medicina.udd.cl\/odontologia-santiago\/files\/2025\/12\/odon-operativo-de-cuidado-y-compania-en-penalolen-3-scaled.jpeg","url":"https:\/\/medicina.udd.cl\/odontologia-santiago\/files\/2025\/12\/odon-operativo-de-cuidado-y-compania-en-penalolen-3-scaled.jpeg","name":"ODON - Operativo de cuidado y compa\u00f1\u00eda en Pe\u00f1alol\u00e9n (3) - Odontolog\u00eda","isPartOf":{"@id":"https:\/\/medicina.udd.cl\/odontologia-santiago\/#website"},"datePublished":"2025-12-02T19:45:31+00:00","breadcrumb":{"@id":"https:\/\/medicina.udd.cl\/odontologia-santiago\/files\/2025\/12\/odon-operativo-de-cuidado-y-compania-en-penalolen-3-scaled.jpeg#breadcrumb"},"inLanguage":"es","potentialAction":[{"@type":"ReadAction","target":["https:\/\/medicina.udd.cl\/odontologia-santiago\/files\/2025\/12\/odon-operativo-de-cuidado-y-compania-en-penalolen-3-scaled.jpeg"]}]},{"@type":"BreadcrumbList","@id":"https:\/\/medicina.udd.cl\/odontologia-santiago\/files\/2025\/12\/odon-operativo-de-cuidado-y-compania-en-penalolen-3-scaled.jpeg#breadcrumb","itemListElement":[{"@type":"ListItem","position":1,"name":"Home","item":"https:\/\/medicina.udd.cl\/odontologia-santiago\/"},{"@type":"ListItem","position":2,"name":"Odontolog\u00eda realiza exitoso operativo de cuidado y compa\u00f1\u00eda en Pe\u00f1alol\u00e9n","item":"https:\/\/medicina.udd.cl\/odontologia-santiago\/noticias\/2025\/12\/02\/odontologia-realiza-exitoso-operativo-de-cuidado-y-compania-en-penalolen\/"},{"@type":"ListItem","position":3,"name":"ODON &#8211; Operativo de cuidado y compa\u00f1\u00eda en Pe\u00f1alol\u00e9n (3)"}]},{"@type":"WebSite","@id":"https:\/\/medicina.udd.cl\/odontologia-santiago\/#website","url":"https:\/\/medicina.udd.cl\/odontologia-santiago\/","name":"Odontolog\u00eda","description":"Facultad de Medicina Cl\u00ednica Alemana Universidad del Desarrollo","inLanguage":"es"}]}},"description":{"rendered":"<p class=\"attachment\"><a href='https:\/\/medicina.udd.cl\/odontologia-santiago\/files\/2025\/12\/odon-operativo-de-cuidado-y-compania-en-penalolen-3-scaled.jpeg'><img loading=\"lazy\" decoding=\"async\" width=\"300\" height=\"225\" src=\"https:\/\/medicina.udd.cl\/odontologia-santiago\/files\/2025\/12\/odon-operativo-de-cuidado-y-compania-en-penalolen-3-300x225.jpeg\" class=\"attachment-medium size-medium\" alt=\"\" srcset=\"https:\/\/medicina.udd.cl\/odontologia-santiago\/files\/2025\/12\/odon-operativo-de-cuidado-y-compania-en-penalolen-3-300x225.jpeg 300w, https:\/\/medicina.udd.cl\/odontologia-santiago\/files\/2025\/12\/odon-operativo-de-cuidado-y-compania-en-penalolen-3-1024x768.jpeg 1024w, https:\/\/medicina.udd.cl\/odontologia-santiago\/files\/2025\/12\/odon-operativo-de-cuidado-y-compania-en-penalolen-3-768x576.jpeg 768w, https:\/\/medicina.udd.cl\/odontologia-santiago\/files\/2025\/12\/odon-operativo-de-cuidado-y-compania-en-penalolen-3-1536x1152.jpeg 1536w, https:\/\/medicina.udd.cl\/odontologia-santiago\/files\/2025\/12\/odon-operativo-de-cuidado-y-compania-en-penalolen-3-2048x1536.jpeg 2048w\" sizes=\"auto, (max-width: 300px) 100vw, 300px\" \/><\/a><\/p>\n"},"caption":{"rendered":""},"alt_text":"","media_type":"image","mime_type":"image\/jpeg","media_details":{"width":2560,"height":1920,"file":"2025\/12\/odon-operativo-de-cuidado-y-compania-en-penalolen-3-scaled.jpeg","filesize":1160506,"sizes":{"medium":{"file":"odon-operativo-de-cuidado-y-compania-en-penalolen-3-300x225.jpeg","width":300,"height":225,"filesize":20635,"mime_type":"image\/jpeg","source_url":"https:\/\/medicina.udd.cl\/odontologia-santiago\/files\/2025\/12\/odon-operativo-de-cuidado-y-compania-en-penalolen-3-300x225.jpeg"},"large":{"file":"odon-operativo-de-cuidado-y-compania-en-penalolen-3-1024x768.jpeg","width":1024,"height":768,"filesize":204366,"mime_type":"image\/jpeg","source_url":"https:\/\/medicina.udd.cl\/odontologia-santiago\/files\/2025\/12\/odon-operativo-de-cuidado-y-compania-en-penalolen-3-1024x768.jpeg"},"thumbnail":{"file":"odon-operativo-de-cuidado-y-compania-en-penalolen-3-150x150.jpeg","width":150,"height":150,"filesize":7912,"mime_type":"image\/jpeg","source_url":"https:\/\/medicina.udd.cl\/odontologia-santiago\/files\/2025\/12\/odon-operativo-de-cuidado-y-compania-en-penalolen-3-150x150.jpeg"},"medium_large":{"file":"odon-operativo-de-cuidado-y-compania-en-penalolen-3-768x576.jpeg","width":768,"height":576,"filesize":117222,"mime_type":"image\/jpeg","source_url":"https:\/\/medicina.udd.cl\/odontologia-santiago\/files\/2025\/12\/odon-operativo-de-cuidado-y-compania-en-penalolen-3-768x576.jpeg"},"newsletter_featured":{"file":"odon-operativo-de-cuidado-y-compania-en-penalolen-3-316x224.jpeg","width":316,"height":224,"filesize":21595,"mime_type":"image\/jpeg","source_url":"https:\/\/medicina.udd.cl\/odontologia-santiago\/files\/2025\/12\/odon-operativo-de-cuidado-y-compania-en-penalolen-3-316x224.jpeg"},"newsletter_first":{"file":"odon-operativo-de-cuidado-y-compania-en-penalolen-3-286x205.jpeg","width":286,"height":205,"filesize":18250,"mime_type":"image\/jpeg","source_url":"https:\/\/medicina.udd.cl\/odontologia-santiago\/files\/2025\/12\/odon-operativo-de-cuidado-y-compania-en-penalolen-3-286x205.jpeg"},"newsletter_thumb":{"file":"odon-operativo-de-cuidado-y-compania-en-penalolen-3-288x150.jpeg","width":288,"height":150,"filesize":14491,"mime_type":"image\/jpeg","source_url":"https:\/\/medicina.udd.cl\/odontologia-santiago\/files\/2025\/12\/odon-operativo-de-cuidado-y-compania-en-penalolen-3-288x150.jpeg"},"newsletter_column":{"file":"odon-operativo-de-cuidado-y-compania-en-penalolen-3-182x140.jpeg","width":182,"height":140,"filesize":8697,"mime_type":"image\/jpeg","source_url":"https:\/\/medicina.udd.cl\/odontologia-santiago\/files\/2025\/12\/odon-operativo-de-cuidado-y-compania-en-penalolen-3-182x140.jpeg"},"newsletter_square":{"file":"odon-operativo-de-cuidado-y-compania-en-penalolen-3-62x62.jpeg","width":62,"height":62,"filesize":1828,"mime_type":"image\/jpeg","source_url":"https:\/\/medicina.udd.cl\/odontologia-santiago\/files\/2025\/12\/odon-operativo-de-cuidado-y-compania-en-penalolen-3-62x62.jpeg"},"newsletter_square_large":{"file":"odon-operativo-de-cuidado-y-compania-en-penalolen-3-87x62.jpeg","width":87,"height":62,"filesize":2367,"mime_type":"image\/jpeg","source_url":"https:\/\/medicina.udd.cl\/odontologia-santiago\/files\/2025\/12\/odon-operativo-de-cuidado-y-compania-en-penalolen-3-87x62.jpeg"},"1536x1536":{"file":"odon-operativo-de-cuidado-y-compania-en-penalolen-3-1536x1152.jpeg","width":1536,"height":1152,"filesize":445997,"mime_type":"image\/jpeg","source_url":"https:\/\/medicina.udd.cl\/odontologia-santiago\/files\/2025\/12\/odon-operativo-de-cuidado-y-compania-en-penalolen-3-1536x1152.jpeg"},"2048x2048":{"file":"odon-operativo-de-cuidado-y-compania-en-penalolen-3-2048x1536.jpeg","width":2048,"height":1536,"filesize":770368,"mime_type":"image\/jpeg","source_url":"https:\/\/medicina.udd.cl\/odontologia-santiago\/files\/2025\/12\/odon-operativo-de-cuidado-y-compania-en-penalolen-3-2048x1536.jpeg"},"landscape_1920":{"file":"odon-operativo-de-cuidado-y-compania-en-penalolen-3-1920x1080.jpeg","width":1920,"height":1080,"filesize":531317,"mime_type":"image\/jpeg","source_url":"https:\/\/medicina.udd.cl\/odontologia-santiago\/files\/2025\/12\/odon-operativo-de-cuidado-y-compania-en-penalolen-3-1920x1080.jpeg"},"landscape_1366":{"file":"odon-operativo-de-cuidado-y-compania-en-penalolen-3-1366x768.jpeg","width":1366,"height":768,"filesize":280705,"mime_type":"image\/jpeg","source_url":"https:\/\/medicina.udd.cl\/odontologia-santiago\/files\/2025\/12\/odon-operativo-de-cuidado-y-compania-en-penalolen-3-1366x768.jpeg"},"landscape_952":{"file":"odon-operativo-de-cuidado-y-compania-en-penalolen-3-952x534.jpeg","width":952,"height":534,"filesize":142361,"mime_type":"image\/jpeg","source_url":"https:\/\/medicina.udd.cl\/odontologia-santiago\/files\/2025\/12\/odon-operativo-de-cuidado-y-compania-en-penalolen-3-952x534.jpeg"},"landscape_680":{"file":"odon-operativo-de-cuidado-y-compania-en-penalolen-3-680x382.jpeg","width":680,"height":382,"filesize":75544,"mime_type":"image\/jpeg","source_url":"https:\/\/medicina.udd.cl\/odontologia-santiago\/files\/2025\/12\/odon-operativo-de-cuidado-y-compania-en-penalolen-3-680x382.jpeg"},"square_750":{"file":"odon-operativo-de-cuidado-y-compania-en-penalolen-3-750x750.jpeg","width":750,"height":750,"filesize":149891,"mime_type":"image\/jpeg","source_url":"https:\/\/medicina.udd.cl\/odontologia-santiago\/files\/2025\/12\/odon-operativo-de-cuidado-y-compania-en-penalolen-3-750x750.jpeg"},"square_500":{"file":"odon-operativo-de-cuidado-y-compania-en-penalolen-3-500x500.jpeg","width":500,"height":500,"filesize":70106,"mime_type":"image\/jpeg","source_url":"https:\/\/medicina.udd.cl\/odontologia-santiago\/files\/2025\/12\/odon-operativo-de-cuidado-y-compania-en-penalolen-3-500x500.jpeg"},"square_200":{"file":"odon-operativo-de-cuidado-y-compania-en-penalolen-3-250x250.jpeg","width":250,"height":250,"filesize":19623,"mime_type":"image\/jpeg","source_url":"https:\/\/medicina.udd.cl\/odontologia-santiago\/files\/2025\/12\/odon-operativo-de-cuidado-y-compania-en-penalolen-3-250x250.jpeg"},"post-thumbnail":{"file":"odon-operativo-de-cuidado-y-compania-en-penalolen-3-952x534.jpeg","width":952,"height":534,"filesize":142361,"mime_type":"image\/jpeg","source_url":"https:\/\/medicina.udd.cl\/odontologia-santiago\/files\/2025\/12\/odon-operativo-de-cuidado-y-compania-en-penalolen-3-952x534.jpeg"},"custom_content":{"file":"odon-operativo-de-cuidado-y-compania-en-penalolen-3-126x126.jpeg","width":126,"height":126,"filesize":5796,"mime_type":"image\/jpeg","source_url":"https:\/\/medicina.udd.cl\/odontologia-santiago\/files\/2025\/12\/odon-operativo-de-cuidado-y-compania-en-penalolen-3-126x126.jpeg"},"full":{"file":"odon-operativo-de-cuidado-y-compania-en-penalolen-3-scaled.jpeg","width":2560,"height":1920,"mime_type":"image\/jpeg","source_url":"https:\/\/medicina.udd.cl\/odontologia-santiago\/files\/2025\/12\/odon-operativo-de-cuidado-y-compania-en-penalolen-3-scaled.jpeg"}},"image_meta":{"aperture":"0","credit":"","camera":"","caption":"","created_timestamp":"0","copyright":"","focal_length":"0","iso":"0","shutter_speed":"0","title":"","orientation":"0","keywords":[]},"original_image":"odon-operativo-de-cuidado-y-compania-en-penalolen-3.jpeg"},"post":9138,"source_url":"https:\/\/medicina.udd.cl\/odontologia-santiago\/files\/2025\/12\/odon-operativo-de-cuidado-y-compania-en-penalolen-3-scaled.jpeg","_links":{"self":[{"href":"https:\/\/medicina.udd.cl\/odontologia-santiago\/wp-json\/wp\/v2\/media\/9141","targetHints":{"allow":["GET"]}}],"collection":[{"href":"https:\/\/medicina.udd.cl\/odontologia-santiago\/wp-json\/wp\/v2\/media"}],"about":[{"href":"https:\/\/medicina.udd.cl\/odontologia-santiago\/wp-json\/wp\/v2\/types\/attachment"}],"author":[{"embeddable":true,"href":"https:\/\/medicina.udd.cl\/odontologia-santiago\/wp-json\/wp\/v2\/users\/9192219"}],"replies":[{"embeddable":true,"href":"https:\/\/medicina.udd.cl\/odontologia-santiago\/wp-json\/wp\/v2\/comments?post=9141"}],"wp:attached-to":[{"embeddable":true,"post_type":"post","id":9138,"href":"https:\/\/medicina.udd.cl\/odontologia-santiago\/wp-json\/wp\/v2\/posts\/9138"}],"curies":[{"name":"wp","href":"https:\/\/api.w.org\/{rel}","templated":true}]}}