{"id":20,"date":"2010-03-31T19:30:07","date_gmt":"2010-03-31T22:30:07","guid":{"rendered":"http:\/\/medicina.udd.cl\/odontologia\/vida-universitaria\/centro-de-alumnos\/"},"modified":"2013-11-26T12:09:47","modified_gmt":"2013-11-26T15:09:47","slug":"centro-de-alumnos","status":"publish","type":"page","link":"https:\/\/medicina.udd.cl\/odontologia-santiago\/vida-universitaria\/centro-de-alumnos\/","title":{"rendered":"Centro de Alumnos"},"content":{"rendered":"<p><b>Presidenta:\u00a0<\/b>Mar\u00eda Jes\u00fas Silva<\/p>\n<p><b>1\u00b0 Vicepresidente:<\/b>\u00a0Carlos Oviedo<\/p>\n<p><b>2\u00b0 Vicepresidente:\u00a0<\/b>Sebasti\u00e1n Villa<\/p>\n<p><b>Tesorera:\u00a0<\/b>Javiera Mu\u00f1oz<\/p>\n<p><b>Secretaria:\u00a0<\/b>Catalina Wurth<\/p>\n<p><b>Encargada de actividades:\u00a0<\/b>Esperanza Forero<\/p>\n<p><b>Encargada de deportes:\u00a0<\/b>Joanne Briner<\/p>\n<p>Si quieres contactarte con nosotros, escr\u00edbenos a\u00a0<b>ceo@udd.cl<\/b><\/p>\n","protected":false},"excerpt":{"rendered":"<p>Conoce a los miembros del Centro de Estudiantes 2013<\/p>\n","protected":false},"author":1,"featured_media":0,"parent":7,"menu_order":10,"comment_status":"open","ping_status":"closed","template":"","meta":{"footnotes":""},"class_list":["post-20","page","type-page","status-publish","hentry"],"yoast_head":"<!-- This site is optimized with the Yoast SEO plugin v26.9 - https:\/\/yoast.com\/product\/yoast-seo-wordpress\/ -->\n<title>Centro de Alumnos| Carrera de Odontolog\u00eda (Santiago) | Admisi\u00f3n 2014 UDD<\/title>\n<meta name=\"description\" content=\"Conoce al destacado equipo de alumnos que conforman el Centro de Alumnos de Odontolog\u00eda UDD.\" \/>\n<meta name=\"robots\" content=\"index, follow, max-snippet:-1, max-image-preview:large, max-video-preview:-1\" \/>\n<link rel=\"canonical\" href=\"https:\/\/medicina.udd.cl\/odontologia-santiago\/vida-universitaria\/centro-de-alumnos\/\" \/>\n<meta property=\"og:locale\" content=\"es_ES\" \/>\n<meta property=\"og:type\" content=\"article\" \/>\n<meta property=\"og:title\" content=\"Centro de Alumnos| Carrera de Odontolog\u00eda (Santiago) | Admisi\u00f3n 2014 UDD\" \/>\n<meta property=\"og:description\" content=\"Conoce al destacado equipo de alumnos que conforman el Centro de Alumnos de Odontolog\u00eda UDD.\" \/>\n<meta property=\"og:url\" content=\"https:\/\/medicina.udd.cl\/odontologia-santiago\/vida-universitaria\/centro-de-alumnos\/\" \/>\n<meta property=\"og:site_name\" content=\"Odontolog\u00eda\" \/>\n<meta property=\"article:modified_time\" content=\"2013-11-26T15:09:47+00:00\" \/>\n<script type=\"application\/ld+json\" class=\"yoast-schema-graph\">{\"@context\":\"https:\/\/schema.org\",\"@graph\":[{\"@type\":\"WebPage\",\"@id\":\"https:\/\/medicina.udd.cl\/odontologia-santiago\/vida-universitaria\/centro-de-alumnos\/\",\"url\":\"https:\/\/medicina.udd.cl\/odontologia-santiago\/vida-universitaria\/centro-de-alumnos\/\",\"name\":\"Centro de Alumnos| Carrera de Odontolog\u00eda (Santiago) | Admisi\u00f3n 2014 UDD\",\"isPartOf\":{\"@id\":\"https:\/\/medicina.udd.cl\/odontologia-santiago\/#website\"},\"datePublished\":\"2010-03-31T22:30:07+00:00\",\"dateModified\":\"2013-11-26T15:09:47+00:00\",\"description\":\"Conoce al destacado equipo de alumnos que conforman el Centro de Alumnos de Odontolog\u00eda UDD.\",\"breadcrumb\":{\"@id\":\"https:\/\/medicina.udd.cl\/odontologia-santiago\/vida-universitaria\/centro-de-alumnos\/#breadcrumb\"},\"inLanguage\":\"es\",\"potentialAction\":[{\"@type\":\"ReadAction\",\"target\":[\"https:\/\/medicina.udd.cl\/odontologia-santiago\/vida-universitaria\/centro-de-alumnos\/\"]}]},{\"@type\":\"BreadcrumbList\",\"@id\":\"https:\/\/medicina.udd.cl\/odontologia-santiago\/vida-universitaria\/centro-de-alumnos\/#breadcrumb\",\"itemListElement\":[{\"@type\":\"ListItem\",\"position\":1,\"name\":\"Home\",\"item\":\"https:\/\/medicina.udd.cl\/odontologia-santiago\/\"},{\"@type\":\"ListItem\",\"position\":2,\"name\":\"Vida Universitaria\",\"item\":\"https:\/\/medicina.udd.cl\/odontologia-santiago\/vida-universitaria\/\"},{\"@type\":\"ListItem\",\"position\":3,\"name\":\"Centro de Alumnos\"}]},{\"@type\":\"WebSite\",\"@id\":\"https:\/\/medicina.udd.cl\/odontologia-santiago\/#website\",\"url\":\"https:\/\/medicina.udd.cl\/odontologia-santiago\/\",\"name\":\"Odontolog\u00eda\",\"description\":\"Facultad de Medicina Cl\u00ednica Alemana Universidad del Desarrollo\",\"inLanguage\":\"es\"}]}<\/script>\n<!-- \/ Yoast SEO plugin. -->","yoast_head_json":{"title":"Centro de Alumnos| Carrera de Odontolog\u00eda (Santiago) | Admisi\u00f3n 2014 UDD","description":"Conoce al destacado equipo de alumnos que conforman el Centro de Alumnos de Odontolog\u00eda UDD.","robots":{"index":"index","follow":"follow","max-snippet":"max-snippet:-1","max-image-preview":"max-image-preview:large","max-video-preview":"max-video-preview:-1"},"canonical":"https:\/\/medicina.udd.cl\/odontologia-santiago\/vida-universitaria\/centro-de-alumnos\/","og_locale":"es_ES","og_type":"article","og_title":"Centro de Alumnos| Carrera de Odontolog\u00eda (Santiago) | Admisi\u00f3n 2014 UDD","og_description":"Conoce al destacado equipo de alumnos que conforman el Centro de Alumnos de Odontolog\u00eda UDD.","og_url":"https:\/\/medicina.udd.cl\/odontologia-santiago\/vida-universitaria\/centro-de-alumnos\/","og_site_name":"Odontolog\u00eda","article_modified_time":"2013-11-26T15:09:47+00:00","schema":{"@context":"https:\/\/schema.org","@graph":[{"@type":"WebPage","@id":"https:\/\/medicina.udd.cl\/odontologia-santiago\/vida-universitaria\/centro-de-alumnos\/","url":"https:\/\/medicina.udd.cl\/odontologia-santiago\/vida-universitaria\/centro-de-alumnos\/","name":"Centro de Alumnos| Carrera de Odontolog\u00eda (Santiago) | Admisi\u00f3n 2014 UDD","isPartOf":{"@id":"https:\/\/medicina.udd.cl\/odontologia-santiago\/#website"},"datePublished":"2010-03-31T22:30:07+00:00","dateModified":"2013-11-26T15:09:47+00:00","description":"Conoce al destacado equipo de alumnos que conforman el Centro de Alumnos de Odontolog\u00eda UDD.","breadcrumb":{"@id":"https:\/\/medicina.udd.cl\/odontologia-santiago\/vida-universitaria\/centro-de-alumnos\/#breadcrumb"},"inLanguage":"es","potentialAction":[{"@type":"ReadAction","target":["https:\/\/medicina.udd.cl\/odontologia-santiago\/vida-universitaria\/centro-de-alumnos\/"]}]},{"@type":"BreadcrumbList","@id":"https:\/\/medicina.udd.cl\/odontologia-santiago\/vida-universitaria\/centro-de-alumnos\/#breadcrumb","itemListElement":[{"@type":"ListItem","position":1,"name":"Home","item":"https:\/\/medicina.udd.cl\/odontologia-santiago\/"},{"@type":"ListItem","position":2,"name":"Vida Universitaria","item":"https:\/\/medicina.udd.cl\/odontologia-santiago\/vida-universitaria\/"},{"@type":"ListItem","position":3,"name":"Centro de Alumnos"}]},{"@type":"WebSite","@id":"https:\/\/medicina.udd.cl\/odontologia-santiago\/#website","url":"https:\/\/medicina.udd.cl\/odontologia-santiago\/","name":"Odontolog\u00eda","description":"Facultad de Medicina Cl\u00ednica Alemana Universidad del Desarrollo","inLanguage":"es"}]}},"_links":{"self":[{"href":"https:\/\/medicina.udd.cl\/odontologia-santiago\/wp-json\/wp\/v2\/pages\/20","targetHints":{"allow":["GET"]}}],"collection":[{"href":"https:\/\/medicina.udd.cl\/odontologia-santiago\/wp-json\/wp\/v2\/pages"}],"about":[{"href":"https:\/\/medicina.udd.cl\/odontologia-santiago\/wp-json\/wp\/v2\/types\/page"}],"author":[{"embeddable":true,"href":"https:\/\/medicina.udd.cl\/odontologia-santiago\/wp-json\/wp\/v2\/users\/1"}],"replies":[{"embeddable":true,"href":"https:\/\/medicina.udd.cl\/odontologia-santiago\/wp-json\/wp\/v2\/comments?post=20"}],"version-history":[{"count":16,"href":"https:\/\/medicina.udd.cl\/odontologia-santiago\/wp-json\/wp\/v2\/pages\/20\/revisions"}],"predecessor-version":[{"id":1759,"href":"https:\/\/medicina.udd.cl\/odontologia-santiago\/wp-json\/wp\/v2\/pages\/20\/revisions\/1759"}],"up":[{"embeddable":true,"href":"https:\/\/medicina.udd.cl\/odontologia-santiago\/wp-json\/wp\/v2\/pages\/7"}],"wp:attachment":[{"href":"https:\/\/medicina.udd.cl\/odontologia-santiago\/wp-json\/wp\/v2\/media?parent=20"}],"curies":[{"name":"wp","href":"https:\/\/api.w.org\/{rel}","templated":true}]}}