{"id":161,"date":"2024-11-25T13:00:01","date_gmt":"2024-11-25T16:00:01","guid":{"rendered":"https:\/\/medicina.udd.cl\/quimica-farmacia-santiago\/?post_type=person&#038;p=161"},"modified":"2024-11-25T17:49:40","modified_gmt":"2024-11-25T20:49:40","slug":"heriberto-garcia","status":"publish","type":"person","link":"https:\/\/medicina.udd.cl\/quimica-farmacia-santiago\/persona\/heriberto-garcia\/","title":{"rendered":"Heriberto Garc\u00eda"},"featured_media":162,"template":"","people_tax":[],"people_areas":[],"people_levels":[],"class_list":["post-161","person","type-person","status-publish","has-post-thumbnail","hentry"],"yoast_head":"<!-- This site is optimized with the Yoast SEO plugin v26.9 - https:\/\/yoast.com\/product\/yoast-seo-wordpress\/ -->\n<title>Heriberto Garc\u00eda - Qu\u00edmica y Farmacia<\/title>\n<meta name=\"robots\" content=\"index, follow, max-snippet:-1, max-image-preview:large, max-video-preview:-1\" \/>\n<link rel=\"canonical\" href=\"https:\/\/medicina.udd.cl\/quimica-farmacia-santiago\/persona\/heriberto-garcia\/\" \/>\n<meta property=\"og:locale\" content=\"es_ES\" \/>\n<meta property=\"og:type\" content=\"article\" \/>\n<meta property=\"og:title\" content=\"Heriberto Garc\u00eda - Qu\u00edmica y Farmacia\" \/>\n<meta property=\"og:url\" content=\"https:\/\/medicina.udd.cl\/quimica-farmacia-santiago\/persona\/heriberto-garcia\/\" \/>\n<meta property=\"og:site_name\" content=\"Qu\u00edmica y Farmacia\" \/>\n<meta property=\"article:modified_time\" content=\"2024-11-25T20:49:40+00:00\" \/>\n<meta property=\"og:image\" content=\"http:\/\/medicina.udd.cl\/quimica-farmacia-santiago\/files\/2024\/11\/heriberto-garcia-byn-scaled.jpg\" \/>\n\t<meta property=\"og:image:width\" content=\"2560\" \/>\n\t<meta property=\"og:image:height\" content=\"2560\" \/>\n\t<meta property=\"og:image:type\" content=\"image\/jpeg\" \/>\n<meta name=\"twitter:card\" content=\"summary_large_image\" \/>\n<meta name=\"twitter:label1\" content=\"Tiempo de lectura\" \/>\n\t<meta name=\"twitter:data1\" content=\"1 minuto\" \/>\n<script type=\"application\/ld+json\" class=\"yoast-schema-graph\">{\"@context\":\"https:\/\/schema.org\",\"@graph\":[{\"@type\":\"WebPage\",\"@id\":\"https:\/\/medicina.udd.cl\/quimica-farmacia-santiago\/persona\/heriberto-garcia\/\",\"url\":\"https:\/\/medicina.udd.cl\/quimica-farmacia-santiago\/persona\/heriberto-garcia\/\",\"name\":\"Heriberto Garc\u00eda - Qu\u00edmica y Farmacia\",\"isPartOf\":{\"@id\":\"https:\/\/medicina.udd.cl\/quimica-farmacia-santiago\/#website\"},\"primaryImageOfPage\":{\"@id\":\"https:\/\/medicina.udd.cl\/quimica-farmacia-santiago\/persona\/heriberto-garcia\/#primaryimage\"},\"image\":{\"@id\":\"https:\/\/medicina.udd.cl\/quimica-farmacia-santiago\/persona\/heriberto-garcia\/#primaryimage\"},\"thumbnailUrl\":\"https:\/\/medicina.udd.cl\/quimica-farmacia-santiago\/files\/2024\/11\/heriberto-garcia-byn-scaled.jpg\",\"datePublished\":\"2024-11-25T16:00:01+00:00\",\"dateModified\":\"2024-11-25T20:49:40+00:00\",\"breadcrumb\":{\"@id\":\"https:\/\/medicina.udd.cl\/quimica-farmacia-santiago\/persona\/heriberto-garcia\/#breadcrumb\"},\"inLanguage\":\"es\",\"potentialAction\":[{\"@type\":\"ReadAction\",\"target\":[\"https:\/\/medicina.udd.cl\/quimica-farmacia-santiago\/persona\/heriberto-garcia\/\"]}]},{\"@type\":\"ImageObject\",\"inLanguage\":\"es\",\"@id\":\"https:\/\/medicina.udd.cl\/quimica-farmacia-santiago\/persona\/heriberto-garcia\/#primaryimage\",\"url\":\"https:\/\/medicina.udd.cl\/quimica-farmacia-santiago\/files\/2024\/11\/heriberto-garcia-byn-scaled.jpg\",\"contentUrl\":\"https:\/\/medicina.udd.cl\/quimica-farmacia-santiago\/files\/2024\/11\/heriberto-garcia-byn-scaled.jpg\",\"width\":2560,\"height\":2560},{\"@type\":\"BreadcrumbList\",\"@id\":\"https:\/\/medicina.udd.cl\/quimica-farmacia-santiago\/persona\/heriberto-garcia\/#breadcrumb\",\"itemListElement\":[{\"@type\":\"ListItem\",\"position\":1,\"name\":\"Portada\",\"item\":\"https:\/\/medicina.udd.cl\/quimica-farmacia-santiago\/\"},{\"@type\":\"ListItem\",\"position\":2,\"name\":\"Personas\",\"item\":\"https:\/\/medicina.udd.cl\/quimica-farmacia-santiago\/persona\/\"},{\"@type\":\"ListItem\",\"position\":3,\"name\":\"Heriberto Garc\u00eda\"}]},{\"@type\":\"WebSite\",\"@id\":\"https:\/\/medicina.udd.cl\/quimica-farmacia-santiago\/#website\",\"url\":\"https:\/\/medicina.udd.cl\/quimica-farmacia-santiago\/\",\"name\":\"Qu\u00edmica y Farmacia\",\"description\":\"Facultad de Medicina Cl\u00ednica Alemana Universidad del Desarrollo\",\"inLanguage\":\"es\"}]}<\/script>\n<!-- \/ Yoast SEO plugin. -->","yoast_head_json":{"title":"Heriberto Garc\u00eda - Qu\u00edmica y Farmacia","robots":{"index":"index","follow":"follow","max-snippet":"max-snippet:-1","max-image-preview":"max-image-preview:large","max-video-preview":"max-video-preview:-1"},"canonical":"https:\/\/medicina.udd.cl\/quimica-farmacia-santiago\/persona\/heriberto-garcia\/","og_locale":"es_ES","og_type":"article","og_title":"Heriberto Garc\u00eda - Qu\u00edmica y Farmacia","og_url":"https:\/\/medicina.udd.cl\/quimica-farmacia-santiago\/persona\/heriberto-garcia\/","og_site_name":"Qu\u00edmica y Farmacia","article_modified_time":"2024-11-25T20:49:40+00:00","og_image":[{"width":2560,"height":2560,"url":"http:\/\/medicina.udd.cl\/quimica-farmacia-santiago\/files\/2024\/11\/heriberto-garcia-byn-scaled.jpg","type":"image\/jpeg"}],"twitter_card":"summary_large_image","twitter_misc":{"Tiempo de lectura":"1 minuto"},"schema":{"@context":"https:\/\/schema.org","@graph":[{"@type":"WebPage","@id":"https:\/\/medicina.udd.cl\/quimica-farmacia-santiago\/persona\/heriberto-garcia\/","url":"https:\/\/medicina.udd.cl\/quimica-farmacia-santiago\/persona\/heriberto-garcia\/","name":"Heriberto Garc\u00eda - Qu\u00edmica y Farmacia","isPartOf":{"@id":"https:\/\/medicina.udd.cl\/quimica-farmacia-santiago\/#website"},"primaryImageOfPage":{"@id":"https:\/\/medicina.udd.cl\/quimica-farmacia-santiago\/persona\/heriberto-garcia\/#primaryimage"},"image":{"@id":"https:\/\/medicina.udd.cl\/quimica-farmacia-santiago\/persona\/heriberto-garcia\/#primaryimage"},"thumbnailUrl":"https:\/\/medicina.udd.cl\/quimica-farmacia-santiago\/files\/2024\/11\/heriberto-garcia-byn-scaled.jpg","datePublished":"2024-11-25T16:00:01+00:00","dateModified":"2024-11-25T20:49:40+00:00","breadcrumb":{"@id":"https:\/\/medicina.udd.cl\/quimica-farmacia-santiago\/persona\/heriberto-garcia\/#breadcrumb"},"inLanguage":"es","potentialAction":[{"@type":"ReadAction","target":["https:\/\/medicina.udd.cl\/quimica-farmacia-santiago\/persona\/heriberto-garcia\/"]}]},{"@type":"ImageObject","inLanguage":"es","@id":"https:\/\/medicina.udd.cl\/quimica-farmacia-santiago\/persona\/heriberto-garcia\/#primaryimage","url":"https:\/\/medicina.udd.cl\/quimica-farmacia-santiago\/files\/2024\/11\/heriberto-garcia-byn-scaled.jpg","contentUrl":"https:\/\/medicina.udd.cl\/quimica-farmacia-santiago\/files\/2024\/11\/heriberto-garcia-byn-scaled.jpg","width":2560,"height":2560},{"@type":"BreadcrumbList","@id":"https:\/\/medicina.udd.cl\/quimica-farmacia-santiago\/persona\/heriberto-garcia\/#breadcrumb","itemListElement":[{"@type":"ListItem","position":1,"name":"Portada","item":"https:\/\/medicina.udd.cl\/quimica-farmacia-santiago\/"},{"@type":"ListItem","position":2,"name":"Personas","item":"https:\/\/medicina.udd.cl\/quimica-farmacia-santiago\/persona\/"},{"@type":"ListItem","position":3,"name":"Heriberto Garc\u00eda"}]},{"@type":"WebSite","@id":"https:\/\/medicina.udd.cl\/quimica-farmacia-santiago\/#website","url":"https:\/\/medicina.udd.cl\/quimica-farmacia-santiago\/","name":"Qu\u00edmica y Farmacia","description":"Facultad de Medicina Cl\u00ednica Alemana Universidad del Desarrollo","inLanguage":"es"}]}},"label":"Heriberto Garc\u00eda","role":"Director Qu\u00edmica y Farmacia","thumbnail_url":"https:\/\/medicina.udd.cl\/quimica-farmacia-santiago\/files\/2024\/11\/heriberto-garcia-byn-500x500.jpg","email":"","tel_job":"","content":{"rendered":"<div class=\"person-modal person-modal--scl\">\n\t<header class=\"person-modal__header\">\n\t\t<div class=\"person-modal__bg\"><\/div>\n\t\t<div class=\"modal-container\">\n\t\t\t\t\t\t<div class=\"person-modal__media\">\n\t\t\t\t<img width=\"500\" height=\"500\" src=\"https:\/\/medicina.udd.cl\/quimica-farmacia-santiago\/files\/2024\/11\/heriberto-garcia-byn-62x62.jpg\" class=\"person-modal__image wp-post-image lazyload\" alt=\"\" decoding=\"async\" loading=\"lazy\" sizes=\"auto, (max-width: 500px) 100vw, 500px\" data-src=\"https:\/\/medicina.udd.cl\/quimica-farmacia-santiago\/files\/2024\/11\/heriberto-garcia-byn-500x500.jpg\" data-srcset=\"https:\/\/medicina.udd.cl\/quimica-farmacia-santiago\/files\/2024\/11\/heriberto-garcia-byn-500x500.jpg 500w, https:\/\/medicina.udd.cl\/quimica-farmacia-santiago\/files\/2024\/11\/heriberto-garcia-byn-300x300.jpg 300w, https:\/\/medicina.udd.cl\/quimica-farmacia-santiago\/files\/2024\/11\/heriberto-garcia-byn-1024x1024.jpg 1024w, https:\/\/medicina.udd.cl\/quimica-farmacia-santiago\/files\/2024\/11\/heriberto-garcia-byn-150x150.jpg 150w, https:\/\/medicina.udd.cl\/quimica-farmacia-santiago\/files\/2024\/11\/heriberto-garcia-byn-768x768.jpg 768w, https:\/\/medicina.udd.cl\/quimica-farmacia-santiago\/files\/2024\/11\/heriberto-garcia-byn-62x62.jpg 62w, https:\/\/medicina.udd.cl\/quimica-farmacia-santiago\/files\/2024\/11\/heriberto-garcia-byn-1536x1536.jpg 1536w, https:\/\/medicina.udd.cl\/quimica-farmacia-santiago\/files\/2024\/11\/heriberto-garcia-byn-2048x2048.jpg 2048w, https:\/\/medicina.udd.cl\/quimica-farmacia-santiago\/files\/2024\/11\/heriberto-garcia-byn-750x750.jpg 750w, https:\/\/medicina.udd.cl\/quimica-farmacia-santiago\/files\/2024\/11\/heriberto-garcia-byn-250x250.jpg 250w, https:\/\/medicina.udd.cl\/quimica-farmacia-santiago\/files\/2024\/11\/heriberto-garcia-byn-126x126.jpg 126w\" \/>\t\t\t<\/div>\n\t\t\t\t\t\t<div class=\"person-modal__data\">\n\t\t\t\t<h1 class=\"person-modal__name\">Heriberto Garc\u00eda<\/h1>\n\t\t\t\t\t\t\t<span class=\"person-modal__description\">Director Qu\u00edmica y Farmacia<\/span>\n\t\t\t\t\t\t\t\t\t\t\t\t\t\t\t<\/div>\n\t\t<\/div>\n\t<\/header>\n\t<div class=\"modal-container\">\n\t\t\t<div class=\"person-modal__content text\">\n\t\t\t\t\t\t\t\t\t\t<ul>\n<li class=\"MsoNormal\"><span>Qu\u00edmico Farmac\u00e9utico de la Pontificia Universidad Cat\u00f3lica de Chile.<\/span><\/li>\n<li class=\"MsoNormal\"><span>Magister Pol\u00edticas P\u00fablicas de la Universidad del Desarrollo (1\u00ba versi\u00f3n).<\/span><\/li>\n<li class=\"MsoNormal\"><span>Diploma de Calidad Asistencial y Acreditaci\u00f3n de la Universidad de Chile (FEN\/IAS) y Diploma en Salud Publica de la Universidad de Los Andes.<\/span><span>\u00a0<\/span><\/li>\n<\/ul>\n<p class=\"MsoNormal\"><span>Se desempe\u00f1\u00f3 en el sistema p\u00fablico de salud por 15 a\u00f1os. En atenci\u00f3n primaria de salud en Gesti\u00f3n de Servicios farmac\u00e9uticos y fue director del CESFAM Dr. Ra\u00fal Bra\u00f1es Farmer de San Bernardo. En el Ministerio de Salud fue asesor y jefe del departamento de Pol\u00edticas Farmac\u00e9uticas, Prestadores de la Salud y Medicinas Complementarias de la Divisi\u00f3n de Pol\u00edticas P\u00fablicas Saludables, desarrollando la implementaci\u00f3n de las pol\u00edticas de uso racional de medicamentos y de bioequivalencia de la Ley de F\u00e1rmacos, el desarrollo de la receta electr\u00f3nica y del m\u00f3dulo de fiscalizaci\u00f3n y turnos de farmacias del sistema de autoridad sanitaria. Durante ese periodo se establecieron las bases para lo que ser\u00eda la evaluaci\u00f3n de tecnolog\u00edas sanitarias (ETESA) utilizado para la implementaci\u00f3n de la Ley Ricarte Soto.<span>\u00a0 <\/span>Fue referente nacional de medicinas complementarias y de Profesiones M\u00e9dicas para las Secretarias Regionales Ministeriales.<\/span><\/p>\n<p class=\"MsoNormal\"><span>Fue director del Instituto de Salud P\u00fablica y jefe de ANAMED durante los 3 a\u00f1os de pandemia, destacando el desarrollo de la comunicaci\u00f3n de riesgo, las evaluaciones de vacunas, la implementaci\u00f3n de confianza regulatoria y la farmacovigilancia de vacunas. Particip\u00f3 en diferentes foros de regulaci\u00f3n farmac\u00e9utica, como la Red PARF, asambleas y seminarios de la USP y el foro de Agencias Reguladoras de Referencia de las Am\u00e9ricas de la OPS, entre otras organizaciones y foros internacionales.<\/span><\/p>\n\t\t<\/div>\n\t<\/div>\n<\/div>\n"},"identifier":"a24b8a103bea0be058bd8e5891be28a543b9b194","has_credential":[],"given_name":"Heriberto","family_name":"Garc\u00eda","name":"Heriberto Garc\u00eda","job_title":"Director Qu\u00edmica y Farmacia","telephone":"","note":"","im":"","_self_schedule":null,"_links":{"self":[{"href":"https:\/\/medicina.udd.cl\/quimica-farmacia-santiago\/wp-json\/wp\/v2\/people\/161","targetHints":{"allow":["GET"]}}],"collection":[{"href":"https:\/\/medicina.udd.cl\/quimica-farmacia-santiago\/wp-json\/wp\/v2\/people"}],"about":[{"href":"https:\/\/medicina.udd.cl\/quimica-farmacia-santiago\/wp-json\/wp\/v2\/types\/person"}],"wp:featuredmedia":[{"embeddable":true,"href":"https:\/\/medicina.udd.cl\/quimica-farmacia-santiago\/wp-json\/wp\/v2\/media\/162"}],"wp:attachment":[{"href":"https:\/\/medicina.udd.cl\/quimica-farmacia-santiago\/wp-json\/wp\/v2\/media?parent=161"}],"wp:term":[{"taxonomy":"people_tax","embeddable":true,"href":"https:\/\/medicina.udd.cl\/quimica-farmacia-santiago\/wp-json\/wp\/v2\/people_tax?post=161"},{"taxonomy":"people_areas","embeddable":true,"href":"https:\/\/medicina.udd.cl\/quimica-farmacia-santiago\/wp-json\/wp\/v2\/people_areas?post=161"},{"taxonomy":"people_levels","embeddable":true,"href":"https:\/\/medicina.udd.cl\/quimica-farmacia-santiago\/wp-json\/wp\/v2\/people_levels?post=161"}],"curies":[{"name":"wp","href":"https:\/\/api.w.org\/{rel}","templated":true}]}}