{"id":2691,"date":"2013-12-04T12:54:51","date_gmt":"2013-12-04T15:54:51","guid":{"rendered":"http:\/\/medicina.udd.cl\/tecnologia-medica-santiago\/files\/2013\/12\/Dra.-Liliana-Jadue-y-Dra.-Paula-Daza-jefa-de-Docencia-Desarrollo-y-Comunicaciones-de-Cl\u00ednica-D\u00e1vila.jpg"},"modified":"2013-12-04T12:54:51","modified_gmt":"2013-12-04T15:54:51","slug":"dra-liliana-jadue-y-dra-paula-daza-jefa-de-docencia-desarrollo-y-comunicaciones-de-clinica-davila","status":"inherit","type":"attachment","link":"https:\/\/medicina.udd.cl\/tecnologia-medica-santiago\/noticias\/2013\/12\/04\/campos-clinicos-de-la-facultad-celebran-cierre-de-ano-academico\/dra-liliana-jadue-y-dra-paula-daza-jefa-de-docencia-desarrollo-y-comunicaciones-de-clinica-davila\/","title":{"rendered":"Dra. Liliana Jadue y Dra. Paula Daza, jefa de Docencia, Desarrollo y Comunicaciones de Cl\u00ednica D\u00e1vila"},"author":40,"featured_media":0,"comment_status":"open","ping_status":"open","template":"","meta":[],"class_list":["post-2691","attachment","type-attachment","status-inherit","hentry"],"yoast_head":"<!-- This site is optimized with the Yoast SEO plugin v26.9 - https:\/\/yoast.com\/product\/yoast-seo-wordpress\/ -->\n<title>Dra. Liliana Jadue y Dra. Paula Daza, jefa de Docencia, Desarrollo y Comunicaciones de Cl\u00ednica D\u00e1vila - Tecnolog\u00eda M\u00e9dica<\/title>\n<meta name=\"robots\" content=\"index, follow, max-snippet:-1, max-image-preview:large, max-video-preview:-1\" \/>\n<link rel=\"canonical\" href=\"https:\/\/medicina.udd.cl\/tecnologia-medica-santiago\/files\/2013\/12\/Dra.-Liliana-Jadue-y-Dra.-Paula-Daza-jefa-de-Docencia-Desarrollo-y-Comunicaciones-de-Cl\u00ednica-D\u00e1vila.jpg\" \/>\n<meta property=\"og:locale\" content=\"es_ES\" \/>\n<meta property=\"og:type\" content=\"article\" \/>\n<meta property=\"og:title\" content=\"Dra. Liliana Jadue y Dra. Paula Daza, jefa de Docencia, Desarrollo y Comunicaciones de Cl\u00ednica D\u00e1vila - Tecnolog\u00eda M\u00e9dica\" \/>\n<meta property=\"og:url\" content=\"https:\/\/medicina.udd.cl\/tecnologia-medica-santiago\/files\/2013\/12\/Dra.-Liliana-Jadue-y-Dra.-Paula-Daza-jefa-de-Docencia-Desarrollo-y-Comunicaciones-de-Cl\u00ednica-D\u00e1vila.jpg\" \/>\n<meta property=\"og:site_name\" content=\"Tecnolog\u00eda M\u00e9dica\" \/>\n<meta property=\"og:image\" content=\"https:\/\/medicina.udd.cl\/tecnologia-medica-santiago\/files\/2013\/12\/Dra.-Liliana-Jadue-y-Dra.-Paula-Daza-jefa-de-Docencia-Desarrollo-y-Comunicaciones-de-Cl\u00ednica-D\u00e1vila.jpg\" \/>\n\t<meta property=\"og:image:width\" content=\"2299\" \/>\n\t<meta property=\"og:image:height\" content=\"1901\" \/>\n\t<meta property=\"og:image:type\" content=\"image\/jpeg\" \/>\n<script type=\"application\/ld+json\" class=\"yoast-schema-graph\">{\"@context\":\"https:\/\/schema.org\",\"@graph\":[{\"@type\":\"WebPage\",\"@id\":\"https:\/\/medicina.udd.cl\/tecnologia-medica-santiago\/files\/2013\/12\/Dra.-Liliana-Jadue-y-Dra.-Paula-Daza-jefa-de-Docencia-Desarrollo-y-Comunicaciones-de-Cl\u00ednica-D\u00e1vila.jpg\",\"url\":\"https:\/\/medicina.udd.cl\/tecnologia-medica-santiago\/files\/2013\/12\/Dra.-Liliana-Jadue-y-Dra.-Paula-Daza-jefa-de-Docencia-Desarrollo-y-Comunicaciones-de-Cl\u00ednica-D\u00e1vila.jpg\",\"name\":\"Dra. Liliana Jadue y Dra. Paula Daza, jefa de Docencia, Desarrollo y Comunicaciones de Cl\u00ednica D\u00e1vila - Tecnolog\u00eda M\u00e9dica\",\"isPartOf\":{\"@id\":\"https:\/\/medicina.udd.cl\/tecnologia-medica-santiago\/#website\"},\"datePublished\":\"2013-12-04T15:54:51+00:00\",\"breadcrumb\":{\"@id\":\"https:\/\/medicina.udd.cl\/tecnologia-medica-santiago\/files\/2013\/12\/Dra.-Liliana-Jadue-y-Dra.-Paula-Daza-jefa-de-Docencia-Desarrollo-y-Comunicaciones-de-Cl\u00ednica-D\u00e1vila.jpg#breadcrumb\"},\"inLanguage\":\"es\",\"potentialAction\":[{\"@type\":\"ReadAction\",\"target\":[\"https:\/\/medicina.udd.cl\/tecnologia-medica-santiago\/files\/2013\/12\/Dra.-Liliana-Jadue-y-Dra.-Paula-Daza-jefa-de-Docencia-Desarrollo-y-Comunicaciones-de-Cl\u00ednica-D\u00e1vila.jpg\"]}]},{\"@type\":\"BreadcrumbList\",\"@id\":\"https:\/\/medicina.udd.cl\/tecnologia-medica-santiago\/files\/2013\/12\/Dra.-Liliana-Jadue-y-Dra.-Paula-Daza-jefa-de-Docencia-Desarrollo-y-Comunicaciones-de-Cl\u00ednica-D\u00e1vila.jpg#breadcrumb\",\"itemListElement\":[{\"@type\":\"ListItem\",\"position\":1,\"name\":\"Home\",\"item\":\"https:\/\/medicina.udd.cl\/tecnologia-medica-santiago\/\"},{\"@type\":\"ListItem\",\"position\":2,\"name\":\"Campos cl\u00ednicos de la Facultad celebran cierre de a\u00f1o acad\u00e9mico\",\"item\":\"https:\/\/medicina.udd.cl\/tecnologia-medica-santiago\/noticias\/2013\/12\/04\/campos-clinicos-de-la-facultad-celebran-cierre-de-ano-academico\/\"},{\"@type\":\"ListItem\",\"position\":3,\"name\":\"Dra. Liliana Jadue y Dra. Paula Daza, jefa de Docencia, Desarrollo y Comunicaciones de Cl\u00ednica D\u00e1vila\"}]},{\"@type\":\"WebSite\",\"@id\":\"https:\/\/medicina.udd.cl\/tecnologia-medica-santiago\/#website\",\"url\":\"https:\/\/medicina.udd.cl\/tecnologia-medica-santiago\/\",\"name\":\"Tecnolog\u00eda M\u00e9dica\",\"description\":\"Facultad de Medicina Cl\u00ednica Alemana Universidad del Desarrollo\",\"inLanguage\":\"es\"}]}<\/script>\n<!-- \/ Yoast SEO plugin. -->","yoast_head_json":{"title":"Dra. Liliana Jadue y Dra. Paula Daza, jefa de Docencia, Desarrollo y Comunicaciones de Cl\u00ednica D\u00e1vila - Tecnolog\u00eda M\u00e9dica","robots":{"index":"index","follow":"follow","max-snippet":"max-snippet:-1","max-image-preview":"max-image-preview:large","max-video-preview":"max-video-preview:-1"},"canonical":"https:\/\/medicina.udd.cl\/tecnologia-medica-santiago\/files\/2013\/12\/Dra.-Liliana-Jadue-y-Dra.-Paula-Daza-jefa-de-Docencia-Desarrollo-y-Comunicaciones-de-Cl\u00ednica-D\u00e1vila.jpg","og_locale":"es_ES","og_type":"article","og_title":"Dra. Liliana Jadue y Dra. Paula Daza, jefa de Docencia, Desarrollo y Comunicaciones de Cl\u00ednica D\u00e1vila - Tecnolog\u00eda M\u00e9dica","og_url":"https:\/\/medicina.udd.cl\/tecnologia-medica-santiago\/files\/2013\/12\/Dra.-Liliana-Jadue-y-Dra.-Paula-Daza-jefa-de-Docencia-Desarrollo-y-Comunicaciones-de-Cl\u00ednica-D\u00e1vila.jpg","og_site_name":"Tecnolog\u00eda M\u00e9dica","og_image":[{"width":2299,"height":1901,"url":"https:\/\/medicina.udd.cl\/tecnologia-medica-santiago\/files\/2013\/12\/Dra.-Liliana-Jadue-y-Dra.-Paula-Daza-jefa-de-Docencia-Desarrollo-y-Comunicaciones-de-Cl\u00ednica-D\u00e1vila.jpg","type":"image\/jpeg"}],"schema":{"@context":"https:\/\/schema.org","@graph":[{"@type":"WebPage","@id":"https:\/\/medicina.udd.cl\/tecnologia-medica-santiago\/files\/2013\/12\/Dra.-Liliana-Jadue-y-Dra.-Paula-Daza-jefa-de-Docencia-Desarrollo-y-Comunicaciones-de-Cl\u00ednica-D\u00e1vila.jpg","url":"https:\/\/medicina.udd.cl\/tecnologia-medica-santiago\/files\/2013\/12\/Dra.-Liliana-Jadue-y-Dra.-Paula-Daza-jefa-de-Docencia-Desarrollo-y-Comunicaciones-de-Cl\u00ednica-D\u00e1vila.jpg","name":"Dra. Liliana Jadue y Dra. Paula Daza, jefa de Docencia, Desarrollo y Comunicaciones de Cl\u00ednica D\u00e1vila - Tecnolog\u00eda M\u00e9dica","isPartOf":{"@id":"https:\/\/medicina.udd.cl\/tecnologia-medica-santiago\/#website"},"datePublished":"2013-12-04T15:54:51+00:00","breadcrumb":{"@id":"https:\/\/medicina.udd.cl\/tecnologia-medica-santiago\/files\/2013\/12\/Dra.-Liliana-Jadue-y-Dra.-Paula-Daza-jefa-de-Docencia-Desarrollo-y-Comunicaciones-de-Cl\u00ednica-D\u00e1vila.jpg#breadcrumb"},"inLanguage":"es","potentialAction":[{"@type":"ReadAction","target":["https:\/\/medicina.udd.cl\/tecnologia-medica-santiago\/files\/2013\/12\/Dra.-Liliana-Jadue-y-Dra.-Paula-Daza-jefa-de-Docencia-Desarrollo-y-Comunicaciones-de-Cl\u00ednica-D\u00e1vila.jpg"]}]},{"@type":"BreadcrumbList","@id":"https:\/\/medicina.udd.cl\/tecnologia-medica-santiago\/files\/2013\/12\/Dra.-Liliana-Jadue-y-Dra.-Paula-Daza-jefa-de-Docencia-Desarrollo-y-Comunicaciones-de-Cl\u00ednica-D\u00e1vila.jpg#breadcrumb","itemListElement":[{"@type":"ListItem","position":1,"name":"Home","item":"https:\/\/medicina.udd.cl\/tecnologia-medica-santiago\/"},{"@type":"ListItem","position":2,"name":"Campos cl\u00ednicos de la Facultad celebran cierre de a\u00f1o acad\u00e9mico","item":"https:\/\/medicina.udd.cl\/tecnologia-medica-santiago\/noticias\/2013\/12\/04\/campos-clinicos-de-la-facultad-celebran-cierre-de-ano-academico\/"},{"@type":"ListItem","position":3,"name":"Dra. Liliana Jadue y Dra. Paula Daza, jefa de Docencia, Desarrollo y Comunicaciones de Cl\u00ednica D\u00e1vila"}]},{"@type":"WebSite","@id":"https:\/\/medicina.udd.cl\/tecnologia-medica-santiago\/#website","url":"https:\/\/medicina.udd.cl\/tecnologia-medica-santiago\/","name":"Tecnolog\u00eda M\u00e9dica","description":"Facultad de Medicina Cl\u00ednica Alemana Universidad del Desarrollo","inLanguage":"es"}]}},"description":{"rendered":"<p class=\"attachment\"><a href='https:\/\/medicina.udd.cl\/tecnologia-medica-santiago\/files\/2013\/12\/Dra.-Liliana-Jadue-y-Dra.-Paula-Daza-jefa-de-Docencia-Desarrollo-y-Comunicaciones-de-Cl\u00ednica-D\u00e1vila.jpg'><img loading=\"lazy\" decoding=\"async\" width=\"300\" height=\"248\" src=\"https:\/\/medicina.udd.cl\/tecnologia-medica-santiago\/files\/2013\/12\/Dra.-Liliana-Jadue-y-Dra.-Paula-Daza-jefa-de-Docencia-Desarrollo-y-Comunicaciones-de-Cl\u00ednica-D\u00e1vila-300x248.jpg\" class=\"attachment-medium size-medium\" alt=\"\" srcset=\"https:\/\/medicina.udd.cl\/tecnologia-medica-santiago\/files\/2013\/12\/Dra.-Liliana-Jadue-y-Dra.-Paula-Daza-jefa-de-Docencia-Desarrollo-y-Comunicaciones-de-Cl\u00ednica-D\u00e1vila-300x248.jpg 300w, https:\/\/medicina.udd.cl\/tecnologia-medica-santiago\/files\/2013\/12\/Dra.-Liliana-Jadue-y-Dra.-Paula-Daza-jefa-de-Docencia-Desarrollo-y-Comunicaciones-de-Cl\u00ednica-D\u00e1vila-768x635.jpg 768w, https:\/\/medicina.udd.cl\/tecnologia-medica-santiago\/files\/2013\/12\/Dra.-Liliana-Jadue-y-Dra.-Paula-Daza-jefa-de-Docencia-Desarrollo-y-Comunicaciones-de-Cl\u00ednica-D\u00e1vila-1024x847.jpg 1024w, https:\/\/medicina.udd.cl\/tecnologia-medica-santiago\/files\/2013\/12\/Dra.-Liliana-Jadue-y-Dra.-Paula-Daza-jefa-de-Docencia-Desarrollo-y-Comunicaciones-de-Cl\u00ednica-D\u00e1vila-960x794.jpg 960w\" sizes=\"auto, (max-width: 300px) 100vw, 300px\" \/><\/a><\/p>\n"},"caption":{"rendered":""},"alt_text":"","media_type":"image","mime_type":"image\/jpeg","media_details":{"width":2299,"height":1901,"file":"2013\/12\/Dra.-Liliana-Jadue-y-Dra.-Paula-Daza-jefa-de-Docencia-Desarrollo-y-Comunicaciones-de-Cl\u00ednica-D\u00e1vila.jpg","sizes":{"thumbnail":{"file":"Dra.-Liliana-Jadue-y-Dra.-Paula-Daza-jefa-de-Docencia-Desarrollo-y-Comunicaciones-de-Cl\u00ednica-D\u00e1vila-150x150.jpg","width":150,"height":150,"mime_type":"image\/jpeg","source_url":"https:\/\/medicina.udd.cl\/tecnologia-medica-santiago\/files\/2013\/12\/Dra.-Liliana-Jadue-y-Dra.-Paula-Daza-jefa-de-Docencia-Desarrollo-y-Comunicaciones-de-Cl\u00ednica-D\u00e1vila-150x150.jpg"},"medium":{"file":"Dra.-Liliana-Jadue-y-Dra.-Paula-Daza-jefa-de-Docencia-Desarrollo-y-Comunicaciones-de-Cl\u00ednica-D\u00e1vila-300x248.jpg","width":300,"height":248,"mime_type":"image\/jpeg","source_url":"https:\/\/medicina.udd.cl\/tecnologia-medica-santiago\/files\/2013\/12\/Dra.-Liliana-Jadue-y-Dra.-Paula-Daza-jefa-de-Docencia-Desarrollo-y-Comunicaciones-de-Cl\u00ednica-D\u00e1vila-300x248.jpg"},"medium_large":{"file":"Dra.-Liliana-Jadue-y-Dra.-Paula-Daza-jefa-de-Docencia-Desarrollo-y-Comunicaciones-de-Cl\u00ednica-D\u00e1vila-768x635.jpg","width":768,"height":635,"mime_type":"image\/jpeg","source_url":"https:\/\/medicina.udd.cl\/tecnologia-medica-santiago\/files\/2013\/12\/Dra.-Liliana-Jadue-y-Dra.-Paula-Daza-jefa-de-Docencia-Desarrollo-y-Comunicaciones-de-Cl\u00ednica-D\u00e1vila-768x635.jpg"},"large":{"file":"Dra.-Liliana-Jadue-y-Dra.-Paula-Daza-jefa-de-Docencia-Desarrollo-y-Comunicaciones-de-Cl\u00ednica-D\u00e1vila-1024x847.jpg","width":1024,"height":847,"mime_type":"image\/jpeg","source_url":"https:\/\/medicina.udd.cl\/tecnologia-medica-santiago\/files\/2013\/12\/Dra.-Liliana-Jadue-y-Dra.-Paula-Daza-jefa-de-Docencia-Desarrollo-y-Comunicaciones-de-Cl\u00ednica-D\u00e1vila-1024x847.jpg"},"newsletter_featured":{"file":"Dra.-Liliana-Jadue-y-Dra.-Paula-Daza-jefa-de-Docencia-Desarrollo-y-Comunicaciones-de-Cl\u00ednica-D\u00e1vila-316x224.jpg","width":316,"height":224,"mime_type":"image\/jpeg","source_url":"https:\/\/medicina.udd.cl\/tecnologia-medica-santiago\/files\/2013\/12\/Dra.-Liliana-Jadue-y-Dra.-Paula-Daza-jefa-de-Docencia-Desarrollo-y-Comunicaciones-de-Cl\u00ednica-D\u00e1vila-316x224.jpg"},"newsletter_first":{"file":"Dra.-Liliana-Jadue-y-Dra.-Paula-Daza-jefa-de-Docencia-Desarrollo-y-Comunicaciones-de-Cl\u00ednica-D\u00e1vila-286x205.jpg","width":286,"height":205,"mime_type":"image\/jpeg","source_url":"https:\/\/medicina.udd.cl\/tecnologia-medica-santiago\/files\/2013\/12\/Dra.-Liliana-Jadue-y-Dra.-Paula-Daza-jefa-de-Docencia-Desarrollo-y-Comunicaciones-de-Cl\u00ednica-D\u00e1vila-286x205.jpg"},"newsletter_thumb":{"file":"Dra.-Liliana-Jadue-y-Dra.-Paula-Daza-jefa-de-Docencia-Desarrollo-y-Comunicaciones-de-Cl\u00ednica-D\u00e1vila-288x150.jpg","width":288,"height":150,"mime_type":"image\/jpeg","source_url":"https:\/\/medicina.udd.cl\/tecnologia-medica-santiago\/files\/2013\/12\/Dra.-Liliana-Jadue-y-Dra.-Paula-Daza-jefa-de-Docencia-Desarrollo-y-Comunicaciones-de-Cl\u00ednica-D\u00e1vila-288x150.jpg"},"newsletter_column":{"file":"Dra.-Liliana-Jadue-y-Dra.-Paula-Daza-jefa-de-Docencia-Desarrollo-y-Comunicaciones-de-Cl\u00ednica-D\u00e1vila-182x140.jpg","width":182,"height":140,"mime_type":"image\/jpeg","source_url":"https:\/\/medicina.udd.cl\/tecnologia-medica-santiago\/files\/2013\/12\/Dra.-Liliana-Jadue-y-Dra.-Paula-Daza-jefa-de-Docencia-Desarrollo-y-Comunicaciones-de-Cl\u00ednica-D\u00e1vila-182x140.jpg"},"newsletter_square":{"file":"Dra.-Liliana-Jadue-y-Dra.-Paula-Daza-jefa-de-Docencia-Desarrollo-y-Comunicaciones-de-Cl\u00ednica-D\u00e1vila-62x62.jpg","width":62,"height":62,"mime_type":"image\/jpeg","source_url":"https:\/\/medicina.udd.cl\/tecnologia-medica-santiago\/files\/2013\/12\/Dra.-Liliana-Jadue-y-Dra.-Paula-Daza-jefa-de-Docencia-Desarrollo-y-Comunicaciones-de-Cl\u00ednica-D\u00e1vila-62x62.jpg"},"newsletter_square_large":{"file":"Dra.-Liliana-Jadue-y-Dra.-Paula-Daza-jefa-de-Docencia-Desarrollo-y-Comunicaciones-de-Cl\u00ednica-D\u00e1vila-87x62.jpg","width":87,"height":62,"mime_type":"image\/jpeg","source_url":"https:\/\/medicina.udd.cl\/tecnologia-medica-santiago\/files\/2013\/12\/Dra.-Liliana-Jadue-y-Dra.-Paula-Daza-jefa-de-Docencia-Desarrollo-y-Comunicaciones-de-Cl\u00ednica-D\u00e1vila-87x62.jpg"},"featured-home":{"file":"Dra.-Liliana-Jadue-y-Dra.-Paula-Daza-jefa-de-Docencia-Desarrollo-y-Comunicaciones-de-Cl\u00ednica-D\u00e1vila-800x450.jpg","width":800,"height":450,"mime_type":"image\/jpeg","source_url":"https:\/\/medicina.udd.cl\/tecnologia-medica-santiago\/files\/2013\/12\/Dra.-Liliana-Jadue-y-Dra.-Paula-Daza-jefa-de-Docencia-Desarrollo-y-Comunicaciones-de-Cl\u00ednica-D\u00e1vila-800x450.jpg"},"featured-career":{"file":"Dra.-Liliana-Jadue-y-Dra.-Paula-Daza-jefa-de-Docencia-Desarrollo-y-Comunicaciones-de-Cl\u00ednica-D\u00e1vila-660x430.jpg","width":660,"height":430,"mime_type":"image\/jpeg","source_url":"https:\/\/medicina.udd.cl\/tecnologia-medica-santiago\/files\/2013\/12\/Dra.-Liliana-Jadue-y-Dra.-Paula-Daza-jefa-de-Docencia-Desarrollo-y-Comunicaciones-de-Cl\u00ednica-D\u00e1vila-660x430.jpg"},"squared":{"file":"Dra.-Liliana-Jadue-y-Dra.-Paula-Daza-jefa-de-Docencia-Desarrollo-y-Comunicaciones-de-Cl\u00ednica-D\u00e1vila-300x300.jpg","width":300,"height":300,"mime_type":"image\/jpeg","source_url":"https:\/\/medicina.udd.cl\/tecnologia-medica-santiago\/files\/2013\/12\/Dra.-Liliana-Jadue-y-Dra.-Paula-Daza-jefa-de-Docencia-Desarrollo-y-Comunicaciones-de-Cl\u00ednica-D\u00e1vila-300x300.jpg"},"stretch":{"file":"Dra.-Liliana-Jadue-y-Dra.-Paula-Daza-jefa-de-Docencia-Desarrollo-y-Comunicaciones-de-Cl\u00ednica-D\u00e1vila-800x450.jpg","width":800,"height":450,"mime_type":"image\/jpeg","source_url":"https:\/\/medicina.udd.cl\/tecnologia-medica-santiago\/files\/2013\/12\/Dra.-Liliana-Jadue-y-Dra.-Paula-Daza-jefa-de-Docencia-Desarrollo-y-Comunicaciones-de-Cl\u00ednica-D\u00e1vila-800x450.jpg"},"portrait-medium":{"file":"Dra.-Liliana-Jadue-y-Dra.-Paula-Daza-jefa-de-Docencia-Desarrollo-y-Comunicaciones-de-Cl\u00ednica-D\u00e1vila-220x260.jpg","width":220,"height":260,"mime_type":"image\/jpeg","source_url":"https:\/\/medicina.udd.cl\/tecnologia-medica-santiago\/files\/2013\/12\/Dra.-Liliana-Jadue-y-Dra.-Paula-Daza-jefa-de-Docencia-Desarrollo-y-Comunicaciones-de-Cl\u00ednica-D\u00e1vila-220x260.jpg"},"landscape-small":{"file":"Dra.-Liliana-Jadue-y-Dra.-Paula-Daza-jefa-de-Docencia-Desarrollo-y-Comunicaciones-de-Cl\u00ednica-D\u00e1vila-125x80.jpg","width":125,"height":80,"mime_type":"image\/jpeg","source_url":"https:\/\/medicina.udd.cl\/tecnologia-medica-santiago\/files\/2013\/12\/Dra.-Liliana-Jadue-y-Dra.-Paula-Daza-jefa-de-Docencia-Desarrollo-y-Comunicaciones-de-Cl\u00ednica-D\u00e1vila-125x80.jpg"},"landscape-medium":{"file":"Dra.-Liliana-Jadue-y-Dra.-Paula-Daza-jefa-de-Docencia-Desarrollo-y-Comunicaciones-de-Cl\u00ednica-D\u00e1vila-340x220.jpg","width":340,"height":220,"mime_type":"image\/jpeg","source_url":"https:\/\/medicina.udd.cl\/tecnologia-medica-santiago\/files\/2013\/12\/Dra.-Liliana-Jadue-y-Dra.-Paula-Daza-jefa-de-Docencia-Desarrollo-y-Comunicaciones-de-Cl\u00ednica-D\u00e1vila-340x220.jpg"},"landscape-large":{"file":"Dra.-Liliana-Jadue-y-Dra.-Paula-Daza-jefa-de-Docencia-Desarrollo-y-Comunicaciones-de-Cl\u00ednica-D\u00e1vila-365x255.jpg","width":365,"height":255,"mime_type":"image\/jpeg","source_url":"https:\/\/medicina.udd.cl\/tecnologia-medica-santiago\/files\/2013\/12\/Dra.-Liliana-Jadue-y-Dra.-Paula-Daza-jefa-de-Docencia-Desarrollo-y-Comunicaciones-de-Cl\u00ednica-D\u00e1vila-365x255.jpg"},"landscape-xlarge":{"file":"Dra.-Liliana-Jadue-y-Dra.-Paula-Daza-jefa-de-Docencia-Desarrollo-y-Comunicaciones-de-Cl\u00ednica-D\u00e1vila-660x430.jpg","width":660,"height":430,"mime_type":"image\/jpeg","source_url":"https:\/\/medicina.udd.cl\/tecnologia-medica-santiago\/files\/2013\/12\/Dra.-Liliana-Jadue-y-Dra.-Paula-Daza-jefa-de-Docencia-Desarrollo-y-Comunicaciones-de-Cl\u00ednica-D\u00e1vila-660x430.jpg"},"panoramic":{"file":"Dra.-Liliana-Jadue-y-Dra.-Paula-Daza-jefa-de-Docencia-Desarrollo-y-Comunicaciones-de-Cl\u00ednica-D\u00e1vila-940x345.jpg","width":940,"height":345,"mime_type":"image\/jpeg","source_url":"https:\/\/medicina.udd.cl\/tecnologia-medica-santiago\/files\/2013\/12\/Dra.-Liliana-Jadue-y-Dra.-Paula-Daza-jefa-de-Docencia-Desarrollo-y-Comunicaciones-de-Cl\u00ednica-D\u00e1vila-940x345.jpg"},"stretch-large":{"file":"Dra.-Liliana-Jadue-y-Dra.-Paula-Daza-jefa-de-Docencia-Desarrollo-y-Comunicaciones-de-Cl\u00ednica-D\u00e1vila-940x450.jpg","width":940,"height":450,"mime_type":"image\/jpeg","source_url":"https:\/\/medicina.udd.cl\/tecnologia-medica-santiago\/files\/2013\/12\/Dra.-Liliana-Jadue-y-Dra.-Paula-Daza-jefa-de-Docencia-Desarrollo-y-Comunicaciones-de-Cl\u00ednica-D\u00e1vila-940x450.jpg"},"proportional-large":{"file":"Dra.-Liliana-Jadue-y-Dra.-Paula-Daza-jefa-de-Docencia-Desarrollo-y-Comunicaciones-de-Cl\u00ednica-D\u00e1vila-960x794.jpg","width":960,"height":794,"mime_type":"image\/jpeg","source_url":"https:\/\/medicina.udd.cl\/tecnologia-medica-santiago\/files\/2013\/12\/Dra.-Liliana-Jadue-y-Dra.-Paula-Daza-jefa-de-Docencia-Desarrollo-y-Comunicaciones-de-Cl\u00ednica-D\u00e1vila-960x794.jpg"},"custom_content":{"file":"Dra.-Liliana-Jadue-y-Dra.-Paula-Daza-jefa-de-Docencia-Desarrollo-y-Comunicaciones-de-Cl\u00ednica-D\u00e1vila-126x126.jpg","width":126,"height":126,"mime_type":"image\/jpeg","source_url":"https:\/\/medicina.udd.cl\/tecnologia-medica-santiago\/files\/2013\/12\/Dra.-Liliana-Jadue-y-Dra.-Paula-Daza-jefa-de-Docencia-Desarrollo-y-Comunicaciones-de-Cl\u00ednica-D\u00e1vila-126x126.jpg"},"full":{"file":"Dra.-Liliana-Jadue-y-Dra.-Paula-Daza-jefa-de-Docencia-Desarrollo-y-Comunicaciones-de-Cl\u00ednica-D\u00e1vila.jpg","width":2299,"height":1901,"mime_type":"image\/jpeg","source_url":"https:\/\/medicina.udd.cl\/tecnologia-medica-santiago\/files\/2013\/12\/Dra.-Liliana-Jadue-y-Dra.-Paula-Daza-jefa-de-Docencia-Desarrollo-y-Comunicaciones-de-Cl\u00ednica-D\u00e1vila.jpg"}},"image_meta":{"aperture":"3.5","credit":"","camera":"Canon EOS REBEL T2i","caption":"","created_timestamp":"1385638449","copyright":"","focal_length":"18","iso":"160","shutter_speed":"0.033333333333333","title":"","orientation":"0","keywords":[]}},"post":2682,"source_url":"https:\/\/medicina.udd.cl\/tecnologia-medica-santiago\/files\/2013\/12\/Dra.-Liliana-Jadue-y-Dra.-Paula-Daza-jefa-de-Docencia-Desarrollo-y-Comunicaciones-de-Cl\u00ednica-D\u00e1vila.jpg","_links":{"self":[{"href":"https:\/\/medicina.udd.cl\/tecnologia-medica-santiago\/wp-json\/wp\/v2\/media\/2691","targetHints":{"allow":["GET"]}}],"collection":[{"href":"https:\/\/medicina.udd.cl\/tecnologia-medica-santiago\/wp-json\/wp\/v2\/media"}],"about":[{"href":"https:\/\/medicina.udd.cl\/tecnologia-medica-santiago\/wp-json\/wp\/v2\/types\/attachment"}],"author":[{"embeddable":true,"href":"https:\/\/medicina.udd.cl\/tecnologia-medica-santiago\/wp-json\/wp\/v2\/users\/40"}],"replies":[{"embeddable":true,"href":"https:\/\/medicina.udd.cl\/tecnologia-medica-santiago\/wp-json\/wp\/v2\/comments?post=2691"}],"wp:attached-to":[{"embeddable":true,"post_type":"post","id":2682,"href":"https:\/\/medicina.udd.cl\/tecnologia-medica-santiago\/wp-json\/wp\/v2\/posts\/2682"}],"curies":[{"name":"wp","href":"https:\/\/api.w.org\/{rel}","templated":true}]}}