{"id":6187,"date":"2020-02-25T14:34:54","date_gmt":"2020-02-25T17:34:54","guid":{"rendered":"http:\/\/medicina.udd.cl\/tecnologia-medica-santiago\/files\/2020\/02\/Coordinadora-TM-en-congreso-en-Ecuador-1.jpeg"},"modified":"2020-02-25T14:34:54","modified_gmt":"2020-02-25T17:34:54","slug":"coordinadora-tm-en-congreso-en-ecuador-1","status":"inherit","type":"attachment","link":"https:\/\/medicina.udd.cl\/tecnologia-medica-santiago\/noticias\/2020\/02\/25\/coordinadora-de-tecnologia-medica-participo-como-expositora-en-congreso-realizado-en-ecuador\/coordinadora-tm-en-congreso-en-ecuador-1\/","title":{"rendered":"Coordinadora-TM-en-congreso-en-Ecuador-1"},"author":42,"featured_media":0,"comment_status":"open","ping_status":"closed","template":"","meta":[],"class_list":["post-6187","attachment","type-attachment","status-inherit","hentry"],"yoast_head":"<!-- This site is optimized with the Yoast SEO plugin v26.9 - https:\/\/yoast.com\/product\/yoast-seo-wordpress\/ -->\n<title>Coordinadora-TM-en-congreso-en-Ecuador-1 - Tecnolog\u00eda M\u00e9dica<\/title>\n<meta name=\"robots\" content=\"index, follow, max-snippet:-1, max-image-preview:large, max-video-preview:-1\" \/>\n<link rel=\"canonical\" href=\"https:\/\/medicina.udd.cl\/tecnologia-medica-santiago\/files\/2020\/02\/Coordinadora-TM-en-congreso-en-Ecuador-1.jpeg\" \/>\n<meta property=\"og:locale\" content=\"es_ES\" \/>\n<meta property=\"og:type\" content=\"article\" \/>\n<meta property=\"og:title\" content=\"Coordinadora-TM-en-congreso-en-Ecuador-1 - Tecnolog\u00eda M\u00e9dica\" \/>\n<meta property=\"og:url\" content=\"https:\/\/medicina.udd.cl\/tecnologia-medica-santiago\/files\/2020\/02\/Coordinadora-TM-en-congreso-en-Ecuador-1.jpeg\" \/>\n<meta property=\"og:site_name\" content=\"Tecnolog\u00eda M\u00e9dica\" \/>\n<meta property=\"og:image\" content=\"https:\/\/medicina.udd.cl\/tecnologia-medica-santiago\/files\/2020\/02\/Coordinadora-TM-en-congreso-en-Ecuador-1-768x1024.jpeg\" \/>\n\t<meta property=\"og:image:width\" content=\"768\" \/>\n\t<meta property=\"og:image:height\" content=\"1024\" \/>\n\t<meta property=\"og:image:type\" content=\"image\/jpeg\" \/>\n<script type=\"application\/ld+json\" class=\"yoast-schema-graph\">{\"@context\":\"https:\/\/schema.org\",\"@graph\":[{\"@type\":\"WebPage\",\"@id\":\"https:\/\/medicina.udd.cl\/tecnologia-medica-santiago\/files\/2020\/02\/Coordinadora-TM-en-congreso-en-Ecuador-1.jpeg\",\"url\":\"https:\/\/medicina.udd.cl\/tecnologia-medica-santiago\/files\/2020\/02\/Coordinadora-TM-en-congreso-en-Ecuador-1.jpeg\",\"name\":\"Coordinadora-TM-en-congreso-en-Ecuador-1 - Tecnolog\u00eda M\u00e9dica\",\"isPartOf\":{\"@id\":\"https:\/\/medicina.udd.cl\/tecnologia-medica-santiago\/#website\"},\"datePublished\":\"2020-02-25T17:34:54+00:00\",\"breadcrumb\":{\"@id\":\"https:\/\/medicina.udd.cl\/tecnologia-medica-santiago\/files\/2020\/02\/Coordinadora-TM-en-congreso-en-Ecuador-1.jpeg#breadcrumb\"},\"inLanguage\":\"es\",\"potentialAction\":[{\"@type\":\"ReadAction\",\"target\":[\"https:\/\/medicina.udd.cl\/tecnologia-medica-santiago\/files\/2020\/02\/Coordinadora-TM-en-congreso-en-Ecuador-1.jpeg\"]}]},{\"@type\":\"BreadcrumbList\",\"@id\":\"https:\/\/medicina.udd.cl\/tecnologia-medica-santiago\/files\/2020\/02\/Coordinadora-TM-en-congreso-en-Ecuador-1.jpeg#breadcrumb\",\"itemListElement\":[{\"@type\":\"ListItem\",\"position\":1,\"name\":\"Home\",\"item\":\"https:\/\/medicina.udd.cl\/tecnologia-medica-santiago\/\"},{\"@type\":\"ListItem\",\"position\":2,\"name\":\"Coordinadora de Tecnolog\u00eda M\u00e9dica expuso en congreso latinoamericano realizado en Ecuador\",\"item\":\"https:\/\/medicina.udd.cl\/tecnologia-medica-santiago\/noticias\/2020\/02\/25\/coordinadora-de-tecnologia-medica-participo-como-expositora-en-congreso-realizado-en-ecuador\/\"},{\"@type\":\"ListItem\",\"position\":3,\"name\":\"Coordinadora-TM-en-congreso-en-Ecuador-1\"}]},{\"@type\":\"WebSite\",\"@id\":\"https:\/\/medicina.udd.cl\/tecnologia-medica-santiago\/#website\",\"url\":\"https:\/\/medicina.udd.cl\/tecnologia-medica-santiago\/\",\"name\":\"Tecnolog\u00eda M\u00e9dica\",\"description\":\"Facultad de Medicina Cl\u00ednica Alemana Universidad del Desarrollo\",\"inLanguage\":\"es\"}]}<\/script>\n<!-- \/ Yoast SEO plugin. -->","yoast_head_json":{"title":"Coordinadora-TM-en-congreso-en-Ecuador-1 - Tecnolog\u00eda M\u00e9dica","robots":{"index":"index","follow":"follow","max-snippet":"max-snippet:-1","max-image-preview":"max-image-preview:large","max-video-preview":"max-video-preview:-1"},"canonical":"https:\/\/medicina.udd.cl\/tecnologia-medica-santiago\/files\/2020\/02\/Coordinadora-TM-en-congreso-en-Ecuador-1.jpeg","og_locale":"es_ES","og_type":"article","og_title":"Coordinadora-TM-en-congreso-en-Ecuador-1 - Tecnolog\u00eda M\u00e9dica","og_url":"https:\/\/medicina.udd.cl\/tecnologia-medica-santiago\/files\/2020\/02\/Coordinadora-TM-en-congreso-en-Ecuador-1.jpeg","og_site_name":"Tecnolog\u00eda M\u00e9dica","og_image":[{"width":768,"height":1024,"url":"https:\/\/medicina.udd.cl\/tecnologia-medica-santiago\/files\/2020\/02\/Coordinadora-TM-en-congreso-en-Ecuador-1-768x1024.jpeg","type":"image\/jpeg"}],"schema":{"@context":"https:\/\/schema.org","@graph":[{"@type":"WebPage","@id":"https:\/\/medicina.udd.cl\/tecnologia-medica-santiago\/files\/2020\/02\/Coordinadora-TM-en-congreso-en-Ecuador-1.jpeg","url":"https:\/\/medicina.udd.cl\/tecnologia-medica-santiago\/files\/2020\/02\/Coordinadora-TM-en-congreso-en-Ecuador-1.jpeg","name":"Coordinadora-TM-en-congreso-en-Ecuador-1 - Tecnolog\u00eda M\u00e9dica","isPartOf":{"@id":"https:\/\/medicina.udd.cl\/tecnologia-medica-santiago\/#website"},"datePublished":"2020-02-25T17:34:54+00:00","breadcrumb":{"@id":"https:\/\/medicina.udd.cl\/tecnologia-medica-santiago\/files\/2020\/02\/Coordinadora-TM-en-congreso-en-Ecuador-1.jpeg#breadcrumb"},"inLanguage":"es","potentialAction":[{"@type":"ReadAction","target":["https:\/\/medicina.udd.cl\/tecnologia-medica-santiago\/files\/2020\/02\/Coordinadora-TM-en-congreso-en-Ecuador-1.jpeg"]}]},{"@type":"BreadcrumbList","@id":"https:\/\/medicina.udd.cl\/tecnologia-medica-santiago\/files\/2020\/02\/Coordinadora-TM-en-congreso-en-Ecuador-1.jpeg#breadcrumb","itemListElement":[{"@type":"ListItem","position":1,"name":"Home","item":"https:\/\/medicina.udd.cl\/tecnologia-medica-santiago\/"},{"@type":"ListItem","position":2,"name":"Coordinadora de Tecnolog\u00eda M\u00e9dica expuso en congreso latinoamericano realizado en Ecuador","item":"https:\/\/medicina.udd.cl\/tecnologia-medica-santiago\/noticias\/2020\/02\/25\/coordinadora-de-tecnologia-medica-participo-como-expositora-en-congreso-realizado-en-ecuador\/"},{"@type":"ListItem","position":3,"name":"Coordinadora-TM-en-congreso-en-Ecuador-1"}]},{"@type":"WebSite","@id":"https:\/\/medicina.udd.cl\/tecnologia-medica-santiago\/#website","url":"https:\/\/medicina.udd.cl\/tecnologia-medica-santiago\/","name":"Tecnolog\u00eda M\u00e9dica","description":"Facultad de Medicina Cl\u00ednica Alemana Universidad del Desarrollo","inLanguage":"es"}]}},"description":{"rendered":"<p class=\"attachment\"><a href='https:\/\/medicina.udd.cl\/tecnologia-medica-santiago\/files\/2020\/02\/Coordinadora-TM-en-congreso-en-Ecuador-1.jpeg'><img loading=\"lazy\" decoding=\"async\" width=\"225\" height=\"300\" src=\"https:\/\/medicina.udd.cl\/tecnologia-medica-santiago\/files\/2020\/02\/Coordinadora-TM-en-congreso-en-Ecuador-1-225x300.jpeg\" class=\"attachment-medium size-medium\" alt=\"\" srcset=\"https:\/\/medicina.udd.cl\/tecnologia-medica-santiago\/files\/2020\/02\/Coordinadora-TM-en-congreso-en-Ecuador-1-225x300.jpeg 225w, https:\/\/medicina.udd.cl\/tecnologia-medica-santiago\/files\/2020\/02\/Coordinadora-TM-en-congreso-en-Ecuador-1-768x1024.jpeg 768w\" sizes=\"auto, (max-width: 225px) 100vw, 225px\" \/><\/a><\/p>\n"},"caption":{"rendered":""},"alt_text":"","media_type":"image","mime_type":"image\/jpeg","media_details":{"width":3024,"height":4032,"file":"2020\/02\/Coordinadora-TM-en-congreso-en-Ecuador-1.jpeg","sizes":{"thumbnail":{"file":"Coordinadora-TM-en-congreso-en-Ecuador-1-150x150.jpeg","width":150,"height":150,"mime_type":"image\/jpeg","source_url":"https:\/\/medicina.udd.cl\/tecnologia-medica-santiago\/files\/2020\/02\/Coordinadora-TM-en-congreso-en-Ecuador-1-150x150.jpeg"},"medium":{"file":"Coordinadora-TM-en-congreso-en-Ecuador-1-225x300.jpeg","width":225,"height":300,"mime_type":"image\/jpeg","source_url":"https:\/\/medicina.udd.cl\/tecnologia-medica-santiago\/files\/2020\/02\/Coordinadora-TM-en-congreso-en-Ecuador-1-225x300.jpeg"},"medium_large":{"file":"Coordinadora-TM-en-congreso-en-Ecuador-1-768x1024.jpeg","width":768,"height":1024,"mime_type":"image\/jpeg","source_url":"https:\/\/medicina.udd.cl\/tecnologia-medica-santiago\/files\/2020\/02\/Coordinadora-TM-en-congreso-en-Ecuador-1-768x1024.jpeg"},"large":{"file":"Coordinadora-TM-en-congreso-en-Ecuador-1-768x1024.jpeg","width":768,"height":1024,"mime_type":"image\/jpeg","source_url":"https:\/\/medicina.udd.cl\/tecnologia-medica-santiago\/files\/2020\/02\/Coordinadora-TM-en-congreso-en-Ecuador-1-768x1024.jpeg"},"newsletter_featured":{"file":"Coordinadora-TM-en-congreso-en-Ecuador-1-316x224.jpeg","width":316,"height":224,"mime_type":"image\/jpeg","source_url":"https:\/\/medicina.udd.cl\/tecnologia-medica-santiago\/files\/2020\/02\/Coordinadora-TM-en-congreso-en-Ecuador-1-316x224.jpeg"},"newsletter_first":{"file":"Coordinadora-TM-en-congreso-en-Ecuador-1-286x205.jpeg","width":286,"height":205,"mime_type":"image\/jpeg","source_url":"https:\/\/medicina.udd.cl\/tecnologia-medica-santiago\/files\/2020\/02\/Coordinadora-TM-en-congreso-en-Ecuador-1-286x205.jpeg"},"newsletter_thumb":{"file":"Coordinadora-TM-en-congreso-en-Ecuador-1-288x150.jpeg","width":288,"height":150,"mime_type":"image\/jpeg","source_url":"https:\/\/medicina.udd.cl\/tecnologia-medica-santiago\/files\/2020\/02\/Coordinadora-TM-en-congreso-en-Ecuador-1-288x150.jpeg"},"newsletter_column":{"file":"Coordinadora-TM-en-congreso-en-Ecuador-1-182x140.jpeg","width":182,"height":140,"mime_type":"image\/jpeg","source_url":"https:\/\/medicina.udd.cl\/tecnologia-medica-santiago\/files\/2020\/02\/Coordinadora-TM-en-congreso-en-Ecuador-1-182x140.jpeg"},"newsletter_square":{"file":"Coordinadora-TM-en-congreso-en-Ecuador-1-62x62.jpeg","width":62,"height":62,"mime_type":"image\/jpeg","source_url":"https:\/\/medicina.udd.cl\/tecnologia-medica-santiago\/files\/2020\/02\/Coordinadora-TM-en-congreso-en-Ecuador-1-62x62.jpeg"},"newsletter_square_large":{"file":"Coordinadora-TM-en-congreso-en-Ecuador-1-87x62.jpeg","width":87,"height":62,"mime_type":"image\/jpeg","source_url":"https:\/\/medicina.udd.cl\/tecnologia-medica-santiago\/files\/2020\/02\/Coordinadora-TM-en-congreso-en-Ecuador-1-87x62.jpeg"},"landscape_1920":{"file":"Coordinadora-TM-en-congreso-en-Ecuador-1-1920x1080.jpeg","width":1920,"height":1080,"mime_type":"image\/jpeg","source_url":"https:\/\/medicina.udd.cl\/tecnologia-medica-santiago\/files\/2020\/02\/Coordinadora-TM-en-congreso-en-Ecuador-1-1920x1080.jpeg"},"landscape_1366":{"file":"Coordinadora-TM-en-congreso-en-Ecuador-1-1366x768.jpeg","width":1366,"height":768,"mime_type":"image\/jpeg","source_url":"https:\/\/medicina.udd.cl\/tecnologia-medica-santiago\/files\/2020\/02\/Coordinadora-TM-en-congreso-en-Ecuador-1-1366x768.jpeg"},"landscape_952":{"file":"Coordinadora-TM-en-congreso-en-Ecuador-1-952x534.jpeg","width":952,"height":534,"mime_type":"image\/jpeg","source_url":"https:\/\/medicina.udd.cl\/tecnologia-medica-santiago\/files\/2020\/02\/Coordinadora-TM-en-congreso-en-Ecuador-1-952x534.jpeg"},"landscape_680":{"file":"Coordinadora-TM-en-congreso-en-Ecuador-1-680x382.jpeg","width":680,"height":382,"mime_type":"image\/jpeg","source_url":"https:\/\/medicina.udd.cl\/tecnologia-medica-santiago\/files\/2020\/02\/Coordinadora-TM-en-congreso-en-Ecuador-1-680x382.jpeg"},"square_750":{"file":"Coordinadora-TM-en-congreso-en-Ecuador-1-750x750.jpeg","width":750,"height":750,"mime_type":"image\/jpeg","source_url":"https:\/\/medicina.udd.cl\/tecnologia-medica-santiago\/files\/2020\/02\/Coordinadora-TM-en-congreso-en-Ecuador-1-750x750.jpeg"},"square_500":{"file":"Coordinadora-TM-en-congreso-en-Ecuador-1-500x500.jpeg","width":500,"height":500,"mime_type":"image\/jpeg","source_url":"https:\/\/medicina.udd.cl\/tecnologia-medica-santiago\/files\/2020\/02\/Coordinadora-TM-en-congreso-en-Ecuador-1-500x500.jpeg"},"square_200":{"file":"Coordinadora-TM-en-congreso-en-Ecuador-1-250x250.jpeg","width":250,"height":250,"mime_type":"image\/jpeg","source_url":"https:\/\/medicina.udd.cl\/tecnologia-medica-santiago\/files\/2020\/02\/Coordinadora-TM-en-congreso-en-Ecuador-1-250x250.jpeg"},"post-thumbnail":{"file":"Coordinadora-TM-en-congreso-en-Ecuador-1-952x534.jpeg","width":952,"height":534,"mime_type":"image\/jpeg","source_url":"https:\/\/medicina.udd.cl\/tecnologia-medica-santiago\/files\/2020\/02\/Coordinadora-TM-en-congreso-en-Ecuador-1-952x534.jpeg"},"custom_content":{"file":"Coordinadora-TM-en-congreso-en-Ecuador-1-126x126.jpeg","width":126,"height":126,"mime_type":"image\/jpeg","source_url":"https:\/\/medicina.udd.cl\/tecnologia-medica-santiago\/files\/2020\/02\/Coordinadora-TM-en-congreso-en-Ecuador-1-126x126.jpeg"},"full":{"file":"Coordinadora-TM-en-congreso-en-Ecuador-1.jpeg","width":3024,"height":4032,"mime_type":"image\/jpeg","source_url":"https:\/\/medicina.udd.cl\/tecnologia-medica-santiago\/files\/2020\/02\/Coordinadora-TM-en-congreso-en-Ecuador-1.jpeg"}},"image_meta":{"aperture":"1.8","credit":"","camera":"iPhone XR","caption":"","created_timestamp":"1581752847","copyright":"","focal_length":"4.25","iso":"640","shutter_speed":"0.041666666666667","title":"","orientation":"0","keywords":[]}},"post":6186,"source_url":"https:\/\/medicina.udd.cl\/tecnologia-medica-santiago\/files\/2020\/02\/Coordinadora-TM-en-congreso-en-Ecuador-1.jpeg","_links":{"self":[{"href":"https:\/\/medicina.udd.cl\/tecnologia-medica-santiago\/wp-json\/wp\/v2\/media\/6187","targetHints":{"allow":["GET"]}}],"collection":[{"href":"https:\/\/medicina.udd.cl\/tecnologia-medica-santiago\/wp-json\/wp\/v2\/media"}],"about":[{"href":"https:\/\/medicina.udd.cl\/tecnologia-medica-santiago\/wp-json\/wp\/v2\/types\/attachment"}],"author":[{"embeddable":true,"href":"https:\/\/medicina.udd.cl\/tecnologia-medica-santiago\/wp-json\/wp\/v2\/users\/42"}],"replies":[{"embeddable":true,"href":"https:\/\/medicina.udd.cl\/tecnologia-medica-santiago\/wp-json\/wp\/v2\/comments?post=6187"}],"wp:attached-to":[{"embeddable":true,"post_type":"post","id":6186,"href":"https:\/\/medicina.udd.cl\/tecnologia-medica-santiago\/wp-json\/wp\/v2\/posts\/6186"}],"curies":[{"name":"wp","href":"https:\/\/api.w.org\/{rel}","templated":true}]}}