{"id":7603,"date":"2022-06-14T11:37:41","date_gmt":"2022-06-14T15:37:41","guid":{"rendered":"https:\/\/medicina.udd.cl\/tecnologia-medica-santiago\/files\/2022\/06\/Nutri-y-TM-Ceremonia-Titulaci\u00f3n-generaci\u00f3n-2021-13.jpg"},"modified":"2022-06-14T11:37:41","modified_gmt":"2022-06-14T15:37:41","slug":"nutri-y-tm-ceremonia-titulacion-generacion-2021-13","status":"inherit","type":"attachment","link":"https:\/\/medicina.udd.cl\/tecnologia-medica-santiago\/noticias\/2022\/06\/14\/udd-titula-a-la-generacion-2021-de-nutricionistas-y-tecnologos-medicos\/nutri-y-tm-ceremonia-titulacion-generacion-2021-13\/","title":{"rendered":"Nutri y TM &#8211; Ceremonia Titulaci\u00f3n generaci\u00f3n 2021 (13)"},"author":9192219,"featured_media":0,"comment_status":"open","ping_status":"closed","template":"","meta":[],"class_list":["post-7603","attachment","type-attachment","status-inherit","hentry"],"yoast_head":"<!-- This site is optimized with the Yoast SEO plugin v26.9 - https:\/\/yoast.com\/product\/yoast-seo-wordpress\/ -->\n<title>Nutri y TM - Ceremonia Titulaci\u00f3n generaci\u00f3n 2021 (13) - Tecnolog\u00eda M\u00e9dica<\/title>\n<meta name=\"robots\" content=\"index, follow, max-snippet:-1, max-image-preview:large, max-video-preview:-1\" \/>\n<link rel=\"canonical\" href=\"https:\/\/medicina.udd.cl\/tecnologia-medica-santiago\/files\/2022\/06\/Nutri-y-TM-Ceremonia-Titulaci\u00f3n-generaci\u00f3n-2021-13-scaled.jpg\" \/>\n<meta property=\"og:locale\" content=\"es_ES\" \/>\n<meta property=\"og:type\" content=\"article\" \/>\n<meta property=\"og:title\" content=\"Nutri y TM - Ceremonia Titulaci\u00f3n generaci\u00f3n 2021 (13) - Tecnolog\u00eda M\u00e9dica\" \/>\n<meta property=\"og:url\" content=\"https:\/\/medicina.udd.cl\/tecnologia-medica-santiago\/files\/2022\/06\/Nutri-y-TM-Ceremonia-Titulaci\u00f3n-generaci\u00f3n-2021-13-scaled.jpg\" \/>\n<meta property=\"og:site_name\" content=\"Tecnolog\u00eda M\u00e9dica\" \/>\n<meta property=\"og:image\" content=\"https:\/\/medicina.udd.cl\/tecnologia-medica-santiago\/files\/2022\/06\/Nutri-y-TM-Ceremonia-Titulaci\u00f3n-generaci\u00f3n-2021-13-scaled.jpg\" \/>\n\t<meta property=\"og:image:width\" content=\"2560\" \/>\n\t<meta property=\"og:image:height\" content=\"1729\" \/>\n\t<meta property=\"og:image:type\" content=\"image\/jpeg\" \/>\n<script type=\"application\/ld+json\" class=\"yoast-schema-graph\">{\"@context\":\"https:\/\/schema.org\",\"@graph\":[{\"@type\":\"WebPage\",\"@id\":\"https:\/\/medicina.udd.cl\/tecnologia-medica-santiago\/files\/2022\/06\/Nutri-y-TM-Ceremonia-Titulaci\u00f3n-generaci\u00f3n-2021-13-scaled.jpg\",\"url\":\"https:\/\/medicina.udd.cl\/tecnologia-medica-santiago\/files\/2022\/06\/Nutri-y-TM-Ceremonia-Titulaci\u00f3n-generaci\u00f3n-2021-13-scaled.jpg\",\"name\":\"Nutri y TM - Ceremonia Titulaci\u00f3n generaci\u00f3n 2021 (13) - Tecnolog\u00eda M\u00e9dica\",\"isPartOf\":{\"@id\":\"https:\/\/medicina.udd.cl\/tecnologia-medica-santiago\/#website\"},\"datePublished\":\"2022-06-14T15:37:41+00:00\",\"breadcrumb\":{\"@id\":\"https:\/\/medicina.udd.cl\/tecnologia-medica-santiago\/files\/2022\/06\/Nutri-y-TM-Ceremonia-Titulaci\u00f3n-generaci\u00f3n-2021-13-scaled.jpg#breadcrumb\"},\"inLanguage\":\"es\",\"potentialAction\":[{\"@type\":\"ReadAction\",\"target\":[\"https:\/\/medicina.udd.cl\/tecnologia-medica-santiago\/files\/2022\/06\/Nutri-y-TM-Ceremonia-Titulaci\u00f3n-generaci\u00f3n-2021-13-scaled.jpg\"]}]},{\"@type\":\"BreadcrumbList\",\"@id\":\"https:\/\/medicina.udd.cl\/tecnologia-medica-santiago\/files\/2022\/06\/Nutri-y-TM-Ceremonia-Titulaci\u00f3n-generaci\u00f3n-2021-13-scaled.jpg#breadcrumb\",\"itemListElement\":[{\"@type\":\"ListItem\",\"position\":1,\"name\":\"Home\",\"item\":\"https:\/\/medicina.udd.cl\/tecnologia-medica-santiago\/\"},{\"@type\":\"ListItem\",\"position\":2,\"name\":\"UDD titula a la generaci\u00f3n 2021 de nutricionistas y tecn\u00f3logos m\u00e9dicos\",\"item\":\"https:\/\/medicina.udd.cl\/tecnologia-medica-santiago\/noticias\/2022\/06\/14\/udd-titula-a-la-generacion-2021-de-nutricionistas-y-tecnologos-medicos\/\"},{\"@type\":\"ListItem\",\"position\":3,\"name\":\"Nutri y TM &#8211; Ceremonia Titulaci\u00f3n generaci\u00f3n 2021 (13)\"}]},{\"@type\":\"WebSite\",\"@id\":\"https:\/\/medicina.udd.cl\/tecnologia-medica-santiago\/#website\",\"url\":\"https:\/\/medicina.udd.cl\/tecnologia-medica-santiago\/\",\"name\":\"Tecnolog\u00eda M\u00e9dica\",\"description\":\"Facultad de Medicina Cl\u00ednica Alemana Universidad del Desarrollo\",\"inLanguage\":\"es\"}]}<\/script>\n<!-- \/ Yoast SEO plugin. -->","yoast_head_json":{"title":"Nutri y TM - Ceremonia Titulaci\u00f3n generaci\u00f3n 2021 (13) - Tecnolog\u00eda M\u00e9dica","robots":{"index":"index","follow":"follow","max-snippet":"max-snippet:-1","max-image-preview":"max-image-preview:large","max-video-preview":"max-video-preview:-1"},"canonical":"https:\/\/medicina.udd.cl\/tecnologia-medica-santiago\/files\/2022\/06\/Nutri-y-TM-Ceremonia-Titulaci\u00f3n-generaci\u00f3n-2021-13-scaled.jpg","og_locale":"es_ES","og_type":"article","og_title":"Nutri y TM - Ceremonia Titulaci\u00f3n generaci\u00f3n 2021 (13) - Tecnolog\u00eda M\u00e9dica","og_url":"https:\/\/medicina.udd.cl\/tecnologia-medica-santiago\/files\/2022\/06\/Nutri-y-TM-Ceremonia-Titulaci\u00f3n-generaci\u00f3n-2021-13-scaled.jpg","og_site_name":"Tecnolog\u00eda M\u00e9dica","og_image":[{"width":2560,"height":1729,"url":"https:\/\/medicina.udd.cl\/tecnologia-medica-santiago\/files\/2022\/06\/Nutri-y-TM-Ceremonia-Titulaci\u00f3n-generaci\u00f3n-2021-13-scaled.jpg","type":"image\/jpeg"}],"schema":{"@context":"https:\/\/schema.org","@graph":[{"@type":"WebPage","@id":"https:\/\/medicina.udd.cl\/tecnologia-medica-santiago\/files\/2022\/06\/Nutri-y-TM-Ceremonia-Titulaci\u00f3n-generaci\u00f3n-2021-13-scaled.jpg","url":"https:\/\/medicina.udd.cl\/tecnologia-medica-santiago\/files\/2022\/06\/Nutri-y-TM-Ceremonia-Titulaci\u00f3n-generaci\u00f3n-2021-13-scaled.jpg","name":"Nutri y TM - Ceremonia Titulaci\u00f3n generaci\u00f3n 2021 (13) - Tecnolog\u00eda M\u00e9dica","isPartOf":{"@id":"https:\/\/medicina.udd.cl\/tecnologia-medica-santiago\/#website"},"datePublished":"2022-06-14T15:37:41+00:00","breadcrumb":{"@id":"https:\/\/medicina.udd.cl\/tecnologia-medica-santiago\/files\/2022\/06\/Nutri-y-TM-Ceremonia-Titulaci\u00f3n-generaci\u00f3n-2021-13-scaled.jpg#breadcrumb"},"inLanguage":"es","potentialAction":[{"@type":"ReadAction","target":["https:\/\/medicina.udd.cl\/tecnologia-medica-santiago\/files\/2022\/06\/Nutri-y-TM-Ceremonia-Titulaci\u00f3n-generaci\u00f3n-2021-13-scaled.jpg"]}]},{"@type":"BreadcrumbList","@id":"https:\/\/medicina.udd.cl\/tecnologia-medica-santiago\/files\/2022\/06\/Nutri-y-TM-Ceremonia-Titulaci\u00f3n-generaci\u00f3n-2021-13-scaled.jpg#breadcrumb","itemListElement":[{"@type":"ListItem","position":1,"name":"Home","item":"https:\/\/medicina.udd.cl\/tecnologia-medica-santiago\/"},{"@type":"ListItem","position":2,"name":"UDD titula a la generaci\u00f3n 2021 de nutricionistas y tecn\u00f3logos m\u00e9dicos","item":"https:\/\/medicina.udd.cl\/tecnologia-medica-santiago\/noticias\/2022\/06\/14\/udd-titula-a-la-generacion-2021-de-nutricionistas-y-tecnologos-medicos\/"},{"@type":"ListItem","position":3,"name":"Nutri y TM &#8211; Ceremonia Titulaci\u00f3n generaci\u00f3n 2021 (13)"}]},{"@type":"WebSite","@id":"https:\/\/medicina.udd.cl\/tecnologia-medica-santiago\/#website","url":"https:\/\/medicina.udd.cl\/tecnologia-medica-santiago\/","name":"Tecnolog\u00eda M\u00e9dica","description":"Facultad de Medicina Cl\u00ednica Alemana Universidad del Desarrollo","inLanguage":"es"}]}},"description":{"rendered":"<p class=\"attachment\"><a href='https:\/\/medicina.udd.cl\/tecnologia-medica-santiago\/files\/2022\/06\/Nutri-y-TM-Ceremonia-Titulaci\u00f3n-generaci\u00f3n-2021-13-scaled.jpg'><img loading=\"lazy\" decoding=\"async\" width=\"300\" height=\"203\" src=\"https:\/\/medicina.udd.cl\/tecnologia-medica-santiago\/files\/2022\/06\/Nutri-y-TM-Ceremonia-Titulaci\u00f3n-generaci\u00f3n-2021-13-300x203.jpg\" class=\"attachment-medium size-medium\" alt=\"\" srcset=\"https:\/\/medicina.udd.cl\/tecnologia-medica-santiago\/files\/2022\/06\/Nutri-y-TM-Ceremonia-Titulaci\u00f3n-generaci\u00f3n-2021-13-300x203.jpg 300w, https:\/\/medicina.udd.cl\/tecnologia-medica-santiago\/files\/2022\/06\/Nutri-y-TM-Ceremonia-Titulaci\u00f3n-generaci\u00f3n-2021-13-1024x692.jpg 1024w, https:\/\/medicina.udd.cl\/tecnologia-medica-santiago\/files\/2022\/06\/Nutri-y-TM-Ceremonia-Titulaci\u00f3n-generaci\u00f3n-2021-13-768x519.jpg 768w, https:\/\/medicina.udd.cl\/tecnologia-medica-santiago\/files\/2022\/06\/Nutri-y-TM-Ceremonia-Titulaci\u00f3n-generaci\u00f3n-2021-13-1536x1038.jpg 1536w, https:\/\/medicina.udd.cl\/tecnologia-medica-santiago\/files\/2022\/06\/Nutri-y-TM-Ceremonia-Titulaci\u00f3n-generaci\u00f3n-2021-13-2048x1383.jpg 2048w\" sizes=\"auto, (max-width: 300px) 100vw, 300px\" \/><\/a><\/p>\n"},"caption":{"rendered":""},"alt_text":"","media_type":"image","mime_type":"image\/jpeg","media_details":{"width":2560,"height":1729,"file":"2022\/06\/Nutri-y-TM-Ceremonia-Titulaci\u00f3n-generaci\u00f3n-2021-13-scaled.jpg","sizes":{"medium":{"file":"Nutri-y-TM-Ceremonia-Titulaci\u00f3n-generaci\u00f3n-2021-13-300x203.jpg","width":300,"height":203,"mime_type":"image\/jpeg","source_url":"https:\/\/medicina.udd.cl\/tecnologia-medica-santiago\/files\/2022\/06\/Nutri-y-TM-Ceremonia-Titulaci\u00f3n-generaci\u00f3n-2021-13-300x203.jpg"},"large":{"file":"Nutri-y-TM-Ceremonia-Titulaci\u00f3n-generaci\u00f3n-2021-13-1024x692.jpg","width":1024,"height":692,"mime_type":"image\/jpeg","source_url":"https:\/\/medicina.udd.cl\/tecnologia-medica-santiago\/files\/2022\/06\/Nutri-y-TM-Ceremonia-Titulaci\u00f3n-generaci\u00f3n-2021-13-1024x692.jpg"},"thumbnail":{"file":"Nutri-y-TM-Ceremonia-Titulaci\u00f3n-generaci\u00f3n-2021-13-150x150.jpg","width":150,"height":150,"mime_type":"image\/jpeg","source_url":"https:\/\/medicina.udd.cl\/tecnologia-medica-santiago\/files\/2022\/06\/Nutri-y-TM-Ceremonia-Titulaci\u00f3n-generaci\u00f3n-2021-13-150x150.jpg"},"medium_large":{"file":"Nutri-y-TM-Ceremonia-Titulaci\u00f3n-generaci\u00f3n-2021-13-768x519.jpg","width":768,"height":519,"mime_type":"image\/jpeg","source_url":"https:\/\/medicina.udd.cl\/tecnologia-medica-santiago\/files\/2022\/06\/Nutri-y-TM-Ceremonia-Titulaci\u00f3n-generaci\u00f3n-2021-13-768x519.jpg"},"newsletter_featured":{"file":"Nutri-y-TM-Ceremonia-Titulaci\u00f3n-generaci\u00f3n-2021-13-316x224.jpg","width":316,"height":224,"mime_type":"image\/jpeg","source_url":"https:\/\/medicina.udd.cl\/tecnologia-medica-santiago\/files\/2022\/06\/Nutri-y-TM-Ceremonia-Titulaci\u00f3n-generaci\u00f3n-2021-13-316x224.jpg"},"newsletter_first":{"file":"Nutri-y-TM-Ceremonia-Titulaci\u00f3n-generaci\u00f3n-2021-13-286x205.jpg","width":286,"height":205,"mime_type":"image\/jpeg","source_url":"https:\/\/medicina.udd.cl\/tecnologia-medica-santiago\/files\/2022\/06\/Nutri-y-TM-Ceremonia-Titulaci\u00f3n-generaci\u00f3n-2021-13-286x205.jpg"},"newsletter_thumb":{"file":"Nutri-y-TM-Ceremonia-Titulaci\u00f3n-generaci\u00f3n-2021-13-288x150.jpg","width":288,"height":150,"mime_type":"image\/jpeg","source_url":"https:\/\/medicina.udd.cl\/tecnologia-medica-santiago\/files\/2022\/06\/Nutri-y-TM-Ceremonia-Titulaci\u00f3n-generaci\u00f3n-2021-13-288x150.jpg"},"newsletter_column":{"file":"Nutri-y-TM-Ceremonia-Titulaci\u00f3n-generaci\u00f3n-2021-13-182x140.jpg","width":182,"height":140,"mime_type":"image\/jpeg","source_url":"https:\/\/medicina.udd.cl\/tecnologia-medica-santiago\/files\/2022\/06\/Nutri-y-TM-Ceremonia-Titulaci\u00f3n-generaci\u00f3n-2021-13-182x140.jpg"},"newsletter_square":{"file":"Nutri-y-TM-Ceremonia-Titulaci\u00f3n-generaci\u00f3n-2021-13-62x62.jpg","width":62,"height":62,"mime_type":"image\/jpeg","source_url":"https:\/\/medicina.udd.cl\/tecnologia-medica-santiago\/files\/2022\/06\/Nutri-y-TM-Ceremonia-Titulaci\u00f3n-generaci\u00f3n-2021-13-62x62.jpg"},"newsletter_square_large":{"file":"Nutri-y-TM-Ceremonia-Titulaci\u00f3n-generaci\u00f3n-2021-13-87x62.jpg","width":87,"height":62,"mime_type":"image\/jpeg","source_url":"https:\/\/medicina.udd.cl\/tecnologia-medica-santiago\/files\/2022\/06\/Nutri-y-TM-Ceremonia-Titulaci\u00f3n-generaci\u00f3n-2021-13-87x62.jpg"},"1536x1536":{"file":"Nutri-y-TM-Ceremonia-Titulaci\u00f3n-generaci\u00f3n-2021-13-1536x1038.jpg","width":1536,"height":1038,"mime_type":"image\/jpeg","source_url":"https:\/\/medicina.udd.cl\/tecnologia-medica-santiago\/files\/2022\/06\/Nutri-y-TM-Ceremonia-Titulaci\u00f3n-generaci\u00f3n-2021-13-1536x1038.jpg"},"2048x2048":{"file":"Nutri-y-TM-Ceremonia-Titulaci\u00f3n-generaci\u00f3n-2021-13-2048x1383.jpg","width":2048,"height":1383,"mime_type":"image\/jpeg","source_url":"https:\/\/medicina.udd.cl\/tecnologia-medica-santiago\/files\/2022\/06\/Nutri-y-TM-Ceremonia-Titulaci\u00f3n-generaci\u00f3n-2021-13-2048x1383.jpg"},"landscape_1920":{"file":"Nutri-y-TM-Ceremonia-Titulaci\u00f3n-generaci\u00f3n-2021-13-1920x1080.jpg","width":1920,"height":1080,"mime_type":"image\/jpeg","source_url":"https:\/\/medicina.udd.cl\/tecnologia-medica-santiago\/files\/2022\/06\/Nutri-y-TM-Ceremonia-Titulaci\u00f3n-generaci\u00f3n-2021-13-1920x1080.jpg"},"landscape_1366":{"file":"Nutri-y-TM-Ceremonia-Titulaci\u00f3n-generaci\u00f3n-2021-13-1366x768.jpg","width":1366,"height":768,"mime_type":"image\/jpeg","source_url":"https:\/\/medicina.udd.cl\/tecnologia-medica-santiago\/files\/2022\/06\/Nutri-y-TM-Ceremonia-Titulaci\u00f3n-generaci\u00f3n-2021-13-1366x768.jpg"},"landscape_952":{"file":"Nutri-y-TM-Ceremonia-Titulaci\u00f3n-generaci\u00f3n-2021-13-952x534.jpg","width":952,"height":534,"mime_type":"image\/jpeg","source_url":"https:\/\/medicina.udd.cl\/tecnologia-medica-santiago\/files\/2022\/06\/Nutri-y-TM-Ceremonia-Titulaci\u00f3n-generaci\u00f3n-2021-13-952x534.jpg"},"landscape_680":{"file":"Nutri-y-TM-Ceremonia-Titulaci\u00f3n-generaci\u00f3n-2021-13-680x382.jpg","width":680,"height":382,"mime_type":"image\/jpeg","source_url":"https:\/\/medicina.udd.cl\/tecnologia-medica-santiago\/files\/2022\/06\/Nutri-y-TM-Ceremonia-Titulaci\u00f3n-generaci\u00f3n-2021-13-680x382.jpg"},"square_750":{"file":"Nutri-y-TM-Ceremonia-Titulaci\u00f3n-generaci\u00f3n-2021-13-750x750.jpg","width":750,"height":750,"mime_type":"image\/jpeg","source_url":"https:\/\/medicina.udd.cl\/tecnologia-medica-santiago\/files\/2022\/06\/Nutri-y-TM-Ceremonia-Titulaci\u00f3n-generaci\u00f3n-2021-13-750x750.jpg"},"square_500":{"file":"Nutri-y-TM-Ceremonia-Titulaci\u00f3n-generaci\u00f3n-2021-13-500x500.jpg","width":500,"height":500,"mime_type":"image\/jpeg","source_url":"https:\/\/medicina.udd.cl\/tecnologia-medica-santiago\/files\/2022\/06\/Nutri-y-TM-Ceremonia-Titulaci\u00f3n-generaci\u00f3n-2021-13-500x500.jpg"},"square_200":{"file":"Nutri-y-TM-Ceremonia-Titulaci\u00f3n-generaci\u00f3n-2021-13-250x250.jpg","width":250,"height":250,"mime_type":"image\/jpeg","source_url":"https:\/\/medicina.udd.cl\/tecnologia-medica-santiago\/files\/2022\/06\/Nutri-y-TM-Ceremonia-Titulaci\u00f3n-generaci\u00f3n-2021-13-250x250.jpg"},"post-thumbnail":{"file":"Nutri-y-TM-Ceremonia-Titulaci\u00f3n-generaci\u00f3n-2021-13-952x534.jpg","width":952,"height":534,"mime_type":"image\/jpeg","source_url":"https:\/\/medicina.udd.cl\/tecnologia-medica-santiago\/files\/2022\/06\/Nutri-y-TM-Ceremonia-Titulaci\u00f3n-generaci\u00f3n-2021-13-952x534.jpg"},"custom_content":{"file":"Nutri-y-TM-Ceremonia-Titulaci\u00f3n-generaci\u00f3n-2021-13-126x126.jpg","width":126,"height":126,"mime_type":"image\/jpeg","source_url":"https:\/\/medicina.udd.cl\/tecnologia-medica-santiago\/files\/2022\/06\/Nutri-y-TM-Ceremonia-Titulaci\u00f3n-generaci\u00f3n-2021-13-126x126.jpg"},"full":{"file":"Nutri-y-TM-Ceremonia-Titulaci\u00f3n-generaci\u00f3n-2021-13-scaled.jpg","width":2560,"height":1729,"mime_type":"image\/jpeg","source_url":"https:\/\/medicina.udd.cl\/tecnologia-medica-santiago\/files\/2022\/06\/Nutri-y-TM-Ceremonia-Titulaci\u00f3n-generaci\u00f3n-2021-13-scaled.jpg"}},"image_meta":{"aperture":"7.1","credit":"","camera":"Canon EOS 5D Mark IV","caption":"","created_timestamp":"1655151639","copyright":"","focal_length":"50","iso":"1600","shutter_speed":"0.02","title":"","orientation":"1","keywords":[]},"original_image":"Nutri-y-TM-Ceremonia-Titulaci\u00f3n-generaci\u00f3n-2021-13.jpg"},"post":7589,"source_url":"https:\/\/medicina.udd.cl\/tecnologia-medica-santiago\/files\/2022\/06\/Nutri-y-TM-Ceremonia-Titulaci\u00f3n-generaci\u00f3n-2021-13-scaled.jpg","_links":{"self":[{"href":"https:\/\/medicina.udd.cl\/tecnologia-medica-santiago\/wp-json\/wp\/v2\/media\/7603","targetHints":{"allow":["GET"]}}],"collection":[{"href":"https:\/\/medicina.udd.cl\/tecnologia-medica-santiago\/wp-json\/wp\/v2\/media"}],"about":[{"href":"https:\/\/medicina.udd.cl\/tecnologia-medica-santiago\/wp-json\/wp\/v2\/types\/attachment"}],"author":[{"embeddable":true,"href":"https:\/\/medicina.udd.cl\/tecnologia-medica-santiago\/wp-json\/wp\/v2\/users\/9192219"}],"replies":[{"embeddable":true,"href":"https:\/\/medicina.udd.cl\/tecnologia-medica-santiago\/wp-json\/wp\/v2\/comments?post=7603"}],"wp:attached-to":[{"embeddable":true,"post_type":"post","id":7589,"href":"https:\/\/medicina.udd.cl\/tecnologia-medica-santiago\/wp-json\/wp\/v2\/posts\/7589"}],"curies":[{"name":"wp","href":"https:\/\/api.w.org\/{rel}","templated":true}]}}