{"id":8190,"date":"2023-03-27T16:58:39","date_gmt":"2023-03-27T19:58:39","guid":{"rendered":"https:\/\/medicina.udd.cl\/tecnologia-medica-santiago\/files\/2023\/03\/tm-alumni-expone-en-feria-de-emprendimiento-udd-2.jpg"},"modified":"2023-03-27T16:58:39","modified_gmt":"2023-03-27T19:58:39","slug":"tm-alumni-expone-en-feria-de-emprendimiento-udd-2","status":"inherit","type":"attachment","link":"https:\/\/medicina.udd.cl\/tecnologia-medica-santiago\/noticias\/2023\/03\/15\/egresado-de-tecnologia-medica-expone-en-feria-de-emprendimiento-udd\/tm-alumni-expone-en-feria-de-emprendimiento-udd-2\/","title":{"rendered":"TM &#8211; Alumni expone en Feria de Emprendimiento UDD (2)"},"author":9192219,"featured_media":0,"comment_status":"","ping_status":"closed","template":"","meta":[],"class_list":["post-8190","attachment","type-attachment","status-inherit","hentry"],"yoast_head":"<!-- This site is optimized with the Yoast SEO plugin v26.9 - https:\/\/yoast.com\/product\/yoast-seo-wordpress\/ -->\n<title>TM - Alumni expone en Feria de Emprendimiento UDD (2) - Tecnolog\u00eda M\u00e9dica<\/title>\n<meta name=\"robots\" content=\"index, follow, max-snippet:-1, max-image-preview:large, max-video-preview:-1\" \/>\n<link rel=\"canonical\" href=\"https:\/\/medicina.udd.cl\/tecnologia-medica-santiago\/files\/2023\/03\/tm-alumni-expone-en-feria-de-emprendimiento-udd-2-scaled.jpg\" \/>\n<meta property=\"og:locale\" content=\"es_ES\" \/>\n<meta property=\"og:type\" content=\"article\" \/>\n<meta property=\"og:title\" content=\"TM - Alumni expone en Feria de Emprendimiento UDD (2) - Tecnolog\u00eda M\u00e9dica\" \/>\n<meta property=\"og:url\" content=\"https:\/\/medicina.udd.cl\/tecnologia-medica-santiago\/files\/2023\/03\/tm-alumni-expone-en-feria-de-emprendimiento-udd-2-scaled.jpg\" \/>\n<meta property=\"og:site_name\" content=\"Tecnolog\u00eda M\u00e9dica\" \/>\n<meta property=\"og:image\" content=\"https:\/\/medicina.udd.cl\/tecnologia-medica-santiago\/files\/2023\/03\/tm-alumni-expone-en-feria-de-emprendimiento-udd-2-scaled.jpg\" \/>\n\t<meta property=\"og:image:width\" content=\"2560\" \/>\n\t<meta property=\"og:image:height\" content=\"1432\" \/>\n\t<meta property=\"og:image:type\" content=\"image\/jpeg\" \/>\n<script type=\"application\/ld+json\" class=\"yoast-schema-graph\">{\"@context\":\"https:\/\/schema.org\",\"@graph\":[{\"@type\":\"WebPage\",\"@id\":\"https:\/\/medicina.udd.cl\/tecnologia-medica-santiago\/files\/2023\/03\/tm-alumni-expone-en-feria-de-emprendimiento-udd-2-scaled.jpg\",\"url\":\"https:\/\/medicina.udd.cl\/tecnologia-medica-santiago\/files\/2023\/03\/tm-alumni-expone-en-feria-de-emprendimiento-udd-2-scaled.jpg\",\"name\":\"TM - Alumni expone en Feria de Emprendimiento UDD (2) - Tecnolog\u00eda M\u00e9dica\",\"isPartOf\":{\"@id\":\"https:\/\/medicina.udd.cl\/tecnologia-medica-santiago\/#website\"},\"datePublished\":\"2023-03-27T19:58:39+00:00\",\"breadcrumb\":{\"@id\":\"https:\/\/medicina.udd.cl\/tecnologia-medica-santiago\/files\/2023\/03\/tm-alumni-expone-en-feria-de-emprendimiento-udd-2-scaled.jpg#breadcrumb\"},\"inLanguage\":\"es\",\"potentialAction\":[{\"@type\":\"ReadAction\",\"target\":[\"https:\/\/medicina.udd.cl\/tecnologia-medica-santiago\/files\/2023\/03\/tm-alumni-expone-en-feria-de-emprendimiento-udd-2-scaled.jpg\"]}]},{\"@type\":\"BreadcrumbList\",\"@id\":\"https:\/\/medicina.udd.cl\/tecnologia-medica-santiago\/files\/2023\/03\/tm-alumni-expone-en-feria-de-emprendimiento-udd-2-scaled.jpg#breadcrumb\",\"itemListElement\":[{\"@type\":\"ListItem\",\"position\":1,\"name\":\"Home\",\"item\":\"https:\/\/medicina.udd.cl\/tecnologia-medica-santiago\/\"},{\"@type\":\"ListItem\",\"position\":2,\"name\":\"Egresado de Tecnolog\u00eda M\u00e9dica expone en Feria de Emprendimiento UDD\",\"item\":\"https:\/\/medicina.udd.cl\/tecnologia-medica-santiago\/noticias\/2023\/03\/15\/egresado-de-tecnologia-medica-expone-en-feria-de-emprendimiento-udd\/\"},{\"@type\":\"ListItem\",\"position\":3,\"name\":\"TM &#8211; Alumni expone en Feria de Emprendimiento UDD (2)\"}]},{\"@type\":\"WebSite\",\"@id\":\"https:\/\/medicina.udd.cl\/tecnologia-medica-santiago\/#website\",\"url\":\"https:\/\/medicina.udd.cl\/tecnologia-medica-santiago\/\",\"name\":\"Tecnolog\u00eda M\u00e9dica\",\"description\":\"Facultad de Medicina Cl\u00ednica Alemana Universidad del Desarrollo\",\"inLanguage\":\"es\"}]}<\/script>\n<!-- \/ Yoast SEO plugin. -->","yoast_head_json":{"title":"TM - Alumni expone en Feria de Emprendimiento UDD (2) - Tecnolog\u00eda M\u00e9dica","robots":{"index":"index","follow":"follow","max-snippet":"max-snippet:-1","max-image-preview":"max-image-preview:large","max-video-preview":"max-video-preview:-1"},"canonical":"https:\/\/medicina.udd.cl\/tecnologia-medica-santiago\/files\/2023\/03\/tm-alumni-expone-en-feria-de-emprendimiento-udd-2-scaled.jpg","og_locale":"es_ES","og_type":"article","og_title":"TM - Alumni expone en Feria de Emprendimiento UDD (2) - Tecnolog\u00eda M\u00e9dica","og_url":"https:\/\/medicina.udd.cl\/tecnologia-medica-santiago\/files\/2023\/03\/tm-alumni-expone-en-feria-de-emprendimiento-udd-2-scaled.jpg","og_site_name":"Tecnolog\u00eda M\u00e9dica","og_image":[{"width":2560,"height":1432,"url":"https:\/\/medicina.udd.cl\/tecnologia-medica-santiago\/files\/2023\/03\/tm-alumni-expone-en-feria-de-emprendimiento-udd-2-scaled.jpg","type":"image\/jpeg"}],"schema":{"@context":"https:\/\/schema.org","@graph":[{"@type":"WebPage","@id":"https:\/\/medicina.udd.cl\/tecnologia-medica-santiago\/files\/2023\/03\/tm-alumni-expone-en-feria-de-emprendimiento-udd-2-scaled.jpg","url":"https:\/\/medicina.udd.cl\/tecnologia-medica-santiago\/files\/2023\/03\/tm-alumni-expone-en-feria-de-emprendimiento-udd-2-scaled.jpg","name":"TM - Alumni expone en Feria de Emprendimiento UDD (2) - Tecnolog\u00eda M\u00e9dica","isPartOf":{"@id":"https:\/\/medicina.udd.cl\/tecnologia-medica-santiago\/#website"},"datePublished":"2023-03-27T19:58:39+00:00","breadcrumb":{"@id":"https:\/\/medicina.udd.cl\/tecnologia-medica-santiago\/files\/2023\/03\/tm-alumni-expone-en-feria-de-emprendimiento-udd-2-scaled.jpg#breadcrumb"},"inLanguage":"es","potentialAction":[{"@type":"ReadAction","target":["https:\/\/medicina.udd.cl\/tecnologia-medica-santiago\/files\/2023\/03\/tm-alumni-expone-en-feria-de-emprendimiento-udd-2-scaled.jpg"]}]},{"@type":"BreadcrumbList","@id":"https:\/\/medicina.udd.cl\/tecnologia-medica-santiago\/files\/2023\/03\/tm-alumni-expone-en-feria-de-emprendimiento-udd-2-scaled.jpg#breadcrumb","itemListElement":[{"@type":"ListItem","position":1,"name":"Home","item":"https:\/\/medicina.udd.cl\/tecnologia-medica-santiago\/"},{"@type":"ListItem","position":2,"name":"Egresado de Tecnolog\u00eda M\u00e9dica expone en Feria de Emprendimiento UDD","item":"https:\/\/medicina.udd.cl\/tecnologia-medica-santiago\/noticias\/2023\/03\/15\/egresado-de-tecnologia-medica-expone-en-feria-de-emprendimiento-udd\/"},{"@type":"ListItem","position":3,"name":"TM &#8211; Alumni expone en Feria de Emprendimiento UDD (2)"}]},{"@type":"WebSite","@id":"https:\/\/medicina.udd.cl\/tecnologia-medica-santiago\/#website","url":"https:\/\/medicina.udd.cl\/tecnologia-medica-santiago\/","name":"Tecnolog\u00eda M\u00e9dica","description":"Facultad de Medicina Cl\u00ednica Alemana Universidad del Desarrollo","inLanguage":"es"}]}},"description":{"rendered":"<p class=\"attachment\"><a href='https:\/\/medicina.udd.cl\/tecnologia-medica-santiago\/files\/2023\/03\/tm-alumni-expone-en-feria-de-emprendimiento-udd-2-scaled.jpg'><img loading=\"lazy\" decoding=\"async\" width=\"300\" height=\"168\" src=\"https:\/\/medicina.udd.cl\/tecnologia-medica-santiago\/files\/2023\/03\/tm-alumni-expone-en-feria-de-emprendimiento-udd-2-300x168.jpg\" class=\"attachment-medium size-medium\" alt=\"\" srcset=\"https:\/\/medicina.udd.cl\/tecnologia-medica-santiago\/files\/2023\/03\/tm-alumni-expone-en-feria-de-emprendimiento-udd-2-300x168.jpg 300w, https:\/\/medicina.udd.cl\/tecnologia-medica-santiago\/files\/2023\/03\/tm-alumni-expone-en-feria-de-emprendimiento-udd-2-1024x573.jpg 1024w, https:\/\/medicina.udd.cl\/tecnologia-medica-santiago\/files\/2023\/03\/tm-alumni-expone-en-feria-de-emprendimiento-udd-2-768x430.jpg 768w, https:\/\/medicina.udd.cl\/tecnologia-medica-santiago\/files\/2023\/03\/tm-alumni-expone-en-feria-de-emprendimiento-udd-2-1536x859.jpg 1536w, https:\/\/medicina.udd.cl\/tecnologia-medica-santiago\/files\/2023\/03\/tm-alumni-expone-en-feria-de-emprendimiento-udd-2-2048x1145.jpg 2048w, https:\/\/medicina.udd.cl\/tecnologia-medica-santiago\/files\/2023\/03\/tm-alumni-expone-en-feria-de-emprendimiento-udd-2-1920x1080.jpg 1920w, https:\/\/medicina.udd.cl\/tecnologia-medica-santiago\/files\/2023\/03\/tm-alumni-expone-en-feria-de-emprendimiento-udd-2-1366x768.jpg 1366w, https:\/\/medicina.udd.cl\/tecnologia-medica-santiago\/files\/2023\/03\/tm-alumni-expone-en-feria-de-emprendimiento-udd-2-952x534.jpg 952w, https:\/\/medicina.udd.cl\/tecnologia-medica-santiago\/files\/2023\/03\/tm-alumni-expone-en-feria-de-emprendimiento-udd-2-680x382.jpg 680w\" sizes=\"auto, (max-width: 300px) 100vw, 300px\" \/><\/a><\/p>\n"},"caption":{"rendered":""},"alt_text":"","media_type":"image","mime_type":"image\/jpeg","media_details":{"width":2560,"height":1432,"file":"2023\/03\/tm-alumni-expone-en-feria-de-emprendimiento-udd-2-scaled.jpg","filesize":606620,"sizes":{"medium":{"file":"tm-alumni-expone-en-feria-de-emprendimiento-udd-2-300x168.jpg","width":300,"height":168,"filesize":20389,"mime_type":"image\/jpeg","source_url":"https:\/\/medicina.udd.cl\/tecnologia-medica-santiago\/files\/2023\/03\/tm-alumni-expone-en-feria-de-emprendimiento-udd-2-300x168.jpg"},"large":{"file":"tm-alumni-expone-en-feria-de-emprendimiento-udd-2-1024x573.jpg","width":1024,"height":573,"filesize":122113,"mime_type":"image\/jpeg","source_url":"https:\/\/medicina.udd.cl\/tecnologia-medica-santiago\/files\/2023\/03\/tm-alumni-expone-en-feria-de-emprendimiento-udd-2-1024x573.jpg"},"thumbnail":{"file":"tm-alumni-expone-en-feria-de-emprendimiento-udd-2-150x150.jpg","width":150,"height":150,"filesize":13667,"mime_type":"image\/jpeg","source_url":"https:\/\/medicina.udd.cl\/tecnologia-medica-santiago\/files\/2023\/03\/tm-alumni-expone-en-feria-de-emprendimiento-udd-2-150x150.jpg"},"medium_large":{"file":"tm-alumni-expone-en-feria-de-emprendimiento-udd-2-768x430.jpg","width":768,"height":430,"filesize":76779,"mime_type":"image\/jpeg","source_url":"https:\/\/medicina.udd.cl\/tecnologia-medica-santiago\/files\/2023\/03\/tm-alumni-expone-en-feria-de-emprendimiento-udd-2-768x430.jpg"},"newsletter_featured":{"file":"tm-alumni-expone-en-feria-de-emprendimiento-udd-2-316x224.jpg","width":316,"height":224,"filesize":25104,"mime_type":"image\/jpeg","source_url":"https:\/\/medicina.udd.cl\/tecnologia-medica-santiago\/files\/2023\/03\/tm-alumni-expone-en-feria-de-emprendimiento-udd-2-316x224.jpg"},"newsletter_first":{"file":"tm-alumni-expone-en-feria-de-emprendimiento-udd-2-286x205.jpg","width":286,"height":205,"filesize":22383,"mime_type":"image\/jpeg","source_url":"https:\/\/medicina.udd.cl\/tecnologia-medica-santiago\/files\/2023\/03\/tm-alumni-expone-en-feria-de-emprendimiento-udd-2-286x205.jpg"},"newsletter_thumb":{"file":"tm-alumni-expone-en-feria-de-emprendimiento-udd-2-288x150.jpg","width":288,"height":150,"filesize":18768,"mime_type":"image\/jpeg","source_url":"https:\/\/medicina.udd.cl\/tecnologia-medica-santiago\/files\/2023\/03\/tm-alumni-expone-en-feria-de-emprendimiento-udd-2-288x150.jpg"},"newsletter_column":{"file":"tm-alumni-expone-en-feria-de-emprendimiento-udd-2-182x140.jpg","width":182,"height":140,"filesize":14438,"mime_type":"image\/jpeg","source_url":"https:\/\/medicina.udd.cl\/tecnologia-medica-santiago\/files\/2023\/03\/tm-alumni-expone-en-feria-de-emprendimiento-udd-2-182x140.jpg"},"newsletter_square":{"file":"tm-alumni-expone-en-feria-de-emprendimiento-udd-2-62x62.jpg","width":62,"height":62,"filesize":8297,"mime_type":"image\/jpeg","source_url":"https:\/\/medicina.udd.cl\/tecnologia-medica-santiago\/files\/2023\/03\/tm-alumni-expone-en-feria-de-emprendimiento-udd-2-62x62.jpg"},"newsletter_square_large":{"file":"tm-alumni-expone-en-feria-de-emprendimiento-udd-2-87x62.jpg","width":87,"height":62,"filesize":8808,"mime_type":"image\/jpeg","source_url":"https:\/\/medicina.udd.cl\/tecnologia-medica-santiago\/files\/2023\/03\/tm-alumni-expone-en-feria-de-emprendimiento-udd-2-87x62.jpg"},"1536x1536":{"file":"tm-alumni-expone-en-feria-de-emprendimiento-udd-2-1536x859.jpg","width":1536,"height":859,"filesize":243063,"mime_type":"image\/jpeg","source_url":"https:\/\/medicina.udd.cl\/tecnologia-medica-santiago\/files\/2023\/03\/tm-alumni-expone-en-feria-de-emprendimiento-udd-2-1536x859.jpg"},"2048x2048":{"file":"tm-alumni-expone-en-feria-de-emprendimiento-udd-2-2048x1145.jpg","width":2048,"height":1145,"filesize":406026,"mime_type":"image\/jpeg","source_url":"https:\/\/medicina.udd.cl\/tecnologia-medica-santiago\/files\/2023\/03\/tm-alumni-expone-en-feria-de-emprendimiento-udd-2-2048x1145.jpg"},"landscape_1920":{"file":"tm-alumni-expone-en-feria-de-emprendimiento-udd-2-1920x1080.jpg","width":1920,"height":1080,"filesize":361913,"mime_type":"image\/jpeg","source_url":"https:\/\/medicina.udd.cl\/tecnologia-medica-santiago\/files\/2023\/03\/tm-alumni-expone-en-feria-de-emprendimiento-udd-2-1920x1080.jpg"},"landscape_1366":{"file":"tm-alumni-expone-en-feria-de-emprendimiento-udd-2-1366x768.jpg","width":1366,"height":768,"filesize":198232,"mime_type":"image\/jpeg","source_url":"https:\/\/medicina.udd.cl\/tecnologia-medica-santiago\/files\/2023\/03\/tm-alumni-expone-en-feria-de-emprendimiento-udd-2-1366x768.jpg"},"landscape_952":{"file":"tm-alumni-expone-en-feria-de-emprendimiento-udd-2-952x534.jpg","width":952,"height":534,"filesize":108565,"mime_type":"image\/jpeg","source_url":"https:\/\/medicina.udd.cl\/tecnologia-medica-santiago\/files\/2023\/03\/tm-alumni-expone-en-feria-de-emprendimiento-udd-2-952x534.jpg"},"landscape_680":{"file":"tm-alumni-expone-en-feria-de-emprendimiento-udd-2-680x382.jpg","width":680,"height":382,"filesize":63696,"mime_type":"image\/jpeg","source_url":"https:\/\/medicina.udd.cl\/tecnologia-medica-santiago\/files\/2023\/03\/tm-alumni-expone-en-feria-de-emprendimiento-udd-2-680x382.jpg"},"square_750":{"file":"tm-alumni-expone-en-feria-de-emprendimiento-udd-2-750x750.jpg","width":750,"height":750,"filesize":114028,"mime_type":"image\/jpeg","source_url":"https:\/\/medicina.udd.cl\/tecnologia-medica-santiago\/files\/2023\/03\/tm-alumni-expone-en-feria-de-emprendimiento-udd-2-750x750.jpg"},"square_500":{"file":"tm-alumni-expone-en-feria-de-emprendimiento-udd-2-500x500.jpg","width":500,"height":500,"filesize":61152,"mime_type":"image\/jpeg","source_url":"https:\/\/medicina.udd.cl\/tecnologia-medica-santiago\/files\/2023\/03\/tm-alumni-expone-en-feria-de-emprendimiento-udd-2-500x500.jpg"},"square_200":{"file":"tm-alumni-expone-en-feria-de-emprendimiento-udd-2-250x250.jpg","width":250,"height":250,"filesize":23538,"mime_type":"image\/jpeg","source_url":"https:\/\/medicina.udd.cl\/tecnologia-medica-santiago\/files\/2023\/03\/tm-alumni-expone-en-feria-de-emprendimiento-udd-2-250x250.jpg"},"post-thumbnail":{"file":"tm-alumni-expone-en-feria-de-emprendimiento-udd-2-952x534.jpg","width":952,"height":534,"filesize":108565,"mime_type":"image\/jpeg","source_url":"https:\/\/medicina.udd.cl\/tecnologia-medica-santiago\/files\/2023\/03\/tm-alumni-expone-en-feria-de-emprendimiento-udd-2-952x534.jpg"},"custom_content":{"file":"tm-alumni-expone-en-feria-de-emprendimiento-udd-2-126x126.jpg","width":126,"height":126,"filesize":11828,"mime_type":"image\/jpeg","source_url":"https:\/\/medicina.udd.cl\/tecnologia-medica-santiago\/files\/2023\/03\/tm-alumni-expone-en-feria-de-emprendimiento-udd-2-126x126.jpg"},"full":{"file":"tm-alumni-expone-en-feria-de-emprendimiento-udd-2-scaled.jpg","width":2560,"height":1432,"mime_type":"image\/jpeg","source_url":"https:\/\/medicina.udd.cl\/tecnologia-medica-santiago\/files\/2023\/03\/tm-alumni-expone-en-feria-de-emprendimiento-udd-2-scaled.jpg"}},"image_meta":{"aperture":"1.78","credit":"","camera":"iPhone 14 Pro","caption":"","created_timestamp":"1678789900","copyright":"","focal_length":"6.86","iso":"200","shutter_speed":"0.02","title":"","orientation":"1","keywords":[]},"original_image":"tm-alumni-expone-en-feria-de-emprendimiento-udd-2.jpg"},"post":8188,"source_url":"https:\/\/medicina.udd.cl\/tecnologia-medica-santiago\/files\/2023\/03\/tm-alumni-expone-en-feria-de-emprendimiento-udd-2-scaled.jpg","_links":{"self":[{"href":"https:\/\/medicina.udd.cl\/tecnologia-medica-santiago\/wp-json\/wp\/v2\/media\/8190","targetHints":{"allow":["GET"]}}],"collection":[{"href":"https:\/\/medicina.udd.cl\/tecnologia-medica-santiago\/wp-json\/wp\/v2\/media"}],"about":[{"href":"https:\/\/medicina.udd.cl\/tecnologia-medica-santiago\/wp-json\/wp\/v2\/types\/attachment"}],"author":[{"embeddable":true,"href":"https:\/\/medicina.udd.cl\/tecnologia-medica-santiago\/wp-json\/wp\/v2\/users\/9192219"}],"replies":[{"embeddable":true,"href":"https:\/\/medicina.udd.cl\/tecnologia-medica-santiago\/wp-json\/wp\/v2\/comments?post=8190"}],"wp:attached-to":[{"embeddable":true,"post_type":"post","id":8188,"href":"https:\/\/medicina.udd.cl\/tecnologia-medica-santiago\/wp-json\/wp\/v2\/posts\/8188"}],"curies":[{"name":"wp","href":"https:\/\/api.w.org\/{rel}","templated":true}]}}