{"id":8255,"date":"2023-05-11T12:59:00","date_gmt":"2023-05-11T16:59:00","guid":{"rendered":"https:\/\/medicina.udd.cl\/tecnologia-medica-santiago\/files\/2023\/05\/tm-ceremonia-de-titulacion-generacion-2022-3.jpg"},"modified":"2023-05-11T12:59:00","modified_gmt":"2023-05-11T16:59:00","slug":"tm-ceremonia-de-titulacion-generacion-2022-3","status":"inherit","type":"attachment","link":"https:\/\/medicina.udd.cl\/tecnologia-medica-santiago\/noticias\/2023\/04\/28\/un-total-de-73-nuevos-profesionales-de-la-salud-se-titulan-en-tecnologia-medica-udd\/tm-ceremonia-de-titulacion-generacion-2022-3\/","title":{"rendered":"TM &#8211; Ceremonia de Titulaci\u00f3n generaci\u00f3n 2022 (3)"},"author":9192219,"featured_media":0,"comment_status":"","ping_status":"closed","template":"","meta":[],"class_list":["post-8255","attachment","type-attachment","status-inherit","hentry"],"yoast_head":"<!-- This site is optimized with the Yoast SEO plugin v26.9 - https:\/\/yoast.com\/product\/yoast-seo-wordpress\/ -->\n<title>TM - Ceremonia de Titulaci\u00f3n generaci\u00f3n 2022 (3) - Tecnolog\u00eda M\u00e9dica<\/title>\n<meta name=\"robots\" content=\"index, follow, max-snippet:-1, max-image-preview:large, max-video-preview:-1\" \/>\n<link rel=\"canonical\" href=\"https:\/\/medicina.udd.cl\/tecnologia-medica-santiago\/files\/2023\/05\/tm-ceremonia-de-titulacion-generacion-2022-3-scaled.jpg\" \/>\n<meta property=\"og:locale\" content=\"es_ES\" \/>\n<meta property=\"og:type\" content=\"article\" \/>\n<meta property=\"og:title\" content=\"TM - Ceremonia de Titulaci\u00f3n generaci\u00f3n 2022 (3) - Tecnolog\u00eda M\u00e9dica\" \/>\n<meta property=\"og:url\" content=\"https:\/\/medicina.udd.cl\/tecnologia-medica-santiago\/files\/2023\/05\/tm-ceremonia-de-titulacion-generacion-2022-3-scaled.jpg\" \/>\n<meta property=\"og:site_name\" content=\"Tecnolog\u00eda M\u00e9dica\" \/>\n<meta property=\"og:image\" content=\"https:\/\/medicina.udd.cl\/tecnologia-medica-santiago\/files\/2023\/05\/tm-ceremonia-de-titulacion-generacion-2022-3-scaled.jpg\" \/>\n\t<meta property=\"og:image:width\" content=\"2560\" \/>\n\t<meta property=\"og:image:height\" content=\"1695\" \/>\n\t<meta property=\"og:image:type\" content=\"image\/jpeg\" \/>\n<script type=\"application\/ld+json\" class=\"yoast-schema-graph\">{\"@context\":\"https:\/\/schema.org\",\"@graph\":[{\"@type\":\"WebPage\",\"@id\":\"https:\/\/medicina.udd.cl\/tecnologia-medica-santiago\/files\/2023\/05\/tm-ceremonia-de-titulacion-generacion-2022-3-scaled.jpg\",\"url\":\"https:\/\/medicina.udd.cl\/tecnologia-medica-santiago\/files\/2023\/05\/tm-ceremonia-de-titulacion-generacion-2022-3-scaled.jpg\",\"name\":\"TM - Ceremonia de Titulaci\u00f3n generaci\u00f3n 2022 (3) - Tecnolog\u00eda M\u00e9dica\",\"isPartOf\":{\"@id\":\"https:\/\/medicina.udd.cl\/tecnologia-medica-santiago\/#website\"},\"datePublished\":\"2023-05-11T16:59:00+00:00\",\"breadcrumb\":{\"@id\":\"https:\/\/medicina.udd.cl\/tecnologia-medica-santiago\/files\/2023\/05\/tm-ceremonia-de-titulacion-generacion-2022-3-scaled.jpg#breadcrumb\"},\"inLanguage\":\"es\",\"potentialAction\":[{\"@type\":\"ReadAction\",\"target\":[\"https:\/\/medicina.udd.cl\/tecnologia-medica-santiago\/files\/2023\/05\/tm-ceremonia-de-titulacion-generacion-2022-3-scaled.jpg\"]}]},{\"@type\":\"BreadcrumbList\",\"@id\":\"https:\/\/medicina.udd.cl\/tecnologia-medica-santiago\/files\/2023\/05\/tm-ceremonia-de-titulacion-generacion-2022-3-scaled.jpg#breadcrumb\",\"itemListElement\":[{\"@type\":\"ListItem\",\"position\":1,\"name\":\"Home\",\"item\":\"https:\/\/medicina.udd.cl\/tecnologia-medica-santiago\/\"},{\"@type\":\"ListItem\",\"position\":2,\"name\":\"Un total de 73 nuevos profesionales de la salud se titulan en Tecnolog\u00eda M\u00e9dica UDD\",\"item\":\"https:\/\/medicina.udd.cl\/tecnologia-medica-santiago\/noticias\/2023\/04\/28\/un-total-de-73-nuevos-profesionales-de-la-salud-se-titulan-en-tecnologia-medica-udd\/\"},{\"@type\":\"ListItem\",\"position\":3,\"name\":\"TM &#8211; Ceremonia de Titulaci\u00f3n generaci\u00f3n 2022 (3)\"}]},{\"@type\":\"WebSite\",\"@id\":\"https:\/\/medicina.udd.cl\/tecnologia-medica-santiago\/#website\",\"url\":\"https:\/\/medicina.udd.cl\/tecnologia-medica-santiago\/\",\"name\":\"Tecnolog\u00eda M\u00e9dica\",\"description\":\"Facultad de Medicina Cl\u00ednica Alemana Universidad del Desarrollo\",\"inLanguage\":\"es\"}]}<\/script>\n<!-- \/ Yoast SEO plugin. -->","yoast_head_json":{"title":"TM - Ceremonia de Titulaci\u00f3n generaci\u00f3n 2022 (3) - Tecnolog\u00eda M\u00e9dica","robots":{"index":"index","follow":"follow","max-snippet":"max-snippet:-1","max-image-preview":"max-image-preview:large","max-video-preview":"max-video-preview:-1"},"canonical":"https:\/\/medicina.udd.cl\/tecnologia-medica-santiago\/files\/2023\/05\/tm-ceremonia-de-titulacion-generacion-2022-3-scaled.jpg","og_locale":"es_ES","og_type":"article","og_title":"TM - Ceremonia de Titulaci\u00f3n generaci\u00f3n 2022 (3) - Tecnolog\u00eda M\u00e9dica","og_url":"https:\/\/medicina.udd.cl\/tecnologia-medica-santiago\/files\/2023\/05\/tm-ceremonia-de-titulacion-generacion-2022-3-scaled.jpg","og_site_name":"Tecnolog\u00eda M\u00e9dica","og_image":[{"width":2560,"height":1695,"url":"https:\/\/medicina.udd.cl\/tecnologia-medica-santiago\/files\/2023\/05\/tm-ceremonia-de-titulacion-generacion-2022-3-scaled.jpg","type":"image\/jpeg"}],"schema":{"@context":"https:\/\/schema.org","@graph":[{"@type":"WebPage","@id":"https:\/\/medicina.udd.cl\/tecnologia-medica-santiago\/files\/2023\/05\/tm-ceremonia-de-titulacion-generacion-2022-3-scaled.jpg","url":"https:\/\/medicina.udd.cl\/tecnologia-medica-santiago\/files\/2023\/05\/tm-ceremonia-de-titulacion-generacion-2022-3-scaled.jpg","name":"TM - Ceremonia de Titulaci\u00f3n generaci\u00f3n 2022 (3) - Tecnolog\u00eda M\u00e9dica","isPartOf":{"@id":"https:\/\/medicina.udd.cl\/tecnologia-medica-santiago\/#website"},"datePublished":"2023-05-11T16:59:00+00:00","breadcrumb":{"@id":"https:\/\/medicina.udd.cl\/tecnologia-medica-santiago\/files\/2023\/05\/tm-ceremonia-de-titulacion-generacion-2022-3-scaled.jpg#breadcrumb"},"inLanguage":"es","potentialAction":[{"@type":"ReadAction","target":["https:\/\/medicina.udd.cl\/tecnologia-medica-santiago\/files\/2023\/05\/tm-ceremonia-de-titulacion-generacion-2022-3-scaled.jpg"]}]},{"@type":"BreadcrumbList","@id":"https:\/\/medicina.udd.cl\/tecnologia-medica-santiago\/files\/2023\/05\/tm-ceremonia-de-titulacion-generacion-2022-3-scaled.jpg#breadcrumb","itemListElement":[{"@type":"ListItem","position":1,"name":"Home","item":"https:\/\/medicina.udd.cl\/tecnologia-medica-santiago\/"},{"@type":"ListItem","position":2,"name":"Un total de 73 nuevos profesionales de la salud se titulan en Tecnolog\u00eda M\u00e9dica UDD","item":"https:\/\/medicina.udd.cl\/tecnologia-medica-santiago\/noticias\/2023\/04\/28\/un-total-de-73-nuevos-profesionales-de-la-salud-se-titulan-en-tecnologia-medica-udd\/"},{"@type":"ListItem","position":3,"name":"TM &#8211; Ceremonia de Titulaci\u00f3n generaci\u00f3n 2022 (3)"}]},{"@type":"WebSite","@id":"https:\/\/medicina.udd.cl\/tecnologia-medica-santiago\/#website","url":"https:\/\/medicina.udd.cl\/tecnologia-medica-santiago\/","name":"Tecnolog\u00eda M\u00e9dica","description":"Facultad de Medicina Cl\u00ednica Alemana Universidad del Desarrollo","inLanguage":"es"}]}},"description":{"rendered":"<p class=\"attachment\"><a href='https:\/\/medicina.udd.cl\/tecnologia-medica-santiago\/files\/2023\/05\/tm-ceremonia-de-titulacion-generacion-2022-3-scaled.jpg'><img loading=\"lazy\" decoding=\"async\" width=\"300\" height=\"199\" src=\"https:\/\/medicina.udd.cl\/tecnologia-medica-santiago\/files\/2023\/05\/tm-ceremonia-de-titulacion-generacion-2022-3-300x199.jpg\" class=\"attachment-medium size-medium\" alt=\"\" srcset=\"https:\/\/medicina.udd.cl\/tecnologia-medica-santiago\/files\/2023\/05\/tm-ceremonia-de-titulacion-generacion-2022-3-300x199.jpg 300w, https:\/\/medicina.udd.cl\/tecnologia-medica-santiago\/files\/2023\/05\/tm-ceremonia-de-titulacion-generacion-2022-3-1024x678.jpg 1024w, https:\/\/medicina.udd.cl\/tecnologia-medica-santiago\/files\/2023\/05\/tm-ceremonia-de-titulacion-generacion-2022-3-768x509.jpg 768w, https:\/\/medicina.udd.cl\/tecnologia-medica-santiago\/files\/2023\/05\/tm-ceremonia-de-titulacion-generacion-2022-3-1536x1017.jpg 1536w, https:\/\/medicina.udd.cl\/tecnologia-medica-santiago\/files\/2023\/05\/tm-ceremonia-de-titulacion-generacion-2022-3-2048x1356.jpg 2048w\" sizes=\"auto, (max-width: 300px) 100vw, 300px\" \/><\/a><\/p>\n"},"caption":{"rendered":""},"alt_text":"","media_type":"image","mime_type":"image\/jpeg","media_details":{"width":2560,"height":1695,"file":"2023\/05\/tm-ceremonia-de-titulacion-generacion-2022-3-scaled.jpg","filesize":631269,"sizes":{"medium":{"file":"tm-ceremonia-de-titulacion-generacion-2022-3-300x199.jpg","width":300,"height":199,"filesize":35512,"mime_type":"image\/jpeg","source_url":"https:\/\/medicina.udd.cl\/tecnologia-medica-santiago\/files\/2023\/05\/tm-ceremonia-de-titulacion-generacion-2022-3-300x199.jpg"},"large":{"file":"tm-ceremonia-de-titulacion-generacion-2022-3-1024x678.jpg","width":1024,"height":678,"filesize":158572,"mime_type":"image\/jpeg","source_url":"https:\/\/medicina.udd.cl\/tecnologia-medica-santiago\/files\/2023\/05\/tm-ceremonia-de-titulacion-generacion-2022-3-1024x678.jpg"},"thumbnail":{"file":"tm-ceremonia-de-titulacion-generacion-2022-3-150x150.jpg","width":150,"height":150,"filesize":24202,"mime_type":"image\/jpeg","source_url":"https:\/\/medicina.udd.cl\/tecnologia-medica-santiago\/files\/2023\/05\/tm-ceremonia-de-titulacion-generacion-2022-3-150x150.jpg"},"medium_large":{"file":"tm-ceremonia-de-titulacion-generacion-2022-3-768x509.jpg","width":768,"height":509,"filesize":106982,"mime_type":"image\/jpeg","source_url":"https:\/\/medicina.udd.cl\/tecnologia-medica-santiago\/files\/2023\/05\/tm-ceremonia-de-titulacion-generacion-2022-3-768x509.jpg"},"newsletter_featured":{"file":"tm-ceremonia-de-titulacion-generacion-2022-3-316x224.jpg","width":316,"height":224,"filesize":38623,"mime_type":"image\/jpeg","source_url":"https:\/\/medicina.udd.cl\/tecnologia-medica-santiago\/files\/2023\/05\/tm-ceremonia-de-titulacion-generacion-2022-3-316x224.jpg"},"newsletter_first":{"file":"tm-ceremonia-de-titulacion-generacion-2022-3-286x205.jpg","width":286,"height":205,"filesize":35503,"mime_type":"image\/jpeg","source_url":"https:\/\/medicina.udd.cl\/tecnologia-medica-santiago\/files\/2023\/05\/tm-ceremonia-de-titulacion-generacion-2022-3-286x205.jpg"},"newsletter_thumb":{"file":"tm-ceremonia-de-titulacion-generacion-2022-3-288x150.jpg","width":288,"height":150,"filesize":31080,"mime_type":"image\/jpeg","source_url":"https:\/\/medicina.udd.cl\/tecnologia-medica-santiago\/files\/2023\/05\/tm-ceremonia-de-titulacion-generacion-2022-3-288x150.jpg"},"newsletter_column":{"file":"tm-ceremonia-de-titulacion-generacion-2022-3-182x140.jpg","width":182,"height":140,"filesize":25241,"mime_type":"image\/jpeg","source_url":"https:\/\/medicina.udd.cl\/tecnologia-medica-santiago\/files\/2023\/05\/tm-ceremonia-de-titulacion-generacion-2022-3-182x140.jpg"},"newsletter_square":{"file":"tm-ceremonia-de-titulacion-generacion-2022-3-62x62.jpg","width":62,"height":62,"filesize":17153,"mime_type":"image\/jpeg","source_url":"https:\/\/medicina.udd.cl\/tecnologia-medica-santiago\/files\/2023\/05\/tm-ceremonia-de-titulacion-generacion-2022-3-62x62.jpg"},"newsletter_square_large":{"file":"tm-ceremonia-de-titulacion-generacion-2022-3-87x62.jpg","width":87,"height":62,"filesize":17739,"mime_type":"image\/jpeg","source_url":"https:\/\/medicina.udd.cl\/tecnologia-medica-santiago\/files\/2023\/05\/tm-ceremonia-de-titulacion-generacion-2022-3-87x62.jpg"},"1536x1536":{"file":"tm-ceremonia-de-titulacion-generacion-2022-3-1536x1017.jpg","width":1536,"height":1017,"filesize":285723,"mime_type":"image\/jpeg","source_url":"https:\/\/medicina.udd.cl\/tecnologia-medica-santiago\/files\/2023\/05\/tm-ceremonia-de-titulacion-generacion-2022-3-1536x1017.jpg"},"2048x2048":{"file":"tm-ceremonia-de-titulacion-generacion-2022-3-2048x1356.jpg","width":2048,"height":1356,"filesize":444172,"mime_type":"image\/jpeg","source_url":"https:\/\/medicina.udd.cl\/tecnologia-medica-santiago\/files\/2023\/05\/tm-ceremonia-de-titulacion-generacion-2022-3-2048x1356.jpg"},"landscape_1920":{"file":"tm-ceremonia-de-titulacion-generacion-2022-3-1920x1080.jpg","width":1920,"height":1080,"filesize":356086,"mime_type":"image\/jpeg","source_url":"https:\/\/medicina.udd.cl\/tecnologia-medica-santiago\/files\/2023\/05\/tm-ceremonia-de-titulacion-generacion-2022-3-1920x1080.jpg"},"landscape_1366":{"file":"tm-ceremonia-de-titulacion-generacion-2022-3-1366x768.jpg","width":1366,"height":768,"filesize":214098,"mime_type":"image\/jpeg","source_url":"https:\/\/medicina.udd.cl\/tecnologia-medica-santiago\/files\/2023\/05\/tm-ceremonia-de-titulacion-generacion-2022-3-1366x768.jpg"},"landscape_952":{"file":"tm-ceremonia-de-titulacion-generacion-2022-3-952x534.jpg","width":952,"height":534,"filesize":129142,"mime_type":"image\/jpeg","source_url":"https:\/\/medicina.udd.cl\/tecnologia-medica-santiago\/files\/2023\/05\/tm-ceremonia-de-titulacion-generacion-2022-3-952x534.jpg"},"landscape_680":{"file":"tm-ceremonia-de-titulacion-generacion-2022-3-680x382.jpg","width":680,"height":382,"filesize":82427,"mime_type":"image\/jpeg","source_url":"https:\/\/medicina.udd.cl\/tecnologia-medica-santiago\/files\/2023\/05\/tm-ceremonia-de-titulacion-generacion-2022-3-680x382.jpg"},"square_750":{"file":"tm-ceremonia-de-titulacion-generacion-2022-3-750x750.jpg","width":750,"height":750,"filesize":133058,"mime_type":"image\/jpeg","source_url":"https:\/\/medicina.udd.cl\/tecnologia-medica-santiago\/files\/2023\/05\/tm-ceremonia-de-titulacion-generacion-2022-3-750x750.jpg"},"square_500":{"file":"tm-ceremonia-de-titulacion-generacion-2022-3-500x500.jpg","width":500,"height":500,"filesize":78358,"mime_type":"image\/jpeg","source_url":"https:\/\/medicina.udd.cl\/tecnologia-medica-santiago\/files\/2023\/05\/tm-ceremonia-de-titulacion-generacion-2022-3-500x500.jpg"},"square_200":{"file":"tm-ceremonia-de-titulacion-generacion-2022-3-250x250.jpg","width":250,"height":250,"filesize":36371,"mime_type":"image\/jpeg","source_url":"https:\/\/medicina.udd.cl\/tecnologia-medica-santiago\/files\/2023\/05\/tm-ceremonia-de-titulacion-generacion-2022-3-250x250.jpg"},"post-thumbnail":{"file":"tm-ceremonia-de-titulacion-generacion-2022-3-952x534.jpg","width":952,"height":534,"filesize":129142,"mime_type":"image\/jpeg","source_url":"https:\/\/medicina.udd.cl\/tecnologia-medica-santiago\/files\/2023\/05\/tm-ceremonia-de-titulacion-generacion-2022-3-952x534.jpg"},"custom_content":{"file":"tm-ceremonia-de-titulacion-generacion-2022-3-126x126.jpg","width":126,"height":126,"filesize":21920,"mime_type":"image\/jpeg","source_url":"https:\/\/medicina.udd.cl\/tecnologia-medica-santiago\/files\/2023\/05\/tm-ceremonia-de-titulacion-generacion-2022-3-126x126.jpg"},"full":{"file":"tm-ceremonia-de-titulacion-generacion-2022-3-scaled.jpg","width":2560,"height":1695,"mime_type":"image\/jpeg","source_url":"https:\/\/medicina.udd.cl\/tecnologia-medica-santiago\/files\/2023\/05\/tm-ceremonia-de-titulacion-generacion-2022-3-scaled.jpg"}},"image_meta":{"aperture":"7.1","credit":"","camera":"Canon EOS 5D Mark IV","caption":"","created_timestamp":"1682624317","copyright":"","focal_length":"28","iso":"1600","shutter_speed":"0.016666666666667","title":"","orientation":"1","keywords":[]},"original_image":"tm-ceremonia-de-titulacion-generacion-2022-3.jpg"},"post":8252,"source_url":"https:\/\/medicina.udd.cl\/tecnologia-medica-santiago\/files\/2023\/05\/tm-ceremonia-de-titulacion-generacion-2022-3-scaled.jpg","_links":{"self":[{"href":"https:\/\/medicina.udd.cl\/tecnologia-medica-santiago\/wp-json\/wp\/v2\/media\/8255","targetHints":{"allow":["GET"]}}],"collection":[{"href":"https:\/\/medicina.udd.cl\/tecnologia-medica-santiago\/wp-json\/wp\/v2\/media"}],"about":[{"href":"https:\/\/medicina.udd.cl\/tecnologia-medica-santiago\/wp-json\/wp\/v2\/types\/attachment"}],"author":[{"embeddable":true,"href":"https:\/\/medicina.udd.cl\/tecnologia-medica-santiago\/wp-json\/wp\/v2\/users\/9192219"}],"replies":[{"embeddable":true,"href":"https:\/\/medicina.udd.cl\/tecnologia-medica-santiago\/wp-json\/wp\/v2\/comments?post=8255"}],"wp:attached-to":[{"embeddable":true,"post_type":"post","id":8252,"href":"https:\/\/medicina.udd.cl\/tecnologia-medica-santiago\/wp-json\/wp\/v2\/posts\/8252"}],"curies":[{"name":"wp","href":"https:\/\/api.w.org\/{rel}","templated":true}]}}