{"id":8455,"date":"2023-10-23T15:54:02","date_gmt":"2023-10-23T18:54:02","guid":{"rendered":"https:\/\/medicina.udd.cl\/tecnologia-medica-santiago\/files\/2023\/10\/tm-jornada-de-actualizacion-en-oftalmologia-y-optometria-6.jpg"},"modified":"2023-10-23T15:54:02","modified_gmt":"2023-10-23T18:54:02","slug":"tm-jornada-de-actualizacion-en-oftalmologia-y-optometria-6","status":"inherit","type":"attachment","link":"https:\/\/medicina.udd.cl\/tecnologia-medica-santiago\/noticias\/2023\/10\/23\/tecnologia-medica-udd-realiza-jornada-de-actualizacion-en-oftalmologia-y-optometria\/tm-jornada-de-actualizacion-en-oftalmologia-y-optometria-6\/","title":{"rendered":"TM &#8211; Jornada de actualizaci\u00f3n en Oftalmolog\u00eda y Optometr\u00eda (6)"},"author":9192219,"featured_media":0,"comment_status":"","ping_status":"closed","template":"","meta":[],"class_list":["post-8455","attachment","type-attachment","status-inherit","hentry"],"yoast_head":"<!-- This site is optimized with the Yoast SEO plugin v26.9 - https:\/\/yoast.com\/product\/yoast-seo-wordpress\/ -->\n<title>TM - Jornada de actualizaci\u00f3n en Oftalmolog\u00eda y Optometr\u00eda (6) - Tecnolog\u00eda M\u00e9dica<\/title>\n<meta name=\"robots\" content=\"index, follow, max-snippet:-1, max-image-preview:large, max-video-preview:-1\" \/>\n<link rel=\"canonical\" href=\"https:\/\/medicina.udd.cl\/tecnologia-medica-santiago\/files\/2023\/10\/tm-jornada-de-actualizacion-en-oftalmologia-y-optometria-6.jpg\" \/>\n<meta property=\"og:locale\" content=\"es_ES\" \/>\n<meta property=\"og:type\" content=\"article\" \/>\n<meta property=\"og:title\" content=\"TM - Jornada de actualizaci\u00f3n en Oftalmolog\u00eda y Optometr\u00eda (6) - Tecnolog\u00eda M\u00e9dica\" \/>\n<meta property=\"og:url\" content=\"https:\/\/medicina.udd.cl\/tecnologia-medica-santiago\/files\/2023\/10\/tm-jornada-de-actualizacion-en-oftalmologia-y-optometria-6.jpg\" \/>\n<meta property=\"og:site_name\" content=\"Tecnolog\u00eda M\u00e9dica\" \/>\n<meta property=\"og:image\" content=\"https:\/\/medicina.udd.cl\/tecnologia-medica-santiago\/files\/2023\/10\/tm-jornada-de-actualizacion-en-oftalmologia-y-optometria-6.jpg\" \/>\n\t<meta property=\"og:image:width\" content=\"744\" \/>\n\t<meta property=\"og:image:height\" content=\"1058\" \/>\n\t<meta property=\"og:image:type\" content=\"image\/jpeg\" \/>\n<script type=\"application\/ld+json\" class=\"yoast-schema-graph\">{\"@context\":\"https:\/\/schema.org\",\"@graph\":[{\"@type\":\"WebPage\",\"@id\":\"https:\/\/medicina.udd.cl\/tecnologia-medica-santiago\/files\/2023\/10\/tm-jornada-de-actualizacion-en-oftalmologia-y-optometria-6.jpg\",\"url\":\"https:\/\/medicina.udd.cl\/tecnologia-medica-santiago\/files\/2023\/10\/tm-jornada-de-actualizacion-en-oftalmologia-y-optometria-6.jpg\",\"name\":\"TM - Jornada de actualizaci\u00f3n en Oftalmolog\u00eda y Optometr\u00eda (6) - Tecnolog\u00eda M\u00e9dica\",\"isPartOf\":{\"@id\":\"https:\/\/medicina.udd.cl\/tecnologia-medica-santiago\/#website\"},\"datePublished\":\"2023-10-23T18:54:02+00:00\",\"breadcrumb\":{\"@id\":\"https:\/\/medicina.udd.cl\/tecnologia-medica-santiago\/files\/2023\/10\/tm-jornada-de-actualizacion-en-oftalmologia-y-optometria-6.jpg#breadcrumb\"},\"inLanguage\":\"es\",\"potentialAction\":[{\"@type\":\"ReadAction\",\"target\":[\"https:\/\/medicina.udd.cl\/tecnologia-medica-santiago\/files\/2023\/10\/tm-jornada-de-actualizacion-en-oftalmologia-y-optometria-6.jpg\"]}]},{\"@type\":\"BreadcrumbList\",\"@id\":\"https:\/\/medicina.udd.cl\/tecnologia-medica-santiago\/files\/2023\/10\/tm-jornada-de-actualizacion-en-oftalmologia-y-optometria-6.jpg#breadcrumb\",\"itemListElement\":[{\"@type\":\"ListItem\",\"position\":1,\"name\":\"Home\",\"item\":\"https:\/\/medicina.udd.cl\/tecnologia-medica-santiago\/\"},{\"@type\":\"ListItem\",\"position\":2,\"name\":\"Tecnolog\u00eda M\u00e9dica UDD realiza Jornada de actualizaci\u00f3n en Oftalmolog\u00eda y Optometr\u00eda\",\"item\":\"https:\/\/medicina.udd.cl\/tecnologia-medica-santiago\/noticias\/2023\/10\/23\/tecnologia-medica-udd-realiza-jornada-de-actualizacion-en-oftalmologia-y-optometria\/\"},{\"@type\":\"ListItem\",\"position\":3,\"name\":\"TM &#8211; Jornada de actualizaci\u00f3n en Oftalmolog\u00eda y Optometr\u00eda (6)\"}]},{\"@type\":\"WebSite\",\"@id\":\"https:\/\/medicina.udd.cl\/tecnologia-medica-santiago\/#website\",\"url\":\"https:\/\/medicina.udd.cl\/tecnologia-medica-santiago\/\",\"name\":\"Tecnolog\u00eda M\u00e9dica\",\"description\":\"Facultad de Medicina Cl\u00ednica Alemana Universidad del Desarrollo\",\"inLanguage\":\"es\"}]}<\/script>\n<!-- \/ Yoast SEO plugin. -->","yoast_head_json":{"title":"TM - Jornada de actualizaci\u00f3n en Oftalmolog\u00eda y Optometr\u00eda (6) - Tecnolog\u00eda M\u00e9dica","robots":{"index":"index","follow":"follow","max-snippet":"max-snippet:-1","max-image-preview":"max-image-preview:large","max-video-preview":"max-video-preview:-1"},"canonical":"https:\/\/medicina.udd.cl\/tecnologia-medica-santiago\/files\/2023\/10\/tm-jornada-de-actualizacion-en-oftalmologia-y-optometria-6.jpg","og_locale":"es_ES","og_type":"article","og_title":"TM - Jornada de actualizaci\u00f3n en Oftalmolog\u00eda y Optometr\u00eda (6) - Tecnolog\u00eda M\u00e9dica","og_url":"https:\/\/medicina.udd.cl\/tecnologia-medica-santiago\/files\/2023\/10\/tm-jornada-de-actualizacion-en-oftalmologia-y-optometria-6.jpg","og_site_name":"Tecnolog\u00eda M\u00e9dica","og_image":[{"width":744,"height":1058,"url":"https:\/\/medicina.udd.cl\/tecnologia-medica-santiago\/files\/2023\/10\/tm-jornada-de-actualizacion-en-oftalmologia-y-optometria-6.jpg","type":"image\/jpeg"}],"schema":{"@context":"https:\/\/schema.org","@graph":[{"@type":"WebPage","@id":"https:\/\/medicina.udd.cl\/tecnologia-medica-santiago\/files\/2023\/10\/tm-jornada-de-actualizacion-en-oftalmologia-y-optometria-6.jpg","url":"https:\/\/medicina.udd.cl\/tecnologia-medica-santiago\/files\/2023\/10\/tm-jornada-de-actualizacion-en-oftalmologia-y-optometria-6.jpg","name":"TM - Jornada de actualizaci\u00f3n en Oftalmolog\u00eda y Optometr\u00eda (6) - Tecnolog\u00eda M\u00e9dica","isPartOf":{"@id":"https:\/\/medicina.udd.cl\/tecnologia-medica-santiago\/#website"},"datePublished":"2023-10-23T18:54:02+00:00","breadcrumb":{"@id":"https:\/\/medicina.udd.cl\/tecnologia-medica-santiago\/files\/2023\/10\/tm-jornada-de-actualizacion-en-oftalmologia-y-optometria-6.jpg#breadcrumb"},"inLanguage":"es","potentialAction":[{"@type":"ReadAction","target":["https:\/\/medicina.udd.cl\/tecnologia-medica-santiago\/files\/2023\/10\/tm-jornada-de-actualizacion-en-oftalmologia-y-optometria-6.jpg"]}]},{"@type":"BreadcrumbList","@id":"https:\/\/medicina.udd.cl\/tecnologia-medica-santiago\/files\/2023\/10\/tm-jornada-de-actualizacion-en-oftalmologia-y-optometria-6.jpg#breadcrumb","itemListElement":[{"@type":"ListItem","position":1,"name":"Home","item":"https:\/\/medicina.udd.cl\/tecnologia-medica-santiago\/"},{"@type":"ListItem","position":2,"name":"Tecnolog\u00eda M\u00e9dica UDD realiza Jornada de actualizaci\u00f3n en Oftalmolog\u00eda y Optometr\u00eda","item":"https:\/\/medicina.udd.cl\/tecnologia-medica-santiago\/noticias\/2023\/10\/23\/tecnologia-medica-udd-realiza-jornada-de-actualizacion-en-oftalmologia-y-optometria\/"},{"@type":"ListItem","position":3,"name":"TM &#8211; Jornada de actualizaci\u00f3n en Oftalmolog\u00eda y Optometr\u00eda (6)"}]},{"@type":"WebSite","@id":"https:\/\/medicina.udd.cl\/tecnologia-medica-santiago\/#website","url":"https:\/\/medicina.udd.cl\/tecnologia-medica-santiago\/","name":"Tecnolog\u00eda M\u00e9dica","description":"Facultad de Medicina Cl\u00ednica Alemana Universidad del Desarrollo","inLanguage":"es"}]}},"description":{"rendered":"<p class=\"attachment\"><a href='https:\/\/medicina.udd.cl\/tecnologia-medica-santiago\/files\/2023\/10\/tm-jornada-de-actualizacion-en-oftalmologia-y-optometria-6.jpg'><img loading=\"lazy\" decoding=\"async\" width=\"211\" height=\"300\" src=\"https:\/\/medicina.udd.cl\/tecnologia-medica-santiago\/files\/2023\/10\/tm-jornada-de-actualizacion-en-oftalmologia-y-optometria-6-211x300.jpg\" class=\"attachment-medium size-medium\" alt=\"\" srcset=\"https:\/\/medicina.udd.cl\/tecnologia-medica-santiago\/files\/2023\/10\/tm-jornada-de-actualizacion-en-oftalmologia-y-optometria-6-211x300.jpg 211w, https:\/\/medicina.udd.cl\/tecnologia-medica-santiago\/files\/2023\/10\/tm-jornada-de-actualizacion-en-oftalmologia-y-optometria-6-720x1024.jpg 720w, https:\/\/medicina.udd.cl\/tecnologia-medica-santiago\/files\/2023\/10\/tm-jornada-de-actualizacion-en-oftalmologia-y-optometria-6.jpg 744w\" sizes=\"auto, (max-width: 211px) 100vw, 211px\" \/><\/a><\/p>\n"},"caption":{"rendered":""},"alt_text":"","media_type":"image","mime_type":"image\/jpeg","media_details":{"width":744,"height":1058,"file":"2023\/10\/tm-jornada-de-actualizacion-en-oftalmologia-y-optometria-6.jpg","filesize":178713,"sizes":{"medium":{"file":"tm-jornada-de-actualizacion-en-oftalmologia-y-optometria-6-211x300.jpg","width":211,"height":300,"filesize":17604,"mime_type":"image\/jpeg","source_url":"https:\/\/medicina.udd.cl\/tecnologia-medica-santiago\/files\/2023\/10\/tm-jornada-de-actualizacion-en-oftalmologia-y-optometria-6-211x300.jpg"},"large":{"file":"tm-jornada-de-actualizacion-en-oftalmologia-y-optometria-6-720x1024.jpg","width":720,"height":1024,"filesize":113209,"mime_type":"image\/jpeg","source_url":"https:\/\/medicina.udd.cl\/tecnologia-medica-santiago\/files\/2023\/10\/tm-jornada-de-actualizacion-en-oftalmologia-y-optometria-6-720x1024.jpg"},"thumbnail":{"file":"tm-jornada-de-actualizacion-en-oftalmologia-y-optometria-6-150x150.jpg","width":150,"height":150,"filesize":7846,"mime_type":"image\/jpeg","source_url":"https:\/\/medicina.udd.cl\/tecnologia-medica-santiago\/files\/2023\/10\/tm-jornada-de-actualizacion-en-oftalmologia-y-optometria-6-150x150.jpg"},"newsletter_featured":{"file":"tm-jornada-de-actualizacion-en-oftalmologia-y-optometria-6-316x224.jpg","width":316,"height":224,"filesize":17368,"mime_type":"image\/jpeg","source_url":"https:\/\/medicina.udd.cl\/tecnologia-medica-santiago\/files\/2023\/10\/tm-jornada-de-actualizacion-en-oftalmologia-y-optometria-6-316x224.jpg"},"newsletter_first":{"file":"tm-jornada-de-actualizacion-en-oftalmologia-y-optometria-6-286x205.jpg","width":286,"height":205,"filesize":15825,"mime_type":"image\/jpeg","source_url":"https:\/\/medicina.udd.cl\/tecnologia-medica-santiago\/files\/2023\/10\/tm-jornada-de-actualizacion-en-oftalmologia-y-optometria-6-286x205.jpg"},"newsletter_thumb":{"file":"tm-jornada-de-actualizacion-en-oftalmologia-y-optometria-6-288x150.jpg","width":288,"height":150,"filesize":11653,"mime_type":"image\/jpeg","source_url":"https:\/\/medicina.udd.cl\/tecnologia-medica-santiago\/files\/2023\/10\/tm-jornada-de-actualizacion-en-oftalmologia-y-optometria-6-288x150.jpg"},"newsletter_column":{"file":"tm-jornada-de-actualizacion-en-oftalmologia-y-optometria-6-182x140.jpg","width":182,"height":140,"filesize":8196,"mime_type":"image\/jpeg","source_url":"https:\/\/medicina.udd.cl\/tecnologia-medica-santiago\/files\/2023\/10\/tm-jornada-de-actualizacion-en-oftalmologia-y-optometria-6-182x140.jpg"},"newsletter_square":{"file":"tm-jornada-de-actualizacion-en-oftalmologia-y-optometria-6-62x62.jpg","width":62,"height":62,"filesize":1883,"mime_type":"image\/jpeg","source_url":"https:\/\/medicina.udd.cl\/tecnologia-medica-santiago\/files\/2023\/10\/tm-jornada-de-actualizacion-en-oftalmologia-y-optometria-6-62x62.jpg"},"newsletter_square_large":{"file":"tm-jornada-de-actualizacion-en-oftalmologia-y-optometria-6-87x62.jpg","width":87,"height":62,"filesize":2251,"mime_type":"image\/jpeg","source_url":"https:\/\/medicina.udd.cl\/tecnologia-medica-santiago\/files\/2023\/10\/tm-jornada-de-actualizacion-en-oftalmologia-y-optometria-6-87x62.jpg"},"landscape_1366":{"file":"tm-jornada-de-actualizacion-en-oftalmologia-y-optometria-6-744x768.jpg","width":744,"height":768,"filesize":112101,"mime_type":"image\/jpeg","source_url":"https:\/\/medicina.udd.cl\/tecnologia-medica-santiago\/files\/2023\/10\/tm-jornada-de-actualizacion-en-oftalmologia-y-optometria-6-744x768.jpg"},"landscape_952":{"file":"tm-jornada-de-actualizacion-en-oftalmologia-y-optometria-6-744x534.jpg","width":744,"height":534,"filesize":76868,"mime_type":"image\/jpeg","source_url":"https:\/\/medicina.udd.cl\/tecnologia-medica-santiago\/files\/2023\/10\/tm-jornada-de-actualizacion-en-oftalmologia-y-optometria-6-744x534.jpg"},"landscape_680":{"file":"tm-jornada-de-actualizacion-en-oftalmologia-y-optometria-6-680x382.jpg","width":680,"height":382,"filesize":47779,"mime_type":"image\/jpeg","source_url":"https:\/\/medicina.udd.cl\/tecnologia-medica-santiago\/files\/2023\/10\/tm-jornada-de-actualizacion-en-oftalmologia-y-optometria-6-680x382.jpg"},"square_750":{"file":"tm-jornada-de-actualizacion-en-oftalmologia-y-optometria-6-744x750.jpg","width":744,"height":750,"filesize":109973,"mime_type":"image\/jpeg","source_url":"https:\/\/medicina.udd.cl\/tecnologia-medica-santiago\/files\/2023\/10\/tm-jornada-de-actualizacion-en-oftalmologia-y-optometria-6-744x750.jpg"},"square_500":{"file":"tm-jornada-de-actualizacion-en-oftalmologia-y-optometria-6-500x500.jpg","width":500,"height":500,"filesize":55168,"mime_type":"image\/jpeg","source_url":"https:\/\/medicina.udd.cl\/tecnologia-medica-santiago\/files\/2023\/10\/tm-jornada-de-actualizacion-en-oftalmologia-y-optometria-6-500x500.jpg"},"square_200":{"file":"tm-jornada-de-actualizacion-en-oftalmologia-y-optometria-6-250x250.jpg","width":250,"height":250,"filesize":18723,"mime_type":"image\/jpeg","source_url":"https:\/\/medicina.udd.cl\/tecnologia-medica-santiago\/files\/2023\/10\/tm-jornada-de-actualizacion-en-oftalmologia-y-optometria-6-250x250.jpg"},"post-thumbnail":{"file":"tm-jornada-de-actualizacion-en-oftalmologia-y-optometria-6-744x534.jpg","width":744,"height":534,"filesize":76868,"mime_type":"image\/jpeg","source_url":"https:\/\/medicina.udd.cl\/tecnologia-medica-santiago\/files\/2023\/10\/tm-jornada-de-actualizacion-en-oftalmologia-y-optometria-6-744x534.jpg"},"custom_content":{"file":"tm-jornada-de-actualizacion-en-oftalmologia-y-optometria-6-126x126.jpg","width":126,"height":126,"filesize":5981,"mime_type":"image\/jpeg","source_url":"https:\/\/medicina.udd.cl\/tecnologia-medica-santiago\/files\/2023\/10\/tm-jornada-de-actualizacion-en-oftalmologia-y-optometria-6-126x126.jpg"},"full":{"file":"tm-jornada-de-actualizacion-en-oftalmologia-y-optometria-6.jpg","width":744,"height":1058,"mime_type":"image\/jpeg","source_url":"https:\/\/medicina.udd.cl\/tecnologia-medica-santiago\/files\/2023\/10\/tm-jornada-de-actualizacion-en-oftalmologia-y-optometria-6.jpg"}},"image_meta":{"aperture":"0","credit":"","camera":"","caption":"","created_timestamp":"0","copyright":"","focal_length":"0","iso":"0","shutter_speed":"0","title":"","orientation":"0","keywords":[]}},"post":8447,"source_url":"https:\/\/medicina.udd.cl\/tecnologia-medica-santiago\/files\/2023\/10\/tm-jornada-de-actualizacion-en-oftalmologia-y-optometria-6.jpg","_links":{"self":[{"href":"https:\/\/medicina.udd.cl\/tecnologia-medica-santiago\/wp-json\/wp\/v2\/media\/8455","targetHints":{"allow":["GET"]}}],"collection":[{"href":"https:\/\/medicina.udd.cl\/tecnologia-medica-santiago\/wp-json\/wp\/v2\/media"}],"about":[{"href":"https:\/\/medicina.udd.cl\/tecnologia-medica-santiago\/wp-json\/wp\/v2\/types\/attachment"}],"author":[{"embeddable":true,"href":"https:\/\/medicina.udd.cl\/tecnologia-medica-santiago\/wp-json\/wp\/v2\/users\/9192219"}],"replies":[{"embeddable":true,"href":"https:\/\/medicina.udd.cl\/tecnologia-medica-santiago\/wp-json\/wp\/v2\/comments?post=8455"}],"wp:attached-to":[{"embeddable":true,"post_type":"post","id":8447,"href":"https:\/\/medicina.udd.cl\/tecnologia-medica-santiago\/wp-json\/wp\/v2\/posts\/8447"}],"curies":[{"name":"wp","href":"https:\/\/api.w.org\/{rel}","templated":true}]}}