{"id":8469,"date":"2023-11-10T15:09:47","date_gmt":"2023-11-10T18:09:47","guid":{"rendered":"https:\/\/medicina.udd.cl\/tecnologia-medica-santiago\/files\/2023\/11\/tm-feria-comunitaria-educacion-en-salud-4.jpeg"},"modified":"2023-11-10T15:09:47","modified_gmt":"2023-11-10T18:09:47","slug":"tm-feria-comunitaria-educacion-en-salud-4","status":"inherit","type":"attachment","link":"https:\/\/medicina.udd.cl\/tecnologia-medica-santiago\/noticias\/2023\/11\/10\/estudiantes-de-tecnologia-medica-udd-revolucionan-la-educacion-en-salud-con-una-exitosa-feria-comunitaria\/tm-feria-comunitaria-educacion-en-salud-4\/","title":{"rendered":"TM &#8211; Feria Comunitaria Educaci\u00f3n en Salud (4)"},"author":9192219,"featured_media":0,"comment_status":"","ping_status":"closed","template":"","meta":[],"class_list":["post-8469","attachment","type-attachment","status-inherit","hentry"],"yoast_head":"<!-- This site is optimized with the Yoast SEO plugin v26.9 - https:\/\/yoast.com\/product\/yoast-seo-wordpress\/ -->\n<title>TM - Feria Comunitaria Educaci\u00f3n en Salud (4) - Tecnolog\u00eda M\u00e9dica<\/title>\n<meta name=\"robots\" content=\"index, follow, max-snippet:-1, max-image-preview:large, max-video-preview:-1\" \/>\n<link rel=\"canonical\" href=\"https:\/\/medicina.udd.cl\/tecnologia-medica-santiago\/files\/2023\/11\/tm-feria-comunitaria-educacion-en-salud-4-scaled.jpeg\" \/>\n<meta property=\"og:locale\" content=\"es_ES\" \/>\n<meta property=\"og:type\" content=\"article\" \/>\n<meta property=\"og:title\" content=\"TM - Feria Comunitaria Educaci\u00f3n en Salud (4) - Tecnolog\u00eda M\u00e9dica\" \/>\n<meta property=\"og:url\" content=\"https:\/\/medicina.udd.cl\/tecnologia-medica-santiago\/files\/2023\/11\/tm-feria-comunitaria-educacion-en-salud-4-scaled.jpeg\" \/>\n<meta property=\"og:site_name\" content=\"Tecnolog\u00eda M\u00e9dica\" \/>\n<meta property=\"og:image\" content=\"https:\/\/medicina.udd.cl\/tecnologia-medica-santiago\/files\/2023\/11\/tm-feria-comunitaria-educacion-en-salud-4-scaled.jpeg\" \/>\n\t<meta property=\"og:image:width\" content=\"1920\" \/>\n\t<meta property=\"og:image:height\" content=\"2560\" \/>\n\t<meta property=\"og:image:type\" content=\"image\/jpeg\" \/>\n<script type=\"application\/ld+json\" class=\"yoast-schema-graph\">{\"@context\":\"https:\/\/schema.org\",\"@graph\":[{\"@type\":\"WebPage\",\"@id\":\"https:\/\/medicina.udd.cl\/tecnologia-medica-santiago\/files\/2023\/11\/tm-feria-comunitaria-educacion-en-salud-4-scaled.jpeg\",\"url\":\"https:\/\/medicina.udd.cl\/tecnologia-medica-santiago\/files\/2023\/11\/tm-feria-comunitaria-educacion-en-salud-4-scaled.jpeg\",\"name\":\"TM - Feria Comunitaria Educaci\u00f3n en Salud (4) - Tecnolog\u00eda M\u00e9dica\",\"isPartOf\":{\"@id\":\"https:\/\/medicina.udd.cl\/tecnologia-medica-santiago\/#website\"},\"datePublished\":\"2023-11-10T18:09:47+00:00\",\"breadcrumb\":{\"@id\":\"https:\/\/medicina.udd.cl\/tecnologia-medica-santiago\/files\/2023\/11\/tm-feria-comunitaria-educacion-en-salud-4-scaled.jpeg#breadcrumb\"},\"inLanguage\":\"es\",\"potentialAction\":[{\"@type\":\"ReadAction\",\"target\":[\"https:\/\/medicina.udd.cl\/tecnologia-medica-santiago\/files\/2023\/11\/tm-feria-comunitaria-educacion-en-salud-4-scaled.jpeg\"]}]},{\"@type\":\"BreadcrumbList\",\"@id\":\"https:\/\/medicina.udd.cl\/tecnologia-medica-santiago\/files\/2023\/11\/tm-feria-comunitaria-educacion-en-salud-4-scaled.jpeg#breadcrumb\",\"itemListElement\":[{\"@type\":\"ListItem\",\"position\":1,\"name\":\"Home\",\"item\":\"https:\/\/medicina.udd.cl\/tecnologia-medica-santiago\/\"},{\"@type\":\"ListItem\",\"position\":2,\"name\":\"Estudiantes de Tecnolog\u00eda M\u00e9dica UDD revolucionan la educaci\u00f3n en salud con una exitosa feria comunitaria\",\"item\":\"https:\/\/medicina.udd.cl\/tecnologia-medica-santiago\/noticias\/2023\/11\/10\/estudiantes-de-tecnologia-medica-udd-revolucionan-la-educacion-en-salud-con-una-exitosa-feria-comunitaria\/\"},{\"@type\":\"ListItem\",\"position\":3,\"name\":\"TM &#8211; Feria Comunitaria Educaci\u00f3n en Salud (4)\"}]},{\"@type\":\"WebSite\",\"@id\":\"https:\/\/medicina.udd.cl\/tecnologia-medica-santiago\/#website\",\"url\":\"https:\/\/medicina.udd.cl\/tecnologia-medica-santiago\/\",\"name\":\"Tecnolog\u00eda M\u00e9dica\",\"description\":\"Facultad de Medicina Cl\u00ednica Alemana Universidad del Desarrollo\",\"inLanguage\":\"es\"}]}<\/script>\n<!-- \/ Yoast SEO plugin. -->","yoast_head_json":{"title":"TM - Feria Comunitaria Educaci\u00f3n en Salud (4) - Tecnolog\u00eda M\u00e9dica","robots":{"index":"index","follow":"follow","max-snippet":"max-snippet:-1","max-image-preview":"max-image-preview:large","max-video-preview":"max-video-preview:-1"},"canonical":"https:\/\/medicina.udd.cl\/tecnologia-medica-santiago\/files\/2023\/11\/tm-feria-comunitaria-educacion-en-salud-4-scaled.jpeg","og_locale":"es_ES","og_type":"article","og_title":"TM - Feria Comunitaria Educaci\u00f3n en Salud (4) - Tecnolog\u00eda M\u00e9dica","og_url":"https:\/\/medicina.udd.cl\/tecnologia-medica-santiago\/files\/2023\/11\/tm-feria-comunitaria-educacion-en-salud-4-scaled.jpeg","og_site_name":"Tecnolog\u00eda M\u00e9dica","og_image":[{"width":1920,"height":2560,"url":"https:\/\/medicina.udd.cl\/tecnologia-medica-santiago\/files\/2023\/11\/tm-feria-comunitaria-educacion-en-salud-4-scaled.jpeg","type":"image\/jpeg"}],"schema":{"@context":"https:\/\/schema.org","@graph":[{"@type":"WebPage","@id":"https:\/\/medicina.udd.cl\/tecnologia-medica-santiago\/files\/2023\/11\/tm-feria-comunitaria-educacion-en-salud-4-scaled.jpeg","url":"https:\/\/medicina.udd.cl\/tecnologia-medica-santiago\/files\/2023\/11\/tm-feria-comunitaria-educacion-en-salud-4-scaled.jpeg","name":"TM - Feria Comunitaria Educaci\u00f3n en Salud (4) - Tecnolog\u00eda M\u00e9dica","isPartOf":{"@id":"https:\/\/medicina.udd.cl\/tecnologia-medica-santiago\/#website"},"datePublished":"2023-11-10T18:09:47+00:00","breadcrumb":{"@id":"https:\/\/medicina.udd.cl\/tecnologia-medica-santiago\/files\/2023\/11\/tm-feria-comunitaria-educacion-en-salud-4-scaled.jpeg#breadcrumb"},"inLanguage":"es","potentialAction":[{"@type":"ReadAction","target":["https:\/\/medicina.udd.cl\/tecnologia-medica-santiago\/files\/2023\/11\/tm-feria-comunitaria-educacion-en-salud-4-scaled.jpeg"]}]},{"@type":"BreadcrumbList","@id":"https:\/\/medicina.udd.cl\/tecnologia-medica-santiago\/files\/2023\/11\/tm-feria-comunitaria-educacion-en-salud-4-scaled.jpeg#breadcrumb","itemListElement":[{"@type":"ListItem","position":1,"name":"Home","item":"https:\/\/medicina.udd.cl\/tecnologia-medica-santiago\/"},{"@type":"ListItem","position":2,"name":"Estudiantes de Tecnolog\u00eda M\u00e9dica UDD revolucionan la educaci\u00f3n en salud con una exitosa feria comunitaria","item":"https:\/\/medicina.udd.cl\/tecnologia-medica-santiago\/noticias\/2023\/11\/10\/estudiantes-de-tecnologia-medica-udd-revolucionan-la-educacion-en-salud-con-una-exitosa-feria-comunitaria\/"},{"@type":"ListItem","position":3,"name":"TM &#8211; Feria Comunitaria Educaci\u00f3n en Salud (4)"}]},{"@type":"WebSite","@id":"https:\/\/medicina.udd.cl\/tecnologia-medica-santiago\/#website","url":"https:\/\/medicina.udd.cl\/tecnologia-medica-santiago\/","name":"Tecnolog\u00eda M\u00e9dica","description":"Facultad de Medicina Cl\u00ednica Alemana Universidad del Desarrollo","inLanguage":"es"}]}},"description":{"rendered":"<p class=\"attachment\"><a href='https:\/\/medicina.udd.cl\/tecnologia-medica-santiago\/files\/2023\/11\/tm-feria-comunitaria-educacion-en-salud-4-scaled.jpeg'><img loading=\"lazy\" decoding=\"async\" width=\"225\" height=\"300\" src=\"https:\/\/medicina.udd.cl\/tecnologia-medica-santiago\/files\/2023\/11\/tm-feria-comunitaria-educacion-en-salud-4-225x300.jpeg\" class=\"attachment-medium size-medium\" alt=\"\" srcset=\"https:\/\/medicina.udd.cl\/tecnologia-medica-santiago\/files\/2023\/11\/tm-feria-comunitaria-educacion-en-salud-4-225x300.jpeg 225w, https:\/\/medicina.udd.cl\/tecnologia-medica-santiago\/files\/2023\/11\/tm-feria-comunitaria-educacion-en-salud-4-768x1024.jpeg 768w, https:\/\/medicina.udd.cl\/tecnologia-medica-santiago\/files\/2023\/11\/tm-feria-comunitaria-educacion-en-salud-4-1152x1536.jpeg 1152w, https:\/\/medicina.udd.cl\/tecnologia-medica-santiago\/files\/2023\/11\/tm-feria-comunitaria-educacion-en-salud-4-1536x2048.jpeg 1536w, https:\/\/medicina.udd.cl\/tecnologia-medica-santiago\/files\/2023\/11\/tm-feria-comunitaria-educacion-en-salud-4-scaled.jpeg 1920w\" sizes=\"auto, (max-width: 225px) 100vw, 225px\" \/><\/a><\/p>\n"},"caption":{"rendered":""},"alt_text":"","media_type":"image","mime_type":"image\/jpeg","media_details":{"width":1920,"height":2560,"file":"2023\/11\/tm-feria-comunitaria-educacion-en-salud-4-scaled.jpeg","filesize":931109,"sizes":{"medium":{"file":"tm-feria-comunitaria-educacion-en-salud-4-225x300.jpeg","width":225,"height":300,"filesize":34958,"mime_type":"image\/jpeg","source_url":"https:\/\/medicina.udd.cl\/tecnologia-medica-santiago\/files\/2023\/11\/tm-feria-comunitaria-educacion-en-salud-4-225x300.jpeg"},"large":{"file":"tm-feria-comunitaria-educacion-en-salud-4-768x1024.jpeg","width":768,"height":1024,"filesize":203848,"mime_type":"image\/jpeg","source_url":"https:\/\/medicina.udd.cl\/tecnologia-medica-santiago\/files\/2023\/11\/tm-feria-comunitaria-educacion-en-salud-4-768x1024.jpeg"},"thumbnail":{"file":"tm-feria-comunitaria-educacion-en-salud-4-150x150.jpeg","width":150,"height":150,"filesize":22240,"mime_type":"image\/jpeg","source_url":"https:\/\/medicina.udd.cl\/tecnologia-medica-santiago\/files\/2023\/11\/tm-feria-comunitaria-educacion-en-salud-4-150x150.jpeg"},"medium_large":{"file":"tm-feria-comunitaria-educacion-en-salud-4-768x1024.jpeg","width":768,"height":1024,"filesize":203848,"mime_type":"image\/jpeg","source_url":"https:\/\/medicina.udd.cl\/tecnologia-medica-santiago\/files\/2023\/11\/tm-feria-comunitaria-educacion-en-salud-4-768x1024.jpeg"},"newsletter_featured":{"file":"tm-feria-comunitaria-educacion-en-salud-4-316x224.jpeg","width":316,"height":224,"filesize":34827,"mime_type":"image\/jpeg","source_url":"https:\/\/medicina.udd.cl\/tecnologia-medica-santiago\/files\/2023\/11\/tm-feria-comunitaria-educacion-en-salud-4-316x224.jpeg"},"newsletter_first":{"file":"tm-feria-comunitaria-educacion-en-salud-4-286x205.jpeg","width":286,"height":205,"filesize":31913,"mime_type":"image\/jpeg","source_url":"https:\/\/medicina.udd.cl\/tecnologia-medica-santiago\/files\/2023\/11\/tm-feria-comunitaria-educacion-en-salud-4-286x205.jpeg"},"newsletter_thumb":{"file":"tm-feria-comunitaria-educacion-en-salud-4-288x150.jpeg","width":288,"height":150,"filesize":27492,"mime_type":"image\/jpeg","source_url":"https:\/\/medicina.udd.cl\/tecnologia-medica-santiago\/files\/2023\/11\/tm-feria-comunitaria-educacion-en-salud-4-288x150.jpeg"},"newsletter_column":{"file":"tm-feria-comunitaria-educacion-en-salud-4-182x140.jpeg","width":182,"height":140,"filesize":22977,"mime_type":"image\/jpeg","source_url":"https:\/\/medicina.udd.cl\/tecnologia-medica-santiago\/files\/2023\/11\/tm-feria-comunitaria-educacion-en-salud-4-182x140.jpeg"},"newsletter_square":{"file":"tm-feria-comunitaria-educacion-en-salud-4-62x62.jpeg","width":62,"height":62,"filesize":16379,"mime_type":"image\/jpeg","source_url":"https:\/\/medicina.udd.cl\/tecnologia-medica-santiago\/files\/2023\/11\/tm-feria-comunitaria-educacion-en-salud-4-62x62.jpeg"},"newsletter_square_large":{"file":"tm-feria-comunitaria-educacion-en-salud-4-87x62.jpeg","width":87,"height":62,"filesize":16919,"mime_type":"image\/jpeg","source_url":"https:\/\/medicina.udd.cl\/tecnologia-medica-santiago\/files\/2023\/11\/tm-feria-comunitaria-educacion-en-salud-4-87x62.jpeg"},"1536x1536":{"file":"tm-feria-comunitaria-educacion-en-salud-4-1152x1536.jpeg","width":1152,"height":1536,"filesize":396811,"mime_type":"image\/jpeg","source_url":"https:\/\/medicina.udd.cl\/tecnologia-medica-santiago\/files\/2023\/11\/tm-feria-comunitaria-educacion-en-salud-4-1152x1536.jpeg"},"2048x2048":{"file":"tm-feria-comunitaria-educacion-en-salud-4-1536x2048.jpeg","width":1536,"height":2048,"filesize":640315,"mime_type":"image\/jpeg","source_url":"https:\/\/medicina.udd.cl\/tecnologia-medica-santiago\/files\/2023\/11\/tm-feria-comunitaria-educacion-en-salud-4-1536x2048.jpeg"},"landscape_1920":{"file":"tm-feria-comunitaria-educacion-en-salud-4-1920x1080.jpeg","width":1920,"height":1080,"filesize":383938,"mime_type":"image\/jpeg","source_url":"https:\/\/medicina.udd.cl\/tecnologia-medica-santiago\/files\/2023\/11\/tm-feria-comunitaria-educacion-en-salud-4-1920x1080.jpeg"},"landscape_1366":{"file":"tm-feria-comunitaria-educacion-en-salud-4-1366x768.jpeg","width":1366,"height":768,"filesize":219703,"mime_type":"image\/jpeg","source_url":"https:\/\/medicina.udd.cl\/tecnologia-medica-santiago\/files\/2023\/11\/tm-feria-comunitaria-educacion-en-salud-4-1366x768.jpeg"},"landscape_952":{"file":"tm-feria-comunitaria-educacion-en-salud-4-952x534.jpeg","width":952,"height":534,"filesize":125811,"mime_type":"image\/jpeg","source_url":"https:\/\/medicina.udd.cl\/tecnologia-medica-santiago\/files\/2023\/11\/tm-feria-comunitaria-educacion-en-salud-4-952x534.jpeg"},"landscape_680":{"file":"tm-feria-comunitaria-educacion-en-salud-4-680x382.jpeg","width":680,"height":382,"filesize":76967,"mime_type":"image\/jpeg","source_url":"https:\/\/medicina.udd.cl\/tecnologia-medica-santiago\/files\/2023\/11\/tm-feria-comunitaria-educacion-en-salud-4-680x382.jpeg"},"square_750":{"file":"tm-feria-comunitaria-educacion-en-salud-4-750x750.jpeg","width":750,"height":750,"filesize":150263,"mime_type":"image\/jpeg","source_url":"https:\/\/medicina.udd.cl\/tecnologia-medica-santiago\/files\/2023\/11\/tm-feria-comunitaria-educacion-en-salud-4-750x750.jpeg"},"square_500":{"file":"tm-feria-comunitaria-educacion-en-salud-4-500x500.jpeg","width":500,"height":500,"filesize":80793,"mime_type":"image\/jpeg","source_url":"https:\/\/medicina.udd.cl\/tecnologia-medica-santiago\/files\/2023\/11\/tm-feria-comunitaria-educacion-en-salud-4-500x500.jpeg"},"square_200":{"file":"tm-feria-comunitaria-educacion-en-salud-4-250x250.jpeg","width":250,"height":250,"filesize":33424,"mime_type":"image\/jpeg","source_url":"https:\/\/medicina.udd.cl\/tecnologia-medica-santiago\/files\/2023\/11\/tm-feria-comunitaria-educacion-en-salud-4-250x250.jpeg"},"post-thumbnail":{"file":"tm-feria-comunitaria-educacion-en-salud-4-952x534.jpeg","width":952,"height":534,"filesize":125811,"mime_type":"image\/jpeg","source_url":"https:\/\/medicina.udd.cl\/tecnologia-medica-santiago\/files\/2023\/11\/tm-feria-comunitaria-educacion-en-salud-4-952x534.jpeg"},"custom_content":{"file":"tm-feria-comunitaria-educacion-en-salud-4-126x126.jpeg","width":126,"height":126,"filesize":20146,"mime_type":"image\/jpeg","source_url":"https:\/\/medicina.udd.cl\/tecnologia-medica-santiago\/files\/2023\/11\/tm-feria-comunitaria-educacion-en-salud-4-126x126.jpeg"},"full":{"file":"tm-feria-comunitaria-educacion-en-salud-4-scaled.jpeg","width":1920,"height":2560,"mime_type":"image\/jpeg","source_url":"https:\/\/medicina.udd.cl\/tecnologia-medica-santiago\/files\/2023\/11\/tm-feria-comunitaria-educacion-en-salud-4-scaled.jpeg"}},"image_meta":{"aperture":"2.4","credit":"","camera":"iPhone 12 Pro Max","caption":"","created_timestamp":"1699541999","copyright":"","focal_length":"1.54","iso":"160","shutter_speed":"0.01010101010101","title":"","orientation":1,"keywords":[]},"original_image":"tm-feria-comunitaria-educacion-en-salud-4.jpeg"},"post":8465,"source_url":"https:\/\/medicina.udd.cl\/tecnologia-medica-santiago\/files\/2023\/11\/tm-feria-comunitaria-educacion-en-salud-4-scaled.jpeg","_links":{"self":[{"href":"https:\/\/medicina.udd.cl\/tecnologia-medica-santiago\/wp-json\/wp\/v2\/media\/8469","targetHints":{"allow":["GET"]}}],"collection":[{"href":"https:\/\/medicina.udd.cl\/tecnologia-medica-santiago\/wp-json\/wp\/v2\/media"}],"about":[{"href":"https:\/\/medicina.udd.cl\/tecnologia-medica-santiago\/wp-json\/wp\/v2\/types\/attachment"}],"author":[{"embeddable":true,"href":"https:\/\/medicina.udd.cl\/tecnologia-medica-santiago\/wp-json\/wp\/v2\/users\/9192219"}],"replies":[{"embeddable":true,"href":"https:\/\/medicina.udd.cl\/tecnologia-medica-santiago\/wp-json\/wp\/v2\/comments?post=8469"}],"wp:attached-to":[{"embeddable":true,"post_type":"post","id":8465,"href":"https:\/\/medicina.udd.cl\/tecnologia-medica-santiago\/wp-json\/wp\/v2\/posts\/8465"}],"curies":[{"name":"wp","href":"https:\/\/api.w.org\/{rel}","templated":true}]}}