{"id":8607,"date":"2024-02-12T10:50:55","date_gmt":"2024-02-12T13:50:55","guid":{"rendered":"https:\/\/medicina.udd.cl\/tecnologia-medica-santiago\/files\/2024\/02\/tm-cierre-de-ano-academico-2023-2.jpg"},"modified":"2024-02-12T11:00:51","modified_gmt":"2024-02-12T14:00:51","slug":"tm-cierre-de-ano-academico-2023-2","status":"inherit","type":"attachment","link":"https:\/\/medicina.udd.cl\/tecnologia-medica-santiago\/noticias\/2024\/02\/12\/tecnologia-medica-udd-realizo-ceremonia-de-cierre-de-ano-academico-2023-reconocimiento-a-la-excelencia-y-compromiso\/tm-cierre-de-ano-academico-2023-2\/","title":{"rendered":"TM &#8211; Cierre de a\u00f1o acad\u00e9mico 2023 (2)"},"author":9192219,"featured_media":0,"comment_status":"closed","ping_status":"closed","template":"","meta":[],"class_list":["post-8607","attachment","type-attachment","status-inherit","hentry"],"yoast_head":"<!-- This site is optimized with the Yoast SEO plugin v26.9 - https:\/\/yoast.com\/product\/yoast-seo-wordpress\/ -->\n<title>TM - Cierre de a\u00f1o acad\u00e9mico 2023 (2) - Tecnolog\u00eda M\u00e9dica<\/title>\n<meta name=\"robots\" content=\"index, follow, max-snippet:-1, max-image-preview:large, max-video-preview:-1\" \/>\n<link rel=\"canonical\" href=\"https:\/\/medicina.udd.cl\/tecnologia-medica-santiago\/files\/2024\/02\/tm-cierre-de-ano-academico-2023-2.jpg\" \/>\n<meta property=\"og:locale\" content=\"es_ES\" \/>\n<meta property=\"og:type\" content=\"article\" \/>\n<meta property=\"og:title\" content=\"TM - Cierre de a\u00f1o acad\u00e9mico 2023 (2) - Tecnolog\u00eda M\u00e9dica\" \/>\n<meta property=\"og:description\" content=\"Mar\u00eda Adriana Parra, Robinson Arias y Guislaine Aldana\" \/>\n<meta property=\"og:url\" content=\"https:\/\/medicina.udd.cl\/tecnologia-medica-santiago\/files\/2024\/02\/tm-cierre-de-ano-academico-2023-2.jpg\" \/>\n<meta property=\"og:site_name\" content=\"Tecnolog\u00eda M\u00e9dica\" \/>\n<meta property=\"article:modified_time\" content=\"2024-02-12T14:00:51+00:00\" \/>\n<meta property=\"og:image\" content=\"https:\/\/medicina.udd.cl\/tecnologia-medica-santiago\/files\/2024\/02\/tm-cierre-de-ano-academico-2023-2.jpg\" \/>\n\t<meta property=\"og:image:width\" content=\"1600\" \/>\n\t<meta property=\"og:image:height\" content=\"1200\" \/>\n\t<meta property=\"og:image:type\" content=\"image\/jpeg\" \/>\n<script type=\"application\/ld+json\" class=\"yoast-schema-graph\">{\"@context\":\"https:\/\/schema.org\",\"@graph\":[{\"@type\":\"WebPage\",\"@id\":\"https:\/\/medicina.udd.cl\/tecnologia-medica-santiago\/files\/2024\/02\/tm-cierre-de-ano-academico-2023-2.jpg\",\"url\":\"https:\/\/medicina.udd.cl\/tecnologia-medica-santiago\/files\/2024\/02\/tm-cierre-de-ano-academico-2023-2.jpg\",\"name\":\"TM - Cierre de a\u00f1o acad\u00e9mico 2023 (2) - Tecnolog\u00eda M\u00e9dica\",\"isPartOf\":{\"@id\":\"https:\/\/medicina.udd.cl\/tecnologia-medica-santiago\/#website\"},\"datePublished\":\"2024-02-12T13:50:55+00:00\",\"dateModified\":\"2024-02-12T14:00:51+00:00\",\"breadcrumb\":{\"@id\":\"https:\/\/medicina.udd.cl\/tecnologia-medica-santiago\/files\/2024\/02\/tm-cierre-de-ano-academico-2023-2.jpg#breadcrumb\"},\"inLanguage\":\"es\",\"potentialAction\":[{\"@type\":\"ReadAction\",\"target\":[\"https:\/\/medicina.udd.cl\/tecnologia-medica-santiago\/files\/2024\/02\/tm-cierre-de-ano-academico-2023-2.jpg\"]}]},{\"@type\":\"BreadcrumbList\",\"@id\":\"https:\/\/medicina.udd.cl\/tecnologia-medica-santiago\/files\/2024\/02\/tm-cierre-de-ano-academico-2023-2.jpg#breadcrumb\",\"itemListElement\":[{\"@type\":\"ListItem\",\"position\":1,\"name\":\"Home\",\"item\":\"https:\/\/medicina.udd.cl\/tecnologia-medica-santiago\/\"},{\"@type\":\"ListItem\",\"position\":2,\"name\":\"Tecnolog\u00eda M\u00e9dica UDD realiz\u00f3 ceremonia de cierre de a\u00f1o acad\u00e9mico 2023: reconocimiento a la excelencia y compromiso\",\"item\":\"https:\/\/medicina.udd.cl\/tecnologia-medica-santiago\/noticias\/2024\/02\/12\/tecnologia-medica-udd-realizo-ceremonia-de-cierre-de-ano-academico-2023-reconocimiento-a-la-excelencia-y-compromiso\/\"},{\"@type\":\"ListItem\",\"position\":3,\"name\":\"TM &#8211; Cierre de a\u00f1o acad\u00e9mico 2023 (2)\"}]},{\"@type\":\"WebSite\",\"@id\":\"https:\/\/medicina.udd.cl\/tecnologia-medica-santiago\/#website\",\"url\":\"https:\/\/medicina.udd.cl\/tecnologia-medica-santiago\/\",\"name\":\"Tecnolog\u00eda M\u00e9dica\",\"description\":\"Facultad de Medicina Cl\u00ednica Alemana Universidad del Desarrollo\",\"inLanguage\":\"es\"}]}<\/script>\n<!-- \/ Yoast SEO plugin. -->","yoast_head_json":{"title":"TM - Cierre de a\u00f1o acad\u00e9mico 2023 (2) - Tecnolog\u00eda M\u00e9dica","robots":{"index":"index","follow":"follow","max-snippet":"max-snippet:-1","max-image-preview":"max-image-preview:large","max-video-preview":"max-video-preview:-1"},"canonical":"https:\/\/medicina.udd.cl\/tecnologia-medica-santiago\/files\/2024\/02\/tm-cierre-de-ano-academico-2023-2.jpg","og_locale":"es_ES","og_type":"article","og_title":"TM - Cierre de a\u00f1o acad\u00e9mico 2023 (2) - Tecnolog\u00eda M\u00e9dica","og_description":"Mar\u00eda Adriana Parra, Robinson Arias y Guislaine Aldana","og_url":"https:\/\/medicina.udd.cl\/tecnologia-medica-santiago\/files\/2024\/02\/tm-cierre-de-ano-academico-2023-2.jpg","og_site_name":"Tecnolog\u00eda M\u00e9dica","article_modified_time":"2024-02-12T14:00:51+00:00","og_image":[{"width":1600,"height":1200,"url":"https:\/\/medicina.udd.cl\/tecnologia-medica-santiago\/files\/2024\/02\/tm-cierre-de-ano-academico-2023-2.jpg","type":"image\/jpeg"}],"schema":{"@context":"https:\/\/schema.org","@graph":[{"@type":"WebPage","@id":"https:\/\/medicina.udd.cl\/tecnologia-medica-santiago\/files\/2024\/02\/tm-cierre-de-ano-academico-2023-2.jpg","url":"https:\/\/medicina.udd.cl\/tecnologia-medica-santiago\/files\/2024\/02\/tm-cierre-de-ano-academico-2023-2.jpg","name":"TM - Cierre de a\u00f1o acad\u00e9mico 2023 (2) - Tecnolog\u00eda M\u00e9dica","isPartOf":{"@id":"https:\/\/medicina.udd.cl\/tecnologia-medica-santiago\/#website"},"datePublished":"2024-02-12T13:50:55+00:00","dateModified":"2024-02-12T14:00:51+00:00","breadcrumb":{"@id":"https:\/\/medicina.udd.cl\/tecnologia-medica-santiago\/files\/2024\/02\/tm-cierre-de-ano-academico-2023-2.jpg#breadcrumb"},"inLanguage":"es","potentialAction":[{"@type":"ReadAction","target":["https:\/\/medicina.udd.cl\/tecnologia-medica-santiago\/files\/2024\/02\/tm-cierre-de-ano-academico-2023-2.jpg"]}]},{"@type":"BreadcrumbList","@id":"https:\/\/medicina.udd.cl\/tecnologia-medica-santiago\/files\/2024\/02\/tm-cierre-de-ano-academico-2023-2.jpg#breadcrumb","itemListElement":[{"@type":"ListItem","position":1,"name":"Home","item":"https:\/\/medicina.udd.cl\/tecnologia-medica-santiago\/"},{"@type":"ListItem","position":2,"name":"Tecnolog\u00eda M\u00e9dica UDD realiz\u00f3 ceremonia de cierre de a\u00f1o acad\u00e9mico 2023: reconocimiento a la excelencia y compromiso","item":"https:\/\/medicina.udd.cl\/tecnologia-medica-santiago\/noticias\/2024\/02\/12\/tecnologia-medica-udd-realizo-ceremonia-de-cierre-de-ano-academico-2023-reconocimiento-a-la-excelencia-y-compromiso\/"},{"@type":"ListItem","position":3,"name":"TM &#8211; Cierre de a\u00f1o acad\u00e9mico 2023 (2)"}]},{"@type":"WebSite","@id":"https:\/\/medicina.udd.cl\/tecnologia-medica-santiago\/#website","url":"https:\/\/medicina.udd.cl\/tecnologia-medica-santiago\/","name":"Tecnolog\u00eda M\u00e9dica","description":"Facultad de Medicina Cl\u00ednica Alemana Universidad del Desarrollo","inLanguage":"es"}]}},"description":{"rendered":"<p class=\"attachment\"><a href='https:\/\/medicina.udd.cl\/tecnologia-medica-santiago\/files\/2024\/02\/tm-cierre-de-ano-academico-2023-2.jpg'><img loading=\"lazy\" decoding=\"async\" width=\"300\" height=\"225\" src=\"https:\/\/medicina.udd.cl\/tecnologia-medica-santiago\/files\/2024\/02\/tm-cierre-de-ano-academico-2023-2-300x225.jpg\" class=\"attachment-medium size-medium\" alt=\"\" srcset=\"https:\/\/medicina.udd.cl\/tecnologia-medica-santiago\/files\/2024\/02\/tm-cierre-de-ano-academico-2023-2-300x225.jpg 300w, https:\/\/medicina.udd.cl\/tecnologia-medica-santiago\/files\/2024\/02\/tm-cierre-de-ano-academico-2023-2-1024x768.jpg 1024w, https:\/\/medicina.udd.cl\/tecnologia-medica-santiago\/files\/2024\/02\/tm-cierre-de-ano-academico-2023-2-768x576.jpg 768w, https:\/\/medicina.udd.cl\/tecnologia-medica-santiago\/files\/2024\/02\/tm-cierre-de-ano-academico-2023-2-1536x1152.jpg 1536w, https:\/\/medicina.udd.cl\/tecnologia-medica-santiago\/files\/2024\/02\/tm-cierre-de-ano-academico-2023-2.jpg 1600w\" sizes=\"auto, (max-width: 300px) 100vw, 300px\" \/><\/a><\/p>\n"},"caption":{"rendered":"<p>Mar\u00eda Adriana Parra, Robinson Arias y Guislaine Aldana<\/p>\n"},"alt_text":"","media_type":"image","mime_type":"image\/jpeg","media_details":{"width":1600,"height":1200,"file":"2024\/02\/tm-cierre-de-ano-academico-2023-2.jpg","filesize":324866,"sizes":{"medium":{"file":"tm-cierre-de-ano-academico-2023-2-300x225.jpg","width":300,"height":225,"filesize":17087,"mime_type":"image\/jpeg","source_url":"https:\/\/medicina.udd.cl\/tecnologia-medica-santiago\/files\/2024\/02\/tm-cierre-de-ano-academico-2023-2-300x225.jpg"},"large":{"file":"tm-cierre-de-ano-academico-2023-2-1024x768.jpg","width":1024,"height":768,"filesize":147337,"mime_type":"image\/jpeg","source_url":"https:\/\/medicina.udd.cl\/tecnologia-medica-santiago\/files\/2024\/02\/tm-cierre-de-ano-academico-2023-2-1024x768.jpg"},"thumbnail":{"file":"tm-cierre-de-ano-academico-2023-2-150x150.jpg","width":150,"height":150,"filesize":7036,"mime_type":"image\/jpeg","source_url":"https:\/\/medicina.udd.cl\/tecnologia-medica-santiago\/files\/2024\/02\/tm-cierre-de-ano-academico-2023-2-150x150.jpg"},"medium_large":{"file":"tm-cierre-de-ano-academico-2023-2-768x576.jpg","width":768,"height":576,"filesize":87719,"mime_type":"image\/jpeg","source_url":"https:\/\/medicina.udd.cl\/tecnologia-medica-santiago\/files\/2024\/02\/tm-cierre-de-ano-academico-2023-2-768x576.jpg"},"newsletter_featured":{"file":"tm-cierre-de-ano-academico-2023-2-316x224.jpg","width":316,"height":224,"filesize":17429,"mime_type":"image\/jpeg","source_url":"https:\/\/medicina.udd.cl\/tecnologia-medica-santiago\/files\/2024\/02\/tm-cierre-de-ano-academico-2023-2-316x224.jpg"},"newsletter_first":{"file":"tm-cierre-de-ano-academico-2023-2-286x205.jpg","width":286,"height":205,"filesize":14968,"mime_type":"image\/jpeg","source_url":"https:\/\/medicina.udd.cl\/tecnologia-medica-santiago\/files\/2024\/02\/tm-cierre-de-ano-academico-2023-2-286x205.jpg"},"newsletter_thumb":{"file":"tm-cierre-de-ano-academico-2023-2-288x150.jpg","width":288,"height":150,"filesize":11939,"mime_type":"image\/jpeg","source_url":"https:\/\/medicina.udd.cl\/tecnologia-medica-santiago\/files\/2024\/02\/tm-cierre-de-ano-academico-2023-2-288x150.jpg"},"newsletter_column":{"file":"tm-cierre-de-ano-academico-2023-2-182x140.jpg","width":182,"height":140,"filesize":7563,"mime_type":"image\/jpeg","source_url":"https:\/\/medicina.udd.cl\/tecnologia-medica-santiago\/files\/2024\/02\/tm-cierre-de-ano-academico-2023-2-182x140.jpg"},"newsletter_square":{"file":"tm-cierre-de-ano-academico-2023-2-62x62.jpg","width":62,"height":62,"filesize":1800,"mime_type":"image\/jpeg","source_url":"https:\/\/medicina.udd.cl\/tecnologia-medica-santiago\/files\/2024\/02\/tm-cierre-de-ano-academico-2023-2-62x62.jpg"},"newsletter_square_large":{"file":"tm-cierre-de-ano-academico-2023-2-87x62.jpg","width":87,"height":62,"filesize":2230,"mime_type":"image\/jpeg","source_url":"https:\/\/medicina.udd.cl\/tecnologia-medica-santiago\/files\/2024\/02\/tm-cierre-de-ano-academico-2023-2-87x62.jpg"},"1536x1536":{"file":"tm-cierre-de-ano-academico-2023-2-1536x1152.jpg","width":1536,"height":1152,"filesize":297762,"mime_type":"image\/jpeg","source_url":"https:\/\/medicina.udd.cl\/tecnologia-medica-santiago\/files\/2024\/02\/tm-cierre-de-ano-academico-2023-2-1536x1152.jpg"},"landscape_1920":{"file":"tm-cierre-de-ano-academico-2023-2-1600x1080.jpg","width":1600,"height":1080,"filesize":329467,"mime_type":"image\/jpeg","source_url":"https:\/\/medicina.udd.cl\/tecnologia-medica-santiago\/files\/2024\/02\/tm-cierre-de-ano-academico-2023-2-1600x1080.jpg"},"landscape_1366":{"file":"tm-cierre-de-ano-academico-2023-2-1366x768.jpg","width":1366,"height":768,"filesize":194476,"mime_type":"image\/jpeg","source_url":"https:\/\/medicina.udd.cl\/tecnologia-medica-santiago\/files\/2024\/02\/tm-cierre-de-ano-academico-2023-2-1366x768.jpg"},"landscape_952":{"file":"tm-cierre-de-ano-academico-2023-2-952x534.jpg","width":952,"height":534,"filesize":103549,"mime_type":"image\/jpeg","source_url":"https:\/\/medicina.udd.cl\/tecnologia-medica-santiago\/files\/2024\/02\/tm-cierre-de-ano-academico-2023-2-952x534.jpg"},"landscape_680":{"file":"tm-cierre-de-ano-academico-2023-2-680x382.jpg","width":680,"height":382,"filesize":56394,"mime_type":"image\/jpeg","source_url":"https:\/\/medicina.udd.cl\/tecnologia-medica-santiago\/files\/2024\/02\/tm-cierre-de-ano-academico-2023-2-680x382.jpg"},"square_750":{"file":"tm-cierre-de-ano-academico-2023-2-750x750.jpg","width":750,"height":750,"filesize":117779,"mime_type":"image\/jpeg","source_url":"https:\/\/medicina.udd.cl\/tecnologia-medica-santiago\/files\/2024\/02\/tm-cierre-de-ano-academico-2023-2-750x750.jpg"},"square_500":{"file":"tm-cierre-de-ano-academico-2023-2-500x500.jpg","width":500,"height":500,"filesize":57111,"mime_type":"image\/jpeg","source_url":"https:\/\/medicina.udd.cl\/tecnologia-medica-santiago\/files\/2024\/02\/tm-cierre-de-ano-academico-2023-2-500x500.jpg"},"square_200":{"file":"tm-cierre-de-ano-academico-2023-2-250x250.jpg","width":250,"height":250,"filesize":16889,"mime_type":"image\/jpeg","source_url":"https:\/\/medicina.udd.cl\/tecnologia-medica-santiago\/files\/2024\/02\/tm-cierre-de-ano-academico-2023-2-250x250.jpg"},"post-thumbnail":{"file":"tm-cierre-de-ano-academico-2023-2-952x534.jpg","width":952,"height":534,"filesize":103549,"mime_type":"image\/jpeg","source_url":"https:\/\/medicina.udd.cl\/tecnologia-medica-santiago\/files\/2024\/02\/tm-cierre-de-ano-academico-2023-2-952x534.jpg"},"custom_content":{"file":"tm-cierre-de-ano-academico-2023-2-126x126.jpg","width":126,"height":126,"filesize":5238,"mime_type":"image\/jpeg","source_url":"https:\/\/medicina.udd.cl\/tecnologia-medica-santiago\/files\/2024\/02\/tm-cierre-de-ano-academico-2023-2-126x126.jpg"},"full":{"file":"tm-cierre-de-ano-academico-2023-2.jpg","width":1600,"height":1200,"mime_type":"image\/jpeg","source_url":"https:\/\/medicina.udd.cl\/tecnologia-medica-santiago\/files\/2024\/02\/tm-cierre-de-ano-academico-2023-2.jpg"}},"image_meta":{"aperture":"0","credit":"","camera":"","caption":"","created_timestamp":"0","copyright":"","focal_length":"0","iso":"0","shutter_speed":"0","title":"","orientation":"0","keywords":[]}},"post":8601,"source_url":"https:\/\/medicina.udd.cl\/tecnologia-medica-santiago\/files\/2024\/02\/tm-cierre-de-ano-academico-2023-2.jpg","_links":{"self":[{"href":"https:\/\/medicina.udd.cl\/tecnologia-medica-santiago\/wp-json\/wp\/v2\/media\/8607","targetHints":{"allow":["GET"]}}],"collection":[{"href":"https:\/\/medicina.udd.cl\/tecnologia-medica-santiago\/wp-json\/wp\/v2\/media"}],"about":[{"href":"https:\/\/medicina.udd.cl\/tecnologia-medica-santiago\/wp-json\/wp\/v2\/types\/attachment"}],"author":[{"embeddable":true,"href":"https:\/\/medicina.udd.cl\/tecnologia-medica-santiago\/wp-json\/wp\/v2\/users\/9192219"}],"replies":[{"embeddable":true,"href":"https:\/\/medicina.udd.cl\/tecnologia-medica-santiago\/wp-json\/wp\/v2\/comments?post=8607"}],"wp:attached-to":[{"embeddable":true,"post_type":"post","id":8601,"href":"https:\/\/medicina.udd.cl\/tecnologia-medica-santiago\/wp-json\/wp\/v2\/posts\/8601"}],"curies":[{"name":"wp","href":"https:\/\/api.w.org\/{rel}","templated":true}]}}