{"id":9245,"date":"2024-08-29T12:41:51","date_gmt":"2024-08-29T16:41:51","guid":{"rendered":"https:\/\/medicina.udd.cl\/tecnologia-medica-santiago\/files\/2024\/08\/tm-adriana-en-congreso-quimica-clinica-y-ciencias-lab-2.jpg"},"modified":"2024-08-29T12:41:51","modified_gmt":"2024-08-29T16:41:51","slug":"tm-adriana-en-congreso-quimica-clinica-y-ciencias-lab-2","status":"inherit","type":"attachment","link":"https:\/\/medicina.udd.cl\/tecnologia-medica-santiago\/noticias\/2024\/08\/23\/directora-de-tecnologia-medica-udd-participo-en-el-xi-congreso-chileno-de-quimica-clinica-y-ciencias-de-laboratorio\/tm-adriana-en-congreso-quimica-clinica-y-ciencias-lab-2\/","title":{"rendered":"TM &#8211; Adriana en Congreso Qu\u00edmica Cl\u00ednica y Ciencias Lab (2)"},"author":9192219,"featured_media":0,"comment_status":"","ping_status":"closed","template":"","meta":[],"class_list":["post-9245","attachment","type-attachment","status-inherit","hentry"],"yoast_head":"<!-- This site is optimized with the Yoast SEO plugin v26.9 - https:\/\/yoast.com\/product\/yoast-seo-wordpress\/ -->\n<title>TM - Adriana en Congreso Qu\u00edmica Cl\u00ednica y Ciencias Lab (2) - Tecnolog\u00eda M\u00e9dica<\/title>\n<meta name=\"robots\" content=\"index, follow, max-snippet:-1, max-image-preview:large, max-video-preview:-1\" \/>\n<link rel=\"canonical\" href=\"https:\/\/medicina.udd.cl\/tecnologia-medica-santiago\/files\/2024\/08\/tm-adriana-en-congreso-quimica-clinica-y-ciencias-lab-2-scaled.jpg\" \/>\n<meta property=\"og:locale\" content=\"es_ES\" \/>\n<meta property=\"og:type\" content=\"article\" \/>\n<meta property=\"og:title\" content=\"TM - Adriana en Congreso Qu\u00edmica Cl\u00ednica y Ciencias Lab (2) - Tecnolog\u00eda M\u00e9dica\" \/>\n<meta property=\"og:url\" content=\"https:\/\/medicina.udd.cl\/tecnologia-medica-santiago\/files\/2024\/08\/tm-adriana-en-congreso-quimica-clinica-y-ciencias-lab-2-scaled.jpg\" \/>\n<meta property=\"og:site_name\" content=\"Tecnolog\u00eda M\u00e9dica\" \/>\n<meta property=\"og:image\" content=\"https:\/\/medicina.udd.cl\/tecnologia-medica-santiago\/files\/2024\/08\/tm-adriana-en-congreso-quimica-clinica-y-ciencias-lab-2.jpg\" \/>\n\t<meta property=\"og:image:width\" content=\"1\" \/>\n\t<meta property=\"og:image:height\" content=\"1\" \/>\n\t<meta property=\"og:image:type\" content=\"image\/jpeg\" \/>\n<script type=\"application\/ld+json\" class=\"yoast-schema-graph\">{\"@context\":\"https:\/\/schema.org\",\"@graph\":[{\"@type\":\"WebPage\",\"@id\":\"https:\/\/medicina.udd.cl\/tecnologia-medica-santiago\/files\/2024\/08\/tm-adriana-en-congreso-quimica-clinica-y-ciencias-lab-2-scaled.jpg\",\"url\":\"https:\/\/medicina.udd.cl\/tecnologia-medica-santiago\/files\/2024\/08\/tm-adriana-en-congreso-quimica-clinica-y-ciencias-lab-2-scaled.jpg\",\"name\":\"TM - Adriana en Congreso Qu\u00edmica Cl\u00ednica y Ciencias Lab (2) - Tecnolog\u00eda M\u00e9dica\",\"isPartOf\":{\"@id\":\"https:\/\/medicina.udd.cl\/tecnologia-medica-santiago\/#website\"},\"datePublished\":\"2024-08-29T16:41:51+00:00\",\"breadcrumb\":{\"@id\":\"https:\/\/medicina.udd.cl\/tecnologia-medica-santiago\/files\/2024\/08\/tm-adriana-en-congreso-quimica-clinica-y-ciencias-lab-2-scaled.jpg#breadcrumb\"},\"inLanguage\":\"es\",\"potentialAction\":[{\"@type\":\"ReadAction\",\"target\":[\"https:\/\/medicina.udd.cl\/tecnologia-medica-santiago\/files\/2024\/08\/tm-adriana-en-congreso-quimica-clinica-y-ciencias-lab-2-scaled.jpg\"]}]},{\"@type\":\"BreadcrumbList\",\"@id\":\"https:\/\/medicina.udd.cl\/tecnologia-medica-santiago\/files\/2024\/08\/tm-adriana-en-congreso-quimica-clinica-y-ciencias-lab-2-scaled.jpg#breadcrumb\",\"itemListElement\":[{\"@type\":\"ListItem\",\"position\":1,\"name\":\"Home\",\"item\":\"https:\/\/medicina.udd.cl\/tecnologia-medica-santiago\/\"},{\"@type\":\"ListItem\",\"position\":2,\"name\":\"Directora de Tecnolog\u00eda M\u00e9dica UDD particip\u00f3 en el XI Congreso Chileno de Qu\u00edmica Cl\u00ednica y Ciencias de Laboratorio\",\"item\":\"https:\/\/medicina.udd.cl\/tecnologia-medica-santiago\/noticias\/2024\/08\/23\/directora-de-tecnologia-medica-udd-participo-en-el-xi-congreso-chileno-de-quimica-clinica-y-ciencias-de-laboratorio\/\"},{\"@type\":\"ListItem\",\"position\":3,\"name\":\"TM &#8211; Adriana en Congreso Qu\u00edmica Cl\u00ednica y Ciencias Lab (2)\"}]},{\"@type\":\"WebSite\",\"@id\":\"https:\/\/medicina.udd.cl\/tecnologia-medica-santiago\/#website\",\"url\":\"https:\/\/medicina.udd.cl\/tecnologia-medica-santiago\/\",\"name\":\"Tecnolog\u00eda M\u00e9dica\",\"description\":\"Facultad de Medicina Cl\u00ednica Alemana Universidad del Desarrollo\",\"inLanguage\":\"es\"}]}<\/script>\n<!-- \/ Yoast SEO plugin. -->","yoast_head_json":{"title":"TM - Adriana en Congreso Qu\u00edmica Cl\u00ednica y Ciencias Lab (2) - Tecnolog\u00eda M\u00e9dica","robots":{"index":"index","follow":"follow","max-snippet":"max-snippet:-1","max-image-preview":"max-image-preview:large","max-video-preview":"max-video-preview:-1"},"canonical":"https:\/\/medicina.udd.cl\/tecnologia-medica-santiago\/files\/2024\/08\/tm-adriana-en-congreso-quimica-clinica-y-ciencias-lab-2-scaled.jpg","og_locale":"es_ES","og_type":"article","og_title":"TM - Adriana en Congreso Qu\u00edmica Cl\u00ednica y Ciencias Lab (2) - Tecnolog\u00eda M\u00e9dica","og_url":"https:\/\/medicina.udd.cl\/tecnologia-medica-santiago\/files\/2024\/08\/tm-adriana-en-congreso-quimica-clinica-y-ciencias-lab-2-scaled.jpg","og_site_name":"Tecnolog\u00eda M\u00e9dica","og_image":[{"url":"https:\/\/medicina.udd.cl\/tecnologia-medica-santiago\/files\/2024\/08\/tm-adriana-en-congreso-quimica-clinica-y-ciencias-lab-2.jpg","width":1,"height":1,"type":"image\/jpeg"}],"schema":{"@context":"https:\/\/schema.org","@graph":[{"@type":"WebPage","@id":"https:\/\/medicina.udd.cl\/tecnologia-medica-santiago\/files\/2024\/08\/tm-adriana-en-congreso-quimica-clinica-y-ciencias-lab-2-scaled.jpg","url":"https:\/\/medicina.udd.cl\/tecnologia-medica-santiago\/files\/2024\/08\/tm-adriana-en-congreso-quimica-clinica-y-ciencias-lab-2-scaled.jpg","name":"TM - Adriana en Congreso Qu\u00edmica Cl\u00ednica y Ciencias Lab (2) - Tecnolog\u00eda M\u00e9dica","isPartOf":{"@id":"https:\/\/medicina.udd.cl\/tecnologia-medica-santiago\/#website"},"datePublished":"2024-08-29T16:41:51+00:00","breadcrumb":{"@id":"https:\/\/medicina.udd.cl\/tecnologia-medica-santiago\/files\/2024\/08\/tm-adriana-en-congreso-quimica-clinica-y-ciencias-lab-2-scaled.jpg#breadcrumb"},"inLanguage":"es","potentialAction":[{"@type":"ReadAction","target":["https:\/\/medicina.udd.cl\/tecnologia-medica-santiago\/files\/2024\/08\/tm-adriana-en-congreso-quimica-clinica-y-ciencias-lab-2-scaled.jpg"]}]},{"@type":"BreadcrumbList","@id":"https:\/\/medicina.udd.cl\/tecnologia-medica-santiago\/files\/2024\/08\/tm-adriana-en-congreso-quimica-clinica-y-ciencias-lab-2-scaled.jpg#breadcrumb","itemListElement":[{"@type":"ListItem","position":1,"name":"Home","item":"https:\/\/medicina.udd.cl\/tecnologia-medica-santiago\/"},{"@type":"ListItem","position":2,"name":"Directora de Tecnolog\u00eda M\u00e9dica UDD particip\u00f3 en el XI Congreso Chileno de Qu\u00edmica Cl\u00ednica y Ciencias de Laboratorio","item":"https:\/\/medicina.udd.cl\/tecnologia-medica-santiago\/noticias\/2024\/08\/23\/directora-de-tecnologia-medica-udd-participo-en-el-xi-congreso-chileno-de-quimica-clinica-y-ciencias-de-laboratorio\/"},{"@type":"ListItem","position":3,"name":"TM &#8211; Adriana en Congreso Qu\u00edmica Cl\u00ednica y Ciencias Lab (2)"}]},{"@type":"WebSite","@id":"https:\/\/medicina.udd.cl\/tecnologia-medica-santiago\/#website","url":"https:\/\/medicina.udd.cl\/tecnologia-medica-santiago\/","name":"Tecnolog\u00eda M\u00e9dica","description":"Facultad de Medicina Cl\u00ednica Alemana Universidad del Desarrollo","inLanguage":"es"}]}},"description":{"rendered":"<p class=\"attachment\"><a href='https:\/\/medicina.udd.cl\/tecnologia-medica-santiago\/files\/2024\/08\/tm-adriana-en-congreso-quimica-clinica-y-ciencias-lab-2-scaled.jpg'><img loading=\"lazy\" decoding=\"async\" width=\"300\" height=\"225\" src=\"https:\/\/medicina.udd.cl\/tecnologia-medica-santiago\/files\/2024\/08\/tm-adriana-en-congreso-quimica-clinica-y-ciencias-lab-2-300x225.jpg\" class=\"attachment-medium size-medium\" alt=\"\" srcset=\"https:\/\/medicina.udd.cl\/tecnologia-medica-santiago\/files\/2024\/08\/tm-adriana-en-congreso-quimica-clinica-y-ciencias-lab-2-300x225.jpg 300w, https:\/\/medicina.udd.cl\/tecnologia-medica-santiago\/files\/2024\/08\/tm-adriana-en-congreso-quimica-clinica-y-ciencias-lab-2-1024x768.jpg 1024w, https:\/\/medicina.udd.cl\/tecnologia-medica-santiago\/files\/2024\/08\/tm-adriana-en-congreso-quimica-clinica-y-ciencias-lab-2-768x576.jpg 768w, https:\/\/medicina.udd.cl\/tecnologia-medica-santiago\/files\/2024\/08\/tm-adriana-en-congreso-quimica-clinica-y-ciencias-lab-2-1536x1152.jpg 1536w, https:\/\/medicina.udd.cl\/tecnologia-medica-santiago\/files\/2024\/08\/tm-adriana-en-congreso-quimica-clinica-y-ciencias-lab-2-2048x1536.jpg 2048w\" sizes=\"auto, (max-width: 300px) 100vw, 300px\" \/><\/a><\/p>\n"},"caption":{"rendered":""},"alt_text":"","media_type":"image","mime_type":"image\/jpeg","media_details":{"width":2560,"height":1920,"file":"2024\/08\/tm-adriana-en-congreso-quimica-clinica-y-ciencias-lab-2-scaled.jpg","filesize":996533,"sizes":{"medium":{"file":"tm-adriana-en-congreso-quimica-clinica-y-ciencias-lab-2-300x225.jpg","width":300,"height":225,"filesize":34899,"mime_type":"image\/jpeg","source_url":"https:\/\/medicina.udd.cl\/tecnologia-medica-santiago\/files\/2024\/08\/tm-adriana-en-congreso-quimica-clinica-y-ciencias-lab-2-300x225.jpg"},"large":{"file":"tm-adriana-en-congreso-quimica-clinica-y-ciencias-lab-2-1024x768.jpg","width":1024,"height":768,"filesize":190471,"mime_type":"image\/jpeg","source_url":"https:\/\/medicina.udd.cl\/tecnologia-medica-santiago\/files\/2024\/08\/tm-adriana-en-congreso-quimica-clinica-y-ciencias-lab-2-1024x768.jpg"},"thumbnail":{"file":"tm-adriana-en-congreso-quimica-clinica-y-ciencias-lab-2-150x150.jpg","width":150,"height":150,"filesize":24487,"mime_type":"image\/jpeg","source_url":"https:\/\/medicina.udd.cl\/tecnologia-medica-santiago\/files\/2024\/08\/tm-adriana-en-congreso-quimica-clinica-y-ciencias-lab-2-150x150.jpg"},"medium_large":{"file":"tm-adriana-en-congreso-quimica-clinica-y-ciencias-lab-2-768x576.jpg","width":768,"height":576,"filesize":116775,"mime_type":"image\/jpeg","source_url":"https:\/\/medicina.udd.cl\/tecnologia-medica-santiago\/files\/2024\/08\/tm-adriana-en-congreso-quimica-clinica-y-ciencias-lab-2-768x576.jpg"},"newsletter_featured":{"file":"tm-adriana-en-congreso-quimica-clinica-y-ciencias-lab-2-316x224.jpg","width":316,"height":224,"filesize":35433,"mime_type":"image\/jpeg","source_url":"https:\/\/medicina.udd.cl\/tecnologia-medica-santiago\/files\/2024\/08\/tm-adriana-en-congreso-quimica-clinica-y-ciencias-lab-2-316x224.jpg"},"newsletter_first":{"file":"tm-adriana-en-congreso-quimica-clinica-y-ciencias-lab-2-286x205.jpg","width":286,"height":205,"filesize":32720,"mime_type":"image\/jpeg","source_url":"https:\/\/medicina.udd.cl\/tecnologia-medica-santiago\/files\/2024\/08\/tm-adriana-en-congreso-quimica-clinica-y-ciencias-lab-2-286x205.jpg"},"newsletter_thumb":{"file":"tm-adriana-en-congreso-quimica-clinica-y-ciencias-lab-2-288x150.jpg","width":288,"height":150,"filesize":29682,"mime_type":"image\/jpeg","source_url":"https:\/\/medicina.udd.cl\/tecnologia-medica-santiago\/files\/2024\/08\/tm-adriana-en-congreso-quimica-clinica-y-ciencias-lab-2-288x150.jpg"},"newsletter_column":{"file":"tm-adriana-en-congreso-quimica-clinica-y-ciencias-lab-2-182x140.jpg","width":182,"height":140,"filesize":25409,"mime_type":"image\/jpeg","source_url":"https:\/\/medicina.udd.cl\/tecnologia-medica-santiago\/files\/2024\/08\/tm-adriana-en-congreso-quimica-clinica-y-ciencias-lab-2-182x140.jpg"},"newsletter_square":{"file":"tm-adriana-en-congreso-quimica-clinica-y-ciencias-lab-2-62x62.jpg","width":62,"height":62,"filesize":19563,"mime_type":"image\/jpeg","source_url":"https:\/\/medicina.udd.cl\/tecnologia-medica-santiago\/files\/2024\/08\/tm-adriana-en-congreso-quimica-clinica-y-ciencias-lab-2-62x62.jpg"},"newsletter_square_large":{"file":"tm-adriana-en-congreso-quimica-clinica-y-ciencias-lab-2-87x62.jpg","width":87,"height":62,"filesize":20052,"mime_type":"image\/jpeg","source_url":"https:\/\/medicina.udd.cl\/tecnologia-medica-santiago\/files\/2024\/08\/tm-adriana-en-congreso-quimica-clinica-y-ciencias-lab-2-87x62.jpg"},"1536x1536":{"file":"tm-adriana-en-congreso-quimica-clinica-y-ciencias-lab-2-1536x1152.jpg","width":1536,"height":1152,"filesize":394498,"mime_type":"image\/jpeg","source_url":"https:\/\/medicina.udd.cl\/tecnologia-medica-santiago\/files\/2024\/08\/tm-adriana-en-congreso-quimica-clinica-y-ciencias-lab-2-1536x1152.jpg"},"2048x2048":{"file":"tm-adriana-en-congreso-quimica-clinica-y-ciencias-lab-2-2048x1536.jpg","width":2048,"height":1536,"filesize":669650,"mime_type":"image\/jpeg","source_url":"https:\/\/medicina.udd.cl\/tecnologia-medica-santiago\/files\/2024\/08\/tm-adriana-en-congreso-quimica-clinica-y-ciencias-lab-2-2048x1536.jpg"},"landscape_1920":{"file":"tm-adriana-en-congreso-quimica-clinica-y-ciencias-lab-2-1920x1080.jpg","width":1920,"height":1080,"filesize":458258,"mime_type":"image\/jpeg","source_url":"https:\/\/medicina.udd.cl\/tecnologia-medica-santiago\/files\/2024\/08\/tm-adriana-en-congreso-quimica-clinica-y-ciencias-lab-2-1920x1080.jpg"},"landscape_1366":{"file":"tm-adriana-en-congreso-quimica-clinica-y-ciencias-lab-2-1366x768.jpg","width":1366,"height":768,"filesize":249072,"mime_type":"image\/jpeg","source_url":"https:\/\/medicina.udd.cl\/tecnologia-medica-santiago\/files\/2024\/08\/tm-adriana-en-congreso-quimica-clinica-y-ciencias-lab-2-1366x768.jpg"},"landscape_952":{"file":"tm-adriana-en-congreso-quimica-clinica-y-ciencias-lab-2-952x534.jpg","width":952,"height":534,"filesize":135065,"mime_type":"image\/jpeg","source_url":"https:\/\/medicina.udd.cl\/tecnologia-medica-santiago\/files\/2024\/08\/tm-adriana-en-congreso-quimica-clinica-y-ciencias-lab-2-952x534.jpg"},"landscape_680":{"file":"tm-adriana-en-congreso-quimica-clinica-y-ciencias-lab-2-680x382.jpg","width":680,"height":382,"filesize":79492,"mime_type":"image\/jpeg","source_url":"https:\/\/medicina.udd.cl\/tecnologia-medica-santiago\/files\/2024\/08\/tm-adriana-en-congreso-quimica-clinica-y-ciencias-lab-2-680x382.jpg"},"square_750":{"file":"tm-adriana-en-congreso-quimica-clinica-y-ciencias-lab-2-750x750.jpg","width":750,"height":750,"filesize":141445,"mime_type":"image\/jpeg","source_url":"https:\/\/medicina.udd.cl\/tecnologia-medica-santiago\/files\/2024\/08\/tm-adriana-en-congreso-quimica-clinica-y-ciencias-lab-2-750x750.jpg"},"square_500":{"file":"tm-adriana-en-congreso-quimica-clinica-y-ciencias-lab-2-500x500.jpg","width":500,"height":500,"filesize":75133,"mime_type":"image\/jpeg","source_url":"https:\/\/medicina.udd.cl\/tecnologia-medica-santiago\/files\/2024\/08\/tm-adriana-en-congreso-quimica-clinica-y-ciencias-lab-2-500x500.jpg"},"square_200":{"file":"tm-adriana-en-congreso-quimica-clinica-y-ciencias-lab-2-250x250.jpg","width":250,"height":250,"filesize":33569,"mime_type":"image\/jpeg","source_url":"https:\/\/medicina.udd.cl\/tecnologia-medica-santiago\/files\/2024\/08\/tm-adriana-en-congreso-quimica-clinica-y-ciencias-lab-2-250x250.jpg"},"post-thumbnail":{"file":"tm-adriana-en-congreso-quimica-clinica-y-ciencias-lab-2-952x534.jpg","width":952,"height":534,"filesize":135065,"mime_type":"image\/jpeg","source_url":"https:\/\/medicina.udd.cl\/tecnologia-medica-santiago\/files\/2024\/08\/tm-adriana-en-congreso-quimica-clinica-y-ciencias-lab-2-952x534.jpg"},"custom_content":{"file":"tm-adriana-en-congreso-quimica-clinica-y-ciencias-lab-2-126x126.jpg","width":126,"height":126,"filesize":22727,"mime_type":"image\/jpeg","source_url":"https:\/\/medicina.udd.cl\/tecnologia-medica-santiago\/files\/2024\/08\/tm-adriana-en-congreso-quimica-clinica-y-ciencias-lab-2-126x126.jpg"},"full":{"file":"tm-adriana-en-congreso-quimica-clinica-y-ciencias-lab-2-scaled.jpg","width":2560,"height":1920,"mime_type":"image\/jpeg","source_url":"https:\/\/medicina.udd.cl\/tecnologia-medica-santiago\/files\/2024\/08\/tm-adriana-en-congreso-quimica-clinica-y-ciencias-lab-2-scaled.jpg"}},"image_meta":{"aperture":"1.78","credit":"","camera":"iPhone 14 Pro","caption":"","created_timestamp":"1724331336","copyright":"","focal_length":"6.86","iso":"160","shutter_speed":"0.0082644628099174","title":"","orientation":"1","keywords":[]},"original_image":"tm-adriana-en-congreso-quimica-clinica-y-ciencias-lab-2.jpg"},"post":9243,"source_url":"https:\/\/medicina.udd.cl\/tecnologia-medica-santiago\/files\/2024\/08\/tm-adriana-en-congreso-quimica-clinica-y-ciencias-lab-2-scaled.jpg","_links":{"self":[{"href":"https:\/\/medicina.udd.cl\/tecnologia-medica-santiago\/wp-json\/wp\/v2\/media\/9245","targetHints":{"allow":["GET"]}}],"collection":[{"href":"https:\/\/medicina.udd.cl\/tecnologia-medica-santiago\/wp-json\/wp\/v2\/media"}],"about":[{"href":"https:\/\/medicina.udd.cl\/tecnologia-medica-santiago\/wp-json\/wp\/v2\/types\/attachment"}],"author":[{"embeddable":true,"href":"https:\/\/medicina.udd.cl\/tecnologia-medica-santiago\/wp-json\/wp\/v2\/users\/9192219"}],"replies":[{"embeddable":true,"href":"https:\/\/medicina.udd.cl\/tecnologia-medica-santiago\/wp-json\/wp\/v2\/comments?post=9245"}],"wp:attached-to":[{"embeddable":true,"post_type":"post","id":9243,"href":"https:\/\/medicina.udd.cl\/tecnologia-medica-santiago\/wp-json\/wp\/v2\/posts\/9243"}],"curies":[{"name":"wp","href":"https:\/\/api.w.org\/{rel}","templated":true}]}}