{"id":9499,"date":"2025-01-20T17:01:12","date_gmt":"2025-01-20T20:01:12","guid":{"rendered":"https:\/\/medicina.udd.cl\/tecnologia-medica-santiago\/files\/2025\/01\/tm-jornada-de-bienestar-y-mindfulness-para-tutores-clinicos-7.jpg"},"modified":"2025-01-20T17:01:12","modified_gmt":"2025-01-20T20:01:12","slug":"tm-jornada-de-bienestar-y-mindfulness-para-tutores-clinicos-7","status":"inherit","type":"attachment","link":"https:\/\/medicina.udd.cl\/tecnologia-medica-santiago\/noticias\/2025\/01\/20\/tecnologia-medica-organiza-jornada-de-bienestar-y-mindfulness-para-tutores-clinicos\/tm-jornada-de-bienestar-y-mindfulness-para-tutores-clinicos-7\/","title":{"rendered":"TM &#8211; Jornada de Bienestar y Mindfulness para Tutores Cl\u00ednicos (7)"},"author":9192219,"featured_media":0,"comment_status":"","ping_status":"closed","template":"","meta":[],"class_list":["post-9499","attachment","type-attachment","status-inherit","hentry"],"yoast_head":"<!-- This site is optimized with the Yoast SEO plugin v26.9 - https:\/\/yoast.com\/product\/yoast-seo-wordpress\/ -->\n<title>TM - Jornada de Bienestar y Mindfulness para Tutores Cl\u00ednicos (7) - Tecnolog\u00eda M\u00e9dica<\/title>\n<meta name=\"robots\" content=\"index, follow, max-snippet:-1, max-image-preview:large, max-video-preview:-1\" \/>\n<link rel=\"canonical\" href=\"https:\/\/medicina.udd.cl\/tecnologia-medica-santiago\/files\/2025\/01\/tm-jornada-de-bienestar-y-mindfulness-para-tutores-clinicos-7.jpg\" \/>\n<meta property=\"og:locale\" content=\"es_ES\" \/>\n<meta property=\"og:type\" content=\"article\" \/>\n<meta property=\"og:title\" content=\"TM - Jornada de Bienestar y Mindfulness para Tutores Cl\u00ednicos (7) - Tecnolog\u00eda M\u00e9dica\" \/>\n<meta property=\"og:url\" content=\"https:\/\/medicina.udd.cl\/tecnologia-medica-santiago\/files\/2025\/01\/tm-jornada-de-bienestar-y-mindfulness-para-tutores-clinicos-7.jpg\" \/>\n<meta property=\"og:site_name\" content=\"Tecnolog\u00eda M\u00e9dica\" \/>\n<meta property=\"og:image\" content=\"https:\/\/medicina.udd.cl\/tecnologia-medica-santiago\/files\/2025\/01\/tm-jornada-de-bienestar-y-mindfulness-para-tutores-clinicos-7.jpg\" \/>\n\t<meta property=\"og:image:width\" content=\"1\" \/>\n\t<meta property=\"og:image:height\" content=\"1\" \/>\n\t<meta property=\"og:image:type\" content=\"image\/jpeg\" \/>\n<script type=\"application\/ld+json\" class=\"yoast-schema-graph\">{\"@context\":\"https:\/\/schema.org\",\"@graph\":[{\"@type\":\"WebPage\",\"@id\":\"https:\/\/medicina.udd.cl\/tecnologia-medica-santiago\/files\/2025\/01\/tm-jornada-de-bienestar-y-mindfulness-para-tutores-clinicos-7.jpg\",\"url\":\"https:\/\/medicina.udd.cl\/tecnologia-medica-santiago\/files\/2025\/01\/tm-jornada-de-bienestar-y-mindfulness-para-tutores-clinicos-7.jpg\",\"name\":\"TM - Jornada de Bienestar y Mindfulness para Tutores Cl\u00ednicos (7) - Tecnolog\u00eda M\u00e9dica\",\"isPartOf\":{\"@id\":\"https:\/\/medicina.udd.cl\/tecnologia-medica-santiago\/#website\"},\"datePublished\":\"2025-01-20T20:01:12+00:00\",\"breadcrumb\":{\"@id\":\"https:\/\/medicina.udd.cl\/tecnologia-medica-santiago\/files\/2025\/01\/tm-jornada-de-bienestar-y-mindfulness-para-tutores-clinicos-7.jpg#breadcrumb\"},\"inLanguage\":\"es\",\"potentialAction\":[{\"@type\":\"ReadAction\",\"target\":[\"https:\/\/medicina.udd.cl\/tecnologia-medica-santiago\/files\/2025\/01\/tm-jornada-de-bienestar-y-mindfulness-para-tutores-clinicos-7.jpg\"]}]},{\"@type\":\"BreadcrumbList\",\"@id\":\"https:\/\/medicina.udd.cl\/tecnologia-medica-santiago\/files\/2025\/01\/tm-jornada-de-bienestar-y-mindfulness-para-tutores-clinicos-7.jpg#breadcrumb\",\"itemListElement\":[{\"@type\":\"ListItem\",\"position\":1,\"name\":\"Home\",\"item\":\"https:\/\/medicina.udd.cl\/tecnologia-medica-santiago\/\"},{\"@type\":\"ListItem\",\"position\":2,\"name\":\"Tecnolog\u00eda M\u00e9dica organiza Jornada de Bienestar y Mindfulness para Tutores Cl\u00ednicos\",\"item\":\"https:\/\/medicina.udd.cl\/tecnologia-medica-santiago\/noticias\/2025\/01\/20\/tecnologia-medica-organiza-jornada-de-bienestar-y-mindfulness-para-tutores-clinicos\/\"},{\"@type\":\"ListItem\",\"position\":3,\"name\":\"TM &#8211; Jornada de Bienestar y Mindfulness para Tutores Cl\u00ednicos (7)\"}]},{\"@type\":\"WebSite\",\"@id\":\"https:\/\/medicina.udd.cl\/tecnologia-medica-santiago\/#website\",\"url\":\"https:\/\/medicina.udd.cl\/tecnologia-medica-santiago\/\",\"name\":\"Tecnolog\u00eda M\u00e9dica\",\"description\":\"Facultad de Medicina Cl\u00ednica Alemana Universidad del Desarrollo\",\"inLanguage\":\"es\"}]}<\/script>\n<!-- \/ Yoast SEO plugin. -->","yoast_head_json":{"title":"TM - Jornada de Bienestar y Mindfulness para Tutores Cl\u00ednicos (7) - Tecnolog\u00eda M\u00e9dica","robots":{"index":"index","follow":"follow","max-snippet":"max-snippet:-1","max-image-preview":"max-image-preview:large","max-video-preview":"max-video-preview:-1"},"canonical":"https:\/\/medicina.udd.cl\/tecnologia-medica-santiago\/files\/2025\/01\/tm-jornada-de-bienestar-y-mindfulness-para-tutores-clinicos-7.jpg","og_locale":"es_ES","og_type":"article","og_title":"TM - Jornada de Bienestar y Mindfulness para Tutores Cl\u00ednicos (7) - Tecnolog\u00eda M\u00e9dica","og_url":"https:\/\/medicina.udd.cl\/tecnologia-medica-santiago\/files\/2025\/01\/tm-jornada-de-bienestar-y-mindfulness-para-tutores-clinicos-7.jpg","og_site_name":"Tecnolog\u00eda M\u00e9dica","og_image":[{"url":"https:\/\/medicina.udd.cl\/tecnologia-medica-santiago\/files\/2025\/01\/tm-jornada-de-bienestar-y-mindfulness-para-tutores-clinicos-7.jpg","width":1,"height":1,"type":"image\/jpeg"}],"schema":{"@context":"https:\/\/schema.org","@graph":[{"@type":"WebPage","@id":"https:\/\/medicina.udd.cl\/tecnologia-medica-santiago\/files\/2025\/01\/tm-jornada-de-bienestar-y-mindfulness-para-tutores-clinicos-7.jpg","url":"https:\/\/medicina.udd.cl\/tecnologia-medica-santiago\/files\/2025\/01\/tm-jornada-de-bienestar-y-mindfulness-para-tutores-clinicos-7.jpg","name":"TM - Jornada de Bienestar y Mindfulness para Tutores Cl\u00ednicos (7) - Tecnolog\u00eda M\u00e9dica","isPartOf":{"@id":"https:\/\/medicina.udd.cl\/tecnologia-medica-santiago\/#website"},"datePublished":"2025-01-20T20:01:12+00:00","breadcrumb":{"@id":"https:\/\/medicina.udd.cl\/tecnologia-medica-santiago\/files\/2025\/01\/tm-jornada-de-bienestar-y-mindfulness-para-tutores-clinicos-7.jpg#breadcrumb"},"inLanguage":"es","potentialAction":[{"@type":"ReadAction","target":["https:\/\/medicina.udd.cl\/tecnologia-medica-santiago\/files\/2025\/01\/tm-jornada-de-bienestar-y-mindfulness-para-tutores-clinicos-7.jpg"]}]},{"@type":"BreadcrumbList","@id":"https:\/\/medicina.udd.cl\/tecnologia-medica-santiago\/files\/2025\/01\/tm-jornada-de-bienestar-y-mindfulness-para-tutores-clinicos-7.jpg#breadcrumb","itemListElement":[{"@type":"ListItem","position":1,"name":"Home","item":"https:\/\/medicina.udd.cl\/tecnologia-medica-santiago\/"},{"@type":"ListItem","position":2,"name":"Tecnolog\u00eda M\u00e9dica organiza Jornada de Bienestar y Mindfulness para Tutores Cl\u00ednicos","item":"https:\/\/medicina.udd.cl\/tecnologia-medica-santiago\/noticias\/2025\/01\/20\/tecnologia-medica-organiza-jornada-de-bienestar-y-mindfulness-para-tutores-clinicos\/"},{"@type":"ListItem","position":3,"name":"TM &#8211; Jornada de Bienestar y Mindfulness para Tutores Cl\u00ednicos (7)"}]},{"@type":"WebSite","@id":"https:\/\/medicina.udd.cl\/tecnologia-medica-santiago\/#website","url":"https:\/\/medicina.udd.cl\/tecnologia-medica-santiago\/","name":"Tecnolog\u00eda M\u00e9dica","description":"Facultad de Medicina Cl\u00ednica Alemana Universidad del Desarrollo","inLanguage":"es"}]}},"description":{"rendered":"<p class=\"attachment\"><a href='https:\/\/medicina.udd.cl\/tecnologia-medica-santiago\/files\/2025\/01\/tm-jornada-de-bienestar-y-mindfulness-para-tutores-clinicos-7.jpg'><img loading=\"lazy\" decoding=\"async\" width=\"300\" height=\"192\" src=\"https:\/\/medicina.udd.cl\/tecnologia-medica-santiago\/files\/2025\/01\/tm-jornada-de-bienestar-y-mindfulness-para-tutores-clinicos-7-300x192.jpg\" class=\"attachment-medium size-medium\" alt=\"\" srcset=\"https:\/\/medicina.udd.cl\/tecnologia-medica-santiago\/files\/2025\/01\/tm-jornada-de-bienestar-y-mindfulness-para-tutores-clinicos-7-300x192.jpg 300w, https:\/\/medicina.udd.cl\/tecnologia-medica-santiago\/files\/2025\/01\/tm-jornada-de-bienestar-y-mindfulness-para-tutores-clinicos-7-1024x654.jpg 1024w, https:\/\/medicina.udd.cl\/tecnologia-medica-santiago\/files\/2025\/01\/tm-jornada-de-bienestar-y-mindfulness-para-tutores-clinicos-7-768x490.jpg 768w, https:\/\/medicina.udd.cl\/tecnologia-medica-santiago\/files\/2025\/01\/tm-jornada-de-bienestar-y-mindfulness-para-tutores-clinicos-7-1536x981.jpg 1536w, https:\/\/medicina.udd.cl\/tecnologia-medica-santiago\/files\/2025\/01\/tm-jornada-de-bienestar-y-mindfulness-para-tutores-clinicos-7.jpg 1832w\" sizes=\"auto, (max-width: 300px) 100vw, 300px\" \/><\/a><\/p>\n"},"caption":{"rendered":""},"alt_text":"","media_type":"image","mime_type":"image\/jpeg","media_details":{"width":1832,"height":1170,"file":"2025\/01\/tm-jornada-de-bienestar-y-mindfulness-para-tutores-clinicos-7.jpg","filesize":1596048,"sizes":{"medium":{"file":"tm-jornada-de-bienestar-y-mindfulness-para-tutores-clinicos-7-300x192.jpg","width":300,"height":192,"filesize":13710,"mime_type":"image\/jpeg","source_url":"https:\/\/medicina.udd.cl\/tecnologia-medica-santiago\/files\/2025\/01\/tm-jornada-de-bienestar-y-mindfulness-para-tutores-clinicos-7-300x192.jpg"},"large":{"file":"tm-jornada-de-bienestar-y-mindfulness-para-tutores-clinicos-7-1024x654.jpg","width":1024,"height":654,"filesize":79094,"mime_type":"image\/jpeg","source_url":"https:\/\/medicina.udd.cl\/tecnologia-medica-santiago\/files\/2025\/01\/tm-jornada-de-bienestar-y-mindfulness-para-tutores-clinicos-7-1024x654.jpg"},"thumbnail":{"file":"tm-jornada-de-bienestar-y-mindfulness-para-tutores-clinicos-7-150x150.jpg","width":150,"height":150,"filesize":6888,"mime_type":"image\/jpeg","source_url":"https:\/\/medicina.udd.cl\/tecnologia-medica-santiago\/files\/2025\/01\/tm-jornada-de-bienestar-y-mindfulness-para-tutores-clinicos-7-150x150.jpg"},"medium_large":{"file":"tm-jornada-de-bienestar-y-mindfulness-para-tutores-clinicos-7-768x490.jpg","width":768,"height":490,"filesize":52963,"mime_type":"image\/jpeg","source_url":"https:\/\/medicina.udd.cl\/tecnologia-medica-santiago\/files\/2025\/01\/tm-jornada-de-bienestar-y-mindfulness-para-tutores-clinicos-7-768x490.jpg"},"newsletter_featured":{"file":"tm-jornada-de-bienestar-y-mindfulness-para-tutores-clinicos-7-316x224.jpg","width":316,"height":224,"filesize":15469,"mime_type":"image\/jpeg","source_url":"https:\/\/medicina.udd.cl\/tecnologia-medica-santiago\/files\/2025\/01\/tm-jornada-de-bienestar-y-mindfulness-para-tutores-clinicos-7-316x224.jpg"},"newsletter_first":{"file":"tm-jornada-de-bienestar-y-mindfulness-para-tutores-clinicos-7-286x205.jpg","width":286,"height":205,"filesize":13641,"mime_type":"image\/jpeg","source_url":"https:\/\/medicina.udd.cl\/tecnologia-medica-santiago\/files\/2025\/01\/tm-jornada-de-bienestar-y-mindfulness-para-tutores-clinicos-7-286x205.jpg"},"newsletter_thumb":{"file":"tm-jornada-de-bienestar-y-mindfulness-para-tutores-clinicos-7-288x150.jpg","width":288,"height":150,"filesize":10580,"mime_type":"image\/jpeg","source_url":"https:\/\/medicina.udd.cl\/tecnologia-medica-santiago\/files\/2025\/01\/tm-jornada-de-bienestar-y-mindfulness-para-tutores-clinicos-7-288x150.jpg"},"newsletter_column":{"file":"tm-jornada-de-bienestar-y-mindfulness-para-tutores-clinicos-7-182x140.jpg","width":182,"height":140,"filesize":7408,"mime_type":"image\/jpeg","source_url":"https:\/\/medicina.udd.cl\/tecnologia-medica-santiago\/files\/2025\/01\/tm-jornada-de-bienestar-y-mindfulness-para-tutores-clinicos-7-182x140.jpg"},"newsletter_square":{"file":"tm-jornada-de-bienestar-y-mindfulness-para-tutores-clinicos-7-62x62.jpg","width":62,"height":62,"filesize":2130,"mime_type":"image\/jpeg","source_url":"https:\/\/medicina.udd.cl\/tecnologia-medica-santiago\/files\/2025\/01\/tm-jornada-de-bienestar-y-mindfulness-para-tutores-clinicos-7-62x62.jpg"},"newsletter_square_large":{"file":"tm-jornada-de-bienestar-y-mindfulness-para-tutores-clinicos-7-87x62.jpg","width":87,"height":62,"filesize":2584,"mime_type":"image\/jpeg","source_url":"https:\/\/medicina.udd.cl\/tecnologia-medica-santiago\/files\/2025\/01\/tm-jornada-de-bienestar-y-mindfulness-para-tutores-clinicos-7-87x62.jpg"},"1536x1536":{"file":"tm-jornada-de-bienestar-y-mindfulness-para-tutores-clinicos-7-1536x981.jpg","width":1536,"height":981,"filesize":139269,"mime_type":"image\/jpeg","source_url":"https:\/\/medicina.udd.cl\/tecnologia-medica-santiago\/files\/2025\/01\/tm-jornada-de-bienestar-y-mindfulness-para-tutores-clinicos-7-1536x981.jpg"},"landscape_1920":{"file":"tm-jornada-de-bienestar-y-mindfulness-para-tutores-clinicos-7-1832x1080.jpg","width":1832,"height":1080,"filesize":165797,"mime_type":"image\/jpeg","source_url":"https:\/\/medicina.udd.cl\/tecnologia-medica-santiago\/files\/2025\/01\/tm-jornada-de-bienestar-y-mindfulness-para-tutores-clinicos-7-1832x1080.jpg"},"landscape_1366":{"file":"tm-jornada-de-bienestar-y-mindfulness-para-tutores-clinicos-7-1366x768.jpg","width":1366,"height":768,"filesize":102384,"mime_type":"image\/jpeg","source_url":"https:\/\/medicina.udd.cl\/tecnologia-medica-santiago\/files\/2025\/01\/tm-jornada-de-bienestar-y-mindfulness-para-tutores-clinicos-7-1366x768.jpg"},"landscape_952":{"file":"tm-jornada-de-bienestar-y-mindfulness-para-tutores-clinicos-7-952x534.jpg","width":952,"height":534,"filesize":61680,"mime_type":"image\/jpeg","source_url":"https:\/\/medicina.udd.cl\/tecnologia-medica-santiago\/files\/2025\/01\/tm-jornada-de-bienestar-y-mindfulness-para-tutores-clinicos-7-952x534.jpg"},"landscape_680":{"file":"tm-jornada-de-bienestar-y-mindfulness-para-tutores-clinicos-7-680x382.jpg","width":680,"height":382,"filesize":38176,"mime_type":"image\/jpeg","source_url":"https:\/\/medicina.udd.cl\/tecnologia-medica-santiago\/files\/2025\/01\/tm-jornada-de-bienestar-y-mindfulness-para-tutores-clinicos-7-680x382.jpg"},"square_750":{"file":"tm-jornada-de-bienestar-y-mindfulness-para-tutores-clinicos-7-750x750.jpg","width":750,"height":750,"filesize":69186,"mime_type":"image\/jpeg","source_url":"https:\/\/medicina.udd.cl\/tecnologia-medica-santiago\/files\/2025\/01\/tm-jornada-de-bienestar-y-mindfulness-para-tutores-clinicos-7-750x750.jpg"},"square_500":{"file":"tm-jornada-de-bienestar-y-mindfulness-para-tutores-clinicos-7-500x500.jpg","width":500,"height":500,"filesize":39286,"mime_type":"image\/jpeg","source_url":"https:\/\/medicina.udd.cl\/tecnologia-medica-santiago\/files\/2025\/01\/tm-jornada-de-bienestar-y-mindfulness-para-tutores-clinicos-7-500x500.jpg"},"square_200":{"file":"tm-jornada-de-bienestar-y-mindfulness-para-tutores-clinicos-7-250x250.jpg","width":250,"height":250,"filesize":14524,"mime_type":"image\/jpeg","source_url":"https:\/\/medicina.udd.cl\/tecnologia-medica-santiago\/files\/2025\/01\/tm-jornada-de-bienestar-y-mindfulness-para-tutores-clinicos-7-250x250.jpg"},"post-thumbnail":{"file":"tm-jornada-de-bienestar-y-mindfulness-para-tutores-clinicos-7-952x534.jpg","width":952,"height":534,"filesize":61680,"mime_type":"image\/jpeg","source_url":"https:\/\/medicina.udd.cl\/tecnologia-medica-santiago\/files\/2025\/01\/tm-jornada-de-bienestar-y-mindfulness-para-tutores-clinicos-7-952x534.jpg"},"custom_content":{"file":"tm-jornada-de-bienestar-y-mindfulness-para-tutores-clinicos-7-126x126.jpg","width":126,"height":126,"filesize":5330,"mime_type":"image\/jpeg","source_url":"https:\/\/medicina.udd.cl\/tecnologia-medica-santiago\/files\/2025\/01\/tm-jornada-de-bienestar-y-mindfulness-para-tutores-clinicos-7-126x126.jpg"},"full":{"file":"tm-jornada-de-bienestar-y-mindfulness-para-tutores-clinicos-7.jpg","width":1832,"height":1170,"mime_type":"image\/jpeg","source_url":"https:\/\/medicina.udd.cl\/tecnologia-medica-santiago\/files\/2025\/01\/tm-jornada-de-bienestar-y-mindfulness-para-tutores-clinicos-7.jpg"}},"image_meta":{"aperture":"0","credit":"","camera":"","caption":"","created_timestamp":"0","copyright":"","focal_length":"0","iso":"0","shutter_speed":"0","title":"","orientation":"1","keywords":[]}},"post":9492,"source_url":"https:\/\/medicina.udd.cl\/tecnologia-medica-santiago\/files\/2025\/01\/tm-jornada-de-bienestar-y-mindfulness-para-tutores-clinicos-7.jpg","_links":{"self":[{"href":"https:\/\/medicina.udd.cl\/tecnologia-medica-santiago\/wp-json\/wp\/v2\/media\/9499","targetHints":{"allow":["GET"]}}],"collection":[{"href":"https:\/\/medicina.udd.cl\/tecnologia-medica-santiago\/wp-json\/wp\/v2\/media"}],"about":[{"href":"https:\/\/medicina.udd.cl\/tecnologia-medica-santiago\/wp-json\/wp\/v2\/types\/attachment"}],"author":[{"embeddable":true,"href":"https:\/\/medicina.udd.cl\/tecnologia-medica-santiago\/wp-json\/wp\/v2\/users\/9192219"}],"replies":[{"embeddable":true,"href":"https:\/\/medicina.udd.cl\/tecnologia-medica-santiago\/wp-json\/wp\/v2\/comments?post=9499"}],"wp:attached-to":[{"embeddable":true,"post_type":"post","id":9492,"href":"https:\/\/medicina.udd.cl\/tecnologia-medica-santiago\/wp-json\/wp\/v2\/posts\/9492"}],"curies":[{"name":"wp","href":"https:\/\/api.w.org\/{rel}","templated":true}]}}