{"id":239,"date":"2010-06-03T09:59:34","date_gmt":"2010-06-03T13:59:34","guid":{"rendered":"http:\/\/medicina.udd.cl\/tecnologia-medica-santiago\/sobre-la-carrera\/palabras-de-la-directora\/"},"modified":"2018-08-20T11:01:18","modified_gmt":"2018-08-20T14:01:18","slug":"palabras-de-la-directora","status":"publish","type":"page","link":"https:\/\/medicina.udd.cl\/tecnologia-medica-santiago\/la-carrera\/palabras-de-la-directora\/","title":{"rendered":"Palabras de la directora"},"content":{"rendered":"<p style=\"text-align: justify\"><a href=\"http:\/\/medicina.udd.cl\/tecnologia-medica-santiago\/files\/2013\/07\/90.-Mar\u00eda-A.-Parra.jpg\"><img loading=\"lazy\" decoding=\"async\" class=\"alignleft wp-image-2419\" src=\"http:\/\/medicina.udd.cl\/tecnologia-medica-santiago\/files\/2013\/07\/90.-Mar\u00eda-A.-Parra-225x300.jpg\" alt=\"Mar\u00eda A. Parra\" width=\"178\" height=\"237\" srcset=\"https:\/\/medicina.udd.cl\/tecnologia-medica-santiago\/files\/2013\/07\/90.-Mar\u00eda-A.-Parra-225x300.jpg 225w, https:\/\/medicina.udd.cl\/tecnologia-medica-santiago\/files\/2013\/07\/90.-Mar\u00eda-A.-Parra-768x1023.jpg 768w, https:\/\/medicina.udd.cl\/tecnologia-medica-santiago\/files\/2013\/07\/90.-Mar\u00eda-A.-Parra-769x1024.jpg 769w, https:\/\/medicina.udd.cl\/tecnologia-medica-santiago\/files\/2013\/07\/90.-Mar\u00eda-A.-Parra-721x960.jpg 721w\" sizes=\"auto, (max-width: 178px) 100vw, 178px\" \/><\/a>Te saludo cordialmente y te invito a conocer una mirada diferente de la carrera de Tecnolog\u00eda M\u00e9dica en la <a href=\"http:\/\/medicina.udd.cl\/\">Facultad de Medicina Cl\u00ednica Alemana Universidad del Desarrollo<\/a>.<\/p>\n<p style=\"text-align: justify\">Desde los primeros a\u00f1os visitar\u00e1s diferentes campos cl\u00ednicos, instituciones y empresas relacionadas con salud\u00a0 y\u00a0con nuestra\u00a0carrera. Compartir\u00e1s\u00a0con tecn\u00f3logos m\u00e9dicos que se desempe\u00f1an en roles asistenciales, de investigaci\u00f3n, de docencia, de administraci\u00f3n, de gesti\u00f3n cl\u00ednica y de\u00a0 proyectos en salud.<\/p>\n<p style=\"text-align: justify\">Disfrutar\u00e1s conociendo y utilizando los \u00faltimos avances en tecnolog\u00eda diagn\u00f3stica de cada especialidad.<\/p>\n<p style=\"text-align: justify\">Las mallas curriculares de las cuatro especialidades fueron dise\u00f1adas seg\u00fan las necesidades que el pa\u00eds requiere hoy en salud. Un ejemplo de ello es la integraci\u00f3n parcial de asignaturas en las mallas de las especialidades de <strong>Bioan\u00e1lisis Cl\u00ednico, Hematolog\u00eda y Medicina Transfusional<\/strong>\u00a0y de <strong>Morfofisiopatolog\u00eda y Citodiagn\u00f3stico<\/strong>.\u00a0 Por otra parte, se suma al internado tradicional, un internado electivo en el \u00e1rea de especializaci\u00f3n\u00a0que t\u00fa elijas.<\/p>\n<p style=\"text-align: justify\">Egresar\u00e1s con sentido de\u00a0 responsabilidad p\u00fablica, con valores \u00e9ticos y\u00a0desarrollar\u00e1s tus propias condiciones de l\u00edder y emprendedor. Ser\u00e1s reconocido como profesional clave en el diagn\u00f3stico cl\u00ednico, con criterio y capacidad para validar procedimientos diagn\u00f3sticos y los resultados obtenidos de \u00e9stos.<\/p>\n<p style=\"text-align: justify\">Podr\u00e1s realizar ayudant\u00edas,\u00a0integrarte en proyectos de investigaci\u00f3n, postular a estad\u00edas en\u00a0 el extranjero, participar en actividades extracurriculares de inter\u00e9s social y tambi\u00e9n realizar postgrados y actividades de perfeccionamiento.<\/p>\n<p style=\"text-align: justify\">Las autoridades y el equipo docente facilitar\u00e1n tu aprendizaje y te acompa\u00f1ar\u00e1n\u00a0 en todo momento.<\/p>\n<p style=\"text-align: justify\">Te invitamos a formar parte de esta gran familia UDD.<\/p>\n<p style=\"text-align: right\"><strong>Mar\u00eda Adriana Parra Blanco<br \/>\nDirectora de Tecnolog\u00eda M\u00e9dica<\/strong><\/p>\n","protected":false},"excerpt":{"rendered":"<p>Te saludo cordialmente y te invito a conocer una mirada diferente de la carrera de Tecnolog\u00eda M\u00e9dica en la Facultad de Medicina Cl\u00ednica Alemana Universidad del Desarrollo. Desde los primeros a\u00f1os visitar\u00e1s diferentes campos cl\u00ednicos, instituciones y empresas relacionadas con salud\u00a0 y\u00a0con nuestra\u00a0carrera. Compartir\u00e1s\u00a0con tecn\u00f3logos m\u00e9dicos que se desempe\u00f1an en roles asistenciales, de investigaci\u00f3n, de [&hellip;]<\/p>\n","protected":false},"author":1,"featured_media":0,"parent":3,"menu_order":50,"comment_status":"open","ping_status":"open","template":"","meta":{"footnotes":""},"class_list":["post-239","page","type-page","status-publish","hentry"],"yoast_head":"<!-- This site is optimized with the Yoast SEO plugin v26.9 - https:\/\/yoast.com\/product\/yoast-seo-wordpress\/ -->\n<title>Palabras de la Directora | Carrera de Odontolog\u00eda (Santiago) | UDD<\/title>\n<meta name=\"description\" content=\"La directora de Tecnolog\u00eda M\u00e9dica, Mar\u00eda Adriana Parra, te invita a conocer la carrera.\" \/>\n<meta name=\"robots\" content=\"index, follow, max-snippet:-1, max-image-preview:large, max-video-preview:-1\" \/>\n<link rel=\"canonical\" href=\"https:\/\/medicina.udd.cl\/tecnologia-medica-santiago\/la-carrera\/palabras-de-la-directora\/\" \/>\n<meta property=\"og:locale\" content=\"es_ES\" \/>\n<meta property=\"og:type\" content=\"article\" \/>\n<meta property=\"og:title\" content=\"Palabras de la Directora | Carrera de Odontolog\u00eda (Santiago) | UDD\" \/>\n<meta property=\"og:description\" content=\"La directora de Tecnolog\u00eda M\u00e9dica, Mar\u00eda Adriana Parra, te invita a conocer la carrera.\" \/>\n<meta property=\"og:url\" content=\"https:\/\/medicina.udd.cl\/tecnologia-medica-santiago\/la-carrera\/palabras-de-la-directora\/\" \/>\n<meta property=\"og:site_name\" content=\"Tecnolog\u00eda M\u00e9dica\" \/>\n<meta property=\"article:modified_time\" content=\"2018-08-20T14:01:18+00:00\" \/>\n<meta name=\"twitter:label1\" content=\"Tiempo de lectura\" \/>\n\t<meta name=\"twitter:data1\" content=\"1 minuto\" \/>\n<script type=\"application\/ld+json\" class=\"yoast-schema-graph\">{\"@context\":\"https:\/\/schema.org\",\"@graph\":[{\"@type\":\"WebPage\",\"@id\":\"https:\/\/medicina.udd.cl\/tecnologia-medica-santiago\/la-carrera\/palabras-de-la-directora\/\",\"url\":\"https:\/\/medicina.udd.cl\/tecnologia-medica-santiago\/la-carrera\/palabras-de-la-directora\/\",\"name\":\"Palabras de la Directora | Carrera de Odontolog\u00eda (Santiago) | UDD\",\"isPartOf\":{\"@id\":\"https:\/\/medicina.udd.cl\/tecnologia-medica-santiago\/#website\"},\"datePublished\":\"2010-06-03T13:59:34+00:00\",\"dateModified\":\"2018-08-20T14:01:18+00:00\",\"description\":\"La directora de Tecnolog\u00eda M\u00e9dica, Mar\u00eda Adriana Parra, te invita a conocer la carrera.\",\"breadcrumb\":{\"@id\":\"https:\/\/medicina.udd.cl\/tecnologia-medica-santiago\/la-carrera\/palabras-de-la-directora\/#breadcrumb\"},\"inLanguage\":\"es\",\"potentialAction\":[{\"@type\":\"ReadAction\",\"target\":[\"https:\/\/medicina.udd.cl\/tecnologia-medica-santiago\/la-carrera\/palabras-de-la-directora\/\"]}]},{\"@type\":\"BreadcrumbList\",\"@id\":\"https:\/\/medicina.udd.cl\/tecnologia-medica-santiago\/la-carrera\/palabras-de-la-directora\/#breadcrumb\",\"itemListElement\":[{\"@type\":\"ListItem\",\"position\":1,\"name\":\"Home\",\"item\":\"https:\/\/medicina.udd.cl\/tecnologia-medica-santiago\/\"},{\"@type\":\"ListItem\",\"position\":2,\"name\":\"La Carrera\",\"item\":\"https:\/\/medicina.udd.cl\/tecnologia-medica-santiago\/la-carrera\/\"},{\"@type\":\"ListItem\",\"position\":3,\"name\":\"Palabras de la directora\"}]},{\"@type\":\"WebSite\",\"@id\":\"https:\/\/medicina.udd.cl\/tecnologia-medica-santiago\/#website\",\"url\":\"https:\/\/medicina.udd.cl\/tecnologia-medica-santiago\/\",\"name\":\"Tecnolog\u00eda M\u00e9dica\",\"description\":\"Facultad de Medicina Cl\u00ednica Alemana Universidad del Desarrollo\",\"inLanguage\":\"es\"}]}<\/script>\n<!-- \/ Yoast SEO plugin. -->","yoast_head_json":{"title":"Palabras de la Directora | Carrera de Odontolog\u00eda (Santiago) | UDD","description":"La directora de Tecnolog\u00eda M\u00e9dica, Mar\u00eda Adriana Parra, te invita a conocer la carrera.","robots":{"index":"index","follow":"follow","max-snippet":"max-snippet:-1","max-image-preview":"max-image-preview:large","max-video-preview":"max-video-preview:-1"},"canonical":"https:\/\/medicina.udd.cl\/tecnologia-medica-santiago\/la-carrera\/palabras-de-la-directora\/","og_locale":"es_ES","og_type":"article","og_title":"Palabras de la Directora | Carrera de Odontolog\u00eda (Santiago) | UDD","og_description":"La directora de Tecnolog\u00eda M\u00e9dica, Mar\u00eda Adriana Parra, te invita a conocer la carrera.","og_url":"https:\/\/medicina.udd.cl\/tecnologia-medica-santiago\/la-carrera\/palabras-de-la-directora\/","og_site_name":"Tecnolog\u00eda M\u00e9dica","article_modified_time":"2018-08-20T14:01:18+00:00","twitter_misc":{"Tiempo de lectura":"1 minuto"},"schema":{"@context":"https:\/\/schema.org","@graph":[{"@type":"WebPage","@id":"https:\/\/medicina.udd.cl\/tecnologia-medica-santiago\/la-carrera\/palabras-de-la-directora\/","url":"https:\/\/medicina.udd.cl\/tecnologia-medica-santiago\/la-carrera\/palabras-de-la-directora\/","name":"Palabras de la Directora | Carrera de Odontolog\u00eda (Santiago) | UDD","isPartOf":{"@id":"https:\/\/medicina.udd.cl\/tecnologia-medica-santiago\/#website"},"datePublished":"2010-06-03T13:59:34+00:00","dateModified":"2018-08-20T14:01:18+00:00","description":"La directora de Tecnolog\u00eda M\u00e9dica, Mar\u00eda Adriana Parra, te invita a conocer la carrera.","breadcrumb":{"@id":"https:\/\/medicina.udd.cl\/tecnologia-medica-santiago\/la-carrera\/palabras-de-la-directora\/#breadcrumb"},"inLanguage":"es","potentialAction":[{"@type":"ReadAction","target":["https:\/\/medicina.udd.cl\/tecnologia-medica-santiago\/la-carrera\/palabras-de-la-directora\/"]}]},{"@type":"BreadcrumbList","@id":"https:\/\/medicina.udd.cl\/tecnologia-medica-santiago\/la-carrera\/palabras-de-la-directora\/#breadcrumb","itemListElement":[{"@type":"ListItem","position":1,"name":"Home","item":"https:\/\/medicina.udd.cl\/tecnologia-medica-santiago\/"},{"@type":"ListItem","position":2,"name":"La Carrera","item":"https:\/\/medicina.udd.cl\/tecnologia-medica-santiago\/la-carrera\/"},{"@type":"ListItem","position":3,"name":"Palabras de la directora"}]},{"@type":"WebSite","@id":"https:\/\/medicina.udd.cl\/tecnologia-medica-santiago\/#website","url":"https:\/\/medicina.udd.cl\/tecnologia-medica-santiago\/","name":"Tecnolog\u00eda M\u00e9dica","description":"Facultad de Medicina Cl\u00ednica Alemana Universidad del Desarrollo","inLanguage":"es"}]}},"_links":{"self":[{"href":"https:\/\/medicina.udd.cl\/tecnologia-medica-santiago\/wp-json\/wp\/v2\/pages\/239","targetHints":{"allow":["GET"]}}],"collection":[{"href":"https:\/\/medicina.udd.cl\/tecnologia-medica-santiago\/wp-json\/wp\/v2\/pages"}],"about":[{"href":"https:\/\/medicina.udd.cl\/tecnologia-medica-santiago\/wp-json\/wp\/v2\/types\/page"}],"author":[{"embeddable":true,"href":"https:\/\/medicina.udd.cl\/tecnologia-medica-santiago\/wp-json\/wp\/v2\/users\/1"}],"replies":[{"embeddable":true,"href":"https:\/\/medicina.udd.cl\/tecnologia-medica-santiago\/wp-json\/wp\/v2\/comments?post=239"}],"version-history":[{"count":24,"href":"https:\/\/medicina.udd.cl\/tecnologia-medica-santiago\/wp-json\/wp\/v2\/pages\/239\/revisions"}],"predecessor-version":[{"id":5421,"href":"https:\/\/medicina.udd.cl\/tecnologia-medica-santiago\/wp-json\/wp\/v2\/pages\/239\/revisions\/5421"}],"up":[{"embeddable":true,"href":"https:\/\/medicina.udd.cl\/tecnologia-medica-santiago\/wp-json\/wp\/v2\/pages\/3"}],"wp:attachment":[{"href":"https:\/\/medicina.udd.cl\/tecnologia-medica-santiago\/wp-json\/wp\/v2\/media?parent=239"}],"curies":[{"name":"wp","href":"https:\/\/api.w.org\/{rel}","templated":true}]}}