{"id":6274,"date":"2020-05-08T00:02:13","date_gmt":"2020-05-08T04:02:13","guid":{"rendered":"http:\/\/medicina.udd.cl\/tecnologia-medica-santiago\/?page_id=6274"},"modified":"2024-12-11T17:53:46","modified_gmt":"2024-12-11T20:53:46","slug":"nuestro-equipo","status":"publish","type":"page","link":"https:\/\/medicina.udd.cl\/tecnologia-medica-santiago\/nuestro-equipo\/","title":{"rendered":"Nuestro Equipo"},"content":{"rendered":"<!-- WP Block: UDD - People -->\n<section class=\"wp-block-udd-people\">\n\t<div class=\"container\">\n\t\t<header class=\"block__header\">\n\t\t\t<h2 class=\"block__title\">EQUIPO GESTI\u00d3N<\/h2>\n\t\t\t\t\t<\/header>\n\t\t<div class=\"people-cards\">\n\t\t\t\t\t<div class=\"person-card\">\n\t<a href=\"https:\/\/medicina.udd.cl\/tecnologia-medica-santiago\/persona\/maria-adriana-parra-blanco\/\"\n\t\tclass=\"person-card__inner js-person-modal\"\n\t\tdata-post-id=\"2259\"\n\t\tdata-postid=\"2259\"\n\t>\n\t\t\t<div class=\"person-card__media\">\n\t\t\t<img loading=\"lazy\" decoding=\"async\" width=\"500\" height=\"500\" src=\"https:\/\/medicina.udd.cl\/tecnologia-medica-santiago\/files\/2013\/07\/Mar\u00eda-Adriana-Parra-Blanco-TM-500x500.jpg\" class=\"person-card__image wp-post-image\" alt=\"\" srcset=\"https:\/\/medicina.udd.cl\/tecnologia-medica-santiago\/files\/2013\/07\/Mar\u00eda-Adriana-Parra-Blanco-TM-500x500.jpg 500w, https:\/\/medicina.udd.cl\/tecnologia-medica-santiago\/files\/2013\/07\/Mar\u00eda-Adriana-Parra-Blanco-TM-150x150.jpg 150w, https:\/\/medicina.udd.cl\/tecnologia-medica-santiago\/files\/2013\/07\/Mar\u00eda-Adriana-Parra-Blanco-TM-62x62.jpg 62w, https:\/\/medicina.udd.cl\/tecnologia-medica-santiago\/files\/2013\/07\/Mar\u00eda-Adriana-Parra-Blanco-TM-750x750.jpg 750w, https:\/\/medicina.udd.cl\/tecnologia-medica-santiago\/files\/2013\/07\/Mar\u00eda-Adriana-Parra-Blanco-TM-250x250.jpg 250w, https:\/\/medicina.udd.cl\/tecnologia-medica-santiago\/files\/2013\/07\/Mar\u00eda-Adriana-Parra-Blanco-TM-126x126.jpg 126w\" sizes=\"auto, (max-width: 500px) 100vw, 500px\" \/>\t\t<\/div>\n\t\t\t<div class=\"person-card__content\">\n\t\t\t<h3 class=\"person-card__name\">Mar\u00eda Adriana  Parra Blanco<\/h3>\n\t\t\t\t\t<span class=\"person-card__description\">Directora de Tecnolog\u00eda M\u00e9dica<\/span>\n\t\t\t\t\t<span class=\"person-card__cta\">Ver perfil<\/span>\n\t\t<\/div>\n\t<\/a>\n<\/div>\n\t\t\t\t\t<div class=\"person-card\">\n\t<a href=\"https:\/\/medicina.udd.cl\/tecnologia-medica-santiago\/persona\/guislaine-aldana\/\"\n\t\tclass=\"person-card__inner js-person-modal\"\n\t\tdata-post-id=\"3063\"\n\t\tdata-postid=\"3063\"\n\t>\n\t\t\t<div class=\"person-card__media\">\n\t\t\t<img loading=\"lazy\" decoding=\"async\" width=\"319\" height=\"319\" src=\"https:\/\/medicina.udd.cl\/tecnologia-medica-santiago\/files\/2014\/09\/guislaine-aldana-tm.jpg\" class=\"person-card__image wp-post-image\" alt=\"\" srcset=\"https:\/\/medicina.udd.cl\/tecnologia-medica-santiago\/files\/2014\/09\/guislaine-aldana-tm.jpg 319w, https:\/\/medicina.udd.cl\/tecnologia-medica-santiago\/files\/2014\/09\/guislaine-aldana-tm-300x300.jpg 300w, https:\/\/medicina.udd.cl\/tecnologia-medica-santiago\/files\/2014\/09\/guislaine-aldana-tm-150x150.jpg 150w, https:\/\/medicina.udd.cl\/tecnologia-medica-santiago\/files\/2014\/09\/guislaine-aldana-tm-62x62.jpg 62w, https:\/\/medicina.udd.cl\/tecnologia-medica-santiago\/files\/2014\/09\/guislaine-aldana-tm-250x250.jpg 250w, https:\/\/medicina.udd.cl\/tecnologia-medica-santiago\/files\/2014\/09\/guislaine-aldana-tm-126x126.jpg 126w\" sizes=\"auto, (max-width: 319px) 100vw, 319px\" \/>\t\t<\/div>\n\t\t\t<div class=\"person-card__content\">\n\t\t\t<h3 class=\"person-card__name\">Guislaine Aldana Vera<\/h3>\n\t\t\t\t\t<span class=\"person-card__description\">Coordinadora Acad\u00e9mica<\/span>\n\t\t\t\t\t<span class=\"person-card__cta\">Ver perfil<\/span>\n\t\t<\/div>\n\t<\/a>\n<\/div>\n\t\t\t\t\t<div class=\"person-card\">\n\t<a href=\"https:\/\/medicina.udd.cl\/tecnologia-medica-santiago\/persona\/pamela-iglesias-barnetche\/\"\n\t\tclass=\"person-card__inner js-person-modal\"\n\t\tdata-post-id=\"7661\"\n\t\tdata-postid=\"7661\"\n\t>\n\t\t\t<div class=\"person-card__media\">\n\t\t\t<img loading=\"lazy\" decoding=\"async\" width=\"500\" height=\"500\" src=\"https:\/\/medicina.udd.cl\/tecnologia-medica-santiago\/files\/2022\/07\/pamela-iglesias-byn_-500x500.jpg\" class=\"person-card__image wp-post-image\" alt=\"\" srcset=\"https:\/\/medicina.udd.cl\/tecnologia-medica-santiago\/files\/2022\/07\/pamela-iglesias-byn_-500x500.jpg 500w, https:\/\/medicina.udd.cl\/tecnologia-medica-santiago\/files\/2022\/07\/pamela-iglesias-byn_-300x300.jpg 300w, https:\/\/medicina.udd.cl\/tecnologia-medica-santiago\/files\/2022\/07\/pamela-iglesias-byn_-1024x1024.jpg 1024w, https:\/\/medicina.udd.cl\/tecnologia-medica-santiago\/files\/2022\/07\/pamela-iglesias-byn_-150x150.jpg 150w, https:\/\/medicina.udd.cl\/tecnologia-medica-santiago\/files\/2022\/07\/pamela-iglesias-byn_-768x768.jpg 768w, https:\/\/medicina.udd.cl\/tecnologia-medica-santiago\/files\/2022\/07\/pamela-iglesias-byn_-62x62.jpg 62w, https:\/\/medicina.udd.cl\/tecnologia-medica-santiago\/files\/2022\/07\/pamela-iglesias-byn_-1536x1536.jpg 1536w, https:\/\/medicina.udd.cl\/tecnologia-medica-santiago\/files\/2022\/07\/pamela-iglesias-byn_-2048x2048.jpg 2048w, https:\/\/medicina.udd.cl\/tecnologia-medica-santiago\/files\/2022\/07\/pamela-iglesias-byn_-750x750.jpg 750w, https:\/\/medicina.udd.cl\/tecnologia-medica-santiago\/files\/2022\/07\/pamela-iglesias-byn_-250x250.jpg 250w, https:\/\/medicina.udd.cl\/tecnologia-medica-santiago\/files\/2022\/07\/pamela-iglesias-byn_-126x126.jpg 126w\" sizes=\"auto, (max-width: 500px) 100vw, 500px\" \/>\t\t<\/div>\n\t\t\t<div class=\"person-card__content\">\n\t\t\t<h3 class=\"person-card__name\">Pamela  Iglesias Barnetche<\/h3>\n\t\t\t\t\t<span class=\"person-card__description\">Coordinadora Laboratorio y Admisi\u00f3n<\/span>\n\t\t\t\t\t<span class=\"person-card__cta\">Ver perfil<\/span>\n\t\t<\/div>\n\t<\/a>\n<\/div>\n\t\t\t\t\t<div class=\"person-card\">\n\t<a href=\"https:\/\/medicina.udd.cl\/tecnologia-medica-santiago\/persona\/robinson-arias-villena\/\"\n\t\tclass=\"person-card__inner js-person-modal\"\n\t\tdata-post-id=\"9550\"\n\t\tdata-postid=\"9550\"\n\t>\n\t\t\t<div class=\"person-card__media\">\n\t\t\t<img loading=\"lazy\" decoding=\"async\" width=\"500\" height=\"500\" src=\"https:\/\/medicina.udd.cl\/tecnologia-medica-santiago\/files\/2025\/03\/robinson-arias-500x500.jpg\" class=\"person-card__image wp-post-image\" alt=\"\" srcset=\"https:\/\/medicina.udd.cl\/tecnologia-medica-santiago\/files\/2025\/03\/robinson-arias-500x500.jpg 500w, https:\/\/medicina.udd.cl\/tecnologia-medica-santiago\/files\/2025\/03\/robinson-arias-300x300.jpg 300w, https:\/\/medicina.udd.cl\/tecnologia-medica-santiago\/files\/2025\/03\/robinson-arias-150x150.jpg 150w, https:\/\/medicina.udd.cl\/tecnologia-medica-santiago\/files\/2025\/03\/robinson-arias-62x62.jpg 62w, https:\/\/medicina.udd.cl\/tecnologia-medica-santiago\/files\/2025\/03\/robinson-arias-250x250.jpg 250w, https:\/\/medicina.udd.cl\/tecnologia-medica-santiago\/files\/2025\/03\/robinson-arias-126x126.jpg 126w, https:\/\/medicina.udd.cl\/tecnologia-medica-santiago\/files\/2025\/03\/robinson-arias.jpg 720w\" sizes=\"auto, (max-width: 500px) 100vw, 500px\" \/>\t\t<\/div>\n\t\t\t<div class=\"person-card__content\">\n\t\t\t<h3 class=\"person-card__name\">Robinson Arias Villena<\/h3>\n\t\t\t\t\t<span class=\"person-card__description\">Coordinador de Postgrados y Educaci\u00f3n Continua<\/span>\n\t\t\t\t\t<span class=\"person-card__cta\">Ver perfil<\/span>\n\t\t<\/div>\n\t<\/a>\n<\/div>\n\t\t\t\t\t<div class=\"person-card\">\n\t<a href=\"https:\/\/medicina.udd.cl\/tecnologia-medica-santiago\/persona\/evelyn-cobo\/\"\n\t\tclass=\"person-card__inner js-person-modal\"\n\t\tdata-post-id=\"2513\"\n\t\tdata-postid=\"2513\"\n\t>\n\t\t\t<div class=\"person-card__media\">\n\t\t\t<img loading=\"lazy\" decoding=\"async\" width=\"500\" height=\"500\" src=\"https:\/\/medicina.udd.cl\/tecnologia-medica-santiago\/files\/2013\/09\/evelyn-cobo-1-500x500.jpg\" class=\"person-card__image wp-post-image\" alt=\"\" srcset=\"https:\/\/medicina.udd.cl\/tecnologia-medica-santiago\/files\/2013\/09\/evelyn-cobo-1-500x500.jpg 500w, https:\/\/medicina.udd.cl\/tecnologia-medica-santiago\/files\/2013\/09\/evelyn-cobo-1-300x300.jpg 300w, https:\/\/medicina.udd.cl\/tecnologia-medica-santiago\/files\/2013\/09\/evelyn-cobo-1-150x150.jpg 150w, https:\/\/medicina.udd.cl\/tecnologia-medica-santiago\/files\/2013\/09\/evelyn-cobo-1-768x768.jpg 768w, https:\/\/medicina.udd.cl\/tecnologia-medica-santiago\/files\/2013\/09\/evelyn-cobo-1-62x62.jpg 62w, https:\/\/medicina.udd.cl\/tecnologia-medica-santiago\/files\/2013\/09\/evelyn-cobo-1-750x750.jpg 750w, https:\/\/medicina.udd.cl\/tecnologia-medica-santiago\/files\/2013\/09\/evelyn-cobo-1-250x250.jpg 250w, https:\/\/medicina.udd.cl\/tecnologia-medica-santiago\/files\/2013\/09\/evelyn-cobo-1-126x126.jpg 126w, https:\/\/medicina.udd.cl\/tecnologia-medica-santiago\/files\/2013\/09\/evelyn-cobo-1.jpg 1004w\" sizes=\"auto, (max-width: 500px) 100vw, 500px\" \/>\t\t<\/div>\n\t\t\t<div class=\"person-card__content\">\n\t\t\t<h3 class=\"person-card__name\">Evelyn Cobo Reyes<\/h3>\n\t\t\t\t\t<span class=\"person-card__description\">Coordinadora Docente<\/span>\n\t\t\t\t\t<span class=\"person-card__cta\">Ver perfil<\/span>\n\t\t<\/div>\n\t<\/a>\n<\/div>\n\t\t\t\t\t<div class=\"person-card\">\n\t<a href=\"https:\/\/medicina.udd.cl\/tecnologia-medica-santiago\/persona\/esteban-abarca-navarrete\/\"\n\t\tclass=\"person-card__inner js-person-modal\"\n\t\tdata-post-id=\"4489\"\n\t\tdata-postid=\"4489\"\n\t>\n\t\t\t<div class=\"person-card__media\">\n\t\t\t<img loading=\"lazy\" decoding=\"async\" width=\"401\" height=\"500\" src=\"https:\/\/medicina.udd.cl\/tecnologia-medica-santiago\/files\/2016\/08\/Esteban-Abarca-Navarrete.jpg\" class=\"person-card__image wp-post-image\" alt=\"\" srcset=\"https:\/\/medicina.udd.cl\/tecnologia-medica-santiago\/files\/2016\/08\/Esteban-Abarca-Navarrete.jpg 2683w, https:\/\/medicina.udd.cl\/tecnologia-medica-santiago\/files\/2016\/08\/Esteban-Abarca-Navarrete-241x300.jpg 241w, https:\/\/medicina.udd.cl\/tecnologia-medica-santiago\/files\/2016\/08\/Esteban-Abarca-Navarrete-768x957.jpg 768w, https:\/\/medicina.udd.cl\/tecnologia-medica-santiago\/files\/2016\/08\/Esteban-Abarca-Navarrete-822x1024.jpg 822w, https:\/\/medicina.udd.cl\/tecnologia-medica-santiago\/files\/2016\/08\/Esteban-Abarca-Navarrete-770x960.jpg 770w\" sizes=\"auto, (max-width: 401px) 100vw, 401px\" \/>\t\t<\/div>\n\t\t\t<div class=\"person-card__content\">\n\t\t\t<h3 class=\"person-card__name\">Esteban Abarca Navarrete<\/h3>\n\t\t\t\t\t<span class=\"person-card__description\">Coordinador de Consulta Oftalmol\u00f3gica Docente<\/span>\n\t\t\t\t\t<span class=\"person-card__cta\">Ver perfil<\/span>\n\t\t<\/div>\n\t<\/a>\n<\/div>\n\t\t\t\t\t<div class=\"person-card\">\n\t<a href=\"https:\/\/medicina.udd.cl\/tecnologia-medica-santiago\/persona\/rodrigo-andaur-medina\/\"\n\t\tclass=\"person-card__inner js-person-modal\"\n\t\tdata-post-id=\"6074\"\n\t\tdata-postid=\"6074\"\n\t>\n\t\t\t<div class=\"person-card__media\">\n\t\t\t<img loading=\"lazy\" decoding=\"async\" width=\"500\" height=\"500\" src=\"https:\/\/medicina.udd.cl\/tecnologia-medica-santiago\/files\/2022\/07\/rodrigo-andaur-byn_-500x500.png\" class=\"person-card__image wp-post-image\" alt=\"\" srcset=\"https:\/\/medicina.udd.cl\/tecnologia-medica-santiago\/files\/2022\/07\/rodrigo-andaur-byn_-500x500.png 500w, https:\/\/medicina.udd.cl\/tecnologia-medica-santiago\/files\/2022\/07\/rodrigo-andaur-byn_-300x300.png 300w, https:\/\/medicina.udd.cl\/tecnologia-medica-santiago\/files\/2022\/07\/rodrigo-andaur-byn_-1024x1024.png 1024w, https:\/\/medicina.udd.cl\/tecnologia-medica-santiago\/files\/2022\/07\/rodrigo-andaur-byn_-150x150.png 150w, https:\/\/medicina.udd.cl\/tecnologia-medica-santiago\/files\/2022\/07\/rodrigo-andaur-byn_-768x768.png 768w, https:\/\/medicina.udd.cl\/tecnologia-medica-santiago\/files\/2022\/07\/rodrigo-andaur-byn_-62x62.png 62w, https:\/\/medicina.udd.cl\/tecnologia-medica-santiago\/files\/2022\/07\/rodrigo-andaur-byn_-1536x1536.png 1536w, https:\/\/medicina.udd.cl\/tecnologia-medica-santiago\/files\/2022\/07\/rodrigo-andaur-byn_-2048x2048.png 2048w, https:\/\/medicina.udd.cl\/tecnologia-medica-santiago\/files\/2022\/07\/rodrigo-andaur-byn_-750x750.png 750w, https:\/\/medicina.udd.cl\/tecnologia-medica-santiago\/files\/2022\/07\/rodrigo-andaur-byn_-250x250.png 250w, https:\/\/medicina.udd.cl\/tecnologia-medica-santiago\/files\/2022\/07\/rodrigo-andaur-byn_-126x126.png 126w\" sizes=\"auto, (max-width: 500px) 100vw, 500px\" \/>\t\t<\/div>\n\t\t\t<div class=\"person-card__content\">\n\t\t\t<h3 class=\"person-card__name\">Rodrigo Andaur Medina<\/h3>\n\t\t\t\t\t<span class=\"person-card__description\">Coordinador de Investigaci\u00f3n<\/span>\n\t\t\t\t\t<span class=\"person-card__cta\">Ver perfil<\/span>\n\t\t<\/div>\n\t<\/a>\n<\/div>\n\t\t\t\t\t<div class=\"person-card\">\n\t<a href=\"https:\/\/medicina.udd.cl\/tecnologia-medica-santiago\/persona\/raul-torres-carrasco\/\"\n\t\tclass=\"person-card__inner js-person-modal\"\n\t\tdata-post-id=\"2261\"\n\t\tdata-postid=\"2261\"\n\t>\n\t\t\t<div class=\"person-card__media\">\n\t\t\t<img loading=\"lazy\" decoding=\"async\" width=\"500\" height=\"333\" src=\"https:\/\/medicina.udd.cl\/tecnologia-medica-santiago\/files\/2013\/07\/RAUL-TORRES-ConvertImage.jpg\" class=\"person-card__image wp-post-image\" alt=\"\" srcset=\"https:\/\/medicina.udd.cl\/tecnologia-medica-santiago\/files\/2013\/07\/RAUL-TORRES-ConvertImage.jpg 612w, https:\/\/medicina.udd.cl\/tecnologia-medica-santiago\/files\/2013\/07\/RAUL-TORRES-ConvertImage-300x200.jpg 300w\" sizes=\"auto, (max-width: 500px) 100vw, 500px\" \/>\t\t<\/div>\n\t\t\t<div class=\"person-card__content\">\n\t\t\t<h3 class=\"person-card__name\">Ra\u00fal  Torres Carrasco<\/h3>\n\t\t\t\t\t<span class=\"person-card__description\">Coordinador Especialidad Imagenolog\u00eda y F\u00edsica M\u00e9dica <\/span>\n\t\t\t\t\t<span class=\"person-card__cta\">Ver perfil<\/span>\n\t\t<\/div>\n\t<\/a>\n<\/div>\n\t\t\t\t\t<div class=\"person-card\">\n\t<a href=\"https:\/\/medicina.udd.cl\/tecnologia-medica-santiago\/persona\/maria-de-los-angeles-de-la-maza-cortes\/\"\n\t\tclass=\"person-card__inner js-person-modal\"\n\t\tdata-post-id=\"7660\"\n\t\tdata-postid=\"7660\"\n\t>\n\t\t\t<div class=\"person-card__media\">\n\t\t\t<img loading=\"lazy\" decoding=\"async\" width=\"500\" height=\"500\" src=\"https:\/\/medicina.udd.cl\/tecnologia-medica-santiago\/files\/2022\/07\/TM.-Mar\u00eda-de-los-\u00c1ngeles-De-La-Maza-Cort\u00e9s.byn_-500x500.jpg\" class=\"person-card__image wp-post-image\" alt=\"\" srcset=\"https:\/\/medicina.udd.cl\/tecnologia-medica-santiago\/files\/2022\/07\/TM.-Mar\u00eda-de-los-\u00c1ngeles-De-La-Maza-Cort\u00e9s.byn_-500x500.jpg 500w, https:\/\/medicina.udd.cl\/tecnologia-medica-santiago\/files\/2022\/07\/TM.-Mar\u00eda-de-los-\u00c1ngeles-De-La-Maza-Cort\u00e9s.byn_-300x300.jpg 300w, https:\/\/medicina.udd.cl\/tecnologia-medica-santiago\/files\/2022\/07\/TM.-Mar\u00eda-de-los-\u00c1ngeles-De-La-Maza-Cort\u00e9s.byn_-1024x1024.jpg 1024w, https:\/\/medicina.udd.cl\/tecnologia-medica-santiago\/files\/2022\/07\/TM.-Mar\u00eda-de-los-\u00c1ngeles-De-La-Maza-Cort\u00e9s.byn_-150x150.jpg 150w, https:\/\/medicina.udd.cl\/tecnologia-medica-santiago\/files\/2022\/07\/TM.-Mar\u00eda-de-los-\u00c1ngeles-De-La-Maza-Cort\u00e9s.byn_-768x768.jpg 768w, https:\/\/medicina.udd.cl\/tecnologia-medica-santiago\/files\/2022\/07\/TM.-Mar\u00eda-de-los-\u00c1ngeles-De-La-Maza-Cort\u00e9s.byn_-62x62.jpg 62w, https:\/\/medicina.udd.cl\/tecnologia-medica-santiago\/files\/2022\/07\/TM.-Mar\u00eda-de-los-\u00c1ngeles-De-La-Maza-Cort\u00e9s.byn_-1536x1536.jpg 1536w, https:\/\/medicina.udd.cl\/tecnologia-medica-santiago\/files\/2022\/07\/TM.-Mar\u00eda-de-los-\u00c1ngeles-De-La-Maza-Cort\u00e9s.byn_-2048x2048.jpg 2048w, https:\/\/medicina.udd.cl\/tecnologia-medica-santiago\/files\/2022\/07\/TM.-Mar\u00eda-de-los-\u00c1ngeles-De-La-Maza-Cort\u00e9s.byn_-750x750.jpg 750w, https:\/\/medicina.udd.cl\/tecnologia-medica-santiago\/files\/2022\/07\/TM.-Mar\u00eda-de-los-\u00c1ngeles-De-La-Maza-Cort\u00e9s.byn_-250x250.jpg 250w, https:\/\/medicina.udd.cl\/tecnologia-medica-santiago\/files\/2022\/07\/TM.-Mar\u00eda-de-los-\u00c1ngeles-De-La-Maza-Cort\u00e9s.byn_-126x126.jpg 126w\" sizes=\"auto, (max-width: 500px) 100vw, 500px\" \/>\t\t<\/div>\n\t\t\t<div class=\"person-card__content\">\n\t\t\t<h3 class=\"person-card__name\">Mar\u00eda de los \u00c1ngeles  De La Maza Cort\u00e9s<\/h3>\n\t\t\t\t\t<span class=\"person-card__description\">Coordinadora de Campos Cl\u00ednicos<\/span>\n\t\t\t\t\t<span class=\"person-card__cta\">Ver perfil<\/span>\n\t\t<\/div>\n\t<\/a>\n<\/div>\n\t\t\t\t\t<div class=\"person-card\">\n\t<a href=\"https:\/\/medicina.udd.cl\/tecnologia-medica-santiago\/persona\/emmanuel-casanova-ortiz\/\"\n\t\tclass=\"person-card__inner js-person-modal\"\n\t\tdata-post-id=\"4481\"\n\t\tdata-postid=\"4481\"\n\t>\n\t\t\t<div class=\"person-card__media\">\n\t\t\t<img loading=\"lazy\" decoding=\"async\" width=\"500\" height=\"477\" src=\"https:\/\/medicina.udd.cl\/tecnologia-medica-santiago\/files\/2016\/08\/emmanul-.jpg\" class=\"person-card__image wp-post-image\" alt=\"\" srcset=\"https:\/\/medicina.udd.cl\/tecnologia-medica-santiago\/files\/2016\/08\/emmanul-.jpg 576w, https:\/\/medicina.udd.cl\/tecnologia-medica-santiago\/files\/2016\/08\/emmanul--300x286.jpg 300w\" sizes=\"auto, (max-width: 500px) 100vw, 500px\" \/>\t\t<\/div>\n\t\t\t<div class=\"person-card__content\">\n\t\t\t<h3 class=\"person-card__name\">Emmanuel  Casanova Ortiz<\/h3>\n\t\t\t\t\t<span class=\"person-card__description\">Coordinador Especialidad Morfofisiopatolog\u00eda y Citodiagn\u00f3stico<\/span>\n\t\t\t\t\t<span class=\"person-card__cta\">Ver perfil<\/span>\n\t\t<\/div>\n\t<\/a>\n<\/div>\n\t\t\t\t\t<div class=\"person-card\">\n\t<a href=\"https:\/\/medicina.udd.cl\/tecnologia-medica-santiago\/persona\/sara-morales-rojas\/\"\n\t\tclass=\"person-card__inner js-person-modal\"\n\t\tdata-post-id=\"2995\"\n\t\tdata-postid=\"2995\"\n\t>\n\t\t\t<div class=\"person-card__media\">\n\t\t\t<img loading=\"lazy\" decoding=\"async\" width=\"322\" height=\"322\" src=\"https:\/\/medicina.udd.cl\/tecnologia-medica-santiago\/files\/2014\/07\/sara-morales-tm.jpg\" class=\"person-card__image wp-post-image\" alt=\"\" srcset=\"https:\/\/medicina.udd.cl\/tecnologia-medica-santiago\/files\/2014\/07\/sara-morales-tm.jpg 322w, https:\/\/medicina.udd.cl\/tecnologia-medica-santiago\/files\/2014\/07\/sara-morales-tm-300x300.jpg 300w, https:\/\/medicina.udd.cl\/tecnologia-medica-santiago\/files\/2014\/07\/sara-morales-tm-150x150.jpg 150w, https:\/\/medicina.udd.cl\/tecnologia-medica-santiago\/files\/2014\/07\/sara-morales-tm-62x62.jpg 62w, https:\/\/medicina.udd.cl\/tecnologia-medica-santiago\/files\/2014\/07\/sara-morales-tm-250x250.jpg 250w, https:\/\/medicina.udd.cl\/tecnologia-medica-santiago\/files\/2014\/07\/sara-morales-tm-126x126.jpg 126w\" sizes=\"auto, (max-width: 322px) 100vw, 322px\" \/>\t\t<\/div>\n\t\t\t<div class=\"person-card__content\">\n\t\t\t<h3 class=\"person-card__name\">Sara Morales Rojas<\/h3>\n\t\t\t\t\t<span class=\"person-card__description\">Coordinadora Especialidad Bioan\u00e1lisis cl\u00ednico, Hematolog\u00eda y Medicina Transfusional <\/span>\n\t\t\t\t\t<span class=\"person-card__cta\">Ver perfil<\/span>\n\t\t<\/div>\n\t<\/a>\n<\/div>\n\t\t\t\t\t<div class=\"person-card\">\n\t<a href=\"https:\/\/medicina.udd.cl\/tecnologia-medica-santiago\/persona\/sebastian-rojas-andaur\/\"\n\t\tclass=\"person-card__inner js-person-modal\"\n\t\tdata-post-id=\"6075\"\n\t\tdata-postid=\"6075\"\n\t>\n\t\t\t<div class=\"person-card__media\">\n\t\t\t<img loading=\"lazy\" decoding=\"async\" width=\"500\" height=\"500\" src=\"https:\/\/medicina.udd.cl\/tecnologia-medica-santiago\/files\/2022\/07\/tm-sebastiam-rojas-andaur-byn_-500x500.jpg\" class=\"person-card__image wp-post-image\" alt=\"\" srcset=\"https:\/\/medicina.udd.cl\/tecnologia-medica-santiago\/files\/2022\/07\/tm-sebastiam-rojas-andaur-byn_-500x500.jpg 500w, https:\/\/medicina.udd.cl\/tecnologia-medica-santiago\/files\/2022\/07\/tm-sebastiam-rojas-andaur-byn_-300x300.jpg 300w, https:\/\/medicina.udd.cl\/tecnologia-medica-santiago\/files\/2022\/07\/tm-sebastiam-rojas-andaur-byn_-1024x1024.jpg 1024w, https:\/\/medicina.udd.cl\/tecnologia-medica-santiago\/files\/2022\/07\/tm-sebastiam-rojas-andaur-byn_-150x150.jpg 150w, https:\/\/medicina.udd.cl\/tecnologia-medica-santiago\/files\/2022\/07\/tm-sebastiam-rojas-andaur-byn_-768x768.jpg 768w, https:\/\/medicina.udd.cl\/tecnologia-medica-santiago\/files\/2022\/07\/tm-sebastiam-rojas-andaur-byn_-62x62.jpg 62w, https:\/\/medicina.udd.cl\/tecnologia-medica-santiago\/files\/2022\/07\/tm-sebastiam-rojas-andaur-byn_-1536x1536.jpg 1536w, https:\/\/medicina.udd.cl\/tecnologia-medica-santiago\/files\/2022\/07\/tm-sebastiam-rojas-andaur-byn_-2048x2048.jpg 2048w, https:\/\/medicina.udd.cl\/tecnologia-medica-santiago\/files\/2022\/07\/tm-sebastiam-rojas-andaur-byn_-750x750.jpg 750w, https:\/\/medicina.udd.cl\/tecnologia-medica-santiago\/files\/2022\/07\/tm-sebastiam-rojas-andaur-byn_-250x250.jpg 250w, https:\/\/medicina.udd.cl\/tecnologia-medica-santiago\/files\/2022\/07\/tm-sebastiam-rojas-andaur-byn_-126x126.jpg 126w\" sizes=\"auto, (max-width: 500px) 100vw, 500px\" \/>\t\t<\/div>\n\t\t\t<div class=\"person-card__content\">\n\t\t\t<h3 class=\"person-card__name\">Sebasti\u00e1n Rojas Andaur<\/h3>\n\t\t\t\t\t<span class=\"person-card__description\">Coordinador Especialidad Oftalmolog\u00eda y Optometr\u00eda<\/span>\n\t\t\t\t\t<span class=\"person-card__cta\">Ver perfil<\/span>\n\t\t<\/div>\n\t<\/a>\n<\/div>\n\t\t\t\t\t<div class=\"person-card\">\n\t<a href=\"https:\/\/medicina.udd.cl\/tecnologia-medica-santiago\/persona\/isidora-perez-montecinos\/\"\n\t\tclass=\"person-card__inner js-person-modal\"\n\t\tdata-post-id=\"8871\"\n\t\tdata-postid=\"8871\"\n\t>\n\t\t\t<div class=\"person-card__media\">\n\t\t\t<img loading=\"lazy\" decoding=\"async\" width=\"500\" height=\"500\" src=\"https:\/\/medicina.udd.cl\/tecnologia-medica-santiago\/files\/2024\/04\/tm-isidora-perez_byn-500x500.jpg\" class=\"person-card__image wp-post-image\" alt=\"\" srcset=\"https:\/\/medicina.udd.cl\/tecnologia-medica-santiago\/files\/2024\/04\/tm-isidora-perez_byn-500x500.jpg 500w, https:\/\/medicina.udd.cl\/tecnologia-medica-santiago\/files\/2024\/04\/tm-isidora-perez_byn-300x300.jpg 300w, https:\/\/medicina.udd.cl\/tecnologia-medica-santiago\/files\/2024\/04\/tm-isidora-perez_byn-1024x1024.jpg 1024w, https:\/\/medicina.udd.cl\/tecnologia-medica-santiago\/files\/2024\/04\/tm-isidora-perez_byn-150x150.jpg 150w, https:\/\/medicina.udd.cl\/tecnologia-medica-santiago\/files\/2024\/04\/tm-isidora-perez_byn-768x768.jpg 768w, https:\/\/medicina.udd.cl\/tecnologia-medica-santiago\/files\/2024\/04\/tm-isidora-perez_byn-62x62.jpg 62w, https:\/\/medicina.udd.cl\/tecnologia-medica-santiago\/files\/2024\/04\/tm-isidora-perez_byn-1536x1536.jpg 1536w, https:\/\/medicina.udd.cl\/tecnologia-medica-santiago\/files\/2024\/04\/tm-isidora-perez_byn-2048x2048.jpg 2048w, https:\/\/medicina.udd.cl\/tecnologia-medica-santiago\/files\/2024\/04\/tm-isidora-perez_byn-750x750.jpg 750w, https:\/\/medicina.udd.cl\/tecnologia-medica-santiago\/files\/2024\/04\/tm-isidora-perez_byn-250x250.jpg 250w, https:\/\/medicina.udd.cl\/tecnologia-medica-santiago\/files\/2024\/04\/tm-isidora-perez_byn-126x126.jpg 126w\" sizes=\"auto, (max-width: 500px) 100vw, 500px\" \/>\t\t<\/div>\n\t\t\t<div class=\"person-card__content\">\n\t\t\t<h3 class=\"person-card__name\">Isidora  P\u00e9rez Montecinos<\/h3>\n\t\t\t\t\t<span class=\"person-card__description\">Coordinadora Laboratorio Imagenolog\u00eda<\/span>\n\t\t\t\t\t<span class=\"person-card__cta\">Ver perfil<\/span>\n\t\t<\/div>\n\t<\/a>\n<\/div>\n\t\t\t\t<\/div>\n\t<\/div>\n<\/section>\n\n\n<!-- WP Block: UDD - People -->\n<section class=\"wp-block-udd-people\">\n\t<div class=\"container\">\n\t\t<header class=\"block__header\">\n\t\t\t<h2 class=\"block__title\">EQUIPO ADMINISTRATIVO<\/h2>\n\t\t\t\t\t<\/header>\n\t\t<div class=\"people-cards\">\n\t\t\t\t\t<div class=\"person-card\">\n\t<a href=\"https:\/\/medicina.udd.cl\/tecnologia-medica-santiago\/persona\/alejandra-garcia-perez\/\"\n\t\tclass=\"person-card__inner js-person-modal\"\n\t\tdata-post-id=\"7664\"\n\t\tdata-postid=\"7664\"\n\t>\n\t\t\t<div class=\"person-card__media\">\n\t\t\t<img loading=\"lazy\" decoding=\"async\" width=\"500\" height=\"500\" src=\"https:\/\/medicina.udd.cl\/tecnologia-medica-santiago\/files\/2022\/07\/Alejandra-Garc\u00eda-P\u00e9rez-500x500.jpg\" class=\"person-card__image wp-post-image\" alt=\"\" srcset=\"https:\/\/medicina.udd.cl\/tecnologia-medica-santiago\/files\/2022\/07\/Alejandra-Garc\u00eda-P\u00e9rez-500x500.jpg 500w, https:\/\/medicina.udd.cl\/tecnologia-medica-santiago\/files\/2022\/07\/Alejandra-Garc\u00eda-P\u00e9rez-150x150.jpg 150w, https:\/\/medicina.udd.cl\/tecnologia-medica-santiago\/files\/2022\/07\/Alejandra-Garc\u00eda-P\u00e9rez-62x62.jpg 62w, https:\/\/medicina.udd.cl\/tecnologia-medica-santiago\/files\/2022\/07\/Alejandra-Garc\u00eda-P\u00e9rez-750x750.jpg 750w, https:\/\/medicina.udd.cl\/tecnologia-medica-santiago\/files\/2022\/07\/Alejandra-Garc\u00eda-P\u00e9rez-250x250.jpg 250w, https:\/\/medicina.udd.cl\/tecnologia-medica-santiago\/files\/2022\/07\/Alejandra-Garc\u00eda-P\u00e9rez-126x126.jpg 126w\" sizes=\"auto, (max-width: 500px) 100vw, 500px\" \/>\t\t<\/div>\n\t\t\t<div class=\"person-card__content\">\n\t\t\t<h3 class=\"person-card__name\">Alejandra  Garc\u00eda P\u00e9rez<\/h3>\n\t\t\t\t\t<span class=\"person-card__description\">Secretaria carrera Tecnolog\u00eda M\u00e9dica<\/span>\n\t\t\t\t\t<span class=\"person-card__cta\">Ver perfil<\/span>\n\t\t<\/div>\n\t<\/a>\n<\/div>\n\t\t\t\t\t<div class=\"person-card\">\n\t<a href=\"https:\/\/medicina.udd.cl\/tecnologia-medica-santiago\/persona\/anita-fernandez-avalos\/\"\n\t\tclass=\"person-card__inner js-person-modal\"\n\t\tdata-post-id=\"7666\"\n\t\tdata-postid=\"7666\"\n\t>\n\t\t\t<div class=\"person-card__content\">\n\t\t\t<h3 class=\"person-card__name\">Anita  Fern\u00e1ndez \u00c1valos<\/h3>\n\t\t\t\t\t<span class=\"person-card__description\">Asistente de Laboratorio Cl\u00ednico<\/span>\n\t\t\t\t\t<span class=\"person-card__cta\">Ver perfil<\/span>\n\t\t<\/div>\n\t<\/a>\n<\/div>\n\t\t\t\t\t<div class=\"person-card\">\n\t<a href=\"https:\/\/medicina.udd.cl\/tecnologia-medica-santiago\/persona\/sindy-soto-urrutia\/\"\n\t\tclass=\"person-card__inner js-person-modal\"\n\t\tdata-post-id=\"8877\"\n\t\tdata-postid=\"8877\"\n\t>\n\t\t\t<div class=\"person-card__content\">\n\t\t\t<h3 class=\"person-card__name\">Sindy  Soto Urrutia<\/h3>\n\t\t\t\t\t<span class=\"person-card__description\">Asistente de Laboratorio Cl\u00ednico<\/span>\n\t\t\t\t\t<span class=\"person-card__cta\">Ver perfil<\/span>\n\t\t<\/div>\n\t<\/a>\n<\/div>\n\t\t\t\t<\/div>\n\t<\/div>\n<\/section>\n\n\n<!-- WP Block: UDD - People -->\n<section class=\"wp-block-udd-people\">\n\t<div class=\"container\">\n\t\t<header class=\"block__header\">\n\t\t\t<h2 class=\"block__title\">Cuerpo Docente<\/h2>\n\t\t\t\t\t<\/header>\n\t\t<div class=\"people-cards\">\n\t\t\t\t\t<div class=\"person-card\">\n\t<a href=\"https:\/\/medicina.udd.cl\/tecnologia-medica-santiago\/persona\/ricardo-castillo\/\"\n\t\tclass=\"person-card__inner js-person-modal\"\n\t\tdata-post-id=\"5669\"\n\t\tdata-postid=\"5669\"\n\t>\n\t\t\t<div class=\"person-card__media\">\n\t\t\t<img loading=\"lazy\" decoding=\"async\" width=\"220\" height=\"260\" src=\"https:\/\/medicina.udd.cl\/tecnologia-medica-santiago\/files\/2019\/07\/Ricardo-220x260.jpg\" class=\"person-card__image wp-post-image\" alt=\"\" \/>\t\t<\/div>\n\t\t\t<div class=\"person-card__content\">\n\t\t\t<h3 class=\"person-card__name\">Ricardo Castillo Vouriot<\/h3>\n\t\t\t\t\t<span class=\"person-card__description\">Docente Coordinador Metodolog\u00eda de la Investigaci\u00f3n, Seminario de Investigaci\u00f3n y Seminario de Investigaci\u00f3n Aplicado<\/span>\n\t\t\t\t\t<span class=\"person-card__cta\">Ver perfil<\/span>\n\t\t<\/div>\n\t<\/a>\n<\/div>\n\t\t\t\t\t<div class=\"person-card\">\n\t<a href=\"https:\/\/medicina.udd.cl\/tecnologia-medica-santiago\/persona\/rodrigo-perez-arancibia\/\"\n\t\tclass=\"person-card__inner js-person-modal\"\n\t\tdata-post-id=\"7671\"\n\t\tdata-postid=\"7671\"\n\t>\n\t\t\t<div class=\"person-card__content\">\n\t\t\t<h3 class=\"person-card__name\">Rodrigo  P\u00e9rez Arancibia<\/h3>\n\t\t\t\t\t<span class=\"person-card__description\">Docente Coordinador Mecanismos de Enfermedad y Farmacolog\u00eda<\/span>\n\t\t\t\t\t<span class=\"person-card__cta\">Ver perfil<\/span>\n\t\t<\/div>\n\t<\/a>\n<\/div>\n\t\t\t\t\t<div class=\"person-card\">\n\t<a href=\"https:\/\/medicina.udd.cl\/tecnologia-medica-santiago\/persona\/pablo-perez-moreno\/\"\n\t\tclass=\"person-card__inner js-person-modal\"\n\t\tdata-post-id=\"6072\"\n\t\tdata-postid=\"6072\"\n\t>\n\t\t\t<div class=\"person-card__media\">\n\t\t\t<img loading=\"lazy\" decoding=\"async\" width=\"500\" height=\"500\" src=\"https:\/\/medicina.udd.cl\/tecnologia-medica-santiago\/files\/2022\/07\/pablo-perez-moreno-byn_-500x500.jpg\" class=\"person-card__image wp-post-image\" alt=\"\" srcset=\"https:\/\/medicina.udd.cl\/tecnologia-medica-santiago\/files\/2022\/07\/pablo-perez-moreno-byn_-500x500.jpg 500w, https:\/\/medicina.udd.cl\/tecnologia-medica-santiago\/files\/2022\/07\/pablo-perez-moreno-byn_-300x300.jpg 300w, https:\/\/medicina.udd.cl\/tecnologia-medica-santiago\/files\/2022\/07\/pablo-perez-moreno-byn_-1024x1024.jpg 1024w, https:\/\/medicina.udd.cl\/tecnologia-medica-santiago\/files\/2022\/07\/pablo-perez-moreno-byn_-150x150.jpg 150w, https:\/\/medicina.udd.cl\/tecnologia-medica-santiago\/files\/2022\/07\/pablo-perez-moreno-byn_-768x768.jpg 768w, https:\/\/medicina.udd.cl\/tecnologia-medica-santiago\/files\/2022\/07\/pablo-perez-moreno-byn_-62x62.jpg 62w, https:\/\/medicina.udd.cl\/tecnologia-medica-santiago\/files\/2022\/07\/pablo-perez-moreno-byn_-1536x1536.jpg 1536w, https:\/\/medicina.udd.cl\/tecnologia-medica-santiago\/files\/2022\/07\/pablo-perez-moreno-byn_-2048x2048.jpg 2048w, https:\/\/medicina.udd.cl\/tecnologia-medica-santiago\/files\/2022\/07\/pablo-perez-moreno-byn_-750x750.jpg 750w, https:\/\/medicina.udd.cl\/tecnologia-medica-santiago\/files\/2022\/07\/pablo-perez-moreno-byn_-250x250.jpg 250w, https:\/\/medicina.udd.cl\/tecnologia-medica-santiago\/files\/2022\/07\/pablo-perez-moreno-byn_-126x126.jpg 126w\" sizes=\"auto, (max-width: 500px) 100vw, 500px\" \/>\t\t<\/div>\n\t\t\t<div class=\"person-card__content\">\n\t\t\t<h3 class=\"person-card__name\">Pablo P\u00e9rez Moreno<\/h3>\n\t\t\t\t\t<span class=\"person-card__description\">Docente Coordinador Bioqu\u00edmica Aplicada y Bioan\u00e1lisis Cl\u00ednico<\/span>\n\t\t\t\t\t<span class=\"person-card__cta\">Ver perfil<\/span>\n\t\t<\/div>\n\t<\/a>\n<\/div>\n\t\t\t\t\t<div class=\"person-card\">\n\t<a href=\"https:\/\/medicina.udd.cl\/tecnologia-medica-santiago\/persona\/amara-valencia-cornejo\/\"\n\t\tclass=\"person-card__inner js-person-modal\"\n\t\tdata-post-id=\"7673\"\n\t\tdata-postid=\"7673\"\n\t>\n\t\t\t<div class=\"person-card__media\">\n\t\t\t<img loading=\"lazy\" decoding=\"async\" width=\"500\" height=\"500\" src=\"https:\/\/medicina.udd.cl\/tecnologia-medica-santiago\/files\/2022\/07\/amara-valencia-byn_-500x500.jpeg\" class=\"person-card__image wp-post-image\" alt=\"\" srcset=\"https:\/\/medicina.udd.cl\/tecnologia-medica-santiago\/files\/2022\/07\/amara-valencia-byn_-500x500.jpeg 500w, https:\/\/medicina.udd.cl\/tecnologia-medica-santiago\/files\/2022\/07\/amara-valencia-byn_-300x300.jpeg 300w, https:\/\/medicina.udd.cl\/tecnologia-medica-santiago\/files\/2022\/07\/amara-valencia-byn_-1024x1024.jpeg 1024w, https:\/\/medicina.udd.cl\/tecnologia-medica-santiago\/files\/2022\/07\/amara-valencia-byn_-150x150.jpeg 150w, https:\/\/medicina.udd.cl\/tecnologia-medica-santiago\/files\/2022\/07\/amara-valencia-byn_-768x767.jpeg 768w, https:\/\/medicina.udd.cl\/tecnologia-medica-santiago\/files\/2022\/07\/amara-valencia-byn_-62x62.jpeg 62w, https:\/\/medicina.udd.cl\/tecnologia-medica-santiago\/files\/2022\/07\/amara-valencia-byn_-750x750.jpeg 750w, https:\/\/medicina.udd.cl\/tecnologia-medica-santiago\/files\/2022\/07\/amara-valencia-byn_-250x250.jpeg 250w, https:\/\/medicina.udd.cl\/tecnologia-medica-santiago\/files\/2022\/07\/amara-valencia-byn_-126x126.jpeg 126w, https:\/\/medicina.udd.cl\/tecnologia-medica-santiago\/files\/2022\/07\/amara-valencia-byn_.jpeg 1295w\" sizes=\"auto, (max-width: 500px) 100vw, 500px\" \/>\t\t<\/div>\n\t\t\t<div class=\"person-card__content\">\n\t\t\t<h3 class=\"person-card__name\">Amara  Valencia Cornejo<\/h3>\n\t\t\t\t\t<span class=\"person-card__description\">Docente Coordinador Laboratorio Broncopulmonar y Dermatolog\u00eda<\/span>\n\t\t\t\t\t<span class=\"person-card__cta\">Ver perfil<\/span>\n\t\t<\/div>\n\t<\/a>\n<\/div>\n\t\t\t\t\t<div class=\"person-card\">\n\t<a href=\"https:\/\/medicina.udd.cl\/tecnologia-medica-santiago\/persona\/esteban-mejias-escobar\/\"\n\t\tclass=\"person-card__inner js-person-modal\"\n\t\tdata-post-id=\"7674\"\n\t\tdata-postid=\"7674\"\n\t>\n\t\t\t<div class=\"person-card__media\">\n\t\t\t<img loading=\"lazy\" decoding=\"async\" width=\"500\" height=\"500\" src=\"https:\/\/medicina.udd.cl\/tecnologia-medica-santiago\/files\/2022\/07\/esteban-mejias-byn_-500x500.jpg\" class=\"person-card__image wp-post-image\" alt=\"\" srcset=\"https:\/\/medicina.udd.cl\/tecnologia-medica-santiago\/files\/2022\/07\/esteban-mejias-byn_-500x500.jpg 500w, https:\/\/medicina.udd.cl\/tecnologia-medica-santiago\/files\/2022\/07\/esteban-mejias-byn_-300x300.jpg 300w, https:\/\/medicina.udd.cl\/tecnologia-medica-santiago\/files\/2022\/07\/esteban-mejias-byn_-150x150.jpg 150w, https:\/\/medicina.udd.cl\/tecnologia-medica-santiago\/files\/2022\/07\/esteban-mejias-byn_-62x62.jpg 62w, https:\/\/medicina.udd.cl\/tecnologia-medica-santiago\/files\/2022\/07\/esteban-mejias-byn_-250x250.jpg 250w, https:\/\/medicina.udd.cl\/tecnologia-medica-santiago\/files\/2022\/07\/esteban-mejias-byn_-126x126.jpg 126w, https:\/\/medicina.udd.cl\/tecnologia-medica-santiago\/files\/2022\/07\/esteban-mejias-byn_.jpg 713w\" sizes=\"auto, (max-width: 500px) 100vw, 500px\" \/>\t\t<\/div>\n\t\t\t<div class=\"person-card__content\">\n\t\t\t<h3 class=\"person-card__name\">Esteban  Mej\u00edas Escobar<\/h3>\n\t\t\t\t\t<span class=\"person-card__description\">Docente Coordinador Gesti\u00f3n de Calidad en Laboratorio Cl\u00ednico y Banco de Sangre<\/span>\n\t\t\t\t\t<span class=\"person-card__cta\">Ver perfil<\/span>\n\t\t<\/div>\n\t<\/a>\n<\/div>\n\t\t\t\t\t<div class=\"person-card\">\n\t<a href=\"https:\/\/medicina.udd.cl\/tecnologia-medica-santiago\/persona\/karime-luisa-salas-raad\/\"\n\t\tclass=\"person-card__inner js-person-modal\"\n\t\tdata-post-id=\"2267\"\n\t\tdata-postid=\"2267\"\n\t>\n\t\t\t<div class=\"person-card__media\">\n\t\t\t<img loading=\"lazy\" decoding=\"async\" width=\"323\" height=\"323\" src=\"https:\/\/medicina.udd.cl\/tecnologia-medica-santiago\/files\/2013\/07\/karime-salas-1.jpg\" class=\"person-card__image wp-post-image\" alt=\"\" srcset=\"https:\/\/medicina.udd.cl\/tecnologia-medica-santiago\/files\/2013\/07\/karime-salas-1.jpg 323w, https:\/\/medicina.udd.cl\/tecnologia-medica-santiago\/files\/2013\/07\/karime-salas-1-300x300.jpg 300w, https:\/\/medicina.udd.cl\/tecnologia-medica-santiago\/files\/2013\/07\/karime-salas-1-150x150.jpg 150w, https:\/\/medicina.udd.cl\/tecnologia-medica-santiago\/files\/2013\/07\/karime-salas-1-62x62.jpg 62w, https:\/\/medicina.udd.cl\/tecnologia-medica-santiago\/files\/2013\/07\/karime-salas-1-250x250.jpg 250w, https:\/\/medicina.udd.cl\/tecnologia-medica-santiago\/files\/2013\/07\/karime-salas-1-126x126.jpg 126w\" sizes=\"auto, (max-width: 323px) 100vw, 323px\" \/>\t\t<\/div>\n\t\t\t<div class=\"person-card__content\">\n\t\t\t<h3 class=\"person-card__name\">Karime Salas Raad<\/h3>\n\t\t\t\t\t<span class=\"person-card__description\">Docente Coordinador Diagn\u00f3stico Histol\u00f3gico<\/span>\n\t\t\t\t\t<span class=\"person-card__cta\">Ver perfil<\/span>\n\t\t<\/div>\n\t<\/a>\n<\/div>\n\t\t\t\t\t<div class=\"person-card\">\n\t<a href=\"https:\/\/medicina.udd.cl\/tecnologia-medica-santiago\/persona\/oscar-olmos-mancilla\/\"\n\t\tclass=\"person-card__inner js-person-modal\"\n\t\tdata-post-id=\"8862\"\n\t\tdata-postid=\"8862\"\n\t>\n\t\t\t<div class=\"person-card__media\">\n\t\t\t<img loading=\"lazy\" decoding=\"async\" width=\"500\" height=\"500\" src=\"https:\/\/medicina.udd.cl\/tecnologia-medica-santiago\/files\/2024\/04\/olmos_mancilla_oscar_661-1276-500x500.jpg\" class=\"person-card__image wp-post-image\" alt=\"\" srcset=\"https:\/\/medicina.udd.cl\/tecnologia-medica-santiago\/files\/2024\/04\/olmos_mancilla_oscar_661-1276-500x500.jpg 500w, https:\/\/medicina.udd.cl\/tecnologia-medica-santiago\/files\/2024\/04\/olmos_mancilla_oscar_661-1276-300x300.jpg 300w, https:\/\/medicina.udd.cl\/tecnologia-medica-santiago\/files\/2024\/04\/olmos_mancilla_oscar_661-1276-1024x1024.jpg 1024w, https:\/\/medicina.udd.cl\/tecnologia-medica-santiago\/files\/2024\/04\/olmos_mancilla_oscar_661-1276-150x150.jpg 150w, https:\/\/medicina.udd.cl\/tecnologia-medica-santiago\/files\/2024\/04\/olmos_mancilla_oscar_661-1276-768x768.jpg 768w, https:\/\/medicina.udd.cl\/tecnologia-medica-santiago\/files\/2024\/04\/olmos_mancilla_oscar_661-1276-62x62.jpg 62w, https:\/\/medicina.udd.cl\/tecnologia-medica-santiago\/files\/2024\/04\/olmos_mancilla_oscar_661-1276-750x750.jpg 750w, https:\/\/medicina.udd.cl\/tecnologia-medica-santiago\/files\/2024\/04\/olmos_mancilla_oscar_661-1276-250x250.jpg 250w, https:\/\/medicina.udd.cl\/tecnologia-medica-santiago\/files\/2024\/04\/olmos_mancilla_oscar_661-1276-126x126.jpg 126w, https:\/\/medicina.udd.cl\/tecnologia-medica-santiago\/files\/2024\/04\/olmos_mancilla_oscar_661-1276.jpg 1365w\" sizes=\"auto, (max-width: 500px) 100vw, 500px\" \/>\t\t<\/div>\n\t\t\t<div class=\"person-card__content\">\n\t\t\t<h3 class=\"person-card__name\">\u00d3scar  Olmos Mancilla<\/h3>\n\t\t\t\t\t<span class=\"person-card__description\">Docente coordinador de Imagenolog\u00eda en Tomograf\u00eda Computada<\/span>\n\t\t\t\t\t<span class=\"person-card__cta\">Ver perfil<\/span>\n\t\t<\/div>\n\t<\/a>\n<\/div>\n\t\t\t\t\t<div class=\"person-card\">\n\t<a href=\"https:\/\/medicina.udd.cl\/tecnologia-medica-santiago\/persona\/valeria-arevalo-villa\/\"\n\t\tclass=\"person-card__inner js-person-modal\"\n\t\tdata-post-id=\"5305\"\n\t\tdata-postid=\"5305\"\n\t>\n\t\t\t<div class=\"person-card__media\">\n\t\t\t<img loading=\"lazy\" decoding=\"async\" width=\"305\" height=\"419\" src=\"https:\/\/medicina.udd.cl\/tecnologia-medica-santiago\/files\/2017\/12\/valeria-arevalo.jpg\" class=\"person-card__image wp-post-image\" alt=\"\" srcset=\"https:\/\/medicina.udd.cl\/tecnologia-medica-santiago\/files\/2017\/12\/valeria-arevalo.jpg 305w, https:\/\/medicina.udd.cl\/tecnologia-medica-santiago\/files\/2017\/12\/valeria-arevalo-218x300.jpg 218w\" sizes=\"auto, (max-width: 305px) 100vw, 305px\" \/>\t\t<\/div>\n\t\t\t<div class=\"person-card__content\">\n\t\t\t<h3 class=\"person-card__name\">Valeria  Ar\u00e9valo Villa<\/h3>\n\t\t\t\t\t<span class=\"person-card__description\">Docente Coordinador Citodiagn\u00f3stico Ginecol\u00f3gico<\/span>\n\t\t\t\t\t<span class=\"person-card__cta\">Ver perfil<\/span>\n\t\t<\/div>\n\t<\/a>\n<\/div>\n\t\t\t\t\t<div class=\"person-card\">\n\t<a href=\"https:\/\/medicina.udd.cl\/tecnologia-medica-santiago\/persona\/ricardo-maragano-medalla\/\"\n\t\tclass=\"person-card__inner js-person-modal\"\n\t\tdata-post-id=\"3016\"\n\t\tdata-postid=\"3016\"\n\t>\n\t\t\t<div class=\"person-card__media\">\n\t\t\t<img loading=\"lazy\" decoding=\"async\" width=\"276\" height=\"369\" src=\"https:\/\/medicina.udd.cl\/tecnologia-medica-santiago\/files\/2014\/07\/Ricardo-Maraga\u00f1o-Medalla.byn_.jpg\" class=\"person-card__image wp-post-image\" alt=\"\" srcset=\"https:\/\/medicina.udd.cl\/tecnologia-medica-santiago\/files\/2014\/07\/Ricardo-Maraga\u00f1o-Medalla.byn_.jpg 276w, https:\/\/medicina.udd.cl\/tecnologia-medica-santiago\/files\/2014\/07\/Ricardo-Maraga\u00f1o-Medalla.byn_-224x300.jpg 224w\" sizes=\"auto, (max-width: 276px) 100vw, 276px\" \/>\t\t<\/div>\n\t\t\t<div class=\"person-card__content\">\n\t\t\t<h3 class=\"person-card__name\">Ricardo Maraga\u00f1o Medalla<\/h3>\n\t\t\t\t\t<span class=\"person-card__description\">Docente Coordinador Neuroanatom\u00eda<\/span>\n\t\t\t\t\t<span class=\"person-card__cta\">Ver perfil<\/span>\n\t\t<\/div>\n\t<\/a>\n<\/div>\n\t\t\t\t\t<div class=\"person-card\">\n\t<a href=\"https:\/\/medicina.udd.cl\/tecnologia-medica-santiago\/persona\/michael-munoz-padilla\/\"\n\t\tclass=\"person-card__inner js-person-modal\"\n\t\tdata-post-id=\"6073\"\n\t\tdata-postid=\"6073\"\n\t>\n\t\t\t<div class=\"person-card__media\">\n\t\t\t<img loading=\"lazy\" decoding=\"async\" width=\"500\" height=\"500\" src=\"https:\/\/medicina.udd.cl\/tecnologia-medica-santiago\/files\/2019\/12\/Michael-Mu\u00f1oz-Padilla-TM-500x500.jpg\" class=\"person-card__image wp-post-image\" alt=\"\" srcset=\"https:\/\/medicina.udd.cl\/tecnologia-medica-santiago\/files\/2019\/12\/Michael-Mu\u00f1oz-Padilla-TM-500x500.jpg 500w, https:\/\/medicina.udd.cl\/tecnologia-medica-santiago\/files\/2019\/12\/Michael-Mu\u00f1oz-Padilla-TM-150x150.jpg 150w, https:\/\/medicina.udd.cl\/tecnologia-medica-santiago\/files\/2019\/12\/Michael-Mu\u00f1oz-Padilla-TM-62x62.jpg 62w, https:\/\/medicina.udd.cl\/tecnologia-medica-santiago\/files\/2019\/12\/Michael-Mu\u00f1oz-Padilla-TM-750x750.jpg 750w, https:\/\/medicina.udd.cl\/tecnologia-medica-santiago\/files\/2019\/12\/Michael-Mu\u00f1oz-Padilla-TM-250x250.jpg 250w, https:\/\/medicina.udd.cl\/tecnologia-medica-santiago\/files\/2019\/12\/Michael-Mu\u00f1oz-Padilla-TM-126x126.jpg 126w\" sizes=\"auto, (max-width: 500px) 100vw, 500px\" \/>\t\t<\/div>\n\t\t\t<div class=\"person-card__content\">\n\t\t\t<h3 class=\"person-card__name\">Michael Mu\u00f1oz Padilla<\/h3>\n\t\t\t\t\t<span class=\"person-card__description\">Docente Coordinador Atenci\u00f3n Primaria Oftalmol\u00f3gica, Trauma Ocular y Baja Visi\u00f3n y Optometr\u00eda Cl\u00ednica II<\/span>\n\t\t\t\t\t<span class=\"person-card__cta\">Ver perfil<\/span>\n\t\t<\/div>\n\t<\/a>\n<\/div>\n\t\t\t\t\t<div class=\"person-card\">\n\t<a href=\"https:\/\/medicina.udd.cl\/tecnologia-medica-santiago\/persona\/javiera-correa-fontt\/\"\n\t\tclass=\"person-card__inner js-person-modal\"\n\t\tdata-post-id=\"5315\"\n\t\tdata-postid=\"5315\"\n\t>\n\t\t\t<div class=\"person-card__media\">\n\t\t\t<img loading=\"lazy\" decoding=\"async\" width=\"310\" height=\"310\" src=\"https:\/\/medicina.udd.cl\/tecnologia-medica-santiago\/files\/2018\/01\/javiera-correa.jpg\" class=\"person-card__image wp-post-image\" alt=\"\" srcset=\"https:\/\/medicina.udd.cl\/tecnologia-medica-santiago\/files\/2018\/01\/javiera-correa.jpg 310w, https:\/\/medicina.udd.cl\/tecnologia-medica-santiago\/files\/2018\/01\/javiera-correa-300x300.jpg 300w, https:\/\/medicina.udd.cl\/tecnologia-medica-santiago\/files\/2018\/01\/javiera-correa-150x150.jpg 150w, https:\/\/medicina.udd.cl\/tecnologia-medica-santiago\/files\/2018\/01\/javiera-correa-62x62.jpg 62w, https:\/\/medicina.udd.cl\/tecnologia-medica-santiago\/files\/2018\/01\/javiera-correa-250x250.jpg 250w, https:\/\/medicina.udd.cl\/tecnologia-medica-santiago\/files\/2018\/01\/javiera-correa-126x126.jpg 126w\" sizes=\"auto, (max-width: 310px) 100vw, 310px\" \/>\t\t<\/div>\n\t\t\t<div class=\"person-card__content\">\n\t\t\t<h3 class=\"person-card__name\">Javiera Correa Fontt<\/h3>\n\t\t\t\t\t<span class=\"person-card__description\">Docente Coordinador Imagenolog\u00eda Ocular<\/span>\n\t\t\t\t\t<span class=\"person-card__cta\">Ver perfil<\/span>\n\t\t<\/div>\n\t<\/a>\n<\/div>\n\t\t\t\t\t<div class=\"person-card\">\n\t<a href=\"https:\/\/medicina.udd.cl\/tecnologia-medica-santiago\/persona\/edison-villagran-jorquera\/\"\n\t\tclass=\"person-card__inner js-person-modal\"\n\t\tdata-post-id=\"7677\"\n\t\tdata-postid=\"7677\"\n\t>\n\t\t\t<div class=\"person-card__media\">\n\t\t\t<img loading=\"lazy\" decoding=\"async\" width=\"500\" height=\"500\" src=\"https:\/\/medicina.udd.cl\/tecnologia-medica-santiago\/files\/2022\/07\/edison-villagran-byn_-500x500.jpeg\" class=\"person-card__image wp-post-image\" alt=\"\" srcset=\"https:\/\/medicina.udd.cl\/tecnologia-medica-santiago\/files\/2022\/07\/edison-villagran-byn_-500x500.jpeg 500w, https:\/\/medicina.udd.cl\/tecnologia-medica-santiago\/files\/2022\/07\/edison-villagran-byn_-300x300.jpeg 300w, https:\/\/medicina.udd.cl\/tecnologia-medica-santiago\/files\/2022\/07\/edison-villagran-byn_-1024x1024.jpeg 1024w, https:\/\/medicina.udd.cl\/tecnologia-medica-santiago\/files\/2022\/07\/edison-villagran-byn_-150x150.jpeg 150w, https:\/\/medicina.udd.cl\/tecnologia-medica-santiago\/files\/2022\/07\/edison-villagran-byn_-768x769.jpeg 768w, https:\/\/medicina.udd.cl\/tecnologia-medica-santiago\/files\/2022\/07\/edison-villagran-byn_-62x62.jpeg 62w, https:\/\/medicina.udd.cl\/tecnologia-medica-santiago\/files\/2022\/07\/edison-villagran-byn_-750x750.jpeg 750w, https:\/\/medicina.udd.cl\/tecnologia-medica-santiago\/files\/2022\/07\/edison-villagran-byn_-250x250.jpeg 250w, https:\/\/medicina.udd.cl\/tecnologia-medica-santiago\/files\/2022\/07\/edison-villagran-byn_-126x126.jpeg 126w, https:\/\/medicina.udd.cl\/tecnologia-medica-santiago\/files\/2022\/07\/edison-villagran-byn_.jpeg 1040w\" sizes=\"auto, (max-width: 500px) 100vw, 500px\" \/>\t\t<\/div>\n\t\t\t<div class=\"person-card__content\">\n\t\t\t<h3 class=\"person-card__name\">Edison  Villagr\u00e1n Jorquera<\/h3>\n\t\t\t\t\t<span class=\"person-card__description\">Docente Coordinador Ex\u00e1menes Funcionales del Segmento Anterior<\/span>\n\t\t\t\t\t<span class=\"person-card__cta\">Ver perfil<\/span>\n\t\t<\/div>\n\t<\/a>\n<\/div>\n\t\t\t\t\t<div class=\"person-card\">\n\t<a href=\"https:\/\/medicina.udd.cl\/tecnologia-medica-santiago\/persona\/ivan-soza-gilberto\/\"\n\t\tclass=\"person-card__inner js-person-modal\"\n\t\tdata-post-id=\"6090\"\n\t\tdata-postid=\"6090\"\n\t>\n\t\t\t<div class=\"person-card__content\">\n\t\t\t<h3 class=\"person-card__name\">Iv\u00e1n Soza Gilberto<\/h3>\n\t\t\t\t\t<span class=\"person-card__description\">Coordinador Imagenolog\u00eda en Resonancia Magn\u00e9tica<\/span>\n\t\t\t\t\t<span class=\"person-card__cta\">Ver perfil<\/span>\n\t\t<\/div>\n\t<\/a>\n<\/div>\n\t\t\t\t\t<div class=\"person-card\">\n\t<a href=\"https:\/\/medicina.udd.cl\/tecnologia-medica-santiago\/persona\/claudia-cuevas-espinoza\/\"\n\t\tclass=\"person-card__inner js-person-modal\"\n\t\tdata-post-id=\"3120\"\n\t\tdata-postid=\"3120\"\n\t>\n\t\t\t<div class=\"person-card__media\">\n\t\t\t<img loading=\"lazy\" decoding=\"async\" width=\"375\" height=\"500\" src=\"https:\/\/medicina.udd.cl\/tecnologia-medica-santiago\/files\/2014\/10\/claudia.jpg\" class=\"person-card__image wp-post-image\" alt=\"\" srcset=\"https:\/\/medicina.udd.cl\/tecnologia-medica-santiago\/files\/2014\/10\/claudia.jpg 480w, https:\/\/medicina.udd.cl\/tecnologia-medica-santiago\/files\/2014\/10\/claudia-225x300.jpg 225w\" sizes=\"auto, (max-width: 375px) 100vw, 375px\" \/>\t\t<\/div>\n\t\t\t<div class=\"person-card__content\">\n\t\t\t<h3 class=\"person-card__name\">Claudia Cuevas Espinoza<\/h3>\n\t\t\t\t\t<span class=\"person-card__description\">Docente Coordinador Anatom\u00eda y Patolog\u00eda Imagenol\u00f3gica y Gesti\u00f3n de la Calidad en Imagenolog\u00eda y F\u00edsica M\u00e9dica<\/span>\n\t\t\t\t\t<span class=\"person-card__cta\">Ver perfil<\/span>\n\t\t<\/div>\n\t<\/a>\n<\/div>\n\t\t\t\t\t<div class=\"person-card\">\n\t<a href=\"https:\/\/medicina.udd.cl\/tecnologia-medica-santiago\/persona\/victor-pastran-navarro\/\"\n\t\tclass=\"person-card__inner js-person-modal\"\n\t\tdata-post-id=\"2283\"\n\t\tdata-postid=\"2283\"\n\t>\n\t\t\t<div class=\"person-card__media\">\n\t\t\t<img loading=\"lazy\" decoding=\"async\" width=\"328\" height=\"328\" src=\"https:\/\/medicina.udd.cl\/tecnologia-medica-santiago\/files\/2013\/07\/victor-pastran.jpg\" class=\"person-card__image wp-post-image\" alt=\"\" srcset=\"https:\/\/medicina.udd.cl\/tecnologia-medica-santiago\/files\/2013\/07\/victor-pastran.jpg 328w, https:\/\/medicina.udd.cl\/tecnologia-medica-santiago\/files\/2013\/07\/victor-pastran-300x300.jpg 300w, https:\/\/medicina.udd.cl\/tecnologia-medica-santiago\/files\/2013\/07\/victor-pastran-150x150.jpg 150w, https:\/\/medicina.udd.cl\/tecnologia-medica-santiago\/files\/2013\/07\/victor-pastran-62x62.jpg 62w, https:\/\/medicina.udd.cl\/tecnologia-medica-santiago\/files\/2013\/07\/victor-pastran-250x250.jpg 250w, https:\/\/medicina.udd.cl\/tecnologia-medica-santiago\/files\/2013\/07\/victor-pastran-126x126.jpg 126w\" sizes=\"auto, (max-width: 328px) 100vw, 328px\" \/>\t\t<\/div>\n\t\t\t<div class=\"person-card__content\">\n\t\t\t<h3 class=\"person-card__name\">V\u00edctor Pastr\u00e1n Navarro<\/h3>\n\t\t\t\t\t<span class=\"person-card__description\">Docente Coordinador Protecci\u00f3n Radiol\u00f3gica y Dosimetr\u00eda<\/span>\n\t\t\t\t\t<span class=\"person-card__cta\">Ver perfil<\/span>\n\t\t<\/div>\n\t<\/a>\n<\/div>\n\t\t\t\t\t<div class=\"person-card\">\n\t<a href=\"https:\/\/medicina.udd.cl\/tecnologia-medica-santiago\/persona\/jarol-aguilar-gonzalez\/\"\n\t\tclass=\"person-card__inner js-person-modal\"\n\t\tdata-post-id=\"7678\"\n\t\tdata-postid=\"7678\"\n\t>\n\t\t\t<div class=\"person-card__content\">\n\t\t\t<h3 class=\"person-card__name\">Jarol  Aguilar Gonz\u00e1lez<\/h3>\n\t\t\t\t\t<span class=\"person-card__description\">Docente Coordinador Imagenolog\u00eda en Ecograf\u00eda<\/span>\n\t\t\t\t\t<span class=\"person-card__cta\">Ver perfil<\/span>\n\t\t<\/div>\n\t<\/a>\n<\/div>\n\t\t\t\t\t<div class=\"person-card\">\n\t<a href=\"https:\/\/medicina.udd.cl\/tecnologia-medica-santiago\/persona\/miguel-copaja-soto\/\"\n\t\tclass=\"person-card__inner js-person-modal\"\n\t\tdata-post-id=\"7790\"\n\t\tdata-postid=\"7790\"\n\t>\n\t\t\t<div class=\"person-card__media\">\n\t\t\t<img loading=\"lazy\" decoding=\"async\" width=\"500\" height=\"500\" src=\"https:\/\/medicina.udd.cl\/tecnologia-medica-santiago\/files\/2022\/09\/miguel-copaja-byn_-500x500.jpg\" class=\"person-card__image wp-post-image\" alt=\"\" srcset=\"https:\/\/medicina.udd.cl\/tecnologia-medica-santiago\/files\/2022\/09\/miguel-copaja-byn_-500x500.jpg 500w, https:\/\/medicina.udd.cl\/tecnologia-medica-santiago\/files\/2022\/09\/miguel-copaja-byn_-300x300.jpg 300w, https:\/\/medicina.udd.cl\/tecnologia-medica-santiago\/files\/2022\/09\/miguel-copaja-byn_-150x150.jpg 150w, https:\/\/medicina.udd.cl\/tecnologia-medica-santiago\/files\/2022\/09\/miguel-copaja-byn_-62x62.jpg 62w, https:\/\/medicina.udd.cl\/tecnologia-medica-santiago\/files\/2022\/09\/miguel-copaja-byn_-250x250.jpg 250w, https:\/\/medicina.udd.cl\/tecnologia-medica-santiago\/files\/2022\/09\/miguel-copaja-byn_-126x126.jpg 126w, https:\/\/medicina.udd.cl\/tecnologia-medica-santiago\/files\/2022\/09\/miguel-copaja-byn_.jpg 576w\" sizes=\"auto, (max-width: 500px) 100vw, 500px\" \/>\t\t<\/div>\n\t\t\t<div class=\"person-card__content\">\n\t\t\t<h3 class=\"person-card__name\">Miguel  Copaja Soto<\/h3>\n\t\t\t\t\t<span class=\"person-card__description\">Docente Coordinador Bioqu\u00edmica General<\/span>\n\t\t\t\t\t<span class=\"person-card__cta\">Ver perfil<\/span>\n\t\t<\/div>\n\t<\/a>\n<\/div>\n\t\t\t\t\t<div class=\"person-card\">\n\t<a href=\"https:\/\/medicina.udd.cl\/tecnologia-medica-santiago\/persona\/jacob-araya-castillo\/\"\n\t\tclass=\"person-card__inner js-person-modal\"\n\t\tdata-post-id=\"6071\"\n\t\tdata-postid=\"6071\"\n\t>\n\t\t\t<div class=\"person-card__media\">\n\t\t\t<img loading=\"lazy\" decoding=\"async\" width=\"500\" height=\"500\" src=\"https:\/\/medicina.udd.cl\/tecnologia-medica-santiago\/files\/2022\/09\/jacob-araya-castillo-byn_-500x500.jpeg\" class=\"person-card__image wp-post-image\" alt=\"\" srcset=\"https:\/\/medicina.udd.cl\/tecnologia-medica-santiago\/files\/2022\/09\/jacob-araya-castillo-byn_-500x500.jpeg 500w, https:\/\/medicina.udd.cl\/tecnologia-medica-santiago\/files\/2022\/09\/jacob-araya-castillo-byn_-300x300.jpeg 300w, https:\/\/medicina.udd.cl\/tecnologia-medica-santiago\/files\/2022\/09\/jacob-araya-castillo-byn_-150x150.jpeg 150w, https:\/\/medicina.udd.cl\/tecnologia-medica-santiago\/files\/2022\/09\/jacob-araya-castillo-byn_-768x767.jpeg 768w, https:\/\/medicina.udd.cl\/tecnologia-medica-santiago\/files\/2022\/09\/jacob-araya-castillo-byn_-62x62.jpeg 62w, https:\/\/medicina.udd.cl\/tecnologia-medica-santiago\/files\/2022\/09\/jacob-araya-castillo-byn_-750x750.jpeg 750w, https:\/\/medicina.udd.cl\/tecnologia-medica-santiago\/files\/2022\/09\/jacob-araya-castillo-byn_-250x250.jpeg 250w, https:\/\/medicina.udd.cl\/tecnologia-medica-santiago\/files\/2022\/09\/jacob-araya-castillo-byn_-126x126.jpeg 126w, https:\/\/medicina.udd.cl\/tecnologia-medica-santiago\/files\/2022\/09\/jacob-araya-castillo-byn_.jpeg 1008w\" sizes=\"auto, (max-width: 500px) 100vw, 500px\" \/>\t\t<\/div>\n\t\t\t<div class=\"person-card__content\">\n\t\t\t<h3 class=\"person-card__name\">Jacob Araya Castillo<\/h3>\n\t\t\t\t\t<span class=\"person-card__description\">Docente Coordinador de Gesti\u00f3n y Administraci\u00f3n en Salud<\/span>\n\t\t\t\t\t<span class=\"person-card__cta\">Ver perfil<\/span>\n\t\t<\/div>\n\t<\/a>\n<\/div>\n\t\t\t\t\t<div class=\"person-card\">\n\t<a href=\"https:\/\/medicina.udd.cl\/tecnologia-medica-santiago\/persona\/veronica-rosales-neira\/\"\n\t\tclass=\"person-card__inner js-person-modal\"\n\t\tdata-post-id=\"7791\"\n\t\tdata-postid=\"7791\"\n\t>\n\t\t\t<div class=\"person-card__content\">\n\t\t\t<h3 class=\"person-card__name\">Ver\u00f3nica  Rosales Neira<\/h3>\n\t\t\t\t\t<span class=\"person-card__description\">Docente Coordinador Gesti\u00f3n y administraci\u00f3n en salud<\/span>\n\t\t\t\t\t<span class=\"person-card__cta\">Ver perfil<\/span>\n\t\t<\/div>\n\t<\/a>\n<\/div>\n\t\t\t\t\t<div class=\"person-card\">\n\t<a href=\"https:\/\/medicina.udd.cl\/tecnologia-medica-santiago\/persona\/sasha-ortiz-ramirez\/\"\n\t\tclass=\"person-card__inner js-person-modal\"\n\t\tdata-post-id=\"7792\"\n\t\tdata-postid=\"7792\"\n\t>\n\t\t\t<div class=\"person-card__content\">\n\t\t\t<h3 class=\"person-card__name\">Sasha  Ort\u00edz Ram\u00edrez<\/h3>\n\t\t\t\t\t<span class=\"person-card__description\">Docente Coordinador Im\u00e1genes Mamarias<\/span>\n\t\t\t\t\t<span class=\"person-card__cta\">Ver perfil<\/span>\n\t\t<\/div>\n\t<\/a>\n<\/div>\n\t\t\t\t\t<div class=\"person-card\">\n\t<a href=\"https:\/\/medicina.udd.cl\/tecnologia-medica-santiago\/persona\/alan-martinez-bustamante\/\"\n\t\tclass=\"person-card__inner js-person-modal\"\n\t\tdata-post-id=\"4478\"\n\t\tdata-postid=\"4478\"\n\t>\n\t\t\t<div class=\"person-card__media\">\n\t\t\t<img loading=\"lazy\" decoding=\"async\" width=\"359\" height=\"359\" src=\"https:\/\/medicina.udd.cl\/tecnologia-medica-santiago\/files\/2016\/08\/alan-martinez.jpg\" class=\"person-card__image wp-post-image\" alt=\"\" srcset=\"https:\/\/medicina.udd.cl\/tecnologia-medica-santiago\/files\/2016\/08\/alan-martinez.jpg 359w, https:\/\/medicina.udd.cl\/tecnologia-medica-santiago\/files\/2016\/08\/alan-martinez-300x300.jpg 300w, https:\/\/medicina.udd.cl\/tecnologia-medica-santiago\/files\/2016\/08\/alan-martinez-150x150.jpg 150w, https:\/\/medicina.udd.cl\/tecnologia-medica-santiago\/files\/2016\/08\/alan-martinez-62x62.jpg 62w, https:\/\/medicina.udd.cl\/tecnologia-medica-santiago\/files\/2016\/08\/alan-martinez-250x250.jpg 250w, https:\/\/medicina.udd.cl\/tecnologia-medica-santiago\/files\/2016\/08\/alan-martinez-126x126.jpg 126w\" sizes=\"auto, (max-width: 359px) 100vw, 359px\" \/>\t\t<\/div>\n\t\t\t<div class=\"person-card__content\">\n\t\t\t<h3 class=\"person-card__name\">Alan  Mart\u00ednez Bustamante<\/h3>\n\t\t\t\t\t<span class=\"person-card__description\">Docente Coordinador Radioterapia<\/span>\n\t\t\t\t\t<span class=\"person-card__cta\">Ver perfil<\/span>\n\t\t<\/div>\n\t<\/a>\n<\/div>\n\t\t\t\t\t<div class=\"person-card\">\n\t<a href=\"https:\/\/medicina.udd.cl\/tecnologia-medica-santiago\/persona\/ana-maria-pino-cerda\/\"\n\t\tclass=\"person-card__inner js-person-modal\"\n\t\tdata-post-id=\"7794\"\n\t\tdata-postid=\"7794\"\n\t>\n\t\t\t<div class=\"person-card__content\">\n\t\t\t<h3 class=\"person-card__name\">Ana Mar\u00eda  Pino Cerda<\/h3>\n\t\t\t\t\t<span class=\"person-card__description\">Docente Coordinador Parasitolog\u00eda<\/span>\n\t\t\t\t\t<span class=\"person-card__cta\">Ver perfil<\/span>\n\t\t<\/div>\n\t<\/a>\n<\/div>\n\t\t\t\t\t<div class=\"person-card\">\n\t<a href=\"https:\/\/medicina.udd.cl\/tecnologia-medica-santiago\/persona\/karina-palma-gonzalez\/\"\n\t\tclass=\"person-card__inner js-person-modal\"\n\t\tdata-post-id=\"6062\"\n\t\tdata-postid=\"6062\"\n\t>\n\t\t\t<div class=\"person-card__content\">\n\t\t\t<h3 class=\"person-card__name\">Karina Palma Gonz\u00e1lez<\/h3>\n\t\t\t\t\t<span class=\"person-card__description\">Docente Coordinador Microscop\u00eda Aplicada<\/span>\n\t\t\t\t\t<span class=\"person-card__cta\">Ver perfil<\/span>\n\t\t<\/div>\n\t<\/a>\n<\/div>\n\t\t\t\t\t<div class=\"person-card\">\n\t<a href=\"https:\/\/medicina.udd.cl\/tecnologia-medica-santiago\/persona\/pablo-baez-benavides\/\"\n\t\tclass=\"person-card__inner js-person-modal\"\n\t\tdata-post-id=\"7795\"\n\t\tdata-postid=\"7795\"\n\t>\n\t\t\t<div class=\"person-card__content\">\n\t\t\t<h3 class=\"person-card__name\">Pablo  B\u00e1ez Benavides<\/h3>\n\t\t\t\t\t<span class=\"person-card__description\">Docente coordinador de Bioestad\u00edstica y de Bioinform\u00e1tica en el Diagn\u00f3stico Molecular<\/span>\n\t\t\t\t\t<span class=\"person-card__cta\">Ver perfil<\/span>\n\t\t<\/div>\n\t<\/a>\n<\/div>\n\t\t\t\t\t<div class=\"person-card\">\n\t<a href=\"https:\/\/medicina.udd.cl\/tecnologia-medica-santiago\/persona\/daniela-raiman-gonzalez\/\"\n\t\tclass=\"person-card__inner js-person-modal\"\n\t\tdata-post-id=\"7910\"\n\t\tdata-postid=\"7910\"\n\t>\n\t\t\t<div class=\"person-card__content\">\n\t\t\t<h3 class=\"person-card__name\">Daniela  Raiman Gonz\u00e1lez<\/h3>\n\t\t\t\t\t<span class=\"person-card__description\">Docente Coordinador Citogen\u00e9tica Cl\u00ednica<\/span>\n\t\t\t\t\t<span class=\"person-card__cta\">Ver perfil<\/span>\n\t\t<\/div>\n\t<\/a>\n<\/div>\n\t\t\t\t\t<div class=\"person-card\">\n\t<a href=\"https:\/\/medicina.udd.cl\/tecnologia-medica-santiago\/persona\/militza-sanchez-encina\/\"\n\t\tclass=\"person-card__inner js-person-modal\"\n\t\tdata-post-id=\"8880\"\n\t\tdata-postid=\"8880\"\n\t>\n\t\t\t<div class=\"person-card__media\">\n\t\t\t<img loading=\"lazy\" decoding=\"async\" width=\"500\" height=\"500\" src=\"https:\/\/medicina.udd.cl\/tecnologia-medica-santiago\/files\/2024\/04\/militza-sanchez-500x500.jpeg\" class=\"person-card__image wp-post-image\" alt=\"\" srcset=\"https:\/\/medicina.udd.cl\/tecnologia-medica-santiago\/files\/2024\/04\/militza-sanchez-500x500.jpeg 500w, https:\/\/medicina.udd.cl\/tecnologia-medica-santiago\/files\/2024\/04\/militza-sanchez-300x300.jpeg 300w, https:\/\/medicina.udd.cl\/tecnologia-medica-santiago\/files\/2024\/04\/militza-sanchez-1024x1024.jpeg 1024w, https:\/\/medicina.udd.cl\/tecnologia-medica-santiago\/files\/2024\/04\/militza-sanchez-150x150.jpeg 150w, https:\/\/medicina.udd.cl\/tecnologia-medica-santiago\/files\/2024\/04\/militza-sanchez-768x768.jpeg 768w, https:\/\/medicina.udd.cl\/tecnologia-medica-santiago\/files\/2024\/04\/militza-sanchez-62x62.jpeg 62w, https:\/\/medicina.udd.cl\/tecnologia-medica-santiago\/files\/2024\/04\/militza-sanchez-1536x1536.jpeg 1536w, https:\/\/medicina.udd.cl\/tecnologia-medica-santiago\/files\/2024\/04\/militza-sanchez-2048x2048.jpeg 2048w, https:\/\/medicina.udd.cl\/tecnologia-medica-santiago\/files\/2024\/04\/militza-sanchez-750x750.jpeg 750w, https:\/\/medicina.udd.cl\/tecnologia-medica-santiago\/files\/2024\/04\/militza-sanchez-250x250.jpeg 250w, https:\/\/medicina.udd.cl\/tecnologia-medica-santiago\/files\/2024\/04\/militza-sanchez-126x126.jpeg 126w\" sizes=\"auto, (max-width: 500px) 100vw, 500px\" \/>\t\t<\/div>\n\t\t\t<div class=\"person-card__content\">\n\t\t\t<h3 class=\"person-card__name\">Militza  S\u00e1nchez Encina<\/h3>\n\t\t\t\t\t<span class=\"person-card__description\">Docente Coordinador Neurooftalmolog\u00eda<\/span>\n\t\t\t\t\t<span class=\"person-card__cta\">Ver perfil<\/span>\n\t\t<\/div>\n\t<\/a>\n<\/div>\n\t\t\t\t\t<div class=\"person-card\">\n\t<a href=\"https:\/\/medicina.udd.cl\/tecnologia-medica-santiago\/persona\/carla-ovalle-torres\/\"\n\t\tclass=\"person-card__inner js-person-modal\"\n\t\tdata-post-id=\"8886\"\n\t\tdata-postid=\"8886\"\n\t>\n\t\t\t<div class=\"person-card__content\">\n\t\t\t<h3 class=\"person-card__name\">Carla  Ovalle Torres<\/h3>\n\t\t\t\t\t<span class=\"person-card__description\">Docente Coordinador Estudio del Estrabismo y Ort\u00f3ptica y Ple\u00f3ptica<\/span>\n\t\t\t\t\t<span class=\"person-card__cta\">Ver perfil<\/span>\n\t\t<\/div>\n\t<\/a>\n<\/div>\n\t\t\t\t\t<div class=\"person-card\">\n\t<a href=\"https:\/\/medicina.udd.cl\/tecnologia-medica-santiago\/persona\/juan-alcayaga-jones\/\"\n\t\tclass=\"person-card__inner js-person-modal\"\n\t\tdata-post-id=\"8889\"\n\t\tdata-postid=\"8889\"\n\t>\n\t\t\t<div class=\"person-card__content\">\n\t\t\t<h3 class=\"person-card__name\">Juan  Alcayaga Jones<\/h3>\n\t\t\t\t\t<span class=\"person-card__description\">Docente Coordinador Inmunolog\u00eda General<\/span>\n\t\t\t\t\t<span class=\"person-card__cta\">Ver perfil<\/span>\n\t\t<\/div>\n\t<\/a>\n<\/div>\n\t\t\t\t\t<div class=\"person-card\">\n\t<a href=\"https:\/\/medicina.udd.cl\/tecnologia-medica-santiago\/persona\/nicolas-torres-cortes\/\"\n\t\tclass=\"person-card__inner js-person-modal\"\n\t\tdata-post-id=\"8892\"\n\t\tdata-postid=\"8892\"\n\t>\n\t\t\t<div class=\"person-card__content\">\n\t\t\t<h3 class=\"person-card__name\">Nicol\u00e1s  Torres Cort\u00e9s<\/h3>\n\t\t\t\t\t<span class=\"person-card__description\">Docente Coordinador Mecanismos de Enfermedad y Farmacolog\u00eda<\/span>\n\t\t\t\t\t<span class=\"person-card__cta\">Ver perfil<\/span>\n\t\t<\/div>\n\t<\/a>\n<\/div>\n\t\t\t\t\t<div class=\"person-card\">\n\t<a href=\"https:\/\/medicina.udd.cl\/tecnologia-medica-santiago\/persona\/gustavo-pinto-olivares\/\"\n\t\tclass=\"person-card__inner js-person-modal\"\n\t\tdata-post-id=\"8895\"\n\t\tdata-postid=\"8895\"\n\t>\n\t\t\t<div class=\"person-card__content\">\n\t\t\t<h3 class=\"person-card__name\">Gustavo  Pinto Olivares<\/h3>\n\t\t\t\t\t<span class=\"person-card__description\">Docente Coordinador Hematolog\u00eda General<\/span>\n\t\t\t\t\t<span class=\"person-card__cta\">Ver perfil<\/span>\n\t\t<\/div>\n\t<\/a>\n<\/div>\n\t\t\t\t\t<div class=\"person-card\">\n\t<a href=\"https:\/\/medicina.udd.cl\/tecnologia-medica-santiago\/persona\/cristian-poblete-rivas\/\"\n\t\tclass=\"person-card__inner js-person-modal\"\n\t\tdata-post-id=\"2994\"\n\t\tdata-postid=\"2994\"\n\t>\n\t\t\t<div class=\"person-card__media\">\n\t\t\t<img loading=\"lazy\" decoding=\"async\" width=\"500\" height=\"500\" src=\"https:\/\/medicina.udd.cl\/tecnologia-medica-santiago\/files\/2014\/07\/cristian-poblete-500x500.jpg\" class=\"person-card__image wp-post-image\" alt=\"\" srcset=\"https:\/\/medicina.udd.cl\/tecnologia-medica-santiago\/files\/2014\/07\/cristian-poblete-500x500.jpg 500w, https:\/\/medicina.udd.cl\/tecnologia-medica-santiago\/files\/2014\/07\/cristian-poblete-300x300.jpg 300w, https:\/\/medicina.udd.cl\/tecnologia-medica-santiago\/files\/2014\/07\/cristian-poblete-1024x1024.jpg 1024w, https:\/\/medicina.udd.cl\/tecnologia-medica-santiago\/files\/2014\/07\/cristian-poblete-150x150.jpg 150w, https:\/\/medicina.udd.cl\/tecnologia-medica-santiago\/files\/2014\/07\/cristian-poblete-768x768.jpg 768w, https:\/\/medicina.udd.cl\/tecnologia-medica-santiago\/files\/2014\/07\/cristian-poblete-62x62.jpg 62w, https:\/\/medicina.udd.cl\/tecnologia-medica-santiago\/files\/2014\/07\/cristian-poblete-1536x1536.jpg 1536w, https:\/\/medicina.udd.cl\/tecnologia-medica-santiago\/files\/2014\/07\/cristian-poblete-2048x2048.jpg 2048w, https:\/\/medicina.udd.cl\/tecnologia-medica-santiago\/files\/2014\/07\/cristian-poblete-750x750.jpg 750w, https:\/\/medicina.udd.cl\/tecnologia-medica-santiago\/files\/2014\/07\/cristian-poblete-250x250.jpg 250w, https:\/\/medicina.udd.cl\/tecnologia-medica-santiago\/files\/2014\/07\/cristian-poblete-126x126.jpg 126w\" sizes=\"auto, (max-width: 500px) 100vw, 500px\" \/>\t\t<\/div>\n\t\t\t<div class=\"person-card__content\">\n\t\t\t<h3 class=\"person-card__name\">Cristian Poblete Rivas<\/h3>\n\t\t\t\t\t<span class=\"person-card__description\">Docente Coordinador Procedimiento para el Estudio de Tejidos I<\/span>\n\t\t\t\t\t<span class=\"person-card__cta\">Ver perfil<\/span>\n\t\t<\/div>\n\t<\/a>\n<\/div>\n\t\t\t\t\t<div class=\"person-card\">\n\t<a href=\"https:\/\/medicina.udd.cl\/tecnologia-medica-santiago\/persona\/camilo-allende-castro\/\"\n\t\tclass=\"person-card__inner js-person-modal\"\n\t\tdata-post-id=\"8901\"\n\t\tdata-postid=\"8901\"\n\t>\n\t\t\t<div class=\"person-card__content\">\n\t\t\t<h3 class=\"person-card__name\">Camilo  Allende Castro<\/h3>\n\t\t\t\t\t<span class=\"person-card__description\">Docente Coordinador Presentaciones Cient\u00edficas Efectivas y Biolog\u00eda Molecular y Gen\u00e9tica<\/span>\n\t\t\t\t\t<span class=\"person-card__cta\">Ver perfil<\/span>\n\t\t<\/div>\n\t<\/a>\n<\/div>\n\t\t\t\t\t<div class=\"person-card\">\n\t<a href=\"https:\/\/medicina.udd.cl\/tecnologia-medica-santiago\/persona\/karina-zuniga-silva\/\"\n\t\tclass=\"person-card__inner js-person-modal\"\n\t\tdata-post-id=\"8904\"\n\t\tdata-postid=\"8904\"\n\t>\n\t\t\t<div class=\"person-card__content\">\n\t\t\t<h3 class=\"person-card__name\">Karina  Z\u00fa\u00f1iga Silva<\/h3>\n\t\t\t\t\t<span class=\"person-card__description\">Docente Coordinador Biolog\u00eda Molecular Diagn\u00f3stica<\/span>\n\t\t\t\t\t<span class=\"person-card__cta\">Ver perfil<\/span>\n\t\t<\/div>\n\t<\/a>\n<\/div>\n\t\t\t\t\t<div class=\"person-card\">\n\t<a href=\"https:\/\/medicina.udd.cl\/tecnologia-medica-santiago\/persona\/pedro-leiva-alvarez\/\"\n\t\tclass=\"person-card__inner js-person-modal\"\n\t\tdata-post-id=\"8907\"\n\t\tdata-postid=\"8907\"\n\t>\n\t\t\t<div class=\"person-card__content\">\n\t\t\t<h3 class=\"person-card__name\">Pedro  Leiva \u00c1lvarez<\/h3>\n\t\t\t\t\t<span class=\"person-card__description\">Docente Coordinador Histoqu\u00edmica e Inmunohistoqu\u00edmica<\/span>\n\t\t\t\t\t<span class=\"person-card__cta\">Ver perfil<\/span>\n\t\t<\/div>\n\t<\/a>\n<\/div>\n\t\t\t\t<\/div>\n\t<\/div>\n<\/section>\n","protected":false},"excerpt":{"rendered":"","protected":false},"author":9192194,"featured_media":0,"parent":0,"menu_order":0,"comment_status":"closed","ping_status":"closed","template":"","meta":{"footnotes":""},"class_list":["post-6274","page","type-page","status-publish","hentry"],"yoast_head":"<!-- This site is optimized with the Yoast SEO plugin v26.9 - https:\/\/yoast.com\/product\/yoast-seo-wordpress\/ -->\n<title>Nuestro Equipo - Tecnolog\u00eda M\u00e9dica UDD<\/title>\n<meta name=\"robots\" content=\"index, follow, max-snippet:-1, max-image-preview:large, max-video-preview:-1\" \/>\n<link rel=\"canonical\" href=\"https:\/\/medicina.udd.cl\/tecnologia-medica-santiago\/nuestro-equipo\/\" \/>\n<meta property=\"og:locale\" content=\"es_ES\" \/>\n<meta property=\"og:type\" content=\"article\" \/>\n<meta property=\"og:title\" content=\"Nuestro Equipo - Tecnolog\u00eda M\u00e9dica UDD\" \/>\n<meta property=\"og:url\" content=\"https:\/\/medicina.udd.cl\/tecnologia-medica-santiago\/nuestro-equipo\/\" \/>\n<meta property=\"og:site_name\" content=\"Tecnolog\u00eda M\u00e9dica\" \/>\n<meta property=\"article:modified_time\" content=\"2024-12-11T20:53:46+00:00\" \/>\n<script type=\"application\/ld+json\" class=\"yoast-schema-graph\">{\"@context\":\"https:\/\/schema.org\",\"@graph\":[{\"@type\":\"WebPage\",\"@id\":\"https:\/\/medicina.udd.cl\/tecnologia-medica-santiago\/nuestro-equipo\/\",\"url\":\"https:\/\/medicina.udd.cl\/tecnologia-medica-santiago\/nuestro-equipo\/\",\"name\":\"Nuestro Equipo - Tecnolog\u00eda M\u00e9dica UDD\",\"isPartOf\":{\"@id\":\"https:\/\/medicina.udd.cl\/tecnologia-medica-santiago\/#website\"},\"datePublished\":\"2020-05-08T04:02:13+00:00\",\"dateModified\":\"2024-12-11T20:53:46+00:00\",\"breadcrumb\":{\"@id\":\"https:\/\/medicina.udd.cl\/tecnologia-medica-santiago\/nuestro-equipo\/#breadcrumb\"},\"inLanguage\":\"es\",\"potentialAction\":[{\"@type\":\"ReadAction\",\"target\":[\"https:\/\/medicina.udd.cl\/tecnologia-medica-santiago\/nuestro-equipo\/\"]}]},{\"@type\":\"BreadcrumbList\",\"@id\":\"https:\/\/medicina.udd.cl\/tecnologia-medica-santiago\/nuestro-equipo\/#breadcrumb\",\"itemListElement\":[{\"@type\":\"ListItem\",\"position\":1,\"name\":\"Home\",\"item\":\"https:\/\/medicina.udd.cl\/tecnologia-medica-santiago\/\"},{\"@type\":\"ListItem\",\"position\":2,\"name\":\"Nuestro Equipo\"}]},{\"@type\":\"WebSite\",\"@id\":\"https:\/\/medicina.udd.cl\/tecnologia-medica-santiago\/#website\",\"url\":\"https:\/\/medicina.udd.cl\/tecnologia-medica-santiago\/\",\"name\":\"Tecnolog\u00eda M\u00e9dica\",\"description\":\"Facultad de Medicina Cl\u00ednica Alemana Universidad del Desarrollo\",\"inLanguage\":\"es\"}]}<\/script>\n<!-- \/ Yoast SEO plugin. -->","yoast_head_json":{"title":"Nuestro Equipo - Tecnolog\u00eda M\u00e9dica UDD","robots":{"index":"index","follow":"follow","max-snippet":"max-snippet:-1","max-image-preview":"max-image-preview:large","max-video-preview":"max-video-preview:-1"},"canonical":"https:\/\/medicina.udd.cl\/tecnologia-medica-santiago\/nuestro-equipo\/","og_locale":"es_ES","og_type":"article","og_title":"Nuestro Equipo - Tecnolog\u00eda M\u00e9dica UDD","og_url":"https:\/\/medicina.udd.cl\/tecnologia-medica-santiago\/nuestro-equipo\/","og_site_name":"Tecnolog\u00eda M\u00e9dica","article_modified_time":"2024-12-11T20:53:46+00:00","schema":{"@context":"https:\/\/schema.org","@graph":[{"@type":"WebPage","@id":"https:\/\/medicina.udd.cl\/tecnologia-medica-santiago\/nuestro-equipo\/","url":"https:\/\/medicina.udd.cl\/tecnologia-medica-santiago\/nuestro-equipo\/","name":"Nuestro Equipo - Tecnolog\u00eda M\u00e9dica UDD","isPartOf":{"@id":"https:\/\/medicina.udd.cl\/tecnologia-medica-santiago\/#website"},"datePublished":"2020-05-08T04:02:13+00:00","dateModified":"2024-12-11T20:53:46+00:00","breadcrumb":{"@id":"https:\/\/medicina.udd.cl\/tecnologia-medica-santiago\/nuestro-equipo\/#breadcrumb"},"inLanguage":"es","potentialAction":[{"@type":"ReadAction","target":["https:\/\/medicina.udd.cl\/tecnologia-medica-santiago\/nuestro-equipo\/"]}]},{"@type":"BreadcrumbList","@id":"https:\/\/medicina.udd.cl\/tecnologia-medica-santiago\/nuestro-equipo\/#breadcrumb","itemListElement":[{"@type":"ListItem","position":1,"name":"Home","item":"https:\/\/medicina.udd.cl\/tecnologia-medica-santiago\/"},{"@type":"ListItem","position":2,"name":"Nuestro Equipo"}]},{"@type":"WebSite","@id":"https:\/\/medicina.udd.cl\/tecnologia-medica-santiago\/#website","url":"https:\/\/medicina.udd.cl\/tecnologia-medica-santiago\/","name":"Tecnolog\u00eda M\u00e9dica","description":"Facultad de Medicina Cl\u00ednica Alemana Universidad del Desarrollo","inLanguage":"es"}]}},"_links":{"self":[{"href":"https:\/\/medicina.udd.cl\/tecnologia-medica-santiago\/wp-json\/wp\/v2\/pages\/6274","targetHints":{"allow":["GET"]}}],"collection":[{"href":"https:\/\/medicina.udd.cl\/tecnologia-medica-santiago\/wp-json\/wp\/v2\/pages"}],"about":[{"href":"https:\/\/medicina.udd.cl\/tecnologia-medica-santiago\/wp-json\/wp\/v2\/types\/page"}],"author":[{"embeddable":true,"href":"https:\/\/medicina.udd.cl\/tecnologia-medica-santiago\/wp-json\/wp\/v2\/users\/9192194"}],"replies":[{"embeddable":true,"href":"https:\/\/medicina.udd.cl\/tecnologia-medica-santiago\/wp-json\/wp\/v2\/comments?post=6274"}],"version-history":[{"count":10,"href":"https:\/\/medicina.udd.cl\/tecnologia-medica-santiago\/wp-json\/wp\/v2\/pages\/6274\/revisions"}],"predecessor-version":[{"id":7911,"href":"https:\/\/medicina.udd.cl\/tecnologia-medica-santiago\/wp-json\/wp\/v2\/pages\/6274\/revisions\/7911"}],"wp:attachment":[{"href":"https:\/\/medicina.udd.cl\/tecnologia-medica-santiago\/wp-json\/wp\/v2\/media?parent=6274"}],"curies":[{"name":"wp","href":"https:\/\/api.w.org\/{rel}","templated":true}]}}