{"id":2261,"date":"2013-07-26T00:59:53","date_gmt":"2013-07-26T04:59:53","guid":{"rendered":"http:\/\/medicina.udd.cl\/tecnologia-medica-santiago\/persona\/raul-torres-carrasco\/"},"modified":"2024-04-02T15:49:45","modified_gmt":"2024-04-02T18:49:45","slug":"raul-torres-carrasco","status":"publish","type":"person","link":"https:\/\/medicina.udd.cl\/tecnologia-medica-santiago\/persona\/raul-torres-carrasco\/","title":{"rendered":"Ra\u00fal  Torres Carrasco"},"featured_media":5606,"template":"","people_tax":[4037,5641],"people_areas":[],"people_levels":[],"class_list":["post-2261","person","type-person","status-publish","has-post-thumbnail","hentry","people_tax-equipo","people_tax-equipo-de-gestion","people_list-docentes"],"yoast_head":"<!-- This site is optimized with the Yoast SEO plugin v26.9 - https:\/\/yoast.com\/product\/yoast-seo-wordpress\/ -->\n<title>Ra\u00fal Torres Carrasco - Tecnolog\u00eda M\u00e9dica<\/title>\n<meta name=\"robots\" content=\"index, follow, max-snippet:-1, max-image-preview:large, max-video-preview:-1\" \/>\n<link rel=\"canonical\" href=\"https:\/\/medicina.udd.cl\/tecnologia-medica-santiago\/persona\/raul-torres-carrasco\/\" \/>\n<meta property=\"og:locale\" content=\"es_ES\" \/>\n<meta property=\"og:type\" content=\"article\" \/>\n<meta property=\"og:title\" content=\"Ra\u00fal Torres Carrasco - Tecnolog\u00eda M\u00e9dica\" \/>\n<meta property=\"og:url\" content=\"https:\/\/medicina.udd.cl\/tecnologia-medica-santiago\/persona\/raul-torres-carrasco\/\" \/>\n<meta property=\"og:site_name\" content=\"Tecnolog\u00eda M\u00e9dica\" \/>\n<meta property=\"article:modified_time\" content=\"2024-04-02T18:49:45+00:00\" \/>\n<meta property=\"og:image\" content=\"https:\/\/medicina.udd.cl\/tecnologia-medica-santiago\/files\/2013\/07\/RAUL-TORRES-ConvertImage.jpg\" \/>\n\t<meta property=\"og:image:width\" content=\"612\" \/>\n\t<meta property=\"og:image:height\" content=\"408\" \/>\n\t<meta property=\"og:image:type\" content=\"image\/jpeg\" \/>\n<meta name=\"twitter:label1\" content=\"Tiempo de lectura\" \/>\n\t<meta name=\"twitter:data1\" content=\"1 minuto\" \/>\n<script type=\"application\/ld+json\" class=\"yoast-schema-graph\">{\"@context\":\"https:\/\/schema.org\",\"@graph\":[{\"@type\":\"WebPage\",\"@id\":\"https:\/\/medicina.udd.cl\/tecnologia-medica-santiago\/persona\/raul-torres-carrasco\/\",\"url\":\"https:\/\/medicina.udd.cl\/tecnologia-medica-santiago\/persona\/raul-torres-carrasco\/\",\"name\":\"Ra\u00fal Torres Carrasco - Tecnolog\u00eda M\u00e9dica\",\"isPartOf\":{\"@id\":\"https:\/\/medicina.udd.cl\/tecnologia-medica-santiago\/#website\"},\"primaryImageOfPage\":{\"@id\":\"https:\/\/medicina.udd.cl\/tecnologia-medica-santiago\/persona\/raul-torres-carrasco\/#primaryimage\"},\"image\":{\"@id\":\"https:\/\/medicina.udd.cl\/tecnologia-medica-santiago\/persona\/raul-torres-carrasco\/#primaryimage\"},\"thumbnailUrl\":\"https:\/\/medicina.udd.cl\/tecnologia-medica-santiago\/files\/2013\/07\/RAUL-TORRES-ConvertImage.jpg\",\"datePublished\":\"2013-07-26T04:59:53+00:00\",\"dateModified\":\"2024-04-02T18:49:45+00:00\",\"breadcrumb\":{\"@id\":\"https:\/\/medicina.udd.cl\/tecnologia-medica-santiago\/persona\/raul-torres-carrasco\/#breadcrumb\"},\"inLanguage\":\"es\",\"potentialAction\":[{\"@type\":\"ReadAction\",\"target\":[\"https:\/\/medicina.udd.cl\/tecnologia-medica-santiago\/persona\/raul-torres-carrasco\/\"]}]},{\"@type\":\"ImageObject\",\"inLanguage\":\"es\",\"@id\":\"https:\/\/medicina.udd.cl\/tecnologia-medica-santiago\/persona\/raul-torres-carrasco\/#primaryimage\",\"url\":\"https:\/\/medicina.udd.cl\/tecnologia-medica-santiago\/files\/2013\/07\/RAUL-TORRES-ConvertImage.jpg\",\"contentUrl\":\"https:\/\/medicina.udd.cl\/tecnologia-medica-santiago\/files\/2013\/07\/RAUL-TORRES-ConvertImage.jpg\",\"width\":612,\"height\":408},{\"@type\":\"BreadcrumbList\",\"@id\":\"https:\/\/medicina.udd.cl\/tecnologia-medica-santiago\/persona\/raul-torres-carrasco\/#breadcrumb\",\"itemListElement\":[{\"@type\":\"ListItem\",\"position\":1,\"name\":\"Home\",\"item\":\"https:\/\/medicina.udd.cl\/tecnologia-medica-santiago\/\"},{\"@type\":\"ListItem\",\"position\":2,\"name\":\"Personas\",\"item\":\"https:\/\/medicina.udd.cl\/tecnologia-medica-santiago\/persona\/\"},{\"@type\":\"ListItem\",\"position\":3,\"name\":\"Ra\u00fal Torres Carrasco\"}]},{\"@type\":\"WebSite\",\"@id\":\"https:\/\/medicina.udd.cl\/tecnologia-medica-santiago\/#website\",\"url\":\"https:\/\/medicina.udd.cl\/tecnologia-medica-santiago\/\",\"name\":\"Tecnolog\u00eda M\u00e9dica\",\"description\":\"Facultad de Medicina Cl\u00ednica Alemana Universidad del Desarrollo\",\"inLanguage\":\"es\"}]}<\/script>\n<!-- \/ Yoast SEO plugin. -->","yoast_head_json":{"title":"Ra\u00fal Torres Carrasco - Tecnolog\u00eda M\u00e9dica","robots":{"index":"index","follow":"follow","max-snippet":"max-snippet:-1","max-image-preview":"max-image-preview:large","max-video-preview":"max-video-preview:-1"},"canonical":"https:\/\/medicina.udd.cl\/tecnologia-medica-santiago\/persona\/raul-torres-carrasco\/","og_locale":"es_ES","og_type":"article","og_title":"Ra\u00fal Torres Carrasco - Tecnolog\u00eda M\u00e9dica","og_url":"https:\/\/medicina.udd.cl\/tecnologia-medica-santiago\/persona\/raul-torres-carrasco\/","og_site_name":"Tecnolog\u00eda M\u00e9dica","article_modified_time":"2024-04-02T18:49:45+00:00","og_image":[{"width":612,"height":408,"url":"https:\/\/medicina.udd.cl\/tecnologia-medica-santiago\/files\/2013\/07\/RAUL-TORRES-ConvertImage.jpg","type":"image\/jpeg"}],"twitter_misc":{"Tiempo de lectura":"1 minuto"},"schema":{"@context":"https:\/\/schema.org","@graph":[{"@type":"WebPage","@id":"https:\/\/medicina.udd.cl\/tecnologia-medica-santiago\/persona\/raul-torres-carrasco\/","url":"https:\/\/medicina.udd.cl\/tecnologia-medica-santiago\/persona\/raul-torres-carrasco\/","name":"Ra\u00fal Torres Carrasco - Tecnolog\u00eda M\u00e9dica","isPartOf":{"@id":"https:\/\/medicina.udd.cl\/tecnologia-medica-santiago\/#website"},"primaryImageOfPage":{"@id":"https:\/\/medicina.udd.cl\/tecnologia-medica-santiago\/persona\/raul-torres-carrasco\/#primaryimage"},"image":{"@id":"https:\/\/medicina.udd.cl\/tecnologia-medica-santiago\/persona\/raul-torres-carrasco\/#primaryimage"},"thumbnailUrl":"https:\/\/medicina.udd.cl\/tecnologia-medica-santiago\/files\/2013\/07\/RAUL-TORRES-ConvertImage.jpg","datePublished":"2013-07-26T04:59:53+00:00","dateModified":"2024-04-02T18:49:45+00:00","breadcrumb":{"@id":"https:\/\/medicina.udd.cl\/tecnologia-medica-santiago\/persona\/raul-torres-carrasco\/#breadcrumb"},"inLanguage":"es","potentialAction":[{"@type":"ReadAction","target":["https:\/\/medicina.udd.cl\/tecnologia-medica-santiago\/persona\/raul-torres-carrasco\/"]}]},{"@type":"ImageObject","inLanguage":"es","@id":"https:\/\/medicina.udd.cl\/tecnologia-medica-santiago\/persona\/raul-torres-carrasco\/#primaryimage","url":"https:\/\/medicina.udd.cl\/tecnologia-medica-santiago\/files\/2013\/07\/RAUL-TORRES-ConvertImage.jpg","contentUrl":"https:\/\/medicina.udd.cl\/tecnologia-medica-santiago\/files\/2013\/07\/RAUL-TORRES-ConvertImage.jpg","width":612,"height":408},{"@type":"BreadcrumbList","@id":"https:\/\/medicina.udd.cl\/tecnologia-medica-santiago\/persona\/raul-torres-carrasco\/#breadcrumb","itemListElement":[{"@type":"ListItem","position":1,"name":"Home","item":"https:\/\/medicina.udd.cl\/tecnologia-medica-santiago\/"},{"@type":"ListItem","position":2,"name":"Personas","item":"https:\/\/medicina.udd.cl\/tecnologia-medica-santiago\/persona\/"},{"@type":"ListItem","position":3,"name":"Ra\u00fal Torres Carrasco"}]},{"@type":"WebSite","@id":"https:\/\/medicina.udd.cl\/tecnologia-medica-santiago\/#website","url":"https:\/\/medicina.udd.cl\/tecnologia-medica-santiago\/","name":"Tecnolog\u00eda M\u00e9dica","description":"Facultad de Medicina Cl\u00ednica Alemana Universidad del Desarrollo","inLanguage":"es"}]}},"label":"Ra\u00fal  Torres Carrasco","role":"Coordinador Especialidad Imagenolog\u00eda y F\u00edsica M\u00e9dica ","thumbnail_url":"https:\/\/medicina.udd.cl\/tecnologia-medica-santiago\/files\/2013\/07\/RAUL-TORRES-ConvertImage.jpg","email":"rtorres@udd.cl","tel_job":"","content":{"rendered":"<div class=\"person-modal person-modal--scl\">\n\t<header class=\"person-modal__header\">\n\t\t<div class=\"person-modal__bg\"><\/div>\n\t\t<div class=\"modal-container\">\n\t\t\t\t\t\t<div class=\"person-modal__media\">\n\t\t\t\t<img width=\"500\" height=\"333\" src=\"https:\/\/medicina.udd.cl\/tecnologia-medica-santiago\/files\/2013\/07\/RAUL-TORRES-ConvertImage.jpg\" class=\"person-modal__image wp-post-image\" alt=\"\" decoding=\"async\" loading=\"lazy\" srcset=\"https:\/\/medicina.udd.cl\/tecnologia-medica-santiago\/files\/2013\/07\/RAUL-TORRES-ConvertImage.jpg 612w, https:\/\/medicina.udd.cl\/tecnologia-medica-santiago\/files\/2013\/07\/RAUL-TORRES-ConvertImage-300x200.jpg 300w\" sizes=\"auto, (max-width: 500px) 100vw, 500px\" \/>\t\t\t<\/div>\n\t\t\t\t\t\t<div class=\"person-modal__data\">\n\t\t\t\t<h1 class=\"person-modal__name\">Ra\u00fal  Torres Carrasco<\/h1>\n\t\t\t\t\t\t\t<span class=\"person-modal__description\">Coordinador Especialidad Imagenolog\u00eda y F\u00edsica M\u00e9dica <\/span>\n\t\t\t\t\t\t\t\t\t\t\t\t\t<a href=\"mailto:&#114;to&#114;res&#064;u&#100;d&#046;&#099;&#108;\" class=\"person-modal__email\">rt&#111;r&#114;e&#115;&#64;u&#100;d.cl<\/a>\n\t\t\t\t\t\t\t\t\t<\/div>\n\t\t<\/div>\n\t<\/header>\n\t<div class=\"modal-container\">\n\t\t\t<div class=\"person-modal__content text\">\n\t\t\t\t\t\t\t\t\t\t<ul>\n<li class=\"MsoNormal\"><span>Tecn\u00f3logo M\u00e9dico, especialidad de Radiolog\u00eda y F\u00edsica M\u00e9dica. Universidad de Tarapac\u00e1.<\/span><\/li>\n<li class=\"MsoNormal\"><span>Mag\u00edster en Administraci\u00f3n de Empresas (MBA).<\/span><\/li>\n<li class=\"MsoNormal\"><span>Diplomado en Educaci\u00f3n en Docencia Cl\u00ednica.<\/span><\/li>\n<li class=\"MsoNormal\"><span>Tecn\u00f3logo M\u00e9dico del servicio de Radiolog\u00eda, Cl\u00ednica Alemana de Santiago.<\/span><\/li>\n<li class=\"MsoNormal\"><span>Tutor responsable de internado en Radiolog\u00eda Cl\u00ednica Alemana, para alumnos de Tecnolog\u00eda M\u00e9dica.<\/span><\/li>\n<\/ul>\n\t\t<\/div>\n\t<\/div>\n<\/div>\n"},"identifier":"9461af8da86c1bf6cca8c9e52d35e82ed64b2a5a","has_credential":[],"given_name":"Ra\u00fal ","family_name":"Torres Carrasco","name":"Ra\u00fal  Torres Carrasco","job_title":"Coordinador Especialidad Imagenolog\u00eda y F\u00edsica M\u00e9dica ","telephone":"","note":"","im":"","_self_schedule":null,"_links":{"self":[{"href":"https:\/\/medicina.udd.cl\/tecnologia-medica-santiago\/wp-json\/wp\/v2\/people\/2261","targetHints":{"allow":["GET"]}}],"collection":[{"href":"https:\/\/medicina.udd.cl\/tecnologia-medica-santiago\/wp-json\/wp\/v2\/people"}],"about":[{"href":"https:\/\/medicina.udd.cl\/tecnologia-medica-santiago\/wp-json\/wp\/v2\/types\/person"}],"wp:featuredmedia":[{"embeddable":true,"href":"https:\/\/medicina.udd.cl\/tecnologia-medica-santiago\/wp-json\/wp\/v2\/media\/5606"}],"wp:attachment":[{"href":"https:\/\/medicina.udd.cl\/tecnologia-medica-santiago\/wp-json\/wp\/v2\/media?parent=2261"}],"wp:term":[{"taxonomy":"people_tax","embeddable":true,"href":"https:\/\/medicina.udd.cl\/tecnologia-medica-santiago\/wp-json\/wp\/v2\/people_tax?post=2261"},{"taxonomy":"people_areas","embeddable":true,"href":"https:\/\/medicina.udd.cl\/tecnologia-medica-santiago\/wp-json\/wp\/v2\/people_areas?post=2261"},{"taxonomy":"people_levels","embeddable":true,"href":"https:\/\/medicina.udd.cl\/tecnologia-medica-santiago\/wp-json\/wp\/v2\/people_levels?post=2261"}],"curies":[{"name":"wp","href":"https:\/\/api.w.org\/{rel}","templated":true}]}}