{"id":4489,"date":"2016-08-09T16:14:35","date_gmt":"2016-08-09T20:14:35","guid":{"rendered":"http:\/\/medicina.udd.cl\/tecnologia-medica-santiago\/?post_type=person&#038;p=4489"},"modified":"2026-01-14T13:46:22","modified_gmt":"2026-01-14T16:46:22","slug":"esteban-abarca-navarrete","status":"publish","type":"person","link":"https:\/\/medicina.udd.cl\/tecnologia-medica-santiago\/persona\/esteban-abarca-navarrete\/","title":{"rendered":"Esteban Abarca Navarrete"},"featured_media":5132,"template":"","people_tax":[4037,5641],"people_areas":[],"people_levels":[],"class_list":["post-4489","person","type-person","status-publish","has-post-thumbnail","hentry","people_tax-equipo","people_tax-equipo-de-gestion","people_list-docentes"],"yoast_head":"<!-- This site is optimized with the Yoast SEO plugin v26.9 - https:\/\/yoast.com\/product\/yoast-seo-wordpress\/ -->\n<title>Esteban Abarca Navarrete - Tecnolog\u00eda M\u00e9dica<\/title>\n<meta name=\"robots\" content=\"index, follow, max-snippet:-1, max-image-preview:large, max-video-preview:-1\" \/>\n<link rel=\"canonical\" href=\"https:\/\/medicina.udd.cl\/tecnologia-medica-santiago\/persona\/esteban-abarca-navarrete\/\" \/>\n<meta property=\"og:locale\" content=\"es_ES\" \/>\n<meta property=\"og:type\" content=\"article\" \/>\n<meta property=\"og:title\" content=\"Esteban Abarca Navarrete - Tecnolog\u00eda M\u00e9dica\" \/>\n<meta property=\"og:url\" content=\"https:\/\/medicina.udd.cl\/tecnologia-medica-santiago\/persona\/esteban-abarca-navarrete\/\" \/>\n<meta property=\"og:site_name\" content=\"Tecnolog\u00eda M\u00e9dica\" \/>\n<meta property=\"article:modified_time\" content=\"2026-01-14T16:46:22+00:00\" \/>\n<meta property=\"og:image\" content=\"https:\/\/medicina.udd.cl\/tecnologia-medica-santiago\/files\/2016\/08\/Esteban-Abarca-Navarrete-822x1024.jpg\" \/>\n\t<meta property=\"og:image:width\" content=\"822\" \/>\n\t<meta property=\"og:image:height\" content=\"1024\" \/>\n\t<meta property=\"og:image:type\" content=\"image\/jpeg\" \/>\n<meta name=\"twitter:label1\" content=\"Tiempo de lectura\" \/>\n\t<meta name=\"twitter:data1\" content=\"1 minuto\" \/>\n<script type=\"application\/ld+json\" class=\"yoast-schema-graph\">{\"@context\":\"https:\/\/schema.org\",\"@graph\":[{\"@type\":\"WebPage\",\"@id\":\"https:\/\/medicina.udd.cl\/tecnologia-medica-santiago\/persona\/esteban-abarca-navarrete\/\",\"url\":\"https:\/\/medicina.udd.cl\/tecnologia-medica-santiago\/persona\/esteban-abarca-navarrete\/\",\"name\":\"Esteban Abarca Navarrete - Tecnolog\u00eda M\u00e9dica\",\"isPartOf\":{\"@id\":\"https:\/\/medicina.udd.cl\/tecnologia-medica-santiago\/#website\"},\"primaryImageOfPage\":{\"@id\":\"https:\/\/medicina.udd.cl\/tecnologia-medica-santiago\/persona\/esteban-abarca-navarrete\/#primaryimage\"},\"image\":{\"@id\":\"https:\/\/medicina.udd.cl\/tecnologia-medica-santiago\/persona\/esteban-abarca-navarrete\/#primaryimage\"},\"thumbnailUrl\":\"https:\/\/medicina.udd.cl\/tecnologia-medica-santiago\/files\/2016\/08\/Esteban-Abarca-Navarrete.jpg\",\"datePublished\":\"2016-08-09T20:14:35+00:00\",\"dateModified\":\"2026-01-14T16:46:22+00:00\",\"breadcrumb\":{\"@id\":\"https:\/\/medicina.udd.cl\/tecnologia-medica-santiago\/persona\/esteban-abarca-navarrete\/#breadcrumb\"},\"inLanguage\":\"es\",\"potentialAction\":[{\"@type\":\"ReadAction\",\"target\":[\"https:\/\/medicina.udd.cl\/tecnologia-medica-santiago\/persona\/esteban-abarca-navarrete\/\"]}]},{\"@type\":\"ImageObject\",\"inLanguage\":\"es\",\"@id\":\"https:\/\/medicina.udd.cl\/tecnologia-medica-santiago\/persona\/esteban-abarca-navarrete\/#primaryimage\",\"url\":\"https:\/\/medicina.udd.cl\/tecnologia-medica-santiago\/files\/2016\/08\/Esteban-Abarca-Navarrete.jpg\",\"contentUrl\":\"https:\/\/medicina.udd.cl\/tecnologia-medica-santiago\/files\/2016\/08\/Esteban-Abarca-Navarrete.jpg\",\"width\":2683,\"height\":3344},{\"@type\":\"BreadcrumbList\",\"@id\":\"https:\/\/medicina.udd.cl\/tecnologia-medica-santiago\/persona\/esteban-abarca-navarrete\/#breadcrumb\",\"itemListElement\":[{\"@type\":\"ListItem\",\"position\":1,\"name\":\"Home\",\"item\":\"https:\/\/medicina.udd.cl\/tecnologia-medica-santiago\/\"},{\"@type\":\"ListItem\",\"position\":2,\"name\":\"Personas\",\"item\":\"https:\/\/medicina.udd.cl\/tecnologia-medica-santiago\/persona\/\"},{\"@type\":\"ListItem\",\"position\":3,\"name\":\"Esteban Abarca Navarrete\"}]},{\"@type\":\"WebSite\",\"@id\":\"https:\/\/medicina.udd.cl\/tecnologia-medica-santiago\/#website\",\"url\":\"https:\/\/medicina.udd.cl\/tecnologia-medica-santiago\/\",\"name\":\"Tecnolog\u00eda M\u00e9dica\",\"description\":\"Facultad de Medicina Cl\u00ednica Alemana Universidad del Desarrollo\",\"inLanguage\":\"es\"}]}<\/script>\n<!-- \/ Yoast SEO plugin. -->","yoast_head_json":{"title":"Esteban Abarca Navarrete - Tecnolog\u00eda M\u00e9dica","robots":{"index":"index","follow":"follow","max-snippet":"max-snippet:-1","max-image-preview":"max-image-preview:large","max-video-preview":"max-video-preview:-1"},"canonical":"https:\/\/medicina.udd.cl\/tecnologia-medica-santiago\/persona\/esteban-abarca-navarrete\/","og_locale":"es_ES","og_type":"article","og_title":"Esteban Abarca Navarrete - Tecnolog\u00eda M\u00e9dica","og_url":"https:\/\/medicina.udd.cl\/tecnologia-medica-santiago\/persona\/esteban-abarca-navarrete\/","og_site_name":"Tecnolog\u00eda M\u00e9dica","article_modified_time":"2026-01-14T16:46:22+00:00","og_image":[{"width":822,"height":1024,"url":"https:\/\/medicina.udd.cl\/tecnologia-medica-santiago\/files\/2016\/08\/Esteban-Abarca-Navarrete-822x1024.jpg","type":"image\/jpeg"}],"twitter_misc":{"Tiempo de lectura":"1 minuto"},"schema":{"@context":"https:\/\/schema.org","@graph":[{"@type":"WebPage","@id":"https:\/\/medicina.udd.cl\/tecnologia-medica-santiago\/persona\/esteban-abarca-navarrete\/","url":"https:\/\/medicina.udd.cl\/tecnologia-medica-santiago\/persona\/esteban-abarca-navarrete\/","name":"Esteban Abarca Navarrete - Tecnolog\u00eda M\u00e9dica","isPartOf":{"@id":"https:\/\/medicina.udd.cl\/tecnologia-medica-santiago\/#website"},"primaryImageOfPage":{"@id":"https:\/\/medicina.udd.cl\/tecnologia-medica-santiago\/persona\/esteban-abarca-navarrete\/#primaryimage"},"image":{"@id":"https:\/\/medicina.udd.cl\/tecnologia-medica-santiago\/persona\/esteban-abarca-navarrete\/#primaryimage"},"thumbnailUrl":"https:\/\/medicina.udd.cl\/tecnologia-medica-santiago\/files\/2016\/08\/Esteban-Abarca-Navarrete.jpg","datePublished":"2016-08-09T20:14:35+00:00","dateModified":"2026-01-14T16:46:22+00:00","breadcrumb":{"@id":"https:\/\/medicina.udd.cl\/tecnologia-medica-santiago\/persona\/esteban-abarca-navarrete\/#breadcrumb"},"inLanguage":"es","potentialAction":[{"@type":"ReadAction","target":["https:\/\/medicina.udd.cl\/tecnologia-medica-santiago\/persona\/esteban-abarca-navarrete\/"]}]},{"@type":"ImageObject","inLanguage":"es","@id":"https:\/\/medicina.udd.cl\/tecnologia-medica-santiago\/persona\/esteban-abarca-navarrete\/#primaryimage","url":"https:\/\/medicina.udd.cl\/tecnologia-medica-santiago\/files\/2016\/08\/Esteban-Abarca-Navarrete.jpg","contentUrl":"https:\/\/medicina.udd.cl\/tecnologia-medica-santiago\/files\/2016\/08\/Esteban-Abarca-Navarrete.jpg","width":2683,"height":3344},{"@type":"BreadcrumbList","@id":"https:\/\/medicina.udd.cl\/tecnologia-medica-santiago\/persona\/esteban-abarca-navarrete\/#breadcrumb","itemListElement":[{"@type":"ListItem","position":1,"name":"Home","item":"https:\/\/medicina.udd.cl\/tecnologia-medica-santiago\/"},{"@type":"ListItem","position":2,"name":"Personas","item":"https:\/\/medicina.udd.cl\/tecnologia-medica-santiago\/persona\/"},{"@type":"ListItem","position":3,"name":"Esteban Abarca Navarrete"}]},{"@type":"WebSite","@id":"https:\/\/medicina.udd.cl\/tecnologia-medica-santiago\/#website","url":"https:\/\/medicina.udd.cl\/tecnologia-medica-santiago\/","name":"Tecnolog\u00eda M\u00e9dica","description":"Facultad de Medicina Cl\u00ednica Alemana Universidad del Desarrollo","inLanguage":"es"}]}},"label":"Esteban Abarca Navarrete","role":"Coordinador de Consulta Oftalmol\u00f3gica Docente","thumbnail_url":"https:\/\/medicina.udd.cl\/tecnologia-medica-santiago\/files\/2016\/08\/Esteban-Abarca-Navarrete.jpg","email":"","tel_job":"","content":{"rendered":"<div class=\"person-modal person-modal--scl\">\n\t<header class=\"person-modal__header\">\n\t\t<div class=\"person-modal__bg\"><\/div>\n\t\t<div class=\"modal-container\">\n\t\t\t\t\t\t<div class=\"person-modal__media\">\n\t\t\t\t<img width=\"401\" height=\"500\" src=\"https:\/\/medicina.udd.cl\/tecnologia-medica-santiago\/files\/2016\/08\/Esteban-Abarca-Navarrete.jpg\" class=\"person-modal__image wp-post-image\" alt=\"\" decoding=\"async\" loading=\"lazy\" srcset=\"https:\/\/medicina.udd.cl\/tecnologia-medica-santiago\/files\/2016\/08\/Esteban-Abarca-Navarrete.jpg 2683w, https:\/\/medicina.udd.cl\/tecnologia-medica-santiago\/files\/2016\/08\/Esteban-Abarca-Navarrete-241x300.jpg 241w, https:\/\/medicina.udd.cl\/tecnologia-medica-santiago\/files\/2016\/08\/Esteban-Abarca-Navarrete-768x957.jpg 768w, https:\/\/medicina.udd.cl\/tecnologia-medica-santiago\/files\/2016\/08\/Esteban-Abarca-Navarrete-822x1024.jpg 822w, https:\/\/medicina.udd.cl\/tecnologia-medica-santiago\/files\/2016\/08\/Esteban-Abarca-Navarrete-770x960.jpg 770w\" sizes=\"auto, (max-width: 401px) 100vw, 401px\" \/>\t\t\t<\/div>\n\t\t\t\t\t\t<div class=\"person-modal__data\">\n\t\t\t\t<h1 class=\"person-modal__name\">Esteban Abarca Navarrete<\/h1>\n\t\t\t\t\t\t\t<span class=\"person-modal__description\">Coordinador de Consulta Oftalmol\u00f3gica Docente<\/span>\n\t\t\t\t\t\t\t\t\t\t\t\t\t\t\t<\/div>\n\t\t<\/div>\n\t<\/header>\n\t<div class=\"modal-container\">\n\t\t\t<div class=\"person-modal__content text\">\n\t\t\t\t\t\t\t\t\t\t<ul>\n<li class=\"MsoNormal\"><span>Tecn\u00f3logo M\u00e9dico Menci\u00f3n en Oftalmolog\u00eda, Universidad de Concepci\u00f3n.<\/span><\/li>\n<li class=\"MsoNormal\"><span>Mag\u00edster en Inform\u00e1tica M\u00e9dica, Universidad de Chile.<\/span><\/li>\n<li class=\"MsoNormal\"><span>Diplomado en Optometr\u00eda Cl\u00ednica Integral, menci\u00f3n Refracci\u00f3n y Contactolog\u00eda, Universidad Santo Tom\u00e1s.<\/span><\/li>\n<li class=\"MsoNormal\"><span>Diplomado en Docencia Universitaria, Universidad del Desarrollo. <\/span><\/li>\n<li class=\"MsoNormal\"><span>Diplomado en Educaci\u00f3n Interdisciplinaria, Universidad del Desarrollo.<\/span><br \/>\n<!--EndFragment--><\/li>\n<\/ul>\n\t\t<\/div>\n\t<\/div>\n<\/div>\n"},"identifier":"e694f8bffe4388e3c9b225be1414e0f737763237","has_credential":[],"given_name":"Esteban","family_name":"Abarca Navarrete","name":"Esteban Abarca Navarrete","job_title":"Coordinador de Consulta Oftalmol\u00f3gica Docente","telephone":"","note":"","im":"","_self_schedule":null,"_links":{"self":[{"href":"https:\/\/medicina.udd.cl\/tecnologia-medica-santiago\/wp-json\/wp\/v2\/people\/4489","targetHints":{"allow":["GET"]}}],"collection":[{"href":"https:\/\/medicina.udd.cl\/tecnologia-medica-santiago\/wp-json\/wp\/v2\/people"}],"about":[{"href":"https:\/\/medicina.udd.cl\/tecnologia-medica-santiago\/wp-json\/wp\/v2\/types\/person"}],"wp:featuredmedia":[{"embeddable":true,"href":"https:\/\/medicina.udd.cl\/tecnologia-medica-santiago\/wp-json\/wp\/v2\/media\/5132"}],"wp:attachment":[{"href":"https:\/\/medicina.udd.cl\/tecnologia-medica-santiago\/wp-json\/wp\/v2\/media?parent=4489"}],"wp:term":[{"taxonomy":"people_tax","embeddable":true,"href":"https:\/\/medicina.udd.cl\/tecnologia-medica-santiago\/wp-json\/wp\/v2\/people_tax?post=4489"},{"taxonomy":"people_areas","embeddable":true,"href":"https:\/\/medicina.udd.cl\/tecnologia-medica-santiago\/wp-json\/wp\/v2\/people_areas?post=4489"},{"taxonomy":"people_levels","embeddable":true,"href":"https:\/\/medicina.udd.cl\/tecnologia-medica-santiago\/wp-json\/wp\/v2\/people_levels?post=4489"}],"curies":[{"name":"wp","href":"https:\/\/api.w.org\/{rel}","templated":true}]}}