{"id":6075,"date":"2022-07-07T15:46:07","date_gmt":"2022-07-07T19:46:07","guid":{"rendered":"http:\/\/medicina.udd.cl\/tecnologia-medica-santiago\/?post_type=person&#038;p=6075"},"modified":"2024-04-02T15:48:17","modified_gmt":"2024-04-02T18:48:17","slug":"sebastian-rojas-andaur","status":"publish","type":"person","link":"https:\/\/medicina.udd.cl\/tecnologia-medica-santiago\/persona\/sebastian-rojas-andaur\/","title":{"rendered":"Sebasti\u00e1n Rojas Andaur"},"featured_media":8739,"template":"","people_tax":[4037,5641],"people_areas":[],"people_levels":[],"class_list":["post-6075","person","type-person","status-publish","has-post-thumbnail","hentry","people_tax-equipo","people_tax-equipo-de-gestion"],"yoast_head":"<!-- This site is optimized with the Yoast SEO plugin v26.9 - https:\/\/yoast.com\/product\/yoast-seo-wordpress\/ -->\n<title>Sebasti\u00e1n Rojas Andaur - Tecnolog\u00eda M\u00e9dica<\/title>\n<meta name=\"robots\" content=\"index, follow, max-snippet:-1, max-image-preview:large, max-video-preview:-1\" \/>\n<link rel=\"canonical\" href=\"https:\/\/medicina.udd.cl\/tecnologia-medica-santiago\/persona\/sebastian-rojas-andaur\/\" \/>\n<meta property=\"og:locale\" content=\"es_ES\" \/>\n<meta property=\"og:type\" content=\"article\" \/>\n<meta property=\"og:title\" content=\"Sebasti\u00e1n Rojas Andaur - Tecnolog\u00eda M\u00e9dica\" \/>\n<meta property=\"og:url\" content=\"https:\/\/medicina.udd.cl\/tecnologia-medica-santiago\/persona\/sebastian-rojas-andaur\/\" \/>\n<meta property=\"og:site_name\" content=\"Tecnolog\u00eda M\u00e9dica\" \/>\n<meta property=\"article:modified_time\" content=\"2024-04-02T18:48:17+00:00\" \/>\n<meta property=\"og:image\" content=\"https:\/\/medicina.udd.cl\/tecnologia-medica-santiago\/files\/2022\/07\/tm-sebastiam-rojas-andaur-byn_.jpg\" \/>\n\t<meta property=\"og:image:width\" content=\"2313\" \/>\n\t<meta property=\"og:image:height\" content=\"2313\" \/>\n\t<meta property=\"og:image:type\" content=\"image\/jpeg\" \/>\n<meta name=\"twitter:label1\" content=\"Tiempo de lectura\" \/>\n\t<meta name=\"twitter:data1\" content=\"1 minuto\" \/>\n<script type=\"application\/ld+json\" class=\"yoast-schema-graph\">{\"@context\":\"https:\/\/schema.org\",\"@graph\":[{\"@type\":\"WebPage\",\"@id\":\"https:\/\/medicina.udd.cl\/tecnologia-medica-santiago\/persona\/sebastian-rojas-andaur\/\",\"url\":\"https:\/\/medicina.udd.cl\/tecnologia-medica-santiago\/persona\/sebastian-rojas-andaur\/\",\"name\":\"Sebasti\u00e1n Rojas Andaur - Tecnolog\u00eda M\u00e9dica\",\"isPartOf\":{\"@id\":\"https:\/\/medicina.udd.cl\/tecnologia-medica-santiago\/#website\"},\"primaryImageOfPage\":{\"@id\":\"https:\/\/medicina.udd.cl\/tecnologia-medica-santiago\/persona\/sebastian-rojas-andaur\/#primaryimage\"},\"image\":{\"@id\":\"https:\/\/medicina.udd.cl\/tecnologia-medica-santiago\/persona\/sebastian-rojas-andaur\/#primaryimage\"},\"thumbnailUrl\":\"https:\/\/medicina.udd.cl\/tecnologia-medica-santiago\/files\/2022\/07\/tm-sebastiam-rojas-andaur-byn_.jpg\",\"datePublished\":\"2022-07-07T19:46:07+00:00\",\"dateModified\":\"2024-04-02T18:48:17+00:00\",\"breadcrumb\":{\"@id\":\"https:\/\/medicina.udd.cl\/tecnologia-medica-santiago\/persona\/sebastian-rojas-andaur\/#breadcrumb\"},\"inLanguage\":\"es\",\"potentialAction\":[{\"@type\":\"ReadAction\",\"target\":[\"https:\/\/medicina.udd.cl\/tecnologia-medica-santiago\/persona\/sebastian-rojas-andaur\/\"]}]},{\"@type\":\"ImageObject\",\"inLanguage\":\"es\",\"@id\":\"https:\/\/medicina.udd.cl\/tecnologia-medica-santiago\/persona\/sebastian-rojas-andaur\/#primaryimage\",\"url\":\"https:\/\/medicina.udd.cl\/tecnologia-medica-santiago\/files\/2022\/07\/tm-sebastiam-rojas-andaur-byn_.jpg\",\"contentUrl\":\"https:\/\/medicina.udd.cl\/tecnologia-medica-santiago\/files\/2022\/07\/tm-sebastiam-rojas-andaur-byn_.jpg\",\"width\":2313,\"height\":2313},{\"@type\":\"BreadcrumbList\",\"@id\":\"https:\/\/medicina.udd.cl\/tecnologia-medica-santiago\/persona\/sebastian-rojas-andaur\/#breadcrumb\",\"itemListElement\":[{\"@type\":\"ListItem\",\"position\":1,\"name\":\"Home\",\"item\":\"https:\/\/medicina.udd.cl\/tecnologia-medica-santiago\/\"},{\"@type\":\"ListItem\",\"position\":2,\"name\":\"Personas\",\"item\":\"https:\/\/medicina.udd.cl\/tecnologia-medica-santiago\/persona\/\"},{\"@type\":\"ListItem\",\"position\":3,\"name\":\"Sebasti\u00e1n Rojas Andaur\"}]},{\"@type\":\"WebSite\",\"@id\":\"https:\/\/medicina.udd.cl\/tecnologia-medica-santiago\/#website\",\"url\":\"https:\/\/medicina.udd.cl\/tecnologia-medica-santiago\/\",\"name\":\"Tecnolog\u00eda M\u00e9dica\",\"description\":\"Facultad de Medicina Cl\u00ednica Alemana Universidad del Desarrollo\",\"inLanguage\":\"es\"}]}<\/script>\n<!-- \/ Yoast SEO plugin. -->","yoast_head_json":{"title":"Sebasti\u00e1n Rojas Andaur - Tecnolog\u00eda M\u00e9dica","robots":{"index":"index","follow":"follow","max-snippet":"max-snippet:-1","max-image-preview":"max-image-preview:large","max-video-preview":"max-video-preview:-1"},"canonical":"https:\/\/medicina.udd.cl\/tecnologia-medica-santiago\/persona\/sebastian-rojas-andaur\/","og_locale":"es_ES","og_type":"article","og_title":"Sebasti\u00e1n Rojas Andaur - Tecnolog\u00eda M\u00e9dica","og_url":"https:\/\/medicina.udd.cl\/tecnologia-medica-santiago\/persona\/sebastian-rojas-andaur\/","og_site_name":"Tecnolog\u00eda M\u00e9dica","article_modified_time":"2024-04-02T18:48:17+00:00","og_image":[{"width":2313,"height":2313,"url":"https:\/\/medicina.udd.cl\/tecnologia-medica-santiago\/files\/2022\/07\/tm-sebastiam-rojas-andaur-byn_.jpg","type":"image\/jpeg"}],"twitter_misc":{"Tiempo de lectura":"1 minuto"},"schema":{"@context":"https:\/\/schema.org","@graph":[{"@type":"WebPage","@id":"https:\/\/medicina.udd.cl\/tecnologia-medica-santiago\/persona\/sebastian-rojas-andaur\/","url":"https:\/\/medicina.udd.cl\/tecnologia-medica-santiago\/persona\/sebastian-rojas-andaur\/","name":"Sebasti\u00e1n Rojas Andaur - Tecnolog\u00eda M\u00e9dica","isPartOf":{"@id":"https:\/\/medicina.udd.cl\/tecnologia-medica-santiago\/#website"},"primaryImageOfPage":{"@id":"https:\/\/medicina.udd.cl\/tecnologia-medica-santiago\/persona\/sebastian-rojas-andaur\/#primaryimage"},"image":{"@id":"https:\/\/medicina.udd.cl\/tecnologia-medica-santiago\/persona\/sebastian-rojas-andaur\/#primaryimage"},"thumbnailUrl":"https:\/\/medicina.udd.cl\/tecnologia-medica-santiago\/files\/2022\/07\/tm-sebastiam-rojas-andaur-byn_.jpg","datePublished":"2022-07-07T19:46:07+00:00","dateModified":"2024-04-02T18:48:17+00:00","breadcrumb":{"@id":"https:\/\/medicina.udd.cl\/tecnologia-medica-santiago\/persona\/sebastian-rojas-andaur\/#breadcrumb"},"inLanguage":"es","potentialAction":[{"@type":"ReadAction","target":["https:\/\/medicina.udd.cl\/tecnologia-medica-santiago\/persona\/sebastian-rojas-andaur\/"]}]},{"@type":"ImageObject","inLanguage":"es","@id":"https:\/\/medicina.udd.cl\/tecnologia-medica-santiago\/persona\/sebastian-rojas-andaur\/#primaryimage","url":"https:\/\/medicina.udd.cl\/tecnologia-medica-santiago\/files\/2022\/07\/tm-sebastiam-rojas-andaur-byn_.jpg","contentUrl":"https:\/\/medicina.udd.cl\/tecnologia-medica-santiago\/files\/2022\/07\/tm-sebastiam-rojas-andaur-byn_.jpg","width":2313,"height":2313},{"@type":"BreadcrumbList","@id":"https:\/\/medicina.udd.cl\/tecnologia-medica-santiago\/persona\/sebastian-rojas-andaur\/#breadcrumb","itemListElement":[{"@type":"ListItem","position":1,"name":"Home","item":"https:\/\/medicina.udd.cl\/tecnologia-medica-santiago\/"},{"@type":"ListItem","position":2,"name":"Personas","item":"https:\/\/medicina.udd.cl\/tecnologia-medica-santiago\/persona\/"},{"@type":"ListItem","position":3,"name":"Sebasti\u00e1n Rojas Andaur"}]},{"@type":"WebSite","@id":"https:\/\/medicina.udd.cl\/tecnologia-medica-santiago\/#website","url":"https:\/\/medicina.udd.cl\/tecnologia-medica-santiago\/","name":"Tecnolog\u00eda M\u00e9dica","description":"Facultad de Medicina Cl\u00ednica Alemana Universidad del Desarrollo","inLanguage":"es"}]}},"label":"Sebasti\u00e1n Rojas Andaur","role":"Coordinador Especialidad Oftalmolog\u00eda y Optometr\u00eda","thumbnail_url":"https:\/\/medicina.udd.cl\/tecnologia-medica-santiago\/files\/2022\/07\/tm-sebastiam-rojas-andaur-byn_-500x500.jpg","email":"s.rojas@udd.cl","tel_job":"","content":{"rendered":"<div class=\"person-modal person-modal--scl\">\n\t<header class=\"person-modal__header\">\n\t\t<div class=\"person-modal__bg\"><\/div>\n\t\t<div class=\"modal-container\">\n\t\t\t\t\t\t<div class=\"person-modal__media\">\n\t\t\t\t<img width=\"500\" height=\"500\" src=\"https:\/\/medicina.udd.cl\/tecnologia-medica-santiago\/files\/2022\/07\/tm-sebastiam-rojas-andaur-byn_-500x500.jpg\" class=\"person-modal__image wp-post-image\" alt=\"\" decoding=\"async\" loading=\"lazy\" srcset=\"https:\/\/medicina.udd.cl\/tecnologia-medica-santiago\/files\/2022\/07\/tm-sebastiam-rojas-andaur-byn_-500x500.jpg 500w, https:\/\/medicina.udd.cl\/tecnologia-medica-santiago\/files\/2022\/07\/tm-sebastiam-rojas-andaur-byn_-300x300.jpg 300w, https:\/\/medicina.udd.cl\/tecnologia-medica-santiago\/files\/2022\/07\/tm-sebastiam-rojas-andaur-byn_-1024x1024.jpg 1024w, https:\/\/medicina.udd.cl\/tecnologia-medica-santiago\/files\/2022\/07\/tm-sebastiam-rojas-andaur-byn_-150x150.jpg 150w, https:\/\/medicina.udd.cl\/tecnologia-medica-santiago\/files\/2022\/07\/tm-sebastiam-rojas-andaur-byn_-768x768.jpg 768w, https:\/\/medicina.udd.cl\/tecnologia-medica-santiago\/files\/2022\/07\/tm-sebastiam-rojas-andaur-byn_-62x62.jpg 62w, https:\/\/medicina.udd.cl\/tecnologia-medica-santiago\/files\/2022\/07\/tm-sebastiam-rojas-andaur-byn_-1536x1536.jpg 1536w, https:\/\/medicina.udd.cl\/tecnologia-medica-santiago\/files\/2022\/07\/tm-sebastiam-rojas-andaur-byn_-2048x2048.jpg 2048w, https:\/\/medicina.udd.cl\/tecnologia-medica-santiago\/files\/2022\/07\/tm-sebastiam-rojas-andaur-byn_-750x750.jpg 750w, https:\/\/medicina.udd.cl\/tecnologia-medica-santiago\/files\/2022\/07\/tm-sebastiam-rojas-andaur-byn_-250x250.jpg 250w, https:\/\/medicina.udd.cl\/tecnologia-medica-santiago\/files\/2022\/07\/tm-sebastiam-rojas-andaur-byn_-126x126.jpg 126w\" sizes=\"auto, (max-width: 500px) 100vw, 500px\" \/>\t\t\t<\/div>\n\t\t\t\t\t\t<div class=\"person-modal__data\">\n\t\t\t\t<h1 class=\"person-modal__name\">Sebasti\u00e1n Rojas Andaur<\/h1>\n\t\t\t\t\t\t\t<span class=\"person-modal__description\">Coordinador Especialidad Oftalmolog\u00eda y Optometr\u00eda<\/span>\n\t\t\t\t\t\t\t\t\t\t\t\t\t<a href=\"mailto:s&#046;&#114;ojas&#064;u&#100;&#100;&#046;cl\" class=\"person-modal__email\">s.roj&#97;s&#64;&#117;&#100;&#100;&#46;&#99;&#108;<\/a>\n\t\t\t\t\t\t\t\t\t<\/div>\n\t\t<\/div>\n\t<\/header>\n\t<div class=\"modal-container\">\n\t\t\t<div class=\"person-modal__content text\">\n\t\t\t\t\t\t\t\t\t\t<ul>\n<li class=\"MsoNormal\"><span>Tecn\u00f3logo M\u00e9dico Especialidad Oftalmolog\u00eda y Optometr\u00eda. Universidad del Desarrollo.<\/span><\/li>\n<li class=\"MsoNormal\"><span>Mag\u00edster en docencia para la educaci\u00f3n superior. Universidad Andr\u00e9s Bello.<\/span><\/li>\n<li class=\"MsoNormal\"><span>Diplomado en Docencia para la Educaci\u00f3n Superior. Universidad del Desarrollo.<\/span><\/li>\n<li><span>Diplomado en Docencia para la Educaci\u00f3n Superior. Universidad Andr\u00e9s Bello.<\/span><\/li>\n<li class=\"MsoNormal\"><span>Docente Coordinador de Exploraci\u00f3n y Evaluaci\u00f3n Oftalmol\u00f3gica, Optometr\u00eda Cl\u00ednica I y \u00d3ptica Cl\u00ednica.<\/span><\/li>\n<\/ul>\n\t\t<\/div>\n\t<\/div>\n<\/div>\n"},"identifier":"47a8458d4287f492831399b1ec9ef4a9717ae009","has_credential":[],"given_name":"Sebasti\u00e1n","family_name":"Rojas Andaur","name":"Sebasti\u00e1n Rojas Andaur","job_title":"Coordinador Especialidad Oftalmolog\u00eda y Optometr\u00eda","telephone":"","note":"","im":"","_self_schedule":null,"_links":{"self":[{"href":"https:\/\/medicina.udd.cl\/tecnologia-medica-santiago\/wp-json\/wp\/v2\/people\/6075","targetHints":{"allow":["GET"]}}],"collection":[{"href":"https:\/\/medicina.udd.cl\/tecnologia-medica-santiago\/wp-json\/wp\/v2\/people"}],"about":[{"href":"https:\/\/medicina.udd.cl\/tecnologia-medica-santiago\/wp-json\/wp\/v2\/types\/person"}],"wp:featuredmedia":[{"embeddable":true,"href":"https:\/\/medicina.udd.cl\/tecnologia-medica-santiago\/wp-json\/wp\/v2\/media\/8739"}],"wp:attachment":[{"href":"https:\/\/medicina.udd.cl\/tecnologia-medica-santiago\/wp-json\/wp\/v2\/media?parent=6075"}],"wp:term":[{"taxonomy":"people_tax","embeddable":true,"href":"https:\/\/medicina.udd.cl\/tecnologia-medica-santiago\/wp-json\/wp\/v2\/people_tax?post=6075"},{"taxonomy":"people_areas","embeddable":true,"href":"https:\/\/medicina.udd.cl\/tecnologia-medica-santiago\/wp-json\/wp\/v2\/people_areas?post=6075"},{"taxonomy":"people_levels","embeddable":true,"href":"https:\/\/medicina.udd.cl\/tecnologia-medica-santiago\/wp-json\/wp\/v2\/people_levels?post=6075"}],"curies":[{"name":"wp","href":"https:\/\/api.w.org\/{rel}","templated":true}]}}