{"id":7660,"date":"2022-07-07T15:22:09","date_gmt":"2022-07-07T19:22:09","guid":{"rendered":"https:\/\/medicina.udd.cl\/tecnologia-medica-santiago\/?post_type=person&#038;p=7660"},"modified":"2025-06-18T12:51:31","modified_gmt":"2025-06-18T16:51:31","slug":"maria-de-los-angeles-de-la-maza-cortes","status":"publish","type":"person","link":"https:\/\/medicina.udd.cl\/tecnologia-medica-santiago\/persona\/maria-de-los-angeles-de-la-maza-cortes\/","title":{"rendered":"Mar\u00eda de los \u00c1ngeles  De La Maza Cort\u00e9s"},"featured_media":7776,"template":"","people_tax":[4037,5641],"people_areas":[],"people_levels":[],"class_list":["post-7660","person","type-person","status-publish","has-post-thumbnail","hentry","people_tax-equipo","people_tax-equipo-de-gestion"],"yoast_head":"<!-- This site is optimized with the Yoast SEO plugin v26.9 - https:\/\/yoast.com\/product\/yoast-seo-wordpress\/ -->\n<title>Mar\u00eda de los \u00c1ngeles De La Maza Cort\u00e9s - Tecnolog\u00eda M\u00e9dica<\/title>\n<meta name=\"robots\" content=\"index, follow, max-snippet:-1, max-image-preview:large, max-video-preview:-1\" \/>\n<link rel=\"canonical\" href=\"https:\/\/medicina.udd.cl\/tecnologia-medica-santiago\/persona\/maria-de-los-angeles-de-la-maza-cortes\/\" \/>\n<meta property=\"og:locale\" content=\"es_ES\" \/>\n<meta property=\"og:type\" content=\"article\" \/>\n<meta property=\"og:title\" content=\"Mar\u00eda de los \u00c1ngeles De La Maza Cort\u00e9s - Tecnolog\u00eda M\u00e9dica\" \/>\n<meta property=\"og:url\" content=\"https:\/\/medicina.udd.cl\/tecnologia-medica-santiago\/persona\/maria-de-los-angeles-de-la-maza-cortes\/\" \/>\n<meta property=\"og:site_name\" content=\"Tecnolog\u00eda M\u00e9dica\" \/>\n<meta property=\"article:modified_time\" content=\"2025-06-18T16:51:31+00:00\" \/>\n<meta property=\"og:image\" content=\"https:\/\/medicina.udd.cl\/tecnologia-medica-santiago\/files\/2022\/07\/TM.-Mar\u00eda-de-los-\u00c1ngeles-De-La-Maza-Cort\u00e9s.byn_-scaled.jpg\" \/>\n\t<meta property=\"og:image:width\" content=\"2560\" \/>\n\t<meta property=\"og:image:height\" content=\"2560\" \/>\n\t<meta property=\"og:image:type\" content=\"image\/jpeg\" \/>\n<meta name=\"twitter:label1\" content=\"Tiempo de lectura\" \/>\n\t<meta name=\"twitter:data1\" content=\"1 minuto\" \/>\n<script type=\"application\/ld+json\" class=\"yoast-schema-graph\">{\"@context\":\"https:\/\/schema.org\",\"@graph\":[{\"@type\":\"WebPage\",\"@id\":\"https:\/\/medicina.udd.cl\/tecnologia-medica-santiago\/persona\/maria-de-los-angeles-de-la-maza-cortes\/\",\"url\":\"https:\/\/medicina.udd.cl\/tecnologia-medica-santiago\/persona\/maria-de-los-angeles-de-la-maza-cortes\/\",\"name\":\"Mar\u00eda de los \u00c1ngeles De La Maza Cort\u00e9s - Tecnolog\u00eda M\u00e9dica\",\"isPartOf\":{\"@id\":\"https:\/\/medicina.udd.cl\/tecnologia-medica-santiago\/#website\"},\"primaryImageOfPage\":{\"@id\":\"https:\/\/medicina.udd.cl\/tecnologia-medica-santiago\/persona\/maria-de-los-angeles-de-la-maza-cortes\/#primaryimage\"},\"image\":{\"@id\":\"https:\/\/medicina.udd.cl\/tecnologia-medica-santiago\/persona\/maria-de-los-angeles-de-la-maza-cortes\/#primaryimage\"},\"thumbnailUrl\":\"https:\/\/medicina.udd.cl\/tecnologia-medica-santiago\/files\/2022\/07\/TM.-Mar\u00eda-de-los-\u00c1ngeles-De-La-Maza-Cort\u00e9s.byn_-scaled.jpg\",\"datePublished\":\"2022-07-07T19:22:09+00:00\",\"dateModified\":\"2025-06-18T16:51:31+00:00\",\"breadcrumb\":{\"@id\":\"https:\/\/medicina.udd.cl\/tecnologia-medica-santiago\/persona\/maria-de-los-angeles-de-la-maza-cortes\/#breadcrumb\"},\"inLanguage\":\"es\",\"potentialAction\":[{\"@type\":\"ReadAction\",\"target\":[\"https:\/\/medicina.udd.cl\/tecnologia-medica-santiago\/persona\/maria-de-los-angeles-de-la-maza-cortes\/\"]}]},{\"@type\":\"ImageObject\",\"inLanguage\":\"es\",\"@id\":\"https:\/\/medicina.udd.cl\/tecnologia-medica-santiago\/persona\/maria-de-los-angeles-de-la-maza-cortes\/#primaryimage\",\"url\":\"https:\/\/medicina.udd.cl\/tecnologia-medica-santiago\/files\/2022\/07\/TM.-Mar\u00eda-de-los-\u00c1ngeles-De-La-Maza-Cort\u00e9s.byn_-scaled.jpg\",\"contentUrl\":\"https:\/\/medicina.udd.cl\/tecnologia-medica-santiago\/files\/2022\/07\/TM.-Mar\u00eda-de-los-\u00c1ngeles-De-La-Maza-Cort\u00e9s.byn_-scaled.jpg\",\"width\":2560,\"height\":2560},{\"@type\":\"BreadcrumbList\",\"@id\":\"https:\/\/medicina.udd.cl\/tecnologia-medica-santiago\/persona\/maria-de-los-angeles-de-la-maza-cortes\/#breadcrumb\",\"itemListElement\":[{\"@type\":\"ListItem\",\"position\":1,\"name\":\"Home\",\"item\":\"https:\/\/medicina.udd.cl\/tecnologia-medica-santiago\/\"},{\"@type\":\"ListItem\",\"position\":2,\"name\":\"Personas\",\"item\":\"https:\/\/medicina.udd.cl\/tecnologia-medica-santiago\/persona\/\"},{\"@type\":\"ListItem\",\"position\":3,\"name\":\"Mar\u00eda de los \u00c1ngeles De La Maza Cort\u00e9s\"}]},{\"@type\":\"WebSite\",\"@id\":\"https:\/\/medicina.udd.cl\/tecnologia-medica-santiago\/#website\",\"url\":\"https:\/\/medicina.udd.cl\/tecnologia-medica-santiago\/\",\"name\":\"Tecnolog\u00eda M\u00e9dica\",\"description\":\"Facultad de Medicina Cl\u00ednica Alemana Universidad del Desarrollo\",\"inLanguage\":\"es\"}]}<\/script>\n<!-- \/ Yoast SEO plugin. -->","yoast_head_json":{"title":"Mar\u00eda de los \u00c1ngeles De La Maza Cort\u00e9s - Tecnolog\u00eda M\u00e9dica","robots":{"index":"index","follow":"follow","max-snippet":"max-snippet:-1","max-image-preview":"max-image-preview:large","max-video-preview":"max-video-preview:-1"},"canonical":"https:\/\/medicina.udd.cl\/tecnologia-medica-santiago\/persona\/maria-de-los-angeles-de-la-maza-cortes\/","og_locale":"es_ES","og_type":"article","og_title":"Mar\u00eda de los \u00c1ngeles De La Maza Cort\u00e9s - Tecnolog\u00eda M\u00e9dica","og_url":"https:\/\/medicina.udd.cl\/tecnologia-medica-santiago\/persona\/maria-de-los-angeles-de-la-maza-cortes\/","og_site_name":"Tecnolog\u00eda M\u00e9dica","article_modified_time":"2025-06-18T16:51:31+00:00","og_image":[{"width":2560,"height":2560,"url":"https:\/\/medicina.udd.cl\/tecnologia-medica-santiago\/files\/2022\/07\/TM.-Mar\u00eda-de-los-\u00c1ngeles-De-La-Maza-Cort\u00e9s.byn_-scaled.jpg","type":"image\/jpeg"}],"twitter_misc":{"Tiempo de lectura":"1 minuto"},"schema":{"@context":"https:\/\/schema.org","@graph":[{"@type":"WebPage","@id":"https:\/\/medicina.udd.cl\/tecnologia-medica-santiago\/persona\/maria-de-los-angeles-de-la-maza-cortes\/","url":"https:\/\/medicina.udd.cl\/tecnologia-medica-santiago\/persona\/maria-de-los-angeles-de-la-maza-cortes\/","name":"Mar\u00eda de los \u00c1ngeles De La Maza Cort\u00e9s - Tecnolog\u00eda M\u00e9dica","isPartOf":{"@id":"https:\/\/medicina.udd.cl\/tecnologia-medica-santiago\/#website"},"primaryImageOfPage":{"@id":"https:\/\/medicina.udd.cl\/tecnologia-medica-santiago\/persona\/maria-de-los-angeles-de-la-maza-cortes\/#primaryimage"},"image":{"@id":"https:\/\/medicina.udd.cl\/tecnologia-medica-santiago\/persona\/maria-de-los-angeles-de-la-maza-cortes\/#primaryimage"},"thumbnailUrl":"https:\/\/medicina.udd.cl\/tecnologia-medica-santiago\/files\/2022\/07\/TM.-Mar\u00eda-de-los-\u00c1ngeles-De-La-Maza-Cort\u00e9s.byn_-scaled.jpg","datePublished":"2022-07-07T19:22:09+00:00","dateModified":"2025-06-18T16:51:31+00:00","breadcrumb":{"@id":"https:\/\/medicina.udd.cl\/tecnologia-medica-santiago\/persona\/maria-de-los-angeles-de-la-maza-cortes\/#breadcrumb"},"inLanguage":"es","potentialAction":[{"@type":"ReadAction","target":["https:\/\/medicina.udd.cl\/tecnologia-medica-santiago\/persona\/maria-de-los-angeles-de-la-maza-cortes\/"]}]},{"@type":"ImageObject","inLanguage":"es","@id":"https:\/\/medicina.udd.cl\/tecnologia-medica-santiago\/persona\/maria-de-los-angeles-de-la-maza-cortes\/#primaryimage","url":"https:\/\/medicina.udd.cl\/tecnologia-medica-santiago\/files\/2022\/07\/TM.-Mar\u00eda-de-los-\u00c1ngeles-De-La-Maza-Cort\u00e9s.byn_-scaled.jpg","contentUrl":"https:\/\/medicina.udd.cl\/tecnologia-medica-santiago\/files\/2022\/07\/TM.-Mar\u00eda-de-los-\u00c1ngeles-De-La-Maza-Cort\u00e9s.byn_-scaled.jpg","width":2560,"height":2560},{"@type":"BreadcrumbList","@id":"https:\/\/medicina.udd.cl\/tecnologia-medica-santiago\/persona\/maria-de-los-angeles-de-la-maza-cortes\/#breadcrumb","itemListElement":[{"@type":"ListItem","position":1,"name":"Home","item":"https:\/\/medicina.udd.cl\/tecnologia-medica-santiago\/"},{"@type":"ListItem","position":2,"name":"Personas","item":"https:\/\/medicina.udd.cl\/tecnologia-medica-santiago\/persona\/"},{"@type":"ListItem","position":3,"name":"Mar\u00eda de los \u00c1ngeles De La Maza Cort\u00e9s"}]},{"@type":"WebSite","@id":"https:\/\/medicina.udd.cl\/tecnologia-medica-santiago\/#website","url":"https:\/\/medicina.udd.cl\/tecnologia-medica-santiago\/","name":"Tecnolog\u00eda M\u00e9dica","description":"Facultad de Medicina Cl\u00ednica Alemana Universidad del Desarrollo","inLanguage":"es"}]}},"label":"Mar\u00eda de los \u00c1ngeles  De La Maza Cort\u00e9s","role":"Coordinadora de Campos Cl\u00ednicos","thumbnail_url":"https:\/\/medicina.udd.cl\/tecnologia-medica-santiago\/files\/2022\/07\/TM.-Mar\u00eda-de-los-\u00c1ngeles-De-La-Maza-Cort\u00e9s.byn_-500x500.jpg","email":"m.delamaza@udd.cl","tel_job":"","content":{"rendered":"<div class=\"person-modal person-modal--scl\">\n\t<header class=\"person-modal__header\">\n\t\t<div class=\"person-modal__bg\"><\/div>\n\t\t<div class=\"modal-container\">\n\t\t\t\t\t\t<div class=\"person-modal__media\">\n\t\t\t\t<img width=\"500\" height=\"500\" src=\"https:\/\/medicina.udd.cl\/tecnologia-medica-santiago\/files\/2022\/07\/TM.-Mar\u00eda-de-los-\u00c1ngeles-De-La-Maza-Cort\u00e9s.byn_-500x500.jpg\" class=\"person-modal__image wp-post-image\" alt=\"\" decoding=\"async\" loading=\"lazy\" srcset=\"https:\/\/medicina.udd.cl\/tecnologia-medica-santiago\/files\/2022\/07\/TM.-Mar\u00eda-de-los-\u00c1ngeles-De-La-Maza-Cort\u00e9s.byn_-500x500.jpg 500w, https:\/\/medicina.udd.cl\/tecnologia-medica-santiago\/files\/2022\/07\/TM.-Mar\u00eda-de-los-\u00c1ngeles-De-La-Maza-Cort\u00e9s.byn_-300x300.jpg 300w, https:\/\/medicina.udd.cl\/tecnologia-medica-santiago\/files\/2022\/07\/TM.-Mar\u00eda-de-los-\u00c1ngeles-De-La-Maza-Cort\u00e9s.byn_-1024x1024.jpg 1024w, https:\/\/medicina.udd.cl\/tecnologia-medica-santiago\/files\/2022\/07\/TM.-Mar\u00eda-de-los-\u00c1ngeles-De-La-Maza-Cort\u00e9s.byn_-150x150.jpg 150w, https:\/\/medicina.udd.cl\/tecnologia-medica-santiago\/files\/2022\/07\/TM.-Mar\u00eda-de-los-\u00c1ngeles-De-La-Maza-Cort\u00e9s.byn_-768x768.jpg 768w, https:\/\/medicina.udd.cl\/tecnologia-medica-santiago\/files\/2022\/07\/TM.-Mar\u00eda-de-los-\u00c1ngeles-De-La-Maza-Cort\u00e9s.byn_-62x62.jpg 62w, https:\/\/medicina.udd.cl\/tecnologia-medica-santiago\/files\/2022\/07\/TM.-Mar\u00eda-de-los-\u00c1ngeles-De-La-Maza-Cort\u00e9s.byn_-1536x1536.jpg 1536w, https:\/\/medicina.udd.cl\/tecnologia-medica-santiago\/files\/2022\/07\/TM.-Mar\u00eda-de-los-\u00c1ngeles-De-La-Maza-Cort\u00e9s.byn_-2048x2048.jpg 2048w, https:\/\/medicina.udd.cl\/tecnologia-medica-santiago\/files\/2022\/07\/TM.-Mar\u00eda-de-los-\u00c1ngeles-De-La-Maza-Cort\u00e9s.byn_-750x750.jpg 750w, https:\/\/medicina.udd.cl\/tecnologia-medica-santiago\/files\/2022\/07\/TM.-Mar\u00eda-de-los-\u00c1ngeles-De-La-Maza-Cort\u00e9s.byn_-250x250.jpg 250w, https:\/\/medicina.udd.cl\/tecnologia-medica-santiago\/files\/2022\/07\/TM.-Mar\u00eda-de-los-\u00c1ngeles-De-La-Maza-Cort\u00e9s.byn_-126x126.jpg 126w\" sizes=\"auto, (max-width: 500px) 100vw, 500px\" \/>\t\t\t<\/div>\n\t\t\t\t\t\t<div class=\"person-modal__data\">\n\t\t\t\t<h1 class=\"person-modal__name\">Mar\u00eda de los \u00c1ngeles  De La Maza Cort\u00e9s<\/h1>\n\t\t\t\t\t\t\t<span class=\"person-modal__description\">Coordinadora de Campos Cl\u00ednicos<\/span>\n\t\t\t\t\t\t\t\t\t\t\t\t\t<a href=\"mailto:m&#046;&#100;e&#108;amaza&#064;&#117;d&#100;.&#099;l\" class=\"person-modal__email\">m&#46;delam&#97;z&#97;&#64;&#117;&#100;d.cl<\/a>\n\t\t\t\t\t\t\t\t\t<\/div>\n\t\t<\/div>\n\t<\/header>\n\t<div class=\"modal-container\">\n\t\t\t<div class=\"person-modal__content text\">\n\t\t\t\t\t\t\t\t\t\t<ul>\n<li class=\"MsoNormal\"><span>Tecn\u00f3logo M\u00e9dico Menci\u00f3n Oftalmolog\u00eda. Universidad De Chile.<\/span><\/li>\n<li class=\"MsoNormal\"><span>Magister de Gesti\u00f3n en Salud. Universidad Del Desarrollo.<\/span><\/li>\n<li class=\"MsoNormal\"><span>Diplomado en Negocios y Administraci\u00f3n de Empresas. Universidad Adolfo Ib\u00e1\u00f1ez.<\/span><\/li>\n<li class=\"MsoNormal\"><span>Diplomado en Liderazgo y Gesti\u00f3n del Talento. Universidad de los Andes.<\/span><\/li>\n<li><span>Docente Coordinador de Gesti\u00f3n de Calidad en Oftalmolog\u00eda.<\/span><\/li>\n<li class=\"MsoNormal\"><span>Docente de Estudio del Campo Visual y Morfofisiopatolog\u00eda del Sistema Visual.<\/span><\/li>\n<\/ul>\n\t\t<\/div>\n\t<\/div>\n<\/div>\n"},"identifier":"a199e5a8dee3e45238dba02f7f4e6a7b9d8b0a7c","has_credential":[],"given_name":"Mar\u00eda de los \u00c1ngeles ","family_name":"De La Maza Cort\u00e9s","name":"Mar\u00eda de los \u00c1ngeles  De La Maza Cort\u00e9s","job_title":"Coordinadora de Campos Cl\u00ednicos","telephone":"","note":"","im":"","_self_schedule":null,"_links":{"self":[{"href":"https:\/\/medicina.udd.cl\/tecnologia-medica-santiago\/wp-json\/wp\/v2\/people\/7660","targetHints":{"allow":["GET"]}}],"collection":[{"href":"https:\/\/medicina.udd.cl\/tecnologia-medica-santiago\/wp-json\/wp\/v2\/people"}],"about":[{"href":"https:\/\/medicina.udd.cl\/tecnologia-medica-santiago\/wp-json\/wp\/v2\/types\/person"}],"wp:featuredmedia":[{"embeddable":true,"href":"https:\/\/medicina.udd.cl\/tecnologia-medica-santiago\/wp-json\/wp\/v2\/media\/7776"}],"wp:attachment":[{"href":"https:\/\/medicina.udd.cl\/tecnologia-medica-santiago\/wp-json\/wp\/v2\/media?parent=7660"}],"wp:term":[{"taxonomy":"people_tax","embeddable":true,"href":"https:\/\/medicina.udd.cl\/tecnologia-medica-santiago\/wp-json\/wp\/v2\/people_tax?post=7660"},{"taxonomy":"people_areas","embeddable":true,"href":"https:\/\/medicina.udd.cl\/tecnologia-medica-santiago\/wp-json\/wp\/v2\/people_areas?post=7660"},{"taxonomy":"people_levels","embeddable":true,"href":"https:\/\/medicina.udd.cl\/tecnologia-medica-santiago\/wp-json\/wp\/v2\/people_levels?post=7660"}],"curies":[{"name":"wp","href":"https:\/\/api.w.org\/{rel}","templated":true}]}}