{"id":7671,"date":"2022-07-07T16:17:30","date_gmt":"2022-07-07T20:17:30","guid":{"rendered":"https:\/\/medicina.udd.cl\/tecnologia-medica-santiago\/?post_type=person&#038;p=7671"},"modified":"2022-07-07T16:17:40","modified_gmt":"2022-07-07T20:17:40","slug":"rodrigo-perez-arancibia","status":"publish","type":"person","link":"https:\/\/medicina.udd.cl\/tecnologia-medica-santiago\/persona\/rodrigo-perez-arancibia\/","title":{"rendered":"Rodrigo  P\u00e9rez Arancibia"},"featured_media":0,"template":"","people_tax":[5643,4037],"people_areas":[],"people_levels":[],"class_list":["post-7671","person","type-person","status-publish","hentry","people_tax-cuerpo-docente","people_tax-equipo"],"yoast_head":"<!-- This site is optimized with the Yoast SEO plugin v26.9 - https:\/\/yoast.com\/product\/yoast-seo-wordpress\/ -->\n<title>Rodrigo P\u00e9rez Arancibia - Tecnolog\u00eda M\u00e9dica<\/title>\n<meta name=\"robots\" content=\"index, follow, max-snippet:-1, max-image-preview:large, max-video-preview:-1\" \/>\n<link rel=\"canonical\" href=\"https:\/\/medicina.udd.cl\/tecnologia-medica-santiago\/persona\/rodrigo-perez-arancibia\/\" \/>\n<meta property=\"og:locale\" content=\"es_ES\" \/>\n<meta property=\"og:type\" content=\"article\" \/>\n<meta property=\"og:title\" content=\"Rodrigo P\u00e9rez Arancibia - Tecnolog\u00eda M\u00e9dica\" \/>\n<meta property=\"og:url\" content=\"https:\/\/medicina.udd.cl\/tecnologia-medica-santiago\/persona\/rodrigo-perez-arancibia\/\" \/>\n<meta property=\"og:site_name\" content=\"Tecnolog\u00eda M\u00e9dica\" \/>\n<meta property=\"article:modified_time\" content=\"2022-07-07T20:17:40+00:00\" \/>\n<script type=\"application\/ld+json\" class=\"yoast-schema-graph\">{\"@context\":\"https:\/\/schema.org\",\"@graph\":[{\"@type\":\"WebPage\",\"@id\":\"https:\/\/medicina.udd.cl\/tecnologia-medica-santiago\/persona\/rodrigo-perez-arancibia\/\",\"url\":\"https:\/\/medicina.udd.cl\/tecnologia-medica-santiago\/persona\/rodrigo-perez-arancibia\/\",\"name\":\"Rodrigo P\u00e9rez Arancibia - Tecnolog\u00eda M\u00e9dica\",\"isPartOf\":{\"@id\":\"https:\/\/medicina.udd.cl\/tecnologia-medica-santiago\/#website\"},\"datePublished\":\"2022-07-07T20:17:30+00:00\",\"dateModified\":\"2022-07-07T20:17:40+00:00\",\"breadcrumb\":{\"@id\":\"https:\/\/medicina.udd.cl\/tecnologia-medica-santiago\/persona\/rodrigo-perez-arancibia\/#breadcrumb\"},\"inLanguage\":\"es\",\"potentialAction\":[{\"@type\":\"ReadAction\",\"target\":[\"https:\/\/medicina.udd.cl\/tecnologia-medica-santiago\/persona\/rodrigo-perez-arancibia\/\"]}]},{\"@type\":\"BreadcrumbList\",\"@id\":\"https:\/\/medicina.udd.cl\/tecnologia-medica-santiago\/persona\/rodrigo-perez-arancibia\/#breadcrumb\",\"itemListElement\":[{\"@type\":\"ListItem\",\"position\":1,\"name\":\"Home\",\"item\":\"https:\/\/medicina.udd.cl\/tecnologia-medica-santiago\/\"},{\"@type\":\"ListItem\",\"position\":2,\"name\":\"Personas\",\"item\":\"https:\/\/medicina.udd.cl\/tecnologia-medica-santiago\/persona\/\"},{\"@type\":\"ListItem\",\"position\":3,\"name\":\"Rodrigo P\u00e9rez Arancibia\"}]},{\"@type\":\"WebSite\",\"@id\":\"https:\/\/medicina.udd.cl\/tecnologia-medica-santiago\/#website\",\"url\":\"https:\/\/medicina.udd.cl\/tecnologia-medica-santiago\/\",\"name\":\"Tecnolog\u00eda M\u00e9dica\",\"description\":\"Facultad de Medicina Cl\u00ednica Alemana Universidad del Desarrollo\",\"inLanguage\":\"es\"}]}<\/script>\n<!-- \/ Yoast SEO plugin. -->","yoast_head_json":{"title":"Rodrigo P\u00e9rez Arancibia - Tecnolog\u00eda M\u00e9dica","robots":{"index":"index","follow":"follow","max-snippet":"max-snippet:-1","max-image-preview":"max-image-preview:large","max-video-preview":"max-video-preview:-1"},"canonical":"https:\/\/medicina.udd.cl\/tecnologia-medica-santiago\/persona\/rodrigo-perez-arancibia\/","og_locale":"es_ES","og_type":"article","og_title":"Rodrigo P\u00e9rez Arancibia - Tecnolog\u00eda M\u00e9dica","og_url":"https:\/\/medicina.udd.cl\/tecnologia-medica-santiago\/persona\/rodrigo-perez-arancibia\/","og_site_name":"Tecnolog\u00eda M\u00e9dica","article_modified_time":"2022-07-07T20:17:40+00:00","schema":{"@context":"https:\/\/schema.org","@graph":[{"@type":"WebPage","@id":"https:\/\/medicina.udd.cl\/tecnologia-medica-santiago\/persona\/rodrigo-perez-arancibia\/","url":"https:\/\/medicina.udd.cl\/tecnologia-medica-santiago\/persona\/rodrigo-perez-arancibia\/","name":"Rodrigo P\u00e9rez Arancibia - Tecnolog\u00eda M\u00e9dica","isPartOf":{"@id":"https:\/\/medicina.udd.cl\/tecnologia-medica-santiago\/#website"},"datePublished":"2022-07-07T20:17:30+00:00","dateModified":"2022-07-07T20:17:40+00:00","breadcrumb":{"@id":"https:\/\/medicina.udd.cl\/tecnologia-medica-santiago\/persona\/rodrigo-perez-arancibia\/#breadcrumb"},"inLanguage":"es","potentialAction":[{"@type":"ReadAction","target":["https:\/\/medicina.udd.cl\/tecnologia-medica-santiago\/persona\/rodrigo-perez-arancibia\/"]}]},{"@type":"BreadcrumbList","@id":"https:\/\/medicina.udd.cl\/tecnologia-medica-santiago\/persona\/rodrigo-perez-arancibia\/#breadcrumb","itemListElement":[{"@type":"ListItem","position":1,"name":"Home","item":"https:\/\/medicina.udd.cl\/tecnologia-medica-santiago\/"},{"@type":"ListItem","position":2,"name":"Personas","item":"https:\/\/medicina.udd.cl\/tecnologia-medica-santiago\/persona\/"},{"@type":"ListItem","position":3,"name":"Rodrigo P\u00e9rez Arancibia"}]},{"@type":"WebSite","@id":"https:\/\/medicina.udd.cl\/tecnologia-medica-santiago\/#website","url":"https:\/\/medicina.udd.cl\/tecnologia-medica-santiago\/","name":"Tecnolog\u00eda M\u00e9dica","description":"Facultad de Medicina Cl\u00ednica Alemana Universidad del Desarrollo","inLanguage":"es"}]}},"label":"Rodrigo  P\u00e9rez Arancibia","role":"Docente Coordinador Mecanismos de Enfermedad y Farmacolog\u00eda","thumbnail_url":false,"email":"","tel_job":"","content":{"rendered":"<div class=\"person-modal person-modal--scl\">\n\t<header class=\"person-modal__header\">\n\t\t<div class=\"person-modal__bg\"><\/div>\n\t\t<div class=\"modal-container\">\n\t\t\t\t\t\t<div class=\"person-modal__data\">\n\t\t\t\t<h1 class=\"person-modal__name\">Rodrigo  P\u00e9rez Arancibia<\/h1>\n\t\t\t\t\t\t\t<span class=\"person-modal__description\">Docente Coordinador Mecanismos de Enfermedad y Farmacolog\u00eda<\/span>\n\t\t\t\t\t\t\t\t\t\t\t\t\t\t\t<\/div>\n\t\t<\/div>\n\t<\/header>\n\t<div class=\"modal-container\">\n\t\t\t<div class=\"person-modal__content text\">\n\t\t\t\t\t\t\t\t\t\t<ul>\n<li class=\"MsoNormal\"><span>Qu\u00edmico Farmac\u00e9utico. Universidad de Chile.<\/span><\/li>\n<li class=\"MsoNormal\"><span>Doctorado en Ciencias Farmac\u00e9uticas. Universidad de Chile.<\/span><\/li>\n<\/ul>\n\t\t<\/div>\n\t<\/div>\n<\/div>\n"},"identifier":"ccdc726215cc9091da61651d099cee6be0da2b3c","has_credential":[],"given_name":"Rodrigo ","family_name":"P\u00e9rez Arancibia","name":"Rodrigo  P\u00e9rez Arancibia","job_title":"Docente Coordinador Mecanismos de Enfermedad y Farmacolog\u00eda","telephone":"","note":"","im":"","_self_schedule":null,"_links":{"self":[{"href":"https:\/\/medicina.udd.cl\/tecnologia-medica-santiago\/wp-json\/wp\/v2\/people\/7671","targetHints":{"allow":["GET"]}}],"collection":[{"href":"https:\/\/medicina.udd.cl\/tecnologia-medica-santiago\/wp-json\/wp\/v2\/people"}],"about":[{"href":"https:\/\/medicina.udd.cl\/tecnologia-medica-santiago\/wp-json\/wp\/v2\/types\/person"}],"wp:attachment":[{"href":"https:\/\/medicina.udd.cl\/tecnologia-medica-santiago\/wp-json\/wp\/v2\/media?parent=7671"}],"wp:term":[{"taxonomy":"people_tax","embeddable":true,"href":"https:\/\/medicina.udd.cl\/tecnologia-medica-santiago\/wp-json\/wp\/v2\/people_tax?post=7671"},{"taxonomy":"people_areas","embeddable":true,"href":"https:\/\/medicina.udd.cl\/tecnologia-medica-santiago\/wp-json\/wp\/v2\/people_areas?post=7671"},{"taxonomy":"people_levels","embeddable":true,"href":"https:\/\/medicina.udd.cl\/tecnologia-medica-santiago\/wp-json\/wp\/v2\/people_levels?post=7671"}],"curies":[{"name":"wp","href":"https:\/\/api.w.org\/{rel}","templated":true}]}}