{"id":826,"date":"2021-01-13T16:02:38","date_gmt":"2021-01-13T15:02:38","guid":{"rendered":"http:\/\/medicina.udd.cl\/terapia-ocupacional-santiago\/?post_type=testimonial&#038;p=826"},"modified":"2024-05-22T22:19:28","modified_gmt":"2024-05-22T20:19:28","slug":"catalina-silva-echeverria-estudiante-2o-ano-t-o-udd","status":"publish","type":"testimonial","link":"https:\/\/medicina.udd.cl\/terapia-ocupacional-santiago\/testimonio\/catalina-silva-echeverria-estudiante-2o-ano-t-o-udd\/","title":{"rendered":"Catalina Silva Echeverr\u00eda"},"content":{"rendered":"\n<p><em>\u201cEntr\u00e9 a esta carrera porque siempre me gust\u00f3 el servicio hacia el otro, las humanidades, la biolog\u00eda y el arte, y justamente Terapia <\/em>Ocupacional<em> inclu\u00eda todo esto y m\u00e1s. Entr\u00e9 a la Universidad del Desarrollo por Beca puntaje PSU y Beca de l\u00edderes. Esta \u00faltima refiere a una beca por ser l\u00edder, deportista o emprendedor, en mi caso fui Scout por muchos a\u00f1os y tambi\u00e9n particip\u00e9 de diversos apostolados, misiones y muchas actividades formativas, tanto como estudiante como monitora<\/em>. <em>Estoy muy contenta con mi elecci\u00f3n, me ha gustado mucho la carrera, la Universidad y el equipo docente\u201d.<\/em> <\/p>\n\n\n\n<p><\/p>\n","protected":false},"featured_media":839,"template":"","testimonial-categories":[8],"class_list":["post-826","testimonial","type-testimonial","status-publish","has-post-thumbnail","hentry"],"yoast_head":"<!-- This site is optimized with the Yoast SEO plugin v26.9 - https:\/\/yoast.com\/product\/yoast-seo-wordpress\/ -->\n<title>Catalina Silva Echeverr\u00eda - Terapia Ocupacional<\/title>\n<meta name=\"robots\" content=\"index, follow, max-snippet:-1, max-image-preview:large, max-video-preview:-1\" \/>\n<link rel=\"canonical\" href=\"https:\/\/medicina.udd.cl\/terapia-ocupacional-santiago\/testimonio\/catalina-silva-echeverria-estudiante-2o-ano-t-o-udd\/\" \/>\n<meta property=\"og:locale\" content=\"es_ES\" \/>\n<meta property=\"og:type\" content=\"article\" \/>\n<meta property=\"og:title\" content=\"Catalina Silva Echeverr\u00eda - Terapia Ocupacional\" \/>\n<meta property=\"og:description\" content=\"\u201cEntr\u00e9 a esta carrera porque siempre me gust\u00f3 el servicio hacia el otro, las humanidades, la biolog\u00eda y el arte, y justamente Terapia Ocupacional inclu\u00eda todo esto y m\u00e1s. Entr\u00e9 a la Universidad del Desarrollo por Beca puntaje PSU y Beca de l\u00edderes. Esta \u00faltima refiere a una beca por ser l\u00edder, deportista o emprendedor, [&hellip;]\" \/>\n<meta property=\"og:url\" content=\"https:\/\/medicina.udd.cl\/terapia-ocupacional-santiago\/testimonio\/catalina-silva-echeverria-estudiante-2o-ano-t-o-udd\/\" \/>\n<meta property=\"og:site_name\" content=\"Terapia Ocupacional\" \/>\n<meta property=\"article:modified_time\" content=\"2024-05-22T20:19:28+00:00\" \/>\n<meta property=\"og:image\" content=\"https:\/\/medicina.udd.cl\/terapia-ocupacional-santiago\/files\/2021\/01\/Catalina-Silva-T.O.2.jpg\" \/>\n\t<meta property=\"og:image:width\" content=\"547\" \/>\n\t<meta property=\"og:image:height\" content=\"454\" \/>\n\t<meta property=\"og:image:type\" content=\"image\/jpeg\" \/>\n<meta name=\"twitter:card\" content=\"summary_large_image\" \/>\n<meta name=\"twitter:label1\" content=\"Tiempo de lectura\" \/>\n\t<meta name=\"twitter:data1\" content=\"1 minuto\" \/>\n<script type=\"application\/ld+json\" class=\"yoast-schema-graph\">{\"@context\":\"https:\/\/schema.org\",\"@graph\":[{\"@type\":\"WebPage\",\"@id\":\"https:\/\/medicina.udd.cl\/terapia-ocupacional-santiago\/testimonio\/catalina-silva-echeverria-estudiante-2o-ano-t-o-udd\/\",\"url\":\"https:\/\/medicina.udd.cl\/terapia-ocupacional-santiago\/testimonio\/catalina-silva-echeverria-estudiante-2o-ano-t-o-udd\/\",\"name\":\"Catalina Silva Echeverr\u00eda - Terapia Ocupacional\",\"isPartOf\":{\"@id\":\"https:\/\/medicina.udd.cl\/terapia-ocupacional-santiago\/#website\"},\"primaryImageOfPage\":{\"@id\":\"https:\/\/medicina.udd.cl\/terapia-ocupacional-santiago\/testimonio\/catalina-silva-echeverria-estudiante-2o-ano-t-o-udd\/#primaryimage\"},\"image\":{\"@id\":\"https:\/\/medicina.udd.cl\/terapia-ocupacional-santiago\/testimonio\/catalina-silva-echeverria-estudiante-2o-ano-t-o-udd\/#primaryimage\"},\"thumbnailUrl\":\"https:\/\/medicina.udd.cl\/terapia-ocupacional-santiago\/files\/2021\/01\/Catalina-Silva-T.O.2.jpg\",\"datePublished\":\"2021-01-13T15:02:38+00:00\",\"dateModified\":\"2024-05-22T20:19:28+00:00\",\"breadcrumb\":{\"@id\":\"https:\/\/medicina.udd.cl\/terapia-ocupacional-santiago\/testimonio\/catalina-silva-echeverria-estudiante-2o-ano-t-o-udd\/#breadcrumb\"},\"inLanguage\":\"es\",\"potentialAction\":[{\"@type\":\"ReadAction\",\"target\":[\"https:\/\/medicina.udd.cl\/terapia-ocupacional-santiago\/testimonio\/catalina-silva-echeverria-estudiante-2o-ano-t-o-udd\/\"]}]},{\"@type\":\"ImageObject\",\"inLanguage\":\"es\",\"@id\":\"https:\/\/medicina.udd.cl\/terapia-ocupacional-santiago\/testimonio\/catalina-silva-echeverria-estudiante-2o-ano-t-o-udd\/#primaryimage\",\"url\":\"https:\/\/medicina.udd.cl\/terapia-ocupacional-santiago\/files\/2021\/01\/Catalina-Silva-T.O.2.jpg\",\"contentUrl\":\"https:\/\/medicina.udd.cl\/terapia-ocupacional-santiago\/files\/2021\/01\/Catalina-Silva-T.O.2.jpg\",\"width\":547,\"height\":454},{\"@type\":\"BreadcrumbList\",\"@id\":\"https:\/\/medicina.udd.cl\/terapia-ocupacional-santiago\/testimonio\/catalina-silva-echeverria-estudiante-2o-ano-t-o-udd\/#breadcrumb\",\"itemListElement\":[{\"@type\":\"ListItem\",\"position\":1,\"name\":\"Home\",\"item\":\"https:\/\/medicina.udd.cl\/terapia-ocupacional-santiago\/\"},{\"@type\":\"ListItem\",\"position\":2,\"name\":\"Testimonios\",\"item\":\"https:\/\/medicina.udd.cl\/terapia-ocupacional-santiago\/testimonio\/\"},{\"@type\":\"ListItem\",\"position\":3,\"name\":\"Catalina Silva Echeverr\u00eda\"}]},{\"@type\":\"WebSite\",\"@id\":\"https:\/\/medicina.udd.cl\/terapia-ocupacional-santiago\/#website\",\"url\":\"https:\/\/medicina.udd.cl\/terapia-ocupacional-santiago\/\",\"name\":\"Terapia Ocupacional\",\"description\":\"Facultad de Medicina C\u00ednica Alemana Universidad del Desarrollo\",\"inLanguage\":\"es\"}]}<\/script>\n<!-- \/ Yoast SEO plugin. -->","yoast_head_json":{"title":"Catalina Silva Echeverr\u00eda - Terapia Ocupacional","robots":{"index":"index","follow":"follow","max-snippet":"max-snippet:-1","max-image-preview":"max-image-preview:large","max-video-preview":"max-video-preview:-1"},"canonical":"https:\/\/medicina.udd.cl\/terapia-ocupacional-santiago\/testimonio\/catalina-silva-echeverria-estudiante-2o-ano-t-o-udd\/","og_locale":"es_ES","og_type":"article","og_title":"Catalina Silva Echeverr\u00eda - Terapia Ocupacional","og_description":"\u201cEntr\u00e9 a esta carrera porque siempre me gust\u00f3 el servicio hacia el otro, las humanidades, la biolog\u00eda y el arte, y justamente Terapia Ocupacional inclu\u00eda todo esto y m\u00e1s. Entr\u00e9 a la Universidad del Desarrollo por Beca puntaje PSU y Beca de l\u00edderes. Esta \u00faltima refiere a una beca por ser l\u00edder, deportista o emprendedor, [&hellip;]","og_url":"https:\/\/medicina.udd.cl\/terapia-ocupacional-santiago\/testimonio\/catalina-silva-echeverria-estudiante-2o-ano-t-o-udd\/","og_site_name":"Terapia Ocupacional","article_modified_time":"2024-05-22T20:19:28+00:00","og_image":[{"width":547,"height":454,"url":"https:\/\/medicina.udd.cl\/terapia-ocupacional-santiago\/files\/2021\/01\/Catalina-Silva-T.O.2.jpg","type":"image\/jpeg"}],"twitter_card":"summary_large_image","twitter_misc":{"Tiempo de lectura":"1 minuto"},"schema":{"@context":"https:\/\/schema.org","@graph":[{"@type":"WebPage","@id":"https:\/\/medicina.udd.cl\/terapia-ocupacional-santiago\/testimonio\/catalina-silva-echeverria-estudiante-2o-ano-t-o-udd\/","url":"https:\/\/medicina.udd.cl\/terapia-ocupacional-santiago\/testimonio\/catalina-silva-echeverria-estudiante-2o-ano-t-o-udd\/","name":"Catalina Silva Echeverr\u00eda - Terapia Ocupacional","isPartOf":{"@id":"https:\/\/medicina.udd.cl\/terapia-ocupacional-santiago\/#website"},"primaryImageOfPage":{"@id":"https:\/\/medicina.udd.cl\/terapia-ocupacional-santiago\/testimonio\/catalina-silva-echeverria-estudiante-2o-ano-t-o-udd\/#primaryimage"},"image":{"@id":"https:\/\/medicina.udd.cl\/terapia-ocupacional-santiago\/testimonio\/catalina-silva-echeverria-estudiante-2o-ano-t-o-udd\/#primaryimage"},"thumbnailUrl":"https:\/\/medicina.udd.cl\/terapia-ocupacional-santiago\/files\/2021\/01\/Catalina-Silva-T.O.2.jpg","datePublished":"2021-01-13T15:02:38+00:00","dateModified":"2024-05-22T20:19:28+00:00","breadcrumb":{"@id":"https:\/\/medicina.udd.cl\/terapia-ocupacional-santiago\/testimonio\/catalina-silva-echeverria-estudiante-2o-ano-t-o-udd\/#breadcrumb"},"inLanguage":"es","potentialAction":[{"@type":"ReadAction","target":["https:\/\/medicina.udd.cl\/terapia-ocupacional-santiago\/testimonio\/catalina-silva-echeverria-estudiante-2o-ano-t-o-udd\/"]}]},{"@type":"ImageObject","inLanguage":"es","@id":"https:\/\/medicina.udd.cl\/terapia-ocupacional-santiago\/testimonio\/catalina-silva-echeverria-estudiante-2o-ano-t-o-udd\/#primaryimage","url":"https:\/\/medicina.udd.cl\/terapia-ocupacional-santiago\/files\/2021\/01\/Catalina-Silva-T.O.2.jpg","contentUrl":"https:\/\/medicina.udd.cl\/terapia-ocupacional-santiago\/files\/2021\/01\/Catalina-Silva-T.O.2.jpg","width":547,"height":454},{"@type":"BreadcrumbList","@id":"https:\/\/medicina.udd.cl\/terapia-ocupacional-santiago\/testimonio\/catalina-silva-echeverria-estudiante-2o-ano-t-o-udd\/#breadcrumb","itemListElement":[{"@type":"ListItem","position":1,"name":"Home","item":"https:\/\/medicina.udd.cl\/terapia-ocupacional-santiago\/"},{"@type":"ListItem","position":2,"name":"Testimonios","item":"https:\/\/medicina.udd.cl\/terapia-ocupacional-santiago\/testimonio\/"},{"@type":"ListItem","position":3,"name":"Catalina Silva Echeverr\u00eda"}]},{"@type":"WebSite","@id":"https:\/\/medicina.udd.cl\/terapia-ocupacional-santiago\/#website","url":"https:\/\/medicina.udd.cl\/terapia-ocupacional-santiago\/","name":"Terapia Ocupacional","description":"Facultad de Medicina C\u00ednica Alemana Universidad del Desarrollo","inLanguage":"es"}]}},"_links":{"self":[{"href":"https:\/\/medicina.udd.cl\/terapia-ocupacional-santiago\/wp-json\/wp\/v2\/testimonials\/826","targetHints":{"allow":["GET"]}}],"collection":[{"href":"https:\/\/medicina.udd.cl\/terapia-ocupacional-santiago\/wp-json\/wp\/v2\/testimonials"}],"about":[{"href":"https:\/\/medicina.udd.cl\/terapia-ocupacional-santiago\/wp-json\/wp\/v2\/types\/testimonial"}],"wp:featuredmedia":[{"embeddable":true,"href":"https:\/\/medicina.udd.cl\/terapia-ocupacional-santiago\/wp-json\/wp\/v2\/media\/839"}],"wp:attachment":[{"href":"https:\/\/medicina.udd.cl\/terapia-ocupacional-santiago\/wp-json\/wp\/v2\/media?parent=826"}],"wp:term":[{"taxonomy":"testimonial_category","embeddable":true,"href":"https:\/\/medicina.udd.cl\/terapia-ocupacional-santiago\/wp-json\/wp\/v2\/testimonial-categories?post=826"}],"curies":[{"name":"wp","href":"https:\/\/api.w.org\/{rel}","templated":true}]}}